{"version":"1.0","provider_name":"Artisanlocal","provider_url":"https:\/\/www.artisanlocal.ch\/c","author_name":"Daniel Carrard","author_url":"https:\/\/www.artisanlocal.ch\/c\/author\/daniel-carrard\/","title":"Facilitez votre d\u00e9m\u00e9nagement dans le canton de Neuch\u00e2tel","type":"rich","width":600,"height":338,"html":"<blockquote class=\"wp-embedded-content\" data-secret=\"XFMBaemESg\"><a href=\"https:\/\/www.artisanlocal.ch\/c\/facilitez-votre-demenagement-a-canton-de-neuchatel\/\">Facilitez votre d\u00e9m\u00e9nagement dans le canton de Neuch\u00e2tel<\/a><\/blockquote><iframe sandbox=\"allow-scripts\" security=\"restricted\" src=\"https:\/\/www.artisanlocal.ch\/c\/facilitez-votre-demenagement-a-canton-de-neuchatel\/embed\/#?secret=XFMBaemESg\" width=\"600\" height=\"338\" title=\"\u00ab\u00a0Facilitez votre d\u00e9m\u00e9nagement dans le canton de Neuch\u00e2tel\u00a0\u00bb &#8212; Artisanlocal\" data-secret=\"XFMBaemESg\" frameborder=\"0\" marginwidth=\"0\" marginheight=\"0\" scrolling=\"no\" class=\"wp-embedded-content\"><\/iframe><script>\n\/*! This file is auto-generated *\/\n!function(d,l){\"use strict\";l.querySelector&&d.addEventListener&&\"undefined\"!=typeof URL&&(d.wp=d.wp||{},d.wp.receiveEmbedMessage||(d.wp.receiveEmbedMessage=function(e){var t=e.data;if((t||t.secret||t.message||t.value)&&!\/[^a-zA-Z0-9]\/.test(t.secret)){for(var s,r,n,a=l.querySelectorAll('iframe[data-secret=\"'+t.secret+'\"]'),o=l.querySelectorAll('blockquote[data-secret=\"'+t.secret+'\"]'),c=new RegExp(\"^https?:$\",\"i\"),i=0;i<o.length;i++)o[i].style.display=\"none\";for(i=0;i<a.length;i++)s=a[i],e.source===s.contentWindow&&(s.removeAttribute(\"style\"),\"height\"===t.message?(1e3<(r=parseInt(t.value,10))?r=1e3:~~r<200&&(r=200),s.height=r):\"link\"===t.message&&(r=new URL(s.getAttribute(\"src\")),n=new URL(t.value),c.test(n.protocol))&&n.host===r.host&&l.activeElement===s&&(d.top.location.href=t.value))}},d.addEventListener(\"message\",d.wp.receiveEmbedMessage,!1),l.addEventListener(\"DOMContentLoaded\",function(){for(var e,t,s=l.querySelectorAll(\"iframe.wp-embedded-content\"),r=0;r<s.length;r++)(t=(e=s[r]).getAttribute(\"data-secret\"))||(t=Math.random().toString(36).substring(2,12),e.src+=\"#?secret=\"+t,e.setAttribute(\"data-secret\",t)),e.contentWindow.postMessage({message:\"ready\",secret:t},\"*\")},!1)))}(window,document);\n\/\/# sourceURL=https:\/\/www.artisanlocal.ch\/c\/wp-includes\/js\/wp-embed.min.js\n<\/script>\n","thumbnail_url":"https:\/\/www.artisanlocal.ch\/c\/wp-content\/uploads\/2024\/10\/demenageur.jpg","thumbnail_width":1920,"thumbnail_height":300,"description":"Le d\u00e9m\u00e9nagement dans le canton de Neuch\u00e2tel ne devrait pas \u00eatre compliqu\u00e9. Une fois que vous avez trouv\u00e9 nouveau logement et que vous avez d\u00e9termin\u00e9 la date du d\u00e9m\u00e9nagement, vous devez vous demander comment planifier aux mieux votre d\u00e9m\u00e9nagement ? Gr\u00e2ce \u00e0 notre entreprise de d\u00e9m\u00e9nagement dans le canton de Neuch\u00e2tel, vous \u00e9conomisez votre temps, [&hellip;]"}