{"id":2533,"date":"2024-10-03T05:06:05","date_gmt":"2024-10-03T03:06:05","guid":{"rendered":"https:\/\/www.artisanlocal.ch\/c\/energies-renouvelables-a-neuchatel-et-dans-les-villes-proches\/"},"modified":"2025-08-26T19:25:37","modified_gmt":"2025-08-26T17:25:37","slug":"energies-renouvelables-a-neuchatel-et-dans-les-villes-proches","status":"publish","type":"page","link":"https:\/\/www.artisanlocal.ch\/c\/energies-renouvelables-a-neuchatel-et-dans-les-villes-proches\/","title":{"rendered":"\u00c9nergies renouvelables \u00e0 Neuch\u00e2tel et dans les villes proches"},"content":{"rendered":"\r\n<div class=\"box\">\r\n    <h2 class=\"text-dark\">Nous cherchons un <em class=\"text-primary\">Energies renouvelables (sp\u00e9cialiste)<\/em> dans la r\u00e9gion de <em class=\"text-primary\">Neuch\u00e2tel<\/em>  en exclusivit\u00e9, afin de proposer vos services \u00e0 nos clients propri\u00e9taires.<\/h2>\r\n    <p>Une opportunit\u00e9 unique pour booster votre activit\u00e9 \u00e0 <strong>Neuch\u00e2tel<\/strong> et aux alentours dans votre domaine (Energies renouvelables (sp\u00e9cialiste)).<\/p>\r\n    <p>Nous travaillons en exclusivit\u00e9 avec qu'une soci\u00e9t\u00e9 par m\u00e9tier et par r\u00e9gion. <br>Votre entreprise est pr\u00e9sente sur tous les documents immobiliers. Afin d'\u00eatre mieux vu sur le net, vous \u00eates \u00e9galement visible sur nos deux sites et sur les pages de r\u00e9f\u00e9rencement de votre r\u00e9gion.<\/p>\r\n    <a href=\"\/contact\" class=\"wp-block-button__link has-accent-background-color has-text-align-center wp-element-button\">R\u00e9server<\/a>\r\n<\/div>\n<h2>Pourquoi choisir Artisanlocal pour vos \u00e9nergies renouvelables \u00e0 Neuch\u00e2tel ?<\/h2>\n<ul>\n<li>\u00c9valuation 100% gratuite.<\/li>\n<li>Nos artisans utilisent les derni\u00e8res technologies.<\/li>\n<li>Nos locaux sont situ\u00e9s \u00e0 Neuch\u00e2tel pour vous rencontrer d\u00e8s que possible.<\/li>\n<li>Nos tarifs sont attractifs et concurrentiels.<\/li>\n<li>Les artisans qui interviennent chez vous sont exp\u00e9riment\u00e9s.<\/li>\n<li>Nos services sont personnalis\u00e9s.<\/li>\n<li>Nous g\u00e9rons votre projet, de l&rsquo;analyse de votre objectif \u00e0 l\u2019installation.<\/li>\n<li>Artisanlocal propose une assistance personnalis\u00e9e.<\/li>\n<\/ul>\n<h2>Quels types de solutions d&rsquo;\u00e9nergies renouvelables Artisanlocal propose ?<\/h2>\n<ul>\n<li>Chaudi\u00e8re bois : mixte, b\u00fbche ou granul\u00e9.<\/li>\n<li>Pompe \u00e0 chaleur g\u00e9othermique avec captage : horizontale ou verticale<\/li>\n<li>Chaleur \u00e0 distance avec \u00e9nergie : renouvelable, fossile, par r\u00e9cup\u00e9ration ou thermodynamique.<\/li>\n<li>Pompe \u00e0 chaleur : a\u00e9rothermique, g\u00e9othermique, hydrothermique ou hybride.<\/li>\n<li>Panneau solaire photovolta\u00efque : int\u00e9gr\u00e9 au b\u00e2timent, silicium, concentration, avec couche mince ou bifaciaux.<\/li>\n<li>Panneau \u00e0 \u00e9nergie solaire thermique : plan vitr\u00e9, concentration, tube sous vide, thermosiphon (stockage passif) ou solaire hybride.<\/li>\n<li>Dispositif de stockage d&rsquo;\u00e9nergie : thermique, gravitationnel, m\u00e9canique, \u00e9lectrochimique, supercondensateur ou chimique.<\/li>\n<li>Nous proposons aussi d\u2019autres installations d&rsquo;\u00e9nergies renouvelables : hydraulique, \u00e9olien ou r\u00e9seau de distribution.&nbsp;<\/li>\n<\/ul>\n<h2>Quelles sont les prestations de votre entreprise ?<\/h2>\n<ul>\n<li>Audit \u00e9nerg\u00e9tique : examen de votre consommation d&rsquo;\u00e9nergie.<\/li>\n<li>Conseil : personnalis\u00e9 et en fonction de votre situation.<\/li>\n<li>Installation : pompes \u00e0 chaleur, panneaux solaires, etc.<\/li>\n<li>Maintenance de vos installations : suivi et entretien.<\/li>\n<li>Pilotage de votre objectif : conception \u00e0 l\u2019installation.<\/li>\n<li>Sensibilisation et formation : \u00e9nergies renouvelables pour particuliers et entreprises.<\/li>\n<li>Solution : stockage d&rsquo;\u00e9nergie.<\/li>\n<\/ul>\n<h3>Artisanlocal, professionnel des \u00e9nergies renouvelables \u00e0 Neuch\u00e2tel et dans les localit\u00e9s aux alentours&nbsp;<\/h3>\n<p>Nos techniciens r\u00e9alisent l\u2019installation de vos \u00e9nergies renouvelables \u00e0 Neuch\u00e2tel et de plus dans les villes aux alentours, tels que : Auvernier, Colombier NE, B\u00f4le, Areuse, Cortaillod, Boudry, Chambrelien, Rochefort, Bevaix, Gorgier, St-Aubin-Sauges, Chez-le-Bart, Fresens, Montalchez, Vaumarcus, Peseux, Corcelles NE, Cormondr\u00e8che, Hauterive NE, St-Blaise, Enges, Marin-Epagnier, Thielle, Wavre, Cornaux NE, Cressier NE, Champ-du-Moulin..&nbsp;<\/p>\n<h2>Questions fr\u00e9quentes<\/h2>\n<h3>Peut-on associer des panneaux photovolta\u00efques avec une pompe \u00e0 chaleur\u202f?<\/h3>\n<p>Oui, il est possible d\u2019installer une pompe \u00e0 chaleur avec des panneaux photovolta\u00efques. Dans cette disposition, vous maximisez la gestion et la conservation de l&rsquo;\u00e9nergie produite. Il est possible de param\u00e9trer votre pompe \u00e0 chaleur pour fonctionner avec l&rsquo;\u00e9lectricit\u00e9 produite par les panneaux photovolta\u00efques et ensuite emmagasiner la chaleur sous forme d&rsquo;eau chaude.<\/p>\n<h3>Quelles sont les aides financi\u00e8res disponibles pour les chauffages aux \u00e9nergies renouvelables \u00e0 Neuch\u00e2tel\u202f?<\/h3>\n<p>Il existe diff\u00e9rents programmes de financements et de subventions pour votre chauffage, notamment sur le plan cantonal.<\/p>\n<h3>Est-il pertinent de choisir des panneaux solaires thermiques si la chaleur est surtout produite au cours de l&rsquo;\u00e9t\u00e9\u202f?<\/h3>\n<p>Oui, ils sont utiles, les besoins en eau chaude, que ce soit pour la cuisine ou la salle de bain, restent fixes durant toute l&rsquo;ann\u00e9e. Un syst\u00e8me solaire thermique peut produire une partie significative de cette consommation, couvrant le plus souvent vos besoins en saison chaude, tandis qu&rsquo;en p\u00e9riode froide, c\u2019est une solution d\u2019appoint qui favorise la r\u00e9duction de votre consommation d\u2019\u00e9lectricit\u00e9s.<\/p>\n<h3>Les panneaux solaires photovolta\u00efques sont-ils constitu\u00e9s de mati\u00e8res premi\u00e8res rares, qui pourraient venir \u00e0 manquer \u00e0 l\u2019avenir\u202f?<\/h3>\n<p>Les panneaux photovolta\u00efques sont fabriqu\u00e9s avec des modules compos\u00e9s de verre, aluminium, silicium et de mati\u00e8res synth\u00e9tiques, qui sont disponibles en abondance. Toutefois, ces modules ont besoin d&rsquo;argent pour marcher. Les derni\u00e8res technologies permettent de r\u00e9duire l&#8217;emploi de l&rsquo;argent, voire \u00e0 le remplacer compl\u00e8tement par du cuivre. Pour l&rsquo;instant, la part d&rsquo;argent dans les modules a d\u00e9j\u00e0 diminu\u00e9 de pr\u00e8s de 80 %.&nbsp;<\/p>\n<h3>Quel est le prix d&rsquo;une batterie de stockage d\u2019\u00e9lectricit\u00e9 solaire\u202f?<\/h3>\n<p>Les prix des batteries pour maisons individuelles fluctuent selon la technologie de l\u2019accumulateur, le canton et les subventions.<\/p>\n","protected":false},"excerpt":{"rendered":"<p>Pourquoi choisir Artisanlocal pour vos \u00e9nergies renouvelables \u00e0 Neuch\u00e2tel ? \u00c9valuation 100% gratuite. Nos artisans utilisent les derni\u00e8res technologies. Nos locaux sont situ\u00e9s \u00e0 Neuch\u00e2tel pour vous rencontrer d\u00e8s que possible. Nos tarifs sont attractifs et concurrentiels. Les artisans qui interviennent chez vous sont exp\u00e9riment\u00e9s. Nos services sont personnalis\u00e9s. Nous g\u00e9rons votre projet, de l&rsquo;analyse [&hellip;]<\/p>\n","protected":false},"author":4,"featured_media":2755,"parent":0,"menu_order":0,"comment_status":"closed","ping_status":"closed","template":"","meta":{"footnotes":""},"profession":[126],"location":[62],"canton":[114],"class_list":["post-2533","page","type-page","status-publish","has-post-thumbnail","hentry","profession-energies-renouvelables-specialiste","location-neuchatel","canton-ne"],"yoast_head":"<!-- This site is optimized with the Yoast SEO Premium plugin v25.7.1 (Yoast SEO v27.4) - https:\/\/yoast.com\/product\/yoast-seo-premium-wordpress\/ -->\n<title>\u00c9nergies renouvelables \u00e0 Neuch\u00e2tel et dans les villes proches - Artisanlocal<\/title>\n<meta name=\"robots\" content=\"index, follow, max-snippet:-1, max-image-preview:large, max-video-preview:-1\" \/>\n<link rel=\"canonical\" href=\"https:\/\/www.artisanlocal.ch\/c\/energies-renouvelables-a-neuchatel-et-dans-les-villes-proches\/\" \/>\n<meta property=\"og:locale\" content=\"fr_FR\" \/>\n<meta property=\"og:type\" content=\"article\" \/>\n<meta property=\"og:title\" content=\"\u00c9nergies renouvelables \u00e0 Neuch\u00e2tel et dans les villes proches\" \/>\n<meta property=\"og:description\" content=\"Pourquoi choisir Artisanlocal pour vos \u00e9nergies renouvelables \u00e0 Neuch\u00e2tel ? \u00c9valuation 100% gratuite. Nos artisans utilisent les derni\u00e8res technologies. Nos locaux sont situ\u00e9s \u00e0 Neuch\u00e2tel pour vous rencontrer d\u00e8s que possible. Nos tarifs sont attractifs et concurrentiels. Les artisans qui interviennent chez vous sont exp\u00e9riment\u00e9s. Nos services sont personnalis\u00e9s. Nous g\u00e9rons votre projet, de l&rsquo;analyse [&hellip;]\" \/>\n<meta property=\"og:url\" content=\"https:\/\/www.artisanlocal.ch\/c\/energies-renouvelables-a-neuchatel-et-dans-les-villes-proches\/\" \/>\n<meta property=\"og:site_name\" content=\"Artisanlocal\" \/>\n<meta property=\"article:modified_time\" content=\"2025-08-26T17:25:37+00:00\" \/>\n<meta property=\"og:image\" content=\"https:\/\/www.artisanlocal.ch\/c\/wp-content\/uploads\/2024\/10\/energiere-nouvelable.jpg\" \/>\n\t<meta property=\"og:image:width\" content=\"1920\" \/>\n\t<meta property=\"og:image:height\" content=\"300\" \/>\n\t<meta property=\"og:image:type\" content=\"image\/jpeg\" \/>\n<meta name=\"twitter:card\" content=\"summary_large_image\" \/>\n<meta name=\"twitter:label1\" content=\"Dur\u00e9e de lecture estim\u00e9e\" \/>\n\t<meta name=\"twitter:data1\" content=\"3 minutes\" \/>\n<script type=\"application\/ld+json\" class=\"yoast-schema-graph\">{\"@context\":\"https:\\\/\\\/schema.org\",\"@graph\":[{\"@type\":\"WebPage\",\"@id\":\"https:\\\/\\\/www.artisanlocal.ch\\\/c\\\/energies-renouvelables-a-neuchatel-et-dans-les-villes-proches\\\/\",\"url\":\"https:\\\/\\\/www.artisanlocal.ch\\\/c\\\/energies-renouvelables-a-neuchatel-et-dans-les-villes-proches\\\/\",\"name\":\"\u00c9nergies renouvelables \u00e0 Neuch\u00e2tel et dans les villes proches - Artisanlocal\",\"isPartOf\":{\"@id\":\"https:\\\/\\\/www.artisanlocal.ch\\\/c\\\/#website\"},\"primaryImageOfPage\":{\"@id\":\"https:\\\/\\\/www.artisanlocal.ch\\\/c\\\/energies-renouvelables-a-neuchatel-et-dans-les-villes-proches\\\/#primaryimage\"},\"image\":{\"@id\":\"https:\\\/\\\/www.artisanlocal.ch\\\/c\\\/energies-renouvelables-a-neuchatel-et-dans-les-villes-proches\\\/#primaryimage\"},\"thumbnailUrl\":\"https:\\\/\\\/www.artisanlocal.ch\\\/c\\\/wp-content\\\/uploads\\\/2024\\\/10\\\/energiere-nouvelable.jpg\",\"datePublished\":\"2024-10-03T03:06:05+00:00\",\"dateModified\":\"2025-08-26T17:25:37+00:00\",\"breadcrumb\":{\"@id\":\"https:\\\/\\\/www.artisanlocal.ch\\\/c\\\/energies-renouvelables-a-neuchatel-et-dans-les-villes-proches\\\/#breadcrumb\"},\"inLanguage\":\"fr-FR\",\"potentialAction\":[{\"@type\":\"ReadAction\",\"target\":[\"https:\\\/\\\/www.artisanlocal.ch\\\/c\\\/energies-renouvelables-a-neuchatel-et-dans-les-villes-proches\\\/\"]}]},{\"@type\":\"ImageObject\",\"inLanguage\":\"fr-FR\",\"@id\":\"https:\\\/\\\/www.artisanlocal.ch\\\/c\\\/energies-renouvelables-a-neuchatel-et-dans-les-villes-proches\\\/#primaryimage\",\"url\":\"https:\\\/\\\/www.artisanlocal.ch\\\/c\\\/wp-content\\\/uploads\\\/2024\\\/10\\\/energiere-nouvelable.jpg\",\"contentUrl\":\"https:\\\/\\\/www.artisanlocal.ch\\\/c\\\/wp-content\\\/uploads\\\/2024\\\/10\\\/energiere-nouvelable.jpg\",\"width\":1920,\"height\":300},{\"@type\":\"BreadcrumbList\",\"@id\":\"https:\\\/\\\/www.artisanlocal.ch\\\/c\\\/energies-renouvelables-a-neuchatel-et-dans-les-villes-proches\\\/#breadcrumb\",\"itemListElement\":[{\"@type\":\"ListItem\",\"position\":1,\"name\":\"Accueil\",\"item\":\"https:\\\/\\\/www.artisanlocal.ch\\\/c\\\/\"},{\"@type\":\"ListItem\",\"position\":2,\"name\":\"\u00c9nergies renouvelables \u00e0 Neuch\u00e2tel et dans les villes proches\"}]},{\"@type\":\"WebSite\",\"@id\":\"https:\\\/\\\/www.artisanlocal.ch\\\/c\\\/#website\",\"url\":\"https:\\\/\\\/www.artisanlocal.ch\\\/c\\\/\",\"name\":\"Artisanlocal\",\"description\":\"\",\"publisher\":{\"@id\":\"https:\\\/\\\/www.artisanlocal.ch\\\/c\\\/#organization\"},\"potentialAction\":[{\"@type\":\"SearchAction\",\"target\":{\"@type\":\"EntryPoint\",\"urlTemplate\":\"https:\\\/\\\/www.artisanlocal.ch\\\/c\\\/?s={search_term_string}\"},\"query-input\":{\"@type\":\"PropertyValueSpecification\",\"valueRequired\":true,\"valueName\":\"search_term_string\"}}],\"inLanguage\":\"fr-FR\"},{\"@type\":\"Organization\",\"@id\":\"https:\\\/\\\/www.artisanlocal.ch\\\/c\\\/#organization\",\"name\":\"Artisanlocal\",\"url\":\"https:\\\/\\\/www.artisanlocal.ch\\\/c\\\/\",\"logo\":{\"@type\":\"ImageObject\",\"inLanguage\":\"fr-FR\",\"@id\":\"https:\\\/\\\/www.artisanlocal.ch\\\/c\\\/#\\\/schema\\\/logo\\\/image\\\/\",\"url\":\"https:\\\/\\\/www.artisanlocal.ch\\\/c\\\/wp-content\\\/uploads\\\/2024\\\/02\\\/logo-artisanlocal-h.svg\",\"contentUrl\":\"https:\\\/\\\/www.artisanlocal.ch\\\/c\\\/wp-content\\\/uploads\\\/2024\\\/02\\\/logo-artisanlocal-h.svg\",\"caption\":\"Artisanlocal\"},\"image\":{\"@id\":\"https:\\\/\\\/www.artisanlocal.ch\\\/c\\\/#\\\/schema\\\/logo\\\/image\\\/\"}}]}<\/script>\n<!-- \/ Yoast SEO Premium plugin. -->","yoast_head_json":{"title":"\u00c9nergies renouvelables \u00e0 Neuch\u00e2tel et dans les villes proches - Artisanlocal","robots":{"index":"index","follow":"follow","max-snippet":"max-snippet:-1","max-image-preview":"max-image-preview:large","max-video-preview":"max-video-preview:-1"},"canonical":"https:\/\/www.artisanlocal.ch\/c\/energies-renouvelables-a-neuchatel-et-dans-les-villes-proches\/","og_locale":"fr_FR","og_type":"article","og_title":"\u00c9nergies renouvelables \u00e0 Neuch\u00e2tel et dans les villes proches","og_description":"Pourquoi choisir Artisanlocal pour vos \u00e9nergies renouvelables \u00e0 Neuch\u00e2tel ? \u00c9valuation 100% gratuite. Nos artisans utilisent les derni\u00e8res technologies. Nos locaux sont situ\u00e9s \u00e0 Neuch\u00e2tel pour vous rencontrer d\u00e8s que possible. Nos tarifs sont attractifs et concurrentiels. Les artisans qui interviennent chez vous sont exp\u00e9riment\u00e9s. Nos services sont personnalis\u00e9s. Nous g\u00e9rons votre projet, de l&rsquo;analyse [&hellip;]","og_url":"https:\/\/www.artisanlocal.ch\/c\/energies-renouvelables-a-neuchatel-et-dans-les-villes-proches\/","og_site_name":"Artisanlocal","article_modified_time":"2025-08-26T17:25:37+00:00","og_image":[{"width":1920,"height":300,"url":"https:\/\/www.artisanlocal.ch\/c\/wp-content\/uploads\/2024\/10\/energiere-nouvelable.jpg","type":"image\/jpeg"}],"twitter_card":"summary_large_image","twitter_misc":{"Dur\u00e9e de lecture estim\u00e9e":"3 minutes"},"schema":{"@context":"https:\/\/schema.org","@graph":[{"@type":"WebPage","@id":"https:\/\/www.artisanlocal.ch\/c\/energies-renouvelables-a-neuchatel-et-dans-les-villes-proches\/","url":"https:\/\/www.artisanlocal.ch\/c\/energies-renouvelables-a-neuchatel-et-dans-les-villes-proches\/","name":"\u00c9nergies renouvelables \u00e0 Neuch\u00e2tel et dans les villes proches - Artisanlocal","isPartOf":{"@id":"https:\/\/www.artisanlocal.ch\/c\/#website"},"primaryImageOfPage":{"@id":"https:\/\/www.artisanlocal.ch\/c\/energies-renouvelables-a-neuchatel-et-dans-les-villes-proches\/#primaryimage"},"image":{"@id":"https:\/\/www.artisanlocal.ch\/c\/energies-renouvelables-a-neuchatel-et-dans-les-villes-proches\/#primaryimage"},"thumbnailUrl":"https:\/\/www.artisanlocal.ch\/c\/wp-content\/uploads\/2024\/10\/energiere-nouvelable.jpg","datePublished":"2024-10-03T03:06:05+00:00","dateModified":"2025-08-26T17:25:37+00:00","breadcrumb":{"@id":"https:\/\/www.artisanlocal.ch\/c\/energies-renouvelables-a-neuchatel-et-dans-les-villes-proches\/#breadcrumb"},"inLanguage":"fr-FR","potentialAction":[{"@type":"ReadAction","target":["https:\/\/www.artisanlocal.ch\/c\/energies-renouvelables-a-neuchatel-et-dans-les-villes-proches\/"]}]},{"@type":"ImageObject","inLanguage":"fr-FR","@id":"https:\/\/www.artisanlocal.ch\/c\/energies-renouvelables-a-neuchatel-et-dans-les-villes-proches\/#primaryimage","url":"https:\/\/www.artisanlocal.ch\/c\/wp-content\/uploads\/2024\/10\/energiere-nouvelable.jpg","contentUrl":"https:\/\/www.artisanlocal.ch\/c\/wp-content\/uploads\/2024\/10\/energiere-nouvelable.jpg","width":1920,"height":300},{"@type":"BreadcrumbList","@id":"https:\/\/www.artisanlocal.ch\/c\/energies-renouvelables-a-neuchatel-et-dans-les-villes-proches\/#breadcrumb","itemListElement":[{"@type":"ListItem","position":1,"name":"Accueil","item":"https:\/\/www.artisanlocal.ch\/c\/"},{"@type":"ListItem","position":2,"name":"\u00c9nergies renouvelables \u00e0 Neuch\u00e2tel et dans les villes proches"}]},{"@type":"WebSite","@id":"https:\/\/www.artisanlocal.ch\/c\/#website","url":"https:\/\/www.artisanlocal.ch\/c\/","name":"Artisanlocal","description":"","publisher":{"@id":"https:\/\/www.artisanlocal.ch\/c\/#organization"},"potentialAction":[{"@type":"SearchAction","target":{"@type":"EntryPoint","urlTemplate":"https:\/\/www.artisanlocal.ch\/c\/?s={search_term_string}"},"query-input":{"@type":"PropertyValueSpecification","valueRequired":true,"valueName":"search_term_string"}}],"inLanguage":"fr-FR"},{"@type":"Organization","@id":"https:\/\/www.artisanlocal.ch\/c\/#organization","name":"Artisanlocal","url":"https:\/\/www.artisanlocal.ch\/c\/","logo":{"@type":"ImageObject","inLanguage":"fr-FR","@id":"https:\/\/www.artisanlocal.ch\/c\/#\/schema\/logo\/image\/","url":"https:\/\/www.artisanlocal.ch\/c\/wp-content\/uploads\/2024\/02\/logo-artisanlocal-h.svg","contentUrl":"https:\/\/www.artisanlocal.ch\/c\/wp-content\/uploads\/2024\/02\/logo-artisanlocal-h.svg","caption":"Artisanlocal"},"image":{"@id":"https:\/\/www.artisanlocal.ch\/c\/#\/schema\/logo\/image\/"}}]}},"_links":{"self":[{"href":"https:\/\/www.artisanlocal.ch\/c\/wp-json\/wp\/v2\/pages\/2533","targetHints":{"allow":["GET"]}}],"collection":[{"href":"https:\/\/www.artisanlocal.ch\/c\/wp-json\/wp\/v2\/pages"}],"about":[{"href":"https:\/\/www.artisanlocal.ch\/c\/wp-json\/wp\/v2\/types\/page"}],"author":[{"embeddable":true,"href":"https:\/\/www.artisanlocal.ch\/c\/wp-json\/wp\/v2\/users\/4"}],"replies":[{"embeddable":true,"href":"https:\/\/www.artisanlocal.ch\/c\/wp-json\/wp\/v2\/comments?post=2533"}],"version-history":[{"count":0,"href":"https:\/\/www.artisanlocal.ch\/c\/wp-json\/wp\/v2\/pages\/2533\/revisions"}],"wp:featuredmedia":[{"embeddable":true,"href":"https:\/\/www.artisanlocal.ch\/c\/wp-json\/wp\/v2\/media\/2755"}],"wp:attachment":[{"href":"https:\/\/www.artisanlocal.ch\/c\/wp-json\/wp\/v2\/media?parent=2533"}],"wp:term":[{"taxonomy":"profession","embeddable":true,"href":"https:\/\/www.artisanlocal.ch\/c\/wp-json\/wp\/v2\/profession?post=2533"},{"taxonomy":"location","embeddable":true,"href":"https:\/\/www.artisanlocal.ch\/c\/wp-json\/wp\/v2\/location?post=2533"},{"taxonomy":"canton","embeddable":true,"href":"https:\/\/www.artisanlocal.ch\/c\/wp-json\/wp\/v2\/canton?post=2533"}],"curies":[{"name":"wp","href":"https:\/\/api.w.org\/{rel}","templated":true}]}}