{"id":2561,"date":"2024-10-01T15:18:56","date_gmt":"2024-10-01T13:18:56","guid":{"rendered":"https:\/\/www.artisanlocal.ch\/c\/energies-renouvelables-a-payerne-et-dans-les-villes-aux-environs\/"},"modified":"2025-08-26T19:26:10","modified_gmt":"2025-08-26T17:26:10","slug":"energies-renouvelables-a-payerne-et-dans-les-villes-aux-environs","status":"publish","type":"page","link":"https:\/\/www.artisanlocal.ch\/c\/energies-renouvelables-a-payerne-et-dans-les-villes-aux-environs\/","title":{"rendered":"\u00c9nergies renouvelables \u00e0 Payerne et dans les villes aux environs"},"content":{"rendered":"\r\n<div class=\"box\">\r\n            <div class=\"company-info\">\r\n            <img decoding=\"async\" class=\"company-info__logo\" src=\"https:\/\/www.artisanlocal.ch\/media\/cache\/thumb\/images\/companies\/670ceedf3965f591165595.png\" alt=\"Logo\">\r\n            <h2 class=\"company-info__name\">FTenergie S\u00e0rl<\/h2>\r\n            <p class=\"company-info__business\">Solaire photovolta\u00efque - Borne de recharge - Batterie de stockage - Solaire thermique - PAC air\/eau - PAC sol\/eau<\/p>\r\n        <\/div>\r\n        <div class=\"company-contact\">\r\n            <p class=\"company-info__address\">La Pussaz 19<\/p>\r\n                            <div class=\"links\">\r\n                                            <a class=\"btn has-accent-background-color js-phoneNumber\" href=\"tel:0774126329\" title=\"Appelez\" data-id=\"25304\" data-type=\"11\">077 412 63 29<\/a>\r\n                                                                <a class=\"btn has-accent-background-color\" href=\"https:\/\/ftenergie.ch\/index.html\" target=\"_blank\" title=\"Voir le site internet\" data-id=\"25304\" data-type=\"20\">Site internet<\/a>\r\n                                    <\/div>\r\n                    <\/div>\r\n    \r\n            \r\n<form action=\"https:\/\/www.artisanlocal.ch\/c\/wp-admin\/admin-ajax.php\" method=\"post\" class=\"form-contact\" id=\"artisan_form_contact_company_inline\">\r\n    <div><input type=\"hidden\" name=\"action\" value=\"company_contact\"><\/div>\r\n    <div><input type=\"hidden\" name=\"nonce\" value=\"f071462bb9\"><\/div>\r\n    <div><input type=\"hidden\" name=\"company_id\" value=\"25304\"><\/div>\r\n    <div><input type=\"hidden\" name=\"form_id\" value=\"artisan_form_contact_company_inline\"><\/div>\r\n    <div class=\"gglcptch gglcptch_v3 gglcptch_custom\"><input type=\"hidden\" id=\"g-recaptcha-response\" name=\"g-recaptcha-response\" \/><br \/><div class=\"gglcptch_error_text\">La p\u00e9riode de v\u00e9rification reCAPTCHA a expir\u00e9. Veuillez recharger la page.<\/div><\/div>    <div class=\"form-content\">\r\n        <div class=\"form-group\">\r\n            <label for=\"contact_firstName\" class=\"required\">Pr\u00e9nom<\/label>\r\n            <input type=\"text\" name=\"firstName\" class=\"form-control\" required>\r\n        <\/div>\r\n        <div class=\"form-group\">\r\n            <label for=\"contact_lastName\" class=\"required\">Nom<\/label>\r\n            <input type=\"text\" name=\"lastName\" class=\"form-control\" required>\r\n        <\/div>\r\n        <div class=\"form-group\">\r\n            <label for=\"contact_email\" class=\"required\">Email<\/label>\r\n            <input type=\"email\" name=\"email\" class=\"form-control\" required>\r\n        <\/div>\r\n        <div class=\"form-group\">\r\n            <label for=\"contact_phone\" class=\"required\">Num\u00e9ro de t\u00e9l\u00e9phone<\/label>\r\n            <input type=\"tel\" name=\"phone\" class=\"form-control\" placeholder=\"0787117165\" pattern=\"^[0-9]{10}$\" required>\r\n        <\/div>\r\n        <div class=\"form-group\">\r\n            <label for=\"contact_postalCode\" class=\"required\">Code postal et localit\u00e9<\/label>\r\n            <input type=\"text\" name=\"postalCode\" class=\"form-control\" required>\r\n        <\/div>\r\n        <div class=\"form-group\">\r\n            <label for=\"contact_address\" class=\"required\">Adresse<\/label>\r\n            <input type=\"text\" name=\"address\" class=\"form-control\" required>\r\n        <\/div>\r\n        <div class=\"full-width topic\">\r\n            <p class=\"required\">Je souhaite \u00eatre contact\u00e9 pour :<\/p>\r\n            <div class=\"form-check\">\r\n                <input type=\"radio\" name=\"topic\" value=\"D\u00e9pannage\" class=\"form-control\" required>\r\n                <label for=\"d\u00e9pannage\">D\u00e9pannage<\/label>\r\n            <\/div>\r\n            <div class=\"form-check\">\r\n                <input type=\"radio\" name=\"topic\" value=\"Entretien\" class=\"form-control\" required>\r\n                <label for=\"entretien\">Entretien<\/label>\r\n            <\/div>\r\n            <div class=\"form-check\">\r\n                <input type=\"radio\" name=\"topic\" value=\"R\u00e9novation\" class=\"form-control\" required>\r\n                <label for=\"r\u00e9novation\">R\u00e9novation<\/label>\r\n            <\/div>\r\n            <div class=\"form-check\">\r\n                <input type=\"radio\" name=\"topic\" value=\"Autre\" class=\"form-control\" required>\r\n                <label for=\"autre\">Autre<\/label>\r\n            <\/div>\r\n        <\/div>\r\n        <div class=\"form-group full-width\">\r\n            <label for=\"contact_message\">Message<\/label>\r\n            <textarea name=\"message\" rows=\"3\" class=\"form-control\"><\/textarea>\r\n        <\/div>\r\n    <\/div>\r\n    <div class=\"form-actions\">\r\n        <button class=\"wp-block-button__link has-accent-background-color\">Contacter<\/button>\r\n    <\/div>\r\n<\/form>\r\n<div class=\"form-feedback\"><\/div>    <\/div>\n<h2>Pourquoi choisir les services de notre entreprise pour vos solutions d&rsquo;\u00e9nergies renouvelables \u00e0 Payerne ?<\/h2>\n<ul>\n<li>Nos \u00e9valuations sont gratuites.<\/li>\n<li>Nos artisans emploient les derni\u00e8res technologies.<\/li>\n<li>Nous sommes localis\u00e9s \u00e0 Payerne, ce qui nous permet d&rsquo;intervenir d\u00e8s que possible \u00e0 votre domicile.<\/li>\n<li>Les tarifs de nos installations sont avantageux.<\/li>\n<li>Les artisans qui op\u00e8rent \u00e0 votre logement sont exp\u00e9riment\u00e9s.<\/li>\n<li>Nos services sont sur mesure.<\/li>\n<li>Nous r\u00e9alisons la gestion compl\u00e8te de votre projet.<\/li>\n<li>Artisanlocal offre une assistance personnalis\u00e9e.<\/li>\n<\/ul>\n<h2>Quels sont les diff\u00e9rents types de solutions d&rsquo;\u00e9nergies renouvelables que vous proposez ?<\/h2>\n<ul>\n<li>Chaudi\u00e8re \u00e0 bois : mixte, b\u00fbche ou granul\u00e9.<\/li>\n<li>Pompe \u00e0 chaleur g\u00e9othermique avec captage : horizontale ou verticale<\/li>\n<li>Chaleur \u00e0 distance avec \u00e9nergie : par r\u00e9cup\u00e9ration, thermodynamique, fossile ou renouvelable.<\/li>\n<li>Syst\u00e8me pompe \u00e0 chaleur : hydrothermique, a\u00e9rothermique, g\u00e9othermique ou hybride.<\/li>\n<li>Panneau photovolta\u00efque : int\u00e9gr\u00e9 au b\u00e2timent, silicium, concentration, avec couche mince ou bifaciaux.<\/li>\n<li>Solaire thermique : concentration, tube sous vide, solaire hybride, plan vitr\u00e9 ou thermosiphon (stockage passif).<\/li>\n<li>Dispositif de stockage d&rsquo;\u00e9nergie : thermique, gravitationnel, m\u00e9canique, \u00e9lectrochimique, supercondensateur ou chimique.<\/li>\n<li>Artisanlocal offre d&rsquo;autres solutions d&rsquo;\u00e9nergies renouvelables : hydraulique, \u00e9olien ou r\u00e9seau de distribution.&nbsp;<\/li>\n<\/ul>\n<h2>Quels sont les types de services que vous offrez ?<\/h2>\n<ul>\n<li>Audit \u00e9nerg\u00e9tique : examen de vos d\u00e9penses \u00e9nerg\u00e9tiques.<\/li>\n<li>Conseil : adapt\u00e9 et en fonction de votre projet.<\/li>\n<li>Mise en place : pompes \u00e0 chaleur, panneaux photovolta\u00efques solaires, etc.<\/li>\n<li>Maintenance : gestion et entretien de vos installations.<\/li>\n<li>Pilotage de votre objectif : phase de planification \u00e0 la mise en place.<\/li>\n<li>Sensibilisation et formation : \u00e9nergies renouvelables pour particuliers et entreprises.<\/li>\n<li>Syst\u00e8me : stockage d&rsquo;\u00e9nergie.<\/li>\n<\/ul>\n<h3>Artisanlocal, sp\u00e9cialiste des \u00e9nergies renouvelables \u00e0 Payerne et dans les villes proches&nbsp;<\/h3>\n<p>Nos artisans prennent en charge l\u2019installation de vos \u00e9nergies durables \u00e0 Payerne et de plus dans les villes aux environs, tels que : Cheyres, Estavayer-le-Lac, Bollion, Lully FR, Seiry, Ch\u00e2tillon FR, Font, Ch\u00e2bles FR, Autavaux, Forel FR, Montbrelloz, Cugy FR, Vesin, Frasses, Montet (Broye), Aumont, Granges-de-Vesin, Nuvilly, Murist, F\u00e9tigny, M\u00e9ni\u00e8res, Treytorrens (Payerne), Bussy FR, Morens FR, S\u00e9vaz, Rueyres-les-Pr\u00e9s, Grandcour, Chevroux, Vers-chez-Perrin, Trey, Ch\u00e2tonnaye, Corcelles-pr\u00e8s-Payerne, Missy, Cerniat FR, Middes, Cousset, Montagny-les-Monts, Grandsivaz, Mannens, Montagny-la-Ville..&nbsp;<\/p>\n<h2>FAQ<\/h2>\n<h3>Peut-on mettre en place des panneaux solaires photovolta\u00efques et une pompe \u00e0 chaleur en m\u00eame temps\u202f?<\/h3>\n<p>Absolument, c&rsquo;est envisageable de mettre en place des panneaux photovolta\u00efques et une pompe \u00e0 chaleur simultan\u00e9ment. Cette combinaison facilite la consommation et la conservation de l&rsquo;\u00e9nergie fabriqu\u00e9e. Il est possible de configurer votre pompe \u00e0 chaleur pour fonctionner avec l&rsquo;\u00e9lectricit\u00e9 cr\u00e9\u00e9e par les panneaux solaires et ensuite cumuler la chaleur sous forme d&rsquo;eau chaude.<\/p>\n<h3>Quels sont les soutiens financiers pr\u00e9vus pour les chauffages utilisant les \u00e9nergies renouvelables \u00e0 Payerne\u202f?<\/h3>\n<p>En fonction de votre canton, il existe plusieurs subventions et programmes pour financer votre chauffage.<\/p>\n<h3>Est-il judicieux de choisir des panneaux solaires thermiques si la chaleur est notamment produite durant l&rsquo;\u00e9t\u00e9\u202f?<\/h3>\n<p>Oui, ils sont utiles, la consommation en eau chaude, qu&rsquo;il s&rsquo;agisse de la salle de bain ou la cuisine, restent continuels pendant toute l&rsquo;ann\u00e9e. Un syst\u00e8me solaire thermique peut produire une portion significative de cette demande, couvrant le plus souvent vos besoins en \u00e9t\u00e9, tandis qu&rsquo;en hiver, c\u2019est une solution d\u2019appoint qui favorise la r\u00e9duction de votre consommation d\u2019\u00e9lectricit\u00e9s.<\/p>\n<h3>Les panneaux solaires photovolta\u00efques sont-ils cr\u00e9\u00e9s de mati\u00e8res premi\u00e8res pr\u00e9cieux, qui pourraient venir \u00e0 manquer \u00e0 l\u2019avenir\u202f?<\/h3>\n<p>Le panneau photovolta\u00efque marche avec des modules \u00e9labor\u00e9s avec du verre, de l&rsquo;aluminium, du silicium et des mati\u00e8res synth\u00e9tiques, dont la ressource est \u00e9lev\u00e9e. Toutefois, ces modules fonctionnement avec de l&rsquo;argent. Des recherches sont actuellement men\u00e9es pour r\u00e9duire l&rsquo;usage de l&rsquo;argent, voire pour le supplanter par du cuivre, qui est abondant et r\u00e9utilisable \u00e0 100 %. Pour l&rsquo;heure, la portion d&rsquo;argent dans les modules a d\u00e9j\u00e0 baiss\u00e9 de pr\u00e8s de 80 %.&nbsp;<\/p>\n<h3>Quel est le co\u00fbt d&rsquo;une batterie de stockage d\u2019\u00e9lectricit\u00e9 solaire\u202f?<\/h3>\n<p>Les tarifs des batteries changent en fonction de la technologie des batteries et des aides financi\u00e8res disponibles dans votre canton.<\/p>\n","protected":false},"excerpt":{"rendered":"<p>Pourquoi choisir les services de notre entreprise pour vos solutions d&rsquo;\u00e9nergies renouvelables \u00e0 Payerne ? Nos \u00e9valuations sont gratuites. Nos artisans emploient les derni\u00e8res technologies. Nous sommes localis\u00e9s \u00e0 Payerne, ce qui nous permet d&rsquo;intervenir d\u00e8s que possible \u00e0 votre domicile. Les tarifs de nos installations sont avantageux. Les artisans qui op\u00e8rent \u00e0 votre logement [&hellip;]<\/p>\n","protected":false},"author":4,"featured_media":2755,"parent":0,"menu_order":0,"comment_status":"closed","ping_status":"closed","template":"","meta":{"footnotes":""},"profession":[126],"location":[13],"canton":[113],"class_list":["post-2561","page","type-page","status-publish","has-post-thumbnail","hentry","profession-energies-renouvelables-specialiste","location-payerne","canton-vd"],"yoast_head":"<!-- This site is optimized with the Yoast SEO Premium plugin v25.7.1 (Yoast SEO v27.4) - https:\/\/yoast.com\/product\/yoast-seo-premium-wordpress\/ -->\n<title>\u00c9nergies renouvelables \u00e0 Payerne et dans les villes aux environs - Artisanlocal<\/title>\n<meta name=\"robots\" content=\"index, follow, max-snippet:-1, max-image-preview:large, max-video-preview:-1\" \/>\n<link rel=\"canonical\" href=\"https:\/\/www.artisanlocal.ch\/c\/energies-renouvelables-a-payerne-et-dans-les-villes-aux-environs\/\" \/>\n<meta property=\"og:locale\" content=\"fr_FR\" \/>\n<meta property=\"og:type\" content=\"article\" \/>\n<meta property=\"og:title\" content=\"\u00c9nergies renouvelables \u00e0 Payerne et dans les villes aux environs\" \/>\n<meta property=\"og:description\" content=\"Pourquoi choisir les services de notre entreprise pour vos solutions d&rsquo;\u00e9nergies renouvelables \u00e0 Payerne ? Nos \u00e9valuations sont gratuites. Nos artisans emploient les derni\u00e8res technologies. Nous sommes localis\u00e9s \u00e0 Payerne, ce qui nous permet d&rsquo;intervenir d\u00e8s que possible \u00e0 votre domicile. Les tarifs de nos installations sont avantageux. Les artisans qui op\u00e8rent \u00e0 votre logement [&hellip;]\" \/>\n<meta property=\"og:url\" content=\"https:\/\/www.artisanlocal.ch\/c\/energies-renouvelables-a-payerne-et-dans-les-villes-aux-environs\/\" \/>\n<meta property=\"og:site_name\" content=\"Artisanlocal\" \/>\n<meta property=\"article:modified_time\" content=\"2025-08-26T17:26:10+00:00\" \/>\n<meta property=\"og:image\" content=\"https:\/\/www.artisanlocal.ch\/c\/wp-content\/uploads\/2024\/10\/energiere-nouvelable.jpg\" \/>\n\t<meta property=\"og:image:width\" content=\"1920\" \/>\n\t<meta property=\"og:image:height\" content=\"300\" \/>\n\t<meta property=\"og:image:type\" content=\"image\/jpeg\" \/>\n<meta name=\"twitter:card\" content=\"summary_large_image\" \/>\n<meta name=\"twitter:label1\" content=\"Dur\u00e9e de lecture estim\u00e9e\" \/>\n\t<meta name=\"twitter:data1\" content=\"3 minutes\" \/>\n<script type=\"application\/ld+json\" class=\"yoast-schema-graph\">{\"@context\":\"https:\\\/\\\/schema.org\",\"@graph\":[{\"@type\":\"WebPage\",\"@id\":\"https:\\\/\\\/www.artisanlocal.ch\\\/c\\\/energies-renouvelables-a-payerne-et-dans-les-villes-aux-environs\\\/\",\"url\":\"https:\\\/\\\/www.artisanlocal.ch\\\/c\\\/energies-renouvelables-a-payerne-et-dans-les-villes-aux-environs\\\/\",\"name\":\"\u00c9nergies renouvelables \u00e0 Payerne et dans les villes aux environs - Artisanlocal\",\"isPartOf\":{\"@id\":\"https:\\\/\\\/www.artisanlocal.ch\\\/c\\\/#website\"},\"primaryImageOfPage\":{\"@id\":\"https:\\\/\\\/www.artisanlocal.ch\\\/c\\\/energies-renouvelables-a-payerne-et-dans-les-villes-aux-environs\\\/#primaryimage\"},\"image\":{\"@id\":\"https:\\\/\\\/www.artisanlocal.ch\\\/c\\\/energies-renouvelables-a-payerne-et-dans-les-villes-aux-environs\\\/#primaryimage\"},\"thumbnailUrl\":\"https:\\\/\\\/www.artisanlocal.ch\\\/c\\\/wp-content\\\/uploads\\\/2024\\\/10\\\/energiere-nouvelable.jpg\",\"datePublished\":\"2024-10-01T13:18:56+00:00\",\"dateModified\":\"2025-08-26T17:26:10+00:00\",\"breadcrumb\":{\"@id\":\"https:\\\/\\\/www.artisanlocal.ch\\\/c\\\/energies-renouvelables-a-payerne-et-dans-les-villes-aux-environs\\\/#breadcrumb\"},\"inLanguage\":\"fr-FR\",\"potentialAction\":[{\"@type\":\"ReadAction\",\"target\":[\"https:\\\/\\\/www.artisanlocal.ch\\\/c\\\/energies-renouvelables-a-payerne-et-dans-les-villes-aux-environs\\\/\"]}]},{\"@type\":\"ImageObject\",\"inLanguage\":\"fr-FR\",\"@id\":\"https:\\\/\\\/www.artisanlocal.ch\\\/c\\\/energies-renouvelables-a-payerne-et-dans-les-villes-aux-environs\\\/#primaryimage\",\"url\":\"https:\\\/\\\/www.artisanlocal.ch\\\/c\\\/wp-content\\\/uploads\\\/2024\\\/10\\\/energiere-nouvelable.jpg\",\"contentUrl\":\"https:\\\/\\\/www.artisanlocal.ch\\\/c\\\/wp-content\\\/uploads\\\/2024\\\/10\\\/energiere-nouvelable.jpg\",\"width\":1920,\"height\":300},{\"@type\":\"BreadcrumbList\",\"@id\":\"https:\\\/\\\/www.artisanlocal.ch\\\/c\\\/energies-renouvelables-a-payerne-et-dans-les-villes-aux-environs\\\/#breadcrumb\",\"itemListElement\":[{\"@type\":\"ListItem\",\"position\":1,\"name\":\"Accueil\",\"item\":\"https:\\\/\\\/www.artisanlocal.ch\\\/c\\\/\"},{\"@type\":\"ListItem\",\"position\":2,\"name\":\"\u00c9nergies renouvelables \u00e0 Payerne et dans les villes aux environs\"}]},{\"@type\":\"WebSite\",\"@id\":\"https:\\\/\\\/www.artisanlocal.ch\\\/c\\\/#website\",\"url\":\"https:\\\/\\\/www.artisanlocal.ch\\\/c\\\/\",\"name\":\"Artisanlocal\",\"description\":\"\",\"publisher\":{\"@id\":\"https:\\\/\\\/www.artisanlocal.ch\\\/c\\\/#organization\"},\"potentialAction\":[{\"@type\":\"SearchAction\",\"target\":{\"@type\":\"EntryPoint\",\"urlTemplate\":\"https:\\\/\\\/www.artisanlocal.ch\\\/c\\\/?s={search_term_string}\"},\"query-input\":{\"@type\":\"PropertyValueSpecification\",\"valueRequired\":true,\"valueName\":\"search_term_string\"}}],\"inLanguage\":\"fr-FR\"},{\"@type\":\"Organization\",\"@id\":\"https:\\\/\\\/www.artisanlocal.ch\\\/c\\\/#organization\",\"name\":\"Artisanlocal\",\"url\":\"https:\\\/\\\/www.artisanlocal.ch\\\/c\\\/\",\"logo\":{\"@type\":\"ImageObject\",\"inLanguage\":\"fr-FR\",\"@id\":\"https:\\\/\\\/www.artisanlocal.ch\\\/c\\\/#\\\/schema\\\/logo\\\/image\\\/\",\"url\":\"https:\\\/\\\/www.artisanlocal.ch\\\/c\\\/wp-content\\\/uploads\\\/2024\\\/02\\\/logo-artisanlocal-h.svg\",\"contentUrl\":\"https:\\\/\\\/www.artisanlocal.ch\\\/c\\\/wp-content\\\/uploads\\\/2024\\\/02\\\/logo-artisanlocal-h.svg\",\"caption\":\"Artisanlocal\"},\"image\":{\"@id\":\"https:\\\/\\\/www.artisanlocal.ch\\\/c\\\/#\\\/schema\\\/logo\\\/image\\\/\"}}]}<\/script>\n<!-- \/ Yoast SEO Premium plugin. -->","yoast_head_json":{"title":"\u00c9nergies renouvelables \u00e0 Payerne et dans les villes aux environs - Artisanlocal","robots":{"index":"index","follow":"follow","max-snippet":"max-snippet:-1","max-image-preview":"max-image-preview:large","max-video-preview":"max-video-preview:-1"},"canonical":"https:\/\/www.artisanlocal.ch\/c\/energies-renouvelables-a-payerne-et-dans-les-villes-aux-environs\/","og_locale":"fr_FR","og_type":"article","og_title":"\u00c9nergies renouvelables \u00e0 Payerne et dans les villes aux environs","og_description":"Pourquoi choisir les services de notre entreprise pour vos solutions d&rsquo;\u00e9nergies renouvelables \u00e0 Payerne ? Nos \u00e9valuations sont gratuites. Nos artisans emploient les derni\u00e8res technologies. Nous sommes localis\u00e9s \u00e0 Payerne, ce qui nous permet d&rsquo;intervenir d\u00e8s que possible \u00e0 votre domicile. Les tarifs de nos installations sont avantageux. Les artisans qui op\u00e8rent \u00e0 votre logement [&hellip;]","og_url":"https:\/\/www.artisanlocal.ch\/c\/energies-renouvelables-a-payerne-et-dans-les-villes-aux-environs\/","og_site_name":"Artisanlocal","article_modified_time":"2025-08-26T17:26:10+00:00","og_image":[{"width":1920,"height":300,"url":"https:\/\/www.artisanlocal.ch\/c\/wp-content\/uploads\/2024\/10\/energiere-nouvelable.jpg","type":"image\/jpeg"}],"twitter_card":"summary_large_image","twitter_misc":{"Dur\u00e9e de lecture estim\u00e9e":"3 minutes"},"schema":{"@context":"https:\/\/schema.org","@graph":[{"@type":"WebPage","@id":"https:\/\/www.artisanlocal.ch\/c\/energies-renouvelables-a-payerne-et-dans-les-villes-aux-environs\/","url":"https:\/\/www.artisanlocal.ch\/c\/energies-renouvelables-a-payerne-et-dans-les-villes-aux-environs\/","name":"\u00c9nergies renouvelables \u00e0 Payerne et dans les villes aux environs - Artisanlocal","isPartOf":{"@id":"https:\/\/www.artisanlocal.ch\/c\/#website"},"primaryImageOfPage":{"@id":"https:\/\/www.artisanlocal.ch\/c\/energies-renouvelables-a-payerne-et-dans-les-villes-aux-environs\/#primaryimage"},"image":{"@id":"https:\/\/www.artisanlocal.ch\/c\/energies-renouvelables-a-payerne-et-dans-les-villes-aux-environs\/#primaryimage"},"thumbnailUrl":"https:\/\/www.artisanlocal.ch\/c\/wp-content\/uploads\/2024\/10\/energiere-nouvelable.jpg","datePublished":"2024-10-01T13:18:56+00:00","dateModified":"2025-08-26T17:26:10+00:00","breadcrumb":{"@id":"https:\/\/www.artisanlocal.ch\/c\/energies-renouvelables-a-payerne-et-dans-les-villes-aux-environs\/#breadcrumb"},"inLanguage":"fr-FR","potentialAction":[{"@type":"ReadAction","target":["https:\/\/www.artisanlocal.ch\/c\/energies-renouvelables-a-payerne-et-dans-les-villes-aux-environs\/"]}]},{"@type":"ImageObject","inLanguage":"fr-FR","@id":"https:\/\/www.artisanlocal.ch\/c\/energies-renouvelables-a-payerne-et-dans-les-villes-aux-environs\/#primaryimage","url":"https:\/\/www.artisanlocal.ch\/c\/wp-content\/uploads\/2024\/10\/energiere-nouvelable.jpg","contentUrl":"https:\/\/www.artisanlocal.ch\/c\/wp-content\/uploads\/2024\/10\/energiere-nouvelable.jpg","width":1920,"height":300},{"@type":"BreadcrumbList","@id":"https:\/\/www.artisanlocal.ch\/c\/energies-renouvelables-a-payerne-et-dans-les-villes-aux-environs\/#breadcrumb","itemListElement":[{"@type":"ListItem","position":1,"name":"Accueil","item":"https:\/\/www.artisanlocal.ch\/c\/"},{"@type":"ListItem","position":2,"name":"\u00c9nergies renouvelables \u00e0 Payerne et dans les villes aux environs"}]},{"@type":"WebSite","@id":"https:\/\/www.artisanlocal.ch\/c\/#website","url":"https:\/\/www.artisanlocal.ch\/c\/","name":"Artisanlocal","description":"","publisher":{"@id":"https:\/\/www.artisanlocal.ch\/c\/#organization"},"potentialAction":[{"@type":"SearchAction","target":{"@type":"EntryPoint","urlTemplate":"https:\/\/www.artisanlocal.ch\/c\/?s={search_term_string}"},"query-input":{"@type":"PropertyValueSpecification","valueRequired":true,"valueName":"search_term_string"}}],"inLanguage":"fr-FR"},{"@type":"Organization","@id":"https:\/\/www.artisanlocal.ch\/c\/#organization","name":"Artisanlocal","url":"https:\/\/www.artisanlocal.ch\/c\/","logo":{"@type":"ImageObject","inLanguage":"fr-FR","@id":"https:\/\/www.artisanlocal.ch\/c\/#\/schema\/logo\/image\/","url":"https:\/\/www.artisanlocal.ch\/c\/wp-content\/uploads\/2024\/02\/logo-artisanlocal-h.svg","contentUrl":"https:\/\/www.artisanlocal.ch\/c\/wp-content\/uploads\/2024\/02\/logo-artisanlocal-h.svg","caption":"Artisanlocal"},"image":{"@id":"https:\/\/www.artisanlocal.ch\/c\/#\/schema\/logo\/image\/"}}]}},"_links":{"self":[{"href":"https:\/\/www.artisanlocal.ch\/c\/wp-json\/wp\/v2\/pages\/2561","targetHints":{"allow":["GET"]}}],"collection":[{"href":"https:\/\/www.artisanlocal.ch\/c\/wp-json\/wp\/v2\/pages"}],"about":[{"href":"https:\/\/www.artisanlocal.ch\/c\/wp-json\/wp\/v2\/types\/page"}],"author":[{"embeddable":true,"href":"https:\/\/www.artisanlocal.ch\/c\/wp-json\/wp\/v2\/users\/4"}],"replies":[{"embeddable":true,"href":"https:\/\/www.artisanlocal.ch\/c\/wp-json\/wp\/v2\/comments?post=2561"}],"version-history":[{"count":0,"href":"https:\/\/www.artisanlocal.ch\/c\/wp-json\/wp\/v2\/pages\/2561\/revisions"}],"wp:featuredmedia":[{"embeddable":true,"href":"https:\/\/www.artisanlocal.ch\/c\/wp-json\/wp\/v2\/media\/2755"}],"wp:attachment":[{"href":"https:\/\/www.artisanlocal.ch\/c\/wp-json\/wp\/v2\/media?parent=2561"}],"wp:term":[{"taxonomy":"profession","embeddable":true,"href":"https:\/\/www.artisanlocal.ch\/c\/wp-json\/wp\/v2\/profession?post=2561"},{"taxonomy":"location","embeddable":true,"href":"https:\/\/www.artisanlocal.ch\/c\/wp-json\/wp\/v2\/location?post=2561"},{"taxonomy":"canton","embeddable":true,"href":"https:\/\/www.artisanlocal.ch\/c\/wp-json\/wp\/v2\/canton?post=2561"}],"curies":[{"name":"wp","href":"https:\/\/api.w.org\/{rel}","templated":true}]}}