{"id":2566,"date":"2024-10-04T02:40:44","date_gmt":"2024-10-04T00:40:44","guid":{"rendered":"https:\/\/www.artisanlocal.ch\/c\/energies-renouvelables-a-apples-et-dans-les-villes-a-proximite\/"},"modified":"2025-08-26T19:25:19","modified_gmt":"2025-08-26T17:25:19","slug":"energies-renouvelables-a-apples-et-dans-les-villes-a-proximite","status":"publish","type":"page","link":"https:\/\/www.artisanlocal.ch\/c\/energies-renouvelables-a-apples-et-dans-les-villes-a-proximite\/","title":{"rendered":"\u00c9nergies renouvelables \u00e0 Apples et dans les villes \u00e0 proximit\u00e9"},"content":{"rendered":"\r\n<div class=\"box\">\r\n            <div class=\"company-info\">\r\n            <img decoding=\"async\" class=\"company-info__logo\" src=\"https:\/\/www.artisanlocal.ch\/media\/cache\/thumb\/images\/companies\/6045e3b0a3d31821389910.png\" alt=\"Logo\">\r\n            <h2 class=\"company-info__name\">Vaudtech S\u00e0rl<\/h2>\r\n            <p class=\"company-info__business\">Chauffages - Installations sanitaires - Pompes \u00e0 chaleur - Installations solaires - Ventilation - Service d'urgence<\/p>\r\n        <\/div>\r\n        <div class=\"company-contact\">\r\n            <p class=\"company-info__address\">Le Carre \u00e0 Lagnel 9<\/p>\r\n                            <div class=\"links\">\r\n                                            <a class=\"btn has-accent-background-color js-phoneNumber\" href=\"tel:0763954108\" title=\"Appelez\" data-id=\"1327\" data-type=\"11\">076 395 41 08<\/a>\r\n                                                                <a class=\"btn has-accent-background-color\" href=\"https:\/\/www.vaudtech.ch\/\" target=\"_blank\" title=\"Voir le site internet\" data-id=\"1327\" data-type=\"20\">Site internet<\/a>\r\n                                    <\/div>\r\n                    <\/div>\r\n    \r\n            \r\n<form action=\"https:\/\/www.artisanlocal.ch\/c\/wp-admin\/admin-ajax.php\" method=\"post\" class=\"form-contact\" id=\"artisan_form_contact_company_inline\">\r\n    <div><input type=\"hidden\" name=\"action\" value=\"company_contact\"><\/div>\r\n    <div><input type=\"hidden\" name=\"nonce\" value=\"866548ef48\"><\/div>\r\n    <div><input type=\"hidden\" name=\"company_id\" value=\"1327\"><\/div>\r\n    <div><input type=\"hidden\" name=\"form_id\" value=\"artisan_form_contact_company_inline\"><\/div>\r\n    <div class=\"gglcptch gglcptch_v3 gglcptch_custom\"><input type=\"hidden\" id=\"g-recaptcha-response\" name=\"g-recaptcha-response\" \/><br \/><div class=\"gglcptch_error_text\">La p\u00e9riode de v\u00e9rification reCAPTCHA a expir\u00e9. Veuillez recharger la page.<\/div><\/div>    <div class=\"form-content\">\r\n        <div class=\"form-group\">\r\n            <label for=\"contact_firstName\" class=\"required\">Pr\u00e9nom<\/label>\r\n            <input type=\"text\" name=\"firstName\" class=\"form-control\" required>\r\n        <\/div>\r\n        <div class=\"form-group\">\r\n            <label for=\"contact_lastName\" class=\"required\">Nom<\/label>\r\n            <input type=\"text\" name=\"lastName\" class=\"form-control\" required>\r\n        <\/div>\r\n        <div class=\"form-group\">\r\n            <label for=\"contact_email\" class=\"required\">Email<\/label>\r\n            <input type=\"email\" name=\"email\" class=\"form-control\" required>\r\n        <\/div>\r\n        <div class=\"form-group\">\r\n            <label for=\"contact_phone\" class=\"required\">Num\u00e9ro de t\u00e9l\u00e9phone<\/label>\r\n            <input type=\"tel\" name=\"phone\" class=\"form-control\" placeholder=\"0787117165\" pattern=\"^[0-9]{10}$\" required>\r\n        <\/div>\r\n        <div class=\"form-group\">\r\n            <label for=\"contact_postalCode\" class=\"required\">Code postal et localit\u00e9<\/label>\r\n            <input type=\"text\" name=\"postalCode\" class=\"form-control\" required>\r\n        <\/div>\r\n        <div class=\"form-group\">\r\n            <label for=\"contact_address\" class=\"required\">Adresse<\/label>\r\n            <input type=\"text\" name=\"address\" class=\"form-control\" required>\r\n        <\/div>\r\n        <div class=\"full-width topic\">\r\n            <p class=\"required\">Je souhaite \u00eatre contact\u00e9 pour :<\/p>\r\n            <div class=\"form-check\">\r\n                <input type=\"radio\" name=\"topic\" value=\"D\u00e9pannage\" class=\"form-control\" required>\r\n                <label for=\"d\u00e9pannage\">D\u00e9pannage<\/label>\r\n            <\/div>\r\n            <div class=\"form-check\">\r\n                <input type=\"radio\" name=\"topic\" value=\"Entretien\" class=\"form-control\" required>\r\n                <label for=\"entretien\">Entretien<\/label>\r\n            <\/div>\r\n            <div class=\"form-check\">\r\n                <input type=\"radio\" name=\"topic\" value=\"R\u00e9novation\" class=\"form-control\" required>\r\n                <label for=\"r\u00e9novation\">R\u00e9novation<\/label>\r\n            <\/div>\r\n            <div class=\"form-check\">\r\n                <input type=\"radio\" name=\"topic\" value=\"Autre\" class=\"form-control\" required>\r\n                <label for=\"autre\">Autre<\/label>\r\n            <\/div>\r\n        <\/div>\r\n        <div class=\"form-group full-width\">\r\n            <label for=\"contact_message\">Message<\/label>\r\n            <textarea name=\"message\" rows=\"3\" class=\"form-control\"><\/textarea>\r\n        <\/div>\r\n    <\/div>\r\n    <div class=\"form-actions\">\r\n        <button class=\"wp-block-button__link has-accent-background-color\">Contacter<\/button>\r\n    <\/div>\r\n<\/form>\r\n<div class=\"form-feedback\"><\/div>    <\/div>\n<h2>Pourquoi choisir les services de notre entreprise pour vos installations d&rsquo;\u00e9nergies renouvelables \u00e0 Apples ?<\/h2>\n<ul>\n<li>Nos \u00e9valuations sont gratuites.<\/li>\n<li>Nos techniciens emploient les technologies les plus r\u00e9centes.<\/li>\n<li>Nous sommes localis\u00e9s \u00e0 Apples, ce qui nous permet d&rsquo;intervenir d\u00e8s que possible chez vous.<\/li>\n<li>Nos prix sont comp\u00e9titifs.<\/li>\n<li>Nos artisans sont qualifi\u00e9s.<\/li>\n<li>Nos prestations sont adapt\u00e9es \u00e0 votre projet.<\/li>\n<li>Gestion de votre projet, de la pr\u00e9paration \u00e0 la pose.<\/li>\n<li>Nous vous proposons une assistance technique sur mesure.<\/li>\n<\/ul>\n<h2>Quels types de solutions d&rsquo;\u00e9nergies renouvelables votre entreprise offre ?<\/h2>\n<ul>\n<li>Chaudi\u00e8re \u00e0 bois : mixte, b\u00fbche ou granul\u00e9.<\/li>\n<li>Pompe \u00e0 chaleur g\u00e9othermique avec captage : horizontale ou verticale<\/li>\n<li>Chaleur \u00e0 distance avec \u00e9nergie : renouvelable, fossile, par r\u00e9cup\u00e9ration ou thermodynamique.<\/li>\n<li>Pompe \u00e0 chaleur : hydrothermique, a\u00e9rothermique, g\u00e9othermique ou hybride.<\/li>\n<li>Photovolta\u00efque : silicium, avec couche mince, concentration, bifaciaux ou int\u00e9gr\u00e9 au b\u00e2timent.<\/li>\n<li>Panneau \u00e0 \u00e9nergie solaire thermique : concentration, tube sous vide, plan vitr\u00e9, solaire hybride ou thermosiphon (stockage passif).<\/li>\n<li>Syst\u00e8me de stockage d&rsquo;\u00e9nergie : thermique, gravitationnel, m\u00e9canique, \u00e9lectrochimique, supercondensateur ou chimique.<\/li>\n<li>Notre entreprise propose d&rsquo;autres installations d&rsquo;\u00e9nergies renouvelables : hydraulique, \u00e9olien ou r\u00e9seau de distribution.&nbsp;<\/li>\n<\/ul>\n<h2>Quels sont les types de services que vous offrez ?<\/h2>\n<ul>\n<li>Audit \u00e9nerg\u00e9tique : \u00e9valuation de vos habitudes de consommation d&rsquo;\u00e9nergie.<\/li>\n<li>Conseil : sur mesure selon votre projet.<\/li>\n<li>Mise en place : panneaux solaires, pompes \u00e0 chaleur, etc.<\/li>\n<li>Maintenance : gestion et entretien pr\u00e9ventif de vos installations.<\/li>\n<li>Supervision de votre objectif : phase de planification \u00e0 l\u2019installation.<\/li>\n<li>Sensibilisation et formation : \u00e9nergies renouvelables pour particuliers et entreprises.<\/li>\n<li>Solution : stockage \u00e9nerg\u00e9tique.<\/li>\n<\/ul>\n<h3>Entreprise sp\u00e9cialis\u00e9e dans les \u00e9nergies renouvelables et qui intervient \u00e0 Apples et dans les alentours&nbsp;<\/h3>\n<p>Nous effectuons tous vos travaux d\u2019installations d\u2019\u00e9nergies renouvelables \u00e0 Apples et aussi dans toutes les communes proches, comme : Ballens, Bi\u00e8re, Mollens VD, Berolle, Etoy, Buchillon, Allaman, Perroy, Villars-sous-Yens, Yens, Aubonne, Bougy-Villars, F\u00e9chy, Pizy, Montherod, Lavigny, St-Livres, Saubraz..&nbsp;<\/p>\n<h2>Questions fr\u00e9quentes<\/h2>\n<h3>Peut-on installer des panneaux solaires photovolta\u00efques et un syst\u00e8me de pompe \u00e0 chaleur en m\u00eame temps\u202f?<\/h3>\n<p>Absolument, c&rsquo;est envisageable d\u2019installer des panneaux photovolta\u00efques et une pompe \u00e0 chaleur simultan\u00e9ment. Cette combinaison, vous permet de contr\u00f4ler et de stocker l&rsquo;\u00e9nergie produite de mani\u00e8re optimale. Il est possible de param\u00e9trer votre pompe \u00e0 chaleur pour marcher avec l&rsquo;\u00e9lectricit\u00e9 g\u00e9n\u00e9r\u00e9e par les panneaux photovolta\u00efques et ensuite cumuler la chaleur sous forme d&rsquo;eau chaude.<\/p>\n<h3>Quelles sont les aides financi\u00e8res disponibles pour les chauffages aux \u00e9nergies renouvelables \u00e0 Apples\u202f?<\/h3>\n<p>Il existe plusieurs programmes de financements et de subventions pour votre chauffage, en particulier sur le plan cantonal.<\/p>\n<h3>Est-il pertinent de choisir des capteurs solaires thermiques si la chaleur est notamment cr\u00e9\u00e9e durant l&rsquo;\u00e9t\u00e9\u202f?<\/h3>\n<p>Oui, ils sont indispensables, la demande en eau chaude, qu&rsquo;il s&rsquo;agisse de la salle de bain ou la cuisine, restent fixes pendant toute l&rsquo;ann\u00e9e. Un syst\u00e8me solaire thermique peut fournir une partie significative de cette consommation, couvrant le plus souvent vos besoins en saison chaude, tandis qu&rsquo;en hiver, c\u2019est une solution d\u2019appoint qui favorise la r\u00e9duction de votre consommation.<\/p>\n<h3>Les \u00e9l\u00e9ments utilis\u00e9s dans la fabrication des panneaux photovolta\u00efques sont-ils chers\u202f?<\/h3>\n<p>Les panneaux photovolta\u00efques utilisent des modules compos\u00e9s de mati\u00e8res synth\u00e9tiques, verre, silicium et aluminium, qui sont disponibles en abondance. Toutefois, ces modules requi\u00e8rent de l&rsquo;argent pour marcher correctement, dont la disponibilit\u00e9 est r\u00e9duite. Les nouvelles technologies permettent de diminuer l&rsquo;usage de l&rsquo;argent, voire \u00e0 le remplacer compl\u00e8tement par du cuivre. Pour l&rsquo;instant, la part d&rsquo;argent dans les modules a d\u00e9j\u00e0 diminu\u00e9 de pr\u00e8s de 80 %.&nbsp;<\/p>\n<h3>Quel est le montant d&rsquo;une batterie pour stocker l&rsquo;\u00e9nergie solaire\u202f?<\/h3>\n<p>Les prix des batteries varient en fonction de la technologie des batteries et des aides financi\u00e8res disponibles dans votre canton.<\/p>\n","protected":false},"excerpt":{"rendered":"<p>Pourquoi choisir les services de notre entreprise pour vos installations d&rsquo;\u00e9nergies renouvelables \u00e0 Apples ? Nos \u00e9valuations sont gratuites. Nos techniciens emploient les technologies les plus r\u00e9centes. Nous sommes localis\u00e9s \u00e0 Apples, ce qui nous permet d&rsquo;intervenir d\u00e8s que possible chez vous. Nos prix sont comp\u00e9titifs. Nos artisans sont qualifi\u00e9s. Nos prestations sont adapt\u00e9es \u00e0 [&hellip;]<\/p>\n","protected":false},"author":4,"featured_media":2755,"parent":0,"menu_order":0,"comment_status":"closed","ping_status":"closed","template":"","meta":{"footnotes":""},"profession":[126],"location":[82],"canton":[113],"class_list":["post-2566","page","type-page","status-publish","has-post-thumbnail","hentry","profession-energies-renouvelables-specialiste","location-apples","canton-vd"],"yoast_head":"<!-- This site is optimized with the Yoast SEO Premium plugin v25.7.1 (Yoast SEO v27.4) - https:\/\/yoast.com\/product\/yoast-seo-premium-wordpress\/ -->\n<title>\u00c9nergies renouvelables \u00e0 Apples et dans les villes \u00e0 proximit\u00e9 - Artisanlocal<\/title>\n<meta name=\"robots\" content=\"index, follow, max-snippet:-1, max-image-preview:large, max-video-preview:-1\" \/>\n<link rel=\"canonical\" href=\"https:\/\/www.artisanlocal.ch\/c\/energies-renouvelables-a-apples-et-dans-les-villes-a-proximite\/\" \/>\n<meta property=\"og:locale\" content=\"fr_FR\" \/>\n<meta property=\"og:type\" content=\"article\" \/>\n<meta property=\"og:title\" content=\"\u00c9nergies renouvelables \u00e0 Apples et dans les villes \u00e0 proximit\u00e9\" \/>\n<meta property=\"og:description\" content=\"Pourquoi choisir les services de notre entreprise pour vos installations d&rsquo;\u00e9nergies renouvelables \u00e0 Apples ? Nos \u00e9valuations sont gratuites. Nos techniciens emploient les technologies les plus r\u00e9centes. Nous sommes localis\u00e9s \u00e0 Apples, ce qui nous permet d&rsquo;intervenir d\u00e8s que possible chez vous. Nos prix sont comp\u00e9titifs. Nos artisans sont qualifi\u00e9s. Nos prestations sont adapt\u00e9es \u00e0 [&hellip;]\" \/>\n<meta property=\"og:url\" content=\"https:\/\/www.artisanlocal.ch\/c\/energies-renouvelables-a-apples-et-dans-les-villes-a-proximite\/\" \/>\n<meta property=\"og:site_name\" content=\"Artisanlocal\" \/>\n<meta property=\"article:modified_time\" content=\"2025-08-26T17:25:19+00:00\" \/>\n<meta property=\"og:image\" content=\"https:\/\/www.artisanlocal.ch\/c\/wp-content\/uploads\/2024\/10\/energiere-nouvelable.jpg\" \/>\n\t<meta property=\"og:image:width\" content=\"1920\" \/>\n\t<meta property=\"og:image:height\" content=\"300\" \/>\n\t<meta property=\"og:image:type\" content=\"image\/jpeg\" \/>\n<meta name=\"twitter:card\" content=\"summary_large_image\" \/>\n<meta name=\"twitter:label1\" content=\"Dur\u00e9e de lecture estim\u00e9e\" \/>\n\t<meta name=\"twitter:data1\" content=\"3 minutes\" \/>\n<script type=\"application\/ld+json\" class=\"yoast-schema-graph\">{\"@context\":\"https:\\\/\\\/schema.org\",\"@graph\":[{\"@type\":\"WebPage\",\"@id\":\"https:\\\/\\\/www.artisanlocal.ch\\\/c\\\/energies-renouvelables-a-apples-et-dans-les-villes-a-proximite\\\/\",\"url\":\"https:\\\/\\\/www.artisanlocal.ch\\\/c\\\/energies-renouvelables-a-apples-et-dans-les-villes-a-proximite\\\/\",\"name\":\"\u00c9nergies renouvelables \u00e0 Apples et dans les villes \u00e0 proximit\u00e9 - Artisanlocal\",\"isPartOf\":{\"@id\":\"https:\\\/\\\/www.artisanlocal.ch\\\/c\\\/#website\"},\"primaryImageOfPage\":{\"@id\":\"https:\\\/\\\/www.artisanlocal.ch\\\/c\\\/energies-renouvelables-a-apples-et-dans-les-villes-a-proximite\\\/#primaryimage\"},\"image\":{\"@id\":\"https:\\\/\\\/www.artisanlocal.ch\\\/c\\\/energies-renouvelables-a-apples-et-dans-les-villes-a-proximite\\\/#primaryimage\"},\"thumbnailUrl\":\"https:\\\/\\\/www.artisanlocal.ch\\\/c\\\/wp-content\\\/uploads\\\/2024\\\/10\\\/energiere-nouvelable.jpg\",\"datePublished\":\"2024-10-04T00:40:44+00:00\",\"dateModified\":\"2025-08-26T17:25:19+00:00\",\"breadcrumb\":{\"@id\":\"https:\\\/\\\/www.artisanlocal.ch\\\/c\\\/energies-renouvelables-a-apples-et-dans-les-villes-a-proximite\\\/#breadcrumb\"},\"inLanguage\":\"fr-FR\",\"potentialAction\":[{\"@type\":\"ReadAction\",\"target\":[\"https:\\\/\\\/www.artisanlocal.ch\\\/c\\\/energies-renouvelables-a-apples-et-dans-les-villes-a-proximite\\\/\"]}]},{\"@type\":\"ImageObject\",\"inLanguage\":\"fr-FR\",\"@id\":\"https:\\\/\\\/www.artisanlocal.ch\\\/c\\\/energies-renouvelables-a-apples-et-dans-les-villes-a-proximite\\\/#primaryimage\",\"url\":\"https:\\\/\\\/www.artisanlocal.ch\\\/c\\\/wp-content\\\/uploads\\\/2024\\\/10\\\/energiere-nouvelable.jpg\",\"contentUrl\":\"https:\\\/\\\/www.artisanlocal.ch\\\/c\\\/wp-content\\\/uploads\\\/2024\\\/10\\\/energiere-nouvelable.jpg\",\"width\":1920,\"height\":300},{\"@type\":\"BreadcrumbList\",\"@id\":\"https:\\\/\\\/www.artisanlocal.ch\\\/c\\\/energies-renouvelables-a-apples-et-dans-les-villes-a-proximite\\\/#breadcrumb\",\"itemListElement\":[{\"@type\":\"ListItem\",\"position\":1,\"name\":\"Accueil\",\"item\":\"https:\\\/\\\/www.artisanlocal.ch\\\/c\\\/\"},{\"@type\":\"ListItem\",\"position\":2,\"name\":\"\u00c9nergies renouvelables \u00e0 Apples et dans les villes \u00e0 proximit\u00e9\"}]},{\"@type\":\"WebSite\",\"@id\":\"https:\\\/\\\/www.artisanlocal.ch\\\/c\\\/#website\",\"url\":\"https:\\\/\\\/www.artisanlocal.ch\\\/c\\\/\",\"name\":\"Artisanlocal\",\"description\":\"\",\"publisher\":{\"@id\":\"https:\\\/\\\/www.artisanlocal.ch\\\/c\\\/#organization\"},\"potentialAction\":[{\"@type\":\"SearchAction\",\"target\":{\"@type\":\"EntryPoint\",\"urlTemplate\":\"https:\\\/\\\/www.artisanlocal.ch\\\/c\\\/?s={search_term_string}\"},\"query-input\":{\"@type\":\"PropertyValueSpecification\",\"valueRequired\":true,\"valueName\":\"search_term_string\"}}],\"inLanguage\":\"fr-FR\"},{\"@type\":\"Organization\",\"@id\":\"https:\\\/\\\/www.artisanlocal.ch\\\/c\\\/#organization\",\"name\":\"Artisanlocal\",\"url\":\"https:\\\/\\\/www.artisanlocal.ch\\\/c\\\/\",\"logo\":{\"@type\":\"ImageObject\",\"inLanguage\":\"fr-FR\",\"@id\":\"https:\\\/\\\/www.artisanlocal.ch\\\/c\\\/#\\\/schema\\\/logo\\\/image\\\/\",\"url\":\"https:\\\/\\\/www.artisanlocal.ch\\\/c\\\/wp-content\\\/uploads\\\/2024\\\/02\\\/logo-artisanlocal-h.svg\",\"contentUrl\":\"https:\\\/\\\/www.artisanlocal.ch\\\/c\\\/wp-content\\\/uploads\\\/2024\\\/02\\\/logo-artisanlocal-h.svg\",\"caption\":\"Artisanlocal\"},\"image\":{\"@id\":\"https:\\\/\\\/www.artisanlocal.ch\\\/c\\\/#\\\/schema\\\/logo\\\/image\\\/\"}}]}<\/script>\n<!-- \/ Yoast SEO Premium plugin. -->","yoast_head_json":{"title":"\u00c9nergies renouvelables \u00e0 Apples et dans les villes \u00e0 proximit\u00e9 - Artisanlocal","robots":{"index":"index","follow":"follow","max-snippet":"max-snippet:-1","max-image-preview":"max-image-preview:large","max-video-preview":"max-video-preview:-1"},"canonical":"https:\/\/www.artisanlocal.ch\/c\/energies-renouvelables-a-apples-et-dans-les-villes-a-proximite\/","og_locale":"fr_FR","og_type":"article","og_title":"\u00c9nergies renouvelables \u00e0 Apples et dans les villes \u00e0 proximit\u00e9","og_description":"Pourquoi choisir les services de notre entreprise pour vos installations d&rsquo;\u00e9nergies renouvelables \u00e0 Apples ? Nos \u00e9valuations sont gratuites. Nos techniciens emploient les technologies les plus r\u00e9centes. Nous sommes localis\u00e9s \u00e0 Apples, ce qui nous permet d&rsquo;intervenir d\u00e8s que possible chez vous. Nos prix sont comp\u00e9titifs. Nos artisans sont qualifi\u00e9s. Nos prestations sont adapt\u00e9es \u00e0 [&hellip;]","og_url":"https:\/\/www.artisanlocal.ch\/c\/energies-renouvelables-a-apples-et-dans-les-villes-a-proximite\/","og_site_name":"Artisanlocal","article_modified_time":"2025-08-26T17:25:19+00:00","og_image":[{"width":1920,"height":300,"url":"https:\/\/www.artisanlocal.ch\/c\/wp-content\/uploads\/2024\/10\/energiere-nouvelable.jpg","type":"image\/jpeg"}],"twitter_card":"summary_large_image","twitter_misc":{"Dur\u00e9e de lecture estim\u00e9e":"3 minutes"},"schema":{"@context":"https:\/\/schema.org","@graph":[{"@type":"WebPage","@id":"https:\/\/www.artisanlocal.ch\/c\/energies-renouvelables-a-apples-et-dans-les-villes-a-proximite\/","url":"https:\/\/www.artisanlocal.ch\/c\/energies-renouvelables-a-apples-et-dans-les-villes-a-proximite\/","name":"\u00c9nergies renouvelables \u00e0 Apples et dans les villes \u00e0 proximit\u00e9 - Artisanlocal","isPartOf":{"@id":"https:\/\/www.artisanlocal.ch\/c\/#website"},"primaryImageOfPage":{"@id":"https:\/\/www.artisanlocal.ch\/c\/energies-renouvelables-a-apples-et-dans-les-villes-a-proximite\/#primaryimage"},"image":{"@id":"https:\/\/www.artisanlocal.ch\/c\/energies-renouvelables-a-apples-et-dans-les-villes-a-proximite\/#primaryimage"},"thumbnailUrl":"https:\/\/www.artisanlocal.ch\/c\/wp-content\/uploads\/2024\/10\/energiere-nouvelable.jpg","datePublished":"2024-10-04T00:40:44+00:00","dateModified":"2025-08-26T17:25:19+00:00","breadcrumb":{"@id":"https:\/\/www.artisanlocal.ch\/c\/energies-renouvelables-a-apples-et-dans-les-villes-a-proximite\/#breadcrumb"},"inLanguage":"fr-FR","potentialAction":[{"@type":"ReadAction","target":["https:\/\/www.artisanlocal.ch\/c\/energies-renouvelables-a-apples-et-dans-les-villes-a-proximite\/"]}]},{"@type":"ImageObject","inLanguage":"fr-FR","@id":"https:\/\/www.artisanlocal.ch\/c\/energies-renouvelables-a-apples-et-dans-les-villes-a-proximite\/#primaryimage","url":"https:\/\/www.artisanlocal.ch\/c\/wp-content\/uploads\/2024\/10\/energiere-nouvelable.jpg","contentUrl":"https:\/\/www.artisanlocal.ch\/c\/wp-content\/uploads\/2024\/10\/energiere-nouvelable.jpg","width":1920,"height":300},{"@type":"BreadcrumbList","@id":"https:\/\/www.artisanlocal.ch\/c\/energies-renouvelables-a-apples-et-dans-les-villes-a-proximite\/#breadcrumb","itemListElement":[{"@type":"ListItem","position":1,"name":"Accueil","item":"https:\/\/www.artisanlocal.ch\/c\/"},{"@type":"ListItem","position":2,"name":"\u00c9nergies renouvelables \u00e0 Apples et dans les villes \u00e0 proximit\u00e9"}]},{"@type":"WebSite","@id":"https:\/\/www.artisanlocal.ch\/c\/#website","url":"https:\/\/www.artisanlocal.ch\/c\/","name":"Artisanlocal","description":"","publisher":{"@id":"https:\/\/www.artisanlocal.ch\/c\/#organization"},"potentialAction":[{"@type":"SearchAction","target":{"@type":"EntryPoint","urlTemplate":"https:\/\/www.artisanlocal.ch\/c\/?s={search_term_string}"},"query-input":{"@type":"PropertyValueSpecification","valueRequired":true,"valueName":"search_term_string"}}],"inLanguage":"fr-FR"},{"@type":"Organization","@id":"https:\/\/www.artisanlocal.ch\/c\/#organization","name":"Artisanlocal","url":"https:\/\/www.artisanlocal.ch\/c\/","logo":{"@type":"ImageObject","inLanguage":"fr-FR","@id":"https:\/\/www.artisanlocal.ch\/c\/#\/schema\/logo\/image\/","url":"https:\/\/www.artisanlocal.ch\/c\/wp-content\/uploads\/2024\/02\/logo-artisanlocal-h.svg","contentUrl":"https:\/\/www.artisanlocal.ch\/c\/wp-content\/uploads\/2024\/02\/logo-artisanlocal-h.svg","caption":"Artisanlocal"},"image":{"@id":"https:\/\/www.artisanlocal.ch\/c\/#\/schema\/logo\/image\/"}}]}},"_links":{"self":[{"href":"https:\/\/www.artisanlocal.ch\/c\/wp-json\/wp\/v2\/pages\/2566","targetHints":{"allow":["GET"]}}],"collection":[{"href":"https:\/\/www.artisanlocal.ch\/c\/wp-json\/wp\/v2\/pages"}],"about":[{"href":"https:\/\/www.artisanlocal.ch\/c\/wp-json\/wp\/v2\/types\/page"}],"author":[{"embeddable":true,"href":"https:\/\/www.artisanlocal.ch\/c\/wp-json\/wp\/v2\/users\/4"}],"replies":[{"embeddable":true,"href":"https:\/\/www.artisanlocal.ch\/c\/wp-json\/wp\/v2\/comments?post=2566"}],"version-history":[{"count":0,"href":"https:\/\/www.artisanlocal.ch\/c\/wp-json\/wp\/v2\/pages\/2566\/revisions"}],"wp:featuredmedia":[{"embeddable":true,"href":"https:\/\/www.artisanlocal.ch\/c\/wp-json\/wp\/v2\/media\/2755"}],"wp:attachment":[{"href":"https:\/\/www.artisanlocal.ch\/c\/wp-json\/wp\/v2\/media?parent=2566"}],"wp:term":[{"taxonomy":"profession","embeddable":true,"href":"https:\/\/www.artisanlocal.ch\/c\/wp-json\/wp\/v2\/profession?post=2566"},{"taxonomy":"location","embeddable":true,"href":"https:\/\/www.artisanlocal.ch\/c\/wp-json\/wp\/v2\/location?post=2566"},{"taxonomy":"canton","embeddable":true,"href":"https:\/\/www.artisanlocal.ch\/c\/wp-json\/wp\/v2\/canton?post=2566"}],"curies":[{"name":"wp","href":"https:\/\/api.w.org\/{rel}","templated":true}]}}