{"id":2889,"date":"2024-10-03T02:12:40","date_gmt":"2024-10-03T00:12:40","guid":{"rendered":"https:\/\/www.artisanlocal.ch\/c\/paysagistes-a-fribourg\/"},"modified":"2025-08-26T19:25:41","modified_gmt":"2025-08-26T17:25:41","slug":"paysagistes-a-fribourg","status":"publish","type":"page","link":"https:\/\/www.artisanlocal.ch\/c\/paysagistes-a-fribourg\/","title":{"rendered":"Paysagistes \u00e0 Fribourg"},"content":{"rendered":"<p>Artisanlocal r\u00e9alise la cr\u00e9ation, l&rsquo;agencement et l&rsquo;entretien de vos espaces verts. \u00c0 Fribourg, nos jardiniers paysagistes op\u00e8rent chez les particuliers, les copropri\u00e9t\u00e9s et les professionnels. Nos \u00e9quipes sont \u00e0 l&rsquo;\u00e9coute de vos besoins et vous proposent des travaux adapt\u00e9s tout en respectant l&rsquo;environnement.<\/p>\n\r\n<div class=\"box\">\r\n    <h2 class=\"text-dark\">Nous cherchons un <em class=\"text-primary\">Jardinier - Paysagiste<\/em> dans la r\u00e9gion de <em class=\"text-primary\">Fribourg<\/em>  en exclusivit\u00e9, afin de proposer vos services \u00e0 nos clients propri\u00e9taires.<\/h2>\r\n    <p>Une opportunit\u00e9 unique pour booster votre activit\u00e9 \u00e0 <strong>Fribourg<\/strong> et aux alentours dans votre domaine (Jardinier - Paysagiste).<\/p>\r\n    <p>Nous travaillons en exclusivit\u00e9 avec qu'une soci\u00e9t\u00e9 par m\u00e9tier et par r\u00e9gion. <br>Votre entreprise est pr\u00e9sente sur tous les documents immobiliers. Afin d'\u00eatre mieux vu sur le net, vous \u00eates \u00e9galement visible sur nos deux sites et sur les pages de r\u00e9f\u00e9rencement de votre r\u00e9gion.<\/p>\r\n    <a href=\"\/contact\" class=\"wp-block-button__link has-accent-background-color has-text-align-center wp-element-button\">R\u00e9server<\/a>\r\n<\/div>\n<h2>Des services adapt\u00e9s<\/h2>\n<ul>\n<li>Conception et agencement de votre jardin : en fonction de vos attentes, nous cr\u00e9ons et r\u00e9alisons votre jardin sur mesure.<\/li>\n<li>Entretien de votre espace vert : selon vos attentes, nous op\u00e9rons \u00e0 la prestation ou sous contrat.<\/li>\n<li> Am\u00e9nagement de jardin sur votre terrasse ou balcon : nous cr\u00e9ons un espace vert sur votre terrasse ou votre balcon pour le transformer en un v\u00e9ritable lieu de vie.<\/li>\n<li> V\u00e9g\u00e9talisation : nous r\u00e9alisons la cr\u00e9ation de vos espaces verts dans votre entreprise, immeuble, h\u00f4tel ou centre commercial. R\u00e9novation des jardins : nous effectuons la r\u00e9novation et de vos espaces verts et jardins pour les immeubles, maisons et studios.<\/li>\n<li> Entretien espaces verts am\u00e9nag\u00e9s dans les localit\u00e9s : nous entretenons les berges, les ruelles, les bords de route, les parcs et les jardins.<\/li>\n<\/ul>\n<h2>Nos prestations pour l&rsquo;am\u00e9nagement de votre espace vert<\/h2>\n<ul>\n<li>\u00c9lagage, abattage d&rsquo;arbre<\/li>\n<li>Broyage et \u00e9vacuation des d\u00e9bris<\/li>\n<li>D\u00e9broussaillage, fauchage<\/li>\n<li>Agencement, installation de v\u00e9g\u00e9taux<\/li>\n<li>Conception de massif <\/li>\n<li>Pose de gazon naturel<\/li>\n<li>Fleurissement et plantations<\/li>\n<li>Installation de panneaux en bois et de cl\u00f4tures<\/li>\n<li>Tonte de gazon<\/li>\n<li>Tailles de arbustes, haies et rosiers<\/li>\n<li>Installation de syst\u00e8mes d&rsquo;arrosage <\/li>\n<li>R\u00e9novation de gazon<\/li>\n<li>D\u00e9racinement de racines<\/li>\n<li>Nivellement de terrain<\/li>\n<li>Terrassement<\/li>\n<li>Pose de terrasse en bois<\/li>\n<li>Mise en place de pav\u00e9s<\/li>\n<\/ul>\n<h2>Pourquoi choisir Artisanlocal ?<\/h2>\n<p>Nos paysagistes \u00e0 Fribourg respectent l&rsquo;environnement. Nous travaillons avec les professionnels, les particuliers et les maisons communales. Les produits que nos paysagistes utilisent sont \u00e9coresponsables. Artisanlocal est localis\u00e9 au c\u0153ur de Fribourg. Nos paysagistes attachent une grande importance \u00e0 votre satisfaction. Nos paysagistes s&rsquo;engagent \u00e0 r\u00e9pondre \u00e0 vos besoins le plus rapidement possible. Nos prix sont attractifs. L&rsquo;estimation de vos travaux de paysagistes est offerte.<\/p>\n<h2>Une soci\u00e9t\u00e9 pour g\u00e9rer tous vos besoins paysager<\/h2>\n<p>Artisanlocal est une entreprise sp\u00e9cialis\u00e9e dans l\u2019am\u00e9nagement de jardin \u00e0 Fribourg et qui r\u00e9alisent l\u2019entretien et la cr\u00e9ation de vos espaces ext\u00e9rieurs. En travaillant avec Artisanlocal, vous avez un seul interlocuteur pour vous faciliter la vie et vous faire gagner du temps.<\/p>\n<h2>Quels types de clients accompagnez-vous ?<\/h2>\n<p>Notre soci\u00e9t\u00e9 assiste:<\/p>\n<ul>\n<li>Les \u00e9tablissements et caf\u00e9s.<\/li>\n<li>Les h\u00f4tels et chambres d&rsquo;h\u00f4tes.<\/li>\n<li> Les copropri\u00e9t\u00e9s et maisons.<\/li>\n<li> Les propri\u00e9taires.<\/li>\n<li> Les ch\u00e2teaux et terrains agricoles. <\/li>\n<li>Les entreprises.<\/li>\n<\/ul>\n<h2>Jardiniers paysagistes \u00e0 Fribourg et dans les municipalit\u00e9s proches<\/h2>\n<p>Nous r\u00e9alisons votre jardin. En fonction de vos attentes et des contraintes de votre espace vert, nous ajustons notre service. Nous examinons en premier lieu votre objectif, et nous nous occupons de sa r\u00e9alisation. Notre \u00e9quipe intervient \u00e0 Fribourg, mais \u00e9galement dans les communes \u00e0 proximit\u00e9 comme :&nbsp;<\/p>\n.\n","protected":false},"excerpt":{"rendered":"<p>Artisanlocal r\u00e9alise la cr\u00e9ation, l&rsquo;agencement et l&rsquo;entretien de vos espaces verts. \u00c0 Fribourg, nos jardiniers paysagistes op\u00e8rent chez les particuliers, les copropri\u00e9t\u00e9s et les professionnels. Nos \u00e9quipes sont \u00e0 l&rsquo;\u00e9coute de vos besoins et vous proposent des travaux adapt\u00e9s tout en respectant l&rsquo;environnement. Des services adapt\u00e9s Conception et agencement de votre jardin : en fonction [&hellip;]<\/p>\n","protected":false},"author":4,"featured_media":2962,"parent":0,"menu_order":0,"comment_status":"closed","ping_status":"closed","template":"","meta":{"footnotes":""},"profession":[128],"location":[10],"canton":[109],"class_list":["post-2889","page","type-page","status-publish","has-post-thumbnail","hentry","profession-jardinier-paysagiste","location-fribourg","canton-fr"],"yoast_head":"<!-- This site is optimized with the Yoast SEO Premium plugin v25.7.1 (Yoast SEO v27.4) - https:\/\/yoast.com\/product\/yoast-seo-premium-wordpress\/ -->\n<title>Paysagistes \u00e0 Fribourg - Artisanlocal<\/title>\n<meta name=\"robots\" content=\"index, follow, max-snippet:-1, max-image-preview:large, max-video-preview:-1\" \/>\n<link rel=\"canonical\" href=\"https:\/\/www.artisanlocal.ch\/c\/paysagistes-a-fribourg\/\" \/>\n<meta property=\"og:locale\" content=\"fr_FR\" \/>\n<meta property=\"og:type\" content=\"article\" \/>\n<meta property=\"og:title\" content=\"Paysagistes \u00e0 Fribourg\" \/>\n<meta property=\"og:description\" content=\"Artisanlocal r\u00e9alise la cr\u00e9ation, l&rsquo;agencement et l&rsquo;entretien de vos espaces verts. \u00c0 Fribourg, nos jardiniers paysagistes op\u00e8rent chez les particuliers, les copropri\u00e9t\u00e9s et les professionnels. Nos \u00e9quipes sont \u00e0 l&rsquo;\u00e9coute de vos besoins et vous proposent des travaux adapt\u00e9s tout en respectant l&rsquo;environnement. Des services adapt\u00e9s Conception et agencement de votre jardin : en fonction [&hellip;]\" \/>\n<meta property=\"og:url\" content=\"https:\/\/www.artisanlocal.ch\/c\/paysagistes-a-fribourg\/\" \/>\n<meta property=\"og:site_name\" content=\"Artisanlocal\" \/>\n<meta property=\"article:modified_time\" content=\"2025-08-26T17:25:41+00:00\" \/>\n<meta property=\"og:image\" content=\"https:\/\/www.artisanlocal.ch\/c\/wp-content\/uploads\/2024\/11\/paysagiste-jardinier.jpg\" \/>\n\t<meta property=\"og:image:width\" content=\"1920\" \/>\n\t<meta property=\"og:image:height\" content=\"300\" \/>\n\t<meta property=\"og:image:type\" content=\"image\/jpeg\" \/>\n<meta name=\"twitter:card\" content=\"summary_large_image\" \/>\n<meta name=\"twitter:label1\" content=\"Dur\u00e9e de lecture estim\u00e9e\" \/>\n\t<meta name=\"twitter:data1\" content=\"2 minutes\" \/>\n<script type=\"application\/ld+json\" class=\"yoast-schema-graph\">{\"@context\":\"https:\\\/\\\/schema.org\",\"@graph\":[{\"@type\":\"WebPage\",\"@id\":\"https:\\\/\\\/www.artisanlocal.ch\\\/c\\\/paysagistes-a-fribourg\\\/\",\"url\":\"https:\\\/\\\/www.artisanlocal.ch\\\/c\\\/paysagistes-a-fribourg\\\/\",\"name\":\"Paysagistes \u00e0 Fribourg - Artisanlocal\",\"isPartOf\":{\"@id\":\"https:\\\/\\\/www.artisanlocal.ch\\\/c\\\/#website\"},\"primaryImageOfPage\":{\"@id\":\"https:\\\/\\\/www.artisanlocal.ch\\\/c\\\/paysagistes-a-fribourg\\\/#primaryimage\"},\"image\":{\"@id\":\"https:\\\/\\\/www.artisanlocal.ch\\\/c\\\/paysagistes-a-fribourg\\\/#primaryimage\"},\"thumbnailUrl\":\"https:\\\/\\\/www.artisanlocal.ch\\\/c\\\/wp-content\\\/uploads\\\/2024\\\/11\\\/paysagiste-jardinier.jpg\",\"datePublished\":\"2024-10-03T00:12:40+00:00\",\"dateModified\":\"2025-08-26T17:25:41+00:00\",\"breadcrumb\":{\"@id\":\"https:\\\/\\\/www.artisanlocal.ch\\\/c\\\/paysagistes-a-fribourg\\\/#breadcrumb\"},\"inLanguage\":\"fr-FR\",\"potentialAction\":[{\"@type\":\"ReadAction\",\"target\":[\"https:\\\/\\\/www.artisanlocal.ch\\\/c\\\/paysagistes-a-fribourg\\\/\"]}]},{\"@type\":\"ImageObject\",\"inLanguage\":\"fr-FR\",\"@id\":\"https:\\\/\\\/www.artisanlocal.ch\\\/c\\\/paysagistes-a-fribourg\\\/#primaryimage\",\"url\":\"https:\\\/\\\/www.artisanlocal.ch\\\/c\\\/wp-content\\\/uploads\\\/2024\\\/11\\\/paysagiste-jardinier.jpg\",\"contentUrl\":\"https:\\\/\\\/www.artisanlocal.ch\\\/c\\\/wp-content\\\/uploads\\\/2024\\\/11\\\/paysagiste-jardinier.jpg\",\"width\":1920,\"height\":300},{\"@type\":\"BreadcrumbList\",\"@id\":\"https:\\\/\\\/www.artisanlocal.ch\\\/c\\\/paysagistes-a-fribourg\\\/#breadcrumb\",\"itemListElement\":[{\"@type\":\"ListItem\",\"position\":1,\"name\":\"Accueil\",\"item\":\"https:\\\/\\\/www.artisanlocal.ch\\\/c\\\/\"},{\"@type\":\"ListItem\",\"position\":2,\"name\":\"Paysagistes \u00e0 Fribourg\"}]},{\"@type\":\"WebSite\",\"@id\":\"https:\\\/\\\/www.artisanlocal.ch\\\/c\\\/#website\",\"url\":\"https:\\\/\\\/www.artisanlocal.ch\\\/c\\\/\",\"name\":\"Artisanlocal\",\"description\":\"\",\"publisher\":{\"@id\":\"https:\\\/\\\/www.artisanlocal.ch\\\/c\\\/#organization\"},\"potentialAction\":[{\"@type\":\"SearchAction\",\"target\":{\"@type\":\"EntryPoint\",\"urlTemplate\":\"https:\\\/\\\/www.artisanlocal.ch\\\/c\\\/?s={search_term_string}\"},\"query-input\":{\"@type\":\"PropertyValueSpecification\",\"valueRequired\":true,\"valueName\":\"search_term_string\"}}],\"inLanguage\":\"fr-FR\"},{\"@type\":\"Organization\",\"@id\":\"https:\\\/\\\/www.artisanlocal.ch\\\/c\\\/#organization\",\"name\":\"Artisanlocal\",\"url\":\"https:\\\/\\\/www.artisanlocal.ch\\\/c\\\/\",\"logo\":{\"@type\":\"ImageObject\",\"inLanguage\":\"fr-FR\",\"@id\":\"https:\\\/\\\/www.artisanlocal.ch\\\/c\\\/#\\\/schema\\\/logo\\\/image\\\/\",\"url\":\"https:\\\/\\\/www.artisanlocal.ch\\\/c\\\/wp-content\\\/uploads\\\/2024\\\/02\\\/logo-artisanlocal-h.svg\",\"contentUrl\":\"https:\\\/\\\/www.artisanlocal.ch\\\/c\\\/wp-content\\\/uploads\\\/2024\\\/02\\\/logo-artisanlocal-h.svg\",\"caption\":\"Artisanlocal\"},\"image\":{\"@id\":\"https:\\\/\\\/www.artisanlocal.ch\\\/c\\\/#\\\/schema\\\/logo\\\/image\\\/\"}}]}<\/script>\n<!-- \/ Yoast SEO Premium plugin. -->","yoast_head_json":{"title":"Paysagistes \u00e0 Fribourg - Artisanlocal","robots":{"index":"index","follow":"follow","max-snippet":"max-snippet:-1","max-image-preview":"max-image-preview:large","max-video-preview":"max-video-preview:-1"},"canonical":"https:\/\/www.artisanlocal.ch\/c\/paysagistes-a-fribourg\/","og_locale":"fr_FR","og_type":"article","og_title":"Paysagistes \u00e0 Fribourg","og_description":"Artisanlocal r\u00e9alise la cr\u00e9ation, l&rsquo;agencement et l&rsquo;entretien de vos espaces verts. \u00c0 Fribourg, nos jardiniers paysagistes op\u00e8rent chez les particuliers, les copropri\u00e9t\u00e9s et les professionnels. Nos \u00e9quipes sont \u00e0 l&rsquo;\u00e9coute de vos besoins et vous proposent des travaux adapt\u00e9s tout en respectant l&rsquo;environnement. Des services adapt\u00e9s Conception et agencement de votre jardin : en fonction [&hellip;]","og_url":"https:\/\/www.artisanlocal.ch\/c\/paysagistes-a-fribourg\/","og_site_name":"Artisanlocal","article_modified_time":"2025-08-26T17:25:41+00:00","og_image":[{"width":1920,"height":300,"url":"https:\/\/www.artisanlocal.ch\/c\/wp-content\/uploads\/2024\/11\/paysagiste-jardinier.jpg","type":"image\/jpeg"}],"twitter_card":"summary_large_image","twitter_misc":{"Dur\u00e9e de lecture estim\u00e9e":"2 minutes"},"schema":{"@context":"https:\/\/schema.org","@graph":[{"@type":"WebPage","@id":"https:\/\/www.artisanlocal.ch\/c\/paysagistes-a-fribourg\/","url":"https:\/\/www.artisanlocal.ch\/c\/paysagistes-a-fribourg\/","name":"Paysagistes \u00e0 Fribourg - Artisanlocal","isPartOf":{"@id":"https:\/\/www.artisanlocal.ch\/c\/#website"},"primaryImageOfPage":{"@id":"https:\/\/www.artisanlocal.ch\/c\/paysagistes-a-fribourg\/#primaryimage"},"image":{"@id":"https:\/\/www.artisanlocal.ch\/c\/paysagistes-a-fribourg\/#primaryimage"},"thumbnailUrl":"https:\/\/www.artisanlocal.ch\/c\/wp-content\/uploads\/2024\/11\/paysagiste-jardinier.jpg","datePublished":"2024-10-03T00:12:40+00:00","dateModified":"2025-08-26T17:25:41+00:00","breadcrumb":{"@id":"https:\/\/www.artisanlocal.ch\/c\/paysagistes-a-fribourg\/#breadcrumb"},"inLanguage":"fr-FR","potentialAction":[{"@type":"ReadAction","target":["https:\/\/www.artisanlocal.ch\/c\/paysagistes-a-fribourg\/"]}]},{"@type":"ImageObject","inLanguage":"fr-FR","@id":"https:\/\/www.artisanlocal.ch\/c\/paysagistes-a-fribourg\/#primaryimage","url":"https:\/\/www.artisanlocal.ch\/c\/wp-content\/uploads\/2024\/11\/paysagiste-jardinier.jpg","contentUrl":"https:\/\/www.artisanlocal.ch\/c\/wp-content\/uploads\/2024\/11\/paysagiste-jardinier.jpg","width":1920,"height":300},{"@type":"BreadcrumbList","@id":"https:\/\/www.artisanlocal.ch\/c\/paysagistes-a-fribourg\/#breadcrumb","itemListElement":[{"@type":"ListItem","position":1,"name":"Accueil","item":"https:\/\/www.artisanlocal.ch\/c\/"},{"@type":"ListItem","position":2,"name":"Paysagistes \u00e0 Fribourg"}]},{"@type":"WebSite","@id":"https:\/\/www.artisanlocal.ch\/c\/#website","url":"https:\/\/www.artisanlocal.ch\/c\/","name":"Artisanlocal","description":"","publisher":{"@id":"https:\/\/www.artisanlocal.ch\/c\/#organization"},"potentialAction":[{"@type":"SearchAction","target":{"@type":"EntryPoint","urlTemplate":"https:\/\/www.artisanlocal.ch\/c\/?s={search_term_string}"},"query-input":{"@type":"PropertyValueSpecification","valueRequired":true,"valueName":"search_term_string"}}],"inLanguage":"fr-FR"},{"@type":"Organization","@id":"https:\/\/www.artisanlocal.ch\/c\/#organization","name":"Artisanlocal","url":"https:\/\/www.artisanlocal.ch\/c\/","logo":{"@type":"ImageObject","inLanguage":"fr-FR","@id":"https:\/\/www.artisanlocal.ch\/c\/#\/schema\/logo\/image\/","url":"https:\/\/www.artisanlocal.ch\/c\/wp-content\/uploads\/2024\/02\/logo-artisanlocal-h.svg","contentUrl":"https:\/\/www.artisanlocal.ch\/c\/wp-content\/uploads\/2024\/02\/logo-artisanlocal-h.svg","caption":"Artisanlocal"},"image":{"@id":"https:\/\/www.artisanlocal.ch\/c\/#\/schema\/logo\/image\/"}}]}},"_links":{"self":[{"href":"https:\/\/www.artisanlocal.ch\/c\/wp-json\/wp\/v2\/pages\/2889","targetHints":{"allow":["GET"]}}],"collection":[{"href":"https:\/\/www.artisanlocal.ch\/c\/wp-json\/wp\/v2\/pages"}],"about":[{"href":"https:\/\/www.artisanlocal.ch\/c\/wp-json\/wp\/v2\/types\/page"}],"author":[{"embeddable":true,"href":"https:\/\/www.artisanlocal.ch\/c\/wp-json\/wp\/v2\/users\/4"}],"replies":[{"embeddable":true,"href":"https:\/\/www.artisanlocal.ch\/c\/wp-json\/wp\/v2\/comments?post=2889"}],"version-history":[{"count":0,"href":"https:\/\/www.artisanlocal.ch\/c\/wp-json\/wp\/v2\/pages\/2889\/revisions"}],"wp:featuredmedia":[{"embeddable":true,"href":"https:\/\/www.artisanlocal.ch\/c\/wp-json\/wp\/v2\/media\/2962"}],"wp:attachment":[{"href":"https:\/\/www.artisanlocal.ch\/c\/wp-json\/wp\/v2\/media?parent=2889"}],"wp:term":[{"taxonomy":"profession","embeddable":true,"href":"https:\/\/www.artisanlocal.ch\/c\/wp-json\/wp\/v2\/profession?post=2889"},{"taxonomy":"location","embeddable":true,"href":"https:\/\/www.artisanlocal.ch\/c\/wp-json\/wp\/v2\/location?post=2889"},{"taxonomy":"canton","embeddable":true,"href":"https:\/\/www.artisanlocal.ch\/c\/wp-json\/wp\/v2\/canton?post=2889"}],"curies":[{"name":"wp","href":"https:\/\/api.w.org\/{rel}","templated":true}]}}