{"id":2890,"date":"2024-09-26T11:06:44","date_gmt":"2024-09-26T09:06:44","guid":{"rendered":"https:\/\/www.artisanlocal.ch\/c\/paysagistes-a-villars-sur-glane\/"},"modified":"2025-08-26T19:26:45","modified_gmt":"2025-08-26T17:26:45","slug":"paysagistes-a-villars-sur-glane","status":"publish","type":"page","link":"https:\/\/www.artisanlocal.ch\/c\/paysagistes-a-villars-sur-glane\/","title":{"rendered":"Paysagistes \u00e0 Villars-sur-Gl\u00e2ne"},"content":{"rendered":"<p>Notre artisan \u00e9labore et entretien vos jardins et espaces ext\u00e9rieurs. Notre \u00e9quipe de jardiniers op\u00e8re \u00e0 Villars-sur-Gl\u00e2ne aupr\u00e8s des professionnels, propri\u00e9taires et copropri\u00e9t\u00e9s. Nos artisans sont \u00e0 l&rsquo;\u00e9coute pour vous proposer des prestations personnalis\u00e9es, et tout en prot\u00e9geant l&rsquo;environnement.<\/p>\n\r\n<div class=\"box\">\r\n            <div class=\"company-info\">\r\n            <img decoding=\"async\" class=\"company-info__logo\" src=\"https:\/\/www.artisanlocal.ch\/media\/cache\/thumb\/images\/companies\/ad-paysage-sarl.png\" alt=\"Logo\">\r\n            <h2 class=\"company-info__name\">AD Paysage S\u00e0rl<\/h2>\r\n            <p class=\"company-info__business\">Paysagistes - Am\u00e9nagements ext\u00e9rieurs - Entretien de jardin - Jardinage<\/p>\r\n        <\/div>\r\n        <div class=\"company-contact\">\r\n            <p class=\"company-info__address\">Route du Nord 4<\/p>\r\n                            <div class=\"links\">\r\n                                            <a class=\"btn has-accent-background-color js-phoneNumber\" href=\"tel:0792319286\" title=\"Appelez\" data-id=\"23381\" data-type=\"11\">079 231 92 86<\/a>\r\n                                                                <a class=\"btn has-accent-background-color\" href=\"https:\/\/adpaysage.ch\/\" target=\"_blank\" title=\"Voir le site internet\" data-id=\"23381\" data-type=\"20\">Site internet<\/a>\r\n                                    <\/div>\r\n                    <\/div>\r\n    \r\n            \r\n<form action=\"https:\/\/www.artisanlocal.ch\/c\/wp-admin\/admin-ajax.php\" method=\"post\" class=\"form-contact\" id=\"artisan_form_contact_company_inline\">\r\n    <div><input type=\"hidden\" name=\"action\" value=\"company_contact\"><\/div>\r\n    <div><input type=\"hidden\" name=\"nonce\" value=\"f071462bb9\"><\/div>\r\n    <div><input type=\"hidden\" name=\"company_id\" value=\"23381\"><\/div>\r\n    <div><input type=\"hidden\" name=\"form_id\" value=\"artisan_form_contact_company_inline\"><\/div>\r\n    <div class=\"gglcptch gglcptch_v3 gglcptch_custom\"><input type=\"hidden\" id=\"g-recaptcha-response\" name=\"g-recaptcha-response\" \/><br \/><div class=\"gglcptch_error_text\">La p\u00e9riode de v\u00e9rification reCAPTCHA a expir\u00e9. Veuillez recharger la page.<\/div><\/div>    <div class=\"form-content\">\r\n        <div class=\"form-group\">\r\n            <label for=\"contact_firstName\" class=\"required\">Pr\u00e9nom<\/label>\r\n            <input type=\"text\" name=\"firstName\" class=\"form-control\" required>\r\n        <\/div>\r\n        <div class=\"form-group\">\r\n            <label for=\"contact_lastName\" class=\"required\">Nom<\/label>\r\n            <input type=\"text\" name=\"lastName\" class=\"form-control\" required>\r\n        <\/div>\r\n        <div class=\"form-group\">\r\n            <label for=\"contact_email\" class=\"required\">Email<\/label>\r\n            <input type=\"email\" name=\"email\" class=\"form-control\" required>\r\n        <\/div>\r\n        <div class=\"form-group\">\r\n            <label for=\"contact_phone\" class=\"required\">Num\u00e9ro de t\u00e9l\u00e9phone<\/label>\r\n            <input type=\"tel\" name=\"phone\" class=\"form-control\" placeholder=\"0787117165\" pattern=\"^[0-9]{10}$\" required>\r\n        <\/div>\r\n        <div class=\"form-group\">\r\n            <label for=\"contact_postalCode\" class=\"required\">Code postal et localit\u00e9<\/label>\r\n            <input type=\"text\" name=\"postalCode\" class=\"form-control\" required>\r\n        <\/div>\r\n        <div class=\"form-group\">\r\n            <label for=\"contact_address\" class=\"required\">Adresse<\/label>\r\n            <input type=\"text\" name=\"address\" class=\"form-control\" required>\r\n        <\/div>\r\n        <div class=\"full-width topic\">\r\n            <p class=\"required\">Je souhaite \u00eatre contact\u00e9 pour :<\/p>\r\n            <div class=\"form-check\">\r\n                <input type=\"radio\" name=\"topic\" value=\"D\u00e9pannage\" class=\"form-control\" required>\r\n                <label for=\"d\u00e9pannage\">D\u00e9pannage<\/label>\r\n            <\/div>\r\n            <div class=\"form-check\">\r\n                <input type=\"radio\" name=\"topic\" value=\"Entretien\" class=\"form-control\" required>\r\n                <label for=\"entretien\">Entretien<\/label>\r\n            <\/div>\r\n            <div class=\"form-check\">\r\n                <input type=\"radio\" name=\"topic\" value=\"R\u00e9novation\" class=\"form-control\" required>\r\n                <label for=\"r\u00e9novation\">R\u00e9novation<\/label>\r\n            <\/div>\r\n            <div class=\"form-check\">\r\n                <input type=\"radio\" name=\"topic\" value=\"Autre\" class=\"form-control\" required>\r\n                <label for=\"autre\">Autre<\/label>\r\n            <\/div>\r\n        <\/div>\r\n        <div class=\"form-group full-width\">\r\n            <label for=\"contact_message\">Message<\/label>\r\n            <textarea name=\"message\" rows=\"3\" class=\"form-control\"><\/textarea>\r\n        <\/div>\r\n    <\/div>\r\n    <div class=\"form-actions\">\r\n        <button class=\"wp-block-button__link has-accent-background-color\">Contacter<\/button>\r\n    <\/div>\r\n<\/form>\r\n<div class=\"form-feedback\"><\/div>    <\/div>\n<h2>Prestations de jardinage pour les Villarois<\/h2>\n<ul>\n<li>Conception et agencement de votre jardin : nous r\u00e9alisons la cr\u00e9ation et l&rsquo;am\u00e9nagement de votre jardin par rapport \u00e0 vos attentes.<\/li>\n<li>Maintenance de votre jardin : selon vos besoins, nous intervenons sous contrat ou \u00e0 la prestation.<\/li>\n<li> Am\u00e9nagement d&rsquo;espace vert sur votre balcon ou terrasse : nous concevons un espace vert sur votre balcon ou votre terrasse pour le m\u00e9tamorphoser en un authentique lieu de vie.<\/li>\n<li> V\u00e9g\u00e9talisation : nous ajoutons une touche de verdure dans votre entreprise, immeuble, restaurant ou centre commercial. R\u00e9novation et modernisation des terrains et espaces verts : nous r\u00e9alisons la r\u00e9novation et de vos espaces verts et jardins pour les b\u00e2timents, maisons et appartements.<\/li>\n<li> Entretien des espaces verts en ville : nous effectuons l&rsquo;entretien des berges, routes, rues, parcs et jardins.<\/li>\n<\/ul>\n<h2>Nos prestations en am\u00e9nagement paysager<\/h2>\n<ul>\n<li>\u00c9lagage, abattage d&rsquo;arbre<\/li>\n<li>Broyage et \u00e9limination des d\u00e9bris<\/li>\n<li>D\u00e9broussaillage, fauchage<\/li>\n<li>Agencement, pose de v\u00e9g\u00e9taux<\/li>\n<li>Cr\u00e9ation de massif <\/li>\n<li>Installation de gazon <\/li>\n<li>Plantations et fleurissement<\/li>\n<li>Mise en place de panneaux et de barri\u00e8res<\/li>\n<li>Coupe du gazon<\/li>\n<li>Coupes de rosiers, haies et arbustes<\/li>\n<li>Mise en place de syst\u00e8mes d\u2019arrosage <\/li>\n<li>Restauration de pelouse<\/li>\n<li>Arrachage de souches<\/li>\n<li>Aplanissement de terrain<\/li>\n<li>Pr\u00e9paration du terrain<\/li>\n<li>Pose de terrasse avec lames de bois<\/li>\n<li>Dallage<\/li>\n<\/ul>\n<h2>Pourquoi faire confiance \u00e0 Artisanlocal<\/h2>\n<p>Nos paysagistes \u00e0 Villars-sur-Gl\u00e2ne respectent l&rsquo;environnement. Nous intervenons chez les particuliers, les collectivit\u00e9s et les professionnels. Les produits que nos paysagistes emploient sont \u00e9coresponsables. Artisanlocal est situ\u00e9 au c\u0153ur de Villars-sur-Gl\u00e2ne. Nos \u00e9quipes attachent une importance particuli\u00e8re \u00e0 votre satisfaction. Nous nous effor\u00e7ons de r\u00e9pondre \u00e0 vos demandes dans les meilleurs d\u00e9lais. Nos prix sont comp\u00e9titifs. Nos devis sont gratuits.<\/p>\n<h2>Une seule entreprise pour g\u00e9rer tous vos besoins <\/h2>\n<p>Situ\u00e9e dans le centre de Villars-sur-Gl\u00e2ne, Artisanlocal est sp\u00e9cialis\u00e9e dans l\u2019am\u00e9nagement paysager et prend en charge la cr\u00e9ation et l\u2019entretien de vos espaces ext\u00e9rieurs. En passant par Artisanlocal, vous avez un interlocuteur unique pour vous simplifier la vie et vous faire gagner du temps.<\/p>\n<h2>Quels sont les types de clients qu&rsquo;Artisanlocal assiste ?<\/h2>\n<p>Notre soci\u00e9t\u00e9 accompagne:<\/p>\n<ul>\n<li>Les caf\u00e9s et les restaurants.<\/li>\n<li>Les chambres d&rsquo;h\u00f4tes et h\u00f4tels.<\/li>\n<li> Les r\u00e9sidences et copropri\u00e9t\u00e9s.<\/li>\n<li> Les particuliers.<\/li>\n<li> Les domaines agricoles et ch\u00e2teaux. <\/li>\n<li>Les entreprises.<\/li>\n<\/ul>\n<h2>Cr\u00e9ateurs d&rsquo;espaces verts \u00e0 Villars-sur-Gl\u00e2ne et dans les villes proches<\/h2>\n<p>Nous concevons l&rsquo;espace vert dont vous r\u00eavez. Notre \u00e9quipe s&rsquo;adapte au type de votre espace vert et des contraintes (comme la nature du terrain). Apr\u00e8s analyse de votre projet et des contraintes, nous r\u00e9alisons l&rsquo;int\u00e9gralit\u00e9 de votre projet. Artisanlocal op\u00e8re \u00e0 Villars-sur-Gl\u00e2ne, mais aussi dans les villes proches comme :&nbsp;<\/p>\nEstavayer-le-Gibloux, Rueyres-St-Laurent, Villarlod, Villarsel-le-Gibloux, Vuisternens-en-Ogoz, Ch\u00e9sopelloz, Corminboeuf, Bourguillon, Marly, Pierrafortscha, Villarsel-sur-Marly, Ferpicloz, Bonnefontaine, Essert FR, Le Mouret, Mont\u00e9vraz, Oberried FR, Z\u00e9nauva, Sen\u00e8des, Posieux, Farvagny-le-Grand, Farvagny-le-Petit, Grenilles, Posat, Corpataux, Magnedens, Rossens FR, Ecuvillens, Ependes FR, Arconciel, Treyvaux, Neyruz FR, Cottens FR, Autigny, Ch\u00e9nens, Lentigny, Prez-vers-Nor\u00e9az, Corserey, Matran, Avry-sur-Matran, Corjolens, Lovens, Onnens FR, Nor\u00e9az, Givisiez, Granges-Paccot, Grolley, Nierlet-les-Bois, Ponthaux, Autafond, Belfaux, Cormagens, Formangueires, La Corbaz, Lossy, Pensier, Barber\u00eache.\n","protected":false},"excerpt":{"rendered":"<p>Notre artisan \u00e9labore et entretien vos jardins et espaces ext\u00e9rieurs. Notre \u00e9quipe de jardiniers op\u00e8re \u00e0 Villars-sur-Gl\u00e2ne aupr\u00e8s des professionnels, propri\u00e9taires et copropri\u00e9t\u00e9s. Nos artisans sont \u00e0 l&rsquo;\u00e9coute pour vous proposer des prestations personnalis\u00e9es, et tout en prot\u00e9geant l&rsquo;environnement. Prestations de jardinage pour les Villarois Conception et agencement de votre jardin : nous r\u00e9alisons la [&hellip;]<\/p>\n","protected":false},"author":4,"featured_media":2962,"parent":0,"menu_order":0,"comment_status":"closed","ping_status":"closed","template":"","meta":{"footnotes":""},"profession":[128],"location":[92],"canton":[109],"class_list":["post-2890","page","type-page","status-publish","has-post-thumbnail","hentry","profession-jardinier-paysagiste","location-villars-sur-glane","canton-fr"],"yoast_head":"<!-- This site is optimized with the Yoast SEO Premium plugin v25.7.1 (Yoast SEO v27.4) - https:\/\/yoast.com\/product\/yoast-seo-premium-wordpress\/ -->\n<title>Paysagistes \u00e0 Villars-sur-Gl\u00e2ne - Artisanlocal<\/title>\n<meta name=\"robots\" content=\"index, follow, max-snippet:-1, max-image-preview:large, max-video-preview:-1\" \/>\n<link rel=\"canonical\" href=\"https:\/\/www.artisanlocal.ch\/c\/paysagistes-a-villars-sur-glane\/\" \/>\n<meta property=\"og:locale\" content=\"fr_FR\" \/>\n<meta property=\"og:type\" content=\"article\" \/>\n<meta property=\"og:title\" content=\"Paysagistes \u00e0 Villars-sur-Gl\u00e2ne\" \/>\n<meta property=\"og:description\" content=\"Notre artisan \u00e9labore et entretien vos jardins et espaces ext\u00e9rieurs. Notre \u00e9quipe de jardiniers op\u00e8re \u00e0 Villars-sur-Gl\u00e2ne aupr\u00e8s des professionnels, propri\u00e9taires et copropri\u00e9t\u00e9s. Nos artisans sont \u00e0 l&rsquo;\u00e9coute pour vous proposer des prestations personnalis\u00e9es, et tout en prot\u00e9geant l&rsquo;environnement. Prestations de jardinage pour les Villarois Conception et agencement de votre jardin : nous r\u00e9alisons la [&hellip;]\" \/>\n<meta property=\"og:url\" content=\"https:\/\/www.artisanlocal.ch\/c\/paysagistes-a-villars-sur-glane\/\" \/>\n<meta property=\"og:site_name\" content=\"Artisanlocal\" \/>\n<meta property=\"article:modified_time\" content=\"2025-08-26T17:26:45+00:00\" \/>\n<meta property=\"og:image\" content=\"https:\/\/www.artisanlocal.ch\/c\/wp-content\/uploads\/2024\/11\/paysagiste-jardinier.jpg\" \/>\n\t<meta property=\"og:image:width\" content=\"1920\" \/>\n\t<meta property=\"og:image:height\" content=\"300\" \/>\n\t<meta property=\"og:image:type\" content=\"image\/jpeg\" \/>\n<meta name=\"twitter:card\" content=\"summary_large_image\" \/>\n<meta name=\"twitter:label1\" content=\"Dur\u00e9e de lecture estim\u00e9e\" \/>\n\t<meta name=\"twitter:data1\" content=\"3 minutes\" \/>\n<script type=\"application\/ld+json\" class=\"yoast-schema-graph\">{\"@context\":\"https:\\\/\\\/schema.org\",\"@graph\":[{\"@type\":\"WebPage\",\"@id\":\"https:\\\/\\\/www.artisanlocal.ch\\\/c\\\/paysagistes-a-villars-sur-glane\\\/\",\"url\":\"https:\\\/\\\/www.artisanlocal.ch\\\/c\\\/paysagistes-a-villars-sur-glane\\\/\",\"name\":\"Paysagistes \u00e0 Villars-sur-Gl\u00e2ne - Artisanlocal\",\"isPartOf\":{\"@id\":\"https:\\\/\\\/www.artisanlocal.ch\\\/c\\\/#website\"},\"primaryImageOfPage\":{\"@id\":\"https:\\\/\\\/www.artisanlocal.ch\\\/c\\\/paysagistes-a-villars-sur-glane\\\/#primaryimage\"},\"image\":{\"@id\":\"https:\\\/\\\/www.artisanlocal.ch\\\/c\\\/paysagistes-a-villars-sur-glane\\\/#primaryimage\"},\"thumbnailUrl\":\"https:\\\/\\\/www.artisanlocal.ch\\\/c\\\/wp-content\\\/uploads\\\/2024\\\/11\\\/paysagiste-jardinier.jpg\",\"datePublished\":\"2024-09-26T09:06:44+00:00\",\"dateModified\":\"2025-08-26T17:26:45+00:00\",\"breadcrumb\":{\"@id\":\"https:\\\/\\\/www.artisanlocal.ch\\\/c\\\/paysagistes-a-villars-sur-glane\\\/#breadcrumb\"},\"inLanguage\":\"fr-FR\",\"potentialAction\":[{\"@type\":\"ReadAction\",\"target\":[\"https:\\\/\\\/www.artisanlocal.ch\\\/c\\\/paysagistes-a-villars-sur-glane\\\/\"]}]},{\"@type\":\"ImageObject\",\"inLanguage\":\"fr-FR\",\"@id\":\"https:\\\/\\\/www.artisanlocal.ch\\\/c\\\/paysagistes-a-villars-sur-glane\\\/#primaryimage\",\"url\":\"https:\\\/\\\/www.artisanlocal.ch\\\/c\\\/wp-content\\\/uploads\\\/2024\\\/11\\\/paysagiste-jardinier.jpg\",\"contentUrl\":\"https:\\\/\\\/www.artisanlocal.ch\\\/c\\\/wp-content\\\/uploads\\\/2024\\\/11\\\/paysagiste-jardinier.jpg\",\"width\":1920,\"height\":300},{\"@type\":\"BreadcrumbList\",\"@id\":\"https:\\\/\\\/www.artisanlocal.ch\\\/c\\\/paysagistes-a-villars-sur-glane\\\/#breadcrumb\",\"itemListElement\":[{\"@type\":\"ListItem\",\"position\":1,\"name\":\"Accueil\",\"item\":\"https:\\\/\\\/www.artisanlocal.ch\\\/c\\\/\"},{\"@type\":\"ListItem\",\"position\":2,\"name\":\"Paysagistes \u00e0 Villars-sur-Gl\u00e2ne\"}]},{\"@type\":\"WebSite\",\"@id\":\"https:\\\/\\\/www.artisanlocal.ch\\\/c\\\/#website\",\"url\":\"https:\\\/\\\/www.artisanlocal.ch\\\/c\\\/\",\"name\":\"Artisanlocal\",\"description\":\"\",\"publisher\":{\"@id\":\"https:\\\/\\\/www.artisanlocal.ch\\\/c\\\/#organization\"},\"potentialAction\":[{\"@type\":\"SearchAction\",\"target\":{\"@type\":\"EntryPoint\",\"urlTemplate\":\"https:\\\/\\\/www.artisanlocal.ch\\\/c\\\/?s={search_term_string}\"},\"query-input\":{\"@type\":\"PropertyValueSpecification\",\"valueRequired\":true,\"valueName\":\"search_term_string\"}}],\"inLanguage\":\"fr-FR\"},{\"@type\":\"Organization\",\"@id\":\"https:\\\/\\\/www.artisanlocal.ch\\\/c\\\/#organization\",\"name\":\"Artisanlocal\",\"url\":\"https:\\\/\\\/www.artisanlocal.ch\\\/c\\\/\",\"logo\":{\"@type\":\"ImageObject\",\"inLanguage\":\"fr-FR\",\"@id\":\"https:\\\/\\\/www.artisanlocal.ch\\\/c\\\/#\\\/schema\\\/logo\\\/image\\\/\",\"url\":\"https:\\\/\\\/www.artisanlocal.ch\\\/c\\\/wp-content\\\/uploads\\\/2024\\\/02\\\/logo-artisanlocal-h.svg\",\"contentUrl\":\"https:\\\/\\\/www.artisanlocal.ch\\\/c\\\/wp-content\\\/uploads\\\/2024\\\/02\\\/logo-artisanlocal-h.svg\",\"caption\":\"Artisanlocal\"},\"image\":{\"@id\":\"https:\\\/\\\/www.artisanlocal.ch\\\/c\\\/#\\\/schema\\\/logo\\\/image\\\/\"}}]}<\/script>\n<!-- \/ Yoast SEO Premium plugin. -->","yoast_head_json":{"title":"Paysagistes \u00e0 Villars-sur-Gl\u00e2ne - Artisanlocal","robots":{"index":"index","follow":"follow","max-snippet":"max-snippet:-1","max-image-preview":"max-image-preview:large","max-video-preview":"max-video-preview:-1"},"canonical":"https:\/\/www.artisanlocal.ch\/c\/paysagistes-a-villars-sur-glane\/","og_locale":"fr_FR","og_type":"article","og_title":"Paysagistes \u00e0 Villars-sur-Gl\u00e2ne","og_description":"Notre artisan \u00e9labore et entretien vos jardins et espaces ext\u00e9rieurs. Notre \u00e9quipe de jardiniers op\u00e8re \u00e0 Villars-sur-Gl\u00e2ne aupr\u00e8s des professionnels, propri\u00e9taires et copropri\u00e9t\u00e9s. Nos artisans sont \u00e0 l&rsquo;\u00e9coute pour vous proposer des prestations personnalis\u00e9es, et tout en prot\u00e9geant l&rsquo;environnement. Prestations de jardinage pour les Villarois Conception et agencement de votre jardin : nous r\u00e9alisons la [&hellip;]","og_url":"https:\/\/www.artisanlocal.ch\/c\/paysagistes-a-villars-sur-glane\/","og_site_name":"Artisanlocal","article_modified_time":"2025-08-26T17:26:45+00:00","og_image":[{"width":1920,"height":300,"url":"https:\/\/www.artisanlocal.ch\/c\/wp-content\/uploads\/2024\/11\/paysagiste-jardinier.jpg","type":"image\/jpeg"}],"twitter_card":"summary_large_image","twitter_misc":{"Dur\u00e9e de lecture estim\u00e9e":"3 minutes"},"schema":{"@context":"https:\/\/schema.org","@graph":[{"@type":"WebPage","@id":"https:\/\/www.artisanlocal.ch\/c\/paysagistes-a-villars-sur-glane\/","url":"https:\/\/www.artisanlocal.ch\/c\/paysagistes-a-villars-sur-glane\/","name":"Paysagistes \u00e0 Villars-sur-Gl\u00e2ne - Artisanlocal","isPartOf":{"@id":"https:\/\/www.artisanlocal.ch\/c\/#website"},"primaryImageOfPage":{"@id":"https:\/\/www.artisanlocal.ch\/c\/paysagistes-a-villars-sur-glane\/#primaryimage"},"image":{"@id":"https:\/\/www.artisanlocal.ch\/c\/paysagistes-a-villars-sur-glane\/#primaryimage"},"thumbnailUrl":"https:\/\/www.artisanlocal.ch\/c\/wp-content\/uploads\/2024\/11\/paysagiste-jardinier.jpg","datePublished":"2024-09-26T09:06:44+00:00","dateModified":"2025-08-26T17:26:45+00:00","breadcrumb":{"@id":"https:\/\/www.artisanlocal.ch\/c\/paysagistes-a-villars-sur-glane\/#breadcrumb"},"inLanguage":"fr-FR","potentialAction":[{"@type":"ReadAction","target":["https:\/\/www.artisanlocal.ch\/c\/paysagistes-a-villars-sur-glane\/"]}]},{"@type":"ImageObject","inLanguage":"fr-FR","@id":"https:\/\/www.artisanlocal.ch\/c\/paysagistes-a-villars-sur-glane\/#primaryimage","url":"https:\/\/www.artisanlocal.ch\/c\/wp-content\/uploads\/2024\/11\/paysagiste-jardinier.jpg","contentUrl":"https:\/\/www.artisanlocal.ch\/c\/wp-content\/uploads\/2024\/11\/paysagiste-jardinier.jpg","width":1920,"height":300},{"@type":"BreadcrumbList","@id":"https:\/\/www.artisanlocal.ch\/c\/paysagistes-a-villars-sur-glane\/#breadcrumb","itemListElement":[{"@type":"ListItem","position":1,"name":"Accueil","item":"https:\/\/www.artisanlocal.ch\/c\/"},{"@type":"ListItem","position":2,"name":"Paysagistes \u00e0 Villars-sur-Gl\u00e2ne"}]},{"@type":"WebSite","@id":"https:\/\/www.artisanlocal.ch\/c\/#website","url":"https:\/\/www.artisanlocal.ch\/c\/","name":"Artisanlocal","description":"","publisher":{"@id":"https:\/\/www.artisanlocal.ch\/c\/#organization"},"potentialAction":[{"@type":"SearchAction","target":{"@type":"EntryPoint","urlTemplate":"https:\/\/www.artisanlocal.ch\/c\/?s={search_term_string}"},"query-input":{"@type":"PropertyValueSpecification","valueRequired":true,"valueName":"search_term_string"}}],"inLanguage":"fr-FR"},{"@type":"Organization","@id":"https:\/\/www.artisanlocal.ch\/c\/#organization","name":"Artisanlocal","url":"https:\/\/www.artisanlocal.ch\/c\/","logo":{"@type":"ImageObject","inLanguage":"fr-FR","@id":"https:\/\/www.artisanlocal.ch\/c\/#\/schema\/logo\/image\/","url":"https:\/\/www.artisanlocal.ch\/c\/wp-content\/uploads\/2024\/02\/logo-artisanlocal-h.svg","contentUrl":"https:\/\/www.artisanlocal.ch\/c\/wp-content\/uploads\/2024\/02\/logo-artisanlocal-h.svg","caption":"Artisanlocal"},"image":{"@id":"https:\/\/www.artisanlocal.ch\/c\/#\/schema\/logo\/image\/"}}]}},"_links":{"self":[{"href":"https:\/\/www.artisanlocal.ch\/c\/wp-json\/wp\/v2\/pages\/2890","targetHints":{"allow":["GET"]}}],"collection":[{"href":"https:\/\/www.artisanlocal.ch\/c\/wp-json\/wp\/v2\/pages"}],"about":[{"href":"https:\/\/www.artisanlocal.ch\/c\/wp-json\/wp\/v2\/types\/page"}],"author":[{"embeddable":true,"href":"https:\/\/www.artisanlocal.ch\/c\/wp-json\/wp\/v2\/users\/4"}],"replies":[{"embeddable":true,"href":"https:\/\/www.artisanlocal.ch\/c\/wp-json\/wp\/v2\/comments?post=2890"}],"version-history":[{"count":0,"href":"https:\/\/www.artisanlocal.ch\/c\/wp-json\/wp\/v2\/pages\/2890\/revisions"}],"wp:featuredmedia":[{"embeddable":true,"href":"https:\/\/www.artisanlocal.ch\/c\/wp-json\/wp\/v2\/media\/2962"}],"wp:attachment":[{"href":"https:\/\/www.artisanlocal.ch\/c\/wp-json\/wp\/v2\/media?parent=2890"}],"wp:term":[{"taxonomy":"profession","embeddable":true,"href":"https:\/\/www.artisanlocal.ch\/c\/wp-json\/wp\/v2\/profession?post=2890"},{"taxonomy":"location","embeddable":true,"href":"https:\/\/www.artisanlocal.ch\/c\/wp-json\/wp\/v2\/location?post=2890"},{"taxonomy":"canton","embeddable":true,"href":"https:\/\/www.artisanlocal.ch\/c\/wp-json\/wp\/v2\/canton?post=2890"}],"curies":[{"name":"wp","href":"https:\/\/api.w.org\/{rel}","templated":true}]}}