{"id":2895,"date":"2024-09-30T04:06:39","date_gmt":"2024-09-30T02:06:39","guid":{"rendered":"https:\/\/www.artisanlocal.ch\/c\/societe-paysagiste-a-aigle\/"},"modified":"2025-08-26T19:26:23","modified_gmt":"2025-08-26T17:26:23","slug":"societe-paysagiste-a-aigle","status":"publish","type":"page","link":"https:\/\/www.artisanlocal.ch\/c\/societe-paysagiste-a-aigle\/","title":{"rendered":"Soci\u00e9t\u00e9 Paysagiste \u00e0 Aigle"},"content":{"rendered":"<p>Notre artisan d\u00e9veloppe et entretien vos jardins et espaces ext\u00e9rieurs. \u00c0 Aigle, nos jardiniers paysagistes op\u00e8rent chez les particuliers, les copropri\u00e9t\u00e9s et les professionnels. Nos jardiniers sont \u00e0 l&rsquo;\u00e9coute pour vous proposer des prestations sur mesure, et en respectant la flore et faune locale.<\/p>\n\r\n<div class=\"box\">\r\n            <div class=\"company-info\">\r\n            <img decoding=\"async\" class=\"company-info__logo\" src=\"https:\/\/www.artisanlocal.ch\/media\/cache\/thumb\/images\/companies\/60ffca3041abb882861113.png\" alt=\"Logo\">\r\n            <h2 class=\"company-info__name\">Martin Marius<\/h2>\r\n            <p class=\"company-info__business\">Paysagistes - Entretien de jardin - Soins aux arbres - Am\u00e9nagements ext\u00e9rieurs<\/p>\r\n        <\/div>\r\n        <div class=\"company-contact\">\r\n            <p class=\"company-info__address\">Chemin du Charbonney 7<\/p>\r\n                            <div class=\"links\">\r\n                                            <a class=\"btn has-accent-background-color js-phoneNumber\" href=\"tel:0794134076\" title=\"Appelez\" data-id=\"1763\" data-type=\"11\">079 413 40 76<\/a>\r\n                                                        <\/div>\r\n                    <\/div>\r\n    \r\n            \r\n<form action=\"https:\/\/www.artisanlocal.ch\/c\/wp-admin\/admin-ajax.php\" method=\"post\" class=\"form-contact\" id=\"artisan_form_contact_company_inline\">\r\n    <div><input type=\"hidden\" name=\"action\" value=\"company_contact\"><\/div>\r\n    <div><input type=\"hidden\" name=\"nonce\" value=\"f071462bb9\"><\/div>\r\n    <div><input type=\"hidden\" name=\"company_id\" value=\"1763\"><\/div>\r\n    <div><input type=\"hidden\" name=\"form_id\" value=\"artisan_form_contact_company_inline\"><\/div>\r\n    <div class=\"gglcptch gglcptch_v3 gglcptch_custom\"><input type=\"hidden\" id=\"g-recaptcha-response\" name=\"g-recaptcha-response\" \/><br \/><div class=\"gglcptch_error_text\">La p\u00e9riode de v\u00e9rification reCAPTCHA a expir\u00e9. Veuillez recharger la page.<\/div><\/div>    <div class=\"form-content\">\r\n        <div class=\"form-group\">\r\n            <label for=\"contact_firstName\" class=\"required\">Pr\u00e9nom<\/label>\r\n            <input type=\"text\" name=\"firstName\" class=\"form-control\" required>\r\n        <\/div>\r\n        <div class=\"form-group\">\r\n            <label for=\"contact_lastName\" class=\"required\">Nom<\/label>\r\n            <input type=\"text\" name=\"lastName\" class=\"form-control\" required>\r\n        <\/div>\r\n        <div class=\"form-group\">\r\n            <label for=\"contact_email\" class=\"required\">Email<\/label>\r\n            <input type=\"email\" name=\"email\" class=\"form-control\" required>\r\n        <\/div>\r\n        <div class=\"form-group\">\r\n            <label for=\"contact_phone\" class=\"required\">Num\u00e9ro de t\u00e9l\u00e9phone<\/label>\r\n            <input type=\"tel\" name=\"phone\" class=\"form-control\" placeholder=\"0787117165\" pattern=\"^[0-9]{10}$\" required>\r\n        <\/div>\r\n        <div class=\"form-group\">\r\n            <label for=\"contact_postalCode\" class=\"required\">Code postal et localit\u00e9<\/label>\r\n            <input type=\"text\" name=\"postalCode\" class=\"form-control\" required>\r\n        <\/div>\r\n        <div class=\"form-group\">\r\n            <label for=\"contact_address\" class=\"required\">Adresse<\/label>\r\n            <input type=\"text\" name=\"address\" class=\"form-control\" required>\r\n        <\/div>\r\n        <div class=\"full-width topic\">\r\n            <p class=\"required\">Je souhaite \u00eatre contact\u00e9 pour :<\/p>\r\n            <div class=\"form-check\">\r\n                <input type=\"radio\" name=\"topic\" value=\"D\u00e9pannage\" class=\"form-control\" required>\r\n                <label for=\"d\u00e9pannage\">D\u00e9pannage<\/label>\r\n            <\/div>\r\n            <div class=\"form-check\">\r\n                <input type=\"radio\" name=\"topic\" value=\"Entretien\" class=\"form-control\" required>\r\n                <label for=\"entretien\">Entretien<\/label>\r\n            <\/div>\r\n            <div class=\"form-check\">\r\n                <input type=\"radio\" name=\"topic\" value=\"R\u00e9novation\" class=\"form-control\" required>\r\n                <label for=\"r\u00e9novation\">R\u00e9novation<\/label>\r\n            <\/div>\r\n            <div class=\"form-check\">\r\n                <input type=\"radio\" name=\"topic\" value=\"Autre\" class=\"form-control\" required>\r\n                <label for=\"autre\">Autre<\/label>\r\n            <\/div>\r\n        <\/div>\r\n        <div class=\"form-group full-width\">\r\n            <label for=\"contact_message\">Message<\/label>\r\n            <textarea name=\"message\" rows=\"3\" class=\"form-control\"><\/textarea>\r\n        <\/div>\r\n    <\/div>\r\n    <div class=\"form-actions\">\r\n        <button class=\"wp-block-button__link has-accent-background-color\">Contacter<\/button>\r\n    <\/div>\r\n<\/form>\r\n<div class=\"form-feedback\"><\/div>    <\/div>\n<h2>Des services personnalis\u00e9s<\/h2>\n<ul>\n<li>Conception personnalis\u00e9e et cr\u00e9ation de votre jardin : nous r\u00e9alisons la cr\u00e9ation et l&rsquo;am\u00e9nagement de votre jardin en fonction de vos demandes.<\/li>\n<li>Entretien de votre espace vert : en fonction de vos besoins, nous intervenons \u00e0 la prestation ou sous contrat.<\/li>\n<li> Am\u00e9nagement de votre terrasse : nos paysagistes m\u00e9tamorphosent votre terrasse ou votre balcon en y construisant un jardin.<\/li>\n<li> Conception-r\u00e9alisation d\u2019espaces verts : nous r\u00e9alisons la cr\u00e9ation de vos espaces verts dans votre entreprise, immeuble, h\u00f4tel ou centre commercial. R\u00e9habilitation et r\u00e9novation des espaces verts : nous r\u00e9alisons la restauration et de vos espaces verts et jardins pour les b\u00e2timents, maisons et appartements.<\/li>\n<li> Entretien des espaces verts en ville : nous r\u00e9alisons l&rsquo;entretien des jardins, parcs, berges, rues et routes.<\/li>\n<\/ul>\n<h2>Nos services en am\u00e9nagement paysager<\/h2>\n<ul>\n<li>Cr\u00e9ation de massif <\/li>\n<li>D\u00e9frichement, fauchage<\/li>\n<li>Mise en place de gazon naturel<\/li>\n<li>Plantations et fleurissement<\/li>\n<li>Tailles de haies, arbustes et rosiers<\/li>\n<li>Tonte de gazon<\/li>\n<li>Restauration de pelouse<\/li>\n<li>Am\u00e9nagement, pose de v\u00e9g\u00e9taux<\/li>\n<li>Aplanissement de sol<\/li>\n<li>Terrassement<\/li>\n<li>Pose de panneaux et de barri\u00e8res<\/li>\n<li>Mise en place de syst\u00e8mes d\u2019arrosage automatique<\/li>\n<li>Pose de terrasse en bois<\/li>\n<li>Mise en place de pav\u00e9s<\/li>\n<li>\u00c9lagage, abattement d&rsquo;arbre<\/li>\n<li>D\u00e9racinement de souches<\/li>\n<li>Broyage et \u00e9vacuation des d\u00e9bris<\/li>\n<\/ul>\n<h2>Pourquoi choisir Artisanlocal ?<\/h2>\n<p>\u00c0 Aigle, nos jardiniers s&rsquo;engagent \u00e0 respecter l&rsquo;habitat. Nous intervenons chez les collectivit\u00e9s, les professionnels et les particuliers. Nous employons que des produits \u00e9cologiques. Artisanlocal est situ\u00e9 au centre de Aigle. Nos paysagistes sont qualifi\u00e9es et attachent une importance particuli\u00e8re \u00e0 votre satisfaction. Nos jardiniers s&rsquo;engagent \u00e0 r\u00e9pondre \u00e0 vos attentes dans les plus brefs d\u00e9lais. Nous avons des tarifs comp\u00e9titifs. Nos devis sont offerts.<\/p>\n<h2>Une entreprise pour g\u00e9rer tous vos besoins <\/h2>\n<p>Localis\u00e9e dans le centre de Aigle, Artisanlocal est reconnue dans l\u2019am\u00e9nagement de jardin et r\u00e9alise aussi la cr\u00e9ation et l\u2019entretien de vos espaces ext\u00e9rieurs. En passant par Artisanlocal, vous avez un seul interlocuteur pour vous simplifier la vie et vous faire gagner du temps.<\/p>\n<h2>Quels sont les types de clients que vous accompagnez ?<\/h2>\n<p>Nous accompagnons:<\/p>\n<ul>\n<li>Les bars et les restaurants.<\/li>\n<li>Les chambres d&rsquo;h\u00f4tes et \u00e9tablissements h\u00f4teliers.<\/li>\n<li> Les r\u00e9sidences et copropri\u00e9t\u00e9s.<\/li>\n<li> Les particuliers.<\/li>\n<li> Les domaines agricoles et ch\u00e2teaux. <\/li>\n<li>Les soci\u00e9t\u00e9s.<\/li>\n<\/ul>\n<h2>Cr\u00e9ateurs de jardins \u00e0 Aigle et dans les villes \u00e0 proximit\u00e9<\/h2>\n<p>Nous cr\u00e9ons l&rsquo;espace vert dont vous r\u00eavez. En fonction des contraintes de votre terrain et de vos objectifs de votre jardin, nous adaptons notre service. Nous \u00e9tudions en amont votre projet, et nous nous occupons de sa mise en oeuvre de A \u00e0 Z. Notre \u00e9quipe intervient \u00e0 Aigle, mais \u00e9galement dans les localit\u00e9s aux environs comme :&nbsp;<\/p>\nLa Tine, Rossini\u00e8re, Flendruz, Rougemont, Ch\u00e2teau-d'Oex, L'Etivaz, La L\u00e9cherette, Les Moulins, Villeneuve VD, Noville, Chessel, Rennaz, Roche VD, Yvorne, Leysin, Corbeyrier, La Comballaz, Les Mosses, Le S\u00e9pey, Vers-l'Eglise, Les Diablerets, La Forclaz VD, Ollon VD, Panex, St-Triphon, Bex, Fenalet-sur-Bex, Freni\u00e8res-sur-Bex, Les Plans-sur-Bex, Gryon, Les Posses-sur-Bex, Arveyes, Hu\u00e9moz, Villars-sur-Ollon, Chesi\u00e8res, Lavey-les-Bains, Lavey-Village.\n","protected":false},"excerpt":{"rendered":"<p>Notre artisan d\u00e9veloppe et entretien vos jardins et espaces ext\u00e9rieurs. \u00c0 Aigle, nos jardiniers paysagistes op\u00e8rent chez les particuliers, les copropri\u00e9t\u00e9s et les professionnels. Nos jardiniers sont \u00e0 l&rsquo;\u00e9coute pour vous proposer des prestations sur mesure, et en respectant la flore et faune locale. Des services personnalis\u00e9s Conception personnalis\u00e9e et cr\u00e9ation de votre jardin : [&hellip;]<\/p>\n","protected":false},"author":4,"featured_media":2962,"parent":0,"menu_order":0,"comment_status":"closed","ping_status":"closed","template":"","meta":{"footnotes":""},"profession":[128],"location":[61],"canton":[113],"class_list":["post-2895","page","type-page","status-publish","has-post-thumbnail","hentry","profession-jardinier-paysagiste","location-aigle","canton-vd"],"yoast_head":"<!-- This site is optimized with the Yoast SEO Premium plugin v25.7.1 (Yoast SEO v27.4) - https:\/\/yoast.com\/product\/yoast-seo-premium-wordpress\/ -->\n<title>Soci\u00e9t\u00e9 Paysagiste \u00e0 Aigle - Artisanlocal<\/title>\n<meta name=\"robots\" content=\"index, follow, max-snippet:-1, max-image-preview:large, max-video-preview:-1\" \/>\n<link rel=\"canonical\" href=\"https:\/\/www.artisanlocal.ch\/c\/societe-paysagiste-a-aigle\/\" \/>\n<meta property=\"og:locale\" content=\"fr_FR\" \/>\n<meta property=\"og:type\" content=\"article\" \/>\n<meta property=\"og:title\" content=\"Soci\u00e9t\u00e9 Paysagiste \u00e0 Aigle\" \/>\n<meta property=\"og:description\" content=\"Notre artisan d\u00e9veloppe et entretien vos jardins et espaces ext\u00e9rieurs. \u00c0 Aigle, nos jardiniers paysagistes op\u00e8rent chez les particuliers, les copropri\u00e9t\u00e9s et les professionnels. Nos jardiniers sont \u00e0 l&rsquo;\u00e9coute pour vous proposer des prestations sur mesure, et en respectant la flore et faune locale. Des services personnalis\u00e9s Conception personnalis\u00e9e et cr\u00e9ation de votre jardin : [&hellip;]\" \/>\n<meta property=\"og:url\" content=\"https:\/\/www.artisanlocal.ch\/c\/societe-paysagiste-a-aigle\/\" \/>\n<meta property=\"og:site_name\" content=\"Artisanlocal\" \/>\n<meta property=\"article:modified_time\" content=\"2025-08-26T17:26:23+00:00\" \/>\n<meta property=\"og:image\" content=\"https:\/\/www.artisanlocal.ch\/c\/wp-content\/uploads\/2024\/11\/paysagiste-jardinier.jpg\" \/>\n\t<meta property=\"og:image:width\" content=\"1920\" \/>\n\t<meta property=\"og:image:height\" content=\"300\" \/>\n\t<meta property=\"og:image:type\" content=\"image\/jpeg\" \/>\n<meta name=\"twitter:card\" content=\"summary_large_image\" \/>\n<meta name=\"twitter:label1\" content=\"Dur\u00e9e de lecture estim\u00e9e\" \/>\n\t<meta name=\"twitter:data1\" content=\"3 minutes\" \/>\n<script type=\"application\/ld+json\" class=\"yoast-schema-graph\">{\"@context\":\"https:\\\/\\\/schema.org\",\"@graph\":[{\"@type\":\"WebPage\",\"@id\":\"https:\\\/\\\/www.artisanlocal.ch\\\/c\\\/societe-paysagiste-a-aigle\\\/\",\"url\":\"https:\\\/\\\/www.artisanlocal.ch\\\/c\\\/societe-paysagiste-a-aigle\\\/\",\"name\":\"Soci\u00e9t\u00e9 Paysagiste \u00e0 Aigle - Artisanlocal\",\"isPartOf\":{\"@id\":\"https:\\\/\\\/www.artisanlocal.ch\\\/c\\\/#website\"},\"primaryImageOfPage\":{\"@id\":\"https:\\\/\\\/www.artisanlocal.ch\\\/c\\\/societe-paysagiste-a-aigle\\\/#primaryimage\"},\"image\":{\"@id\":\"https:\\\/\\\/www.artisanlocal.ch\\\/c\\\/societe-paysagiste-a-aigle\\\/#primaryimage\"},\"thumbnailUrl\":\"https:\\\/\\\/www.artisanlocal.ch\\\/c\\\/wp-content\\\/uploads\\\/2024\\\/11\\\/paysagiste-jardinier.jpg\",\"datePublished\":\"2024-09-30T02:06:39+00:00\",\"dateModified\":\"2025-08-26T17:26:23+00:00\",\"breadcrumb\":{\"@id\":\"https:\\\/\\\/www.artisanlocal.ch\\\/c\\\/societe-paysagiste-a-aigle\\\/#breadcrumb\"},\"inLanguage\":\"fr-FR\",\"potentialAction\":[{\"@type\":\"ReadAction\",\"target\":[\"https:\\\/\\\/www.artisanlocal.ch\\\/c\\\/societe-paysagiste-a-aigle\\\/\"]}]},{\"@type\":\"ImageObject\",\"inLanguage\":\"fr-FR\",\"@id\":\"https:\\\/\\\/www.artisanlocal.ch\\\/c\\\/societe-paysagiste-a-aigle\\\/#primaryimage\",\"url\":\"https:\\\/\\\/www.artisanlocal.ch\\\/c\\\/wp-content\\\/uploads\\\/2024\\\/11\\\/paysagiste-jardinier.jpg\",\"contentUrl\":\"https:\\\/\\\/www.artisanlocal.ch\\\/c\\\/wp-content\\\/uploads\\\/2024\\\/11\\\/paysagiste-jardinier.jpg\",\"width\":1920,\"height\":300},{\"@type\":\"BreadcrumbList\",\"@id\":\"https:\\\/\\\/www.artisanlocal.ch\\\/c\\\/societe-paysagiste-a-aigle\\\/#breadcrumb\",\"itemListElement\":[{\"@type\":\"ListItem\",\"position\":1,\"name\":\"Accueil\",\"item\":\"https:\\\/\\\/www.artisanlocal.ch\\\/c\\\/\"},{\"@type\":\"ListItem\",\"position\":2,\"name\":\"Soci\u00e9t\u00e9 Paysagiste \u00e0 Aigle\"}]},{\"@type\":\"WebSite\",\"@id\":\"https:\\\/\\\/www.artisanlocal.ch\\\/c\\\/#website\",\"url\":\"https:\\\/\\\/www.artisanlocal.ch\\\/c\\\/\",\"name\":\"Artisanlocal\",\"description\":\"\",\"publisher\":{\"@id\":\"https:\\\/\\\/www.artisanlocal.ch\\\/c\\\/#organization\"},\"potentialAction\":[{\"@type\":\"SearchAction\",\"target\":{\"@type\":\"EntryPoint\",\"urlTemplate\":\"https:\\\/\\\/www.artisanlocal.ch\\\/c\\\/?s={search_term_string}\"},\"query-input\":{\"@type\":\"PropertyValueSpecification\",\"valueRequired\":true,\"valueName\":\"search_term_string\"}}],\"inLanguage\":\"fr-FR\"},{\"@type\":\"Organization\",\"@id\":\"https:\\\/\\\/www.artisanlocal.ch\\\/c\\\/#organization\",\"name\":\"Artisanlocal\",\"url\":\"https:\\\/\\\/www.artisanlocal.ch\\\/c\\\/\",\"logo\":{\"@type\":\"ImageObject\",\"inLanguage\":\"fr-FR\",\"@id\":\"https:\\\/\\\/www.artisanlocal.ch\\\/c\\\/#\\\/schema\\\/logo\\\/image\\\/\",\"url\":\"https:\\\/\\\/www.artisanlocal.ch\\\/c\\\/wp-content\\\/uploads\\\/2024\\\/02\\\/logo-artisanlocal-h.svg\",\"contentUrl\":\"https:\\\/\\\/www.artisanlocal.ch\\\/c\\\/wp-content\\\/uploads\\\/2024\\\/02\\\/logo-artisanlocal-h.svg\",\"caption\":\"Artisanlocal\"},\"image\":{\"@id\":\"https:\\\/\\\/www.artisanlocal.ch\\\/c\\\/#\\\/schema\\\/logo\\\/image\\\/\"}}]}<\/script>\n<!-- \/ Yoast SEO Premium plugin. -->","yoast_head_json":{"title":"Soci\u00e9t\u00e9 Paysagiste \u00e0 Aigle - Artisanlocal","robots":{"index":"index","follow":"follow","max-snippet":"max-snippet:-1","max-image-preview":"max-image-preview:large","max-video-preview":"max-video-preview:-1"},"canonical":"https:\/\/www.artisanlocal.ch\/c\/societe-paysagiste-a-aigle\/","og_locale":"fr_FR","og_type":"article","og_title":"Soci\u00e9t\u00e9 Paysagiste \u00e0 Aigle","og_description":"Notre artisan d\u00e9veloppe et entretien vos jardins et espaces ext\u00e9rieurs. \u00c0 Aigle, nos jardiniers paysagistes op\u00e8rent chez les particuliers, les copropri\u00e9t\u00e9s et les professionnels. Nos jardiniers sont \u00e0 l&rsquo;\u00e9coute pour vous proposer des prestations sur mesure, et en respectant la flore et faune locale. Des services personnalis\u00e9s Conception personnalis\u00e9e et cr\u00e9ation de votre jardin : [&hellip;]","og_url":"https:\/\/www.artisanlocal.ch\/c\/societe-paysagiste-a-aigle\/","og_site_name":"Artisanlocal","article_modified_time":"2025-08-26T17:26:23+00:00","og_image":[{"width":1920,"height":300,"url":"https:\/\/www.artisanlocal.ch\/c\/wp-content\/uploads\/2024\/11\/paysagiste-jardinier.jpg","type":"image\/jpeg"}],"twitter_card":"summary_large_image","twitter_misc":{"Dur\u00e9e de lecture estim\u00e9e":"3 minutes"},"schema":{"@context":"https:\/\/schema.org","@graph":[{"@type":"WebPage","@id":"https:\/\/www.artisanlocal.ch\/c\/societe-paysagiste-a-aigle\/","url":"https:\/\/www.artisanlocal.ch\/c\/societe-paysagiste-a-aigle\/","name":"Soci\u00e9t\u00e9 Paysagiste \u00e0 Aigle - Artisanlocal","isPartOf":{"@id":"https:\/\/www.artisanlocal.ch\/c\/#website"},"primaryImageOfPage":{"@id":"https:\/\/www.artisanlocal.ch\/c\/societe-paysagiste-a-aigle\/#primaryimage"},"image":{"@id":"https:\/\/www.artisanlocal.ch\/c\/societe-paysagiste-a-aigle\/#primaryimage"},"thumbnailUrl":"https:\/\/www.artisanlocal.ch\/c\/wp-content\/uploads\/2024\/11\/paysagiste-jardinier.jpg","datePublished":"2024-09-30T02:06:39+00:00","dateModified":"2025-08-26T17:26:23+00:00","breadcrumb":{"@id":"https:\/\/www.artisanlocal.ch\/c\/societe-paysagiste-a-aigle\/#breadcrumb"},"inLanguage":"fr-FR","potentialAction":[{"@type":"ReadAction","target":["https:\/\/www.artisanlocal.ch\/c\/societe-paysagiste-a-aigle\/"]}]},{"@type":"ImageObject","inLanguage":"fr-FR","@id":"https:\/\/www.artisanlocal.ch\/c\/societe-paysagiste-a-aigle\/#primaryimage","url":"https:\/\/www.artisanlocal.ch\/c\/wp-content\/uploads\/2024\/11\/paysagiste-jardinier.jpg","contentUrl":"https:\/\/www.artisanlocal.ch\/c\/wp-content\/uploads\/2024\/11\/paysagiste-jardinier.jpg","width":1920,"height":300},{"@type":"BreadcrumbList","@id":"https:\/\/www.artisanlocal.ch\/c\/societe-paysagiste-a-aigle\/#breadcrumb","itemListElement":[{"@type":"ListItem","position":1,"name":"Accueil","item":"https:\/\/www.artisanlocal.ch\/c\/"},{"@type":"ListItem","position":2,"name":"Soci\u00e9t\u00e9 Paysagiste \u00e0 Aigle"}]},{"@type":"WebSite","@id":"https:\/\/www.artisanlocal.ch\/c\/#website","url":"https:\/\/www.artisanlocal.ch\/c\/","name":"Artisanlocal","description":"","publisher":{"@id":"https:\/\/www.artisanlocal.ch\/c\/#organization"},"potentialAction":[{"@type":"SearchAction","target":{"@type":"EntryPoint","urlTemplate":"https:\/\/www.artisanlocal.ch\/c\/?s={search_term_string}"},"query-input":{"@type":"PropertyValueSpecification","valueRequired":true,"valueName":"search_term_string"}}],"inLanguage":"fr-FR"},{"@type":"Organization","@id":"https:\/\/www.artisanlocal.ch\/c\/#organization","name":"Artisanlocal","url":"https:\/\/www.artisanlocal.ch\/c\/","logo":{"@type":"ImageObject","inLanguage":"fr-FR","@id":"https:\/\/www.artisanlocal.ch\/c\/#\/schema\/logo\/image\/","url":"https:\/\/www.artisanlocal.ch\/c\/wp-content\/uploads\/2024\/02\/logo-artisanlocal-h.svg","contentUrl":"https:\/\/www.artisanlocal.ch\/c\/wp-content\/uploads\/2024\/02\/logo-artisanlocal-h.svg","caption":"Artisanlocal"},"image":{"@id":"https:\/\/www.artisanlocal.ch\/c\/#\/schema\/logo\/image\/"}}]}},"_links":{"self":[{"href":"https:\/\/www.artisanlocal.ch\/c\/wp-json\/wp\/v2\/pages\/2895","targetHints":{"allow":["GET"]}}],"collection":[{"href":"https:\/\/www.artisanlocal.ch\/c\/wp-json\/wp\/v2\/pages"}],"about":[{"href":"https:\/\/www.artisanlocal.ch\/c\/wp-json\/wp\/v2\/types\/page"}],"author":[{"embeddable":true,"href":"https:\/\/www.artisanlocal.ch\/c\/wp-json\/wp\/v2\/users\/4"}],"replies":[{"embeddable":true,"href":"https:\/\/www.artisanlocal.ch\/c\/wp-json\/wp\/v2\/comments?post=2895"}],"version-history":[{"count":0,"href":"https:\/\/www.artisanlocal.ch\/c\/wp-json\/wp\/v2\/pages\/2895\/revisions"}],"wp:featuredmedia":[{"embeddable":true,"href":"https:\/\/www.artisanlocal.ch\/c\/wp-json\/wp\/v2\/media\/2962"}],"wp:attachment":[{"href":"https:\/\/www.artisanlocal.ch\/c\/wp-json\/wp\/v2\/media?parent=2895"}],"wp:term":[{"taxonomy":"profession","embeddable":true,"href":"https:\/\/www.artisanlocal.ch\/c\/wp-json\/wp\/v2\/profession?post=2895"},{"taxonomy":"location","embeddable":true,"href":"https:\/\/www.artisanlocal.ch\/c\/wp-json\/wp\/v2\/location?post=2895"},{"taxonomy":"canton","embeddable":true,"href":"https:\/\/www.artisanlocal.ch\/c\/wp-json\/wp\/v2\/canton?post=2895"}],"curies":[{"name":"wp","href":"https:\/\/api.w.org\/{rel}","templated":true}]}}