{"id":2914,"date":"2024-10-04T15:28:36","date_gmt":"2024-10-04T13:28:36","guid":{"rendered":"https:\/\/www.artisanlocal.ch\/c\/paysagistes-a-chatel-st-denis\/"},"modified":"2025-08-26T19:25:10","modified_gmt":"2025-08-26T17:25:10","slug":"paysagistes-a-chatel-st-denis","status":"publish","type":"page","link":"https:\/\/www.artisanlocal.ch\/c\/paysagistes-a-chatel-st-denis\/","title":{"rendered":"Paysagistes \u00e0 Ch\u00e2tel-St-Denis"},"content":{"rendered":"<p>Artisanlocal. Ch \u00e9labore, am\u00e9nage et entretien votre jardin. \u00c0 Ch\u00e2tel-St-Denis, nos jardiniers interviennent chez les copropri\u00e9t\u00e9s, les professionnels et les particuliers. Nos artisans restent attentifs pour vous proposer des prestations adapt\u00e9es, et en respectant l&rsquo;environnement.<\/p>\n\r\n<div class=\"box\">\r\n    <h2 class=\"text-dark\">Nous cherchons un <em class=\"text-primary\">Jardinier - Paysagiste<\/em> dans la r\u00e9gion de <em class=\"text-primary\">Ch\u00e2tel-St-Denis<\/em>  en exclusivit\u00e9, afin de proposer vos services \u00e0 nos clients propri\u00e9taires.<\/h2>\r\n    <p>Une opportunit\u00e9 unique pour booster votre activit\u00e9 \u00e0 <strong>Ch\u00e2tel-St-Denis<\/strong> et aux alentours dans votre domaine (Jardinier - Paysagiste).<\/p>\r\n    <p>Nous travaillons en exclusivit\u00e9 avec qu'une soci\u00e9t\u00e9 par m\u00e9tier et par r\u00e9gion. <br>Votre entreprise est pr\u00e9sente sur tous les documents immobiliers. Afin d'\u00eatre mieux vu sur le net, vous \u00eates \u00e9galement visible sur nos deux sites et sur les pages de r\u00e9f\u00e9rencement de votre r\u00e9gion.<\/p>\r\n    <a href=\"\/contact\" class=\"wp-block-button__link has-accent-background-color has-text-align-center wp-element-button\">R\u00e9server<\/a>\r\n<\/div>\n<h2>Des services sur mesure<\/h2>\n<ul>\n<li>Conception sur mesure et cr\u00e9ation de votre jardin : en fonction de vos attentes, nous concevons et r\u00e9alisons votre jardin personnalis\u00e9.<\/li>\n<li>Entretien de votre espace vert : par rapport \u00e0 vos besoins, nous intervenons \u00e0 la prestation ou sous contrat.<\/li>\n<li> Am\u00e9nagement de votre balcon : nous cr\u00e9ons un espace vert sur votre balcon ou votre terrasse pour le m\u00e9tamorphoser en un v\u00e9ritable lieu de vie.<\/li>\n<li> Cr\u00e9ation et am\u00e9nagement d&rsquo;espaces verts : nous installons des espaces verts dans votre immeuble, restaurant, centre commercial ou soci\u00e9t\u00e9. R\u00e9novation et modernisation des terrains et espaces verts : nous effectuons la r\u00e9novation et de vos espaces verts et jardins pour les b\u00e2timents, maisons et studios.<\/li>\n<li> Entretien espaces verts am\u00e9nag\u00e9s dans les communes : nous effectuons l&rsquo;entretien des jardins, parcs, berges, rues et routes.<\/li>\n<\/ul>\n<h2>Nos services en am\u00e9nagement paysager<\/h2>\n<ul>\n<li>Cr\u00e9ation de massif <\/li>\n<li>D\u00e9frichement, fauchage<\/li>\n<li>Pose de pelouse <\/li>\n<li>Fleurissement et plantations<\/li>\n<li>Coupes de rosiers, haies et arbustes<\/li>\n<li>Tonte de pelouse<\/li>\n<li>Restauration de pelouse<\/li>\n<li>Am\u00e9nagement, v\u00e9g\u00e9talisation<\/li>\n<li>Aplanissement de sol<\/li>\n<li>Terrassement<\/li>\n<li>Mise en place de panneaux en bois et de cl\u00f4tures<\/li>\n<li>Installation de l&rsquo;arrosage automatique<\/li>\n<li>Installation de terrasse en bois<\/li>\n<li>Dallage<\/li>\n<li>\u00c9lagage, abattement d&rsquo;arbre<\/li>\n<li>D\u00e9racinement de racines<\/li>\n<li>Broyage et \u00e9limination des d\u00e9bris<\/li>\n<\/ul>\n<h2>Pourquoi faire confiance \u00e0 Artisanlocal<\/h2>\n<p>Nos paysagistes \u00e0 Ch\u00e2tel-St-Denis respectent l&rsquo;environnement. Nous op\u00e9rons chez les particuliers, les collectivit\u00e9s et les professionnels. Les produits que nos paysagistes usent sont \u00e9coresponsables. Artisanlocal est localis\u00e9 au c\u0153ur de Ch\u00e2tel-St-Denis. Nos paysagistes sont qualifi\u00e9es et attachent une grande importance \u00e0 votre satisfaction. Nos jardiniers s&rsquo;engagent \u00e0 r\u00e9pondre \u00e0 vos d\u00e9sirs le plus rapidement possible. Nos prix sont comp\u00e9titifs. Nos devis sont offerts.<\/p>\n<h2>Une seule entreprise pour r\u00e9pondre \u00e0 tous vos besoins <\/h2>\n<p>Artisanlocal est une soci\u00e9t\u00e9 experte en solution d&rsquo;am\u00e9nagement de jardin \u00e0 Ch\u00e2tel-St-Denis et qui s\u2019occupent par ailleurs de l\u2019entretien et la cr\u00e9ation de vos espaces ext\u00e9rieurs. En travaillant avec notre entreprise, vous avez un interlocuteur unique pour vous simplifier la vie et vous faire gagner du temps.<\/p>\n<h2>Quels sont les types de clients que vous accompagnez ?<\/h2>\n<p>Nous accompagnons:<\/p>\n<ul>\n<li>Les caf\u00e9s et les restaurants.<\/li>\n<li>Les chambres d&rsquo;h\u00f4tes et \u00e9tablissements h\u00f4teliers.<\/li>\n<li> Les habitations et copropri\u00e9t\u00e9s.<\/li>\n<li> Les particuliers.<\/li>\n<li> Les ch\u00e2teaux et domaines agricoles. <\/li>\n<li>Les entreprises.<\/li>\n<\/ul>\n<h2>Paysagistes \u00e0 Ch\u00e2tel-St-Denis et dans les communes proches<\/h2>\n<p>Nous concevons votre jardin. Notre \u00e9quipe s&rsquo;adapte au style de votre espace vert et des contraintes (comme la nature du sol). Apr\u00e8s \u00e9tude de votre projet et des contraintes, nous r\u00e9alisons l&rsquo;int\u00e9gralit\u00e9 de vos travaux. Notre \u00e9quipe intervient \u00e0 Ch\u00e2tel-St-Denis, mais \u00e9galement dans les villes \u00e0 proximit\u00e9 comme :&nbsp;<\/p>\nBesencens, Fiaug\u00e8res, St-Martin FR, Granges (Veveyse), Bossonnens, Attalens, Tatroz, Remaufens, Les Paccots, Semsales, Grattavache, La Verrerie, Progens, Bouloz, Pont (Veveyse), Porsel.\n","protected":false},"excerpt":{"rendered":"<p>Artisanlocal. Ch \u00e9labore, am\u00e9nage et entretien votre jardin. \u00c0 Ch\u00e2tel-St-Denis, nos jardiniers interviennent chez les copropri\u00e9t\u00e9s, les professionnels et les particuliers. Nos artisans restent attentifs pour vous proposer des prestations adapt\u00e9es, et en respectant l&rsquo;environnement. Des services sur mesure Conception sur mesure et cr\u00e9ation de votre jardin : en fonction de vos attentes, nous concevons [&hellip;]<\/p>\n","protected":false},"author":4,"featured_media":2962,"parent":0,"menu_order":0,"comment_status":"closed","ping_status":"closed","template":"","meta":{"footnotes":""},"profession":[128],"location":[52],"canton":[109],"class_list":["post-2914","page","type-page","status-publish","has-post-thumbnail","hentry","profession-jardinier-paysagiste","location-chatel-st-denis","canton-fr"],"yoast_head":"<!-- This site is optimized with the Yoast SEO Premium plugin v25.7.1 (Yoast SEO v27.4) - https:\/\/yoast.com\/product\/yoast-seo-premium-wordpress\/ -->\n<title>Paysagistes \u00e0 Ch\u00e2tel-St-Denis - Artisanlocal<\/title>\n<meta name=\"robots\" content=\"index, follow, max-snippet:-1, max-image-preview:large, max-video-preview:-1\" \/>\n<link rel=\"canonical\" href=\"https:\/\/www.artisanlocal.ch\/c\/paysagistes-a-chatel-st-denis\/\" \/>\n<meta property=\"og:locale\" content=\"fr_FR\" \/>\n<meta property=\"og:type\" content=\"article\" \/>\n<meta property=\"og:title\" content=\"Paysagistes \u00e0 Ch\u00e2tel-St-Denis\" \/>\n<meta property=\"og:description\" content=\"Artisanlocal. Ch \u00e9labore, am\u00e9nage et entretien votre jardin. \u00c0 Ch\u00e2tel-St-Denis, nos jardiniers interviennent chez les copropri\u00e9t\u00e9s, les professionnels et les particuliers. Nos artisans restent attentifs pour vous proposer des prestations adapt\u00e9es, et en respectant l&rsquo;environnement. Des services sur mesure Conception sur mesure et cr\u00e9ation de votre jardin : en fonction de vos attentes, nous concevons [&hellip;]\" \/>\n<meta property=\"og:url\" content=\"https:\/\/www.artisanlocal.ch\/c\/paysagistes-a-chatel-st-denis\/\" \/>\n<meta property=\"og:site_name\" content=\"Artisanlocal\" \/>\n<meta property=\"article:modified_time\" content=\"2025-08-26T17:25:10+00:00\" \/>\n<meta property=\"og:image\" content=\"https:\/\/www.artisanlocal.ch\/c\/wp-content\/uploads\/2024\/11\/paysagiste-jardinier.jpg\" \/>\n\t<meta property=\"og:image:width\" content=\"1920\" \/>\n\t<meta property=\"og:image:height\" content=\"300\" \/>\n\t<meta property=\"og:image:type\" content=\"image\/jpeg\" \/>\n<meta name=\"twitter:card\" content=\"summary_large_image\" \/>\n<meta name=\"twitter:label1\" content=\"Dur\u00e9e de lecture estim\u00e9e\" \/>\n\t<meta name=\"twitter:data1\" content=\"2 minutes\" \/>\n<script type=\"application\/ld+json\" class=\"yoast-schema-graph\">{\"@context\":\"https:\\\/\\\/schema.org\",\"@graph\":[{\"@type\":\"WebPage\",\"@id\":\"https:\\\/\\\/www.artisanlocal.ch\\\/c\\\/paysagistes-a-chatel-st-denis\\\/\",\"url\":\"https:\\\/\\\/www.artisanlocal.ch\\\/c\\\/paysagistes-a-chatel-st-denis\\\/\",\"name\":\"Paysagistes \u00e0 Ch\u00e2tel-St-Denis - Artisanlocal\",\"isPartOf\":{\"@id\":\"https:\\\/\\\/www.artisanlocal.ch\\\/c\\\/#website\"},\"primaryImageOfPage\":{\"@id\":\"https:\\\/\\\/www.artisanlocal.ch\\\/c\\\/paysagistes-a-chatel-st-denis\\\/#primaryimage\"},\"image\":{\"@id\":\"https:\\\/\\\/www.artisanlocal.ch\\\/c\\\/paysagistes-a-chatel-st-denis\\\/#primaryimage\"},\"thumbnailUrl\":\"https:\\\/\\\/www.artisanlocal.ch\\\/c\\\/wp-content\\\/uploads\\\/2024\\\/11\\\/paysagiste-jardinier.jpg\",\"datePublished\":\"2024-10-04T13:28:36+00:00\",\"dateModified\":\"2025-08-26T17:25:10+00:00\",\"breadcrumb\":{\"@id\":\"https:\\\/\\\/www.artisanlocal.ch\\\/c\\\/paysagistes-a-chatel-st-denis\\\/#breadcrumb\"},\"inLanguage\":\"fr-FR\",\"potentialAction\":[{\"@type\":\"ReadAction\",\"target\":[\"https:\\\/\\\/www.artisanlocal.ch\\\/c\\\/paysagistes-a-chatel-st-denis\\\/\"]}]},{\"@type\":\"ImageObject\",\"inLanguage\":\"fr-FR\",\"@id\":\"https:\\\/\\\/www.artisanlocal.ch\\\/c\\\/paysagistes-a-chatel-st-denis\\\/#primaryimage\",\"url\":\"https:\\\/\\\/www.artisanlocal.ch\\\/c\\\/wp-content\\\/uploads\\\/2024\\\/11\\\/paysagiste-jardinier.jpg\",\"contentUrl\":\"https:\\\/\\\/www.artisanlocal.ch\\\/c\\\/wp-content\\\/uploads\\\/2024\\\/11\\\/paysagiste-jardinier.jpg\",\"width\":1920,\"height\":300},{\"@type\":\"BreadcrumbList\",\"@id\":\"https:\\\/\\\/www.artisanlocal.ch\\\/c\\\/paysagistes-a-chatel-st-denis\\\/#breadcrumb\",\"itemListElement\":[{\"@type\":\"ListItem\",\"position\":1,\"name\":\"Accueil\",\"item\":\"https:\\\/\\\/www.artisanlocal.ch\\\/c\\\/\"},{\"@type\":\"ListItem\",\"position\":2,\"name\":\"Paysagistes \u00e0 Ch\u00e2tel-St-Denis\"}]},{\"@type\":\"WebSite\",\"@id\":\"https:\\\/\\\/www.artisanlocal.ch\\\/c\\\/#website\",\"url\":\"https:\\\/\\\/www.artisanlocal.ch\\\/c\\\/\",\"name\":\"Artisanlocal\",\"description\":\"\",\"publisher\":{\"@id\":\"https:\\\/\\\/www.artisanlocal.ch\\\/c\\\/#organization\"},\"potentialAction\":[{\"@type\":\"SearchAction\",\"target\":{\"@type\":\"EntryPoint\",\"urlTemplate\":\"https:\\\/\\\/www.artisanlocal.ch\\\/c\\\/?s={search_term_string}\"},\"query-input\":{\"@type\":\"PropertyValueSpecification\",\"valueRequired\":true,\"valueName\":\"search_term_string\"}}],\"inLanguage\":\"fr-FR\"},{\"@type\":\"Organization\",\"@id\":\"https:\\\/\\\/www.artisanlocal.ch\\\/c\\\/#organization\",\"name\":\"Artisanlocal\",\"url\":\"https:\\\/\\\/www.artisanlocal.ch\\\/c\\\/\",\"logo\":{\"@type\":\"ImageObject\",\"inLanguage\":\"fr-FR\",\"@id\":\"https:\\\/\\\/www.artisanlocal.ch\\\/c\\\/#\\\/schema\\\/logo\\\/image\\\/\",\"url\":\"https:\\\/\\\/www.artisanlocal.ch\\\/c\\\/wp-content\\\/uploads\\\/2024\\\/02\\\/logo-artisanlocal-h.svg\",\"contentUrl\":\"https:\\\/\\\/www.artisanlocal.ch\\\/c\\\/wp-content\\\/uploads\\\/2024\\\/02\\\/logo-artisanlocal-h.svg\",\"caption\":\"Artisanlocal\"},\"image\":{\"@id\":\"https:\\\/\\\/www.artisanlocal.ch\\\/c\\\/#\\\/schema\\\/logo\\\/image\\\/\"}}]}<\/script>\n<!-- \/ Yoast SEO Premium plugin. -->","yoast_head_json":{"title":"Paysagistes \u00e0 Ch\u00e2tel-St-Denis - Artisanlocal","robots":{"index":"index","follow":"follow","max-snippet":"max-snippet:-1","max-image-preview":"max-image-preview:large","max-video-preview":"max-video-preview:-1"},"canonical":"https:\/\/www.artisanlocal.ch\/c\/paysagistes-a-chatel-st-denis\/","og_locale":"fr_FR","og_type":"article","og_title":"Paysagistes \u00e0 Ch\u00e2tel-St-Denis","og_description":"Artisanlocal. Ch \u00e9labore, am\u00e9nage et entretien votre jardin. \u00c0 Ch\u00e2tel-St-Denis, nos jardiniers interviennent chez les copropri\u00e9t\u00e9s, les professionnels et les particuliers. Nos artisans restent attentifs pour vous proposer des prestations adapt\u00e9es, et en respectant l&rsquo;environnement. Des services sur mesure Conception sur mesure et cr\u00e9ation de votre jardin : en fonction de vos attentes, nous concevons [&hellip;]","og_url":"https:\/\/www.artisanlocal.ch\/c\/paysagistes-a-chatel-st-denis\/","og_site_name":"Artisanlocal","article_modified_time":"2025-08-26T17:25:10+00:00","og_image":[{"width":1920,"height":300,"url":"https:\/\/www.artisanlocal.ch\/c\/wp-content\/uploads\/2024\/11\/paysagiste-jardinier.jpg","type":"image\/jpeg"}],"twitter_card":"summary_large_image","twitter_misc":{"Dur\u00e9e de lecture estim\u00e9e":"2 minutes"},"schema":{"@context":"https:\/\/schema.org","@graph":[{"@type":"WebPage","@id":"https:\/\/www.artisanlocal.ch\/c\/paysagistes-a-chatel-st-denis\/","url":"https:\/\/www.artisanlocal.ch\/c\/paysagistes-a-chatel-st-denis\/","name":"Paysagistes \u00e0 Ch\u00e2tel-St-Denis - Artisanlocal","isPartOf":{"@id":"https:\/\/www.artisanlocal.ch\/c\/#website"},"primaryImageOfPage":{"@id":"https:\/\/www.artisanlocal.ch\/c\/paysagistes-a-chatel-st-denis\/#primaryimage"},"image":{"@id":"https:\/\/www.artisanlocal.ch\/c\/paysagistes-a-chatel-st-denis\/#primaryimage"},"thumbnailUrl":"https:\/\/www.artisanlocal.ch\/c\/wp-content\/uploads\/2024\/11\/paysagiste-jardinier.jpg","datePublished":"2024-10-04T13:28:36+00:00","dateModified":"2025-08-26T17:25:10+00:00","breadcrumb":{"@id":"https:\/\/www.artisanlocal.ch\/c\/paysagistes-a-chatel-st-denis\/#breadcrumb"},"inLanguage":"fr-FR","potentialAction":[{"@type":"ReadAction","target":["https:\/\/www.artisanlocal.ch\/c\/paysagistes-a-chatel-st-denis\/"]}]},{"@type":"ImageObject","inLanguage":"fr-FR","@id":"https:\/\/www.artisanlocal.ch\/c\/paysagistes-a-chatel-st-denis\/#primaryimage","url":"https:\/\/www.artisanlocal.ch\/c\/wp-content\/uploads\/2024\/11\/paysagiste-jardinier.jpg","contentUrl":"https:\/\/www.artisanlocal.ch\/c\/wp-content\/uploads\/2024\/11\/paysagiste-jardinier.jpg","width":1920,"height":300},{"@type":"BreadcrumbList","@id":"https:\/\/www.artisanlocal.ch\/c\/paysagistes-a-chatel-st-denis\/#breadcrumb","itemListElement":[{"@type":"ListItem","position":1,"name":"Accueil","item":"https:\/\/www.artisanlocal.ch\/c\/"},{"@type":"ListItem","position":2,"name":"Paysagistes \u00e0 Ch\u00e2tel-St-Denis"}]},{"@type":"WebSite","@id":"https:\/\/www.artisanlocal.ch\/c\/#website","url":"https:\/\/www.artisanlocal.ch\/c\/","name":"Artisanlocal","description":"","publisher":{"@id":"https:\/\/www.artisanlocal.ch\/c\/#organization"},"potentialAction":[{"@type":"SearchAction","target":{"@type":"EntryPoint","urlTemplate":"https:\/\/www.artisanlocal.ch\/c\/?s={search_term_string}"},"query-input":{"@type":"PropertyValueSpecification","valueRequired":true,"valueName":"search_term_string"}}],"inLanguage":"fr-FR"},{"@type":"Organization","@id":"https:\/\/www.artisanlocal.ch\/c\/#organization","name":"Artisanlocal","url":"https:\/\/www.artisanlocal.ch\/c\/","logo":{"@type":"ImageObject","inLanguage":"fr-FR","@id":"https:\/\/www.artisanlocal.ch\/c\/#\/schema\/logo\/image\/","url":"https:\/\/www.artisanlocal.ch\/c\/wp-content\/uploads\/2024\/02\/logo-artisanlocal-h.svg","contentUrl":"https:\/\/www.artisanlocal.ch\/c\/wp-content\/uploads\/2024\/02\/logo-artisanlocal-h.svg","caption":"Artisanlocal"},"image":{"@id":"https:\/\/www.artisanlocal.ch\/c\/#\/schema\/logo\/image\/"}}]}},"_links":{"self":[{"href":"https:\/\/www.artisanlocal.ch\/c\/wp-json\/wp\/v2\/pages\/2914","targetHints":{"allow":["GET"]}}],"collection":[{"href":"https:\/\/www.artisanlocal.ch\/c\/wp-json\/wp\/v2\/pages"}],"about":[{"href":"https:\/\/www.artisanlocal.ch\/c\/wp-json\/wp\/v2\/types\/page"}],"author":[{"embeddable":true,"href":"https:\/\/www.artisanlocal.ch\/c\/wp-json\/wp\/v2\/users\/4"}],"replies":[{"embeddable":true,"href":"https:\/\/www.artisanlocal.ch\/c\/wp-json\/wp\/v2\/comments?post=2914"}],"version-history":[{"count":0,"href":"https:\/\/www.artisanlocal.ch\/c\/wp-json\/wp\/v2\/pages\/2914\/revisions"}],"wp:featuredmedia":[{"embeddable":true,"href":"https:\/\/www.artisanlocal.ch\/c\/wp-json\/wp\/v2\/media\/2962"}],"wp:attachment":[{"href":"https:\/\/www.artisanlocal.ch\/c\/wp-json\/wp\/v2\/media?parent=2914"}],"wp:term":[{"taxonomy":"profession","embeddable":true,"href":"https:\/\/www.artisanlocal.ch\/c\/wp-json\/wp\/v2\/profession?post=2914"},{"taxonomy":"location","embeddable":true,"href":"https:\/\/www.artisanlocal.ch\/c\/wp-json\/wp\/v2\/location?post=2914"},{"taxonomy":"canton","embeddable":true,"href":"https:\/\/www.artisanlocal.ch\/c\/wp-json\/wp\/v2\/canton?post=2914"}],"curies":[{"name":"wp","href":"https:\/\/api.w.org\/{rel}","templated":true}]}}