{"id":2923,"date":"2024-09-27T06:04:08","date_gmt":"2024-09-27T04:04:08","guid":{"rendered":"https:\/\/www.artisanlocal.ch\/c\/artisan-paysagiste-a-meyrin\/"},"modified":"2025-08-26T19:26:40","modified_gmt":"2025-08-26T17:26:40","slug":"artisan-paysagiste-a-meyrin","status":"publish","type":"page","link":"https:\/\/www.artisanlocal.ch\/c\/artisan-paysagiste-a-meyrin\/","title":{"rendered":"Artisan paysagiste \u00e0 Meyrin"},"content":{"rendered":"<p>Artisanlocal r\u00e9alise la cr\u00e9ation, l&rsquo;agencement et l&rsquo;entretien de vos ext\u00e9rieurs. \u00c0 Meyrin, nos paysagistes op\u00e8rent chez les particuliers, les copropri\u00e9t\u00e9s et les professionnels. Nos jardiniers sont \u00e0 l&rsquo;\u00e9coute de vos besoins et vous proposent des services personnalis\u00e9s tout en pr\u00e9servant l&rsquo;environnement.<\/p>\n\r\n<div class=\"box\">\r\n    <h2 class=\"text-dark\">Nous cherchons un <em class=\"text-primary\">Jardinier - Paysagiste<\/em> dans la r\u00e9gion de <em class=\"text-primary\">Meyrin<\/em>  en exclusivit\u00e9, afin de proposer vos services \u00e0 nos clients propri\u00e9taires.<\/h2>\r\n    <p>Une opportunit\u00e9 unique pour booster votre activit\u00e9 \u00e0 <strong>Meyrin<\/strong> et aux alentours dans votre domaine (Jardinier - Paysagiste).<\/p>\r\n    <p>Nous travaillons en exclusivit\u00e9 avec qu'une soci\u00e9t\u00e9 par m\u00e9tier et par r\u00e9gion. <br>Votre entreprise est pr\u00e9sente sur tous les documents immobiliers. Afin d'\u00eatre mieux vu sur le net, vous \u00eates \u00e9galement visible sur nos deux sites et sur les pages de r\u00e9f\u00e9rencement de votre r\u00e9gion.<\/p>\r\n    <a href=\"\/contact\" class=\"wp-block-button__link has-accent-background-color has-text-align-center wp-element-button\">R\u00e9server<\/a>\r\n<\/div>\n<h2>Prestations personnalis\u00e9es en fonction de votre jardin<\/h2>\n<ul>\n<li>Cr\u00e9ation sur mesure et cr\u00e9ation de votre jardin : nous r\u00e9alisons la cr\u00e9ation et l&rsquo;am\u00e9nagement de votre jardin par rapport \u00e0 vos attentes.<\/li>\n<li>Entretien de votre espace vert : nous op\u00e9rons \u00e0 la prestation ou sous contrat par rapport \u00e0 vos attentes.<\/li>\n<li> Am\u00e9nagement de jardin sur votre balcon ou terrasse : nos jardiniers m\u00e9tamorphosent votre terrasse ou votre balcon en y cr\u00e9ant un jardin.<\/li>\n<li> Conception-r\u00e9alisation d&rsquo;espaces verts : nous introduisons une touche de verdure dans votre entreprise, immeuble, restaurant ou centre commercial. R\u00e9novation des jardins : nous r\u00e9alisons la restauration et de vos jardins pour les immeubles, maisons et studios.<\/li>\n<li> Entretien espaces verts am\u00e9nag\u00e9s dans les villes : nous restaurons les berges, les ruelles, les bords de route, les parcs et les jardins.<\/li>\n<\/ul>\n<h2>Nos services en am\u00e9nagement paysager<\/h2>\n<ul>\n<li>\u00c9lagage, enl\u00e8vement d&rsquo;arbre<\/li>\n<li>Broyage et \u00e9limination des d\u00e9bris<\/li>\n<li>D\u00e9frichement, fauchage<\/li>\n<li>Am\u00e9nagement, v\u00e9g\u00e9talisation<\/li>\n<li>Conception de massif <\/li>\n<li>Installation de pelouse <\/li>\n<li>Plantations et fleurissement<\/li>\n<li>Mise en place de panneaux et de barri\u00e8res<\/li>\n<li>Tonte de gazon<\/li>\n<li>Tailles de rosiers, haies et arbustes<\/li>\n<li>Installation de l&rsquo;arrosage <\/li>\n<li>R\u00e9novation de gazon<\/li>\n<li>D\u00e9racinement de racines<\/li>\n<li>Aplanissement de sol<\/li>\n<li>Pr\u00e9paration du terrain<\/li>\n<li>Pose de terrasse lames de bois<\/li>\n<li>Dallage<\/li>\n<\/ul>\n<h2>Pourquoi s\u00e9lectionner Artisanlocal ?<\/h2>\n<p>Nos paysagistes \u00e0 Meyrin respectent l&rsquo;environnement. Nous travaillons avec les professionnels, les particuliers et les collectivit\u00e9s. Nous employons que des produits \u00e9cologiques. Artisanlocal est localis\u00e9 au c\u0153ur de Meyrin. Nos paysagistes sont qualifi\u00e9es et attachent une importance particuli\u00e8re \u00e0 votre satisfaction. Nous faisons tout notre possible pour r\u00e9pondre \u00e0 vos attentes d\u00e8s que possible. Notre entreprise propose des prix comp\u00e9titifs. L&rsquo;estimation de vos travaux est offerte.<\/p>\n<h2>Une soci\u00e9t\u00e9 pour g\u00e9rer tous vos besoins <\/h2>\n<p>Situ\u00e9e \u00e0 Meyrin, Artisanlocal est reconnue dans l\u2019am\u00e9nagement paysager et r\u00e9alise aussi la cr\u00e9ation et l\u2019entretien de vos ext\u00e9rieurs. Avec notre soci\u00e9t\u00e9, vous un interlocuteur unique, vous permettant ainsi de gagner de l&rsquo;argent et du temps.<\/p>\n<h2>Quels sont les types de clients qu&rsquo;Artisanlocal assiste ?<\/h2>\n<p>Notre soci\u00e9t\u00e9 assiste:<\/p>\n<ul>\n<li>Les bars et les restaurants.<\/li>\n<li>Les chambres d&rsquo;h\u00f4tes et \u00e9tablissements h\u00f4teliers.<\/li>\n<li> Les copropri\u00e9t\u00e9s et logements.<\/li>\n<li> Les propri\u00e9taires.<\/li>\n<li> Les terrains agricoles et ch\u00e2teaux. <\/li>\n<li>Les soci\u00e9t\u00e9s.<\/li>\n<\/ul>\n<h2>Jardiniers paysagistes \u00e0 Meyrin et dans les localit\u00e9s aux alentours<\/h2>\n<p>Nous concevons le jardin dont vous r\u00eavez. En fonction des contraintes de votre terrain et de vos objectifs de votre jardin, nous ajustons notre service. Nous examinons en premier lieu votre projet, et nous nous occupons de sa mise en oeuvre de A \u00e0 Z. Nos paysagistes interviennent \u00e0 Meyrin, et \u00e9galement dans les villes proches, telles que :&nbsp;<\/p>\nGen\u00e8ve, Vernier, Cointrin, Le Grand-Saconnex, Ch\u00e2telaine, Le Lignon, Les Avanchets, Collex, Satigny, Russin, Dardagny, La Plaine, Chamb\u00e9sy.\n","protected":false},"excerpt":{"rendered":"<p>Artisanlocal r\u00e9alise la cr\u00e9ation, l&rsquo;agencement et l&rsquo;entretien de vos ext\u00e9rieurs. \u00c0 Meyrin, nos paysagistes op\u00e8rent chez les particuliers, les copropri\u00e9t\u00e9s et les professionnels. Nos jardiniers sont \u00e0 l&rsquo;\u00e9coute de vos besoins et vous proposent des services personnalis\u00e9s tout en pr\u00e9servant l&rsquo;environnement. Prestations personnalis\u00e9es en fonction de votre jardin Cr\u00e9ation sur mesure et cr\u00e9ation de votre [&hellip;]<\/p>\n","protected":false},"author":4,"featured_media":2962,"parent":0,"menu_order":0,"comment_status":"closed","ping_status":"closed","template":"","meta":{"footnotes":""},"profession":[128],"location":[50],"canton":[112],"class_list":["post-2923","page","type-page","status-publish","has-post-thumbnail","hentry","profession-jardinier-paysagiste","location-meyrin","canton-ge"],"yoast_head":"<!-- This site is optimized with the Yoast SEO Premium plugin v25.7.1 (Yoast SEO v27.4) - https:\/\/yoast.com\/product\/yoast-seo-premium-wordpress\/ -->\n<title>Artisan paysagiste \u00e0 Meyrin - Artisanlocal<\/title>\n<meta name=\"robots\" content=\"index, follow, max-snippet:-1, max-image-preview:large, max-video-preview:-1\" \/>\n<link rel=\"canonical\" href=\"https:\/\/www.artisanlocal.ch\/c\/artisan-paysagiste-a-meyrin\/\" \/>\n<meta property=\"og:locale\" content=\"fr_FR\" \/>\n<meta property=\"og:type\" content=\"article\" \/>\n<meta property=\"og:title\" content=\"Artisan paysagiste \u00e0 Meyrin\" \/>\n<meta property=\"og:description\" content=\"Artisanlocal r\u00e9alise la cr\u00e9ation, l&rsquo;agencement et l&rsquo;entretien de vos ext\u00e9rieurs. \u00c0 Meyrin, nos paysagistes op\u00e8rent chez les particuliers, les copropri\u00e9t\u00e9s et les professionnels. Nos jardiniers sont \u00e0 l&rsquo;\u00e9coute de vos besoins et vous proposent des services personnalis\u00e9s tout en pr\u00e9servant l&rsquo;environnement. Prestations personnalis\u00e9es en fonction de votre jardin Cr\u00e9ation sur mesure et cr\u00e9ation de votre [&hellip;]\" \/>\n<meta property=\"og:url\" content=\"https:\/\/www.artisanlocal.ch\/c\/artisan-paysagiste-a-meyrin\/\" \/>\n<meta property=\"og:site_name\" content=\"Artisanlocal\" \/>\n<meta property=\"article:modified_time\" content=\"2025-08-26T17:26:40+00:00\" \/>\n<meta property=\"og:image\" content=\"https:\/\/www.artisanlocal.ch\/c\/wp-content\/uploads\/2024\/11\/paysagiste-jardinier.jpg\" \/>\n\t<meta property=\"og:image:width\" content=\"1920\" \/>\n\t<meta property=\"og:image:height\" content=\"300\" \/>\n\t<meta property=\"og:image:type\" content=\"image\/jpeg\" \/>\n<meta name=\"twitter:card\" content=\"summary_large_image\" \/>\n<meta name=\"twitter:label1\" content=\"Dur\u00e9e de lecture estim\u00e9e\" \/>\n\t<meta name=\"twitter:data1\" content=\"3 minutes\" \/>\n<script type=\"application\/ld+json\" class=\"yoast-schema-graph\">{\"@context\":\"https:\\\/\\\/schema.org\",\"@graph\":[{\"@type\":\"WebPage\",\"@id\":\"https:\\\/\\\/www.artisanlocal.ch\\\/c\\\/artisan-paysagiste-a-meyrin\\\/\",\"url\":\"https:\\\/\\\/www.artisanlocal.ch\\\/c\\\/artisan-paysagiste-a-meyrin\\\/\",\"name\":\"Artisan paysagiste \u00e0 Meyrin - Artisanlocal\",\"isPartOf\":{\"@id\":\"https:\\\/\\\/www.artisanlocal.ch\\\/c\\\/#website\"},\"primaryImageOfPage\":{\"@id\":\"https:\\\/\\\/www.artisanlocal.ch\\\/c\\\/artisan-paysagiste-a-meyrin\\\/#primaryimage\"},\"image\":{\"@id\":\"https:\\\/\\\/www.artisanlocal.ch\\\/c\\\/artisan-paysagiste-a-meyrin\\\/#primaryimage\"},\"thumbnailUrl\":\"https:\\\/\\\/www.artisanlocal.ch\\\/c\\\/wp-content\\\/uploads\\\/2024\\\/11\\\/paysagiste-jardinier.jpg\",\"datePublished\":\"2024-09-27T04:04:08+00:00\",\"dateModified\":\"2025-08-26T17:26:40+00:00\",\"breadcrumb\":{\"@id\":\"https:\\\/\\\/www.artisanlocal.ch\\\/c\\\/artisan-paysagiste-a-meyrin\\\/#breadcrumb\"},\"inLanguage\":\"fr-FR\",\"potentialAction\":[{\"@type\":\"ReadAction\",\"target\":[\"https:\\\/\\\/www.artisanlocal.ch\\\/c\\\/artisan-paysagiste-a-meyrin\\\/\"]}]},{\"@type\":\"ImageObject\",\"inLanguage\":\"fr-FR\",\"@id\":\"https:\\\/\\\/www.artisanlocal.ch\\\/c\\\/artisan-paysagiste-a-meyrin\\\/#primaryimage\",\"url\":\"https:\\\/\\\/www.artisanlocal.ch\\\/c\\\/wp-content\\\/uploads\\\/2024\\\/11\\\/paysagiste-jardinier.jpg\",\"contentUrl\":\"https:\\\/\\\/www.artisanlocal.ch\\\/c\\\/wp-content\\\/uploads\\\/2024\\\/11\\\/paysagiste-jardinier.jpg\",\"width\":1920,\"height\":300},{\"@type\":\"BreadcrumbList\",\"@id\":\"https:\\\/\\\/www.artisanlocal.ch\\\/c\\\/artisan-paysagiste-a-meyrin\\\/#breadcrumb\",\"itemListElement\":[{\"@type\":\"ListItem\",\"position\":1,\"name\":\"Accueil\",\"item\":\"https:\\\/\\\/www.artisanlocal.ch\\\/c\\\/\"},{\"@type\":\"ListItem\",\"position\":2,\"name\":\"Artisan paysagiste \u00e0 Meyrin\"}]},{\"@type\":\"WebSite\",\"@id\":\"https:\\\/\\\/www.artisanlocal.ch\\\/c\\\/#website\",\"url\":\"https:\\\/\\\/www.artisanlocal.ch\\\/c\\\/\",\"name\":\"Artisanlocal\",\"description\":\"\",\"publisher\":{\"@id\":\"https:\\\/\\\/www.artisanlocal.ch\\\/c\\\/#organization\"},\"potentialAction\":[{\"@type\":\"SearchAction\",\"target\":{\"@type\":\"EntryPoint\",\"urlTemplate\":\"https:\\\/\\\/www.artisanlocal.ch\\\/c\\\/?s={search_term_string}\"},\"query-input\":{\"@type\":\"PropertyValueSpecification\",\"valueRequired\":true,\"valueName\":\"search_term_string\"}}],\"inLanguage\":\"fr-FR\"},{\"@type\":\"Organization\",\"@id\":\"https:\\\/\\\/www.artisanlocal.ch\\\/c\\\/#organization\",\"name\":\"Artisanlocal\",\"url\":\"https:\\\/\\\/www.artisanlocal.ch\\\/c\\\/\",\"logo\":{\"@type\":\"ImageObject\",\"inLanguage\":\"fr-FR\",\"@id\":\"https:\\\/\\\/www.artisanlocal.ch\\\/c\\\/#\\\/schema\\\/logo\\\/image\\\/\",\"url\":\"https:\\\/\\\/www.artisanlocal.ch\\\/c\\\/wp-content\\\/uploads\\\/2024\\\/02\\\/logo-artisanlocal-h.svg\",\"contentUrl\":\"https:\\\/\\\/www.artisanlocal.ch\\\/c\\\/wp-content\\\/uploads\\\/2024\\\/02\\\/logo-artisanlocal-h.svg\",\"caption\":\"Artisanlocal\"},\"image\":{\"@id\":\"https:\\\/\\\/www.artisanlocal.ch\\\/c\\\/#\\\/schema\\\/logo\\\/image\\\/\"}}]}<\/script>\n<!-- \/ Yoast SEO Premium plugin. -->","yoast_head_json":{"title":"Artisan paysagiste \u00e0 Meyrin - Artisanlocal","robots":{"index":"index","follow":"follow","max-snippet":"max-snippet:-1","max-image-preview":"max-image-preview:large","max-video-preview":"max-video-preview:-1"},"canonical":"https:\/\/www.artisanlocal.ch\/c\/artisan-paysagiste-a-meyrin\/","og_locale":"fr_FR","og_type":"article","og_title":"Artisan paysagiste \u00e0 Meyrin","og_description":"Artisanlocal r\u00e9alise la cr\u00e9ation, l&rsquo;agencement et l&rsquo;entretien de vos ext\u00e9rieurs. \u00c0 Meyrin, nos paysagistes op\u00e8rent chez les particuliers, les copropri\u00e9t\u00e9s et les professionnels. Nos jardiniers sont \u00e0 l&rsquo;\u00e9coute de vos besoins et vous proposent des services personnalis\u00e9s tout en pr\u00e9servant l&rsquo;environnement. Prestations personnalis\u00e9es en fonction de votre jardin Cr\u00e9ation sur mesure et cr\u00e9ation de votre [&hellip;]","og_url":"https:\/\/www.artisanlocal.ch\/c\/artisan-paysagiste-a-meyrin\/","og_site_name":"Artisanlocal","article_modified_time":"2025-08-26T17:26:40+00:00","og_image":[{"width":1920,"height":300,"url":"https:\/\/www.artisanlocal.ch\/c\/wp-content\/uploads\/2024\/11\/paysagiste-jardinier.jpg","type":"image\/jpeg"}],"twitter_card":"summary_large_image","twitter_misc":{"Dur\u00e9e de lecture estim\u00e9e":"3 minutes"},"schema":{"@context":"https:\/\/schema.org","@graph":[{"@type":"WebPage","@id":"https:\/\/www.artisanlocal.ch\/c\/artisan-paysagiste-a-meyrin\/","url":"https:\/\/www.artisanlocal.ch\/c\/artisan-paysagiste-a-meyrin\/","name":"Artisan paysagiste \u00e0 Meyrin - Artisanlocal","isPartOf":{"@id":"https:\/\/www.artisanlocal.ch\/c\/#website"},"primaryImageOfPage":{"@id":"https:\/\/www.artisanlocal.ch\/c\/artisan-paysagiste-a-meyrin\/#primaryimage"},"image":{"@id":"https:\/\/www.artisanlocal.ch\/c\/artisan-paysagiste-a-meyrin\/#primaryimage"},"thumbnailUrl":"https:\/\/www.artisanlocal.ch\/c\/wp-content\/uploads\/2024\/11\/paysagiste-jardinier.jpg","datePublished":"2024-09-27T04:04:08+00:00","dateModified":"2025-08-26T17:26:40+00:00","breadcrumb":{"@id":"https:\/\/www.artisanlocal.ch\/c\/artisan-paysagiste-a-meyrin\/#breadcrumb"},"inLanguage":"fr-FR","potentialAction":[{"@type":"ReadAction","target":["https:\/\/www.artisanlocal.ch\/c\/artisan-paysagiste-a-meyrin\/"]}]},{"@type":"ImageObject","inLanguage":"fr-FR","@id":"https:\/\/www.artisanlocal.ch\/c\/artisan-paysagiste-a-meyrin\/#primaryimage","url":"https:\/\/www.artisanlocal.ch\/c\/wp-content\/uploads\/2024\/11\/paysagiste-jardinier.jpg","contentUrl":"https:\/\/www.artisanlocal.ch\/c\/wp-content\/uploads\/2024\/11\/paysagiste-jardinier.jpg","width":1920,"height":300},{"@type":"BreadcrumbList","@id":"https:\/\/www.artisanlocal.ch\/c\/artisan-paysagiste-a-meyrin\/#breadcrumb","itemListElement":[{"@type":"ListItem","position":1,"name":"Accueil","item":"https:\/\/www.artisanlocal.ch\/c\/"},{"@type":"ListItem","position":2,"name":"Artisan paysagiste \u00e0 Meyrin"}]},{"@type":"WebSite","@id":"https:\/\/www.artisanlocal.ch\/c\/#website","url":"https:\/\/www.artisanlocal.ch\/c\/","name":"Artisanlocal","description":"","publisher":{"@id":"https:\/\/www.artisanlocal.ch\/c\/#organization"},"potentialAction":[{"@type":"SearchAction","target":{"@type":"EntryPoint","urlTemplate":"https:\/\/www.artisanlocal.ch\/c\/?s={search_term_string}"},"query-input":{"@type":"PropertyValueSpecification","valueRequired":true,"valueName":"search_term_string"}}],"inLanguage":"fr-FR"},{"@type":"Organization","@id":"https:\/\/www.artisanlocal.ch\/c\/#organization","name":"Artisanlocal","url":"https:\/\/www.artisanlocal.ch\/c\/","logo":{"@type":"ImageObject","inLanguage":"fr-FR","@id":"https:\/\/www.artisanlocal.ch\/c\/#\/schema\/logo\/image\/","url":"https:\/\/www.artisanlocal.ch\/c\/wp-content\/uploads\/2024\/02\/logo-artisanlocal-h.svg","contentUrl":"https:\/\/www.artisanlocal.ch\/c\/wp-content\/uploads\/2024\/02\/logo-artisanlocal-h.svg","caption":"Artisanlocal"},"image":{"@id":"https:\/\/www.artisanlocal.ch\/c\/#\/schema\/logo\/image\/"}}]}},"_links":{"self":[{"href":"https:\/\/www.artisanlocal.ch\/c\/wp-json\/wp\/v2\/pages\/2923","targetHints":{"allow":["GET"]}}],"collection":[{"href":"https:\/\/www.artisanlocal.ch\/c\/wp-json\/wp\/v2\/pages"}],"about":[{"href":"https:\/\/www.artisanlocal.ch\/c\/wp-json\/wp\/v2\/types\/page"}],"author":[{"embeddable":true,"href":"https:\/\/www.artisanlocal.ch\/c\/wp-json\/wp\/v2\/users\/4"}],"replies":[{"embeddable":true,"href":"https:\/\/www.artisanlocal.ch\/c\/wp-json\/wp\/v2\/comments?post=2923"}],"version-history":[{"count":0,"href":"https:\/\/www.artisanlocal.ch\/c\/wp-json\/wp\/v2\/pages\/2923\/revisions"}],"wp:featuredmedia":[{"embeddable":true,"href":"https:\/\/www.artisanlocal.ch\/c\/wp-json\/wp\/v2\/media\/2962"}],"wp:attachment":[{"href":"https:\/\/www.artisanlocal.ch\/c\/wp-json\/wp\/v2\/media?parent=2923"}],"wp:term":[{"taxonomy":"profession","embeddable":true,"href":"https:\/\/www.artisanlocal.ch\/c\/wp-json\/wp\/v2\/profession?post=2923"},{"taxonomy":"location","embeddable":true,"href":"https:\/\/www.artisanlocal.ch\/c\/wp-json\/wp\/v2\/location?post=2923"},{"taxonomy":"canton","embeddable":true,"href":"https:\/\/www.artisanlocal.ch\/c\/wp-json\/wp\/v2\/canton?post=2923"}],"curies":[{"name":"wp","href":"https:\/\/api.w.org\/{rel}","templated":true}]}}