{"id":2944,"date":"2024-09-30T00:25:05","date_gmt":"2024-09-29T22:25:05","guid":{"rendered":"https:\/\/www.artisanlocal.ch\/c\/societe-paysagiste-a-estavayer-le-lac\/"},"modified":"2025-09-13T12:43:47","modified_gmt":"2025-09-13T10:43:47","slug":"societe-paysagiste-a-estavayer-le-lac","status":"publish","type":"page","link":"https:\/\/www.artisanlocal.ch\/c\/societe-paysagiste-a-estavayer-le-lac\/","title":{"rendered":"Paysagiste \u00e0 Estavayer-le-lac"},"content":{"rendered":"<p>Artisanlocal effectue la cr\u00e9ation, l&rsquo;am\u00e9nagement et l&rsquo;entretien de vos ext\u00e9rieurs. Notre \u00e9quipe de jardiniers intervient \u00e0 Estavayer-le-lac aupr\u00e8s des professionnels, particuliers et copropri\u00e9t\u00e9s.<\/p>\n\r\n<div class=\"box\">\r\n            <div class=\"company-info\">\r\n            <img decoding=\"async\" class=\"company-info__logo\" src=\"https:\/\/www.artisanlocal.ch\/media\/cache\/thumb\/images\/companies\/67176eaae4d8d546764919.png\" alt=\"Logo\">\r\n            <h2 class=\"company-info__name\">Bourqui Paysages<\/h2>\r\n            <p class=\"company-info__business\">Paysagiste - Entretien de jardin - Am\u00e9nagement ext\u00e9rieur<\/p>\r\n        <\/div>\r\n        <div class=\"company-contact\">\r\n            <p class=\"company-info__address\">Route du Couchon 24<\/p>\r\n                            <div class=\"links\">\r\n                                            <a class=\"btn has-accent-background-color js-phoneNumber\" href=\"tel:0796642336\" title=\"Appelez\" data-id=\"3654\" data-type=\"11\">079 664 23 36<\/a>\r\n                                                                <a class=\"btn has-accent-background-color\" href=\"http:\/\/www.bourquipaysages.ch\/\" target=\"_blank\" title=\"Voir le site internet\" data-id=\"3654\" data-type=\"20\">Site internet<\/a>\r\n                                    <\/div>\r\n                    <\/div>\r\n    \r\n            \r\n<form action=\"https:\/\/www.artisanlocal.ch\/c\/wp-admin\/admin-ajax.php\" method=\"post\" class=\"form-contact\" id=\"artisan_form_contact_company_inline\">\r\n    <div><input type=\"hidden\" name=\"action\" value=\"company_contact\"><\/div>\r\n    <div><input type=\"hidden\" name=\"nonce\" value=\"f071462bb9\"><\/div>\r\n    <div><input type=\"hidden\" name=\"company_id\" value=\"3654\"><\/div>\r\n    <div><input type=\"hidden\" name=\"form_id\" value=\"artisan_form_contact_company_inline\"><\/div>\r\n    <div class=\"gglcptch gglcptch_v3 gglcptch_custom\"><input type=\"hidden\" id=\"g-recaptcha-response\" name=\"g-recaptcha-response\" \/><br \/><div class=\"gglcptch_error_text\">La p\u00e9riode de v\u00e9rification reCAPTCHA a expir\u00e9. Veuillez recharger la page.<\/div><\/div>    <div class=\"form-content\">\r\n        <div class=\"form-group\">\r\n            <label for=\"contact_firstName\" class=\"required\">Pr\u00e9nom<\/label>\r\n            <input type=\"text\" name=\"firstName\" class=\"form-control\" required>\r\n        <\/div>\r\n        <div class=\"form-group\">\r\n            <label for=\"contact_lastName\" class=\"required\">Nom<\/label>\r\n            <input type=\"text\" name=\"lastName\" class=\"form-control\" required>\r\n        <\/div>\r\n        <div class=\"form-group\">\r\n            <label for=\"contact_email\" class=\"required\">Email<\/label>\r\n            <input type=\"email\" name=\"email\" class=\"form-control\" required>\r\n        <\/div>\r\n        <div class=\"form-group\">\r\n            <label for=\"contact_phone\" class=\"required\">Num\u00e9ro de t\u00e9l\u00e9phone<\/label>\r\n            <input type=\"tel\" name=\"phone\" class=\"form-control\" placeholder=\"0787117165\" pattern=\"^[0-9]{10}$\" required>\r\n        <\/div>\r\n        <div class=\"form-group\">\r\n            <label for=\"contact_postalCode\" class=\"required\">Code postal et localit\u00e9<\/label>\r\n            <input type=\"text\" name=\"postalCode\" class=\"form-control\" required>\r\n        <\/div>\r\n        <div class=\"form-group\">\r\n            <label for=\"contact_address\" class=\"required\">Adresse<\/label>\r\n            <input type=\"text\" name=\"address\" class=\"form-control\" required>\r\n        <\/div>\r\n        <div class=\"full-width topic\">\r\n            <p class=\"required\">Je souhaite \u00eatre contact\u00e9 pour :<\/p>\r\n            <div class=\"form-check\">\r\n                <input type=\"radio\" name=\"topic\" value=\"D\u00e9pannage\" class=\"form-control\" required>\r\n                <label for=\"d\u00e9pannage\">D\u00e9pannage<\/label>\r\n            <\/div>\r\n            <div class=\"form-check\">\r\n                <input type=\"radio\" name=\"topic\" value=\"Entretien\" class=\"form-control\" required>\r\n                <label for=\"entretien\">Entretien<\/label>\r\n            <\/div>\r\n            <div class=\"form-check\">\r\n                <input type=\"radio\" name=\"topic\" value=\"R\u00e9novation\" class=\"form-control\" required>\r\n                <label for=\"r\u00e9novation\">R\u00e9novation<\/label>\r\n            <\/div>\r\n            <div class=\"form-check\">\r\n                <input type=\"radio\" name=\"topic\" value=\"Autre\" class=\"form-control\" required>\r\n                <label for=\"autre\">Autre<\/label>\r\n            <\/div>\r\n        <\/div>\r\n        <div class=\"form-group full-width\">\r\n            <label for=\"contact_message\">Message<\/label>\r\n            <textarea name=\"message\" rows=\"3\" class=\"form-control\"><\/textarea>\r\n        <\/div>\r\n    <\/div>\r\n    <div class=\"form-actions\">\r\n        <button class=\"wp-block-button__link has-accent-background-color\">Contacter<\/button>\r\n    <\/div>\r\n<\/form>\r\n<div class=\"form-feedback\"><\/div>    <\/div>\n<h2>Nos services de paysagiste \u00e0 Estavayer-le-lac<\/h2>\n<ul>\n<li>Am\u00e9nagement et conception de votre jardin.<\/li>\n<li>Entretien de votre espace vert.<\/li>\n<li>Am\u00e9nagement d&rsquo;espace vert sur votre terrasse ou balcon.<\/li>\n<li>Conception-r\u00e9alisation d&rsquo;espaces verts.<\/li>\n<li>Entretien des espaces verts en ville.<\/li>\n<\/ul>\n<h2>Nos prestations en am\u00e9nagement paysager<\/h2>\n<ul>\n<li>R\u00e9alisation de massif.<\/li>\n<li>D\u00e9broussaillage, fauchage.<\/li>\n<li>Installation de gazon.<\/li>\n<li>Fleurissement et plantations.<\/li>\n<li>Coupes de haies, arbustes et rosiers.<\/li>\n<li>Coupe de la pelouse.<\/li>\n<li>R\u00e9novation de pelouse.<\/li>\n<li>Am\u00e9nagement, installation de v\u00e9g\u00e9taux.<\/li>\n<li>Aplanissement de sol.<\/li>\n<li>Terrassement.<\/li>\n<li>Mise en place de panneaux et de barri\u00e8res.<\/li>\n<li>Mise en place de l&rsquo;arrosage.<\/li>\n<li>Pose de terrasse avec lames de bois.<\/li>\n<li>Dallage.<\/li>\n<li>\u00c9lagage, abattage d&rsquo;arbre.<\/li>\n<li>D\u00e9racinement de racines.<\/li>\n<li>Broyage et \u00e9vacuation des d\u00e9bris.<\/li>\n<\/ul>\n<h2>Pourquoi faire confiance \u00e0 Artisanlocal.ch ?<\/h2>\n<ul>\n<li>\u00c0 Estavayer-le-lac, nos jardiniers s&rsquo;engagent \u00e0 respecter l&rsquo;environnement.<\/li>\n<li>Nous collaborons avec les professionnels, les particuliers et les collectivit\u00e9s.<\/li>\n<li>Les produits que nos jardiniers utilisent sont \u00e9coresponsables.<\/li>\n<li>Notre soci\u00e9t\u00e9 est situ\u00e9e au c\u0153ur de Estavayer-le-lac.<\/li>\n<li>Nous nous effor\u00e7ons de r\u00e9pondre \u00e0 vos attentes.<\/li>\n<li>Nos tarifs sont attractifs.<\/li>\n<li>Nos devis sont gratuits.<\/li>\n<\/ul>\n<h2>Une soci\u00e9t\u00e9 pour r\u00e9pondre \u00e0 tous vos besoins paysagers<\/h2>\n<p>Artisanlocal est une entreprise sp\u00e9cialis\u00e9e dans l\u2019am\u00e9nagement de jardin \u00e0 Estavayer-le-lac et qui s\u2019occupent de la cr\u00e9ation et l\u2019entretien de vos jardins. Avec notre entreprise, vous n\u2019avez qu\u2019un seul interlocuteur, vous permettant ainsi de gagner du temps et de l&rsquo;argent.<\/p>\n<h2>Quels sont les types de clients qu&rsquo;Artisanlocal assiste ?<\/h2>\n<ul>\n<li>Les restaurants et caf\u00e9s.<\/li>\n<li>Les chambres d&rsquo;h\u00f4tes et h\u00f4tels.<\/li>\n<li>Les habitations et copropri\u00e9t\u00e9s.<\/li>\n<li>Les propri\u00e9taires.<\/li>\n<li>Les domaines agricoles et ch\u00e2teaux.<\/li>\n<li>Les entreprises.<\/li>\n<\/ul>\n<h2>Paysagistes \u00e0 Estavayer-le-lac et dans les villes proches<\/h2>\n<p>Nos jardiniers interviennent \u00e0 Estavayer-le-lac, et aussi dans les villes proches, telles que :<\/p>\nCheyres, Bollion, Lully FR, Seiry, Ch\u00e2tillon FR, Font, Ch\u00e2bles FR, Autavaux, Forel FR, Montbrelloz, Cugy FR, Vesin, Frasses, Montet (Broye), Aumont, Granges-de-Vesin, Nuvilly, Murist, Payerne, F\u00e9tigny, M\u00e9ni\u00e8res, Treytorrens (Payerne), Bussy FR, Morens FR, S\u00e9vaz, Rueyres-les-Pr\u00e9s, Grandcour, Chevroux, Vers-chez-Perrin, Trey, Ch\u00e2tonnaye, Corcelles-pr\u00e8s-Payerne, Missy, Cerniat FR, Middes, Cousset, Montagny-les-Monts, Grandsivaz, Mannens, Montagny-la-Ville.\n","protected":false},"excerpt":{"rendered":"<p>Artisanlocal effectue la cr\u00e9ation, l&rsquo;am\u00e9nagement et l&rsquo;entretien de vos ext\u00e9rieurs. Notre \u00e9quipe de jardiniers intervient \u00e0 Estavayer-le-lac aupr\u00e8s des professionnels, particuliers et copropri\u00e9t\u00e9s. Nos services de paysagiste \u00e0 Estavayer-le-lac Am\u00e9nagement et conception de votre jardin. Entretien de votre espace vert. Am\u00e9nagement d&rsquo;espace vert sur votre terrasse ou balcon. Conception-r\u00e9alisation d&rsquo;espaces verts. Entretien des espaces verts [&hellip;]<\/p>\n","protected":false},"author":4,"featured_media":2962,"parent":0,"menu_order":0,"comment_status":"closed","ping_status":"closed","template":"","meta":{"footnotes":""},"profession":[128],"location":[42],"canton":[109],"class_list":["post-2944","page","type-page","status-publish","has-post-thumbnail","hentry","profession-jardinier-paysagiste","location-estavayer-le-lac","canton-fr"],"yoast_head":"<!-- This site is optimized with the Yoast SEO Premium plugin v25.7.1 (Yoast SEO v27.4) - https:\/\/yoast.com\/product\/yoast-seo-premium-wordpress\/ -->\n<title>Paysagiste \u00e0 Estavayer-le-lac - Artisanlocal<\/title>\n<meta name=\"robots\" content=\"index, follow, max-snippet:-1, max-image-preview:large, max-video-preview:-1\" \/>\n<link rel=\"canonical\" href=\"https:\/\/www.artisanlocal.ch\/c\/societe-paysagiste-a-estavayer-le-lac\/\" \/>\n<meta property=\"og:locale\" content=\"fr_FR\" \/>\n<meta property=\"og:type\" content=\"article\" \/>\n<meta property=\"og:title\" content=\"Paysagiste \u00e0 Estavayer-le-lac\" \/>\n<meta property=\"og:description\" content=\"Artisanlocal effectue la cr\u00e9ation, l&rsquo;am\u00e9nagement et l&rsquo;entretien de vos ext\u00e9rieurs. Notre \u00e9quipe de jardiniers intervient \u00e0 Estavayer-le-lac aupr\u00e8s des professionnels, particuliers et copropri\u00e9t\u00e9s. Nos services de paysagiste \u00e0 Estavayer-le-lac Am\u00e9nagement et conception de votre jardin. Entretien de votre espace vert. Am\u00e9nagement d&rsquo;espace vert sur votre terrasse ou balcon. Conception-r\u00e9alisation d&rsquo;espaces verts. Entretien des espaces verts [&hellip;]\" \/>\n<meta property=\"og:url\" content=\"https:\/\/www.artisanlocal.ch\/c\/societe-paysagiste-a-estavayer-le-lac\/\" \/>\n<meta property=\"og:site_name\" content=\"Artisanlocal\" \/>\n<meta property=\"article:modified_time\" content=\"2025-09-13T10:43:47+00:00\" \/>\n<meta property=\"og:image\" content=\"https:\/\/www.artisanlocal.ch\/c\/wp-content\/uploads\/2024\/11\/paysagiste-jardinier.jpg\" \/>\n\t<meta property=\"og:image:width\" content=\"1920\" \/>\n\t<meta property=\"og:image:height\" content=\"300\" \/>\n\t<meta property=\"og:image:type\" content=\"image\/jpeg\" \/>\n<meta name=\"twitter:card\" content=\"summary_large_image\" \/>\n<meta name=\"twitter:label1\" content=\"Dur\u00e9e de lecture estim\u00e9e\" \/>\n\t<meta name=\"twitter:data1\" content=\"2 minutes\" \/>\n<script type=\"application\/ld+json\" class=\"yoast-schema-graph\">{\"@context\":\"https:\\\/\\\/schema.org\",\"@graph\":[{\"@type\":\"WebPage\",\"@id\":\"https:\\\/\\\/www.artisanlocal.ch\\\/c\\\/societe-paysagiste-a-estavayer-le-lac\\\/\",\"url\":\"https:\\\/\\\/www.artisanlocal.ch\\\/c\\\/societe-paysagiste-a-estavayer-le-lac\\\/\",\"name\":\"Paysagiste \u00e0 Estavayer-le-lac - Artisanlocal\",\"isPartOf\":{\"@id\":\"https:\\\/\\\/www.artisanlocal.ch\\\/c\\\/#website\"},\"primaryImageOfPage\":{\"@id\":\"https:\\\/\\\/www.artisanlocal.ch\\\/c\\\/societe-paysagiste-a-estavayer-le-lac\\\/#primaryimage\"},\"image\":{\"@id\":\"https:\\\/\\\/www.artisanlocal.ch\\\/c\\\/societe-paysagiste-a-estavayer-le-lac\\\/#primaryimage\"},\"thumbnailUrl\":\"https:\\\/\\\/www.artisanlocal.ch\\\/c\\\/wp-content\\\/uploads\\\/2024\\\/11\\\/paysagiste-jardinier.jpg\",\"datePublished\":\"2024-09-29T22:25:05+00:00\",\"dateModified\":\"2025-09-13T10:43:47+00:00\",\"breadcrumb\":{\"@id\":\"https:\\\/\\\/www.artisanlocal.ch\\\/c\\\/societe-paysagiste-a-estavayer-le-lac\\\/#breadcrumb\"},\"inLanguage\":\"fr-FR\",\"potentialAction\":[{\"@type\":\"ReadAction\",\"target\":[\"https:\\\/\\\/www.artisanlocal.ch\\\/c\\\/societe-paysagiste-a-estavayer-le-lac\\\/\"]}]},{\"@type\":\"ImageObject\",\"inLanguage\":\"fr-FR\",\"@id\":\"https:\\\/\\\/www.artisanlocal.ch\\\/c\\\/societe-paysagiste-a-estavayer-le-lac\\\/#primaryimage\",\"url\":\"https:\\\/\\\/www.artisanlocal.ch\\\/c\\\/wp-content\\\/uploads\\\/2024\\\/11\\\/paysagiste-jardinier.jpg\",\"contentUrl\":\"https:\\\/\\\/www.artisanlocal.ch\\\/c\\\/wp-content\\\/uploads\\\/2024\\\/11\\\/paysagiste-jardinier.jpg\",\"width\":1920,\"height\":300},{\"@type\":\"BreadcrumbList\",\"@id\":\"https:\\\/\\\/www.artisanlocal.ch\\\/c\\\/societe-paysagiste-a-estavayer-le-lac\\\/#breadcrumb\",\"itemListElement\":[{\"@type\":\"ListItem\",\"position\":1,\"name\":\"Accueil\",\"item\":\"https:\\\/\\\/www.artisanlocal.ch\\\/c\\\/\"},{\"@type\":\"ListItem\",\"position\":2,\"name\":\"Paysagiste \u00e0 Estavayer-le-lac\"}]},{\"@type\":\"WebSite\",\"@id\":\"https:\\\/\\\/www.artisanlocal.ch\\\/c\\\/#website\",\"url\":\"https:\\\/\\\/www.artisanlocal.ch\\\/c\\\/\",\"name\":\"Artisanlocal\",\"description\":\"\",\"publisher\":{\"@id\":\"https:\\\/\\\/www.artisanlocal.ch\\\/c\\\/#organization\"},\"potentialAction\":[{\"@type\":\"SearchAction\",\"target\":{\"@type\":\"EntryPoint\",\"urlTemplate\":\"https:\\\/\\\/www.artisanlocal.ch\\\/c\\\/?s={search_term_string}\"},\"query-input\":{\"@type\":\"PropertyValueSpecification\",\"valueRequired\":true,\"valueName\":\"search_term_string\"}}],\"inLanguage\":\"fr-FR\"},{\"@type\":\"Organization\",\"@id\":\"https:\\\/\\\/www.artisanlocal.ch\\\/c\\\/#organization\",\"name\":\"Artisanlocal\",\"url\":\"https:\\\/\\\/www.artisanlocal.ch\\\/c\\\/\",\"logo\":{\"@type\":\"ImageObject\",\"inLanguage\":\"fr-FR\",\"@id\":\"https:\\\/\\\/www.artisanlocal.ch\\\/c\\\/#\\\/schema\\\/logo\\\/image\\\/\",\"url\":\"https:\\\/\\\/www.artisanlocal.ch\\\/c\\\/wp-content\\\/uploads\\\/2024\\\/02\\\/logo-artisanlocal-h.svg\",\"contentUrl\":\"https:\\\/\\\/www.artisanlocal.ch\\\/c\\\/wp-content\\\/uploads\\\/2024\\\/02\\\/logo-artisanlocal-h.svg\",\"caption\":\"Artisanlocal\"},\"image\":{\"@id\":\"https:\\\/\\\/www.artisanlocal.ch\\\/c\\\/#\\\/schema\\\/logo\\\/image\\\/\"}}]}<\/script>\n<!-- \/ Yoast SEO Premium plugin. -->","yoast_head_json":{"title":"Paysagiste \u00e0 Estavayer-le-lac - Artisanlocal","robots":{"index":"index","follow":"follow","max-snippet":"max-snippet:-1","max-image-preview":"max-image-preview:large","max-video-preview":"max-video-preview:-1"},"canonical":"https:\/\/www.artisanlocal.ch\/c\/societe-paysagiste-a-estavayer-le-lac\/","og_locale":"fr_FR","og_type":"article","og_title":"Paysagiste \u00e0 Estavayer-le-lac","og_description":"Artisanlocal effectue la cr\u00e9ation, l&rsquo;am\u00e9nagement et l&rsquo;entretien de vos ext\u00e9rieurs. Notre \u00e9quipe de jardiniers intervient \u00e0 Estavayer-le-lac aupr\u00e8s des professionnels, particuliers et copropri\u00e9t\u00e9s. Nos services de paysagiste \u00e0 Estavayer-le-lac Am\u00e9nagement et conception de votre jardin. Entretien de votre espace vert. Am\u00e9nagement d&rsquo;espace vert sur votre terrasse ou balcon. Conception-r\u00e9alisation d&rsquo;espaces verts. Entretien des espaces verts [&hellip;]","og_url":"https:\/\/www.artisanlocal.ch\/c\/societe-paysagiste-a-estavayer-le-lac\/","og_site_name":"Artisanlocal","article_modified_time":"2025-09-13T10:43:47+00:00","og_image":[{"width":1920,"height":300,"url":"https:\/\/www.artisanlocal.ch\/c\/wp-content\/uploads\/2024\/11\/paysagiste-jardinier.jpg","type":"image\/jpeg"}],"twitter_card":"summary_large_image","twitter_misc":{"Dur\u00e9e de lecture estim\u00e9e":"2 minutes"},"schema":{"@context":"https:\/\/schema.org","@graph":[{"@type":"WebPage","@id":"https:\/\/www.artisanlocal.ch\/c\/societe-paysagiste-a-estavayer-le-lac\/","url":"https:\/\/www.artisanlocal.ch\/c\/societe-paysagiste-a-estavayer-le-lac\/","name":"Paysagiste \u00e0 Estavayer-le-lac - Artisanlocal","isPartOf":{"@id":"https:\/\/www.artisanlocal.ch\/c\/#website"},"primaryImageOfPage":{"@id":"https:\/\/www.artisanlocal.ch\/c\/societe-paysagiste-a-estavayer-le-lac\/#primaryimage"},"image":{"@id":"https:\/\/www.artisanlocal.ch\/c\/societe-paysagiste-a-estavayer-le-lac\/#primaryimage"},"thumbnailUrl":"https:\/\/www.artisanlocal.ch\/c\/wp-content\/uploads\/2024\/11\/paysagiste-jardinier.jpg","datePublished":"2024-09-29T22:25:05+00:00","dateModified":"2025-09-13T10:43:47+00:00","breadcrumb":{"@id":"https:\/\/www.artisanlocal.ch\/c\/societe-paysagiste-a-estavayer-le-lac\/#breadcrumb"},"inLanguage":"fr-FR","potentialAction":[{"@type":"ReadAction","target":["https:\/\/www.artisanlocal.ch\/c\/societe-paysagiste-a-estavayer-le-lac\/"]}]},{"@type":"ImageObject","inLanguage":"fr-FR","@id":"https:\/\/www.artisanlocal.ch\/c\/societe-paysagiste-a-estavayer-le-lac\/#primaryimage","url":"https:\/\/www.artisanlocal.ch\/c\/wp-content\/uploads\/2024\/11\/paysagiste-jardinier.jpg","contentUrl":"https:\/\/www.artisanlocal.ch\/c\/wp-content\/uploads\/2024\/11\/paysagiste-jardinier.jpg","width":1920,"height":300},{"@type":"BreadcrumbList","@id":"https:\/\/www.artisanlocal.ch\/c\/societe-paysagiste-a-estavayer-le-lac\/#breadcrumb","itemListElement":[{"@type":"ListItem","position":1,"name":"Accueil","item":"https:\/\/www.artisanlocal.ch\/c\/"},{"@type":"ListItem","position":2,"name":"Paysagiste \u00e0 Estavayer-le-lac"}]},{"@type":"WebSite","@id":"https:\/\/www.artisanlocal.ch\/c\/#website","url":"https:\/\/www.artisanlocal.ch\/c\/","name":"Artisanlocal","description":"","publisher":{"@id":"https:\/\/www.artisanlocal.ch\/c\/#organization"},"potentialAction":[{"@type":"SearchAction","target":{"@type":"EntryPoint","urlTemplate":"https:\/\/www.artisanlocal.ch\/c\/?s={search_term_string}"},"query-input":{"@type":"PropertyValueSpecification","valueRequired":true,"valueName":"search_term_string"}}],"inLanguage":"fr-FR"},{"@type":"Organization","@id":"https:\/\/www.artisanlocal.ch\/c\/#organization","name":"Artisanlocal","url":"https:\/\/www.artisanlocal.ch\/c\/","logo":{"@type":"ImageObject","inLanguage":"fr-FR","@id":"https:\/\/www.artisanlocal.ch\/c\/#\/schema\/logo\/image\/","url":"https:\/\/www.artisanlocal.ch\/c\/wp-content\/uploads\/2024\/02\/logo-artisanlocal-h.svg","contentUrl":"https:\/\/www.artisanlocal.ch\/c\/wp-content\/uploads\/2024\/02\/logo-artisanlocal-h.svg","caption":"Artisanlocal"},"image":{"@id":"https:\/\/www.artisanlocal.ch\/c\/#\/schema\/logo\/image\/"}}]}},"_links":{"self":[{"href":"https:\/\/www.artisanlocal.ch\/c\/wp-json\/wp\/v2\/pages\/2944","targetHints":{"allow":["GET"]}}],"collection":[{"href":"https:\/\/www.artisanlocal.ch\/c\/wp-json\/wp\/v2\/pages"}],"about":[{"href":"https:\/\/www.artisanlocal.ch\/c\/wp-json\/wp\/v2\/types\/page"}],"author":[{"embeddable":true,"href":"https:\/\/www.artisanlocal.ch\/c\/wp-json\/wp\/v2\/users\/4"}],"replies":[{"embeddable":true,"href":"https:\/\/www.artisanlocal.ch\/c\/wp-json\/wp\/v2\/comments?post=2944"}],"version-history":[{"count":0,"href":"https:\/\/www.artisanlocal.ch\/c\/wp-json\/wp\/v2\/pages\/2944\/revisions"}],"wp:featuredmedia":[{"embeddable":true,"href":"https:\/\/www.artisanlocal.ch\/c\/wp-json\/wp\/v2\/media\/2962"}],"wp:attachment":[{"href":"https:\/\/www.artisanlocal.ch\/c\/wp-json\/wp\/v2\/media?parent=2944"}],"wp:term":[{"taxonomy":"profession","embeddable":true,"href":"https:\/\/www.artisanlocal.ch\/c\/wp-json\/wp\/v2\/profession?post=2944"},{"taxonomy":"location","embeddable":true,"href":"https:\/\/www.artisanlocal.ch\/c\/wp-json\/wp\/v2\/location?post=2944"},{"taxonomy":"canton","embeddable":true,"href":"https:\/\/www.artisanlocal.ch\/c\/wp-json\/wp\/v2\/canton?post=2944"}],"curies":[{"name":"wp","href":"https:\/\/api.w.org\/{rel}","templated":true}]}}