{"id":2956,"date":"2024-10-03T10:19:52","date_gmt":"2024-10-03T08:19:52","guid":{"rendered":"https:\/\/www.artisanlocal.ch\/c\/paysagistes-dans-le-canton-de-fribourg\/"},"modified":"2025-11-06T12:39:42","modified_gmt":"2025-11-06T11:39:42","slug":"paysagistes-dans-le-canton-de-fribourg","status":"publish","type":"page","link":"https:\/\/www.artisanlocal.ch\/c\/paysagistes-dans-le-canton-de-fribourg\/","title":{"rendered":"Paysagistes dans le canton de Fribourg"},"content":{"rendered":"<p>Artisanlocal cr\u00e9e, am\u00e9nage et entretien votre jardin. Dans le canton de Fribourg, nos jardiniers op\u00e8rent chez les particuliers, les copropri\u00e9t\u00e9s et les professionnels. Nos \u00e9quipes pr\u00eatent attention \u00e0 vos besoins et vous offrent des travaux personnalis\u00e9s tout en pr\u00e9servant l&rsquo;environnement.<\/p>\n<h2>Des services personnalis\u00e9s<\/h2>\n<ul>\n<li>Cr\u00e9ation personnalis\u00e9e et cr\u00e9ation de votre jardin : en fonction de votre exigence, nous \u00e9laborons et r\u00e9alisons votre projet d&rsquo;am\u00e9nagement paysager sur mesure.<\/li>\n<li>Maintenance de votre jardin : nous intervenons \u00e0 la prestation ou sous contrat en fonction de vos attentes.<\/li>\n<li> Am\u00e9nagement de jardin sur votre terrasse ou balcon : nos paysagistes m\u00e9tamorphosent votre terrasse ou votre balcon en y construisant un jardin.<\/li>\n<li> Conception-r\u00e9alisation d&rsquo;espaces verts : nous installons des espaces verts dans votre entreprise, immeuble, h\u00f4tel ou centre commercial. R\u00e9novation et modernisation des terrains et espaces verts : nous r\u00e9alisons la restauration et de vos espaces verts et jardins pour les immeubles, maisons et appartements.<\/li>\n<li> Entretien des espaces verts en ville : nous entretenons les jardins, les parcs, les ruelles, les berges et les bords de route.<\/li>\n<\/ul>\n<h2>Nos prestations en am\u00e9nagement paysager<\/h2>\n<ul>\n<li>R\u00e9alisation de massif de jardin<\/li>\n<li>D\u00e9broussaillage, fauchage<\/li>\n<li>Installation de pelouse <\/li>\n<li>Plantations et fleurissement<\/li>\n<li>Coupes de rosiers, haies et arbustes<\/li>\n<li>Tonte de pelouse<\/li>\n<li>R\u00e9novation de pelouse<\/li>\n<li>Am\u00e9nagement, v\u00e9g\u00e9talisation<\/li>\n<li>Aplanissement de terrain<\/li>\n<li>Terrassement<\/li>\n<li>Pose de panneaux et de cl\u00f4tures<\/li>\n<li>Installation de l&rsquo;arrosage automatique<\/li>\n<li>Pose de terrasse lames de bois<\/li>\n<li>Dallage<\/li>\n<li>\u00c9lagage, abattage d&rsquo;arbre<\/li>\n<li>D\u00e9racinement de racines<\/li>\n<li>Broyage et \u00e9vacuation des d\u00e9chets<\/li>\n<\/ul>\n<h2>Pourquoi faire confiance \u00e0 Artisanlocal<\/h2>\n<p>Dans le canton de Fribourg, nos paysagistes s&rsquo;engagent \u00e0 respecter l&rsquo;habitat. Nous op\u00e9rons chez les particuliers, les collectivit\u00e9s et les professionnels. Les produits que nos paysagistes usent sont \u00e9coresponsables. Notre soci\u00e9t\u00e9 est localis\u00e9e au c\u0153ur de canton de Fribourg. Les jardiniers qui interviennent \u00e0 votre logement ou dans vos bureaux veillent \u00e0 votre satisfaction. Nous faisons tout notre possible pour r\u00e9pondre \u00e0 vos attentes d\u00e8s que possible. Nos prix sont attractifs. L&rsquo;\u00e9valuation de vos travaux de paysagistes est gratuite.<\/p>\n<h2>Nos jardiniers effectuent tous vos travaux dans le canton de Fribourg<\/h2>\n<p>Situ\u00e9e dans le canton de Fribourg, Artisanlocal est sp\u00e9cialis\u00e9e dans l\u2019am\u00e9nagement de jardin et r\u00e9alise aussi l\u2019entretien et la cr\u00e9ation de vos ext\u00e9rieurs. Avec notre soci\u00e9t\u00e9, vous avez un interlocuteur unique, vous permettant ainsi de gagner de l&rsquo;argent et du temps.<\/p>\n<h2>Quels types de clients votre soci\u00e9t\u00e9 accompagne ?<\/h2>\n<p>Nous assistons:<\/p>\n<ul>\n<li>Les caf\u00e9s et les restaurants.<\/li>\n<li>Les h\u00f4tels et chambres d&rsquo;h\u00f4tes.<\/li>\n<li> Les r\u00e9sidences et copropri\u00e9t\u00e9s.<\/li>\n<li> Les particuliers.<\/li>\n<li> Les terrains agricoles et ch\u00e2teaux. <\/li>\n<li>Les soci\u00e9t\u00e9s.<\/li>\n<\/ul>\n<h2>Cr\u00e9ateurs d&rsquo;espaces verts dans le canton de Fribourg et dans les villes proches<\/h2>\n<p>Nous r\u00e9alisons le jardin dont vous r\u00eavez. Nous nous adaptons au style de votre jardin et des exigences (comme la caract\u00e9ristique du sol). Apr\u00e8s analyse des contraintes de votre terrain et de vos demandes, nous r\u00e9alisons la totalit\u00e9 de vos travaux. Artisanlocal op\u00e8re dans le canton de Fribourg, mais aussi dans les communes proches comme :&nbsp;<\/p>\n","protected":false},"excerpt":{"rendered":"<p>Artisanlocal cr\u00e9e, am\u00e9nage et entretien votre jardin. Dans le canton de Fribourg, nos jardiniers op\u00e8rent chez les particuliers, les copropri\u00e9t\u00e9s et les professionnels. Nos \u00e9quipes pr\u00eatent attention \u00e0 vos besoins et vous offrent des travaux personnalis\u00e9s tout en pr\u00e9servant l&rsquo;environnement. Des services personnalis\u00e9s Cr\u00e9ation personnalis\u00e9e et cr\u00e9ation de votre jardin : en fonction de votre [&hellip;]<\/p>\n","protected":false},"author":4,"featured_media":2962,"parent":0,"menu_order":0,"comment_status":"closed","ping_status":"closed","template":"wp-custom-template-page-canton","meta":{"footnotes":""},"profession":[128],"location":[],"canton":[109],"class_list":["post-2956","page","type-page","status-publish","has-post-thumbnail","hentry","profession-jardinier-paysagiste","canton-fr"],"yoast_head":"<!-- This site is optimized with the Yoast SEO Premium plugin v25.7.1 (Yoast SEO v27.4) - https:\/\/yoast.com\/product\/yoast-seo-premium-wordpress\/ -->\n<title>Paysagistes dans le canton de Fribourg - Artisanlocal<\/title>\n<meta name=\"robots\" content=\"index, follow, max-snippet:-1, max-image-preview:large, max-video-preview:-1\" \/>\n<link rel=\"canonical\" href=\"https:\/\/www.artisanlocal.ch\/c\/paysagistes-dans-le-canton-de-fribourg\/\" \/>\n<meta property=\"og:locale\" content=\"fr_FR\" \/>\n<meta property=\"og:type\" content=\"article\" \/>\n<meta property=\"og:title\" content=\"Paysagistes dans le canton de Fribourg\" \/>\n<meta property=\"og:description\" content=\"Artisanlocal cr\u00e9e, am\u00e9nage et entretien votre jardin. Dans le canton de Fribourg, nos jardiniers op\u00e8rent chez les particuliers, les copropri\u00e9t\u00e9s et les professionnels. Nos \u00e9quipes pr\u00eatent attention \u00e0 vos besoins et vous offrent des travaux personnalis\u00e9s tout en pr\u00e9servant l&rsquo;environnement. Des services personnalis\u00e9s Cr\u00e9ation personnalis\u00e9e et cr\u00e9ation de votre jardin : en fonction de votre [&hellip;]\" \/>\n<meta property=\"og:url\" content=\"https:\/\/www.artisanlocal.ch\/c\/paysagistes-dans-le-canton-de-fribourg\/\" \/>\n<meta property=\"og:site_name\" content=\"Artisanlocal\" \/>\n<meta property=\"article:modified_time\" content=\"2025-11-06T11:39:42+00:00\" \/>\n<meta property=\"og:image\" content=\"https:\/\/www.artisanlocal.ch\/c\/wp-content\/uploads\/2024\/11\/paysagiste-jardinier.jpg\" \/>\n\t<meta property=\"og:image:width\" content=\"1920\" \/>\n\t<meta property=\"og:image:height\" content=\"300\" \/>\n\t<meta property=\"og:image:type\" content=\"image\/jpeg\" \/>\n<meta name=\"twitter:card\" content=\"summary_large_image\" \/>\n<meta name=\"twitter:label1\" content=\"Dur\u00e9e de lecture estim\u00e9e\" \/>\n\t<meta name=\"twitter:data1\" content=\"3 minutes\" \/>\n<script type=\"application\/ld+json\" class=\"yoast-schema-graph\">{\"@context\":\"https:\\\/\\\/schema.org\",\"@graph\":[{\"@type\":\"WebPage\",\"@id\":\"https:\\\/\\\/www.artisanlocal.ch\\\/c\\\/paysagistes-dans-le-canton-de-fribourg\\\/\",\"url\":\"https:\\\/\\\/www.artisanlocal.ch\\\/c\\\/paysagistes-dans-le-canton-de-fribourg\\\/\",\"name\":\"Paysagistes dans le canton de Fribourg - Artisanlocal\",\"isPartOf\":{\"@id\":\"https:\\\/\\\/www.artisanlocal.ch\\\/c\\\/#website\"},\"primaryImageOfPage\":{\"@id\":\"https:\\\/\\\/www.artisanlocal.ch\\\/c\\\/paysagistes-dans-le-canton-de-fribourg\\\/#primaryimage\"},\"image\":{\"@id\":\"https:\\\/\\\/www.artisanlocal.ch\\\/c\\\/paysagistes-dans-le-canton-de-fribourg\\\/#primaryimage\"},\"thumbnailUrl\":\"https:\\\/\\\/www.artisanlocal.ch\\\/c\\\/wp-content\\\/uploads\\\/2024\\\/11\\\/paysagiste-jardinier.jpg\",\"datePublished\":\"2024-10-03T08:19:52+00:00\",\"dateModified\":\"2025-11-06T11:39:42+00:00\",\"breadcrumb\":{\"@id\":\"https:\\\/\\\/www.artisanlocal.ch\\\/c\\\/paysagistes-dans-le-canton-de-fribourg\\\/#breadcrumb\"},\"inLanguage\":\"fr-FR\",\"potentialAction\":[{\"@type\":\"ReadAction\",\"target\":[\"https:\\\/\\\/www.artisanlocal.ch\\\/c\\\/paysagistes-dans-le-canton-de-fribourg\\\/\"]}]},{\"@type\":\"ImageObject\",\"inLanguage\":\"fr-FR\",\"@id\":\"https:\\\/\\\/www.artisanlocal.ch\\\/c\\\/paysagistes-dans-le-canton-de-fribourg\\\/#primaryimage\",\"url\":\"https:\\\/\\\/www.artisanlocal.ch\\\/c\\\/wp-content\\\/uploads\\\/2024\\\/11\\\/paysagiste-jardinier.jpg\",\"contentUrl\":\"https:\\\/\\\/www.artisanlocal.ch\\\/c\\\/wp-content\\\/uploads\\\/2024\\\/11\\\/paysagiste-jardinier.jpg\",\"width\":1920,\"height\":300},{\"@type\":\"BreadcrumbList\",\"@id\":\"https:\\\/\\\/www.artisanlocal.ch\\\/c\\\/paysagistes-dans-le-canton-de-fribourg\\\/#breadcrumb\",\"itemListElement\":[{\"@type\":\"ListItem\",\"position\":1,\"name\":\"Accueil\",\"item\":\"https:\\\/\\\/www.artisanlocal.ch\\\/c\\\/\"},{\"@type\":\"ListItem\",\"position\":2,\"name\":\"Paysagistes dans le canton de Fribourg\"}]},{\"@type\":\"WebSite\",\"@id\":\"https:\\\/\\\/www.artisanlocal.ch\\\/c\\\/#website\",\"url\":\"https:\\\/\\\/www.artisanlocal.ch\\\/c\\\/\",\"name\":\"Artisanlocal\",\"description\":\"\",\"publisher\":{\"@id\":\"https:\\\/\\\/www.artisanlocal.ch\\\/c\\\/#organization\"},\"potentialAction\":[{\"@type\":\"SearchAction\",\"target\":{\"@type\":\"EntryPoint\",\"urlTemplate\":\"https:\\\/\\\/www.artisanlocal.ch\\\/c\\\/?s={search_term_string}\"},\"query-input\":{\"@type\":\"PropertyValueSpecification\",\"valueRequired\":true,\"valueName\":\"search_term_string\"}}],\"inLanguage\":\"fr-FR\"},{\"@type\":\"Organization\",\"@id\":\"https:\\\/\\\/www.artisanlocal.ch\\\/c\\\/#organization\",\"name\":\"Artisanlocal\",\"url\":\"https:\\\/\\\/www.artisanlocal.ch\\\/c\\\/\",\"logo\":{\"@type\":\"ImageObject\",\"inLanguage\":\"fr-FR\",\"@id\":\"https:\\\/\\\/www.artisanlocal.ch\\\/c\\\/#\\\/schema\\\/logo\\\/image\\\/\",\"url\":\"https:\\\/\\\/www.artisanlocal.ch\\\/c\\\/wp-content\\\/uploads\\\/2024\\\/02\\\/logo-artisanlocal-h.svg\",\"contentUrl\":\"https:\\\/\\\/www.artisanlocal.ch\\\/c\\\/wp-content\\\/uploads\\\/2024\\\/02\\\/logo-artisanlocal-h.svg\",\"caption\":\"Artisanlocal\"},\"image\":{\"@id\":\"https:\\\/\\\/www.artisanlocal.ch\\\/c\\\/#\\\/schema\\\/logo\\\/image\\\/\"}}]}<\/script>\n<!-- \/ Yoast SEO Premium plugin. -->","yoast_head_json":{"title":"Paysagistes dans le canton de Fribourg - Artisanlocal","robots":{"index":"index","follow":"follow","max-snippet":"max-snippet:-1","max-image-preview":"max-image-preview:large","max-video-preview":"max-video-preview:-1"},"canonical":"https:\/\/www.artisanlocal.ch\/c\/paysagistes-dans-le-canton-de-fribourg\/","og_locale":"fr_FR","og_type":"article","og_title":"Paysagistes dans le canton de Fribourg","og_description":"Artisanlocal cr\u00e9e, am\u00e9nage et entretien votre jardin. Dans le canton de Fribourg, nos jardiniers op\u00e8rent chez les particuliers, les copropri\u00e9t\u00e9s et les professionnels. Nos \u00e9quipes pr\u00eatent attention \u00e0 vos besoins et vous offrent des travaux personnalis\u00e9s tout en pr\u00e9servant l&rsquo;environnement. Des services personnalis\u00e9s Cr\u00e9ation personnalis\u00e9e et cr\u00e9ation de votre jardin : en fonction de votre [&hellip;]","og_url":"https:\/\/www.artisanlocal.ch\/c\/paysagistes-dans-le-canton-de-fribourg\/","og_site_name":"Artisanlocal","article_modified_time":"2025-11-06T11:39:42+00:00","og_image":[{"width":1920,"height":300,"url":"https:\/\/www.artisanlocal.ch\/c\/wp-content\/uploads\/2024\/11\/paysagiste-jardinier.jpg","type":"image\/jpeg"}],"twitter_card":"summary_large_image","twitter_misc":{"Dur\u00e9e de lecture estim\u00e9e":"3 minutes"},"schema":{"@context":"https:\/\/schema.org","@graph":[{"@type":"WebPage","@id":"https:\/\/www.artisanlocal.ch\/c\/paysagistes-dans-le-canton-de-fribourg\/","url":"https:\/\/www.artisanlocal.ch\/c\/paysagistes-dans-le-canton-de-fribourg\/","name":"Paysagistes dans le canton de Fribourg - Artisanlocal","isPartOf":{"@id":"https:\/\/www.artisanlocal.ch\/c\/#website"},"primaryImageOfPage":{"@id":"https:\/\/www.artisanlocal.ch\/c\/paysagistes-dans-le-canton-de-fribourg\/#primaryimage"},"image":{"@id":"https:\/\/www.artisanlocal.ch\/c\/paysagistes-dans-le-canton-de-fribourg\/#primaryimage"},"thumbnailUrl":"https:\/\/www.artisanlocal.ch\/c\/wp-content\/uploads\/2024\/11\/paysagiste-jardinier.jpg","datePublished":"2024-10-03T08:19:52+00:00","dateModified":"2025-11-06T11:39:42+00:00","breadcrumb":{"@id":"https:\/\/www.artisanlocal.ch\/c\/paysagistes-dans-le-canton-de-fribourg\/#breadcrumb"},"inLanguage":"fr-FR","potentialAction":[{"@type":"ReadAction","target":["https:\/\/www.artisanlocal.ch\/c\/paysagistes-dans-le-canton-de-fribourg\/"]}]},{"@type":"ImageObject","inLanguage":"fr-FR","@id":"https:\/\/www.artisanlocal.ch\/c\/paysagistes-dans-le-canton-de-fribourg\/#primaryimage","url":"https:\/\/www.artisanlocal.ch\/c\/wp-content\/uploads\/2024\/11\/paysagiste-jardinier.jpg","contentUrl":"https:\/\/www.artisanlocal.ch\/c\/wp-content\/uploads\/2024\/11\/paysagiste-jardinier.jpg","width":1920,"height":300},{"@type":"BreadcrumbList","@id":"https:\/\/www.artisanlocal.ch\/c\/paysagistes-dans-le-canton-de-fribourg\/#breadcrumb","itemListElement":[{"@type":"ListItem","position":1,"name":"Accueil","item":"https:\/\/www.artisanlocal.ch\/c\/"},{"@type":"ListItem","position":2,"name":"Paysagistes dans le canton de Fribourg"}]},{"@type":"WebSite","@id":"https:\/\/www.artisanlocal.ch\/c\/#website","url":"https:\/\/www.artisanlocal.ch\/c\/","name":"Artisanlocal","description":"","publisher":{"@id":"https:\/\/www.artisanlocal.ch\/c\/#organization"},"potentialAction":[{"@type":"SearchAction","target":{"@type":"EntryPoint","urlTemplate":"https:\/\/www.artisanlocal.ch\/c\/?s={search_term_string}"},"query-input":{"@type":"PropertyValueSpecification","valueRequired":true,"valueName":"search_term_string"}}],"inLanguage":"fr-FR"},{"@type":"Organization","@id":"https:\/\/www.artisanlocal.ch\/c\/#organization","name":"Artisanlocal","url":"https:\/\/www.artisanlocal.ch\/c\/","logo":{"@type":"ImageObject","inLanguage":"fr-FR","@id":"https:\/\/www.artisanlocal.ch\/c\/#\/schema\/logo\/image\/","url":"https:\/\/www.artisanlocal.ch\/c\/wp-content\/uploads\/2024\/02\/logo-artisanlocal-h.svg","contentUrl":"https:\/\/www.artisanlocal.ch\/c\/wp-content\/uploads\/2024\/02\/logo-artisanlocal-h.svg","caption":"Artisanlocal"},"image":{"@id":"https:\/\/www.artisanlocal.ch\/c\/#\/schema\/logo\/image\/"}}]}},"_links":{"self":[{"href":"https:\/\/www.artisanlocal.ch\/c\/wp-json\/wp\/v2\/pages\/2956","targetHints":{"allow":["GET"]}}],"collection":[{"href":"https:\/\/www.artisanlocal.ch\/c\/wp-json\/wp\/v2\/pages"}],"about":[{"href":"https:\/\/www.artisanlocal.ch\/c\/wp-json\/wp\/v2\/types\/page"}],"author":[{"embeddable":true,"href":"https:\/\/www.artisanlocal.ch\/c\/wp-json\/wp\/v2\/users\/4"}],"replies":[{"embeddable":true,"href":"https:\/\/www.artisanlocal.ch\/c\/wp-json\/wp\/v2\/comments?post=2956"}],"version-history":[{"count":0,"href":"https:\/\/www.artisanlocal.ch\/c\/wp-json\/wp\/v2\/pages\/2956\/revisions"}],"wp:featuredmedia":[{"embeddable":true,"href":"https:\/\/www.artisanlocal.ch\/c\/wp-json\/wp\/v2\/media\/2962"}],"wp:attachment":[{"href":"https:\/\/www.artisanlocal.ch\/c\/wp-json\/wp\/v2\/media?parent=2956"}],"wp:term":[{"taxonomy":"profession","embeddable":true,"href":"https:\/\/www.artisanlocal.ch\/c\/wp-json\/wp\/v2\/profession?post=2956"},{"taxonomy":"location","embeddable":true,"href":"https:\/\/www.artisanlocal.ch\/c\/wp-json\/wp\/v2\/location?post=2956"},{"taxonomy":"canton","embeddable":true,"href":"https:\/\/www.artisanlocal.ch\/c\/wp-json\/wp\/v2\/canton?post=2956"}],"curies":[{"name":"wp","href":"https:\/\/api.w.org\/{rel}","templated":true}]}}