{"id":2985,"date":"2024-11-27T04:40:08","date_gmt":"2024-11-27T03:40:08","guid":{"rendered":"https:\/\/www.artisanlocal.ch\/c\/vos-stores-fermetures-et-fenetres-a-villars-sur-glane\/"},"modified":"2025-08-26T19:24:39","modified_gmt":"2025-08-26T17:24:39","slug":"vos-stores-fermetures-et-fenetres-a-villars-sur-glane","status":"publish","type":"page","link":"https:\/\/www.artisanlocal.ch\/c\/vos-stores-fermetures-et-fenetres-a-villars-sur-glane\/","title":{"rendered":"Vos stores, fermetures, et fen\u00eatres \u00e0 Villars-sur-Gl\u00e2ne"},"content":{"rendered":"<p>Artisanlocal est un installateur de stores, lambrequin lumineux, enseignes et accessoires de terrasses, \u00e0 Villars-sur-Gl\u00e2ne et dans les communes \u00e0 proximit\u00e9.<\/p>\n\r\n<div class=\"box\">\r\n            <div class=\"company-info\">\r\n            <img decoding=\"async\" class=\"company-info__logo\" src=\"https:\/\/www.artisanlocal.ch\/media\/cache\/thumb\/images\/companies\/6788c4f908b4c210523863.png\" alt=\"Logo\">\r\n            <h2 class=\"company-info__name\">Ultra Volets S\u00e0rl<\/h2>\r\n            <p class=\"company-info__business\">Volets en aluminium thermolaqu\u00e9s - Moustiquaires - Stores en tout genre - Rideaux<\/p>\r\n        <\/div>\r\n        <div class=\"company-contact\">\r\n            <p class=\"company-info__address\">Rue du Pays-d'Enhaut 51<\/p>\r\n                            <div class=\"links\">\r\n                                            <a class=\"btn has-accent-background-color js-phoneNumber\" href=\"tel:0795370830\" title=\"Appelez\" data-id=\"3796\" data-type=\"11\">079 537 08 30<\/a>\r\n                                                                <a class=\"btn has-accent-background-color\" href=\"https:\/\/www.ultravolets.ch\/\" target=\"_blank\" title=\"Voir le site internet\" data-id=\"3796\" data-type=\"20\">Site internet<\/a>\r\n                                    <\/div>\r\n                    <\/div>\r\n    \r\n            \r\n<form action=\"https:\/\/www.artisanlocal.ch\/c\/wp-admin\/admin-ajax.php\" method=\"post\" class=\"form-contact\" id=\"artisan_form_contact_company_inline\">\r\n    <div><input type=\"hidden\" name=\"action\" value=\"company_contact\"><\/div>\r\n    <div><input type=\"hidden\" name=\"nonce\" value=\"f071462bb9\"><\/div>\r\n    <div><input type=\"hidden\" name=\"company_id\" value=\"3796\"><\/div>\r\n    <div><input type=\"hidden\" name=\"form_id\" value=\"artisan_form_contact_company_inline\"><\/div>\r\n    <div class=\"gglcptch gglcptch_v3 gglcptch_custom\"><input type=\"hidden\" id=\"g-recaptcha-response\" name=\"g-recaptcha-response\" \/><br \/><div class=\"gglcptch_error_text\">La p\u00e9riode de v\u00e9rification reCAPTCHA a expir\u00e9. Veuillez recharger la page.<\/div><\/div>    <div class=\"form-content\">\r\n        <div class=\"form-group\">\r\n            <label for=\"contact_firstName\" class=\"required\">Pr\u00e9nom<\/label>\r\n            <input type=\"text\" name=\"firstName\" class=\"form-control\" required>\r\n        <\/div>\r\n        <div class=\"form-group\">\r\n            <label for=\"contact_lastName\" class=\"required\">Nom<\/label>\r\n            <input type=\"text\" name=\"lastName\" class=\"form-control\" required>\r\n        <\/div>\r\n        <div class=\"form-group\">\r\n            <label for=\"contact_email\" class=\"required\">Email<\/label>\r\n            <input type=\"email\" name=\"email\" class=\"form-control\" required>\r\n        <\/div>\r\n        <div class=\"form-group\">\r\n            <label for=\"contact_phone\" class=\"required\">Num\u00e9ro de t\u00e9l\u00e9phone<\/label>\r\n            <input type=\"tel\" name=\"phone\" class=\"form-control\" placeholder=\"0787117165\" pattern=\"^[0-9]{10}$\" required>\r\n        <\/div>\r\n        <div class=\"form-group\">\r\n            <label for=\"contact_postalCode\" class=\"required\">Code postal et localit\u00e9<\/label>\r\n            <input type=\"text\" name=\"postalCode\" class=\"form-control\" required>\r\n        <\/div>\r\n        <div class=\"form-group\">\r\n            <label for=\"contact_address\" class=\"required\">Adresse<\/label>\r\n            <input type=\"text\" name=\"address\" class=\"form-control\" required>\r\n        <\/div>\r\n        <div class=\"full-width topic\">\r\n            <p class=\"required\">Je souhaite \u00eatre contact\u00e9 pour :<\/p>\r\n            <div class=\"form-check\">\r\n                <input type=\"radio\" name=\"topic\" value=\"D\u00e9pannage\" class=\"form-control\" required>\r\n                <label for=\"d\u00e9pannage\">D\u00e9pannage<\/label>\r\n            <\/div>\r\n            <div class=\"form-check\">\r\n                <input type=\"radio\" name=\"topic\" value=\"Entretien\" class=\"form-control\" required>\r\n                <label for=\"entretien\">Entretien<\/label>\r\n            <\/div>\r\n            <div class=\"form-check\">\r\n                <input type=\"radio\" name=\"topic\" value=\"R\u00e9novation\" class=\"form-control\" required>\r\n                <label for=\"r\u00e9novation\">R\u00e9novation<\/label>\r\n            <\/div>\r\n            <div class=\"form-check\">\r\n                <input type=\"radio\" name=\"topic\" value=\"Autre\" class=\"form-control\" required>\r\n                <label for=\"autre\">Autre<\/label>\r\n            <\/div>\r\n        <\/div>\r\n        <div class=\"form-group full-width\">\r\n            <label for=\"contact_message\">Message<\/label>\r\n            <textarea name=\"message\" rows=\"3\" class=\"form-control\"><\/textarea>\r\n        <\/div>\r\n    <\/div>\r\n    <div class=\"form-actions\">\r\n        <button class=\"wp-block-button__link has-accent-background-color\">Contacter<\/button>\r\n    <\/div>\r\n<\/form>\r\n<div class=\"form-feedback\"><\/div>    <\/div>\n<h2>Large choix de stores int\u00e9rieurs<\/h2>\n<p>Nos stores sur mesure pour votre int\u00e9rieur am\u00e9liorent l&rsquo;apparence de vos fen\u00eatres, g\u00e9rer l&rsquo;entr\u00e9e de la luminosit\u00e9 ou conserver votre intimit\u00e9. Nous offrons un grand choix de stores : v\u00e9nitiens, textiles, pliss\u00e9s, bandes verticales, enrouleurs, enrouleurs avec coffre, parois japonaises, rideaux, bateaux et bateaux voilage.<\/p>\n<h2>Stores ext\u00e9rieurs pour balcons et terrasses<\/h2>\n<p>Nos stores ext\u00e9rieurs sont install\u00e9s pour cr\u00e9er des zones ombrag\u00e9es. Nous offrons une large gamme de stores ext\u00e9rieurs : loggias, verri\u00e8res et v\u00e9randas, mais aussi fen\u00eatres, \u00e9quip\u00e9es de coffres, bannes, semi-coffres, \u00e0 bras t\u00e9lescopiques ou articul\u00e9s.<\/p>\n<h2>Pergolas bioclimatiques et pergolas<\/h2>\n<p>Si vous recherchez une protection contre la pluie, nous vous recommandons de choisir une pergola. Nous vous proposons des pergolas : toiles de protection solaire verticale, \u00e0 lames r\u00e9tractables, \u00e0 toits fixes ou avec panneaux verticaux.<\/p>\n<h2>Lambrequins lumineux<\/h2>\n<p>Nos lambrequins lumineux vous permettent d\u2019am\u00e9liorer la visibilit\u00e9 de nuit : de votre restaurant, magasin, commerces, commerce, h\u00f4tel ou brasserie.&nbsp;<\/p>\n<h2>Rentoilage de stores<\/h2>\n<p>Le changement de toile de stores banne est une alternative \u00e9conomique au changement du store.<\/p>\n<h2>Nos fen\u00eatres bois et alu<\/h2>\n<p>Si vous \u00eates d\u00e9termin\u00e9s \u00e0 remplacer vos fen\u00eatres. Nous construisons et installons vos fen\u00eatres coulissantes et battantes : en bois, aluminium ou PVC.<\/p>\n<h2>Volets roulants et motorisation<\/h2>\n<p>Pour am\u00e9liorer la protection phonique, thermique ou solaire, nous proposons aussi des Volets roulants manuels ou \u00e9lectriques : m\u00e9talliques, persiennes, alu, solaires ou bois.<\/p>\n<h2>Films pour vitrages et stores sur mesure de qualit\u00e9<\/h2>\n<p>Le film solaire sur mesure pour vitrage permet de r\u00e9duire la temp\u00e9rature ambiante de votre espace int\u00e9rieur, d\u2019am\u00e9liorer votre s\u00e9curit\u00e9 en pr\u00e9servant votre intimit\u00e9 des regards, et des rayons UV dangereux.<\/p>\n<h2>Menuiserie Villars-sur-Gl\u00e2ne : Alu, PVC, Bois<\/h2>\n<p>Nous avons aussi d\u2019autres produits \u00e0 vous pr\u00e9senter, comme les :<\/p>\n<ul>\n<li>Portail et portes.<\/li>\n<li>Domotiques.<\/li>\n<li>Fen\u00eatres.<\/li>\n<li>Portes de garage.<\/li>\n<li>Carport.<\/li>\n<li>Garde-corps.<\/li>\n<li>Volets.<\/li>\n<li>Alarmes.<\/li>\n<\/ul>\n<h2>Nos secteurs d&rsquo;activit\u00e9<\/h2>\n<h3>Les soci\u00e9t\u00e9s : restaurants, caf\u00e9s, brasseries, boutiques<\/h3>\n<p>Artisanlocal est sp\u00e9cialis\u00e9 dans la conception, la fabrication, et la mise en place de stores pour les soci\u00e9t\u00e9s \u00e0 Villars-sur-Gl\u00e2ne, comme : les bureaux, les boutiques et les restaurants.&nbsp;<\/p>\n<h3>Les syndics de copropri\u00e9t\u00e9 et les particuliers<\/h3>\n<p>Intervention chez les particuliers et les copropri\u00e9t\u00e9s, nous mettons en place vos fen\u00eatres, stores de terrasse, stores int\u00e9rieurs, v\u00e9randa, volets roulants, volets battants, pergolas et pergolas bioclimatiques.<\/p>\n<h2>Nos services &amp; prestations<\/h2>\n<h3>Conception technique<\/h3>\n<p>Nous concevons tous les stores sur mesures et en fonction de vos probl\u00e9matiques et besoins.<\/p>\n<h3>Pose sur mesure<\/h3>\n<p>Nos techniciens op\u00e8rent \u00e0 Villars-sur-Gl\u00e2ne pour prendre les mesures et installer vos stores en fonction de vos besoins et vos contraintes.<\/p>\n<h3>Service de r\u00e9paration de stores<\/h3>\n<p>Les storistes d&rsquo;Artisanlocal remplacent les parties de vos stores, au cours de leur intervention, ils remplacent les \u00e9l\u00e9ments d\u00e9fectueux.<\/p>\n<h3>Service d\u2019entretien<\/h3>\n<p>Une maintenance effectu\u00e9e r\u00e9guli\u00e8rement permet d&rsquo;augmenter la long\u00e9vit\u00e9 de vos stores. Un technicien doit venir chez vous pour contr\u00f4ler l\u2019\u00e9tat du store et si n\u00e9cessaire effectuer la r\u00e9paration, le remplacement ou le rentoilage.<\/p>\n<h3>Option et accessoire suppl\u00e9mentaire<\/h3>\n<p>Nous proposons diff\u00e9rentes options d\u2019ouverture (\u00e9lectrique ou manuelle) pour les stores, portes de garage et volets.<\/p>\n<h2>Pourquoi choisir Artisanlocal ?<\/h2>\n<p>Notre entreprise est experte dans l\u2019installation et l\u2019entretien de stores et de fermetures \u00e0 Villars-sur-Gl\u00e2ne. Nos storistes vous accompagneront dans le choix de votre store pour r\u00e9pondre au mieux \u00e0 vos demandes.<\/p>\n<h3>Grand choix de stores<\/h3>\n<p>Nous vous proposons un large choix de stores int\u00e9rieurs et ext\u00e9rieurs.<\/p>\n<h3>Devis gratuits<\/h3>\n<p>Obtenez un devis gratuit. Nos devis sont d\u00e9taill\u00e9s et transparents.&nbsp;<\/p>\n<h3>Diagnostic<\/h3>\n<p>Nous examinons toujours la viabilit\u00e9 des projets, et nous concevons des plans sur mesures pour ins\u00e9rer de la meilleure mani\u00e8re vos stores en tenant compte vos probl\u00e9matiques et vos besoins.<\/p>\n<h3>Store haut de gamme<\/h3>\n<p>Nous utilisons pour nos stores des mat\u00e9riaux performants, de sorte \u00e0 garantir une bonne long\u00e9vit\u00e9.<\/p>\n<h3>Service rapide <\/h3>\n<p>Le technicien storiste qui est situ\u00e9 \u00e0 Villars-sur-Gl\u00e2ne op\u00e8re rapidement chez vous pour installer ou d\u00e9panner vos stores.<\/p>\n<h2>Questions &#8211; R\u00e9ponses<\/h2>\n<h3>Les stores actuels peuvent-ils \u00eatre motoris\u00e9s ?<\/h3>\n<p>Oui, nos techniciens storistes peuvent m\u00e9caniser vos stores \u00e0 condition que certains \u00e9l\u00e9ments soient respect\u00e9s. Un de nos artisans se d\u00e9place \u00e0 votre logement pour examiner la viabilit\u00e9 du projet.<\/p>\n<h3>Votre soci\u00e9t\u00e9 intervient-elle dans les communes \u00e0 proximit\u00e9 de Villars-sur-Gl\u00e2ne ? ?<\/h3>\n<p>Oui, nos storistes op\u00e8rent \u00e0 Villars-sur-Gl\u00e2ne, mais aussi dans les communes aux alentours, telles que : Estavayer-le-Gibloux, Rueyres-St-Laurent, Villarlod, Villarsel-le-Gibloux, Vuisternens-en-Ogoz, Ch\u00e9sopelloz, Corminboeuf, Bourguillon, Marly, Pierrafortscha, Villarsel-sur-Marly, Ferpicloz, Bonnefontaine, Essert FR, Le Mouret, Mont\u00e9vraz, Oberried FR, Z\u00e9nauva, Sen\u00e8des, Posieux, Farvagny-le-Grand, Farvagny-le-Petit, Grenilles, Posat, Corpataux, Magnedens, Rossens FR, Ecuvillens, Ependes FR, Arconciel, Treyvaux, Neyruz FR, Cottens FR, Autigny, Ch\u00e9nens, Lentigny, Prez-vers-Nor\u00e9az, Corserey, Matran, Avry-sur-Matran, Corjolens, Lovens, Onnens FR, Nor\u00e9az, Givisiez, Granges-Paccot, Grolley, Nierlet-les-Bois, Ponthaux, Autafond, Belfaux, Cormagens, Formangueires, La Corbaz, Lossy, Pensier, Barber\u00eache.<\/p>\n","protected":false},"excerpt":{"rendered":"<p>Artisanlocal est un installateur de stores, lambrequin lumineux, enseignes et accessoires de terrasses, \u00e0 Villars-sur-Gl\u00e2ne et dans les communes \u00e0 proximit\u00e9. Large choix de stores int\u00e9rieurs Nos stores sur mesure pour votre int\u00e9rieur am\u00e9liorent l&rsquo;apparence de vos fen\u00eatres, g\u00e9rer l&rsquo;entr\u00e9e de la luminosit\u00e9 ou conserver votre intimit\u00e9. Nous offrons un grand choix de stores : [&hellip;]<\/p>\n","protected":false},"author":4,"featured_media":3071,"parent":0,"menu_order":0,"comment_status":"closed","ping_status":"closed","template":"","meta":{"footnotes":""},"profession":[130],"location":[92],"canton":[109],"class_list":["post-2985","page","type-page","status-publish","has-post-thumbnail","hentry","profession-storiste","location-villars-sur-glane","canton-fr"],"yoast_head":"<!-- This site is optimized with the Yoast SEO Premium plugin v25.7.1 (Yoast SEO v27.4) - https:\/\/yoast.com\/product\/yoast-seo-premium-wordpress\/ -->\n<title>Vos stores, fermetures, et fen\u00eatres \u00e0 Villars-sur-Gl\u00e2ne - Artisanlocal<\/title>\n<meta name=\"robots\" content=\"index, follow, max-snippet:-1, max-image-preview:large, max-video-preview:-1\" \/>\n<link rel=\"canonical\" href=\"https:\/\/www.artisanlocal.ch\/c\/vos-stores-fermetures-et-fenetres-a-villars-sur-glane\/\" \/>\n<meta property=\"og:locale\" content=\"fr_FR\" \/>\n<meta property=\"og:type\" content=\"article\" \/>\n<meta property=\"og:title\" content=\"Vos stores, fermetures, et fen\u00eatres \u00e0 Villars-sur-Gl\u00e2ne\" \/>\n<meta property=\"og:description\" content=\"Artisanlocal est un installateur de stores, lambrequin lumineux, enseignes et accessoires de terrasses, \u00e0 Villars-sur-Gl\u00e2ne et dans les communes \u00e0 proximit\u00e9. Large choix de stores int\u00e9rieurs Nos stores sur mesure pour votre int\u00e9rieur am\u00e9liorent l&rsquo;apparence de vos fen\u00eatres, g\u00e9rer l&rsquo;entr\u00e9e de la luminosit\u00e9 ou conserver votre intimit\u00e9. Nous offrons un grand choix de stores : [&hellip;]\" \/>\n<meta property=\"og:url\" content=\"https:\/\/www.artisanlocal.ch\/c\/vos-stores-fermetures-et-fenetres-a-villars-sur-glane\/\" \/>\n<meta property=\"og:site_name\" content=\"Artisanlocal\" \/>\n<meta property=\"article:modified_time\" content=\"2025-08-26T17:24:39+00:00\" \/>\n<meta property=\"og:image\" content=\"https:\/\/www.artisanlocal.ch\/c\/wp-content\/uploads\/2024\/12\/storiste.jpg\" \/>\n\t<meta property=\"og:image:width\" content=\"1920\" \/>\n\t<meta property=\"og:image:height\" content=\"300\" \/>\n\t<meta property=\"og:image:type\" content=\"image\/jpeg\" \/>\n<meta name=\"twitter:card\" content=\"summary_large_image\" \/>\n<meta name=\"twitter:label1\" content=\"Dur\u00e9e de lecture estim\u00e9e\" \/>\n\t<meta name=\"twitter:data1\" content=\"4 minutes\" \/>\n<script type=\"application\/ld+json\" class=\"yoast-schema-graph\">{\"@context\":\"https:\\\/\\\/schema.org\",\"@graph\":[{\"@type\":\"WebPage\",\"@id\":\"https:\\\/\\\/www.artisanlocal.ch\\\/c\\\/vos-stores-fermetures-et-fenetres-a-villars-sur-glane\\\/\",\"url\":\"https:\\\/\\\/www.artisanlocal.ch\\\/c\\\/vos-stores-fermetures-et-fenetres-a-villars-sur-glane\\\/\",\"name\":\"Vos stores, fermetures, et fen\u00eatres \u00e0 Villars-sur-Gl\u00e2ne - Artisanlocal\",\"isPartOf\":{\"@id\":\"https:\\\/\\\/www.artisanlocal.ch\\\/c\\\/#website\"},\"primaryImageOfPage\":{\"@id\":\"https:\\\/\\\/www.artisanlocal.ch\\\/c\\\/vos-stores-fermetures-et-fenetres-a-villars-sur-glane\\\/#primaryimage\"},\"image\":{\"@id\":\"https:\\\/\\\/www.artisanlocal.ch\\\/c\\\/vos-stores-fermetures-et-fenetres-a-villars-sur-glane\\\/#primaryimage\"},\"thumbnailUrl\":\"https:\\\/\\\/www.artisanlocal.ch\\\/c\\\/wp-content\\\/uploads\\\/2024\\\/12\\\/storiste.jpg\",\"datePublished\":\"2024-11-27T03:40:08+00:00\",\"dateModified\":\"2025-08-26T17:24:39+00:00\",\"breadcrumb\":{\"@id\":\"https:\\\/\\\/www.artisanlocal.ch\\\/c\\\/vos-stores-fermetures-et-fenetres-a-villars-sur-glane\\\/#breadcrumb\"},\"inLanguage\":\"fr-FR\",\"potentialAction\":[{\"@type\":\"ReadAction\",\"target\":[\"https:\\\/\\\/www.artisanlocal.ch\\\/c\\\/vos-stores-fermetures-et-fenetres-a-villars-sur-glane\\\/\"]}]},{\"@type\":\"ImageObject\",\"inLanguage\":\"fr-FR\",\"@id\":\"https:\\\/\\\/www.artisanlocal.ch\\\/c\\\/vos-stores-fermetures-et-fenetres-a-villars-sur-glane\\\/#primaryimage\",\"url\":\"https:\\\/\\\/www.artisanlocal.ch\\\/c\\\/wp-content\\\/uploads\\\/2024\\\/12\\\/storiste.jpg\",\"contentUrl\":\"https:\\\/\\\/www.artisanlocal.ch\\\/c\\\/wp-content\\\/uploads\\\/2024\\\/12\\\/storiste.jpg\",\"width\":1920,\"height\":300},{\"@type\":\"BreadcrumbList\",\"@id\":\"https:\\\/\\\/www.artisanlocal.ch\\\/c\\\/vos-stores-fermetures-et-fenetres-a-villars-sur-glane\\\/#breadcrumb\",\"itemListElement\":[{\"@type\":\"ListItem\",\"position\":1,\"name\":\"Accueil\",\"item\":\"https:\\\/\\\/www.artisanlocal.ch\\\/c\\\/\"},{\"@type\":\"ListItem\",\"position\":2,\"name\":\"Vos stores, fermetures, et fen\u00eatres \u00e0 Villars-sur-Gl\u00e2ne\"}]},{\"@type\":\"WebSite\",\"@id\":\"https:\\\/\\\/www.artisanlocal.ch\\\/c\\\/#website\",\"url\":\"https:\\\/\\\/www.artisanlocal.ch\\\/c\\\/\",\"name\":\"Artisanlocal\",\"description\":\"\",\"publisher\":{\"@id\":\"https:\\\/\\\/www.artisanlocal.ch\\\/c\\\/#organization\"},\"potentialAction\":[{\"@type\":\"SearchAction\",\"target\":{\"@type\":\"EntryPoint\",\"urlTemplate\":\"https:\\\/\\\/www.artisanlocal.ch\\\/c\\\/?s={search_term_string}\"},\"query-input\":{\"@type\":\"PropertyValueSpecification\",\"valueRequired\":true,\"valueName\":\"search_term_string\"}}],\"inLanguage\":\"fr-FR\"},{\"@type\":\"Organization\",\"@id\":\"https:\\\/\\\/www.artisanlocal.ch\\\/c\\\/#organization\",\"name\":\"Artisanlocal\",\"url\":\"https:\\\/\\\/www.artisanlocal.ch\\\/c\\\/\",\"logo\":{\"@type\":\"ImageObject\",\"inLanguage\":\"fr-FR\",\"@id\":\"https:\\\/\\\/www.artisanlocal.ch\\\/c\\\/#\\\/schema\\\/logo\\\/image\\\/\",\"url\":\"https:\\\/\\\/www.artisanlocal.ch\\\/c\\\/wp-content\\\/uploads\\\/2024\\\/02\\\/logo-artisanlocal-h.svg\",\"contentUrl\":\"https:\\\/\\\/www.artisanlocal.ch\\\/c\\\/wp-content\\\/uploads\\\/2024\\\/02\\\/logo-artisanlocal-h.svg\",\"caption\":\"Artisanlocal\"},\"image\":{\"@id\":\"https:\\\/\\\/www.artisanlocal.ch\\\/c\\\/#\\\/schema\\\/logo\\\/image\\\/\"}}]}<\/script>\n<!-- \/ Yoast SEO Premium plugin. -->","yoast_head_json":{"title":"Vos stores, fermetures, et fen\u00eatres \u00e0 Villars-sur-Gl\u00e2ne - Artisanlocal","robots":{"index":"index","follow":"follow","max-snippet":"max-snippet:-1","max-image-preview":"max-image-preview:large","max-video-preview":"max-video-preview:-1"},"canonical":"https:\/\/www.artisanlocal.ch\/c\/vos-stores-fermetures-et-fenetres-a-villars-sur-glane\/","og_locale":"fr_FR","og_type":"article","og_title":"Vos stores, fermetures, et fen\u00eatres \u00e0 Villars-sur-Gl\u00e2ne","og_description":"Artisanlocal est un installateur de stores, lambrequin lumineux, enseignes et accessoires de terrasses, \u00e0 Villars-sur-Gl\u00e2ne et dans les communes \u00e0 proximit\u00e9. Large choix de stores int\u00e9rieurs Nos stores sur mesure pour votre int\u00e9rieur am\u00e9liorent l&rsquo;apparence de vos fen\u00eatres, g\u00e9rer l&rsquo;entr\u00e9e de la luminosit\u00e9 ou conserver votre intimit\u00e9. Nous offrons un grand choix de stores : [&hellip;]","og_url":"https:\/\/www.artisanlocal.ch\/c\/vos-stores-fermetures-et-fenetres-a-villars-sur-glane\/","og_site_name":"Artisanlocal","article_modified_time":"2025-08-26T17:24:39+00:00","og_image":[{"width":1920,"height":300,"url":"https:\/\/www.artisanlocal.ch\/c\/wp-content\/uploads\/2024\/12\/storiste.jpg","type":"image\/jpeg"}],"twitter_card":"summary_large_image","twitter_misc":{"Dur\u00e9e de lecture estim\u00e9e":"4 minutes"},"schema":{"@context":"https:\/\/schema.org","@graph":[{"@type":"WebPage","@id":"https:\/\/www.artisanlocal.ch\/c\/vos-stores-fermetures-et-fenetres-a-villars-sur-glane\/","url":"https:\/\/www.artisanlocal.ch\/c\/vos-stores-fermetures-et-fenetres-a-villars-sur-glane\/","name":"Vos stores, fermetures, et fen\u00eatres \u00e0 Villars-sur-Gl\u00e2ne - Artisanlocal","isPartOf":{"@id":"https:\/\/www.artisanlocal.ch\/c\/#website"},"primaryImageOfPage":{"@id":"https:\/\/www.artisanlocal.ch\/c\/vos-stores-fermetures-et-fenetres-a-villars-sur-glane\/#primaryimage"},"image":{"@id":"https:\/\/www.artisanlocal.ch\/c\/vos-stores-fermetures-et-fenetres-a-villars-sur-glane\/#primaryimage"},"thumbnailUrl":"https:\/\/www.artisanlocal.ch\/c\/wp-content\/uploads\/2024\/12\/storiste.jpg","datePublished":"2024-11-27T03:40:08+00:00","dateModified":"2025-08-26T17:24:39+00:00","breadcrumb":{"@id":"https:\/\/www.artisanlocal.ch\/c\/vos-stores-fermetures-et-fenetres-a-villars-sur-glane\/#breadcrumb"},"inLanguage":"fr-FR","potentialAction":[{"@type":"ReadAction","target":["https:\/\/www.artisanlocal.ch\/c\/vos-stores-fermetures-et-fenetres-a-villars-sur-glane\/"]}]},{"@type":"ImageObject","inLanguage":"fr-FR","@id":"https:\/\/www.artisanlocal.ch\/c\/vos-stores-fermetures-et-fenetres-a-villars-sur-glane\/#primaryimage","url":"https:\/\/www.artisanlocal.ch\/c\/wp-content\/uploads\/2024\/12\/storiste.jpg","contentUrl":"https:\/\/www.artisanlocal.ch\/c\/wp-content\/uploads\/2024\/12\/storiste.jpg","width":1920,"height":300},{"@type":"BreadcrumbList","@id":"https:\/\/www.artisanlocal.ch\/c\/vos-stores-fermetures-et-fenetres-a-villars-sur-glane\/#breadcrumb","itemListElement":[{"@type":"ListItem","position":1,"name":"Accueil","item":"https:\/\/www.artisanlocal.ch\/c\/"},{"@type":"ListItem","position":2,"name":"Vos stores, fermetures, et fen\u00eatres \u00e0 Villars-sur-Gl\u00e2ne"}]},{"@type":"WebSite","@id":"https:\/\/www.artisanlocal.ch\/c\/#website","url":"https:\/\/www.artisanlocal.ch\/c\/","name":"Artisanlocal","description":"","publisher":{"@id":"https:\/\/www.artisanlocal.ch\/c\/#organization"},"potentialAction":[{"@type":"SearchAction","target":{"@type":"EntryPoint","urlTemplate":"https:\/\/www.artisanlocal.ch\/c\/?s={search_term_string}"},"query-input":{"@type":"PropertyValueSpecification","valueRequired":true,"valueName":"search_term_string"}}],"inLanguage":"fr-FR"},{"@type":"Organization","@id":"https:\/\/www.artisanlocal.ch\/c\/#organization","name":"Artisanlocal","url":"https:\/\/www.artisanlocal.ch\/c\/","logo":{"@type":"ImageObject","inLanguage":"fr-FR","@id":"https:\/\/www.artisanlocal.ch\/c\/#\/schema\/logo\/image\/","url":"https:\/\/www.artisanlocal.ch\/c\/wp-content\/uploads\/2024\/02\/logo-artisanlocal-h.svg","contentUrl":"https:\/\/www.artisanlocal.ch\/c\/wp-content\/uploads\/2024\/02\/logo-artisanlocal-h.svg","caption":"Artisanlocal"},"image":{"@id":"https:\/\/www.artisanlocal.ch\/c\/#\/schema\/logo\/image\/"}}]}},"_links":{"self":[{"href":"https:\/\/www.artisanlocal.ch\/c\/wp-json\/wp\/v2\/pages\/2985","targetHints":{"allow":["GET"]}}],"collection":[{"href":"https:\/\/www.artisanlocal.ch\/c\/wp-json\/wp\/v2\/pages"}],"about":[{"href":"https:\/\/www.artisanlocal.ch\/c\/wp-json\/wp\/v2\/types\/page"}],"author":[{"embeddable":true,"href":"https:\/\/www.artisanlocal.ch\/c\/wp-json\/wp\/v2\/users\/4"}],"replies":[{"embeddable":true,"href":"https:\/\/www.artisanlocal.ch\/c\/wp-json\/wp\/v2\/comments?post=2985"}],"version-history":[{"count":0,"href":"https:\/\/www.artisanlocal.ch\/c\/wp-json\/wp\/v2\/pages\/2985\/revisions"}],"wp:featuredmedia":[{"embeddable":true,"href":"https:\/\/www.artisanlocal.ch\/c\/wp-json\/wp\/v2\/media\/3071"}],"wp:attachment":[{"href":"https:\/\/www.artisanlocal.ch\/c\/wp-json\/wp\/v2\/media?parent=2985"}],"wp:term":[{"taxonomy":"profession","embeddable":true,"href":"https:\/\/www.artisanlocal.ch\/c\/wp-json\/wp\/v2\/profession?post=2985"},{"taxonomy":"location","embeddable":true,"href":"https:\/\/www.artisanlocal.ch\/c\/wp-json\/wp\/v2\/location?post=2985"},{"taxonomy":"canton","embeddable":true,"href":"https:\/\/www.artisanlocal.ch\/c\/wp-json\/wp\/v2\/canton?post=2985"}],"curies":[{"name":"wp","href":"https:\/\/api.w.org\/{rel}","templated":true}]}}