{"id":2988,"date":"2024-11-29T08:34:14","date_gmt":"2024-11-29T07:34:14","guid":{"rendered":"https:\/\/www.artisanlocal.ch\/c\/artisanlocal-le-specialiste-stores-et-fermetures-sur-mesure-a-neuchatel\/"},"modified":"2025-08-26T19:24:32","modified_gmt":"2025-08-26T17:24:32","slug":"artisanlocal-le-specialiste-stores-et-fermetures-sur-mesure-a-neuchatel","status":"publish","type":"page","link":"https:\/\/www.artisanlocal.ch\/c\/artisanlocal-le-specialiste-stores-et-fermetures-sur-mesure-a-neuchatel\/","title":{"rendered":"Artisanlocal le sp\u00e9cialiste stores et fermetures sur mesure \u00e0 Neuch\u00e2tel"},"content":{"rendered":"<p>Artisanlocal est un installateur de stores, enseignes, lambrequin lumineux et accessoires de terrasses, \u00e0 Neuch\u00e2tel et dans les municipalit\u00e9s \u00e0 proximit\u00e9.<\/p>\n\r\n<div class=\"box\">\r\n    <h2 class=\"text-dark\">Nous cherchons un <em class=\"text-primary\">Storiste<\/em> dans la r\u00e9gion de <em class=\"text-primary\">Neuch\u00e2tel<\/em>  en exclusivit\u00e9, afin de proposer vos services \u00e0 nos clients propri\u00e9taires.<\/h2>\r\n    <p>Une opportunit\u00e9 unique pour booster votre activit\u00e9 \u00e0 <strong>Neuch\u00e2tel<\/strong> et aux alentours dans votre domaine (Storiste).<\/p>\r\n    <p>Nous travaillons en exclusivit\u00e9 avec qu'une soci\u00e9t\u00e9 par m\u00e9tier et par r\u00e9gion. <br>Votre entreprise est pr\u00e9sente sur tous les documents immobiliers. Afin d'\u00eatre mieux vu sur le net, vous \u00eates \u00e9galement visible sur nos deux sites et sur les pages de r\u00e9f\u00e9rencement de votre r\u00e9gion.<\/p>\r\n    <a href=\"\/contact\" class=\"wp-block-button__link has-accent-background-color has-text-align-center wp-element-button\">R\u00e9server<\/a>\r\n<\/div>\n<h2>Stores int\u00e9rieurs<\/h2>\n<p>Nos solutions int\u00e9rieures am\u00e9liorent l&rsquo;apparence de vos fen\u00eatres, contr\u00f4ler l&rsquo;entr\u00e9e de la lumi\u00e8re ou conserver votre intimit\u00e9. Nous proposons \u00e0 nos clients un vaste choix de stores : v\u00e9nitiens, textiles, pliss\u00e9s, bandes verticales, enrouleurs, enrouleurs avec coffre, rideaux, parois japonaises, bateaux et bateaux voilage.<\/p>\n<h2>Stores ext\u00e9rieurs sur-mesure pour vos fen\u00eatres<\/h2>\n<p>Nos stores ext\u00e9rieurs sont install\u00e9s pour cr\u00e9er des zones ombrag\u00e9es. Nous proposons un large choix de stores ext\u00e9rieurs : verri\u00e8res, loggias et v\u00e9randas, mais aussi fen\u00eatres, pourvues de coffres, bannes, semi-coffres, \u00e0 bras t\u00e9lescopiques ou articul\u00e9s.<\/p>\n<h2>Pergolas<\/h2>\n<p>Si vous recherchez une protection contre les pr\u00e9cipitations, nous vous conseillons de s\u00e9lectionner une pergola. Nous avons une vaste gamme de pergolas : toiles de protection solaire verticale, \u00e0 lames r\u00e9tractables, avec panneaux verticaux ou \u00e0 toits fixes.<\/p>\n<h2>Lambrequin lumineux LED<\/h2>\n<p>Gr\u00e2ce \u00e0 nos lambrequins lumineux, votre commerce sera visible la nuit ou par temps pluvieux.&nbsp;<\/p>\n<h2>Store banne : changement de toile (rentoilage)<\/h2>\n<p>Le rentoilage de stores banne est une alternative \u00e9conomique au remplacement du store.<\/p>\n<h2>Fen\u00eatres bois et alu<\/h2>\n<p>Si vous d\u00e9sirez r\u00e9nover vos fen\u00eatres. Nous avons une large gamme de fen\u00eatres coulissantes et battantes : PVC, en bois ou aluminium.<\/p>\n<h2>Pose de volets roulants avec ou sans motorisation <\/h2>\n<p>Si vous avez besoin d\u2019une meilleure protection phonique, thermique ou solaire, privil\u00e9gier nos Volets roulants manuels ou \u00e9lectriques : m\u00e9talliques, aluminium, persiennes, solaires ou bois.<\/p>\n<h2>Films de protection solaire<\/h2>\n<p>Nos films protection solaire sans tains vous permettent de r\u00e9guler la temp\u00e9rature de votre maison, d\u2019am\u00e9liorer votre s\u00e9curit\u00e9 en pr\u00e9servant votre intimit\u00e9, et des rayons UV dangereux.<\/p>\n<h2>Menuiserie<\/h2>\n<p>Artisanlocal propose d\u2019autres solutions sur mesure, par exemple les :<\/p>\n<ul>\n<li>Portail et portes.<\/li>\n<li>Domotiques.<\/li>\n<li>Fen\u00eatres.<\/li>\n<li>Portes de garage.<\/li>\n<li>Carport.<\/li>\n<li>Garde-corps.<\/li>\n<li>Volets.<\/li>\n<li>Alarmes.<\/li>\n<\/ul>\n<h2>Nos champs d&rsquo;intervention<\/h2>\n<h3>Les soci\u00e9t\u00e9s : restaurants, brasseries, caf\u00e9s, boutiques<\/h3>\n<p>Notre entreprise \u00e9labore, construit, et met en place des stores pour les soci\u00e9t\u00e9s \u00e0 Neuch\u00e2tel, tels que : les restaurants, bureaux et boutiques.&nbsp;<\/p>\n<h3>Pour les copropri\u00e9t\u00e9s et particuliers<\/h3>\n<p>Intervention dans les copropri\u00e9t\u00e9s et chez les particuliers, nous mettons en place vos pergolas, pergolas bioclimatiques, volets battants, fen\u00eatres, stores de terrasse, v\u00e9randas, volets roulants et stores int\u00e9rieurs.<\/p>\n<h2>D\u00e9couvrez nos services<\/h2>\n<h3>Conception de stores sur mesure<\/h3>\n<p>Nous cr\u00e9ons vos stores sur mesure selon vos demandes.<\/p>\n<h3>Installation sur mesure<\/h3>\n<p>Nos techniciens se d\u00e9placent \u00e0 Neuch\u00e2tel pour panifier et installer vos stores en fonction de vos attentes.<\/p>\n<h3>R\u00e9paration de store \u00e0 Neuch\u00e2tel<\/h3>\n<p>Nos storistes r\u00e9parent vos stores, au cours de leur intervention, ils remplacent les \u00e9l\u00e9ments d\u00e9fectueux.<\/p>\n<h3>Entretien de store \u00e0 Neuch\u00e2tel<\/h3>\n<p>Une maintenance r\u00e9guli\u00e8re permet d&rsquo;augmenter la durabilit\u00e9 de vos stores. Pour cela, un storiste doit venir \u00e0 votre domicile et examiner l\u2019\u00e9tat de votre store et si besoin effectuer la r\u00e9paration, le remplacement ou le rentoilage.<\/p>\n<h3>Options<\/h3>\n<p>Notre gamme de produits est disponibles avec des ouvertures \u00e9lectriques ou manuelles pour les stores, portes de garage et volets.<\/p>\n<h2>Pourquoi choisir Artisanlocal ?<\/h2>\n<p>Notre soci\u00e9t\u00e9 est experte dans la pose et l\u2019entretien de stores et de fermetures \u00e0 Neuch\u00e2tel. Nos techniciens storistes vous conseilleront dans le choix de votre store pour r\u00e9pondre au mieux \u00e0 vos attentes.<\/p>\n<h3>Large gamme<\/h3>\n<p>Nous proposons un large choix de stores int\u00e9rieurs et ext\u00e9rieurs.<\/p>\n<h3>Devis gratuits<\/h3>\n<p>Recevez nos estimations gratuites. Nos devis sont d\u00e9taill\u00e9s et totalement transparents.&nbsp;<\/p>\n<h3>\u00c9tude de faisabilit\u00e9<\/h3>\n<p>Nous regardons toujours la viabilit\u00e9 des projets, et nous cr\u00e9ons des plans sur mesures pour incorporer de la meilleure fa\u00e7on vos stores en consid\u00e9rant vos d\u00e9sirs.<\/p>\n<h3>Store haut de gamme<\/h3>\n<p>Les stores que nous installons sont fabriqu\u00e9s avec des mat\u00e9riaux de qualit\u00e9 pour garantir une bonne long\u00e9vit\u00e9.<\/p>\n<h3>Intervention en urgence <\/h3>\n<p>Notre entreprise Artisanlocal est install\u00e9e au milieu de Neuch\u00e2tel pour intervenir d\u00e8s que possible chez vous.<\/p>\n<h2>Questions &#8211; R\u00e9ponses<\/h2>\n<h3>Est-il possible de motoriser des stores pos\u00e9s ?<\/h3>\n<p>Oui, la motorisation d&rsquo;un store est enti\u00e8rement r\u00e9alisable, seulement sous certaines conditions. Un de nos techniciens doit intervenir chez vous pour examiner la possibilit\u00e9 du projet.<\/p>\n<h3>Votre soci\u00e9t\u00e9 intervient-elle dans les villes \u00e0 proximit\u00e9 de Neuch\u00e2tel ? ?<\/h3>\n<p>Oui, nous op\u00e9rons \u00e0 Neuch\u00e2tel et dans les communes aux environs, comme : Auvernier, Colombier NE, B\u00f4le, Areuse, Cortaillod, Boudry, Chambrelien, Rochefort, Bevaix, Gorgier, St-Aubin-Sauges, Chez-le-Bart, Fresens, Montalchez, Vaumarcus, Peseux, Corcelles NE, Cormondr\u00e8che, Hauterive NE, St-Blaise, Enges, Marin-Epagnier, Thielle, Wavre, Cornaux NE, Cressier NE, Champ-du-Moulin.<\/p>\n","protected":false},"excerpt":{"rendered":"<p>Artisanlocal est un installateur de stores, enseignes, lambrequin lumineux et accessoires de terrasses, \u00e0 Neuch\u00e2tel et dans les municipalit\u00e9s \u00e0 proximit\u00e9. Stores int\u00e9rieurs Nos solutions int\u00e9rieures am\u00e9liorent l&rsquo;apparence de vos fen\u00eatres, contr\u00f4ler l&rsquo;entr\u00e9e de la lumi\u00e8re ou conserver votre intimit\u00e9. Nous proposons \u00e0 nos clients un vaste choix de stores : v\u00e9nitiens, textiles, pliss\u00e9s, bandes [&hellip;]<\/p>\n","protected":false},"author":4,"featured_media":3071,"parent":0,"menu_order":0,"comment_status":"closed","ping_status":"closed","template":"","meta":{"footnotes":""},"profession":[130],"location":[62],"canton":[114],"class_list":["post-2988","page","type-page","status-publish","has-post-thumbnail","hentry","profession-storiste","location-neuchatel","canton-ne"],"yoast_head":"<!-- This site is optimized with the Yoast SEO Premium plugin v25.7.1 (Yoast SEO v27.4) - https:\/\/yoast.com\/product\/yoast-seo-premium-wordpress\/ -->\n<title>Artisanlocal le sp\u00e9cialiste stores et fermetures sur mesure \u00e0 Neuch\u00e2tel - Artisanlocal<\/title>\n<meta name=\"robots\" content=\"index, follow, max-snippet:-1, max-image-preview:large, max-video-preview:-1\" \/>\n<link rel=\"canonical\" href=\"https:\/\/www.artisanlocal.ch\/c\/artisanlocal-le-specialiste-stores-et-fermetures-sur-mesure-a-neuchatel\/\" \/>\n<meta property=\"og:locale\" content=\"fr_FR\" \/>\n<meta property=\"og:type\" content=\"article\" \/>\n<meta property=\"og:title\" content=\"Artisanlocal le sp\u00e9cialiste stores et fermetures sur mesure \u00e0 Neuch\u00e2tel\" \/>\n<meta property=\"og:description\" content=\"Artisanlocal est un installateur de stores, enseignes, lambrequin lumineux et accessoires de terrasses, \u00e0 Neuch\u00e2tel et dans les municipalit\u00e9s \u00e0 proximit\u00e9. Stores int\u00e9rieurs Nos solutions int\u00e9rieures am\u00e9liorent l&rsquo;apparence de vos fen\u00eatres, contr\u00f4ler l&rsquo;entr\u00e9e de la lumi\u00e8re ou conserver votre intimit\u00e9. Nous proposons \u00e0 nos clients un vaste choix de stores : v\u00e9nitiens, textiles, pliss\u00e9s, bandes [&hellip;]\" \/>\n<meta property=\"og:url\" content=\"https:\/\/www.artisanlocal.ch\/c\/artisanlocal-le-specialiste-stores-et-fermetures-sur-mesure-a-neuchatel\/\" \/>\n<meta property=\"og:site_name\" content=\"Artisanlocal\" \/>\n<meta property=\"article:modified_time\" content=\"2025-08-26T17:24:32+00:00\" \/>\n<meta property=\"og:image\" content=\"https:\/\/www.artisanlocal.ch\/c\/wp-content\/uploads\/2024\/12\/storiste.jpg\" \/>\n\t<meta property=\"og:image:width\" content=\"1920\" \/>\n\t<meta property=\"og:image:height\" content=\"300\" \/>\n\t<meta property=\"og:image:type\" content=\"image\/jpeg\" \/>\n<meta name=\"twitter:card\" content=\"summary_large_image\" \/>\n<meta name=\"twitter:label1\" content=\"Dur\u00e9e de lecture estim\u00e9e\" \/>\n\t<meta name=\"twitter:data1\" content=\"4 minutes\" \/>\n<script type=\"application\/ld+json\" class=\"yoast-schema-graph\">{\"@context\":\"https:\\\/\\\/schema.org\",\"@graph\":[{\"@type\":\"WebPage\",\"@id\":\"https:\\\/\\\/www.artisanlocal.ch\\\/c\\\/artisanlocal-le-specialiste-stores-et-fermetures-sur-mesure-a-neuchatel\\\/\",\"url\":\"https:\\\/\\\/www.artisanlocal.ch\\\/c\\\/artisanlocal-le-specialiste-stores-et-fermetures-sur-mesure-a-neuchatel\\\/\",\"name\":\"Artisanlocal le sp\u00e9cialiste stores et fermetures sur mesure \u00e0 Neuch\u00e2tel - Artisanlocal\",\"isPartOf\":{\"@id\":\"https:\\\/\\\/www.artisanlocal.ch\\\/c\\\/#website\"},\"primaryImageOfPage\":{\"@id\":\"https:\\\/\\\/www.artisanlocal.ch\\\/c\\\/artisanlocal-le-specialiste-stores-et-fermetures-sur-mesure-a-neuchatel\\\/#primaryimage\"},\"image\":{\"@id\":\"https:\\\/\\\/www.artisanlocal.ch\\\/c\\\/artisanlocal-le-specialiste-stores-et-fermetures-sur-mesure-a-neuchatel\\\/#primaryimage\"},\"thumbnailUrl\":\"https:\\\/\\\/www.artisanlocal.ch\\\/c\\\/wp-content\\\/uploads\\\/2024\\\/12\\\/storiste.jpg\",\"datePublished\":\"2024-11-29T07:34:14+00:00\",\"dateModified\":\"2025-08-26T17:24:32+00:00\",\"breadcrumb\":{\"@id\":\"https:\\\/\\\/www.artisanlocal.ch\\\/c\\\/artisanlocal-le-specialiste-stores-et-fermetures-sur-mesure-a-neuchatel\\\/#breadcrumb\"},\"inLanguage\":\"fr-FR\",\"potentialAction\":[{\"@type\":\"ReadAction\",\"target\":[\"https:\\\/\\\/www.artisanlocal.ch\\\/c\\\/artisanlocal-le-specialiste-stores-et-fermetures-sur-mesure-a-neuchatel\\\/\"]}]},{\"@type\":\"ImageObject\",\"inLanguage\":\"fr-FR\",\"@id\":\"https:\\\/\\\/www.artisanlocal.ch\\\/c\\\/artisanlocal-le-specialiste-stores-et-fermetures-sur-mesure-a-neuchatel\\\/#primaryimage\",\"url\":\"https:\\\/\\\/www.artisanlocal.ch\\\/c\\\/wp-content\\\/uploads\\\/2024\\\/12\\\/storiste.jpg\",\"contentUrl\":\"https:\\\/\\\/www.artisanlocal.ch\\\/c\\\/wp-content\\\/uploads\\\/2024\\\/12\\\/storiste.jpg\",\"width\":1920,\"height\":300},{\"@type\":\"BreadcrumbList\",\"@id\":\"https:\\\/\\\/www.artisanlocal.ch\\\/c\\\/artisanlocal-le-specialiste-stores-et-fermetures-sur-mesure-a-neuchatel\\\/#breadcrumb\",\"itemListElement\":[{\"@type\":\"ListItem\",\"position\":1,\"name\":\"Accueil\",\"item\":\"https:\\\/\\\/www.artisanlocal.ch\\\/c\\\/\"},{\"@type\":\"ListItem\",\"position\":2,\"name\":\"Artisanlocal le sp\u00e9cialiste stores et fermetures sur mesure \u00e0 Neuch\u00e2tel\"}]},{\"@type\":\"WebSite\",\"@id\":\"https:\\\/\\\/www.artisanlocal.ch\\\/c\\\/#website\",\"url\":\"https:\\\/\\\/www.artisanlocal.ch\\\/c\\\/\",\"name\":\"Artisanlocal\",\"description\":\"\",\"publisher\":{\"@id\":\"https:\\\/\\\/www.artisanlocal.ch\\\/c\\\/#organization\"},\"potentialAction\":[{\"@type\":\"SearchAction\",\"target\":{\"@type\":\"EntryPoint\",\"urlTemplate\":\"https:\\\/\\\/www.artisanlocal.ch\\\/c\\\/?s={search_term_string}\"},\"query-input\":{\"@type\":\"PropertyValueSpecification\",\"valueRequired\":true,\"valueName\":\"search_term_string\"}}],\"inLanguage\":\"fr-FR\"},{\"@type\":\"Organization\",\"@id\":\"https:\\\/\\\/www.artisanlocal.ch\\\/c\\\/#organization\",\"name\":\"Artisanlocal\",\"url\":\"https:\\\/\\\/www.artisanlocal.ch\\\/c\\\/\",\"logo\":{\"@type\":\"ImageObject\",\"inLanguage\":\"fr-FR\",\"@id\":\"https:\\\/\\\/www.artisanlocal.ch\\\/c\\\/#\\\/schema\\\/logo\\\/image\\\/\",\"url\":\"https:\\\/\\\/www.artisanlocal.ch\\\/c\\\/wp-content\\\/uploads\\\/2024\\\/02\\\/logo-artisanlocal-h.svg\",\"contentUrl\":\"https:\\\/\\\/www.artisanlocal.ch\\\/c\\\/wp-content\\\/uploads\\\/2024\\\/02\\\/logo-artisanlocal-h.svg\",\"caption\":\"Artisanlocal\"},\"image\":{\"@id\":\"https:\\\/\\\/www.artisanlocal.ch\\\/c\\\/#\\\/schema\\\/logo\\\/image\\\/\"}}]}<\/script>\n<!-- \/ Yoast SEO Premium plugin. -->","yoast_head_json":{"title":"Artisanlocal le sp\u00e9cialiste stores et fermetures sur mesure \u00e0 Neuch\u00e2tel - Artisanlocal","robots":{"index":"index","follow":"follow","max-snippet":"max-snippet:-1","max-image-preview":"max-image-preview:large","max-video-preview":"max-video-preview:-1"},"canonical":"https:\/\/www.artisanlocal.ch\/c\/artisanlocal-le-specialiste-stores-et-fermetures-sur-mesure-a-neuchatel\/","og_locale":"fr_FR","og_type":"article","og_title":"Artisanlocal le sp\u00e9cialiste stores et fermetures sur mesure \u00e0 Neuch\u00e2tel","og_description":"Artisanlocal est un installateur de stores, enseignes, lambrequin lumineux et accessoires de terrasses, \u00e0 Neuch\u00e2tel et dans les municipalit\u00e9s \u00e0 proximit\u00e9. Stores int\u00e9rieurs Nos solutions int\u00e9rieures am\u00e9liorent l&rsquo;apparence de vos fen\u00eatres, contr\u00f4ler l&rsquo;entr\u00e9e de la lumi\u00e8re ou conserver votre intimit\u00e9. Nous proposons \u00e0 nos clients un vaste choix de stores : v\u00e9nitiens, textiles, pliss\u00e9s, bandes [&hellip;]","og_url":"https:\/\/www.artisanlocal.ch\/c\/artisanlocal-le-specialiste-stores-et-fermetures-sur-mesure-a-neuchatel\/","og_site_name":"Artisanlocal","article_modified_time":"2025-08-26T17:24:32+00:00","og_image":[{"width":1920,"height":300,"url":"https:\/\/www.artisanlocal.ch\/c\/wp-content\/uploads\/2024\/12\/storiste.jpg","type":"image\/jpeg"}],"twitter_card":"summary_large_image","twitter_misc":{"Dur\u00e9e de lecture estim\u00e9e":"4 minutes"},"schema":{"@context":"https:\/\/schema.org","@graph":[{"@type":"WebPage","@id":"https:\/\/www.artisanlocal.ch\/c\/artisanlocal-le-specialiste-stores-et-fermetures-sur-mesure-a-neuchatel\/","url":"https:\/\/www.artisanlocal.ch\/c\/artisanlocal-le-specialiste-stores-et-fermetures-sur-mesure-a-neuchatel\/","name":"Artisanlocal le sp\u00e9cialiste stores et fermetures sur mesure \u00e0 Neuch\u00e2tel - Artisanlocal","isPartOf":{"@id":"https:\/\/www.artisanlocal.ch\/c\/#website"},"primaryImageOfPage":{"@id":"https:\/\/www.artisanlocal.ch\/c\/artisanlocal-le-specialiste-stores-et-fermetures-sur-mesure-a-neuchatel\/#primaryimage"},"image":{"@id":"https:\/\/www.artisanlocal.ch\/c\/artisanlocal-le-specialiste-stores-et-fermetures-sur-mesure-a-neuchatel\/#primaryimage"},"thumbnailUrl":"https:\/\/www.artisanlocal.ch\/c\/wp-content\/uploads\/2024\/12\/storiste.jpg","datePublished":"2024-11-29T07:34:14+00:00","dateModified":"2025-08-26T17:24:32+00:00","breadcrumb":{"@id":"https:\/\/www.artisanlocal.ch\/c\/artisanlocal-le-specialiste-stores-et-fermetures-sur-mesure-a-neuchatel\/#breadcrumb"},"inLanguage":"fr-FR","potentialAction":[{"@type":"ReadAction","target":["https:\/\/www.artisanlocal.ch\/c\/artisanlocal-le-specialiste-stores-et-fermetures-sur-mesure-a-neuchatel\/"]}]},{"@type":"ImageObject","inLanguage":"fr-FR","@id":"https:\/\/www.artisanlocal.ch\/c\/artisanlocal-le-specialiste-stores-et-fermetures-sur-mesure-a-neuchatel\/#primaryimage","url":"https:\/\/www.artisanlocal.ch\/c\/wp-content\/uploads\/2024\/12\/storiste.jpg","contentUrl":"https:\/\/www.artisanlocal.ch\/c\/wp-content\/uploads\/2024\/12\/storiste.jpg","width":1920,"height":300},{"@type":"BreadcrumbList","@id":"https:\/\/www.artisanlocal.ch\/c\/artisanlocal-le-specialiste-stores-et-fermetures-sur-mesure-a-neuchatel\/#breadcrumb","itemListElement":[{"@type":"ListItem","position":1,"name":"Accueil","item":"https:\/\/www.artisanlocal.ch\/c\/"},{"@type":"ListItem","position":2,"name":"Artisanlocal le sp\u00e9cialiste stores et fermetures sur mesure \u00e0 Neuch\u00e2tel"}]},{"@type":"WebSite","@id":"https:\/\/www.artisanlocal.ch\/c\/#website","url":"https:\/\/www.artisanlocal.ch\/c\/","name":"Artisanlocal","description":"","publisher":{"@id":"https:\/\/www.artisanlocal.ch\/c\/#organization"},"potentialAction":[{"@type":"SearchAction","target":{"@type":"EntryPoint","urlTemplate":"https:\/\/www.artisanlocal.ch\/c\/?s={search_term_string}"},"query-input":{"@type":"PropertyValueSpecification","valueRequired":true,"valueName":"search_term_string"}}],"inLanguage":"fr-FR"},{"@type":"Organization","@id":"https:\/\/www.artisanlocal.ch\/c\/#organization","name":"Artisanlocal","url":"https:\/\/www.artisanlocal.ch\/c\/","logo":{"@type":"ImageObject","inLanguage":"fr-FR","@id":"https:\/\/www.artisanlocal.ch\/c\/#\/schema\/logo\/image\/","url":"https:\/\/www.artisanlocal.ch\/c\/wp-content\/uploads\/2024\/02\/logo-artisanlocal-h.svg","contentUrl":"https:\/\/www.artisanlocal.ch\/c\/wp-content\/uploads\/2024\/02\/logo-artisanlocal-h.svg","caption":"Artisanlocal"},"image":{"@id":"https:\/\/www.artisanlocal.ch\/c\/#\/schema\/logo\/image\/"}}]}},"_links":{"self":[{"href":"https:\/\/www.artisanlocal.ch\/c\/wp-json\/wp\/v2\/pages\/2988","targetHints":{"allow":["GET"]}}],"collection":[{"href":"https:\/\/www.artisanlocal.ch\/c\/wp-json\/wp\/v2\/pages"}],"about":[{"href":"https:\/\/www.artisanlocal.ch\/c\/wp-json\/wp\/v2\/types\/page"}],"author":[{"embeddable":true,"href":"https:\/\/www.artisanlocal.ch\/c\/wp-json\/wp\/v2\/users\/4"}],"replies":[{"embeddable":true,"href":"https:\/\/www.artisanlocal.ch\/c\/wp-json\/wp\/v2\/comments?post=2988"}],"version-history":[{"count":0,"href":"https:\/\/www.artisanlocal.ch\/c\/wp-json\/wp\/v2\/pages\/2988\/revisions"}],"wp:featuredmedia":[{"embeddable":true,"href":"https:\/\/www.artisanlocal.ch\/c\/wp-json\/wp\/v2\/media\/3071"}],"wp:attachment":[{"href":"https:\/\/www.artisanlocal.ch\/c\/wp-json\/wp\/v2\/media?parent=2988"}],"wp:term":[{"taxonomy":"profession","embeddable":true,"href":"https:\/\/www.artisanlocal.ch\/c\/wp-json\/wp\/v2\/profession?post=2988"},{"taxonomy":"location","embeddable":true,"href":"https:\/\/www.artisanlocal.ch\/c\/wp-json\/wp\/v2\/location?post=2988"},{"taxonomy":"canton","embeddable":true,"href":"https:\/\/www.artisanlocal.ch\/c\/wp-json\/wp\/v2\/canton?post=2988"}],"curies":[{"name":"wp","href":"https:\/\/api.w.org\/{rel}","templated":true}]}}