{"id":2989,"date":"2024-12-03T01:29:28","date_gmt":"2024-12-03T00:29:28","guid":{"rendered":"https:\/\/www.artisanlocal.ch\/c\/votre-specialiste-fermetures-et-stores-sur-mesure-a-le-locle\/"},"modified":"2025-08-26T19:24:07","modified_gmt":"2025-08-26T17:24:07","slug":"votre-specialiste-fermetures-et-stores-sur-mesure-a-le-locle","status":"publish","type":"page","link":"https:\/\/www.artisanlocal.ch\/c\/votre-specialiste-fermetures-et-stores-sur-mesure-a-le-locle\/","title":{"rendered":"Votre sp\u00e9cialiste fermetures et stores sur mesure \u00e0 Le Locle"},"content":{"rendered":"<p>Artisanlocal est une soci\u00e9t\u00e9 sp\u00e9cialis\u00e9e dans la mise en place de stores, enseignes, lambrequin lumineux et accessoires de terrasses, \u00e0 Le Locle et dans les villes proches.<br \/>\n\r\n<div class=\"box\">\r\n    <h2 class=\"text-dark\">Nous cherchons un <em class=\"text-primary\">Storiste<\/em> dans la r\u00e9gion de <em class=\"text-primary\">Le Locle<\/em>  en exclusivit\u00e9, afin de proposer vos services \u00e0 nos clients propri\u00e9taires.<\/h2>\r\n    <p>Une opportunit\u00e9 unique pour booster votre activit\u00e9 \u00e0 <strong>Le Locle<\/strong> et aux alentours dans votre domaine (Storiste).<\/p>\r\n    <p>Nous travaillons en exclusivit\u00e9 avec qu'une soci\u00e9t\u00e9 par m\u00e9tier et par r\u00e9gion. <br>Votre entreprise est pr\u00e9sente sur tous les documents immobiliers. Afin d'\u00eatre mieux vu sur le net, vous \u00eates \u00e9galement visible sur nos deux sites et sur les pages de r\u00e9f\u00e9rencement de votre r\u00e9gion.<\/p>\r\n    <a href=\"\/contact\" class=\"wp-block-button__link has-accent-background-color has-text-align-center wp-element-button\">R\u00e9server<\/a>\r\n<\/div><\/p>\n<h2>Large gamme de stores int\u00e9rieurs<\/h2>\n<p>Nos stores int\u00e9rieurs sont d\u00e9velopp\u00e9s pour embellir l&rsquo;aspect visuel de vos fen\u00eatres, limiter la luminosit\u00e9 et prot\u00e9gez votre confidentialit\u00e9. Nous proposons un large choix de stores : textiles, enrouleurs, rideaux, bateaux, pliss\u00e9s, parois japonaises, v\u00e9nitiens, bandes verticales, enrouleurs avec coffre et bateaux voilage.<\/p>\n<h2>Stores ext\u00e9rieurs personnalis\u00e9s pour vos fen\u00eatres<\/h2>\n<p>Nos stores ext\u00e9rieurs sont install\u00e9s pour cr\u00e9er des espaces \u00e0 l\u2019abri du soleil. Nous proposons une large gamme de stores ext\u00e9rieurs : coffres et bannes, ou semi-coffres, articul\u00e9s ou \u00e0 bras t\u00e9lescopiques, de fen\u00eatre, \u00e9galement des v\u00e9randas, loggias ainsi que des verri\u00e8res.<\/p>\n<h2>Pergolas et pergolas bioclimatiques<\/h2>\n<p>Si vous recherchez une protection contre les intemp\u00e9ries, nous vous conseillons de choisir une pergola. Nous avons un large choix de pergolas : \u00e0 lames r\u00e9tractables, \u00e0 toits fixes, toiles de protection solaire verticale ou avec panneaux verticaux.<\/p>\n<h2>Lambrequin lumineux LED<\/h2>\n<p>Nos lambrequins lumineux vous permettent d\u2019am\u00e9liorer la visibilit\u00e9 nocturne : de votre restaurant, magasin, commerces, commerce, h\u00f4tel ou brasserie.<\/p>\n<h2>Rentoilage de stores sur-mesure<\/h2>\n<p>Le rentoilage de stores banne est une alternative \u00e9conomique au changement votre store.<\/p>\n<h2>Fen\u00eatres bois et alu<\/h2>\n<p>Si vous souhaitez changer vos fen\u00eatres. Nous construisons et installons vos fen\u00eatres battantes et coulissantes : PVC, en bois ou aluminium.<\/p>\n<h2>Installation de volets roulants avec ou sans motorisation \u00e0 Le Locle<\/h2>\n<p>Les volets roulants offrent une meilleure isolation thermique, et une protection solaire et phonique. Ils r\u00e9duisent les d\u00e9perditions de chaleur : m\u00e9talliques, persiennes, alu, solaires ou bois.<\/p>\n<h2>Nos films pour vitrages et stores sur mesure de qualit\u00e9<\/h2>\n<p>Nos films protection solaire sans tains vous permettent de contr\u00f4ler la temp\u00e9rature de votre int\u00e9rieur, de limiter la transmission UV, et de pr\u00e9server votre intimit\u00e9.<\/p>\n<h2>Menuiserie<\/h2>\n<p>Nous avons aussi d\u2019autres solutions \u00e0 vous proposer, par exemple les :<\/p>\n<ul>\n<li>Portes et portails.<\/li>\n<li>Domotiques.<\/li>\n<li>Fen\u00eatres.<\/li>\n<li>Portes de garage.<\/li>\n<li>Carport.<\/li>\n<li>Garde-corps.<\/li>\n<li>Volets.<\/li>\n<li>Alarmes.<\/li>\n<\/ul>\n<h2>Nos secteurs d&rsquo;activit\u00e9 \u00e0 Le Locle<\/h2>\n<h3>Les entreprises : restaurants, caf\u00e9s, brasseries, boutiques<\/h3>\n<p>Artisanlocal est sp\u00e9cialis\u00e9 dans la cr\u00e9ation, la fabrication, et l\u2019installation de stores pour les entreprises \u00e0 Le Locle, comme : les bureaux, les boutiques et les restaurants.<\/p>\n<h3>Pour les copropri\u00e9t\u00e9s et particuliers<\/h3>\n<p>Nous intervenons dans les copropri\u00e9t\u00e9s et chez les particuliers pour poser vos fen\u00eatres, stores de terrasse, stores int\u00e9rieurs, v\u00e9randa, volets roulants, volets battants, pergolas et pergolas bioclimatiques.<\/p>\n<h2>Nos services<\/h2>\n<h3>Conception de stores sur mesure<\/h3>\n<p>Nous cr\u00e9ons tous vos stores sur mesure en fonction de vos demandes.<\/p>\n<h3>Installation personnalis\u00e9<\/h3>\n<p>Nos storistes interviennent \u00e0 Le Locle pour mesurer et poser vos stores personnalis\u00e9s.<\/p>\n<h3>R\u00e9paration de store \u00e0 Le Locle<\/h3>\n<p>Les storistes d&rsquo;Artisanlocal remplacent les pi\u00e8ces de vos stores, au cours de leur intervention, ils remplacent les pi\u00e8ces endommag\u00e9es.<\/p>\n<h3>Entretien de store \u00e0 Le Locle<\/h3>\n<p>Une maintenance r\u00e9alis\u00e9e fr\u00e9quemment permet d&rsquo;am\u00e9liorer la durabilit\u00e9 de vos stores. Pour cela, un storiste doit se d\u00e9placer \u00e0 votre domicile et contr\u00f4ler l\u2019\u00e9tat de votre store et si besoin effectuer le rentoilage, le remplacement et la r\u00e9paration.<\/p>\n<h3>Option et accessoire suppl\u00e9mentaire<\/h3>\n<p>Nous proposons diff\u00e9rents mod\u00e8les d\u2019ouverture (manuelle ou \u00e9lectrique) pour les stores, volets et portes de garage.<\/p>\n<h2>Pourquoi choisir notre soci\u00e9t\u00e9 ?<\/h2>\n<p>Artisanlocal est sp\u00e9cialis\u00e9 dans la mise en place et l\u2019entretien de stores et de fermetures \u00e0 Le Locle. Nos techniciens storistes vous guideront dans le choix de votre store pour r\u00e9pondre au mieux \u00e0 vos demandes.<\/p>\n<h3>Large gamme<\/h3>\n<p>Notre soci\u00e9t\u00e9 vous propose un large choix de stores.<\/p>\n<h3>\u00c9tude et devis gratuit<\/h3>\n<p>Profitez de nos estimations gratuites. Nos devis sont complets et totalement transparents.<\/p>\n<h3>\u00c9valuation<\/h3>\n<p>Nous \u00e9tudions toujours la viabilit\u00e9 des projets, en fonction de vos attentes, nous concevons des plans personnalis\u00e9s pour poser vos stores.<\/p>\n<h3>Mat\u00e9riaux premium<\/h3>\n<p>Nous utilisons pour nos stores des mat\u00e9riaux performants, afin de garantir une bonne durabilit\u00e9.<\/p>\n<h3>Intervention imm\u00e9diate \u00e0 Le Locle<\/h3>\n<p>Notre entreprise est situ\u00e9e au milieu de Le Locle pour intervenir rapidement \u00e0 votre domicile.<\/p>\n<h2>FAQ<\/h2>\n<h3>Les stores existants peuvent-ils \u00eatre motoris\u00e9s ?<\/h3>\n<p>Oui, la m\u00e9canisation d&rsquo;un store est enti\u00e8rement faisable, seulement (selon certaines conditions). Un de nos artisans se d\u00e9place \u00e0 votre domicile pour estimer la viabilit\u00e9 du projet.<\/p>\n<h3>Intervenez-vous dans les villes proches de Le Locle ?<\/h3>\n<p>Oui, nous intervenons \u00e0 Le Locle et dans les villes \u00e0 proximit\u00e9, comme : Noiraigue, Travers, Couvet, M\u00f4tiers NE, Boveresse, Fleurier, Buttes, Mont-de-Buttes, La C\u00f4te-aux-F\u00e9es, St-Sulpice NE, Les Sagnettes, Les Verri\u00e8res, Les Bayards, Brot-Dessous, Fretereules, Petit-Martel, Les Ponts-de-Martel, Brot-Plamboz, Le Pr\u00e9voux, La Chaux-du-Milieu, La Br\u00e9vine, La Ch\u00e2tagne, Le Brouillet, Les Taill\u00e8res, Le Cerneux-P\u00e9quignot, Les Brenets.<\/p>\n","protected":false},"excerpt":{"rendered":"<p>Artisanlocal est une soci\u00e9t\u00e9 sp\u00e9cialis\u00e9e dans la mise en place de stores, enseignes, lambrequin lumineux et accessoires de terrasses, \u00e0 Le Locle et dans les villes proches. Large gamme de stores int\u00e9rieurs Nos stores int\u00e9rieurs sont d\u00e9velopp\u00e9s pour embellir l&rsquo;aspect visuel de vos fen\u00eatres, limiter la luminosit\u00e9 et prot\u00e9gez votre confidentialit\u00e9. Nous proposons un large [&hellip;]<\/p>\n","protected":false},"author":4,"featured_media":3071,"parent":0,"menu_order":0,"comment_status":"closed","ping_status":"closed","template":"","meta":{"footnotes":""},"profession":[130],"location":[83],"canton":[114],"class_list":["post-2989","page","type-page","status-publish","has-post-thumbnail","hentry","profession-storiste","location-le-locle","canton-ne"],"yoast_head":"<!-- This site is optimized with the Yoast SEO Premium plugin v25.7.1 (Yoast SEO v27.4) - https:\/\/yoast.com\/product\/yoast-seo-premium-wordpress\/ -->\n<title>Votre sp\u00e9cialiste fermetures et stores sur mesure \u00e0 Le Locle - Artisanlocal<\/title>\n<meta name=\"robots\" content=\"index, follow, max-snippet:-1, max-image-preview:large, max-video-preview:-1\" \/>\n<link rel=\"canonical\" href=\"https:\/\/www.artisanlocal.ch\/c\/votre-specialiste-fermetures-et-stores-sur-mesure-a-le-locle\/\" \/>\n<meta property=\"og:locale\" content=\"fr_FR\" \/>\n<meta property=\"og:type\" content=\"article\" \/>\n<meta property=\"og:title\" content=\"Votre sp\u00e9cialiste fermetures et stores sur mesure \u00e0 Le Locle\" \/>\n<meta property=\"og:description\" content=\"Artisanlocal est une soci\u00e9t\u00e9 sp\u00e9cialis\u00e9e dans la mise en place de stores, enseignes, lambrequin lumineux et accessoires de terrasses, \u00e0 Le Locle et dans les villes proches. Large gamme de stores int\u00e9rieurs Nos stores int\u00e9rieurs sont d\u00e9velopp\u00e9s pour embellir l&rsquo;aspect visuel de vos fen\u00eatres, limiter la luminosit\u00e9 et prot\u00e9gez votre confidentialit\u00e9. Nous proposons un large [&hellip;]\" \/>\n<meta property=\"og:url\" content=\"https:\/\/www.artisanlocal.ch\/c\/votre-specialiste-fermetures-et-stores-sur-mesure-a-le-locle\/\" \/>\n<meta property=\"og:site_name\" content=\"Artisanlocal\" \/>\n<meta property=\"article:modified_time\" content=\"2025-08-26T17:24:07+00:00\" \/>\n<meta property=\"og:image\" content=\"https:\/\/www.artisanlocal.ch\/c\/wp-content\/uploads\/2024\/12\/storiste.jpg\" \/>\n\t<meta property=\"og:image:width\" content=\"1920\" \/>\n\t<meta property=\"og:image:height\" content=\"300\" \/>\n\t<meta property=\"og:image:type\" content=\"image\/jpeg\" \/>\n<meta name=\"twitter:card\" content=\"summary_large_image\" \/>\n<meta name=\"twitter:label1\" content=\"Dur\u00e9e de lecture estim\u00e9e\" \/>\n\t<meta name=\"twitter:data1\" content=\"4 minutes\" \/>\n<script type=\"application\/ld+json\" class=\"yoast-schema-graph\">{\"@context\":\"https:\\\/\\\/schema.org\",\"@graph\":[{\"@type\":\"WebPage\",\"@id\":\"https:\\\/\\\/www.artisanlocal.ch\\\/c\\\/votre-specialiste-fermetures-et-stores-sur-mesure-a-le-locle\\\/\",\"url\":\"https:\\\/\\\/www.artisanlocal.ch\\\/c\\\/votre-specialiste-fermetures-et-stores-sur-mesure-a-le-locle\\\/\",\"name\":\"Votre sp\u00e9cialiste fermetures et stores sur mesure \u00e0 Le Locle - Artisanlocal\",\"isPartOf\":{\"@id\":\"https:\\\/\\\/www.artisanlocal.ch\\\/c\\\/#website\"},\"primaryImageOfPage\":{\"@id\":\"https:\\\/\\\/www.artisanlocal.ch\\\/c\\\/votre-specialiste-fermetures-et-stores-sur-mesure-a-le-locle\\\/#primaryimage\"},\"image\":{\"@id\":\"https:\\\/\\\/www.artisanlocal.ch\\\/c\\\/votre-specialiste-fermetures-et-stores-sur-mesure-a-le-locle\\\/#primaryimage\"},\"thumbnailUrl\":\"https:\\\/\\\/www.artisanlocal.ch\\\/c\\\/wp-content\\\/uploads\\\/2024\\\/12\\\/storiste.jpg\",\"datePublished\":\"2024-12-03T00:29:28+00:00\",\"dateModified\":\"2025-08-26T17:24:07+00:00\",\"breadcrumb\":{\"@id\":\"https:\\\/\\\/www.artisanlocal.ch\\\/c\\\/votre-specialiste-fermetures-et-stores-sur-mesure-a-le-locle\\\/#breadcrumb\"},\"inLanguage\":\"fr-FR\",\"potentialAction\":[{\"@type\":\"ReadAction\",\"target\":[\"https:\\\/\\\/www.artisanlocal.ch\\\/c\\\/votre-specialiste-fermetures-et-stores-sur-mesure-a-le-locle\\\/\"]}]},{\"@type\":\"ImageObject\",\"inLanguage\":\"fr-FR\",\"@id\":\"https:\\\/\\\/www.artisanlocal.ch\\\/c\\\/votre-specialiste-fermetures-et-stores-sur-mesure-a-le-locle\\\/#primaryimage\",\"url\":\"https:\\\/\\\/www.artisanlocal.ch\\\/c\\\/wp-content\\\/uploads\\\/2024\\\/12\\\/storiste.jpg\",\"contentUrl\":\"https:\\\/\\\/www.artisanlocal.ch\\\/c\\\/wp-content\\\/uploads\\\/2024\\\/12\\\/storiste.jpg\",\"width\":1920,\"height\":300},{\"@type\":\"BreadcrumbList\",\"@id\":\"https:\\\/\\\/www.artisanlocal.ch\\\/c\\\/votre-specialiste-fermetures-et-stores-sur-mesure-a-le-locle\\\/#breadcrumb\",\"itemListElement\":[{\"@type\":\"ListItem\",\"position\":1,\"name\":\"Accueil\",\"item\":\"https:\\\/\\\/www.artisanlocal.ch\\\/c\\\/\"},{\"@type\":\"ListItem\",\"position\":2,\"name\":\"Votre sp\u00e9cialiste fermetures et stores sur mesure \u00e0 Le Locle\"}]},{\"@type\":\"WebSite\",\"@id\":\"https:\\\/\\\/www.artisanlocal.ch\\\/c\\\/#website\",\"url\":\"https:\\\/\\\/www.artisanlocal.ch\\\/c\\\/\",\"name\":\"Artisanlocal\",\"description\":\"\",\"publisher\":{\"@id\":\"https:\\\/\\\/www.artisanlocal.ch\\\/c\\\/#organization\"},\"potentialAction\":[{\"@type\":\"SearchAction\",\"target\":{\"@type\":\"EntryPoint\",\"urlTemplate\":\"https:\\\/\\\/www.artisanlocal.ch\\\/c\\\/?s={search_term_string}\"},\"query-input\":{\"@type\":\"PropertyValueSpecification\",\"valueRequired\":true,\"valueName\":\"search_term_string\"}}],\"inLanguage\":\"fr-FR\"},{\"@type\":\"Organization\",\"@id\":\"https:\\\/\\\/www.artisanlocal.ch\\\/c\\\/#organization\",\"name\":\"Artisanlocal\",\"url\":\"https:\\\/\\\/www.artisanlocal.ch\\\/c\\\/\",\"logo\":{\"@type\":\"ImageObject\",\"inLanguage\":\"fr-FR\",\"@id\":\"https:\\\/\\\/www.artisanlocal.ch\\\/c\\\/#\\\/schema\\\/logo\\\/image\\\/\",\"url\":\"https:\\\/\\\/www.artisanlocal.ch\\\/c\\\/wp-content\\\/uploads\\\/2024\\\/02\\\/logo-artisanlocal-h.svg\",\"contentUrl\":\"https:\\\/\\\/www.artisanlocal.ch\\\/c\\\/wp-content\\\/uploads\\\/2024\\\/02\\\/logo-artisanlocal-h.svg\",\"caption\":\"Artisanlocal\"},\"image\":{\"@id\":\"https:\\\/\\\/www.artisanlocal.ch\\\/c\\\/#\\\/schema\\\/logo\\\/image\\\/\"}}]}<\/script>\n<!-- \/ Yoast SEO Premium plugin. -->","yoast_head_json":{"title":"Votre sp\u00e9cialiste fermetures et stores sur mesure \u00e0 Le Locle - Artisanlocal","robots":{"index":"index","follow":"follow","max-snippet":"max-snippet:-1","max-image-preview":"max-image-preview:large","max-video-preview":"max-video-preview:-1"},"canonical":"https:\/\/www.artisanlocal.ch\/c\/votre-specialiste-fermetures-et-stores-sur-mesure-a-le-locle\/","og_locale":"fr_FR","og_type":"article","og_title":"Votre sp\u00e9cialiste fermetures et stores sur mesure \u00e0 Le Locle","og_description":"Artisanlocal est une soci\u00e9t\u00e9 sp\u00e9cialis\u00e9e dans la mise en place de stores, enseignes, lambrequin lumineux et accessoires de terrasses, \u00e0 Le Locle et dans les villes proches. Large gamme de stores int\u00e9rieurs Nos stores int\u00e9rieurs sont d\u00e9velopp\u00e9s pour embellir l&rsquo;aspect visuel de vos fen\u00eatres, limiter la luminosit\u00e9 et prot\u00e9gez votre confidentialit\u00e9. Nous proposons un large [&hellip;]","og_url":"https:\/\/www.artisanlocal.ch\/c\/votre-specialiste-fermetures-et-stores-sur-mesure-a-le-locle\/","og_site_name":"Artisanlocal","article_modified_time":"2025-08-26T17:24:07+00:00","og_image":[{"width":1920,"height":300,"url":"https:\/\/www.artisanlocal.ch\/c\/wp-content\/uploads\/2024\/12\/storiste.jpg","type":"image\/jpeg"}],"twitter_card":"summary_large_image","twitter_misc":{"Dur\u00e9e de lecture estim\u00e9e":"4 minutes"},"schema":{"@context":"https:\/\/schema.org","@graph":[{"@type":"WebPage","@id":"https:\/\/www.artisanlocal.ch\/c\/votre-specialiste-fermetures-et-stores-sur-mesure-a-le-locle\/","url":"https:\/\/www.artisanlocal.ch\/c\/votre-specialiste-fermetures-et-stores-sur-mesure-a-le-locle\/","name":"Votre sp\u00e9cialiste fermetures et stores sur mesure \u00e0 Le Locle - Artisanlocal","isPartOf":{"@id":"https:\/\/www.artisanlocal.ch\/c\/#website"},"primaryImageOfPage":{"@id":"https:\/\/www.artisanlocal.ch\/c\/votre-specialiste-fermetures-et-stores-sur-mesure-a-le-locle\/#primaryimage"},"image":{"@id":"https:\/\/www.artisanlocal.ch\/c\/votre-specialiste-fermetures-et-stores-sur-mesure-a-le-locle\/#primaryimage"},"thumbnailUrl":"https:\/\/www.artisanlocal.ch\/c\/wp-content\/uploads\/2024\/12\/storiste.jpg","datePublished":"2024-12-03T00:29:28+00:00","dateModified":"2025-08-26T17:24:07+00:00","breadcrumb":{"@id":"https:\/\/www.artisanlocal.ch\/c\/votre-specialiste-fermetures-et-stores-sur-mesure-a-le-locle\/#breadcrumb"},"inLanguage":"fr-FR","potentialAction":[{"@type":"ReadAction","target":["https:\/\/www.artisanlocal.ch\/c\/votre-specialiste-fermetures-et-stores-sur-mesure-a-le-locle\/"]}]},{"@type":"ImageObject","inLanguage":"fr-FR","@id":"https:\/\/www.artisanlocal.ch\/c\/votre-specialiste-fermetures-et-stores-sur-mesure-a-le-locle\/#primaryimage","url":"https:\/\/www.artisanlocal.ch\/c\/wp-content\/uploads\/2024\/12\/storiste.jpg","contentUrl":"https:\/\/www.artisanlocal.ch\/c\/wp-content\/uploads\/2024\/12\/storiste.jpg","width":1920,"height":300},{"@type":"BreadcrumbList","@id":"https:\/\/www.artisanlocal.ch\/c\/votre-specialiste-fermetures-et-stores-sur-mesure-a-le-locle\/#breadcrumb","itemListElement":[{"@type":"ListItem","position":1,"name":"Accueil","item":"https:\/\/www.artisanlocal.ch\/c\/"},{"@type":"ListItem","position":2,"name":"Votre sp\u00e9cialiste fermetures et stores sur mesure \u00e0 Le Locle"}]},{"@type":"WebSite","@id":"https:\/\/www.artisanlocal.ch\/c\/#website","url":"https:\/\/www.artisanlocal.ch\/c\/","name":"Artisanlocal","description":"","publisher":{"@id":"https:\/\/www.artisanlocal.ch\/c\/#organization"},"potentialAction":[{"@type":"SearchAction","target":{"@type":"EntryPoint","urlTemplate":"https:\/\/www.artisanlocal.ch\/c\/?s={search_term_string}"},"query-input":{"@type":"PropertyValueSpecification","valueRequired":true,"valueName":"search_term_string"}}],"inLanguage":"fr-FR"},{"@type":"Organization","@id":"https:\/\/www.artisanlocal.ch\/c\/#organization","name":"Artisanlocal","url":"https:\/\/www.artisanlocal.ch\/c\/","logo":{"@type":"ImageObject","inLanguage":"fr-FR","@id":"https:\/\/www.artisanlocal.ch\/c\/#\/schema\/logo\/image\/","url":"https:\/\/www.artisanlocal.ch\/c\/wp-content\/uploads\/2024\/02\/logo-artisanlocal-h.svg","contentUrl":"https:\/\/www.artisanlocal.ch\/c\/wp-content\/uploads\/2024\/02\/logo-artisanlocal-h.svg","caption":"Artisanlocal"},"image":{"@id":"https:\/\/www.artisanlocal.ch\/c\/#\/schema\/logo\/image\/"}}]}},"_links":{"self":[{"href":"https:\/\/www.artisanlocal.ch\/c\/wp-json\/wp\/v2\/pages\/2989","targetHints":{"allow":["GET"]}}],"collection":[{"href":"https:\/\/www.artisanlocal.ch\/c\/wp-json\/wp\/v2\/pages"}],"about":[{"href":"https:\/\/www.artisanlocal.ch\/c\/wp-json\/wp\/v2\/types\/page"}],"author":[{"embeddable":true,"href":"https:\/\/www.artisanlocal.ch\/c\/wp-json\/wp\/v2\/users\/4"}],"replies":[{"embeddable":true,"href":"https:\/\/www.artisanlocal.ch\/c\/wp-json\/wp\/v2\/comments?post=2989"}],"version-history":[{"count":0,"href":"https:\/\/www.artisanlocal.ch\/c\/wp-json\/wp\/v2\/pages\/2989\/revisions"}],"wp:featuredmedia":[{"embeddable":true,"href":"https:\/\/www.artisanlocal.ch\/c\/wp-json\/wp\/v2\/media\/3071"}],"wp:attachment":[{"href":"https:\/\/www.artisanlocal.ch\/c\/wp-json\/wp\/v2\/media?parent=2989"}],"wp:term":[{"taxonomy":"profession","embeddable":true,"href":"https:\/\/www.artisanlocal.ch\/c\/wp-json\/wp\/v2\/profession?post=2989"},{"taxonomy":"location","embeddable":true,"href":"https:\/\/www.artisanlocal.ch\/c\/wp-json\/wp\/v2\/location?post=2989"},{"taxonomy":"canton","embeddable":true,"href":"https:\/\/www.artisanlocal.ch\/c\/wp-json\/wp\/v2\/canton?post=2989"}],"curies":[{"name":"wp","href":"https:\/\/api.w.org\/{rel}","templated":true}]}}