{"id":2995,"date":"2024-11-25T23:31:12","date_gmt":"2024-11-25T22:31:12","guid":{"rendered":"https:\/\/www.artisanlocal.ch\/c\/votre-specialiste-fermetures-et-stores-sur-mesure-a-echallens\/"},"modified":"2025-11-12T14:09:16","modified_gmt":"2025-11-12T13:09:16","slug":"votre-specialiste-fermetures-et-stores-sur-mesure-a-echallens","status":"publish","type":"page","link":"https:\/\/www.artisanlocal.ch\/c\/votre-specialiste-fermetures-et-stores-sur-mesure-a-echallens\/","title":{"rendered":"Storiste \u00e0 Echallens"},"content":{"rendered":"<p>Besoin d&rsquo;un storiste \u00e0 Echallens ? Artisanlocal installe et r\u00e9pare vos stores \u00e0 Echallens et dans les villes aux alentours.<\/p>\n\r\n<div class=\"box\">\r\n    <h2 class=\"text-dark\">Nous cherchons un <em class=\"text-primary\">Storiste<\/em> dans la r\u00e9gion de <em class=\"text-primary\">Echallens<\/em>  en exclusivit\u00e9, afin de proposer vos services \u00e0 nos clients propri\u00e9taires.<\/h2>\r\n    <p>Une opportunit\u00e9 unique pour booster votre activit\u00e9 \u00e0 <strong>Echallens<\/strong> et aux alentours dans votre domaine (Storiste).<\/p>\r\n    <p>Nous travaillons en exclusivit\u00e9 avec qu'une soci\u00e9t\u00e9 par m\u00e9tier et par r\u00e9gion. <br>Votre entreprise est pr\u00e9sente sur tous les documents immobiliers. Afin d'\u00eatre mieux vu sur le net, vous \u00eates \u00e9galement visible sur nos deux sites et sur les pages de r\u00e9f\u00e9rencement de votre r\u00e9gion.<\/p>\r\n    <a href=\"\/contact\" class=\"wp-block-button__link has-accent-background-color has-text-align-center wp-element-button\">R\u00e9server<\/a>\r\n<\/div>\n<h2>Stores int\u00e9rieurs<\/h2>\n<p>Nous proposons un large choix de stores : textiles, enrouleurs, rideaux, bateaux, pliss\u00e9s, parois japonaises, v\u00e9nitiens, bandes verticales, enrouleurs avec coffre et bateaux voilage.<\/p>\n<h2>Stores ext\u00e9rieurs pour terrasses et balcons<\/h2>\n<p>D\u00e9couvrez notre s\u00e9lection de stores ext\u00e9rieurs : loggias, verri\u00e8res et v\u00e9randas, mais aussi fen\u00eatres, \u00e9quip\u00e9es de coffres, semi-coffres, bannes, \u00e0 bras t\u00e9lescopiques ou articul\u00e9s.<\/p>\n<h2>Pergolas et pergolas bioclimatiques<\/h2>\n<p>Nous proposons des pergolas : \u00e0 lames r\u00e9tractables, toiles de protection solaire verticale, \u00e0 toits fixes ou avec panneaux verticaux.<\/p>\n<h2>Lambrequins lumineux<\/h2>\n<p>\u00c0 l&rsquo;aide de nos lambrequins lumineux, votre \u00e9tablissement sera vu m\u00eame la nuit ou par temps de pluie.<\/p>\n<h2>Store banne : changement de toile (rentoilage)<\/h2>\n<p>Notre entreprise propose \u00e9galement le changement de toile (rentoilage) de stores banne qui est une solution \u00e9conomique et vous permet d&#8217;emp\u00eacher le remplacement total du store.<\/p>\n<h2>Nos fen\u00eatres bois et aluminium<\/h2>\n<p>Si vous souhaitez changer vos fen\u00eatres. Nous avons une gamme de fen\u00eatres battantes et coulissantes : PVC, en bois ou aluminium.<\/p>\n<h2>Volets roulants et motorisation<\/h2>\n<p>Pour am\u00e9liorer la protection thermique, solaire ou phonique, nous proposons aussi des Volets roulants manuels ou \u00e9lectriques : solaires, aluminium, persiennes, bois ou m\u00e9talliques.<\/p>\n<h2>Nos films pour vitrages et stores sur mesure de qualit\u00e9<\/h2>\n<p>Le film solaire pour vitrage aide \u00e0 r\u00e9duire la temp\u00e9rature ambiante de votre espace int\u00e9rieur, de vous prot\u00e9ger des rayons UV, et de prot\u00e9ger votre intimit\u00e9.<\/p>\n<h2>Menuiserie<\/h2>\n<p>Nous avons de plus d&rsquo;autres produits sur mesures \u00e0 vous proposer, par exemple les :<\/p>\n<ul>\n<li>Fen\u00eatres.<\/li>\n<li>Volets.<\/li>\n<li>Portes et portails.<\/li>\n<li>Alarmes.<\/li>\n<li>Domotiques.<\/li>\n<li>Portes de garage.<\/li>\n<li>Carport.<\/li>\n<li>Garde-corps ext\u00e9rieurs.<\/li>\n<\/ul>\n<h2>Nos secteurs d&rsquo;activit\u00e9<\/h2>\n<ul>\n<li>Les soci\u00e9t\u00e9s : restaurants, caf\u00e9s, brasseries, boutiques.<\/li>\n<li>Les particuliers et les copropri\u00e9t\u00e9s.<\/li>\n<\/ul>\n<h2>Nos services<\/h2>\n<ul>\n<li>Conception personnalis\u00e9e.<\/li>\n<li>Installation sur mesure.<\/li>\n<li>R\u00e9paration de store \u00e0 Echallens.<\/li>\n<li>Entretien sur-mesure de tous vos stores.<\/li>\n<li>Produit disponible avec ouvertures manuelles ou \u00e9lectriques.<\/li>\n<\/ul>\n<h2>Pourquoi choisir notre soci\u00e9t\u00e9 ?<\/h2>\n<ul>\n<li>Large gamme de\u00a0stores int\u00e9rieurs et ext\u00e9rieurs.<\/li>\n<li>Devis en ligne gratuit et d\u00e9taill\u00e9.<\/li>\n<li>Diagnostic gratuit.<\/li>\n<li>Nous utilisons des mat\u00e9riaux performants.<\/li>\n<li>Intervention rapide pour poser ou r\u00e9parer vos stores.<\/li>\n<\/ul>\n<h2>Foire Aux Questions<\/h2>\n<h3>Les stores existants peuvent-ils \u00eatre motoris\u00e9s ?<\/h3>\n<p>Oui, la motorisation d&rsquo;un store est parfaitement faisable, mais (selon certaines conditions). Un de nos storistes doit intervenir chez vous pour \u00e9tudier la possibilit\u00e9 du projet.<\/p>\n<h3>Artisanlocal intervient dans les villes \u00e0 proximit\u00e9 de Echallens ? ?<\/h3>\n<p>Oui, nous intervenons \u00e0 Echallens et dans les villes aux alentours, comme : Etagni\u00e8res, Bercher, St-Barth\u00e9lemy VD, Villars-le-Terroir, Bottens, Poliez-Pittet, Dommartin, Naz, Poliez-le-Grand, Montaubion-Chardonney, Assens, Bioley-Orjulaz, Sugnens, Fey, Rueyres, Villars-Tiercelin, Penth\u00e9r\u00e9az, Eclagnens, Goumoens-la-Ville, Goumoens-le-Jux, Oulens-sous-Echallens, Pailly, Vuarrens.<\/p>\n","protected":false},"excerpt":{"rendered":"<p>Besoin d&rsquo;un storiste \u00e0 Echallens ? Artisanlocal installe et r\u00e9pare vos stores \u00e0 Echallens et dans les villes aux alentours. Stores int\u00e9rieurs Nous proposons un large choix de stores : textiles, enrouleurs, rideaux, bateaux, pliss\u00e9s, parois japonaises, v\u00e9nitiens, bandes verticales, enrouleurs avec coffre et bateaux voilage. Stores ext\u00e9rieurs pour terrasses et balcons D\u00e9couvrez notre s\u00e9lection [&hellip;]<\/p>\n","protected":false},"author":4,"featured_media":3071,"parent":0,"menu_order":0,"comment_status":"closed","ping_status":"closed","template":"","meta":{"footnotes":""},"profession":[130],"location":[57],"canton":[113],"class_list":["post-2995","page","type-page","status-publish","has-post-thumbnail","hentry","profession-storiste","location-echallens","canton-vd"],"yoast_head":"<!-- This site is optimized with the Yoast SEO Premium plugin v25.7.1 (Yoast SEO v27.4) - https:\/\/yoast.com\/product\/yoast-seo-premium-wordpress\/ -->\n<title>Storiste \u00e0 Echallens - Artisanlocal<\/title>\n<meta name=\"robots\" content=\"index, follow, max-snippet:-1, max-image-preview:large, max-video-preview:-1\" \/>\n<link rel=\"canonical\" href=\"https:\/\/www.artisanlocal.ch\/c\/votre-specialiste-fermetures-et-stores-sur-mesure-a-echallens\/\" \/>\n<meta property=\"og:locale\" content=\"fr_FR\" \/>\n<meta property=\"og:type\" content=\"article\" \/>\n<meta property=\"og:title\" content=\"Storiste \u00e0 Echallens\" \/>\n<meta property=\"og:description\" content=\"Besoin d&rsquo;un storiste \u00e0 Echallens ? Artisanlocal installe et r\u00e9pare vos stores \u00e0 Echallens et dans les villes aux alentours. Stores int\u00e9rieurs Nous proposons un large choix de stores : textiles, enrouleurs, rideaux, bateaux, pliss\u00e9s, parois japonaises, v\u00e9nitiens, bandes verticales, enrouleurs avec coffre et bateaux voilage. Stores ext\u00e9rieurs pour terrasses et balcons D\u00e9couvrez notre s\u00e9lection [&hellip;]\" \/>\n<meta property=\"og:url\" content=\"https:\/\/www.artisanlocal.ch\/c\/votre-specialiste-fermetures-et-stores-sur-mesure-a-echallens\/\" \/>\n<meta property=\"og:site_name\" content=\"Artisanlocal\" \/>\n<meta property=\"article:modified_time\" content=\"2025-11-12T13:09:16+00:00\" \/>\n<meta property=\"og:image\" content=\"https:\/\/www.artisanlocal.ch\/c\/wp-content\/uploads\/2024\/12\/storiste.jpg\" \/>\n\t<meta property=\"og:image:width\" content=\"1920\" \/>\n\t<meta property=\"og:image:height\" content=\"300\" \/>\n\t<meta property=\"og:image:type\" content=\"image\/jpeg\" \/>\n<meta name=\"twitter:card\" content=\"summary_large_image\" \/>\n<meta name=\"twitter:label1\" content=\"Dur\u00e9e de lecture estim\u00e9e\" \/>\n\t<meta name=\"twitter:data1\" content=\"3 minutes\" \/>\n<script type=\"application\/ld+json\" class=\"yoast-schema-graph\">{\"@context\":\"https:\\\/\\\/schema.org\",\"@graph\":[{\"@type\":\"WebPage\",\"@id\":\"https:\\\/\\\/www.artisanlocal.ch\\\/c\\\/votre-specialiste-fermetures-et-stores-sur-mesure-a-echallens\\\/\",\"url\":\"https:\\\/\\\/www.artisanlocal.ch\\\/c\\\/votre-specialiste-fermetures-et-stores-sur-mesure-a-echallens\\\/\",\"name\":\"Storiste \u00e0 Echallens - Artisanlocal\",\"isPartOf\":{\"@id\":\"https:\\\/\\\/www.artisanlocal.ch\\\/c\\\/#website\"},\"primaryImageOfPage\":{\"@id\":\"https:\\\/\\\/www.artisanlocal.ch\\\/c\\\/votre-specialiste-fermetures-et-stores-sur-mesure-a-echallens\\\/#primaryimage\"},\"image\":{\"@id\":\"https:\\\/\\\/www.artisanlocal.ch\\\/c\\\/votre-specialiste-fermetures-et-stores-sur-mesure-a-echallens\\\/#primaryimage\"},\"thumbnailUrl\":\"https:\\\/\\\/www.artisanlocal.ch\\\/c\\\/wp-content\\\/uploads\\\/2024\\\/12\\\/storiste.jpg\",\"datePublished\":\"2024-11-25T22:31:12+00:00\",\"dateModified\":\"2025-11-12T13:09:16+00:00\",\"breadcrumb\":{\"@id\":\"https:\\\/\\\/www.artisanlocal.ch\\\/c\\\/votre-specialiste-fermetures-et-stores-sur-mesure-a-echallens\\\/#breadcrumb\"},\"inLanguage\":\"fr-FR\",\"potentialAction\":[{\"@type\":\"ReadAction\",\"target\":[\"https:\\\/\\\/www.artisanlocal.ch\\\/c\\\/votre-specialiste-fermetures-et-stores-sur-mesure-a-echallens\\\/\"]}]},{\"@type\":\"ImageObject\",\"inLanguage\":\"fr-FR\",\"@id\":\"https:\\\/\\\/www.artisanlocal.ch\\\/c\\\/votre-specialiste-fermetures-et-stores-sur-mesure-a-echallens\\\/#primaryimage\",\"url\":\"https:\\\/\\\/www.artisanlocal.ch\\\/c\\\/wp-content\\\/uploads\\\/2024\\\/12\\\/storiste.jpg\",\"contentUrl\":\"https:\\\/\\\/www.artisanlocal.ch\\\/c\\\/wp-content\\\/uploads\\\/2024\\\/12\\\/storiste.jpg\",\"width\":1920,\"height\":300},{\"@type\":\"BreadcrumbList\",\"@id\":\"https:\\\/\\\/www.artisanlocal.ch\\\/c\\\/votre-specialiste-fermetures-et-stores-sur-mesure-a-echallens\\\/#breadcrumb\",\"itemListElement\":[{\"@type\":\"ListItem\",\"position\":1,\"name\":\"Accueil\",\"item\":\"https:\\\/\\\/www.artisanlocal.ch\\\/c\\\/\"},{\"@type\":\"ListItem\",\"position\":2,\"name\":\"Storiste \u00e0 Echallens\"}]},{\"@type\":\"WebSite\",\"@id\":\"https:\\\/\\\/www.artisanlocal.ch\\\/c\\\/#website\",\"url\":\"https:\\\/\\\/www.artisanlocal.ch\\\/c\\\/\",\"name\":\"Artisanlocal\",\"description\":\"\",\"publisher\":{\"@id\":\"https:\\\/\\\/www.artisanlocal.ch\\\/c\\\/#organization\"},\"potentialAction\":[{\"@type\":\"SearchAction\",\"target\":{\"@type\":\"EntryPoint\",\"urlTemplate\":\"https:\\\/\\\/www.artisanlocal.ch\\\/c\\\/?s={search_term_string}\"},\"query-input\":{\"@type\":\"PropertyValueSpecification\",\"valueRequired\":true,\"valueName\":\"search_term_string\"}}],\"inLanguage\":\"fr-FR\"},{\"@type\":\"Organization\",\"@id\":\"https:\\\/\\\/www.artisanlocal.ch\\\/c\\\/#organization\",\"name\":\"Artisanlocal\",\"url\":\"https:\\\/\\\/www.artisanlocal.ch\\\/c\\\/\",\"logo\":{\"@type\":\"ImageObject\",\"inLanguage\":\"fr-FR\",\"@id\":\"https:\\\/\\\/www.artisanlocal.ch\\\/c\\\/#\\\/schema\\\/logo\\\/image\\\/\",\"url\":\"https:\\\/\\\/www.artisanlocal.ch\\\/c\\\/wp-content\\\/uploads\\\/2024\\\/02\\\/logo-artisanlocal-h.svg\",\"contentUrl\":\"https:\\\/\\\/www.artisanlocal.ch\\\/c\\\/wp-content\\\/uploads\\\/2024\\\/02\\\/logo-artisanlocal-h.svg\",\"caption\":\"Artisanlocal\"},\"image\":{\"@id\":\"https:\\\/\\\/www.artisanlocal.ch\\\/c\\\/#\\\/schema\\\/logo\\\/image\\\/\"}}]}<\/script>\n<!-- \/ Yoast SEO Premium plugin. -->","yoast_head_json":{"title":"Storiste \u00e0 Echallens - Artisanlocal","robots":{"index":"index","follow":"follow","max-snippet":"max-snippet:-1","max-image-preview":"max-image-preview:large","max-video-preview":"max-video-preview:-1"},"canonical":"https:\/\/www.artisanlocal.ch\/c\/votre-specialiste-fermetures-et-stores-sur-mesure-a-echallens\/","og_locale":"fr_FR","og_type":"article","og_title":"Storiste \u00e0 Echallens","og_description":"Besoin d&rsquo;un storiste \u00e0 Echallens ? Artisanlocal installe et r\u00e9pare vos stores \u00e0 Echallens et dans les villes aux alentours. Stores int\u00e9rieurs Nous proposons un large choix de stores : textiles, enrouleurs, rideaux, bateaux, pliss\u00e9s, parois japonaises, v\u00e9nitiens, bandes verticales, enrouleurs avec coffre et bateaux voilage. Stores ext\u00e9rieurs pour terrasses et balcons D\u00e9couvrez notre s\u00e9lection [&hellip;]","og_url":"https:\/\/www.artisanlocal.ch\/c\/votre-specialiste-fermetures-et-stores-sur-mesure-a-echallens\/","og_site_name":"Artisanlocal","article_modified_time":"2025-11-12T13:09:16+00:00","og_image":[{"width":1920,"height":300,"url":"https:\/\/www.artisanlocal.ch\/c\/wp-content\/uploads\/2024\/12\/storiste.jpg","type":"image\/jpeg"}],"twitter_card":"summary_large_image","twitter_misc":{"Dur\u00e9e de lecture estim\u00e9e":"3 minutes"},"schema":{"@context":"https:\/\/schema.org","@graph":[{"@type":"WebPage","@id":"https:\/\/www.artisanlocal.ch\/c\/votre-specialiste-fermetures-et-stores-sur-mesure-a-echallens\/","url":"https:\/\/www.artisanlocal.ch\/c\/votre-specialiste-fermetures-et-stores-sur-mesure-a-echallens\/","name":"Storiste \u00e0 Echallens - Artisanlocal","isPartOf":{"@id":"https:\/\/www.artisanlocal.ch\/c\/#website"},"primaryImageOfPage":{"@id":"https:\/\/www.artisanlocal.ch\/c\/votre-specialiste-fermetures-et-stores-sur-mesure-a-echallens\/#primaryimage"},"image":{"@id":"https:\/\/www.artisanlocal.ch\/c\/votre-specialiste-fermetures-et-stores-sur-mesure-a-echallens\/#primaryimage"},"thumbnailUrl":"https:\/\/www.artisanlocal.ch\/c\/wp-content\/uploads\/2024\/12\/storiste.jpg","datePublished":"2024-11-25T22:31:12+00:00","dateModified":"2025-11-12T13:09:16+00:00","breadcrumb":{"@id":"https:\/\/www.artisanlocal.ch\/c\/votre-specialiste-fermetures-et-stores-sur-mesure-a-echallens\/#breadcrumb"},"inLanguage":"fr-FR","potentialAction":[{"@type":"ReadAction","target":["https:\/\/www.artisanlocal.ch\/c\/votre-specialiste-fermetures-et-stores-sur-mesure-a-echallens\/"]}]},{"@type":"ImageObject","inLanguage":"fr-FR","@id":"https:\/\/www.artisanlocal.ch\/c\/votre-specialiste-fermetures-et-stores-sur-mesure-a-echallens\/#primaryimage","url":"https:\/\/www.artisanlocal.ch\/c\/wp-content\/uploads\/2024\/12\/storiste.jpg","contentUrl":"https:\/\/www.artisanlocal.ch\/c\/wp-content\/uploads\/2024\/12\/storiste.jpg","width":1920,"height":300},{"@type":"BreadcrumbList","@id":"https:\/\/www.artisanlocal.ch\/c\/votre-specialiste-fermetures-et-stores-sur-mesure-a-echallens\/#breadcrumb","itemListElement":[{"@type":"ListItem","position":1,"name":"Accueil","item":"https:\/\/www.artisanlocal.ch\/c\/"},{"@type":"ListItem","position":2,"name":"Storiste \u00e0 Echallens"}]},{"@type":"WebSite","@id":"https:\/\/www.artisanlocal.ch\/c\/#website","url":"https:\/\/www.artisanlocal.ch\/c\/","name":"Artisanlocal","description":"","publisher":{"@id":"https:\/\/www.artisanlocal.ch\/c\/#organization"},"potentialAction":[{"@type":"SearchAction","target":{"@type":"EntryPoint","urlTemplate":"https:\/\/www.artisanlocal.ch\/c\/?s={search_term_string}"},"query-input":{"@type":"PropertyValueSpecification","valueRequired":true,"valueName":"search_term_string"}}],"inLanguage":"fr-FR"},{"@type":"Organization","@id":"https:\/\/www.artisanlocal.ch\/c\/#organization","name":"Artisanlocal","url":"https:\/\/www.artisanlocal.ch\/c\/","logo":{"@type":"ImageObject","inLanguage":"fr-FR","@id":"https:\/\/www.artisanlocal.ch\/c\/#\/schema\/logo\/image\/","url":"https:\/\/www.artisanlocal.ch\/c\/wp-content\/uploads\/2024\/02\/logo-artisanlocal-h.svg","contentUrl":"https:\/\/www.artisanlocal.ch\/c\/wp-content\/uploads\/2024\/02\/logo-artisanlocal-h.svg","caption":"Artisanlocal"},"image":{"@id":"https:\/\/www.artisanlocal.ch\/c\/#\/schema\/logo\/image\/"}}]}},"_links":{"self":[{"href":"https:\/\/www.artisanlocal.ch\/c\/wp-json\/wp\/v2\/pages\/2995","targetHints":{"allow":["GET"]}}],"collection":[{"href":"https:\/\/www.artisanlocal.ch\/c\/wp-json\/wp\/v2\/pages"}],"about":[{"href":"https:\/\/www.artisanlocal.ch\/c\/wp-json\/wp\/v2\/types\/page"}],"author":[{"embeddable":true,"href":"https:\/\/www.artisanlocal.ch\/c\/wp-json\/wp\/v2\/users\/4"}],"replies":[{"embeddable":true,"href":"https:\/\/www.artisanlocal.ch\/c\/wp-json\/wp\/v2\/comments?post=2995"}],"version-history":[{"count":0,"href":"https:\/\/www.artisanlocal.ch\/c\/wp-json\/wp\/v2\/pages\/2995\/revisions"}],"wp:featuredmedia":[{"embeddable":true,"href":"https:\/\/www.artisanlocal.ch\/c\/wp-json\/wp\/v2\/media\/3071"}],"wp:attachment":[{"href":"https:\/\/www.artisanlocal.ch\/c\/wp-json\/wp\/v2\/media?parent=2995"}],"wp:term":[{"taxonomy":"profession","embeddable":true,"href":"https:\/\/www.artisanlocal.ch\/c\/wp-json\/wp\/v2\/profession?post=2995"},{"taxonomy":"location","embeddable":true,"href":"https:\/\/www.artisanlocal.ch\/c\/wp-json\/wp\/v2\/location?post=2995"},{"taxonomy":"canton","embeddable":true,"href":"https:\/\/www.artisanlocal.ch\/c\/wp-json\/wp\/v2\/canton?post=2995"}],"curies":[{"name":"wp","href":"https:\/\/api.w.org\/{rel}","templated":true}]}}