{"id":3001,"date":"2024-11-26T13:31:41","date_gmt":"2024-11-26T12:31:41","guid":{"rendered":"https:\/\/www.artisanlocal.ch\/c\/confiez-la-mise-en-place-de-votre-store-a-un-professionnel-experimente-a-oron-la-ville\/"},"modified":"2025-08-26T19:24:42","modified_gmt":"2025-08-26T17:24:42","slug":"confiez-la-mise-en-place-de-votre-store-a-un-professionnel-experimente-a-oron-la-ville","status":"publish","type":"page","link":"https:\/\/www.artisanlocal.ch\/c\/confiez-la-mise-en-place-de-votre-store-a-un-professionnel-experimente-a-oron-la-ville\/","title":{"rendered":"Confiez la mise en place de votre store \u00e0 un professionnel exp\u00e9riment\u00e9 \u00e0 Oron-la-Ville"},"content":{"rendered":"<p>Artisanlocal est un installateur de stores, enseignes, lambrequin lumineux et accessoires de terrasses, \u00e0 Oron-la-Ville et dans les localit\u00e9s \u00e0 proximit\u00e9.<\/p>\n\r\n<div class=\"box\">\r\n            <div class=\"company-info\">\r\n            <img decoding=\"async\" class=\"company-info__logo\" src=\"https:\/\/www.artisanlocal.ch\/media\/cache\/thumb\/images\/companies\/697c86ce42e13553717960.png\" alt=\"Logo\">\r\n            <h2 class=\"company-info__name\">T & C Stores S\u00e0rl<\/h2>\r\n            <p class=\"company-info__business\">Stores - Protection contre le soleil - Protection contre les insectes - Conseils - Pose - Entretien - R\u00e9paration<\/p>\r\n        <\/div>\r\n        <div class=\"company-contact\">\r\n            <p class=\"company-info__address\">Route de la Mortigue 10<\/p>\r\n                            <div class=\"links\">\r\n                                            <a class=\"btn has-accent-background-color js-phoneNumber\" href=\"tel:0218876906\" title=\"Appelez\" data-id=\"3093\" data-type=\"11\">021 887 69 06<\/a>\r\n                                                                <a class=\"btn has-accent-background-color\" href=\"http:\/\/www.tec-stores.ch\/\" target=\"_blank\" title=\"Voir le site internet\" data-id=\"3093\" data-type=\"20\">Site internet<\/a>\r\n                                    <\/div>\r\n                    <\/div>\r\n    \r\n            \r\n<form action=\"https:\/\/www.artisanlocal.ch\/c\/wp-admin\/admin-ajax.php\" method=\"post\" class=\"form-contact\" id=\"artisan_form_contact_company_inline\">\r\n    <div><input type=\"hidden\" name=\"action\" value=\"company_contact\"><\/div>\r\n    <div><input type=\"hidden\" name=\"nonce\" value=\"e240268631\"><\/div>\r\n    <div><input type=\"hidden\" name=\"company_id\" value=\"3093\"><\/div>\r\n    <div><input type=\"hidden\" name=\"form_id\" value=\"artisan_form_contact_company_inline\"><\/div>\r\n    <div class=\"gglcptch gglcptch_v3 gglcptch_custom\"><input type=\"hidden\" id=\"g-recaptcha-response\" name=\"g-recaptcha-response\" \/><br \/><div class=\"gglcptch_error_text\">La p\u00e9riode de v\u00e9rification reCAPTCHA a expir\u00e9. Veuillez recharger la page.<\/div><\/div>    <div class=\"form-content\">\r\n        <div class=\"form-group\">\r\n            <label for=\"contact_firstName\" class=\"required\">Pr\u00e9nom<\/label>\r\n            <input type=\"text\" name=\"firstName\" class=\"form-control\" required>\r\n        <\/div>\r\n        <div class=\"form-group\">\r\n            <label for=\"contact_lastName\" class=\"required\">Nom<\/label>\r\n            <input type=\"text\" name=\"lastName\" class=\"form-control\" required>\r\n        <\/div>\r\n        <div class=\"form-group\">\r\n            <label for=\"contact_email\" class=\"required\">Email<\/label>\r\n            <input type=\"email\" name=\"email\" class=\"form-control\" required>\r\n        <\/div>\r\n        <div class=\"form-group\">\r\n            <label for=\"contact_phone\" class=\"required\">Num\u00e9ro de t\u00e9l\u00e9phone<\/label>\r\n            <input type=\"tel\" name=\"phone\" class=\"form-control\" placeholder=\"0787117165\" pattern=\"^[0-9]{10}$\" required>\r\n        <\/div>\r\n        <div class=\"form-group\">\r\n            <label for=\"contact_postalCode\" class=\"required\">Code postal et localit\u00e9<\/label>\r\n            <input type=\"text\" name=\"postalCode\" class=\"form-control\" required>\r\n        <\/div>\r\n        <div class=\"form-group\">\r\n            <label for=\"contact_address\" class=\"required\">Adresse<\/label>\r\n            <input type=\"text\" name=\"address\" class=\"form-control\" required>\r\n        <\/div>\r\n        <div class=\"full-width topic\">\r\n            <p class=\"required\">Je souhaite \u00eatre contact\u00e9 pour :<\/p>\r\n            <div class=\"form-check\">\r\n                <input type=\"radio\" name=\"topic\" value=\"D\u00e9pannage\" class=\"form-control\" required>\r\n                <label for=\"d\u00e9pannage\">D\u00e9pannage<\/label>\r\n            <\/div>\r\n            <div class=\"form-check\">\r\n                <input type=\"radio\" name=\"topic\" value=\"Entretien\" class=\"form-control\" required>\r\n                <label for=\"entretien\">Entretien<\/label>\r\n            <\/div>\r\n            <div class=\"form-check\">\r\n                <input type=\"radio\" name=\"topic\" value=\"R\u00e9novation\" class=\"form-control\" required>\r\n                <label for=\"r\u00e9novation\">R\u00e9novation<\/label>\r\n            <\/div>\r\n            <div class=\"form-check\">\r\n                <input type=\"radio\" name=\"topic\" value=\"Autre\" class=\"form-control\" required>\r\n                <label for=\"autre\">Autre<\/label>\r\n            <\/div>\r\n        <\/div>\r\n        <div class=\"form-group full-width\">\r\n            <label for=\"contact_message\">Message<\/label>\r\n            <textarea name=\"message\" rows=\"3\" class=\"form-control\"><\/textarea>\r\n        <\/div>\r\n    <\/div>\r\n    <div class=\"form-actions\">\r\n        <button class=\"wp-block-button__link has-accent-background-color\">Contacter<\/button>\r\n    <\/div>\r\n<\/form>\r\n<div class=\"form-feedback\"><\/div>    <\/div>\n<h2>Tous types de stores int\u00e9rieurs<\/h2>\n<p>Nos stores int\u00e9rieurs sont pr\u00e9vus pour embellir l&rsquo;apparence de vos fen\u00eatres, limiter la luminosit\u00e9 et prot\u00e9gez votre confidentialit\u00e9. Nous proposons un large choix de stores : v\u00e9nitiens, textiles, pliss\u00e9s, bandes verticales, enrouleurs, enrouleurs avec coffre, rideaux, parois japonaises, bateaux et bateaux voilage.<\/p>\n<h2>Stores ext\u00e9rieurs<\/h2>\n<p>Nos stores ext\u00e9rieurs cr\u00e9ent des espaces ombrag\u00e9s sur votre terrasse ou balcon. Nous proposons une large gamme de stores ext\u00e9rieurs : coffres et bannes, ou semi-coffres, \u00e0 bras t\u00e9lescopiques ou articul\u00e9s, de fen\u00eatre, mais aussi des v\u00e9randas, loggias ainsi que des verri\u00e8res.<\/p>\n<h2>Pergolas bioclimatiques et pergolas<\/h2>\n<p>Si vous souhaitez vous prot\u00e9ger de la pluie, nous vous recommandons de choisir une pergola. Nous avons une vaste gamme de pergolas : \u00e0 lames r\u00e9tractables, \u00e0 toits fixes, toiles de protection solaire verticale ou avec panneaux verticaux.<\/p>\n<h2>Lambrequins lumineux<\/h2>\n<p>\u00c0 l&rsquo;aide de nos lambrequins lumineux, votre commerce sera vu m\u00eame la nuit ou par temps pluvieux.&nbsp;<\/p>\n<h2>Rentoilage de toiles du store banne ou pergola<\/h2>\n<p>Nous proposons le rentoilage de stores banne qui est une solution \u00e9conomique et vous permet d&rsquo;\u00e9viter le changement de votre store.<\/p>\n<h2>Fen\u00eatres bois &amp; aluminium<\/h2>\n<p>Si vous \u00eates d\u00e9termin\u00e9s \u00e0 changer vos fen\u00eatres. Nous avons une large gamme de fen\u00eatres coulissantes et battantes : PVC, en bois ou aluminium.<\/p>\n<h2>Installation de volets roulants avec ou sans motorisation \u00e0 Oron-la-Ville<\/h2>\n<p>Les volets roulants offrent une meilleure isolation thermique, et une bonne protection solaire et phonique. Ils diminuent les d\u00e9perditions de chaleur : m\u00e9talliques, persiennes, alu, solaires ou bois.<\/p>\n<h2>Film solaire sur mesure pour fen\u00eatre <\/h2>\n<p>Le film solaire sur mesure pour fen\u00eatre permet de baisser la temp\u00e9rature ambiante de votre espace int\u00e9rieur, d\u2019am\u00e9liorer votre s\u00e9curit\u00e9 en pr\u00e9servant votre intimit\u00e9 des regards, et des rayons UV dangereux.<\/p>\n<h2>Menuiserie<\/h2>\n<p>Nous avons par ailleurs d\u2019autres solutions \u00e0 vous proposer, comme les :<\/p>\n<ul>\n<li>Portes et portails.<\/li>\n<li>Domotiques.<\/li>\n<li>Fen\u00eatres.<\/li>\n<li>Portes de garage.<\/li>\n<li>Carport.<\/li>\n<li>Garde-corps.<\/li>\n<li>Volets.<\/li>\n<li>Alarmes.<\/li>\n<\/ul>\n<h2>Nos champs d&rsquo;intervention<\/h2>\n<h3>Les soci\u00e9t\u00e9s : caf\u00e9s, commerces de proximit\u00e9, brasseries et restaurants<\/h3>\n<p>Notre entreprise \u00e9labore, construit, et installe des stores pour les soci\u00e9t\u00e9s \u00e0 Oron-la-Ville, tels que : les restaurants, bureaux et boutiques.&nbsp;<\/p>\n<h3>Pour les copropri\u00e9t\u00e9s et particuliers<\/h3>\n<p>Nous op\u00e9rons chez les particuliers et dans les copropri\u00e9t\u00e9s pour installer vos pergolas, pergolas bioclimatiques, volets battants, fen\u00eatres, stores de terrasse, v\u00e9randas, volets roulants et stores int\u00e9rieurs.<\/p>\n<h2>Tous nos services<\/h2>\n<h3>Conception<\/h3>\n<p>Nous construisons tous nos stores sur mesures et en fonction de vos probl\u00e9matiques et besoins.<\/p>\n<h3>Mise en place personnalis\u00e9<\/h3>\n<p>Nos techniciens op\u00e8rent \u00e0 Oron-la-Ville pour panifier et installer vos stores en fonction de vos besoins et vos contraintes.<\/p>\n<h3>Service de r\u00e9paration de stores<\/h3>\n<p>Nos techniciens r\u00e9parent vos stores, au cours de leur intervention, ils changent les parties d\u00e9fectueuses.<\/p>\n<h3>Service d\u2019entretien<\/h3>\n<p>Un service d&rsquo;entretien effectu\u00e9 r\u00e9guli\u00e8rement permet d\u2019augmenter la dur\u00e9e de vie de vos stores. Un storiste doit intervenir \u00e0 votre domicile pour inspecter l\u2019\u00e9tat de votre store et si n\u00e9cessaire effectuer le rentoilage, le remplacement et la r\u00e9paration.<\/p>\n<h3>Accessoires et options<\/h3>\n<p>Nos produits sont disponibles avec des ouvertures \u00e9lectriques ou manuelles pour les portes de garage, les stores et les volets.<\/p>\n<h2>Pourquoi choisir notre soci\u00e9t\u00e9 ?<\/h2>\n<p>Notre soci\u00e9t\u00e9 est experte dans la pose et l\u2019entretien de stores et de fermetures \u00e0 Oron-la-Ville. Nous vous assistons de A \u00e0 Z, de l&rsquo;analyse de votre besoin \u00e0 la mise en place.<\/p>\n<h3>Collection de stores<\/h3>\n<p>Nous vous proposons un large choix de stores ext\u00e9rieurs et int\u00e9rieurs.<\/p>\n<h3>Devis en ligne gratuit<\/h3>\n<p>Obtenez un devis gratuit et sans engagement. Nos devis sont d\u00e9taill\u00e9s et transparents.&nbsp;<\/p>\n<h3>Diagnostic<\/h3>\n<p>Nous regardons toujours la viabilit\u00e9 des projets, et nous cr\u00e9ons des plans personnalis\u00e9s pour int\u00e9grer de la meilleure mani\u00e8re vos stores en consid\u00e9rant vos d\u00e9sirs.<\/p>\n<h3>Store haut de gamme<\/h3>\n<p>Nous utilisons des mat\u00e9riaux de haute qualit\u00e9 pour les stores que nous installons.<\/p>\n<h3>D\u00e9pannage rapide <\/h3>\n<p>Le storiste qui est situ\u00e9 \u00e0 Oron-la-Ville op\u00e8re rapidement chez vous pour installer ou d\u00e9panner vos stores.<\/p>\n<h2>FAQ<\/h2>\n<h3>Les stores actuels peuvent-ils \u00eatre m\u00e9canis\u00e9s ?<\/h3>\n<p>Oui, la motorisation d&rsquo;un store est enti\u00e8rement faisable, seulement sous certaines conditions. Un de nos artisans se d\u00e9place \u00e0 votre domicile pour examiner la viabilit\u00e9 du projet.<\/p>\n<h3>Artisanlocal op\u00e8re dans les communes \u00e0 proximit\u00e9 de Oron-la-Ville ? ?<\/h3>\n<p>Oui, nos storistes op\u00e8rent \u00e0 Oron-la-Ville, mais aussi dans les localit\u00e9s \u00e0 proximit\u00e9, telles que : Peney-le-Jorat, Forel (Lavaux), Mollie-Margot, Savigny, Ferlens VD, Servion, Essertes, Les Cullayes, Montpreveyres, Corcelles-le-Jorat, M\u00e9zi\u00e8res VD, Carrouge VD, Vulliens, Ropraz, Les Tavernes, Les Thioleyres, Pal\u00e9zieux, Pal\u00e9zieux-Village, Oron-le-Ch\u00e2tel, Chapelle (Gl\u00e2ne), Bussigny-sur-Oron, Chesalles-sur-Oron, Ch\u00e2tillens, Vuibroye, Le Cr\u00eat-pr\u00e8s-Semsales, Ecoteaux, Maracon.<\/p>\n","protected":false},"excerpt":{"rendered":"<p>Artisanlocal est un installateur de stores, enseignes, lambrequin lumineux et accessoires de terrasses, \u00e0 Oron-la-Ville et dans les localit\u00e9s \u00e0 proximit\u00e9. Tous types de stores int\u00e9rieurs Nos stores int\u00e9rieurs sont pr\u00e9vus pour embellir l&rsquo;apparence de vos fen\u00eatres, limiter la luminosit\u00e9 et prot\u00e9gez votre confidentialit\u00e9. Nous proposons un large choix de stores : v\u00e9nitiens, textiles, pliss\u00e9s, [&hellip;]<\/p>\n","protected":false},"author":4,"featured_media":3071,"parent":0,"menu_order":0,"comment_status":"closed","ping_status":"closed","template":"","meta":{"footnotes":""},"profession":[130],"location":[78],"canton":[113],"class_list":["post-3001","page","type-page","status-publish","has-post-thumbnail","hentry","profession-storiste","location-oron-la-ville","canton-vd"],"yoast_head":"<!-- This site is optimized with the Yoast SEO Premium plugin v25.7.1 (Yoast SEO v27.4) - https:\/\/yoast.com\/product\/yoast-seo-premium-wordpress\/ -->\n<title>Confiez la mise en place de votre store \u00e0 un professionnel exp\u00e9riment\u00e9 \u00e0 Oron-la-Ville - Artisanlocal<\/title>\n<meta name=\"robots\" content=\"index, follow, max-snippet:-1, max-image-preview:large, max-video-preview:-1\" \/>\n<link rel=\"canonical\" href=\"https:\/\/www.artisanlocal.ch\/c\/confiez-la-mise-en-place-de-votre-store-a-un-professionnel-experimente-a-oron-la-ville\/\" \/>\n<meta property=\"og:locale\" content=\"fr_FR\" \/>\n<meta property=\"og:type\" content=\"article\" \/>\n<meta property=\"og:title\" content=\"Confiez la mise en place de votre store \u00e0 un professionnel exp\u00e9riment\u00e9 \u00e0 Oron-la-Ville\" \/>\n<meta property=\"og:description\" content=\"Artisanlocal est un installateur de stores, enseignes, lambrequin lumineux et accessoires de terrasses, \u00e0 Oron-la-Ville et dans les localit\u00e9s \u00e0 proximit\u00e9. Tous types de stores int\u00e9rieurs Nos stores int\u00e9rieurs sont pr\u00e9vus pour embellir l&rsquo;apparence de vos fen\u00eatres, limiter la luminosit\u00e9 et prot\u00e9gez votre confidentialit\u00e9. Nous proposons un large choix de stores : v\u00e9nitiens, textiles, pliss\u00e9s, [&hellip;]\" \/>\n<meta property=\"og:url\" content=\"https:\/\/www.artisanlocal.ch\/c\/confiez-la-mise-en-place-de-votre-store-a-un-professionnel-experimente-a-oron-la-ville\/\" \/>\n<meta property=\"og:site_name\" content=\"Artisanlocal\" \/>\n<meta property=\"article:modified_time\" content=\"2025-08-26T17:24:42+00:00\" \/>\n<meta property=\"og:image\" content=\"https:\/\/www.artisanlocal.ch\/c\/wp-content\/uploads\/2024\/12\/storiste.jpg\" \/>\n\t<meta property=\"og:image:width\" content=\"1920\" \/>\n\t<meta property=\"og:image:height\" content=\"300\" \/>\n\t<meta property=\"og:image:type\" content=\"image\/jpeg\" \/>\n<meta name=\"twitter:card\" content=\"summary_large_image\" \/>\n<meta name=\"twitter:label1\" content=\"Dur\u00e9e de lecture estim\u00e9e\" \/>\n\t<meta name=\"twitter:data1\" content=\"4 minutes\" \/>\n<script type=\"application\/ld+json\" class=\"yoast-schema-graph\">{\"@context\":\"https:\\\/\\\/schema.org\",\"@graph\":[{\"@type\":\"WebPage\",\"@id\":\"https:\\\/\\\/www.artisanlocal.ch\\\/c\\\/confiez-la-mise-en-place-de-votre-store-a-un-professionnel-experimente-a-oron-la-ville\\\/\",\"url\":\"https:\\\/\\\/www.artisanlocal.ch\\\/c\\\/confiez-la-mise-en-place-de-votre-store-a-un-professionnel-experimente-a-oron-la-ville\\\/\",\"name\":\"Confiez la mise en place de votre store \u00e0 un professionnel exp\u00e9riment\u00e9 \u00e0 Oron-la-Ville - Artisanlocal\",\"isPartOf\":{\"@id\":\"https:\\\/\\\/www.artisanlocal.ch\\\/c\\\/#website\"},\"primaryImageOfPage\":{\"@id\":\"https:\\\/\\\/www.artisanlocal.ch\\\/c\\\/confiez-la-mise-en-place-de-votre-store-a-un-professionnel-experimente-a-oron-la-ville\\\/#primaryimage\"},\"image\":{\"@id\":\"https:\\\/\\\/www.artisanlocal.ch\\\/c\\\/confiez-la-mise-en-place-de-votre-store-a-un-professionnel-experimente-a-oron-la-ville\\\/#primaryimage\"},\"thumbnailUrl\":\"https:\\\/\\\/www.artisanlocal.ch\\\/c\\\/wp-content\\\/uploads\\\/2024\\\/12\\\/storiste.jpg\",\"datePublished\":\"2024-11-26T12:31:41+00:00\",\"dateModified\":\"2025-08-26T17:24:42+00:00\",\"breadcrumb\":{\"@id\":\"https:\\\/\\\/www.artisanlocal.ch\\\/c\\\/confiez-la-mise-en-place-de-votre-store-a-un-professionnel-experimente-a-oron-la-ville\\\/#breadcrumb\"},\"inLanguage\":\"fr-FR\",\"potentialAction\":[{\"@type\":\"ReadAction\",\"target\":[\"https:\\\/\\\/www.artisanlocal.ch\\\/c\\\/confiez-la-mise-en-place-de-votre-store-a-un-professionnel-experimente-a-oron-la-ville\\\/\"]}]},{\"@type\":\"ImageObject\",\"inLanguage\":\"fr-FR\",\"@id\":\"https:\\\/\\\/www.artisanlocal.ch\\\/c\\\/confiez-la-mise-en-place-de-votre-store-a-un-professionnel-experimente-a-oron-la-ville\\\/#primaryimage\",\"url\":\"https:\\\/\\\/www.artisanlocal.ch\\\/c\\\/wp-content\\\/uploads\\\/2024\\\/12\\\/storiste.jpg\",\"contentUrl\":\"https:\\\/\\\/www.artisanlocal.ch\\\/c\\\/wp-content\\\/uploads\\\/2024\\\/12\\\/storiste.jpg\",\"width\":1920,\"height\":300},{\"@type\":\"BreadcrumbList\",\"@id\":\"https:\\\/\\\/www.artisanlocal.ch\\\/c\\\/confiez-la-mise-en-place-de-votre-store-a-un-professionnel-experimente-a-oron-la-ville\\\/#breadcrumb\",\"itemListElement\":[{\"@type\":\"ListItem\",\"position\":1,\"name\":\"Accueil\",\"item\":\"https:\\\/\\\/www.artisanlocal.ch\\\/c\\\/\"},{\"@type\":\"ListItem\",\"position\":2,\"name\":\"Confiez la mise en place de votre store \u00e0 un professionnel exp\u00e9riment\u00e9 \u00e0 Oron-la-Ville\"}]},{\"@type\":\"WebSite\",\"@id\":\"https:\\\/\\\/www.artisanlocal.ch\\\/c\\\/#website\",\"url\":\"https:\\\/\\\/www.artisanlocal.ch\\\/c\\\/\",\"name\":\"Artisanlocal\",\"description\":\"\",\"publisher\":{\"@id\":\"https:\\\/\\\/www.artisanlocal.ch\\\/c\\\/#organization\"},\"potentialAction\":[{\"@type\":\"SearchAction\",\"target\":{\"@type\":\"EntryPoint\",\"urlTemplate\":\"https:\\\/\\\/www.artisanlocal.ch\\\/c\\\/?s={search_term_string}\"},\"query-input\":{\"@type\":\"PropertyValueSpecification\",\"valueRequired\":true,\"valueName\":\"search_term_string\"}}],\"inLanguage\":\"fr-FR\"},{\"@type\":\"Organization\",\"@id\":\"https:\\\/\\\/www.artisanlocal.ch\\\/c\\\/#organization\",\"name\":\"Artisanlocal\",\"url\":\"https:\\\/\\\/www.artisanlocal.ch\\\/c\\\/\",\"logo\":{\"@type\":\"ImageObject\",\"inLanguage\":\"fr-FR\",\"@id\":\"https:\\\/\\\/www.artisanlocal.ch\\\/c\\\/#\\\/schema\\\/logo\\\/image\\\/\",\"url\":\"https:\\\/\\\/www.artisanlocal.ch\\\/c\\\/wp-content\\\/uploads\\\/2024\\\/02\\\/logo-artisanlocal-h.svg\",\"contentUrl\":\"https:\\\/\\\/www.artisanlocal.ch\\\/c\\\/wp-content\\\/uploads\\\/2024\\\/02\\\/logo-artisanlocal-h.svg\",\"caption\":\"Artisanlocal\"},\"image\":{\"@id\":\"https:\\\/\\\/www.artisanlocal.ch\\\/c\\\/#\\\/schema\\\/logo\\\/image\\\/\"}}]}<\/script>\n<!-- \/ Yoast SEO Premium plugin. -->","yoast_head_json":{"title":"Confiez la mise en place de votre store \u00e0 un professionnel exp\u00e9riment\u00e9 \u00e0 Oron-la-Ville - Artisanlocal","robots":{"index":"index","follow":"follow","max-snippet":"max-snippet:-1","max-image-preview":"max-image-preview:large","max-video-preview":"max-video-preview:-1"},"canonical":"https:\/\/www.artisanlocal.ch\/c\/confiez-la-mise-en-place-de-votre-store-a-un-professionnel-experimente-a-oron-la-ville\/","og_locale":"fr_FR","og_type":"article","og_title":"Confiez la mise en place de votre store \u00e0 un professionnel exp\u00e9riment\u00e9 \u00e0 Oron-la-Ville","og_description":"Artisanlocal est un installateur de stores, enseignes, lambrequin lumineux et accessoires de terrasses, \u00e0 Oron-la-Ville et dans les localit\u00e9s \u00e0 proximit\u00e9. Tous types de stores int\u00e9rieurs Nos stores int\u00e9rieurs sont pr\u00e9vus pour embellir l&rsquo;apparence de vos fen\u00eatres, limiter la luminosit\u00e9 et prot\u00e9gez votre confidentialit\u00e9. Nous proposons un large choix de stores : v\u00e9nitiens, textiles, pliss\u00e9s, [&hellip;]","og_url":"https:\/\/www.artisanlocal.ch\/c\/confiez-la-mise-en-place-de-votre-store-a-un-professionnel-experimente-a-oron-la-ville\/","og_site_name":"Artisanlocal","article_modified_time":"2025-08-26T17:24:42+00:00","og_image":[{"width":1920,"height":300,"url":"https:\/\/www.artisanlocal.ch\/c\/wp-content\/uploads\/2024\/12\/storiste.jpg","type":"image\/jpeg"}],"twitter_card":"summary_large_image","twitter_misc":{"Dur\u00e9e de lecture estim\u00e9e":"4 minutes"},"schema":{"@context":"https:\/\/schema.org","@graph":[{"@type":"WebPage","@id":"https:\/\/www.artisanlocal.ch\/c\/confiez-la-mise-en-place-de-votre-store-a-un-professionnel-experimente-a-oron-la-ville\/","url":"https:\/\/www.artisanlocal.ch\/c\/confiez-la-mise-en-place-de-votre-store-a-un-professionnel-experimente-a-oron-la-ville\/","name":"Confiez la mise en place de votre store \u00e0 un professionnel exp\u00e9riment\u00e9 \u00e0 Oron-la-Ville - Artisanlocal","isPartOf":{"@id":"https:\/\/www.artisanlocal.ch\/c\/#website"},"primaryImageOfPage":{"@id":"https:\/\/www.artisanlocal.ch\/c\/confiez-la-mise-en-place-de-votre-store-a-un-professionnel-experimente-a-oron-la-ville\/#primaryimage"},"image":{"@id":"https:\/\/www.artisanlocal.ch\/c\/confiez-la-mise-en-place-de-votre-store-a-un-professionnel-experimente-a-oron-la-ville\/#primaryimage"},"thumbnailUrl":"https:\/\/www.artisanlocal.ch\/c\/wp-content\/uploads\/2024\/12\/storiste.jpg","datePublished":"2024-11-26T12:31:41+00:00","dateModified":"2025-08-26T17:24:42+00:00","breadcrumb":{"@id":"https:\/\/www.artisanlocal.ch\/c\/confiez-la-mise-en-place-de-votre-store-a-un-professionnel-experimente-a-oron-la-ville\/#breadcrumb"},"inLanguage":"fr-FR","potentialAction":[{"@type":"ReadAction","target":["https:\/\/www.artisanlocal.ch\/c\/confiez-la-mise-en-place-de-votre-store-a-un-professionnel-experimente-a-oron-la-ville\/"]}]},{"@type":"ImageObject","inLanguage":"fr-FR","@id":"https:\/\/www.artisanlocal.ch\/c\/confiez-la-mise-en-place-de-votre-store-a-un-professionnel-experimente-a-oron-la-ville\/#primaryimage","url":"https:\/\/www.artisanlocal.ch\/c\/wp-content\/uploads\/2024\/12\/storiste.jpg","contentUrl":"https:\/\/www.artisanlocal.ch\/c\/wp-content\/uploads\/2024\/12\/storiste.jpg","width":1920,"height":300},{"@type":"BreadcrumbList","@id":"https:\/\/www.artisanlocal.ch\/c\/confiez-la-mise-en-place-de-votre-store-a-un-professionnel-experimente-a-oron-la-ville\/#breadcrumb","itemListElement":[{"@type":"ListItem","position":1,"name":"Accueil","item":"https:\/\/www.artisanlocal.ch\/c\/"},{"@type":"ListItem","position":2,"name":"Confiez la mise en place de votre store \u00e0 un professionnel exp\u00e9riment\u00e9 \u00e0 Oron-la-Ville"}]},{"@type":"WebSite","@id":"https:\/\/www.artisanlocal.ch\/c\/#website","url":"https:\/\/www.artisanlocal.ch\/c\/","name":"Artisanlocal","description":"","publisher":{"@id":"https:\/\/www.artisanlocal.ch\/c\/#organization"},"potentialAction":[{"@type":"SearchAction","target":{"@type":"EntryPoint","urlTemplate":"https:\/\/www.artisanlocal.ch\/c\/?s={search_term_string}"},"query-input":{"@type":"PropertyValueSpecification","valueRequired":true,"valueName":"search_term_string"}}],"inLanguage":"fr-FR"},{"@type":"Organization","@id":"https:\/\/www.artisanlocal.ch\/c\/#organization","name":"Artisanlocal","url":"https:\/\/www.artisanlocal.ch\/c\/","logo":{"@type":"ImageObject","inLanguage":"fr-FR","@id":"https:\/\/www.artisanlocal.ch\/c\/#\/schema\/logo\/image\/","url":"https:\/\/www.artisanlocal.ch\/c\/wp-content\/uploads\/2024\/02\/logo-artisanlocal-h.svg","contentUrl":"https:\/\/www.artisanlocal.ch\/c\/wp-content\/uploads\/2024\/02\/logo-artisanlocal-h.svg","caption":"Artisanlocal"},"image":{"@id":"https:\/\/www.artisanlocal.ch\/c\/#\/schema\/logo\/image\/"}}]}},"_links":{"self":[{"href":"https:\/\/www.artisanlocal.ch\/c\/wp-json\/wp\/v2\/pages\/3001","targetHints":{"allow":["GET"]}}],"collection":[{"href":"https:\/\/www.artisanlocal.ch\/c\/wp-json\/wp\/v2\/pages"}],"about":[{"href":"https:\/\/www.artisanlocal.ch\/c\/wp-json\/wp\/v2\/types\/page"}],"author":[{"embeddable":true,"href":"https:\/\/www.artisanlocal.ch\/c\/wp-json\/wp\/v2\/users\/4"}],"replies":[{"embeddable":true,"href":"https:\/\/www.artisanlocal.ch\/c\/wp-json\/wp\/v2\/comments?post=3001"}],"version-history":[{"count":0,"href":"https:\/\/www.artisanlocal.ch\/c\/wp-json\/wp\/v2\/pages\/3001\/revisions"}],"wp:featuredmedia":[{"embeddable":true,"href":"https:\/\/www.artisanlocal.ch\/c\/wp-json\/wp\/v2\/media\/3071"}],"wp:attachment":[{"href":"https:\/\/www.artisanlocal.ch\/c\/wp-json\/wp\/v2\/media?parent=3001"}],"wp:term":[{"taxonomy":"profession","embeddable":true,"href":"https:\/\/www.artisanlocal.ch\/c\/wp-json\/wp\/v2\/profession?post=3001"},{"taxonomy":"location","embeddable":true,"href":"https:\/\/www.artisanlocal.ch\/c\/wp-json\/wp\/v2\/location?post=3001"},{"taxonomy":"canton","embeddable":true,"href":"https:\/\/www.artisanlocal.ch\/c\/wp-json\/wp\/v2\/canton?post=3001"}],"curies":[{"name":"wp","href":"https:\/\/api.w.org\/{rel}","templated":true}]}}