{"id":3010,"date":"2024-11-30T08:15:10","date_gmt":"2024-11-30T07:15:10","guid":{"rendered":"https:\/\/www.artisanlocal.ch\/c\/votre-expert-du-store-et-des-enseignes-dans-le-canton-de-geneve\/"},"modified":"2025-11-06T12:39:55","modified_gmt":"2025-11-06T11:39:55","slug":"votre-expert-du-store-et-des-enseignes-dans-le-canton-de-geneve","status":"publish","type":"page","link":"https:\/\/www.artisanlocal.ch\/c\/votre-expert-du-store-et-des-enseignes-dans-le-canton-de-geneve\/","title":{"rendered":"Votre expert du store et des enseignes dans le canton de Gen\u00e8ve"},"content":{"rendered":"<p>Notre soci\u00e9t\u00e9 est sp\u00e9cialis\u00e9e dans l&rsquo;installation de stores, enseignes, lambrequins lumineux et accessoires pour terrasses, op\u00e8re dans le canton de Gen\u00e8ve et dans les villes aux alentours.<\/p>\n<h2>Large choix de stores int\u00e9rieurs<\/h2>\n<p>Nos stores int\u00e9rieurs sont pr\u00e9vus pour embellir l&rsquo;aspect visuel de vos fen\u00eatres, limiter la lumi\u00e8re et prot\u00e9gez votre intimit\u00e9. Nous offrons un large choix de stores : textiles, enrouleurs, bateaux, pliss\u00e9s, rideaux, parois japonaises, v\u00e9nitiens, bandes verticales, enrouleurs avec coffre et bateaux voilage.<\/p>\n<h2>Stores ext\u00e9rieurs pour terrasses et balcons<\/h2>\n<p>Nos stores ext\u00e9rieurs sont install\u00e9s pour cr\u00e9er des espaces ombrag\u00e9s. Nous proposons un large choix de stores ext\u00e9rieurs : verri\u00e8res, loggias et v\u00e9randas, mais aussi fen\u00eatres, pourvues de coffres, semi-coffres, bannes, \u00e0 bras t\u00e9lescopiques ou articul\u00e9s.<\/p>\n<h2>Pergolas et pergolas bioclimatiques<\/h2>\n<p>Si vous avez besoin de vous prot\u00e9ger des intemp\u00e9ries, nous vous sugg\u00e9rons de s\u00e9lectionner une pergola. Nous proposons des pergolas : \u00e0 lames r\u00e9tractables, \u00e0 toits fixes, toiles de protection solaire verticale ou avec panneaux verticaux.<\/p>\n<h2>Lambrequin lumineux sur mesure<\/h2>\n<p>Nos lambrequins lumineux vous permettent d\u2019am\u00e9liorer la visibilit\u00e9 nocturne : de votre commerce, magasin, commerces, brasserie, restaurant ou h\u00f4tel.&nbsp;<\/p>\n<h2>Rentoilage de toiles du store banne ou pergola<\/h2>\n<p>Le rentoilage de stores banne est une alternative \u00e9conomique au remplacement du store.<\/p>\n<h2>Fen\u00eatre bois et aluminium sur mesure<\/h2>\n<p>Si vous avez besoin de remplacer vos fen\u00eatres. Nous construisons et installons vos fen\u00eatres coulissantes et battantes : PVC, en bois ou aluminium.<\/p>\n<h2>Volets roulants avec ou sans motorisation<\/h2>\n<p>Si vous avez besoin d\u2019une meilleure protection phonique, thermique ou solaire, privil\u00e9gier nos Volets roulants manuels ou \u00e9lectriques : m\u00e9talliques, persiennes, alu, solaires ou bois.<\/p>\n<h2>Films de protection solaire<\/h2>\n<p>Le film solaire sur mesure pour fen\u00eatre permet de r\u00e9duire la temp\u00e9rature ambiante de votre espace int\u00e9rieur, de r\u00e9duire la transmission UV, et de pr\u00e9server votre intimit\u00e9.<\/p>\n<h2>Menuiserie dans le canton de Gen\u00e8ve : Alu, PVC, Bois<\/h2>\n<p>Notre entreprise a une large gamme de produits, comme les :<\/p>\n<ul>\n<li>Portail et portes.<\/li>\n<li>Domotiques.<\/li>\n<li>Fen\u00eatres.<\/li>\n<li>Portes de garage.<\/li>\n<li>Carport.<\/li>\n<li>Garde-corps ext\u00e9rieurs.<\/li>\n<li>Volets.<\/li>\n<li>Alarmes.<\/li>\n<\/ul>\n<h2>Nos secteurs d&rsquo;activit\u00e9<\/h2>\n<h3>Les soci\u00e9t\u00e9s : restaurants, caf\u00e9s, brasseries, boutiques<\/h3>\n<p>Artisanlocal \u00e9labore, fabrique, et met en place des stores pour les entreprises dans le canton de Gen\u00e8ve, comme : les restaurants, bureaux et boutiques.&nbsp;<\/p>\n<h3>Les particuliers et les copropri\u00e9t\u00e9s<\/h3>\n<p>Intervention chez les particuliers et les copropri\u00e9t\u00e9s, nous mettons en place vos fen\u00eatres, stores int\u00e9rieurs, stores de terrasse, v\u00e9randa, volets roulants, volets battants, pergolas et pergolas bioclimatiques.<\/p>\n<h2>Nos services<\/h2>\n<h3>Conception technique<\/h3>\n<p>Nous cr\u00e9ons des stores personnalis\u00e9s en fonction de vos probl\u00e9matiques et besoins.<\/p>\n<h3>Pose sur mesure<\/h3>\n<p>Nos storistes interviennent dans le canton de Gen\u00e8ve pour mesurer et poser vos stores.<\/p>\n<h3>Service de r\u00e9paration de stores<\/h3>\n<p>Nos storistes sont sp\u00e9cialis\u00e9s dans la r\u00e9paration et remplacement de stores, lors de leur intervention, ils changent les \u00e9l\u00e9ments d\u00e9fectueux.<\/p>\n<h3>Entretien sur-mesure de tous vos stores<\/h3>\n<p>Une maintenance r\u00e9alis\u00e9e r\u00e9guli\u00e8rement permet d&rsquo;augmenter la durabilit\u00e9 de vos stores. Un storiste doit venir chez vous pour inspecter l\u2019\u00e9tat du store et si oblig\u00e9 r\u00e9aliser la r\u00e9paration, le remplacement ou le rentoilage.<\/p>\n<h3>Option et accessoire suppl\u00e9mentaire<\/h3>\n<p>Nos produits sont disponibles avec des ouvertures manuelles ou \u00e9lectriques pour les stores, portes de garage et volets.<\/p>\n<h2>Pourquoi choisir notre soci\u00e9t\u00e9 ?<\/h2>\n<p>Notre entreprise implant\u00e9e dans le canton de Gen\u00e8ve est sp\u00e9cialis\u00e9e dans l\u2019installation et la r\u00e9paration des stores. Nous vous guidons de A \u00e0 Z, de l&rsquo;\u00e9tude de votre besoin \u00e0 l&rsquo;installation.<\/p>\n<h3>Large gamme<\/h3>\n<p>Nous vous proposons une s\u00e9lection de stores ext\u00e9rieurs et int\u00e9rieurs.<\/p>\n<h3>\u00c9tude et devis gratuit<\/h3>\n<p>Recevez nos devis gratuits. Nos devis sont pr\u00e9cis et totalement transparents.&nbsp;<\/p>\n<h3>\u00c9tude pr\u00e9alable<\/h3>\n<p>Pour chacun des projets, nous analysons sa faisabilit\u00e9, en fonction de vos attentes, nous imaginons des plans pour installer vos stores.<\/p>\n<h3>Mat\u00e9riaux de qualit\u00e9<\/h3>\n<p>Les stores que nous posons sont cr\u00e9\u00e9s avec des mat\u00e9riaux de qualit\u00e9 pour assurer une bonne durabilit\u00e9.<\/p>\n<h3>Service rapide <\/h3>\n<p>Le storiste qui est localis\u00e9 dans le canton de Gen\u00e8ve intervient rapidement chez vous pour installer ou d\u00e9panner vos stores.<\/p>\n<h2>Foire Aux Questions<\/h2>\n<h3>Est-il possible de motoriser des stores install\u00e9s ?<\/h3>\n<p>Oui, la motorisation d&rsquo;un store est enti\u00e8rement possible, mais (selon certaines conditions). Un de nos artisans se d\u00e9place \u00e0 votre logement pour examiner la viabilit\u00e9 du projet.<\/p>\n<h3>Intervenez-vous dans les soci\u00e9t\u00e9s \u00e0 proximit\u00e9 de Gen\u00e8ve ?<\/h3>\n<p>Oui, nous intervenons dans le canton de Gen\u00e8ve et dans les localit\u00e9s aux environs, comme : Gen\u00e8ve, Grand-Lancy, Petit-Lancy, Onex, A\u00efre, V\u00e9senaz, Cologny, Ch\u00eane-Bougeries, Ch\u00eane-Bourg, Th\u00f4nex, Carouge GE, Les Acacias, Plan-les-Ouates, Conches, Confignon, Bernex, Vessy, Cartigny, Avully, Puplinge, Presinge, Choulex, Collonge-Bellerive, Corsier GE, Ani\u00e8res, Hermance, Gy, Meinier, Vandoeuvres, Jussy, Veyrier, Troinex, La Croix-de-Rozon, Perly, Chancy, Athenaz (Avusy), Soral, Laconnex, Aire-la-Ville, Vernier, Cointrin, Meyrin, Le Grand-Saconnex, Ch\u00e2telaine, Le Lignon, Les Avanchets, Collex, Satigny, Russin, Dardagny, La Plaine, Chamb\u00e9sy.<\/p>\n","protected":false},"excerpt":{"rendered":"<p>Notre soci\u00e9t\u00e9 est sp\u00e9cialis\u00e9e dans l&rsquo;installation de stores, enseignes, lambrequins lumineux et accessoires pour terrasses, op\u00e8re dans le canton de Gen\u00e8ve et dans les villes aux alentours. Large choix de stores int\u00e9rieurs Nos stores int\u00e9rieurs sont pr\u00e9vus pour embellir l&rsquo;aspect visuel de vos fen\u00eatres, limiter la lumi\u00e8re et prot\u00e9gez votre intimit\u00e9. Nous offrons un large [&hellip;]<\/p>\n","protected":false},"author":4,"featured_media":3071,"parent":0,"menu_order":0,"comment_status":"closed","ping_status":"closed","template":"wp-custom-template-page-canton","meta":{"footnotes":""},"profession":[130],"location":[],"canton":[112],"class_list":["post-3010","page","type-page","status-publish","has-post-thumbnail","hentry","profession-storiste","canton-ge"],"yoast_head":"<!-- This site is optimized with the Yoast SEO Premium plugin v25.7.1 (Yoast SEO v27.4) - https:\/\/yoast.com\/product\/yoast-seo-premium-wordpress\/ -->\n<title>Votre expert du store et des enseignes dans le canton de Gen\u00e8ve - Artisanlocal<\/title>\n<meta name=\"robots\" content=\"index, follow, max-snippet:-1, max-image-preview:large, max-video-preview:-1\" \/>\n<link rel=\"canonical\" href=\"https:\/\/www.artisanlocal.ch\/c\/votre-expert-du-store-et-des-enseignes-dans-le-canton-de-geneve\/\" \/>\n<meta property=\"og:locale\" content=\"fr_FR\" \/>\n<meta property=\"og:type\" content=\"article\" \/>\n<meta property=\"og:title\" content=\"Votre expert du store et des enseignes dans le canton de Gen\u00e8ve\" \/>\n<meta property=\"og:description\" content=\"Notre soci\u00e9t\u00e9 est sp\u00e9cialis\u00e9e dans l&rsquo;installation de stores, enseignes, lambrequins lumineux et accessoires pour terrasses, op\u00e8re dans le canton de Gen\u00e8ve et dans les villes aux alentours. Large choix de stores int\u00e9rieurs Nos stores int\u00e9rieurs sont pr\u00e9vus pour embellir l&rsquo;aspect visuel de vos fen\u00eatres, limiter la lumi\u00e8re et prot\u00e9gez votre intimit\u00e9. Nous offrons un large [&hellip;]\" \/>\n<meta property=\"og:url\" content=\"https:\/\/www.artisanlocal.ch\/c\/votre-expert-du-store-et-des-enseignes-dans-le-canton-de-geneve\/\" \/>\n<meta property=\"og:site_name\" content=\"Artisanlocal\" \/>\n<meta property=\"article:modified_time\" content=\"2025-11-06T11:39:55+00:00\" \/>\n<meta property=\"og:image\" content=\"https:\/\/www.artisanlocal.ch\/c\/wp-content\/uploads\/2024\/12\/storiste.jpg\" \/>\n\t<meta property=\"og:image:width\" content=\"1920\" \/>\n\t<meta property=\"og:image:height\" content=\"300\" \/>\n\t<meta property=\"og:image:type\" content=\"image\/jpeg\" \/>\n<meta name=\"twitter:card\" content=\"summary_large_image\" \/>\n<meta name=\"twitter:label1\" content=\"Dur\u00e9e de lecture estim\u00e9e\" \/>\n\t<meta name=\"twitter:data1\" content=\"4 minutes\" \/>\n<script type=\"application\/ld+json\" class=\"yoast-schema-graph\">{\"@context\":\"https:\\\/\\\/schema.org\",\"@graph\":[{\"@type\":\"WebPage\",\"@id\":\"https:\\\/\\\/www.artisanlocal.ch\\\/c\\\/votre-expert-du-store-et-des-enseignes-dans-le-canton-de-geneve\\\/\",\"url\":\"https:\\\/\\\/www.artisanlocal.ch\\\/c\\\/votre-expert-du-store-et-des-enseignes-dans-le-canton-de-geneve\\\/\",\"name\":\"Votre expert du store et des enseignes dans le canton de Gen\u00e8ve - Artisanlocal\",\"isPartOf\":{\"@id\":\"https:\\\/\\\/www.artisanlocal.ch\\\/c\\\/#website\"},\"primaryImageOfPage\":{\"@id\":\"https:\\\/\\\/www.artisanlocal.ch\\\/c\\\/votre-expert-du-store-et-des-enseignes-dans-le-canton-de-geneve\\\/#primaryimage\"},\"image\":{\"@id\":\"https:\\\/\\\/www.artisanlocal.ch\\\/c\\\/votre-expert-du-store-et-des-enseignes-dans-le-canton-de-geneve\\\/#primaryimage\"},\"thumbnailUrl\":\"https:\\\/\\\/www.artisanlocal.ch\\\/c\\\/wp-content\\\/uploads\\\/2024\\\/12\\\/storiste.jpg\",\"datePublished\":\"2024-11-30T07:15:10+00:00\",\"dateModified\":\"2025-11-06T11:39:55+00:00\",\"breadcrumb\":{\"@id\":\"https:\\\/\\\/www.artisanlocal.ch\\\/c\\\/votre-expert-du-store-et-des-enseignes-dans-le-canton-de-geneve\\\/#breadcrumb\"},\"inLanguage\":\"fr-FR\",\"potentialAction\":[{\"@type\":\"ReadAction\",\"target\":[\"https:\\\/\\\/www.artisanlocal.ch\\\/c\\\/votre-expert-du-store-et-des-enseignes-dans-le-canton-de-geneve\\\/\"]}]},{\"@type\":\"ImageObject\",\"inLanguage\":\"fr-FR\",\"@id\":\"https:\\\/\\\/www.artisanlocal.ch\\\/c\\\/votre-expert-du-store-et-des-enseignes-dans-le-canton-de-geneve\\\/#primaryimage\",\"url\":\"https:\\\/\\\/www.artisanlocal.ch\\\/c\\\/wp-content\\\/uploads\\\/2024\\\/12\\\/storiste.jpg\",\"contentUrl\":\"https:\\\/\\\/www.artisanlocal.ch\\\/c\\\/wp-content\\\/uploads\\\/2024\\\/12\\\/storiste.jpg\",\"width\":1920,\"height\":300},{\"@type\":\"BreadcrumbList\",\"@id\":\"https:\\\/\\\/www.artisanlocal.ch\\\/c\\\/votre-expert-du-store-et-des-enseignes-dans-le-canton-de-geneve\\\/#breadcrumb\",\"itemListElement\":[{\"@type\":\"ListItem\",\"position\":1,\"name\":\"Accueil\",\"item\":\"https:\\\/\\\/www.artisanlocal.ch\\\/c\\\/\"},{\"@type\":\"ListItem\",\"position\":2,\"name\":\"Votre expert du store et des enseignes dans le canton de Gen\u00e8ve\"}]},{\"@type\":\"WebSite\",\"@id\":\"https:\\\/\\\/www.artisanlocal.ch\\\/c\\\/#website\",\"url\":\"https:\\\/\\\/www.artisanlocal.ch\\\/c\\\/\",\"name\":\"Artisanlocal\",\"description\":\"\",\"publisher\":{\"@id\":\"https:\\\/\\\/www.artisanlocal.ch\\\/c\\\/#organization\"},\"potentialAction\":[{\"@type\":\"SearchAction\",\"target\":{\"@type\":\"EntryPoint\",\"urlTemplate\":\"https:\\\/\\\/www.artisanlocal.ch\\\/c\\\/?s={search_term_string}\"},\"query-input\":{\"@type\":\"PropertyValueSpecification\",\"valueRequired\":true,\"valueName\":\"search_term_string\"}}],\"inLanguage\":\"fr-FR\"},{\"@type\":\"Organization\",\"@id\":\"https:\\\/\\\/www.artisanlocal.ch\\\/c\\\/#organization\",\"name\":\"Artisanlocal\",\"url\":\"https:\\\/\\\/www.artisanlocal.ch\\\/c\\\/\",\"logo\":{\"@type\":\"ImageObject\",\"inLanguage\":\"fr-FR\",\"@id\":\"https:\\\/\\\/www.artisanlocal.ch\\\/c\\\/#\\\/schema\\\/logo\\\/image\\\/\",\"url\":\"https:\\\/\\\/www.artisanlocal.ch\\\/c\\\/wp-content\\\/uploads\\\/2024\\\/02\\\/logo-artisanlocal-h.svg\",\"contentUrl\":\"https:\\\/\\\/www.artisanlocal.ch\\\/c\\\/wp-content\\\/uploads\\\/2024\\\/02\\\/logo-artisanlocal-h.svg\",\"caption\":\"Artisanlocal\"},\"image\":{\"@id\":\"https:\\\/\\\/www.artisanlocal.ch\\\/c\\\/#\\\/schema\\\/logo\\\/image\\\/\"}}]}<\/script>\n<!-- \/ Yoast SEO Premium plugin. -->","yoast_head_json":{"title":"Votre expert du store et des enseignes dans le canton de Gen\u00e8ve - Artisanlocal","robots":{"index":"index","follow":"follow","max-snippet":"max-snippet:-1","max-image-preview":"max-image-preview:large","max-video-preview":"max-video-preview:-1"},"canonical":"https:\/\/www.artisanlocal.ch\/c\/votre-expert-du-store-et-des-enseignes-dans-le-canton-de-geneve\/","og_locale":"fr_FR","og_type":"article","og_title":"Votre expert du store et des enseignes dans le canton de Gen\u00e8ve","og_description":"Notre soci\u00e9t\u00e9 est sp\u00e9cialis\u00e9e dans l&rsquo;installation de stores, enseignes, lambrequins lumineux et accessoires pour terrasses, op\u00e8re dans le canton de Gen\u00e8ve et dans les villes aux alentours. Large choix de stores int\u00e9rieurs Nos stores int\u00e9rieurs sont pr\u00e9vus pour embellir l&rsquo;aspect visuel de vos fen\u00eatres, limiter la lumi\u00e8re et prot\u00e9gez votre intimit\u00e9. Nous offrons un large [&hellip;]","og_url":"https:\/\/www.artisanlocal.ch\/c\/votre-expert-du-store-et-des-enseignes-dans-le-canton-de-geneve\/","og_site_name":"Artisanlocal","article_modified_time":"2025-11-06T11:39:55+00:00","og_image":[{"width":1920,"height":300,"url":"https:\/\/www.artisanlocal.ch\/c\/wp-content\/uploads\/2024\/12\/storiste.jpg","type":"image\/jpeg"}],"twitter_card":"summary_large_image","twitter_misc":{"Dur\u00e9e de lecture estim\u00e9e":"4 minutes"},"schema":{"@context":"https:\/\/schema.org","@graph":[{"@type":"WebPage","@id":"https:\/\/www.artisanlocal.ch\/c\/votre-expert-du-store-et-des-enseignes-dans-le-canton-de-geneve\/","url":"https:\/\/www.artisanlocal.ch\/c\/votre-expert-du-store-et-des-enseignes-dans-le-canton-de-geneve\/","name":"Votre expert du store et des enseignes dans le canton de Gen\u00e8ve - Artisanlocal","isPartOf":{"@id":"https:\/\/www.artisanlocal.ch\/c\/#website"},"primaryImageOfPage":{"@id":"https:\/\/www.artisanlocal.ch\/c\/votre-expert-du-store-et-des-enseignes-dans-le-canton-de-geneve\/#primaryimage"},"image":{"@id":"https:\/\/www.artisanlocal.ch\/c\/votre-expert-du-store-et-des-enseignes-dans-le-canton-de-geneve\/#primaryimage"},"thumbnailUrl":"https:\/\/www.artisanlocal.ch\/c\/wp-content\/uploads\/2024\/12\/storiste.jpg","datePublished":"2024-11-30T07:15:10+00:00","dateModified":"2025-11-06T11:39:55+00:00","breadcrumb":{"@id":"https:\/\/www.artisanlocal.ch\/c\/votre-expert-du-store-et-des-enseignes-dans-le-canton-de-geneve\/#breadcrumb"},"inLanguage":"fr-FR","potentialAction":[{"@type":"ReadAction","target":["https:\/\/www.artisanlocal.ch\/c\/votre-expert-du-store-et-des-enseignes-dans-le-canton-de-geneve\/"]}]},{"@type":"ImageObject","inLanguage":"fr-FR","@id":"https:\/\/www.artisanlocal.ch\/c\/votre-expert-du-store-et-des-enseignes-dans-le-canton-de-geneve\/#primaryimage","url":"https:\/\/www.artisanlocal.ch\/c\/wp-content\/uploads\/2024\/12\/storiste.jpg","contentUrl":"https:\/\/www.artisanlocal.ch\/c\/wp-content\/uploads\/2024\/12\/storiste.jpg","width":1920,"height":300},{"@type":"BreadcrumbList","@id":"https:\/\/www.artisanlocal.ch\/c\/votre-expert-du-store-et-des-enseignes-dans-le-canton-de-geneve\/#breadcrumb","itemListElement":[{"@type":"ListItem","position":1,"name":"Accueil","item":"https:\/\/www.artisanlocal.ch\/c\/"},{"@type":"ListItem","position":2,"name":"Votre expert du store et des enseignes dans le canton de Gen\u00e8ve"}]},{"@type":"WebSite","@id":"https:\/\/www.artisanlocal.ch\/c\/#website","url":"https:\/\/www.artisanlocal.ch\/c\/","name":"Artisanlocal","description":"","publisher":{"@id":"https:\/\/www.artisanlocal.ch\/c\/#organization"},"potentialAction":[{"@type":"SearchAction","target":{"@type":"EntryPoint","urlTemplate":"https:\/\/www.artisanlocal.ch\/c\/?s={search_term_string}"},"query-input":{"@type":"PropertyValueSpecification","valueRequired":true,"valueName":"search_term_string"}}],"inLanguage":"fr-FR"},{"@type":"Organization","@id":"https:\/\/www.artisanlocal.ch\/c\/#organization","name":"Artisanlocal","url":"https:\/\/www.artisanlocal.ch\/c\/","logo":{"@type":"ImageObject","inLanguage":"fr-FR","@id":"https:\/\/www.artisanlocal.ch\/c\/#\/schema\/logo\/image\/","url":"https:\/\/www.artisanlocal.ch\/c\/wp-content\/uploads\/2024\/02\/logo-artisanlocal-h.svg","contentUrl":"https:\/\/www.artisanlocal.ch\/c\/wp-content\/uploads\/2024\/02\/logo-artisanlocal-h.svg","caption":"Artisanlocal"},"image":{"@id":"https:\/\/www.artisanlocal.ch\/c\/#\/schema\/logo\/image\/"}}]}},"_links":{"self":[{"href":"https:\/\/www.artisanlocal.ch\/c\/wp-json\/wp\/v2\/pages\/3010","targetHints":{"allow":["GET"]}}],"collection":[{"href":"https:\/\/www.artisanlocal.ch\/c\/wp-json\/wp\/v2\/pages"}],"about":[{"href":"https:\/\/www.artisanlocal.ch\/c\/wp-json\/wp\/v2\/types\/page"}],"author":[{"embeddable":true,"href":"https:\/\/www.artisanlocal.ch\/c\/wp-json\/wp\/v2\/users\/4"}],"replies":[{"embeddable":true,"href":"https:\/\/www.artisanlocal.ch\/c\/wp-json\/wp\/v2\/comments?post=3010"}],"version-history":[{"count":0,"href":"https:\/\/www.artisanlocal.ch\/c\/wp-json\/wp\/v2\/pages\/3010\/revisions"}],"wp:featuredmedia":[{"embeddable":true,"href":"https:\/\/www.artisanlocal.ch\/c\/wp-json\/wp\/v2\/media\/3071"}],"wp:attachment":[{"href":"https:\/\/www.artisanlocal.ch\/c\/wp-json\/wp\/v2\/media?parent=3010"}],"wp:term":[{"taxonomy":"profession","embeddable":true,"href":"https:\/\/www.artisanlocal.ch\/c\/wp-json\/wp\/v2\/profession?post=3010"},{"taxonomy":"location","embeddable":true,"href":"https:\/\/www.artisanlocal.ch\/c\/wp-json\/wp\/v2\/location?post=3010"},{"taxonomy":"canton","embeddable":true,"href":"https:\/\/www.artisanlocal.ch\/c\/wp-json\/wp\/v2\/canton?post=3010"}],"curies":[{"name":"wp","href":"https:\/\/api.w.org\/{rel}","templated":true}]}}