{"id":3011,"date":"2024-12-01T22:20:10","date_gmt":"2024-12-01T21:20:10","guid":{"rendered":"https:\/\/www.artisanlocal.ch\/c\/confiez-linstallation-de-votre-store-a-un-professionnel-experimente-a-la-chaux-de-fonds\/"},"modified":"2025-08-26T19:24:17","modified_gmt":"2025-08-26T17:24:17","slug":"confiez-linstallation-de-votre-store-a-un-professionnel-experimente-a-la-chaux-de-fonds","status":"publish","type":"page","link":"https:\/\/www.artisanlocal.ch\/c\/confiez-linstallation-de-votre-store-a-un-professionnel-experimente-a-la-chaux-de-fonds\/","title":{"rendered":"Confiez l&rsquo;installation de votre store \u00e0 un professionnel exp\u00e9riment\u00e9 \u00e0 La Chaux-de-Fonds"},"content":{"rendered":"<p>Artisanlocal est un installateur de stores, lambrequin lumineux, enseignes et accessoires de terrasses, \u00e0 La Chaux-de-Fonds et dans les communes proches.<\/p>\n\r\n<div class=\"box\">\r\n    <h2 class=\"text-dark\">Nous cherchons un <em class=\"text-primary\">Storiste<\/em> dans la r\u00e9gion de <em class=\"text-primary\">La Chaux-de-Fonds<\/em>  en exclusivit\u00e9, afin de proposer vos services \u00e0 nos clients propri\u00e9taires.<\/h2>\r\n    <p>Une opportunit\u00e9 unique pour booster votre activit\u00e9 \u00e0 <strong>La Chaux-de-Fonds<\/strong> et aux alentours dans votre domaine (Storiste).<\/p>\r\n    <p>Nous travaillons en exclusivit\u00e9 avec qu'une soci\u00e9t\u00e9 par m\u00e9tier et par r\u00e9gion. <br>Votre entreprise est pr\u00e9sente sur tous les documents immobiliers. Afin d'\u00eatre mieux vu sur le net, vous \u00eates \u00e9galement visible sur nos deux sites et sur les pages de r\u00e9f\u00e9rencement de votre r\u00e9gion.<\/p>\r\n    <a href=\"\/contact\" class=\"wp-block-button__link has-accent-background-color has-text-align-center wp-element-button\">R\u00e9server<\/a>\r\n<\/div>\n<h2>Diverses gammes de stores int\u00e9rieurs<\/h2>\n<p>Nos stores sur mesure pour votre int\u00e9rieur am\u00e9liorent l&rsquo;apparence de vos fen\u00eatres, r\u00e9guler la luminosit\u00e9 et pr\u00e9servez votre intimit\u00e9. Nous offrons une large gamme de stores : textiles, enrouleurs, rideaux, bateaux, pliss\u00e9s, parois japonaises, bandes verticales, v\u00e9nitiens, enrouleurs avec coffre et bateaux voilage.<\/p>\n<h2>Stores ext\u00e9rieurs personnalis\u00e9s pour vos fen\u00eatres<\/h2>\n<p>Nos stores ext\u00e9rieurs sur-mesure sont install\u00e9s pour cr\u00e9er des espaces \u00e0 l\u2019abri du soleil. Nous offrons un large choix de stores ext\u00e9rieurs : coffres et bannes, ou semi-coffres, articul\u00e9s ou \u00e0 bras t\u00e9lescopiques, de fen\u00eatre, mais aussi des loggias, v\u00e9randas ainsi que des verri\u00e8res.<\/p>\n<h2>Pergolas bioclimatiques et pergolas<\/h2>\n<p>Si vous cherchez une protection contre la pluie, nous vous conseillons de s\u00e9lectionner une pergola. Nous avons un large choix de pergolas : \u00e0 lames r\u00e9tractables, \u00e0 toits fixes, toiles de protection solaire verticale ou avec panneaux verticaux.<\/p>\n<h2>Lambrequin lumineux \u00e0 La Chaux-de-Fonds<\/h2>\n<p>Nos lambrequins lumineux vous permettent d\u2019am\u00e9liorer la visibilit\u00e9 de nuit : de votre restaurant, magasin, commerces, commerce, h\u00f4tel ou brasserie.&nbsp;<\/p>\n<h2>Rentoilage de stores sur-mesure <\/h2>\n<p>Nous proposons \u00e9galement le changement de toile (rentoilage) de stores banne qui permet d\u2019\u00e9viter le remplacement complet du store.<\/p>\n<h2>Fen\u00eatre bois aluminium \u00e0 La Chaux-de-Fonds<\/h2>\n<p>Si vous avez besoin de r\u00e9nover vos fen\u00eatres. Nous avons un choix de fen\u00eatres battantes et coulissantes : PVC, en bois ou aluminium.<\/p>\n<h2>Volets roulants avec ou sans motorisation<\/h2>\n<p>Pour am\u00e9liorer la protection phonique, thermique ou solaire, privil\u00e9gier nos volets roulants motoris\u00e9s ou manuels : solaires, aluminium, bois, persiennes ou m\u00e9talliques.<\/p>\n<h2>Films de protection solaire<\/h2>\n<p>Le film de protection solaire sur mesure pour fen\u00eatre aide \u00e0 r\u00e9duire la temp\u00e9rature ambiante de votre int\u00e9rieur, d\u2019am\u00e9liorer votre s\u00e9curit\u00e9 en pr\u00e9servant votre intimit\u00e9 des regards, et des rayons UV nocifs.<\/p>\n<h2>Menuiserie \u00e0 La Chaux-de-Fonds<\/h2>\n<p>Artisanlocal propose d\u2019autres solutions sur mesure, par exemple les :<\/p>\n<ul>\n<li>Fen\u00eatres.<\/li>\n<li>Volets.<\/li>\n<li>Portails et portes.<\/li>\n<li>Alarmes.<\/li>\n<li>Domotiques.<\/li>\n<li>Portes de garage.<\/li>\n<li>Carport.<\/li>\n<li>Garde-corps.<\/li>\n<\/ul>\n<h2>Nos secteurs d&rsquo;activit\u00e9<\/h2>\n<h3>Les entreprises : restaurants, caf\u00e9s, brasseries, boutiques<\/h3>\n<p>Artisanlocal est sp\u00e9cialis\u00e9 dans la conception, la fabrication, et l\u2019installation de stores pour les soci\u00e9t\u00e9s \u00e0 La Chaux-de-Fonds, comme : les restaurants, bureaux et boutiques.&nbsp;<\/p>\n<h3>Les syndics de copropri\u00e9t\u00e9 et les particuliers<\/h3>\n<p>Intervention chez les particuliers et les copropri\u00e9t\u00e9s, nous installons vos fen\u00eatres, stores int\u00e9rieurs, stores de terrasse, v\u00e9randa, volets roulants, volets battants, pergolas et pergolas bioclimatiques.<\/p>\n<h2>D\u00e9couvrez nos services<\/h2>\n<h3>Conception<\/h3>\n<p>Nous \u00e9laborons des stores personnalis\u00e9s en fonction de vos probl\u00e9matiques et besoins.<\/p>\n<h3>Mise en place personnalis\u00e9<\/h3>\n<p>Nos techniciens se d\u00e9placent \u00e0 La Chaux-de-Fonds pour prendre les mesures et installer vos stores en fonction de vos besoins et vos contraintes.<\/p>\n<h3>R\u00e9paration &amp; remplacement\u200b<\/h3>\n<p>Les storistes d&rsquo;Artisanlocal changent les pi\u00e8ces de vos stores, lors de leur intervention, ils changent les pi\u00e8ces d\u00e9fectueuses.<\/p>\n<h3>Service d\u2019entretien<\/h3>\n<p>Une maintenance r\u00e9alis\u00e9e fr\u00e9quemment permet d&rsquo;am\u00e9liorer la durabilit\u00e9 de vos stores. Pour cela, un storiste doit venir \u00e0 votre domicile et examiner l\u2019\u00e9tat de votre store et si cela s\u2019av\u00e8re n\u00e9cessaire effectuer la r\u00e9paration, le remplacement ou le rentoilage.<\/p>\n<h3>Accessoires et options<\/h3>\n<p>Nous proposons diff\u00e9rentes alternatives d\u2019ouverture (\u00e9lectrique ou manuelle) pour les portes de garage, les stores et les volets.<\/p>\n<h2>Pourquoi choisir Artisanlocal ?<\/h2>\n<p>Artisanlocal est sp\u00e9cialis\u00e9 dans la mise en place et l\u2019entretien de stores \u00e0 La Chaux-de-Fonds. Nous vous guidons de A \u00e0 Z, de l&rsquo;\u00e9tude de votre besoin \u00e0 la mise en place.<\/p>\n<h3>Collection de stores<\/h3>\n<p>Nous proposons une s\u00e9lection de stores int\u00e9rieurs et ext\u00e9rieurs.<\/p>\n<h3>Devis gratuits<\/h3>\n<p>Obtenez un devis gratuit d\u00e9taill\u00e9. Nos devis sont complets et transparents.&nbsp;<\/p>\n<h3>Diagnostic<\/h3>\n<p>Pour chacun des projets, nous examinons sa faisabilit\u00e9, en fonction de vos demandes, nous \u00e9laborons des plans pour installer vos stores.<\/p>\n<h3>Faire le choix de la qualit\u00e9<\/h3>\n<p>Nous nous engageons \u00e0 utiliser des mat\u00e9riaux de qualit\u00e9 pour les stores que nous posons.<\/p>\n<h3>Service rapide <\/h3>\n<p>Le storiste qui est situ\u00e9 \u00e0 La Chaux-de-Fonds op\u00e8re rapidement chez vous pour poser ou r\u00e9parer vos stores.<\/p>\n<h2>Foire Aux Questions<\/h2>\n<h3>Est-il possible de motoriser des stores install\u00e9s ?<\/h3>\n<p>Oui, la motorisation d&rsquo;un store est enti\u00e8rement possible, mais (selon certaines conditions). Un de nos techniciens doit se d\u00e9placer \u00e0 votre logement pour \u00e9tudier la faisabilit\u00e9 de votre projet.<\/p>\n<h3>Intervenez-vous dans les soci\u00e9t\u00e9s proches de La Chaux-de-Fonds ?<\/h3>\n<p>Oui, nous op\u00e9rons \u00e0 La Chaux-de-Fonds et dans les villes aux alentours, comme : Montmollin, Montezillon, Valangin, Boudevilliers, Fontaines NE, Fontainemelon, La Vue-des-Alpes, Cernier, Ch\u00e9zard-St-Martin, Les Vieux-Pr\u00e9s, Dombresson, Villiers, Le P\u00e2quier NE, Engollon, Fenin, Saules, Vilars NE, Savagnier, Chaumont, Les Geneveys-sur-Coffrane, Coffrane, Les Hauts-Geneveys, La Sagne NE, Le Cr\u00eat-du-Locle, Les Planchettes, La Cibourg, Les Emibois, Le Cerneux-Veusil, Les Pommerats, Goumois, Montfavergier.<\/p>\n","protected":false},"excerpt":{"rendered":"<p>Artisanlocal est un installateur de stores, lambrequin lumineux, enseignes et accessoires de terrasses, \u00e0 La Chaux-de-Fonds et dans les communes proches. Diverses gammes de stores int\u00e9rieurs Nos stores sur mesure pour votre int\u00e9rieur am\u00e9liorent l&rsquo;apparence de vos fen\u00eatres, r\u00e9guler la luminosit\u00e9 et pr\u00e9servez votre intimit\u00e9. Nous offrons une large gamme de stores : textiles, enrouleurs, [&hellip;]<\/p>\n","protected":false},"author":4,"featured_media":3071,"parent":0,"menu_order":0,"comment_status":"closed","ping_status":"closed","template":"","meta":{"footnotes":""},"profession":[130],"location":[18],"canton":[114],"class_list":["post-3011","page","type-page","status-publish","has-post-thumbnail","hentry","profession-storiste","location-la-chaux-de-fonds","canton-ne"],"yoast_head":"<!-- This site is optimized with the Yoast SEO Premium plugin v25.7.1 (Yoast SEO v27.4) - https:\/\/yoast.com\/product\/yoast-seo-premium-wordpress\/ -->\n<title>Confiez l&#039;installation de votre store \u00e0 un professionnel exp\u00e9riment\u00e9 \u00e0 La Chaux-de-Fonds - Artisanlocal<\/title>\n<meta name=\"robots\" content=\"index, follow, max-snippet:-1, max-image-preview:large, max-video-preview:-1\" \/>\n<link rel=\"canonical\" href=\"https:\/\/www.artisanlocal.ch\/c\/confiez-linstallation-de-votre-store-a-un-professionnel-experimente-a-la-chaux-de-fonds\/\" \/>\n<meta property=\"og:locale\" content=\"fr_FR\" \/>\n<meta property=\"og:type\" content=\"article\" \/>\n<meta property=\"og:title\" content=\"Confiez l&#039;installation de votre store \u00e0 un professionnel exp\u00e9riment\u00e9 \u00e0 La Chaux-de-Fonds\" \/>\n<meta property=\"og:description\" content=\"Artisanlocal est un installateur de stores, lambrequin lumineux, enseignes et accessoires de terrasses, \u00e0 La Chaux-de-Fonds et dans les communes proches. Diverses gammes de stores int\u00e9rieurs Nos stores sur mesure pour votre int\u00e9rieur am\u00e9liorent l&rsquo;apparence de vos fen\u00eatres, r\u00e9guler la luminosit\u00e9 et pr\u00e9servez votre intimit\u00e9. Nous offrons une large gamme de stores : textiles, enrouleurs, [&hellip;]\" \/>\n<meta property=\"og:url\" content=\"https:\/\/www.artisanlocal.ch\/c\/confiez-linstallation-de-votre-store-a-un-professionnel-experimente-a-la-chaux-de-fonds\/\" \/>\n<meta property=\"og:site_name\" content=\"Artisanlocal\" \/>\n<meta property=\"article:modified_time\" content=\"2025-08-26T17:24:17+00:00\" \/>\n<meta property=\"og:image\" content=\"https:\/\/www.artisanlocal.ch\/c\/wp-content\/uploads\/2024\/12\/storiste.jpg\" \/>\n\t<meta property=\"og:image:width\" content=\"1920\" \/>\n\t<meta property=\"og:image:height\" content=\"300\" \/>\n\t<meta property=\"og:image:type\" content=\"image\/jpeg\" \/>\n<meta name=\"twitter:card\" content=\"summary_large_image\" \/>\n<meta name=\"twitter:label1\" content=\"Dur\u00e9e de lecture estim\u00e9e\" \/>\n\t<meta name=\"twitter:data1\" content=\"4 minutes\" \/>\n<script type=\"application\/ld+json\" class=\"yoast-schema-graph\">{\"@context\":\"https:\\\/\\\/schema.org\",\"@graph\":[{\"@type\":\"WebPage\",\"@id\":\"https:\\\/\\\/www.artisanlocal.ch\\\/c\\\/confiez-linstallation-de-votre-store-a-un-professionnel-experimente-a-la-chaux-de-fonds\\\/\",\"url\":\"https:\\\/\\\/www.artisanlocal.ch\\\/c\\\/confiez-linstallation-de-votre-store-a-un-professionnel-experimente-a-la-chaux-de-fonds\\\/\",\"name\":\"Confiez l'installation de votre store \u00e0 un professionnel exp\u00e9riment\u00e9 \u00e0 La Chaux-de-Fonds - Artisanlocal\",\"isPartOf\":{\"@id\":\"https:\\\/\\\/www.artisanlocal.ch\\\/c\\\/#website\"},\"primaryImageOfPage\":{\"@id\":\"https:\\\/\\\/www.artisanlocal.ch\\\/c\\\/confiez-linstallation-de-votre-store-a-un-professionnel-experimente-a-la-chaux-de-fonds\\\/#primaryimage\"},\"image\":{\"@id\":\"https:\\\/\\\/www.artisanlocal.ch\\\/c\\\/confiez-linstallation-de-votre-store-a-un-professionnel-experimente-a-la-chaux-de-fonds\\\/#primaryimage\"},\"thumbnailUrl\":\"https:\\\/\\\/www.artisanlocal.ch\\\/c\\\/wp-content\\\/uploads\\\/2024\\\/12\\\/storiste.jpg\",\"datePublished\":\"2024-12-01T21:20:10+00:00\",\"dateModified\":\"2025-08-26T17:24:17+00:00\",\"breadcrumb\":{\"@id\":\"https:\\\/\\\/www.artisanlocal.ch\\\/c\\\/confiez-linstallation-de-votre-store-a-un-professionnel-experimente-a-la-chaux-de-fonds\\\/#breadcrumb\"},\"inLanguage\":\"fr-FR\",\"potentialAction\":[{\"@type\":\"ReadAction\",\"target\":[\"https:\\\/\\\/www.artisanlocal.ch\\\/c\\\/confiez-linstallation-de-votre-store-a-un-professionnel-experimente-a-la-chaux-de-fonds\\\/\"]}]},{\"@type\":\"ImageObject\",\"inLanguage\":\"fr-FR\",\"@id\":\"https:\\\/\\\/www.artisanlocal.ch\\\/c\\\/confiez-linstallation-de-votre-store-a-un-professionnel-experimente-a-la-chaux-de-fonds\\\/#primaryimage\",\"url\":\"https:\\\/\\\/www.artisanlocal.ch\\\/c\\\/wp-content\\\/uploads\\\/2024\\\/12\\\/storiste.jpg\",\"contentUrl\":\"https:\\\/\\\/www.artisanlocal.ch\\\/c\\\/wp-content\\\/uploads\\\/2024\\\/12\\\/storiste.jpg\",\"width\":1920,\"height\":300},{\"@type\":\"BreadcrumbList\",\"@id\":\"https:\\\/\\\/www.artisanlocal.ch\\\/c\\\/confiez-linstallation-de-votre-store-a-un-professionnel-experimente-a-la-chaux-de-fonds\\\/#breadcrumb\",\"itemListElement\":[{\"@type\":\"ListItem\",\"position\":1,\"name\":\"Accueil\",\"item\":\"https:\\\/\\\/www.artisanlocal.ch\\\/c\\\/\"},{\"@type\":\"ListItem\",\"position\":2,\"name\":\"Confiez l&rsquo;installation de votre store \u00e0 un professionnel exp\u00e9riment\u00e9 \u00e0 La Chaux-de-Fonds\"}]},{\"@type\":\"WebSite\",\"@id\":\"https:\\\/\\\/www.artisanlocal.ch\\\/c\\\/#website\",\"url\":\"https:\\\/\\\/www.artisanlocal.ch\\\/c\\\/\",\"name\":\"Artisanlocal\",\"description\":\"\",\"publisher\":{\"@id\":\"https:\\\/\\\/www.artisanlocal.ch\\\/c\\\/#organization\"},\"potentialAction\":[{\"@type\":\"SearchAction\",\"target\":{\"@type\":\"EntryPoint\",\"urlTemplate\":\"https:\\\/\\\/www.artisanlocal.ch\\\/c\\\/?s={search_term_string}\"},\"query-input\":{\"@type\":\"PropertyValueSpecification\",\"valueRequired\":true,\"valueName\":\"search_term_string\"}}],\"inLanguage\":\"fr-FR\"},{\"@type\":\"Organization\",\"@id\":\"https:\\\/\\\/www.artisanlocal.ch\\\/c\\\/#organization\",\"name\":\"Artisanlocal\",\"url\":\"https:\\\/\\\/www.artisanlocal.ch\\\/c\\\/\",\"logo\":{\"@type\":\"ImageObject\",\"inLanguage\":\"fr-FR\",\"@id\":\"https:\\\/\\\/www.artisanlocal.ch\\\/c\\\/#\\\/schema\\\/logo\\\/image\\\/\",\"url\":\"https:\\\/\\\/www.artisanlocal.ch\\\/c\\\/wp-content\\\/uploads\\\/2024\\\/02\\\/logo-artisanlocal-h.svg\",\"contentUrl\":\"https:\\\/\\\/www.artisanlocal.ch\\\/c\\\/wp-content\\\/uploads\\\/2024\\\/02\\\/logo-artisanlocal-h.svg\",\"caption\":\"Artisanlocal\"},\"image\":{\"@id\":\"https:\\\/\\\/www.artisanlocal.ch\\\/c\\\/#\\\/schema\\\/logo\\\/image\\\/\"}}]}<\/script>\n<!-- \/ Yoast SEO Premium plugin. -->","yoast_head_json":{"title":"Confiez l'installation de votre store \u00e0 un professionnel exp\u00e9riment\u00e9 \u00e0 La Chaux-de-Fonds - Artisanlocal","robots":{"index":"index","follow":"follow","max-snippet":"max-snippet:-1","max-image-preview":"max-image-preview:large","max-video-preview":"max-video-preview:-1"},"canonical":"https:\/\/www.artisanlocal.ch\/c\/confiez-linstallation-de-votre-store-a-un-professionnel-experimente-a-la-chaux-de-fonds\/","og_locale":"fr_FR","og_type":"article","og_title":"Confiez l'installation de votre store \u00e0 un professionnel exp\u00e9riment\u00e9 \u00e0 La Chaux-de-Fonds","og_description":"Artisanlocal est un installateur de stores, lambrequin lumineux, enseignes et accessoires de terrasses, \u00e0 La Chaux-de-Fonds et dans les communes proches. Diverses gammes de stores int\u00e9rieurs Nos stores sur mesure pour votre int\u00e9rieur am\u00e9liorent l&rsquo;apparence de vos fen\u00eatres, r\u00e9guler la luminosit\u00e9 et pr\u00e9servez votre intimit\u00e9. Nous offrons une large gamme de stores : textiles, enrouleurs, [&hellip;]","og_url":"https:\/\/www.artisanlocal.ch\/c\/confiez-linstallation-de-votre-store-a-un-professionnel-experimente-a-la-chaux-de-fonds\/","og_site_name":"Artisanlocal","article_modified_time":"2025-08-26T17:24:17+00:00","og_image":[{"width":1920,"height":300,"url":"https:\/\/www.artisanlocal.ch\/c\/wp-content\/uploads\/2024\/12\/storiste.jpg","type":"image\/jpeg"}],"twitter_card":"summary_large_image","twitter_misc":{"Dur\u00e9e de lecture estim\u00e9e":"4 minutes"},"schema":{"@context":"https:\/\/schema.org","@graph":[{"@type":"WebPage","@id":"https:\/\/www.artisanlocal.ch\/c\/confiez-linstallation-de-votre-store-a-un-professionnel-experimente-a-la-chaux-de-fonds\/","url":"https:\/\/www.artisanlocal.ch\/c\/confiez-linstallation-de-votre-store-a-un-professionnel-experimente-a-la-chaux-de-fonds\/","name":"Confiez l'installation de votre store \u00e0 un professionnel exp\u00e9riment\u00e9 \u00e0 La Chaux-de-Fonds - Artisanlocal","isPartOf":{"@id":"https:\/\/www.artisanlocal.ch\/c\/#website"},"primaryImageOfPage":{"@id":"https:\/\/www.artisanlocal.ch\/c\/confiez-linstallation-de-votre-store-a-un-professionnel-experimente-a-la-chaux-de-fonds\/#primaryimage"},"image":{"@id":"https:\/\/www.artisanlocal.ch\/c\/confiez-linstallation-de-votre-store-a-un-professionnel-experimente-a-la-chaux-de-fonds\/#primaryimage"},"thumbnailUrl":"https:\/\/www.artisanlocal.ch\/c\/wp-content\/uploads\/2024\/12\/storiste.jpg","datePublished":"2024-12-01T21:20:10+00:00","dateModified":"2025-08-26T17:24:17+00:00","breadcrumb":{"@id":"https:\/\/www.artisanlocal.ch\/c\/confiez-linstallation-de-votre-store-a-un-professionnel-experimente-a-la-chaux-de-fonds\/#breadcrumb"},"inLanguage":"fr-FR","potentialAction":[{"@type":"ReadAction","target":["https:\/\/www.artisanlocal.ch\/c\/confiez-linstallation-de-votre-store-a-un-professionnel-experimente-a-la-chaux-de-fonds\/"]}]},{"@type":"ImageObject","inLanguage":"fr-FR","@id":"https:\/\/www.artisanlocal.ch\/c\/confiez-linstallation-de-votre-store-a-un-professionnel-experimente-a-la-chaux-de-fonds\/#primaryimage","url":"https:\/\/www.artisanlocal.ch\/c\/wp-content\/uploads\/2024\/12\/storiste.jpg","contentUrl":"https:\/\/www.artisanlocal.ch\/c\/wp-content\/uploads\/2024\/12\/storiste.jpg","width":1920,"height":300},{"@type":"BreadcrumbList","@id":"https:\/\/www.artisanlocal.ch\/c\/confiez-linstallation-de-votre-store-a-un-professionnel-experimente-a-la-chaux-de-fonds\/#breadcrumb","itemListElement":[{"@type":"ListItem","position":1,"name":"Accueil","item":"https:\/\/www.artisanlocal.ch\/c\/"},{"@type":"ListItem","position":2,"name":"Confiez l&rsquo;installation de votre store \u00e0 un professionnel exp\u00e9riment\u00e9 \u00e0 La Chaux-de-Fonds"}]},{"@type":"WebSite","@id":"https:\/\/www.artisanlocal.ch\/c\/#website","url":"https:\/\/www.artisanlocal.ch\/c\/","name":"Artisanlocal","description":"","publisher":{"@id":"https:\/\/www.artisanlocal.ch\/c\/#organization"},"potentialAction":[{"@type":"SearchAction","target":{"@type":"EntryPoint","urlTemplate":"https:\/\/www.artisanlocal.ch\/c\/?s={search_term_string}"},"query-input":{"@type":"PropertyValueSpecification","valueRequired":true,"valueName":"search_term_string"}}],"inLanguage":"fr-FR"},{"@type":"Organization","@id":"https:\/\/www.artisanlocal.ch\/c\/#organization","name":"Artisanlocal","url":"https:\/\/www.artisanlocal.ch\/c\/","logo":{"@type":"ImageObject","inLanguage":"fr-FR","@id":"https:\/\/www.artisanlocal.ch\/c\/#\/schema\/logo\/image\/","url":"https:\/\/www.artisanlocal.ch\/c\/wp-content\/uploads\/2024\/02\/logo-artisanlocal-h.svg","contentUrl":"https:\/\/www.artisanlocal.ch\/c\/wp-content\/uploads\/2024\/02\/logo-artisanlocal-h.svg","caption":"Artisanlocal"},"image":{"@id":"https:\/\/www.artisanlocal.ch\/c\/#\/schema\/logo\/image\/"}}]}},"_links":{"self":[{"href":"https:\/\/www.artisanlocal.ch\/c\/wp-json\/wp\/v2\/pages\/3011","targetHints":{"allow":["GET"]}}],"collection":[{"href":"https:\/\/www.artisanlocal.ch\/c\/wp-json\/wp\/v2\/pages"}],"about":[{"href":"https:\/\/www.artisanlocal.ch\/c\/wp-json\/wp\/v2\/types\/page"}],"author":[{"embeddable":true,"href":"https:\/\/www.artisanlocal.ch\/c\/wp-json\/wp\/v2\/users\/4"}],"replies":[{"embeddable":true,"href":"https:\/\/www.artisanlocal.ch\/c\/wp-json\/wp\/v2\/comments?post=3011"}],"version-history":[{"count":0,"href":"https:\/\/www.artisanlocal.ch\/c\/wp-json\/wp\/v2\/pages\/3011\/revisions"}],"wp:featuredmedia":[{"embeddable":true,"href":"https:\/\/www.artisanlocal.ch\/c\/wp-json\/wp\/v2\/media\/3071"}],"wp:attachment":[{"href":"https:\/\/www.artisanlocal.ch\/c\/wp-json\/wp\/v2\/media?parent=3011"}],"wp:term":[{"taxonomy":"profession","embeddable":true,"href":"https:\/\/www.artisanlocal.ch\/c\/wp-json\/wp\/v2\/profession?post=3011"},{"taxonomy":"location","embeddable":true,"href":"https:\/\/www.artisanlocal.ch\/c\/wp-json\/wp\/v2\/location?post=3011"},{"taxonomy":"canton","embeddable":true,"href":"https:\/\/www.artisanlocal.ch\/c\/wp-json\/wp\/v2\/canton?post=3011"}],"curies":[{"name":"wp","href":"https:\/\/api.w.org\/{rel}","templated":true}]}}