{"id":3012,"date":"2024-11-30T04:43:16","date_gmt":"2024-11-30T03:43:16","guid":{"rendered":"https:\/\/www.artisanlocal.ch\/c\/vos-stores-fermetures-et-fenetres-a-courtelary\/"},"modified":"2025-08-26T19:24:29","modified_gmt":"2025-08-26T17:24:29","slug":"vos-stores-fermetures-et-fenetres-a-courtelary","status":"publish","type":"page","link":"https:\/\/www.artisanlocal.ch\/c\/vos-stores-fermetures-et-fenetres-a-courtelary\/","title":{"rendered":"Vos stores, fermetures, et fen\u00eatres \u00e0 Courtelary"},"content":{"rendered":"<p>Notre soci\u00e9t\u00e9 est sp\u00e9cialis\u00e9e dans l&rsquo;installation de stores, enseignes, accessoires pour terrasses et lambrequins lumineux, op\u00e8re \u00e0 Courtelary et dans les villes \u00e0 proximit\u00e9s.<\/p>\n\r\n<div class=\"box\">\r\n    <h2 class=\"text-dark\">Nous cherchons un <em class=\"text-primary\">Storiste<\/em> dans la r\u00e9gion de <em class=\"text-primary\">Courtelary<\/em>  en exclusivit\u00e9, afin de proposer vos services \u00e0 nos clients propri\u00e9taires.<\/h2>\r\n    <p>Une opportunit\u00e9 unique pour booster votre activit\u00e9 \u00e0 <strong>Courtelary<\/strong> et aux alentours dans votre domaine (Storiste).<\/p>\r\n    <p>Nous travaillons en exclusivit\u00e9 avec qu'une soci\u00e9t\u00e9 par m\u00e9tier et par r\u00e9gion. <br>Votre entreprise est pr\u00e9sente sur tous les documents immobiliers. Afin d'\u00eatre mieux vu sur le net, vous \u00eates \u00e9galement visible sur nos deux sites et sur les pages de r\u00e9f\u00e9rencement de votre r\u00e9gion.<\/p>\r\n    <a href=\"\/contact\" class=\"wp-block-button__link has-accent-background-color has-text-align-center wp-element-button\">R\u00e9server<\/a>\r\n<\/div>\n<h2>Diverses gammes de stores int\u00e9rieurs<\/h2>\n<p>Nos stores sur mesure pour votre int\u00e9rieur am\u00e9liorent l&rsquo;esth\u00e9tique de vos fen\u00eatres, contr\u00f4ler l&rsquo;entr\u00e9e de la lumi\u00e8re ou pr\u00e9server votre intimit\u00e9. Nous offrons un vaste choix de stores : textiles, enrouleurs, bateaux, pliss\u00e9s, rideaux, parois japonaises, v\u00e9nitiens, bandes verticales, enrouleurs avec coffre et bateaux voilage.<\/p>\n<h2>Store ext\u00e9rieur sur-mesure<\/h2>\n<p>Nos stores ext\u00e9rieurs sont install\u00e9s pour cr\u00e9er des zones ombrag\u00e9es. D\u00e9couvrez notre choix de stores ext\u00e9rieurs : loggias, verri\u00e8res et v\u00e9randas, mais aussi fen\u00eatres, pourvues de coffres, bannes, semi-coffres, \u00e0 bras t\u00e9lescopiques ou articul\u00e9s.<\/p>\n<h2>Pergolas<\/h2>\n<p>Si vous avez besoin de vous prot\u00e9ger des intemp\u00e9ries, nous vous conseillons de choisir une pergola. Nous avons une gamme de pergolas : toiles de protection solaire verticale, \u00e0 lames r\u00e9tractables, \u00e0 toits fixes ou avec panneaux verticaux.<\/p>\n<h2>Lambrequins lumineux<\/h2>\n<p>Gr\u00e2ce \u00e0 nos lambrequins lumineux, votre commerce sera vu m\u00eame la nuit ou par temps pluvieux.&nbsp;<\/p>\n<h2>Store banne : changement de toile (rentoilage)<\/h2>\n<p>Nous proposons aussi le rentoilage de stores banne qui est une solution \u00e9conomique et vous permet d&#8217;emp\u00eacher le remplacement du store.<\/p>\n<h2>Nos fen\u00eatres bois et alu<\/h2>\n<p>Si vous souhaitez remplacer vos fen\u00eatres. Nous avons une large gamme de fen\u00eatres coulissantes et battantes : en bois, aluminium ou PVC.<\/p>\n<h2>Installation de volets roulants avec ou sans motorisation <\/h2>\n<p>Si vous avez besoin d\u2019une meilleure protection thermique, solaire ou phonique, nous proposons aussi des Volets roulants manuels ou \u00e9lectriques : m\u00e9talliques, persiennes, alu, solaires ou bois.<\/p>\n<h2>Film solaire sur mesure pour fen\u00eatre \u00e0 Courtelary<\/h2>\n<p>Nos films solaires sans tains vous aident \u00e0 limiter la temp\u00e9rature de votre int\u00e9rieur, de r\u00e9duire la transmission UV, et de prot\u00e9ger votre intimit\u00e9.<\/p>\n<h2>Menuiserie Courtelary : Alu, PVC, Bois<\/h2>\n<p>Nous proposons aussi d\u2019autres solutions, par exemple les :<\/p>\n<ul>\n<li>Fen\u00eatres.<\/li>\n<li>Volets.<\/li>\n<li>Portails et portes.<\/li>\n<li>Alarmes.<\/li>\n<li>Domotiques.<\/li>\n<li>Portes de garage.<\/li>\n<li>Carport.<\/li>\n<li>Garde-corps.<\/li>\n<\/ul>\n<h2>Nos champs d&rsquo;intervention<\/h2>\n<h3>Les entreprises : restaurants, caf\u00e9s, brasseries, boutiques<\/h3>\n<p>Notre soci\u00e9t\u00e9 \u00e9labore, fabrique, et installe des stores pour les soci\u00e9t\u00e9s \u00e0 Courtelary, tels que : les restaurants, bureaux et boutiques.&nbsp;<\/p>\n<h3>Pour les copropri\u00e9t\u00e9s et particuliers<\/h3>\n<p>Intervention dans les copropri\u00e9t\u00e9s et chez les particuliers, nous installons vos fen\u00eatres, stores de terrasse, stores int\u00e9rieurs, v\u00e9randa, volets battants, volets roulants, pergolas et pergolas bioclimatiques.<\/p>\n<h2>Nos services<\/h2>\n<h3>Conception<\/h3>\n<p>Nous concevons des stores personnalis\u00e9s en fonction de vos probl\u00e9matiques et besoins.<\/p>\n<h3>Installation sur mesure<\/h3>\n<p>Nos storistes interviennent \u00e0 Courtelary pour mesurer et poser vos stores.<\/p>\n<h3>R\u00e9paration &amp; remplacement\u200b<\/h3>\n<p>Nos storistes r\u00e9parent vos stores, lors de leur intervention, ils remplacent les \u00e9l\u00e9ments d\u00e9fectueux.<\/p>\n<h3>Entretien sur-mesure de tous vos stores<\/h3>\n<p>Un entretien effectu\u00e9 ponctuellement permet d\u2019augmenter la long\u00e9vit\u00e9 de vos stores. Pour cela, un technicien doit venir chez vous et examiner l\u2019\u00e9tat de votre store et si cela s\u2019av\u00e8re n\u00e9cessaire r\u00e9aliser la r\u00e9paration, le remplacement ou le rentoilage.<\/p>\n<h3>Option et accessoire suppl\u00e9mentaire<\/h3>\n<p>Nous proposons diff\u00e9rentes possibilit\u00e9s d\u2019ouverture (\u00e9lectrique ou manuelle) pour les portes de garage, les stores et les volets.<\/p>\n<h2>Pourquoi choisir Artisanlocal ?<\/h2>\n<p>Notre entreprise situ\u00e9e \u00e0 Courtelary est sp\u00e9cialis\u00e9e dans la mise en place et la r\u00e9paration des stores. Nous vous assistons de A \u00e0 Z, de l\u2019audit de votre besoin \u00e0 l&rsquo;installation.<\/p>\n<h3>Large choix de stores<\/h3>\n<p>Notre entreprise propose un grand choix de stores.<\/p>\n<h3>Devis en ligne gratuit<\/h3>\n<p>Recevez un devis gratuit et sans engagement. Nos devis sont d\u00e9taill\u00e9s et transparents.&nbsp;<\/p>\n<h3>Diagnostic<\/h3>\n<p>Pour chaque projet, nous \u00e9tudions sa faisabilit\u00e9, en fonction de vos attentes, nous concevons des plans personnalis\u00e9s pour installer vos stores.<\/p>\n<h3>Store haut de gamme<\/h3>\n<p>Nous utilisons pour nos stores des mat\u00e9riaux performants, de sorte \u00e0 garantir une bonne durabilit\u00e9.<\/p>\n<h3>Intervention imm\u00e9diate \u00e0 Courtelary<\/h3>\n<p>Le technicien storiste qui est localis\u00e9 \u00e0 Courtelary op\u00e8re d\u00e8s que possible chez vous pour installer ou d\u00e9panner vos stores.<\/p>\n<h2>FAQ<\/h2>\n<h3>Est-il possible de motoriser des stores install\u00e9s ?<\/h3>\n<p>Oui, la motorisation d&rsquo;un store est parfaitement r\u00e9alisable, seulement (selon certaines conditions). Un de nos storistes se d\u00e9place \u00e0 votre logement pour examiner la viabilit\u00e9 du projet.<\/p>\n<h3>Artisanlocal intervient dans les villes \u00e0 proximit\u00e9 de Courtelary ? ?<\/h3>\n<p>Oui, nous intervenons \u00e0 Courtelary et dans les villes \u00e0 proximit\u00e9, comme : La Ferri\u00e8re, Pr\u00eales, Lamboing, Diesse, Nods, La Neuveville, Orvin, Frinvillier, Plagne, Vauffelin, Romont BE, P\u00e9ry, La Heutte, Sonceboz-Sombeval, Corg\u00e9mont, Cort\u00e9bert, Montagne-de-Courtelary, Mont-Crosin, Les Pontins, Mont-Soleil, St-Imier, Cormoret, Villeret, Montagne-de-Sonvilier, Sonvilier, Renan BE, Tavannes, Le Fuet, Bellelay, Ch\u00e2telat, Monible, Sornetan, Fornet-Dessous, Reb\u00e9velier, Tramelan, La Tanne, Les Reussilles, Mont-Tramelan, Loveresse, Reconvilier, Saicourt, Saules BE, Pontenet, B\u00e9vilard, Champoz, Malleray, Sorvilier, Court, Moutier, Perrefitte, Eschert, Belprahon, Grandval, Cr\u00e9mines, Corcelles BE, Seehof, Les Ecorcheresses, Souboz, Roches BE, Schelten.<\/p>\n","protected":false},"excerpt":{"rendered":"<p>Notre soci\u00e9t\u00e9 est sp\u00e9cialis\u00e9e dans l&rsquo;installation de stores, enseignes, accessoires pour terrasses et lambrequins lumineux, op\u00e8re \u00e0 Courtelary et dans les villes \u00e0 proximit\u00e9s. Diverses gammes de stores int\u00e9rieurs Nos stores sur mesure pour votre int\u00e9rieur am\u00e9liorent l&rsquo;esth\u00e9tique de vos fen\u00eatres, contr\u00f4ler l&rsquo;entr\u00e9e de la lumi\u00e8re ou pr\u00e9server votre intimit\u00e9. Nous offrons un vaste choix [&hellip;]<\/p>\n","protected":false},"author":4,"featured_media":3071,"parent":0,"menu_order":0,"comment_status":"closed","ping_status":"closed","template":"","meta":{"footnotes":""},"profession":[130],"location":[117],"canton":[118],"class_list":["post-3012","page","type-page","status-publish","has-post-thumbnail","hentry","profession-storiste","location-courtelary","canton-be"],"yoast_head":"<!-- This site is optimized with the Yoast SEO Premium plugin v25.7.1 (Yoast SEO v27.4) - https:\/\/yoast.com\/product\/yoast-seo-premium-wordpress\/ -->\n<title>Vos stores, fermetures, et fen\u00eatres \u00e0 Courtelary - Artisanlocal<\/title>\n<meta name=\"robots\" content=\"index, follow, max-snippet:-1, max-image-preview:large, max-video-preview:-1\" \/>\n<link rel=\"canonical\" href=\"https:\/\/www.artisanlocal.ch\/c\/vos-stores-fermetures-et-fenetres-a-courtelary\/\" \/>\n<meta property=\"og:locale\" content=\"fr_FR\" \/>\n<meta property=\"og:type\" content=\"article\" \/>\n<meta property=\"og:title\" content=\"Vos stores, fermetures, et fen\u00eatres \u00e0 Courtelary\" \/>\n<meta property=\"og:description\" content=\"Notre soci\u00e9t\u00e9 est sp\u00e9cialis\u00e9e dans l&rsquo;installation de stores, enseignes, accessoires pour terrasses et lambrequins lumineux, op\u00e8re \u00e0 Courtelary et dans les villes \u00e0 proximit\u00e9s. Diverses gammes de stores int\u00e9rieurs Nos stores sur mesure pour votre int\u00e9rieur am\u00e9liorent l&rsquo;esth\u00e9tique de vos fen\u00eatres, contr\u00f4ler l&rsquo;entr\u00e9e de la lumi\u00e8re ou pr\u00e9server votre intimit\u00e9. Nous offrons un vaste choix [&hellip;]\" \/>\n<meta property=\"og:url\" content=\"https:\/\/www.artisanlocal.ch\/c\/vos-stores-fermetures-et-fenetres-a-courtelary\/\" \/>\n<meta property=\"og:site_name\" content=\"Artisanlocal\" \/>\n<meta property=\"article:modified_time\" content=\"2025-08-26T17:24:29+00:00\" \/>\n<meta property=\"og:image\" content=\"https:\/\/www.artisanlocal.ch\/c\/wp-content\/uploads\/2024\/12\/storiste.jpg\" \/>\n\t<meta property=\"og:image:width\" content=\"1920\" \/>\n\t<meta property=\"og:image:height\" content=\"300\" \/>\n\t<meta property=\"og:image:type\" content=\"image\/jpeg\" \/>\n<meta name=\"twitter:card\" content=\"summary_large_image\" \/>\n<meta name=\"twitter:label1\" content=\"Dur\u00e9e de lecture estim\u00e9e\" \/>\n\t<meta name=\"twitter:data1\" content=\"4 minutes\" \/>\n<script type=\"application\/ld+json\" class=\"yoast-schema-graph\">{\"@context\":\"https:\\\/\\\/schema.org\",\"@graph\":[{\"@type\":\"WebPage\",\"@id\":\"https:\\\/\\\/www.artisanlocal.ch\\\/c\\\/vos-stores-fermetures-et-fenetres-a-courtelary\\\/\",\"url\":\"https:\\\/\\\/www.artisanlocal.ch\\\/c\\\/vos-stores-fermetures-et-fenetres-a-courtelary\\\/\",\"name\":\"Vos stores, fermetures, et fen\u00eatres \u00e0 Courtelary - Artisanlocal\",\"isPartOf\":{\"@id\":\"https:\\\/\\\/www.artisanlocal.ch\\\/c\\\/#website\"},\"primaryImageOfPage\":{\"@id\":\"https:\\\/\\\/www.artisanlocal.ch\\\/c\\\/vos-stores-fermetures-et-fenetres-a-courtelary\\\/#primaryimage\"},\"image\":{\"@id\":\"https:\\\/\\\/www.artisanlocal.ch\\\/c\\\/vos-stores-fermetures-et-fenetres-a-courtelary\\\/#primaryimage\"},\"thumbnailUrl\":\"https:\\\/\\\/www.artisanlocal.ch\\\/c\\\/wp-content\\\/uploads\\\/2024\\\/12\\\/storiste.jpg\",\"datePublished\":\"2024-11-30T03:43:16+00:00\",\"dateModified\":\"2025-08-26T17:24:29+00:00\",\"breadcrumb\":{\"@id\":\"https:\\\/\\\/www.artisanlocal.ch\\\/c\\\/vos-stores-fermetures-et-fenetres-a-courtelary\\\/#breadcrumb\"},\"inLanguage\":\"fr-FR\",\"potentialAction\":[{\"@type\":\"ReadAction\",\"target\":[\"https:\\\/\\\/www.artisanlocal.ch\\\/c\\\/vos-stores-fermetures-et-fenetres-a-courtelary\\\/\"]}]},{\"@type\":\"ImageObject\",\"inLanguage\":\"fr-FR\",\"@id\":\"https:\\\/\\\/www.artisanlocal.ch\\\/c\\\/vos-stores-fermetures-et-fenetres-a-courtelary\\\/#primaryimage\",\"url\":\"https:\\\/\\\/www.artisanlocal.ch\\\/c\\\/wp-content\\\/uploads\\\/2024\\\/12\\\/storiste.jpg\",\"contentUrl\":\"https:\\\/\\\/www.artisanlocal.ch\\\/c\\\/wp-content\\\/uploads\\\/2024\\\/12\\\/storiste.jpg\",\"width\":1920,\"height\":300},{\"@type\":\"BreadcrumbList\",\"@id\":\"https:\\\/\\\/www.artisanlocal.ch\\\/c\\\/vos-stores-fermetures-et-fenetres-a-courtelary\\\/#breadcrumb\",\"itemListElement\":[{\"@type\":\"ListItem\",\"position\":1,\"name\":\"Accueil\",\"item\":\"https:\\\/\\\/www.artisanlocal.ch\\\/c\\\/\"},{\"@type\":\"ListItem\",\"position\":2,\"name\":\"Vos stores, fermetures, et fen\u00eatres \u00e0 Courtelary\"}]},{\"@type\":\"WebSite\",\"@id\":\"https:\\\/\\\/www.artisanlocal.ch\\\/c\\\/#website\",\"url\":\"https:\\\/\\\/www.artisanlocal.ch\\\/c\\\/\",\"name\":\"Artisanlocal\",\"description\":\"\",\"publisher\":{\"@id\":\"https:\\\/\\\/www.artisanlocal.ch\\\/c\\\/#organization\"},\"potentialAction\":[{\"@type\":\"SearchAction\",\"target\":{\"@type\":\"EntryPoint\",\"urlTemplate\":\"https:\\\/\\\/www.artisanlocal.ch\\\/c\\\/?s={search_term_string}\"},\"query-input\":{\"@type\":\"PropertyValueSpecification\",\"valueRequired\":true,\"valueName\":\"search_term_string\"}}],\"inLanguage\":\"fr-FR\"},{\"@type\":\"Organization\",\"@id\":\"https:\\\/\\\/www.artisanlocal.ch\\\/c\\\/#organization\",\"name\":\"Artisanlocal\",\"url\":\"https:\\\/\\\/www.artisanlocal.ch\\\/c\\\/\",\"logo\":{\"@type\":\"ImageObject\",\"inLanguage\":\"fr-FR\",\"@id\":\"https:\\\/\\\/www.artisanlocal.ch\\\/c\\\/#\\\/schema\\\/logo\\\/image\\\/\",\"url\":\"https:\\\/\\\/www.artisanlocal.ch\\\/c\\\/wp-content\\\/uploads\\\/2024\\\/02\\\/logo-artisanlocal-h.svg\",\"contentUrl\":\"https:\\\/\\\/www.artisanlocal.ch\\\/c\\\/wp-content\\\/uploads\\\/2024\\\/02\\\/logo-artisanlocal-h.svg\",\"caption\":\"Artisanlocal\"},\"image\":{\"@id\":\"https:\\\/\\\/www.artisanlocal.ch\\\/c\\\/#\\\/schema\\\/logo\\\/image\\\/\"}}]}<\/script>\n<!-- \/ Yoast SEO Premium plugin. -->","yoast_head_json":{"title":"Vos stores, fermetures, et fen\u00eatres \u00e0 Courtelary - Artisanlocal","robots":{"index":"index","follow":"follow","max-snippet":"max-snippet:-1","max-image-preview":"max-image-preview:large","max-video-preview":"max-video-preview:-1"},"canonical":"https:\/\/www.artisanlocal.ch\/c\/vos-stores-fermetures-et-fenetres-a-courtelary\/","og_locale":"fr_FR","og_type":"article","og_title":"Vos stores, fermetures, et fen\u00eatres \u00e0 Courtelary","og_description":"Notre soci\u00e9t\u00e9 est sp\u00e9cialis\u00e9e dans l&rsquo;installation de stores, enseignes, accessoires pour terrasses et lambrequins lumineux, op\u00e8re \u00e0 Courtelary et dans les villes \u00e0 proximit\u00e9s. Diverses gammes de stores int\u00e9rieurs Nos stores sur mesure pour votre int\u00e9rieur am\u00e9liorent l&rsquo;esth\u00e9tique de vos fen\u00eatres, contr\u00f4ler l&rsquo;entr\u00e9e de la lumi\u00e8re ou pr\u00e9server votre intimit\u00e9. Nous offrons un vaste choix [&hellip;]","og_url":"https:\/\/www.artisanlocal.ch\/c\/vos-stores-fermetures-et-fenetres-a-courtelary\/","og_site_name":"Artisanlocal","article_modified_time":"2025-08-26T17:24:29+00:00","og_image":[{"width":1920,"height":300,"url":"https:\/\/www.artisanlocal.ch\/c\/wp-content\/uploads\/2024\/12\/storiste.jpg","type":"image\/jpeg"}],"twitter_card":"summary_large_image","twitter_misc":{"Dur\u00e9e de lecture estim\u00e9e":"4 minutes"},"schema":{"@context":"https:\/\/schema.org","@graph":[{"@type":"WebPage","@id":"https:\/\/www.artisanlocal.ch\/c\/vos-stores-fermetures-et-fenetres-a-courtelary\/","url":"https:\/\/www.artisanlocal.ch\/c\/vos-stores-fermetures-et-fenetres-a-courtelary\/","name":"Vos stores, fermetures, et fen\u00eatres \u00e0 Courtelary - Artisanlocal","isPartOf":{"@id":"https:\/\/www.artisanlocal.ch\/c\/#website"},"primaryImageOfPage":{"@id":"https:\/\/www.artisanlocal.ch\/c\/vos-stores-fermetures-et-fenetres-a-courtelary\/#primaryimage"},"image":{"@id":"https:\/\/www.artisanlocal.ch\/c\/vos-stores-fermetures-et-fenetres-a-courtelary\/#primaryimage"},"thumbnailUrl":"https:\/\/www.artisanlocal.ch\/c\/wp-content\/uploads\/2024\/12\/storiste.jpg","datePublished":"2024-11-30T03:43:16+00:00","dateModified":"2025-08-26T17:24:29+00:00","breadcrumb":{"@id":"https:\/\/www.artisanlocal.ch\/c\/vos-stores-fermetures-et-fenetres-a-courtelary\/#breadcrumb"},"inLanguage":"fr-FR","potentialAction":[{"@type":"ReadAction","target":["https:\/\/www.artisanlocal.ch\/c\/vos-stores-fermetures-et-fenetres-a-courtelary\/"]}]},{"@type":"ImageObject","inLanguage":"fr-FR","@id":"https:\/\/www.artisanlocal.ch\/c\/vos-stores-fermetures-et-fenetres-a-courtelary\/#primaryimage","url":"https:\/\/www.artisanlocal.ch\/c\/wp-content\/uploads\/2024\/12\/storiste.jpg","contentUrl":"https:\/\/www.artisanlocal.ch\/c\/wp-content\/uploads\/2024\/12\/storiste.jpg","width":1920,"height":300},{"@type":"BreadcrumbList","@id":"https:\/\/www.artisanlocal.ch\/c\/vos-stores-fermetures-et-fenetres-a-courtelary\/#breadcrumb","itemListElement":[{"@type":"ListItem","position":1,"name":"Accueil","item":"https:\/\/www.artisanlocal.ch\/c\/"},{"@type":"ListItem","position":2,"name":"Vos stores, fermetures, et fen\u00eatres \u00e0 Courtelary"}]},{"@type":"WebSite","@id":"https:\/\/www.artisanlocal.ch\/c\/#website","url":"https:\/\/www.artisanlocal.ch\/c\/","name":"Artisanlocal","description":"","publisher":{"@id":"https:\/\/www.artisanlocal.ch\/c\/#organization"},"potentialAction":[{"@type":"SearchAction","target":{"@type":"EntryPoint","urlTemplate":"https:\/\/www.artisanlocal.ch\/c\/?s={search_term_string}"},"query-input":{"@type":"PropertyValueSpecification","valueRequired":true,"valueName":"search_term_string"}}],"inLanguage":"fr-FR"},{"@type":"Organization","@id":"https:\/\/www.artisanlocal.ch\/c\/#organization","name":"Artisanlocal","url":"https:\/\/www.artisanlocal.ch\/c\/","logo":{"@type":"ImageObject","inLanguage":"fr-FR","@id":"https:\/\/www.artisanlocal.ch\/c\/#\/schema\/logo\/image\/","url":"https:\/\/www.artisanlocal.ch\/c\/wp-content\/uploads\/2024\/02\/logo-artisanlocal-h.svg","contentUrl":"https:\/\/www.artisanlocal.ch\/c\/wp-content\/uploads\/2024\/02\/logo-artisanlocal-h.svg","caption":"Artisanlocal"},"image":{"@id":"https:\/\/www.artisanlocal.ch\/c\/#\/schema\/logo\/image\/"}}]}},"_links":{"self":[{"href":"https:\/\/www.artisanlocal.ch\/c\/wp-json\/wp\/v2\/pages\/3012","targetHints":{"allow":["GET"]}}],"collection":[{"href":"https:\/\/www.artisanlocal.ch\/c\/wp-json\/wp\/v2\/pages"}],"about":[{"href":"https:\/\/www.artisanlocal.ch\/c\/wp-json\/wp\/v2\/types\/page"}],"author":[{"embeddable":true,"href":"https:\/\/www.artisanlocal.ch\/c\/wp-json\/wp\/v2\/users\/4"}],"replies":[{"embeddable":true,"href":"https:\/\/www.artisanlocal.ch\/c\/wp-json\/wp\/v2\/comments?post=3012"}],"version-history":[{"count":0,"href":"https:\/\/www.artisanlocal.ch\/c\/wp-json\/wp\/v2\/pages\/3012\/revisions"}],"wp:featuredmedia":[{"embeddable":true,"href":"https:\/\/www.artisanlocal.ch\/c\/wp-json\/wp\/v2\/media\/3071"}],"wp:attachment":[{"href":"https:\/\/www.artisanlocal.ch\/c\/wp-json\/wp\/v2\/media?parent=3012"}],"wp:term":[{"taxonomy":"profession","embeddable":true,"href":"https:\/\/www.artisanlocal.ch\/c\/wp-json\/wp\/v2\/profession?post=3012"},{"taxonomy":"location","embeddable":true,"href":"https:\/\/www.artisanlocal.ch\/c\/wp-json\/wp\/v2\/location?post=3012"},{"taxonomy":"canton","embeddable":true,"href":"https:\/\/www.artisanlocal.ch\/c\/wp-json\/wp\/v2\/canton?post=3012"}],"curies":[{"name":"wp","href":"https:\/\/api.w.org\/{rel}","templated":true}]}}