{"id":3013,"date":"2024-12-01T06:30:30","date_gmt":"2024-12-01T05:30:30","guid":{"rendered":"https:\/\/www.artisanlocal.ch\/c\/votre-expert-du-store-et-des-enseignes-a-boudry\/"},"modified":"2025-08-26T19:24:21","modified_gmt":"2025-08-26T17:24:21","slug":"votre-expert-du-store-et-des-enseignes-a-boudry","status":"publish","type":"page","link":"https:\/\/www.artisanlocal.ch\/c\/votre-expert-du-store-et-des-enseignes-a-boudry\/","title":{"rendered":"Votre expert du store et des enseignes \u00e0 Boudry"},"content":{"rendered":"<p>Artisanlocal est une soci\u00e9t\u00e9 sp\u00e9cialis\u00e9e dans la mise en place de stores, lambrequin lumineux, enseignes et accessoires de terrasses, \u00e0 Boudry et dans les municipalit\u00e9s \u00e0 proximit\u00e9.<\/p>\n\r\n<div class=\"box\">\r\n    <h2 class=\"text-dark\">Nous cherchons un <em class=\"text-primary\">Storiste<\/em> dans la r\u00e9gion de <em class=\"text-primary\">Boudry<\/em>  en exclusivit\u00e9, afin de proposer vos services \u00e0 nos clients propri\u00e9taires.<\/h2>\r\n    <p>Une opportunit\u00e9 unique pour booster votre activit\u00e9 \u00e0 <strong>Boudry<\/strong> et aux alentours dans votre domaine (Storiste).<\/p>\r\n    <p>Nous travaillons en exclusivit\u00e9 avec qu'une soci\u00e9t\u00e9 par m\u00e9tier et par r\u00e9gion. <br>Votre entreprise est pr\u00e9sente sur tous les documents immobiliers. Afin d'\u00eatre mieux vu sur le net, vous \u00eates \u00e9galement visible sur nos deux sites et sur les pages de r\u00e9f\u00e9rencement de votre r\u00e9gion.<\/p>\r\n    <a href=\"\/contact\" class=\"wp-block-button__link has-accent-background-color has-text-align-center wp-element-button\">R\u00e9server<\/a>\r\n<\/div>\n<h2>Stores int\u00e9rieurs<\/h2>\n<p>Nos stores sur mesure pour votre int\u00e9rieur am\u00e9liorent l&rsquo;apparence de vos fen\u00eatres, contr\u00f4ler la luminosit\u00e9 et prot\u00e9gez votre intimit\u00e9. Nous proposons \u00e0 nos clients un vaste choix de stores : textiles, enrouleurs, rideaux, bateaux, pliss\u00e9s, parois japonaises, bandes verticales, v\u00e9nitiens, enrouleurs avec coffre et bateaux voilage.<\/p>\n<h2>Stores ext\u00e9rieurs<\/h2>\n<p>Nos stores ext\u00e9rieurs cr\u00e9ent des espaces ombrag\u00e9s sur votre balcon ou terrasse. Nous offrons un large choix de stores ext\u00e9rieurs : verri\u00e8res, loggias et v\u00e9randas, mais aussi fen\u00eatres, pourvues de coffres, semi-coffres, bannes, \u00e0 bras t\u00e9lescopiques ou articul\u00e9s.<\/p>\n<h2>Pergolas et pergolas bioclimatiques<\/h2>\n<p>Si vous cherchez \u00e0 vous prot\u00e9ger de la pluie, nous vous sugg\u00e9rons de choisir une pergola. Nous proposons des pergolas : \u00e0 lames r\u00e9tractables, toiles de protection solaire verticale, \u00e0 toits fixes ou avec panneaux verticaux.<\/p>\n<h2>Lambrequin lumineux \u00e0 Boudry<\/h2>\n<p>\u00c0 l&rsquo;aide de nos lambrequins lumineux, votre commerce sera visible la nuit ou par temps pluvieux.&nbsp;<\/p>\n<h2>Rentoilage de toiles du store banne ou pergola<\/h2>\n<p>Le rentoilage de stores banne est un choix \u00e9conomique au changement votre store.<\/p>\n<h2>Fen\u00eatre bois et aluminium sur mesure<\/h2>\n<p>Si vous avez besoin de r\u00e9nover vos fen\u00eatres. Nous avons un choix de fen\u00eatres coulissantes et battantes : PVC, en bois ou aluminium.<\/p>\n<h2>Volets roulants avec ou sans motorisation<\/h2>\n<p>Si vous avez besoin d&rsquo;une meilleure protection phonique, thermique ou solaire, privil\u00e9gier nos Volets roulants manuels ou \u00e9lectriques : solaires, aluminium, bois, persiennes ou m\u00e9talliques.<\/p>\n<h2>Films de protection solaire<\/h2>\n<p>Nos films protection solaire sans tains vous aident \u00e0 r\u00e9guler la temp\u00e9rature de votre int\u00e9rieur, de vous prot\u00e9ger des rayons UV, et de pr\u00e9server votre intimit\u00e9.<\/p>\n<h2>Menuiserie Boudry : Alu, PVC, Bois<\/h2>\n<p>Nous avons de plus d\u2019autres produits \u00e0 vous pr\u00e9senter, tels que :<\/p>\n<ul>\n<li>Fen\u00eatres.<\/li>\n<li>Volets.<\/li>\n<li>Portes et portails.<\/li>\n<li>Alarmes.<\/li>\n<li>Domotiques.<\/li>\n<li>Portes de garage.<\/li>\n<li>Carport.<\/li>\n<li>Garde-corps.<\/li>\n<\/ul>\n<h2>Nos secteurs d&rsquo;activit\u00e9<\/h2>\n<h3>Les entreprises : restaurants, brasseries, caf\u00e9s, boutiques<\/h3>\n<p>Artisanlocal est sp\u00e9cialis\u00e9 dans la cr\u00e9ation, la fabrication, et l\u2019installation de stores pour les soci\u00e9t\u00e9s \u00e0 Boudry, comme : les bureaux, les boutiques et les restaurants.&nbsp;<\/p>\n<h3>Les syndics de copropri\u00e9t\u00e9 et les particuliers<\/h3>\n<p>Nous op\u00e9rons chez les particuliers et dans les copropri\u00e9t\u00e9s pour poser vos pergolas, pergolas bioclimatiques, fen\u00eatres, volets battants, stores de terrasse, volets roulants, v\u00e9randa et stores int\u00e9rieurs.<\/p>\n<h2>D\u00e9couvrez nos services<\/h2>\n<h3>Conception<\/h3>\n<p>Nous construisons tous les stores sur mesures et en fonction de vos probl\u00e9matiques et besoins.<\/p>\n<h3>Pose personnalis\u00e9<\/h3>\n<p>Nos techniciens interviennent \u00e0 Boudry pour panifier et installer vos stores en fonction de vos contraintes et vos d\u00e9sirs.<\/p>\n<h3>R\u00e9paration &amp; remplacement\u200b<\/h3>\n<p>Nos techniciens sont sp\u00e9cialis\u00e9s dans la r\u00e9paration et remplacement de stores, au cours de leur intervention, ils remplacent les \u00e9l\u00e9ments d\u00e9fectueux.<\/p>\n<h3>Entretien sur-mesure de tous vos stores<\/h3>\n<p>Un entretien effectu\u00e9 r\u00e9guli\u00e8rement permet d\u2019augmenter la durabilit\u00e9 de vos stores. Pour cela, un storiste doit se d\u00e9placer chez vous et examiner l\u2019\u00e9tat de votre store et si n\u00e9cessaire effectuer la r\u00e9paration, le remplacement ou le rentoilage.<\/p>\n<h3>Options<\/h3>\n<p>Nous proposons diff\u00e9rentes options d\u2019ouverture (\u00e9lectrique ou manuelle) pour les portes de garage, les volets et les stores.<\/p>\n<h2>Pourquoi choisir notre entreprise ?<\/h2>\n<p>Artisanlocal est sp\u00e9cialis\u00e9 dans la mise en place et l\u2019entretien de stores et de fermetures \u00e0 Boudry. Nous vous assistons de A \u00e0 Z, de l\u2019audit de votre besoin \u00e0 la pose.<\/p>\n<h3>Large gamme<\/h3>\n<p>Nous proposons une s\u00e9lection de stores int\u00e9rieurs et ext\u00e9rieurs.<\/p>\n<h3>Devis en ligne gratuit<\/h3>\n<p>Recevez nos devis gratuits. Nos devis sont pr\u00e9cis et totalement transparents.&nbsp;<\/p>\n<h3>\u00c9valuation<\/h3>\n<p>Pour chaque projet, nous examinons sa possibilit\u00e9 de r\u00e9alisation, en fonction de vos demandes, nous cr\u00e9ons des plans pour poser vos stores.<\/p>\n<h3>Faire le choix de la qualit\u00e9<\/h3>\n<p>Nous utilisons pour nos stores des mat\u00e9riaux de haute qualit\u00e9, de sorte \u00e0 garantir une bonne durabilit\u00e9.<\/p>\n<h3>Intervention rapide <\/h3>\n<p>Le storiste qui est situ\u00e9 \u00e0 Boudry intervient rapidement chez vous pour installer ou r\u00e9parer vos stores.<\/p>\n<h2>FAQ<\/h2>\n<h3>Les stores existants peuvent-ils \u00eatre m\u00e9canis\u00e9s ?<\/h3>\n<p>Oui, nos storistes peuvent m\u00e9caniser vos stores \u00e0 condition que certains \u00e9l\u00e9ments soient respect\u00e9s. Un de nos storistes se d\u00e9place \u00e0 votre domicile pour \u00e9valuer la viabilit\u00e9 du projet.<\/p>\n<h3>Votre soci\u00e9t\u00e9 intervient-elle dans les villes \u00e0 proximit\u00e9 de Boudry ? ?<\/h3>\n<p>Oui, nous intervenons \u00e0 Boudry et dans les communes aux environs, comme : Neuch\u00e2tel, Auvernier, Colombier NE, B\u00f4le, Areuse, Cortaillod, Chambrelien, Rochefort, Bevaix, Gorgier, St-Aubin-Sauges, Chez-le-Bart, Fresens, Montalchez, Vaumarcus, Peseux, Corcelles NE, Cormondr\u00e8che, Hauterive NE, St-Blaise, Enges, Marin-Epagnier, Thielle, Wavre, Cornaux NE, Cressier NE, Champ-du-Moulin.<\/p>\n","protected":false},"excerpt":{"rendered":"<p>Artisanlocal est une soci\u00e9t\u00e9 sp\u00e9cialis\u00e9e dans la mise en place de stores, lambrequin lumineux, enseignes et accessoires de terrasses, \u00e0 Boudry et dans les municipalit\u00e9s \u00e0 proximit\u00e9. Stores int\u00e9rieurs Nos stores sur mesure pour votre int\u00e9rieur am\u00e9liorent l&rsquo;apparence de vos fen\u00eatres, contr\u00f4ler la luminosit\u00e9 et prot\u00e9gez votre intimit\u00e9. Nous proposons \u00e0 nos clients un vaste [&hellip;]<\/p>\n","protected":false},"author":4,"featured_media":3071,"parent":0,"menu_order":0,"comment_status":"closed","ping_status":"closed","template":"","meta":{"footnotes":""},"profession":[130],"location":[46],"canton":[114],"class_list":["post-3013","page","type-page","status-publish","has-post-thumbnail","hentry","profession-storiste","location-boudry","canton-ne"],"yoast_head":"<!-- This site is optimized with the Yoast SEO Premium plugin v25.7.1 (Yoast SEO v27.4) - https:\/\/yoast.com\/product\/yoast-seo-premium-wordpress\/ -->\n<title>Votre expert du store et des enseignes \u00e0 Boudry - Artisanlocal<\/title>\n<meta name=\"robots\" content=\"index, follow, max-snippet:-1, max-image-preview:large, max-video-preview:-1\" \/>\n<link rel=\"canonical\" href=\"https:\/\/www.artisanlocal.ch\/c\/votre-expert-du-store-et-des-enseignes-a-boudry\/\" \/>\n<meta property=\"og:locale\" content=\"fr_FR\" \/>\n<meta property=\"og:type\" content=\"article\" \/>\n<meta property=\"og:title\" content=\"Votre expert du store et des enseignes \u00e0 Boudry\" \/>\n<meta property=\"og:description\" content=\"Artisanlocal est une soci\u00e9t\u00e9 sp\u00e9cialis\u00e9e dans la mise en place de stores, lambrequin lumineux, enseignes et accessoires de terrasses, \u00e0 Boudry et dans les municipalit\u00e9s \u00e0 proximit\u00e9. Stores int\u00e9rieurs Nos stores sur mesure pour votre int\u00e9rieur am\u00e9liorent l&rsquo;apparence de vos fen\u00eatres, contr\u00f4ler la luminosit\u00e9 et prot\u00e9gez votre intimit\u00e9. Nous proposons \u00e0 nos clients un vaste [&hellip;]\" \/>\n<meta property=\"og:url\" content=\"https:\/\/www.artisanlocal.ch\/c\/votre-expert-du-store-et-des-enseignes-a-boudry\/\" \/>\n<meta property=\"og:site_name\" content=\"Artisanlocal\" \/>\n<meta property=\"article:modified_time\" content=\"2025-08-26T17:24:21+00:00\" \/>\n<meta property=\"og:image\" content=\"https:\/\/www.artisanlocal.ch\/c\/wp-content\/uploads\/2024\/12\/storiste.jpg\" \/>\n\t<meta property=\"og:image:width\" content=\"1920\" \/>\n\t<meta property=\"og:image:height\" content=\"300\" \/>\n\t<meta property=\"og:image:type\" content=\"image\/jpeg\" \/>\n<meta name=\"twitter:card\" content=\"summary_large_image\" \/>\n<meta name=\"twitter:label1\" content=\"Dur\u00e9e de lecture estim\u00e9e\" \/>\n\t<meta name=\"twitter:data1\" content=\"4 minutes\" \/>\n<script type=\"application\/ld+json\" class=\"yoast-schema-graph\">{\"@context\":\"https:\\\/\\\/schema.org\",\"@graph\":[{\"@type\":\"WebPage\",\"@id\":\"https:\\\/\\\/www.artisanlocal.ch\\\/c\\\/votre-expert-du-store-et-des-enseignes-a-boudry\\\/\",\"url\":\"https:\\\/\\\/www.artisanlocal.ch\\\/c\\\/votre-expert-du-store-et-des-enseignes-a-boudry\\\/\",\"name\":\"Votre expert du store et des enseignes \u00e0 Boudry - Artisanlocal\",\"isPartOf\":{\"@id\":\"https:\\\/\\\/www.artisanlocal.ch\\\/c\\\/#website\"},\"primaryImageOfPage\":{\"@id\":\"https:\\\/\\\/www.artisanlocal.ch\\\/c\\\/votre-expert-du-store-et-des-enseignes-a-boudry\\\/#primaryimage\"},\"image\":{\"@id\":\"https:\\\/\\\/www.artisanlocal.ch\\\/c\\\/votre-expert-du-store-et-des-enseignes-a-boudry\\\/#primaryimage\"},\"thumbnailUrl\":\"https:\\\/\\\/www.artisanlocal.ch\\\/c\\\/wp-content\\\/uploads\\\/2024\\\/12\\\/storiste.jpg\",\"datePublished\":\"2024-12-01T05:30:30+00:00\",\"dateModified\":\"2025-08-26T17:24:21+00:00\",\"breadcrumb\":{\"@id\":\"https:\\\/\\\/www.artisanlocal.ch\\\/c\\\/votre-expert-du-store-et-des-enseignes-a-boudry\\\/#breadcrumb\"},\"inLanguage\":\"fr-FR\",\"potentialAction\":[{\"@type\":\"ReadAction\",\"target\":[\"https:\\\/\\\/www.artisanlocal.ch\\\/c\\\/votre-expert-du-store-et-des-enseignes-a-boudry\\\/\"]}]},{\"@type\":\"ImageObject\",\"inLanguage\":\"fr-FR\",\"@id\":\"https:\\\/\\\/www.artisanlocal.ch\\\/c\\\/votre-expert-du-store-et-des-enseignes-a-boudry\\\/#primaryimage\",\"url\":\"https:\\\/\\\/www.artisanlocal.ch\\\/c\\\/wp-content\\\/uploads\\\/2024\\\/12\\\/storiste.jpg\",\"contentUrl\":\"https:\\\/\\\/www.artisanlocal.ch\\\/c\\\/wp-content\\\/uploads\\\/2024\\\/12\\\/storiste.jpg\",\"width\":1920,\"height\":300},{\"@type\":\"BreadcrumbList\",\"@id\":\"https:\\\/\\\/www.artisanlocal.ch\\\/c\\\/votre-expert-du-store-et-des-enseignes-a-boudry\\\/#breadcrumb\",\"itemListElement\":[{\"@type\":\"ListItem\",\"position\":1,\"name\":\"Accueil\",\"item\":\"https:\\\/\\\/www.artisanlocal.ch\\\/c\\\/\"},{\"@type\":\"ListItem\",\"position\":2,\"name\":\"Votre expert du store et des enseignes \u00e0 Boudry\"}]},{\"@type\":\"WebSite\",\"@id\":\"https:\\\/\\\/www.artisanlocal.ch\\\/c\\\/#website\",\"url\":\"https:\\\/\\\/www.artisanlocal.ch\\\/c\\\/\",\"name\":\"Artisanlocal\",\"description\":\"\",\"publisher\":{\"@id\":\"https:\\\/\\\/www.artisanlocal.ch\\\/c\\\/#organization\"},\"potentialAction\":[{\"@type\":\"SearchAction\",\"target\":{\"@type\":\"EntryPoint\",\"urlTemplate\":\"https:\\\/\\\/www.artisanlocal.ch\\\/c\\\/?s={search_term_string}\"},\"query-input\":{\"@type\":\"PropertyValueSpecification\",\"valueRequired\":true,\"valueName\":\"search_term_string\"}}],\"inLanguage\":\"fr-FR\"},{\"@type\":\"Organization\",\"@id\":\"https:\\\/\\\/www.artisanlocal.ch\\\/c\\\/#organization\",\"name\":\"Artisanlocal\",\"url\":\"https:\\\/\\\/www.artisanlocal.ch\\\/c\\\/\",\"logo\":{\"@type\":\"ImageObject\",\"inLanguage\":\"fr-FR\",\"@id\":\"https:\\\/\\\/www.artisanlocal.ch\\\/c\\\/#\\\/schema\\\/logo\\\/image\\\/\",\"url\":\"https:\\\/\\\/www.artisanlocal.ch\\\/c\\\/wp-content\\\/uploads\\\/2024\\\/02\\\/logo-artisanlocal-h.svg\",\"contentUrl\":\"https:\\\/\\\/www.artisanlocal.ch\\\/c\\\/wp-content\\\/uploads\\\/2024\\\/02\\\/logo-artisanlocal-h.svg\",\"caption\":\"Artisanlocal\"},\"image\":{\"@id\":\"https:\\\/\\\/www.artisanlocal.ch\\\/c\\\/#\\\/schema\\\/logo\\\/image\\\/\"}}]}<\/script>\n<!-- \/ Yoast SEO Premium plugin. -->","yoast_head_json":{"title":"Votre expert du store et des enseignes \u00e0 Boudry - Artisanlocal","robots":{"index":"index","follow":"follow","max-snippet":"max-snippet:-1","max-image-preview":"max-image-preview:large","max-video-preview":"max-video-preview:-1"},"canonical":"https:\/\/www.artisanlocal.ch\/c\/votre-expert-du-store-et-des-enseignes-a-boudry\/","og_locale":"fr_FR","og_type":"article","og_title":"Votre expert du store et des enseignes \u00e0 Boudry","og_description":"Artisanlocal est une soci\u00e9t\u00e9 sp\u00e9cialis\u00e9e dans la mise en place de stores, lambrequin lumineux, enseignes et accessoires de terrasses, \u00e0 Boudry et dans les municipalit\u00e9s \u00e0 proximit\u00e9. Stores int\u00e9rieurs Nos stores sur mesure pour votre int\u00e9rieur am\u00e9liorent l&rsquo;apparence de vos fen\u00eatres, contr\u00f4ler la luminosit\u00e9 et prot\u00e9gez votre intimit\u00e9. Nous proposons \u00e0 nos clients un vaste [&hellip;]","og_url":"https:\/\/www.artisanlocal.ch\/c\/votre-expert-du-store-et-des-enseignes-a-boudry\/","og_site_name":"Artisanlocal","article_modified_time":"2025-08-26T17:24:21+00:00","og_image":[{"width":1920,"height":300,"url":"https:\/\/www.artisanlocal.ch\/c\/wp-content\/uploads\/2024\/12\/storiste.jpg","type":"image\/jpeg"}],"twitter_card":"summary_large_image","twitter_misc":{"Dur\u00e9e de lecture estim\u00e9e":"4 minutes"},"schema":{"@context":"https:\/\/schema.org","@graph":[{"@type":"WebPage","@id":"https:\/\/www.artisanlocal.ch\/c\/votre-expert-du-store-et-des-enseignes-a-boudry\/","url":"https:\/\/www.artisanlocal.ch\/c\/votre-expert-du-store-et-des-enseignes-a-boudry\/","name":"Votre expert du store et des enseignes \u00e0 Boudry - Artisanlocal","isPartOf":{"@id":"https:\/\/www.artisanlocal.ch\/c\/#website"},"primaryImageOfPage":{"@id":"https:\/\/www.artisanlocal.ch\/c\/votre-expert-du-store-et-des-enseignes-a-boudry\/#primaryimage"},"image":{"@id":"https:\/\/www.artisanlocal.ch\/c\/votre-expert-du-store-et-des-enseignes-a-boudry\/#primaryimage"},"thumbnailUrl":"https:\/\/www.artisanlocal.ch\/c\/wp-content\/uploads\/2024\/12\/storiste.jpg","datePublished":"2024-12-01T05:30:30+00:00","dateModified":"2025-08-26T17:24:21+00:00","breadcrumb":{"@id":"https:\/\/www.artisanlocal.ch\/c\/votre-expert-du-store-et-des-enseignes-a-boudry\/#breadcrumb"},"inLanguage":"fr-FR","potentialAction":[{"@type":"ReadAction","target":["https:\/\/www.artisanlocal.ch\/c\/votre-expert-du-store-et-des-enseignes-a-boudry\/"]}]},{"@type":"ImageObject","inLanguage":"fr-FR","@id":"https:\/\/www.artisanlocal.ch\/c\/votre-expert-du-store-et-des-enseignes-a-boudry\/#primaryimage","url":"https:\/\/www.artisanlocal.ch\/c\/wp-content\/uploads\/2024\/12\/storiste.jpg","contentUrl":"https:\/\/www.artisanlocal.ch\/c\/wp-content\/uploads\/2024\/12\/storiste.jpg","width":1920,"height":300},{"@type":"BreadcrumbList","@id":"https:\/\/www.artisanlocal.ch\/c\/votre-expert-du-store-et-des-enseignes-a-boudry\/#breadcrumb","itemListElement":[{"@type":"ListItem","position":1,"name":"Accueil","item":"https:\/\/www.artisanlocal.ch\/c\/"},{"@type":"ListItem","position":2,"name":"Votre expert du store et des enseignes \u00e0 Boudry"}]},{"@type":"WebSite","@id":"https:\/\/www.artisanlocal.ch\/c\/#website","url":"https:\/\/www.artisanlocal.ch\/c\/","name":"Artisanlocal","description":"","publisher":{"@id":"https:\/\/www.artisanlocal.ch\/c\/#organization"},"potentialAction":[{"@type":"SearchAction","target":{"@type":"EntryPoint","urlTemplate":"https:\/\/www.artisanlocal.ch\/c\/?s={search_term_string}"},"query-input":{"@type":"PropertyValueSpecification","valueRequired":true,"valueName":"search_term_string"}}],"inLanguage":"fr-FR"},{"@type":"Organization","@id":"https:\/\/www.artisanlocal.ch\/c\/#organization","name":"Artisanlocal","url":"https:\/\/www.artisanlocal.ch\/c\/","logo":{"@type":"ImageObject","inLanguage":"fr-FR","@id":"https:\/\/www.artisanlocal.ch\/c\/#\/schema\/logo\/image\/","url":"https:\/\/www.artisanlocal.ch\/c\/wp-content\/uploads\/2024\/02\/logo-artisanlocal-h.svg","contentUrl":"https:\/\/www.artisanlocal.ch\/c\/wp-content\/uploads\/2024\/02\/logo-artisanlocal-h.svg","caption":"Artisanlocal"},"image":{"@id":"https:\/\/www.artisanlocal.ch\/c\/#\/schema\/logo\/image\/"}}]}},"_links":{"self":[{"href":"https:\/\/www.artisanlocal.ch\/c\/wp-json\/wp\/v2\/pages\/3013","targetHints":{"allow":["GET"]}}],"collection":[{"href":"https:\/\/www.artisanlocal.ch\/c\/wp-json\/wp\/v2\/pages"}],"about":[{"href":"https:\/\/www.artisanlocal.ch\/c\/wp-json\/wp\/v2\/types\/page"}],"author":[{"embeddable":true,"href":"https:\/\/www.artisanlocal.ch\/c\/wp-json\/wp\/v2\/users\/4"}],"replies":[{"embeddable":true,"href":"https:\/\/www.artisanlocal.ch\/c\/wp-json\/wp\/v2\/comments?post=3013"}],"version-history":[{"count":0,"href":"https:\/\/www.artisanlocal.ch\/c\/wp-json\/wp\/v2\/pages\/3013\/revisions"}],"wp:featuredmedia":[{"embeddable":true,"href":"https:\/\/www.artisanlocal.ch\/c\/wp-json\/wp\/v2\/media\/3071"}],"wp:attachment":[{"href":"https:\/\/www.artisanlocal.ch\/c\/wp-json\/wp\/v2\/media?parent=3013"}],"wp:term":[{"taxonomy":"profession","embeddable":true,"href":"https:\/\/www.artisanlocal.ch\/c\/wp-json\/wp\/v2\/profession?post=3013"},{"taxonomy":"location","embeddable":true,"href":"https:\/\/www.artisanlocal.ch\/c\/wp-json\/wp\/v2\/location?post=3013"},{"taxonomy":"canton","embeddable":true,"href":"https:\/\/www.artisanlocal.ch\/c\/wp-json\/wp\/v2\/canton?post=3013"}],"curies":[{"name":"wp","href":"https:\/\/api.w.org\/{rel}","templated":true}]}}