{"id":3014,"date":"2024-12-01T19:16:18","date_gmt":"2024-12-01T18:16:18","guid":{"rendered":"https:\/\/www.artisanlocal.ch\/c\/vos-stores-fermetures-et-fenetres-a-st-blaise\/"},"modified":"2025-08-26T19:24:18","modified_gmt":"2025-08-26T17:24:18","slug":"vos-stores-fermetures-et-fenetres-a-st-blaise","status":"publish","type":"page","link":"https:\/\/www.artisanlocal.ch\/c\/vos-stores-fermetures-et-fenetres-a-st-blaise\/","title":{"rendered":"Vos stores, fermetures, et fen\u00eatres \u00e0 St-Blaise"},"content":{"rendered":"<p>Artisanlocal est une soci\u00e9t\u00e9 sp\u00e9cialis\u00e9e dans la mise en place de stores, enseignes, lambrequin lumineux et accessoires de terrasses, \u00e0 St-Blaise et dans les villes proches.<\/p>\n\r\n<div class=\"box\">\r\n    <h2 class=\"text-dark\">Nous cherchons un <em class=\"text-primary\">Storiste<\/em> dans la r\u00e9gion de <em class=\"text-primary\">St-Blaise<\/em>  en exclusivit\u00e9, afin de proposer vos services \u00e0 nos clients propri\u00e9taires.<\/h2>\r\n    <p>Une opportunit\u00e9 unique pour booster votre activit\u00e9 \u00e0 <strong>St-Blaise<\/strong> et aux alentours dans votre domaine (Storiste).<\/p>\r\n    <p>Nous travaillons en exclusivit\u00e9 avec qu'une soci\u00e9t\u00e9 par m\u00e9tier et par r\u00e9gion. <br>Votre entreprise est pr\u00e9sente sur tous les documents immobiliers. Afin d'\u00eatre mieux vu sur le net, vous \u00eates \u00e9galement visible sur nos deux sites et sur les pages de r\u00e9f\u00e9rencement de votre r\u00e9gion.<\/p>\r\n    <a href=\"\/contact\" class=\"wp-block-button__link has-accent-background-color has-text-align-center wp-element-button\">R\u00e9server<\/a>\r\n<\/div>\n<h2>Large gamme de stores int\u00e9rieurs<\/h2>\n<p>Nos solutions int\u00e9rieures am\u00e9liorent l&rsquo;apparence de vos fen\u00eatres, r\u00e9guler la luminosit\u00e9 et pr\u00e9servez votre intimit\u00e9. Nous offrons un large choix de stores : textiles, enrouleurs, bateaux, pliss\u00e9s, rideaux, parois japonaises, bandes verticales, v\u00e9nitiens, enrouleurs avec coffre et bateaux voilage.<\/p>\n<h2>Stores ext\u00e9rieurs<\/h2>\n<p>Nos stores ext\u00e9rieurs sont adapt\u00e9s pour cr\u00e9er des espaces ombrag\u00e9s. D\u00e9couvrez notre choix de stores ext\u00e9rieurs : verri\u00e8res, loggias et v\u00e9randas, mais aussi fen\u00eatres, \u00e9quip\u00e9es de coffres, bannes, semi-coffres, \u00e0 bras t\u00e9lescopiques ou articul\u00e9s.<\/p>\n<h2>Pergolas bioclimatiques et pergolas<\/h2>\n<p>Si vous avez besoin de vous abriter des intemp\u00e9ries, nous vous sugg\u00e9rons de choisir une pergola. Nous avons une gamme de pergolas : toiles de protection solaire verticale, \u00e0 lames r\u00e9tractables, avec panneaux verticaux ou \u00e0 toits fixes.<\/p>\n<h2>Lambrequins lumineux<\/h2>\n<p>Avec nos lambrequins lumineux, votre \u00e9tablissement sera visible la nuit ou par temps pluvieux.&nbsp;<\/p>\n<h2>Store banne : changement de toile (rentoilage)<\/h2>\n<p>Le changement de toile de stores banne est une alternative \u00e9conomique au remplacement du store.<\/p>\n<h2>Nos fen\u00eatres bois et alu<\/h2>\n<p>Si vous \u00eates d\u00e9termin\u00e9s \u00e0 changer vos fen\u00eatres. Nous construisons et installons vos fen\u00eatres coulissantes et battantes : en bois, aluminium ou PVC.<\/p>\n<h2>Volet roulant \u00e9lectrique ou manuel<\/h2>\n<p>Si vous avez besoin d&rsquo;une meilleure protection phonique, thermique ou solaire, privil\u00e9gier nos volets roulants motoris\u00e9s ou manuels : m\u00e9talliques, aluminium, persiennes, solaires ou bois.<\/p>\n<h2>Film solaire sur mesure pour fen\u00eatre <\/h2>\n<p>Nos films protection solaire sans tains vous permettent de contr\u00f4ler la temp\u00e9rature de votre maison, de vous prot\u00e9ger des rayons UV, et de pr\u00e9server votre intimit\u00e9 des regards.<\/p>\n<h2>Menuiserie<\/h2>\n<p>Artisanlocal propose d\u2019autres solutions personnalis\u00e9es, comme les :<\/p>\n<ul>\n<li>Portail et portes.<\/li>\n<li>Domotiques.<\/li>\n<li>Fen\u00eatres.<\/li>\n<li>Portes de garage.<\/li>\n<li>Carport.<\/li>\n<li>Garde-corps ext\u00e9rieurs.<\/li>\n<li>Volets.<\/li>\n<li>Alarmes.<\/li>\n<\/ul>\n<h2>Nos secteurs d&rsquo;activit\u00e9 \u00e0 St-Blaise<\/h2>\n<h3>Les soci\u00e9t\u00e9s : caf\u00e9s, brasseries, boutiques et restaurants<\/h3>\n<p>Artisanlocal est sp\u00e9cialis\u00e9 dans la cr\u00e9ation, la fabrication, et la mise en place de stores pour les soci\u00e9t\u00e9s \u00e0 St-Blaise, tels que : les restaurants, bureaux et boutiques.&nbsp;<\/p>\n<h3>Les syndics de copropri\u00e9t\u00e9 et les particuliers<\/h3>\n<p>Intervention chez les particuliers et les copropri\u00e9t\u00e9s, nous mettons en place vos fen\u00eatres, stores int\u00e9rieurs, stores de terrasse, v\u00e9randa, volets battants, volets roulants, pergolas et pergolas bioclimatiques.<\/p>\n<h2>Nos services &amp; prestations<\/h2>\n<h3>Conception de stores sur mesure<\/h3>\n<p>Nous concevons tous les stores sur mesures et en fonction de vos besoins et probl\u00e9matiques.<\/p>\n<h3>Pose personnalis\u00e9<\/h3>\n<p>Les techniciens d&rsquo;Artisanlocal interviennent \u00e0 St-Blaise pour mesurer et poser vos stores sur mesure.<\/p>\n<h3>R\u00e9paration de store \u00e0 St-Blaise<\/h3>\n<p>Les storistes d&rsquo;Artisanlocal changent les parties de vos stores, lors de leur intervention, ils changent les \u00e9l\u00e9ments d\u00e9fectueux.<\/p>\n<h3>Service d\u2019entretien<\/h3>\n<p>Une maintenance r\u00e9alis\u00e9e r\u00e9guli\u00e8rement permet d&rsquo;augmenter la long\u00e9vit\u00e9 de vos stores. Pour cela, un storiste doit se d\u00e9placer \u00e0 votre domicile et inspecter l\u2019\u00e9tat de votre store et si cela s\u2019av\u00e8re n\u00e9cessaire r\u00e9aliser la r\u00e9paration, le remplacement ou le rentoilage.<\/p>\n<h3>Options<\/h3>\n<p>Nos produits sont disponibles avec des ouvertures \u00e9lectriques ou manuelles pour les portes de garage, les stores et les volets.<\/p>\n<h2>Pourquoi choisir Artisanlocal. Ch ?<\/h2>\n<p>Notre entreprise implant\u00e9e \u00e0 St-Blaise est sp\u00e9cialis\u00e9e dans la mise en place et l\u2019entretien des stores. Nos storistes vous accompagneront dans le choix de votre store pour r\u00e9pondre au mieux \u00e0 vos demandes.<\/p>\n<h3>Large gamme<\/h3>\n<p>Nous proposons un large choix de stores ext\u00e9rieurs et int\u00e9rieurs.<\/p>\n<h3>\u00c9tude et devis gratuit<\/h3>\n<p>Obtenez un devis gratuit et sans engagement. Nos estimations sont d\u00e9taill\u00e9es et transparentes.&nbsp;<\/p>\n<h3>\u00c9tude pr\u00e9alable<\/h3>\n<p>Pour chaque projet, nous \u00e9tudions sa faisabilit\u00e9, et nous concevons des plans personnalis\u00e9s pour incorporer de la meilleure mani\u00e8re vos stores en tenant compte vos probl\u00e9matiques et vos besoins.<\/p>\n<h3>Store haut de gamme<\/h3>\n<p>Les stores que nous posons sont cr\u00e9\u00e9s avec des mat\u00e9riaux de qualit\u00e9 pour garantir une bonne durabilit\u00e9.<\/p>\n<h3>Intervention imm\u00e9diate \u00e0 St-Blaise<\/h3>\n<p>Le storiste qui est situ\u00e9 \u00e0 St-Blaise intervient d\u00e8s que possible chez vous pour installer ou r\u00e9parer vos stores.<\/p>\n<h2>FAQ<\/h2>\n<h3>Les stores actuels peuvent-ils \u00eatre motoris\u00e9s ?<\/h3>\n<p>Oui, la m\u00e9canisation d&rsquo;un store est tout \u00e0 fait r\u00e9alisable, mais (selon certaines conditions). Un de nos techniciens doit op\u00e9rer \u00e0 votre logement pour \u00e9tudier la faisabilit\u00e9 du projet.<\/p>\n<h3>Artisanlocal op\u00e8re dans les localit\u00e9s proches de St-Blaise ? ?<\/h3>\n<p>Oui, nous intervenons \u00e0 St-Blaise et dans les communes aux alentours, comme : Neuch\u00e2tel, Auvernier, Colombier NE, B\u00f4le, Areuse, Cortaillod, Boudry, Chambrelien, Rochefort, Bevaix, Gorgier, St-Aubin-Sauges, Chez-le-Bart, Fresens, Montalchez, Vaumarcus, Peseux, Corcelles NE, Cormondr\u00e8che, Hauterive NE, Enges, Marin-Epagnier, Thielle, Wavre, Cornaux NE, Cressier NE, Champ-du-Moulin.<\/p>\n","protected":false},"excerpt":{"rendered":"<p>Artisanlocal est une soci\u00e9t\u00e9 sp\u00e9cialis\u00e9e dans la mise en place de stores, enseignes, lambrequin lumineux et accessoires de terrasses, \u00e0 St-Blaise et dans les villes proches. Large gamme de stores int\u00e9rieurs Nos solutions int\u00e9rieures am\u00e9liorent l&rsquo;apparence de vos fen\u00eatres, r\u00e9guler la luminosit\u00e9 et pr\u00e9servez votre intimit\u00e9. Nous offrons un large choix de stores : textiles, [&hellip;]<\/p>\n","protected":false},"author":4,"featured_media":3071,"parent":0,"menu_order":0,"comment_status":"closed","ping_status":"closed","template":"","meta":{"footnotes":""},"profession":[130],"location":[88],"canton":[114],"class_list":["post-3014","page","type-page","status-publish","has-post-thumbnail","hentry","profession-storiste","location-st-blaise","canton-ne"],"yoast_head":"<!-- This site is optimized with the Yoast SEO Premium plugin v25.7.1 (Yoast SEO v27.4) - https:\/\/yoast.com\/product\/yoast-seo-premium-wordpress\/ -->\n<title>Vos stores, fermetures, et fen\u00eatres \u00e0 St-Blaise - Artisanlocal<\/title>\n<meta name=\"robots\" content=\"index, follow, max-snippet:-1, max-image-preview:large, max-video-preview:-1\" \/>\n<link rel=\"canonical\" href=\"https:\/\/www.artisanlocal.ch\/c\/vos-stores-fermetures-et-fenetres-a-st-blaise\/\" \/>\n<meta property=\"og:locale\" content=\"fr_FR\" \/>\n<meta property=\"og:type\" content=\"article\" \/>\n<meta property=\"og:title\" content=\"Vos stores, fermetures, et fen\u00eatres \u00e0 St-Blaise\" \/>\n<meta property=\"og:description\" content=\"Artisanlocal est une soci\u00e9t\u00e9 sp\u00e9cialis\u00e9e dans la mise en place de stores, enseignes, lambrequin lumineux et accessoires de terrasses, \u00e0 St-Blaise et dans les villes proches. Large gamme de stores int\u00e9rieurs Nos solutions int\u00e9rieures am\u00e9liorent l&rsquo;apparence de vos fen\u00eatres, r\u00e9guler la luminosit\u00e9 et pr\u00e9servez votre intimit\u00e9. Nous offrons un large choix de stores : textiles, [&hellip;]\" \/>\n<meta property=\"og:url\" content=\"https:\/\/www.artisanlocal.ch\/c\/vos-stores-fermetures-et-fenetres-a-st-blaise\/\" \/>\n<meta property=\"og:site_name\" content=\"Artisanlocal\" \/>\n<meta property=\"article:modified_time\" content=\"2025-08-26T17:24:18+00:00\" \/>\n<meta property=\"og:image\" content=\"https:\/\/www.artisanlocal.ch\/c\/wp-content\/uploads\/2024\/12\/storiste.jpg\" \/>\n\t<meta property=\"og:image:width\" content=\"1920\" \/>\n\t<meta property=\"og:image:height\" content=\"300\" \/>\n\t<meta property=\"og:image:type\" content=\"image\/jpeg\" \/>\n<meta name=\"twitter:card\" content=\"summary_large_image\" \/>\n<meta name=\"twitter:label1\" content=\"Dur\u00e9e de lecture estim\u00e9e\" \/>\n\t<meta name=\"twitter:data1\" content=\"4 minutes\" \/>\n<script type=\"application\/ld+json\" class=\"yoast-schema-graph\">{\"@context\":\"https:\\\/\\\/schema.org\",\"@graph\":[{\"@type\":\"WebPage\",\"@id\":\"https:\\\/\\\/www.artisanlocal.ch\\\/c\\\/vos-stores-fermetures-et-fenetres-a-st-blaise\\\/\",\"url\":\"https:\\\/\\\/www.artisanlocal.ch\\\/c\\\/vos-stores-fermetures-et-fenetres-a-st-blaise\\\/\",\"name\":\"Vos stores, fermetures, et fen\u00eatres \u00e0 St-Blaise - Artisanlocal\",\"isPartOf\":{\"@id\":\"https:\\\/\\\/www.artisanlocal.ch\\\/c\\\/#website\"},\"primaryImageOfPage\":{\"@id\":\"https:\\\/\\\/www.artisanlocal.ch\\\/c\\\/vos-stores-fermetures-et-fenetres-a-st-blaise\\\/#primaryimage\"},\"image\":{\"@id\":\"https:\\\/\\\/www.artisanlocal.ch\\\/c\\\/vos-stores-fermetures-et-fenetres-a-st-blaise\\\/#primaryimage\"},\"thumbnailUrl\":\"https:\\\/\\\/www.artisanlocal.ch\\\/c\\\/wp-content\\\/uploads\\\/2024\\\/12\\\/storiste.jpg\",\"datePublished\":\"2024-12-01T18:16:18+00:00\",\"dateModified\":\"2025-08-26T17:24:18+00:00\",\"breadcrumb\":{\"@id\":\"https:\\\/\\\/www.artisanlocal.ch\\\/c\\\/vos-stores-fermetures-et-fenetres-a-st-blaise\\\/#breadcrumb\"},\"inLanguage\":\"fr-FR\",\"potentialAction\":[{\"@type\":\"ReadAction\",\"target\":[\"https:\\\/\\\/www.artisanlocal.ch\\\/c\\\/vos-stores-fermetures-et-fenetres-a-st-blaise\\\/\"]}]},{\"@type\":\"ImageObject\",\"inLanguage\":\"fr-FR\",\"@id\":\"https:\\\/\\\/www.artisanlocal.ch\\\/c\\\/vos-stores-fermetures-et-fenetres-a-st-blaise\\\/#primaryimage\",\"url\":\"https:\\\/\\\/www.artisanlocal.ch\\\/c\\\/wp-content\\\/uploads\\\/2024\\\/12\\\/storiste.jpg\",\"contentUrl\":\"https:\\\/\\\/www.artisanlocal.ch\\\/c\\\/wp-content\\\/uploads\\\/2024\\\/12\\\/storiste.jpg\",\"width\":1920,\"height\":300},{\"@type\":\"BreadcrumbList\",\"@id\":\"https:\\\/\\\/www.artisanlocal.ch\\\/c\\\/vos-stores-fermetures-et-fenetres-a-st-blaise\\\/#breadcrumb\",\"itemListElement\":[{\"@type\":\"ListItem\",\"position\":1,\"name\":\"Accueil\",\"item\":\"https:\\\/\\\/www.artisanlocal.ch\\\/c\\\/\"},{\"@type\":\"ListItem\",\"position\":2,\"name\":\"Vos stores, fermetures, et fen\u00eatres \u00e0 St-Blaise\"}]},{\"@type\":\"WebSite\",\"@id\":\"https:\\\/\\\/www.artisanlocal.ch\\\/c\\\/#website\",\"url\":\"https:\\\/\\\/www.artisanlocal.ch\\\/c\\\/\",\"name\":\"Artisanlocal\",\"description\":\"\",\"publisher\":{\"@id\":\"https:\\\/\\\/www.artisanlocal.ch\\\/c\\\/#organization\"},\"potentialAction\":[{\"@type\":\"SearchAction\",\"target\":{\"@type\":\"EntryPoint\",\"urlTemplate\":\"https:\\\/\\\/www.artisanlocal.ch\\\/c\\\/?s={search_term_string}\"},\"query-input\":{\"@type\":\"PropertyValueSpecification\",\"valueRequired\":true,\"valueName\":\"search_term_string\"}}],\"inLanguage\":\"fr-FR\"},{\"@type\":\"Organization\",\"@id\":\"https:\\\/\\\/www.artisanlocal.ch\\\/c\\\/#organization\",\"name\":\"Artisanlocal\",\"url\":\"https:\\\/\\\/www.artisanlocal.ch\\\/c\\\/\",\"logo\":{\"@type\":\"ImageObject\",\"inLanguage\":\"fr-FR\",\"@id\":\"https:\\\/\\\/www.artisanlocal.ch\\\/c\\\/#\\\/schema\\\/logo\\\/image\\\/\",\"url\":\"https:\\\/\\\/www.artisanlocal.ch\\\/c\\\/wp-content\\\/uploads\\\/2024\\\/02\\\/logo-artisanlocal-h.svg\",\"contentUrl\":\"https:\\\/\\\/www.artisanlocal.ch\\\/c\\\/wp-content\\\/uploads\\\/2024\\\/02\\\/logo-artisanlocal-h.svg\",\"caption\":\"Artisanlocal\"},\"image\":{\"@id\":\"https:\\\/\\\/www.artisanlocal.ch\\\/c\\\/#\\\/schema\\\/logo\\\/image\\\/\"}}]}<\/script>\n<!-- \/ Yoast SEO Premium plugin. -->","yoast_head_json":{"title":"Vos stores, fermetures, et fen\u00eatres \u00e0 St-Blaise - Artisanlocal","robots":{"index":"index","follow":"follow","max-snippet":"max-snippet:-1","max-image-preview":"max-image-preview:large","max-video-preview":"max-video-preview:-1"},"canonical":"https:\/\/www.artisanlocal.ch\/c\/vos-stores-fermetures-et-fenetres-a-st-blaise\/","og_locale":"fr_FR","og_type":"article","og_title":"Vos stores, fermetures, et fen\u00eatres \u00e0 St-Blaise","og_description":"Artisanlocal est une soci\u00e9t\u00e9 sp\u00e9cialis\u00e9e dans la mise en place de stores, enseignes, lambrequin lumineux et accessoires de terrasses, \u00e0 St-Blaise et dans les villes proches. Large gamme de stores int\u00e9rieurs Nos solutions int\u00e9rieures am\u00e9liorent l&rsquo;apparence de vos fen\u00eatres, r\u00e9guler la luminosit\u00e9 et pr\u00e9servez votre intimit\u00e9. Nous offrons un large choix de stores : textiles, [&hellip;]","og_url":"https:\/\/www.artisanlocal.ch\/c\/vos-stores-fermetures-et-fenetres-a-st-blaise\/","og_site_name":"Artisanlocal","article_modified_time":"2025-08-26T17:24:18+00:00","og_image":[{"width":1920,"height":300,"url":"https:\/\/www.artisanlocal.ch\/c\/wp-content\/uploads\/2024\/12\/storiste.jpg","type":"image\/jpeg"}],"twitter_card":"summary_large_image","twitter_misc":{"Dur\u00e9e de lecture estim\u00e9e":"4 minutes"},"schema":{"@context":"https:\/\/schema.org","@graph":[{"@type":"WebPage","@id":"https:\/\/www.artisanlocal.ch\/c\/vos-stores-fermetures-et-fenetres-a-st-blaise\/","url":"https:\/\/www.artisanlocal.ch\/c\/vos-stores-fermetures-et-fenetres-a-st-blaise\/","name":"Vos stores, fermetures, et fen\u00eatres \u00e0 St-Blaise - Artisanlocal","isPartOf":{"@id":"https:\/\/www.artisanlocal.ch\/c\/#website"},"primaryImageOfPage":{"@id":"https:\/\/www.artisanlocal.ch\/c\/vos-stores-fermetures-et-fenetres-a-st-blaise\/#primaryimage"},"image":{"@id":"https:\/\/www.artisanlocal.ch\/c\/vos-stores-fermetures-et-fenetres-a-st-blaise\/#primaryimage"},"thumbnailUrl":"https:\/\/www.artisanlocal.ch\/c\/wp-content\/uploads\/2024\/12\/storiste.jpg","datePublished":"2024-12-01T18:16:18+00:00","dateModified":"2025-08-26T17:24:18+00:00","breadcrumb":{"@id":"https:\/\/www.artisanlocal.ch\/c\/vos-stores-fermetures-et-fenetres-a-st-blaise\/#breadcrumb"},"inLanguage":"fr-FR","potentialAction":[{"@type":"ReadAction","target":["https:\/\/www.artisanlocal.ch\/c\/vos-stores-fermetures-et-fenetres-a-st-blaise\/"]}]},{"@type":"ImageObject","inLanguage":"fr-FR","@id":"https:\/\/www.artisanlocal.ch\/c\/vos-stores-fermetures-et-fenetres-a-st-blaise\/#primaryimage","url":"https:\/\/www.artisanlocal.ch\/c\/wp-content\/uploads\/2024\/12\/storiste.jpg","contentUrl":"https:\/\/www.artisanlocal.ch\/c\/wp-content\/uploads\/2024\/12\/storiste.jpg","width":1920,"height":300},{"@type":"BreadcrumbList","@id":"https:\/\/www.artisanlocal.ch\/c\/vos-stores-fermetures-et-fenetres-a-st-blaise\/#breadcrumb","itemListElement":[{"@type":"ListItem","position":1,"name":"Accueil","item":"https:\/\/www.artisanlocal.ch\/c\/"},{"@type":"ListItem","position":2,"name":"Vos stores, fermetures, et fen\u00eatres \u00e0 St-Blaise"}]},{"@type":"WebSite","@id":"https:\/\/www.artisanlocal.ch\/c\/#website","url":"https:\/\/www.artisanlocal.ch\/c\/","name":"Artisanlocal","description":"","publisher":{"@id":"https:\/\/www.artisanlocal.ch\/c\/#organization"},"potentialAction":[{"@type":"SearchAction","target":{"@type":"EntryPoint","urlTemplate":"https:\/\/www.artisanlocal.ch\/c\/?s={search_term_string}"},"query-input":{"@type":"PropertyValueSpecification","valueRequired":true,"valueName":"search_term_string"}}],"inLanguage":"fr-FR"},{"@type":"Organization","@id":"https:\/\/www.artisanlocal.ch\/c\/#organization","name":"Artisanlocal","url":"https:\/\/www.artisanlocal.ch\/c\/","logo":{"@type":"ImageObject","inLanguage":"fr-FR","@id":"https:\/\/www.artisanlocal.ch\/c\/#\/schema\/logo\/image\/","url":"https:\/\/www.artisanlocal.ch\/c\/wp-content\/uploads\/2024\/02\/logo-artisanlocal-h.svg","contentUrl":"https:\/\/www.artisanlocal.ch\/c\/wp-content\/uploads\/2024\/02\/logo-artisanlocal-h.svg","caption":"Artisanlocal"},"image":{"@id":"https:\/\/www.artisanlocal.ch\/c\/#\/schema\/logo\/image\/"}}]}},"_links":{"self":[{"href":"https:\/\/www.artisanlocal.ch\/c\/wp-json\/wp\/v2\/pages\/3014","targetHints":{"allow":["GET"]}}],"collection":[{"href":"https:\/\/www.artisanlocal.ch\/c\/wp-json\/wp\/v2\/pages"}],"about":[{"href":"https:\/\/www.artisanlocal.ch\/c\/wp-json\/wp\/v2\/types\/page"}],"author":[{"embeddable":true,"href":"https:\/\/www.artisanlocal.ch\/c\/wp-json\/wp\/v2\/users\/4"}],"replies":[{"embeddable":true,"href":"https:\/\/www.artisanlocal.ch\/c\/wp-json\/wp\/v2\/comments?post=3014"}],"version-history":[{"count":0,"href":"https:\/\/www.artisanlocal.ch\/c\/wp-json\/wp\/v2\/pages\/3014\/revisions"}],"wp:featuredmedia":[{"embeddable":true,"href":"https:\/\/www.artisanlocal.ch\/c\/wp-json\/wp\/v2\/media\/3071"}],"wp:attachment":[{"href":"https:\/\/www.artisanlocal.ch\/c\/wp-json\/wp\/v2\/media?parent=3014"}],"wp:term":[{"taxonomy":"profession","embeddable":true,"href":"https:\/\/www.artisanlocal.ch\/c\/wp-json\/wp\/v2\/profession?post=3014"},{"taxonomy":"location","embeddable":true,"href":"https:\/\/www.artisanlocal.ch\/c\/wp-json\/wp\/v2\/location?post=3014"},{"taxonomy":"canton","embeddable":true,"href":"https:\/\/www.artisanlocal.ch\/c\/wp-json\/wp\/v2\/canton?post=3014"}],"curies":[{"name":"wp","href":"https:\/\/api.w.org\/{rel}","templated":true}]}}