{"id":3018,"date":"2024-11-25T20:05:03","date_gmt":"2024-11-25T19:05:03","guid":{"rendered":"https:\/\/www.artisanlocal.ch\/c\/vos-stores-fenetres-et-fermetures-a-meyrin\/"},"modified":"2025-08-26T19:24:50","modified_gmt":"2025-08-26T17:24:50","slug":"vos-stores-fenetres-et-fermetures-a-meyrin","status":"publish","type":"page","link":"https:\/\/www.artisanlocal.ch\/c\/vos-stores-fenetres-et-fermetures-a-meyrin\/","title":{"rendered":"Vos stores, fen\u00eatres, et fermetures \u00e0 Meyrin"},"content":{"rendered":"<p>Artisanlocal est une soci\u00e9t\u00e9 sp\u00e9cialis\u00e9e dans la mise en place de stores, lambrequin lumineux, enseignes et accessoires de terrasses, \u00e0 Meyrin et dans les communes \u00e0 proximit\u00e9.<\/p>\n\r\n<div class=\"box\">\r\n            <div class=\"company-info\">\r\n            <img decoding=\"async\" class=\"company-info__logo\" src=\"https:\/\/www.artisanlocal.ch\/media\/cache\/thumb\/images\/companies\/697c87e85ab57706145218.png\" alt=\"Logo\">\r\n            <h2 class=\"company-info__name\">COSTA STORES S\u00e0rl<\/h2>\r\n            <p class=\"company-info__business\">Stores - Protection solaire - Fen\u00eatres - Conseils - Vente - Pose - R\u00e9paration<\/p>\r\n        <\/div>\r\n        <div class=\"company-contact\">\r\n            <p class=\"company-info__address\">Route de Satigny 6<\/p>\r\n                            <div class=\"links\">\r\n                                            <a class=\"btn has-accent-background-color js-phoneNumber\" href=\"tel:0797446071\" title=\"Appelez\" data-id=\"12089\" data-type=\"11\">079 744 60 71<\/a>\r\n                                                                <a class=\"btn has-accent-background-color\" href=\"http:\/\/www.costa-stores.ch\/\" target=\"_blank\" title=\"Voir le site internet\" data-id=\"12089\" data-type=\"20\">Site internet<\/a>\r\n                                    <\/div>\r\n                    <\/div>\r\n    \r\n            \r\n<form action=\"https:\/\/www.artisanlocal.ch\/c\/wp-admin\/admin-ajax.php\" method=\"post\" class=\"form-contact\" id=\"artisan_form_contact_company_inline\">\r\n    <div><input type=\"hidden\" name=\"action\" value=\"company_contact\"><\/div>\r\n    <div><input type=\"hidden\" name=\"nonce\" value=\"f071462bb9\"><\/div>\r\n    <div><input type=\"hidden\" name=\"company_id\" value=\"12089\"><\/div>\r\n    <div><input type=\"hidden\" name=\"form_id\" value=\"artisan_form_contact_company_inline\"><\/div>\r\n    <div class=\"gglcptch gglcptch_v3 gglcptch_custom\"><input type=\"hidden\" id=\"g-recaptcha-response\" name=\"g-recaptcha-response\" \/><br \/><div class=\"gglcptch_error_text\">La p\u00e9riode de v\u00e9rification reCAPTCHA a expir\u00e9. Veuillez recharger la page.<\/div><\/div>    <div class=\"form-content\">\r\n        <div class=\"form-group\">\r\n            <label for=\"contact_firstName\" class=\"required\">Pr\u00e9nom<\/label>\r\n            <input type=\"text\" name=\"firstName\" class=\"form-control\" required>\r\n        <\/div>\r\n        <div class=\"form-group\">\r\n            <label for=\"contact_lastName\" class=\"required\">Nom<\/label>\r\n            <input type=\"text\" name=\"lastName\" class=\"form-control\" required>\r\n        <\/div>\r\n        <div class=\"form-group\">\r\n            <label for=\"contact_email\" class=\"required\">Email<\/label>\r\n            <input type=\"email\" name=\"email\" class=\"form-control\" required>\r\n        <\/div>\r\n        <div class=\"form-group\">\r\n            <label for=\"contact_phone\" class=\"required\">Num\u00e9ro de t\u00e9l\u00e9phone<\/label>\r\n            <input type=\"tel\" name=\"phone\" class=\"form-control\" placeholder=\"0787117165\" pattern=\"^[0-9]{10}$\" required>\r\n        <\/div>\r\n        <div class=\"form-group\">\r\n            <label for=\"contact_postalCode\" class=\"required\">Code postal et localit\u00e9<\/label>\r\n            <input type=\"text\" name=\"postalCode\" class=\"form-control\" required>\r\n        <\/div>\r\n        <div class=\"form-group\">\r\n            <label for=\"contact_address\" class=\"required\">Adresse<\/label>\r\n            <input type=\"text\" name=\"address\" class=\"form-control\" required>\r\n        <\/div>\r\n        <div class=\"full-width topic\">\r\n            <p class=\"required\">Je souhaite \u00eatre contact\u00e9 pour :<\/p>\r\n            <div class=\"form-check\">\r\n                <input type=\"radio\" name=\"topic\" value=\"D\u00e9pannage\" class=\"form-control\" required>\r\n                <label for=\"d\u00e9pannage\">D\u00e9pannage<\/label>\r\n            <\/div>\r\n            <div class=\"form-check\">\r\n                <input type=\"radio\" name=\"topic\" value=\"Entretien\" class=\"form-control\" required>\r\n                <label for=\"entretien\">Entretien<\/label>\r\n            <\/div>\r\n            <div class=\"form-check\">\r\n                <input type=\"radio\" name=\"topic\" value=\"R\u00e9novation\" class=\"form-control\" required>\r\n                <label for=\"r\u00e9novation\">R\u00e9novation<\/label>\r\n            <\/div>\r\n            <div class=\"form-check\">\r\n                <input type=\"radio\" name=\"topic\" value=\"Autre\" class=\"form-control\" required>\r\n                <label for=\"autre\">Autre<\/label>\r\n            <\/div>\r\n        <\/div>\r\n        <div class=\"form-group full-width\">\r\n            <label for=\"contact_message\">Message<\/label>\r\n            <textarea name=\"message\" rows=\"3\" class=\"form-control\"><\/textarea>\r\n        <\/div>\r\n    <\/div>\r\n    <div class=\"form-actions\">\r\n        <button class=\"wp-block-button__link has-accent-background-color\">Contacter<\/button>\r\n    <\/div>\r\n<\/form>\r\n<div class=\"form-feedback\"><\/div>    <\/div>\n<h2>Stores int\u00e9rieurs<\/h2>\n<p>Nos stores sur mesure pour votre int\u00e9rieur am\u00e9liorent l&rsquo;apparence de vos fen\u00eatres, contr\u00f4ler la luminosit\u00e9 et pr\u00e9servez votre intimit\u00e9. Nous offrons un large choix de stores : v\u00e9nitiens, textiles, pliss\u00e9s, bandes verticales, enrouleurs, enrouleurs avec coffre, rideaux, parois japonaises, bateaux et bateaux voilage.<\/p>\n<h2>Stores ext\u00e9rieurs personnalis\u00e9s pour vos fen\u00eatres<\/h2>\n<p>Nos stores ext\u00e9rieurs sur-mesure sont adapt\u00e9s pour cr\u00e9er des zones ombrag\u00e9es. D\u00e9couvrez notre s\u00e9lection de stores ext\u00e9rieurs : verri\u00e8res, loggias et v\u00e9randas, mais aussi fen\u00eatres, \u00e9quip\u00e9es de coffres, semi-coffres, bannes, \u00e0 bras t\u00e9lescopiques ou articul\u00e9s.<\/p>\n<h2>Pergolas bioclimatiques et pergolas<\/h2>\n<p>Si vous cherchez \u00e0 vous abriter de la pluie, nous vous conseillons de choisir une pergola. Nous avons une vaste gamme de pergolas : toiles de protection solaire verticale, \u00e0 lames r\u00e9tractables, avec panneaux verticaux ou \u00e0 toits fixes.<\/p>\n<h2>Lambrequins lumineux<\/h2>\n<p>Nos lambrequins lumineux vous aident \u00e0 am\u00e9liorer la visibilit\u00e9 de nuit : de votre commerce, magasin, commerces, brasserie, restaurant ou h\u00f4tel.&nbsp;<\/p>\n<h2>Rentoilage de toiles du store banne ou pergola<\/h2>\n<p>Notre entreprise propose \u00e9galement le rentoilage de stores banne qui permet d&rsquo;\u00e9viter le changement total du store.<\/p>\n<h2>Nos fen\u00eatres bois &amp; aluminium<\/h2>\n<p>Si vous avez d\u00e9cid\u00e9 de changer vos fen\u00eatres. Nous construisons et mettons en place vos fen\u00eatres coulissantes et battantes : PVC, en bois ou aluminium.<\/p>\n<h2>Installation de volets roulants avec ou sans motorisation \u00e0 Meyrin<\/h2>\n<p>Pour am\u00e9liorer la protection phonique, thermique ou solaire, privil\u00e9gier nos Volets roulants manuels ou \u00e9lectriques : solaires, aluminium, persiennes, bois ou m\u00e9talliques.<\/p>\n<h2>Nos films pour vitrages et stores sur mesure de qualit\u00e9<\/h2>\n<p>Nos films solaires sans tains vous permettent de contr\u00f4ler la temp\u00e9rature de votre maison, de renforcer votre s\u00e9curit\u00e9 en prot\u00e9geant votre intimit\u00e9 des regards, et r\u00e9duit l&rsquo;impact de l&rsquo;exposition aux UV.<\/p>\n<h2>Menuiserie \u00e0 Meyrin<\/h2>\n<p>Nous proposons une large gamme de produits, par exemple les :<\/p>\n<ul>\n<li>Portes et portails.<\/li>\n<li>Domotiques.<\/li>\n<li>Fen\u00eatres.<\/li>\n<li>Portes de garage.<\/li>\n<li>Carport.<\/li>\n<li>Garde-corps ext\u00e9rieurs.<\/li>\n<li>Volets.<\/li>\n<li>Alarmes.<\/li>\n<\/ul>\n<h2>Nos secteurs d&rsquo;activit\u00e9<\/h2>\n<h3>Les soci\u00e9t\u00e9s : caf\u00e9s, commerces de proximit\u00e9, brasseries et restaurants<\/h3>\n<p>Notre entreprise est experte dans la cr\u00e9ation, la fabrication, et l\u2019installation de stores pour les soci\u00e9t\u00e9s \u00e0 Meyrin, tels que : les restaurants, bureaux et boutiques.&nbsp;<\/p>\n<h3>Les particuliers et les copropri\u00e9t\u00e9s<\/h3>\n<p>Nous intervenons chez les particuliers et dans les copropri\u00e9t\u00e9s pour poser vos pergolas, pergolas bioclimatiques, volets battants, fen\u00eatres, stores de terrasse, v\u00e9randas, volets roulants et stores int\u00e9rieurs.<\/p>\n<h2>Nos services<\/h2>\n<h3>Conception technique<\/h3>\n<p>Nous construisons tous les stores sur mesures et en fonction de vos probl\u00e9matiques et besoins.<\/p>\n<h3>Pose personnalis\u00e9<\/h3>\n<p>Nos techniciens op\u00e8rent \u00e0 Meyrin pour panifier et poser vos stores en fonction de vos attentes.<\/p>\n<h3>R\u00e9paration &amp; remplacement\u200b<\/h3>\n<p>Les storistes d&rsquo;Artisanlocal changent les parties de vos stores, au cours de leur intervention, ils remplacent les parties d\u00e9fectueuses.<\/p>\n<h3>Entretien sur-mesure de tous vos stores<\/h3>\n<p>Un service d&rsquo;entretien effectu\u00e9 ponctuellement permet d\u2019augmenter la dur\u00e9e de vie de vos stores. Pour cela, un storiste doit se d\u00e9placer \u00e0 votre domicile et inspecter l\u2019\u00e9tat de votre store et si cela s\u2019av\u00e8re n\u00e9cessaire r\u00e9aliser la r\u00e9paration, le remplacement ou le rentoilage.<\/p>\n<h3>Options<\/h3>\n<p>Nous proposons diff\u00e9rentes options d\u2019ouverture (manuelle ou \u00e9lectrique) pour les portes de garage, les volets et les stores.<\/p>\n<h2>Pourquoi choisir Artisanlocal. Ch ?<\/h2>\n<p>Notre entreprise implant\u00e9e \u00e0 Meyrin est sp\u00e9cialis\u00e9e dans la pose et la r\u00e9paration des stores. Nous vous guidons de A \u00e0 Z, de l\u2019audit de votre besoin \u00e0 la pose.<\/p>\n<h3>Collection de stores<\/h3>\n<p>Nous proposons un large choix de stores int\u00e9rieurs et ext\u00e9rieurs.<\/p>\n<h3>Devis gratuits<\/h3>\n<p>Obtenez un devis gratuit. Nos estimations sont d\u00e9taill\u00e9es et transparentes.&nbsp;<\/p>\n<h3>\u00c9valuation<\/h3>\n<p>Nous analysons toujours la faisabilit\u00e9 des projets, et nous \u00e9laborons des plans sur mesures pour associer de la meilleure fa\u00e7on vos stores en tenant compte vos probl\u00e9matiques et vos besoins.<\/p>\n<h3>Store haut de gamme<\/h3>\n<p>Nous utilisons des mat\u00e9riaux de haute qualit\u00e9 pour les stores que nous installons.<\/p>\n<h3>D\u00e9pannage rapide \u00e0 Meyrin<\/h3>\n<p>Notre entreprise est \u00e9tablie au centre de Meyrin pour op\u00e9rer rapidement \u00e0 votre domicile.<\/p>\n<h2>FAQ<\/h2>\n<h3>Les stores existants peuvent-ils \u00eatre motoris\u00e9s ?<\/h3>\n<p>Oui, nos techniciens storistes peuvent motoriser vos stores sous certaines conditions. Un de nos artisans se d\u00e9place \u00e0 votre domicile pour \u00e9valuer la viabilit\u00e9 du projet.<\/p>\n<h3>Votre entreprise intervient-elle dans les villes proches de Meyrin ? ?<\/h3>\n<p>Oui, nos artisans op\u00e8rent \u00e0 Meyrin, \u00e9galement dans les communes \u00e0 proximit\u00e9, telles que : Gen\u00e8ve, Vernier, Cointrin, Le Grand-Saconnex, Ch\u00e2telaine, Le Lignon, Les Avanchets, Collex, Satigny, Russin, Dardagny, La Plaine, Chamb\u00e9sy.<\/p>\n","protected":false},"excerpt":{"rendered":"<p>Artisanlocal est une soci\u00e9t\u00e9 sp\u00e9cialis\u00e9e dans la mise en place de stores, lambrequin lumineux, enseignes et accessoires de terrasses, \u00e0 Meyrin et dans les communes \u00e0 proximit\u00e9. Stores int\u00e9rieurs Nos stores sur mesure pour votre int\u00e9rieur am\u00e9liorent l&rsquo;apparence de vos fen\u00eatres, contr\u00f4ler la luminosit\u00e9 et pr\u00e9servez votre intimit\u00e9. Nous offrons un large choix de stores [&hellip;]<\/p>\n","protected":false},"author":4,"featured_media":3071,"parent":0,"menu_order":0,"comment_status":"closed","ping_status":"closed","template":"","meta":{"footnotes":""},"profession":[130],"location":[50],"canton":[112],"class_list":["post-3018","page","type-page","status-publish","has-post-thumbnail","hentry","profession-storiste","location-meyrin","canton-ge"],"yoast_head":"<!-- This site is optimized with the Yoast SEO Premium plugin v25.7.1 (Yoast SEO v27.4) - https:\/\/yoast.com\/product\/yoast-seo-premium-wordpress\/ -->\n<title>Vos stores, fen\u00eatres, et fermetures \u00e0 Meyrin - Artisanlocal<\/title>\n<meta name=\"robots\" content=\"index, follow, max-snippet:-1, max-image-preview:large, max-video-preview:-1\" \/>\n<link rel=\"canonical\" href=\"https:\/\/www.artisanlocal.ch\/c\/vos-stores-fenetres-et-fermetures-a-meyrin\/\" \/>\n<meta property=\"og:locale\" content=\"fr_FR\" \/>\n<meta property=\"og:type\" content=\"article\" \/>\n<meta property=\"og:title\" content=\"Vos stores, fen\u00eatres, et fermetures \u00e0 Meyrin\" \/>\n<meta property=\"og:description\" content=\"Artisanlocal est une soci\u00e9t\u00e9 sp\u00e9cialis\u00e9e dans la mise en place de stores, lambrequin lumineux, enseignes et accessoires de terrasses, \u00e0 Meyrin et dans les communes \u00e0 proximit\u00e9. Stores int\u00e9rieurs Nos stores sur mesure pour votre int\u00e9rieur am\u00e9liorent l&rsquo;apparence de vos fen\u00eatres, contr\u00f4ler la luminosit\u00e9 et pr\u00e9servez votre intimit\u00e9. Nous offrons un large choix de stores [&hellip;]\" \/>\n<meta property=\"og:url\" content=\"https:\/\/www.artisanlocal.ch\/c\/vos-stores-fenetres-et-fermetures-a-meyrin\/\" \/>\n<meta property=\"og:site_name\" content=\"Artisanlocal\" \/>\n<meta property=\"article:modified_time\" content=\"2025-08-26T17:24:50+00:00\" \/>\n<meta property=\"og:image\" content=\"https:\/\/www.artisanlocal.ch\/c\/wp-content\/uploads\/2024\/12\/storiste.jpg\" \/>\n\t<meta property=\"og:image:width\" content=\"1920\" \/>\n\t<meta property=\"og:image:height\" content=\"300\" \/>\n\t<meta property=\"og:image:type\" content=\"image\/jpeg\" \/>\n<meta name=\"twitter:card\" content=\"summary_large_image\" \/>\n<meta name=\"twitter:label1\" content=\"Dur\u00e9e de lecture estim\u00e9e\" \/>\n\t<meta name=\"twitter:data1\" content=\"4 minutes\" \/>\n<script type=\"application\/ld+json\" class=\"yoast-schema-graph\">{\"@context\":\"https:\\\/\\\/schema.org\",\"@graph\":[{\"@type\":\"WebPage\",\"@id\":\"https:\\\/\\\/www.artisanlocal.ch\\\/c\\\/vos-stores-fenetres-et-fermetures-a-meyrin\\\/\",\"url\":\"https:\\\/\\\/www.artisanlocal.ch\\\/c\\\/vos-stores-fenetres-et-fermetures-a-meyrin\\\/\",\"name\":\"Vos stores, fen\u00eatres, et fermetures \u00e0 Meyrin - Artisanlocal\",\"isPartOf\":{\"@id\":\"https:\\\/\\\/www.artisanlocal.ch\\\/c\\\/#website\"},\"primaryImageOfPage\":{\"@id\":\"https:\\\/\\\/www.artisanlocal.ch\\\/c\\\/vos-stores-fenetres-et-fermetures-a-meyrin\\\/#primaryimage\"},\"image\":{\"@id\":\"https:\\\/\\\/www.artisanlocal.ch\\\/c\\\/vos-stores-fenetres-et-fermetures-a-meyrin\\\/#primaryimage\"},\"thumbnailUrl\":\"https:\\\/\\\/www.artisanlocal.ch\\\/c\\\/wp-content\\\/uploads\\\/2024\\\/12\\\/storiste.jpg\",\"datePublished\":\"2024-11-25T19:05:03+00:00\",\"dateModified\":\"2025-08-26T17:24:50+00:00\",\"breadcrumb\":{\"@id\":\"https:\\\/\\\/www.artisanlocal.ch\\\/c\\\/vos-stores-fenetres-et-fermetures-a-meyrin\\\/#breadcrumb\"},\"inLanguage\":\"fr-FR\",\"potentialAction\":[{\"@type\":\"ReadAction\",\"target\":[\"https:\\\/\\\/www.artisanlocal.ch\\\/c\\\/vos-stores-fenetres-et-fermetures-a-meyrin\\\/\"]}]},{\"@type\":\"ImageObject\",\"inLanguage\":\"fr-FR\",\"@id\":\"https:\\\/\\\/www.artisanlocal.ch\\\/c\\\/vos-stores-fenetres-et-fermetures-a-meyrin\\\/#primaryimage\",\"url\":\"https:\\\/\\\/www.artisanlocal.ch\\\/c\\\/wp-content\\\/uploads\\\/2024\\\/12\\\/storiste.jpg\",\"contentUrl\":\"https:\\\/\\\/www.artisanlocal.ch\\\/c\\\/wp-content\\\/uploads\\\/2024\\\/12\\\/storiste.jpg\",\"width\":1920,\"height\":300},{\"@type\":\"BreadcrumbList\",\"@id\":\"https:\\\/\\\/www.artisanlocal.ch\\\/c\\\/vos-stores-fenetres-et-fermetures-a-meyrin\\\/#breadcrumb\",\"itemListElement\":[{\"@type\":\"ListItem\",\"position\":1,\"name\":\"Accueil\",\"item\":\"https:\\\/\\\/www.artisanlocal.ch\\\/c\\\/\"},{\"@type\":\"ListItem\",\"position\":2,\"name\":\"Vos stores, fen\u00eatres, et fermetures \u00e0 Meyrin\"}]},{\"@type\":\"WebSite\",\"@id\":\"https:\\\/\\\/www.artisanlocal.ch\\\/c\\\/#website\",\"url\":\"https:\\\/\\\/www.artisanlocal.ch\\\/c\\\/\",\"name\":\"Artisanlocal\",\"description\":\"\",\"publisher\":{\"@id\":\"https:\\\/\\\/www.artisanlocal.ch\\\/c\\\/#organization\"},\"potentialAction\":[{\"@type\":\"SearchAction\",\"target\":{\"@type\":\"EntryPoint\",\"urlTemplate\":\"https:\\\/\\\/www.artisanlocal.ch\\\/c\\\/?s={search_term_string}\"},\"query-input\":{\"@type\":\"PropertyValueSpecification\",\"valueRequired\":true,\"valueName\":\"search_term_string\"}}],\"inLanguage\":\"fr-FR\"},{\"@type\":\"Organization\",\"@id\":\"https:\\\/\\\/www.artisanlocal.ch\\\/c\\\/#organization\",\"name\":\"Artisanlocal\",\"url\":\"https:\\\/\\\/www.artisanlocal.ch\\\/c\\\/\",\"logo\":{\"@type\":\"ImageObject\",\"inLanguage\":\"fr-FR\",\"@id\":\"https:\\\/\\\/www.artisanlocal.ch\\\/c\\\/#\\\/schema\\\/logo\\\/image\\\/\",\"url\":\"https:\\\/\\\/www.artisanlocal.ch\\\/c\\\/wp-content\\\/uploads\\\/2024\\\/02\\\/logo-artisanlocal-h.svg\",\"contentUrl\":\"https:\\\/\\\/www.artisanlocal.ch\\\/c\\\/wp-content\\\/uploads\\\/2024\\\/02\\\/logo-artisanlocal-h.svg\",\"caption\":\"Artisanlocal\"},\"image\":{\"@id\":\"https:\\\/\\\/www.artisanlocal.ch\\\/c\\\/#\\\/schema\\\/logo\\\/image\\\/\"}}]}<\/script>\n<!-- \/ Yoast SEO Premium plugin. -->","yoast_head_json":{"title":"Vos stores, fen\u00eatres, et fermetures \u00e0 Meyrin - Artisanlocal","robots":{"index":"index","follow":"follow","max-snippet":"max-snippet:-1","max-image-preview":"max-image-preview:large","max-video-preview":"max-video-preview:-1"},"canonical":"https:\/\/www.artisanlocal.ch\/c\/vos-stores-fenetres-et-fermetures-a-meyrin\/","og_locale":"fr_FR","og_type":"article","og_title":"Vos stores, fen\u00eatres, et fermetures \u00e0 Meyrin","og_description":"Artisanlocal est une soci\u00e9t\u00e9 sp\u00e9cialis\u00e9e dans la mise en place de stores, lambrequin lumineux, enseignes et accessoires de terrasses, \u00e0 Meyrin et dans les communes \u00e0 proximit\u00e9. Stores int\u00e9rieurs Nos stores sur mesure pour votre int\u00e9rieur am\u00e9liorent l&rsquo;apparence de vos fen\u00eatres, contr\u00f4ler la luminosit\u00e9 et pr\u00e9servez votre intimit\u00e9. Nous offrons un large choix de stores [&hellip;]","og_url":"https:\/\/www.artisanlocal.ch\/c\/vos-stores-fenetres-et-fermetures-a-meyrin\/","og_site_name":"Artisanlocal","article_modified_time":"2025-08-26T17:24:50+00:00","og_image":[{"width":1920,"height":300,"url":"https:\/\/www.artisanlocal.ch\/c\/wp-content\/uploads\/2024\/12\/storiste.jpg","type":"image\/jpeg"}],"twitter_card":"summary_large_image","twitter_misc":{"Dur\u00e9e de lecture estim\u00e9e":"4 minutes"},"schema":{"@context":"https:\/\/schema.org","@graph":[{"@type":"WebPage","@id":"https:\/\/www.artisanlocal.ch\/c\/vos-stores-fenetres-et-fermetures-a-meyrin\/","url":"https:\/\/www.artisanlocal.ch\/c\/vos-stores-fenetres-et-fermetures-a-meyrin\/","name":"Vos stores, fen\u00eatres, et fermetures \u00e0 Meyrin - Artisanlocal","isPartOf":{"@id":"https:\/\/www.artisanlocal.ch\/c\/#website"},"primaryImageOfPage":{"@id":"https:\/\/www.artisanlocal.ch\/c\/vos-stores-fenetres-et-fermetures-a-meyrin\/#primaryimage"},"image":{"@id":"https:\/\/www.artisanlocal.ch\/c\/vos-stores-fenetres-et-fermetures-a-meyrin\/#primaryimage"},"thumbnailUrl":"https:\/\/www.artisanlocal.ch\/c\/wp-content\/uploads\/2024\/12\/storiste.jpg","datePublished":"2024-11-25T19:05:03+00:00","dateModified":"2025-08-26T17:24:50+00:00","breadcrumb":{"@id":"https:\/\/www.artisanlocal.ch\/c\/vos-stores-fenetres-et-fermetures-a-meyrin\/#breadcrumb"},"inLanguage":"fr-FR","potentialAction":[{"@type":"ReadAction","target":["https:\/\/www.artisanlocal.ch\/c\/vos-stores-fenetres-et-fermetures-a-meyrin\/"]}]},{"@type":"ImageObject","inLanguage":"fr-FR","@id":"https:\/\/www.artisanlocal.ch\/c\/vos-stores-fenetres-et-fermetures-a-meyrin\/#primaryimage","url":"https:\/\/www.artisanlocal.ch\/c\/wp-content\/uploads\/2024\/12\/storiste.jpg","contentUrl":"https:\/\/www.artisanlocal.ch\/c\/wp-content\/uploads\/2024\/12\/storiste.jpg","width":1920,"height":300},{"@type":"BreadcrumbList","@id":"https:\/\/www.artisanlocal.ch\/c\/vos-stores-fenetres-et-fermetures-a-meyrin\/#breadcrumb","itemListElement":[{"@type":"ListItem","position":1,"name":"Accueil","item":"https:\/\/www.artisanlocal.ch\/c\/"},{"@type":"ListItem","position":2,"name":"Vos stores, fen\u00eatres, et fermetures \u00e0 Meyrin"}]},{"@type":"WebSite","@id":"https:\/\/www.artisanlocal.ch\/c\/#website","url":"https:\/\/www.artisanlocal.ch\/c\/","name":"Artisanlocal","description":"","publisher":{"@id":"https:\/\/www.artisanlocal.ch\/c\/#organization"},"potentialAction":[{"@type":"SearchAction","target":{"@type":"EntryPoint","urlTemplate":"https:\/\/www.artisanlocal.ch\/c\/?s={search_term_string}"},"query-input":{"@type":"PropertyValueSpecification","valueRequired":true,"valueName":"search_term_string"}}],"inLanguage":"fr-FR"},{"@type":"Organization","@id":"https:\/\/www.artisanlocal.ch\/c\/#organization","name":"Artisanlocal","url":"https:\/\/www.artisanlocal.ch\/c\/","logo":{"@type":"ImageObject","inLanguage":"fr-FR","@id":"https:\/\/www.artisanlocal.ch\/c\/#\/schema\/logo\/image\/","url":"https:\/\/www.artisanlocal.ch\/c\/wp-content\/uploads\/2024\/02\/logo-artisanlocal-h.svg","contentUrl":"https:\/\/www.artisanlocal.ch\/c\/wp-content\/uploads\/2024\/02\/logo-artisanlocal-h.svg","caption":"Artisanlocal"},"image":{"@id":"https:\/\/www.artisanlocal.ch\/c\/#\/schema\/logo\/image\/"}}]}},"_links":{"self":[{"href":"https:\/\/www.artisanlocal.ch\/c\/wp-json\/wp\/v2\/pages\/3018","targetHints":{"allow":["GET"]}}],"collection":[{"href":"https:\/\/www.artisanlocal.ch\/c\/wp-json\/wp\/v2\/pages"}],"about":[{"href":"https:\/\/www.artisanlocal.ch\/c\/wp-json\/wp\/v2\/types\/page"}],"author":[{"embeddable":true,"href":"https:\/\/www.artisanlocal.ch\/c\/wp-json\/wp\/v2\/users\/4"}],"replies":[{"embeddable":true,"href":"https:\/\/www.artisanlocal.ch\/c\/wp-json\/wp\/v2\/comments?post=3018"}],"version-history":[{"count":0,"href":"https:\/\/www.artisanlocal.ch\/c\/wp-json\/wp\/v2\/pages\/3018\/revisions"}],"wp:featuredmedia":[{"embeddable":true,"href":"https:\/\/www.artisanlocal.ch\/c\/wp-json\/wp\/v2\/media\/3071"}],"wp:attachment":[{"href":"https:\/\/www.artisanlocal.ch\/c\/wp-json\/wp\/v2\/media?parent=3018"}],"wp:term":[{"taxonomy":"profession","embeddable":true,"href":"https:\/\/www.artisanlocal.ch\/c\/wp-json\/wp\/v2\/profession?post=3018"},{"taxonomy":"location","embeddable":true,"href":"https:\/\/www.artisanlocal.ch\/c\/wp-json\/wp\/v2\/location?post=3018"},{"taxonomy":"canton","embeddable":true,"href":"https:\/\/www.artisanlocal.ch\/c\/wp-json\/wp\/v2\/canton?post=3018"}],"curies":[{"name":"wp","href":"https:\/\/api.w.org\/{rel}","templated":true}]}}