{"id":3042,"date":"2024-11-26T09:23:01","date_gmt":"2024-11-26T08:23:01","guid":{"rendered":"https:\/\/www.artisanlocal.ch\/c\/votre-specialiste-stores-et-fermetures-sur-mesure-a-mezieres\/"},"modified":"2025-08-26T19:24:43","modified_gmt":"2025-08-26T17:24:43","slug":"votre-specialiste-stores-et-fermetures-sur-mesure-a-mezieres","status":"publish","type":"page","link":"https:\/\/www.artisanlocal.ch\/c\/votre-specialiste-stores-et-fermetures-sur-mesure-a-mezieres\/","title":{"rendered":"Votre sp\u00e9cialiste stores et fermetures sur mesure \u00e0 M\u00e9zi\u00e8res VD"},"content":{"rendered":"<p>Notre soci\u00e9t\u00e9 est sp\u00e9cialis\u00e9e dans l&rsquo;installation de stores, enseignes, accessoires pour terrasses et lambrequins lumineux, intervient \u00e0 M\u00e9zi\u00e8res VD et dans les villes aux alentours.<\/p>\n\r\n<div class=\"box\">\r\n            <div class=\"company-info\">\r\n            <img decoding=\"async\" class=\"company-info__logo\" src=\"https:\/\/www.artisanlocal.ch\/media\/cache\/thumb\/images\/companies\/697c86ce42e13553717960.png\" alt=\"Logo\">\r\n            <h2 class=\"company-info__name\">T & C Stores S\u00e0rl<\/h2>\r\n            <p class=\"company-info__business\">Stores - Protection contre le soleil - Protection contre les insectes - Conseils - Pose - Entretien - R\u00e9paration<\/p>\r\n        <\/div>\r\n        <div class=\"company-contact\">\r\n            <p class=\"company-info__address\">Route de la Mortigue 10<\/p>\r\n                            <div class=\"links\">\r\n                                            <a class=\"btn has-accent-background-color js-phoneNumber\" href=\"tel:0218876906\" title=\"Appelez\" data-id=\"3093\" data-type=\"11\">021 887 69 06<\/a>\r\n                                                                <a class=\"btn has-accent-background-color\" href=\"http:\/\/www.tec-stores.ch\/\" target=\"_blank\" title=\"Voir le site internet\" data-id=\"3093\" data-type=\"20\">Site internet<\/a>\r\n                                    <\/div>\r\n                    <\/div>\r\n    \r\n            \r\n<form action=\"https:\/\/www.artisanlocal.ch\/c\/wp-admin\/admin-ajax.php\" method=\"post\" class=\"form-contact\" id=\"artisan_form_contact_company_inline\">\r\n    <div><input type=\"hidden\" name=\"action\" value=\"company_contact\"><\/div>\r\n    <div><input type=\"hidden\" name=\"nonce\" value=\"6859128e1a\"><\/div>\r\n    <div><input type=\"hidden\" name=\"company_id\" value=\"3093\"><\/div>\r\n    <div><input type=\"hidden\" name=\"form_id\" value=\"artisan_form_contact_company_inline\"><\/div>\r\n    <div class=\"gglcptch gglcptch_v3 gglcptch_custom\"><input type=\"hidden\" id=\"g-recaptcha-response\" name=\"g-recaptcha-response\" \/><br \/><div class=\"gglcptch_error_text\">La p\u00e9riode de v\u00e9rification reCAPTCHA a expir\u00e9. Veuillez recharger la page.<\/div><\/div>    <div class=\"form-content\">\r\n        <div class=\"form-group\">\r\n            <label for=\"contact_firstName\" class=\"required\">Pr\u00e9nom<\/label>\r\n            <input type=\"text\" name=\"firstName\" class=\"form-control\" required>\r\n        <\/div>\r\n        <div class=\"form-group\">\r\n            <label for=\"contact_lastName\" class=\"required\">Nom<\/label>\r\n            <input type=\"text\" name=\"lastName\" class=\"form-control\" required>\r\n        <\/div>\r\n        <div class=\"form-group\">\r\n            <label for=\"contact_email\" class=\"required\">Email<\/label>\r\n            <input type=\"email\" name=\"email\" class=\"form-control\" required>\r\n        <\/div>\r\n        <div class=\"form-group\">\r\n            <label for=\"contact_phone\" class=\"required\">Num\u00e9ro de t\u00e9l\u00e9phone<\/label>\r\n            <input type=\"tel\" name=\"phone\" class=\"form-control\" placeholder=\"0787117165\" pattern=\"^[0-9]{10}$\" required>\r\n        <\/div>\r\n        <div class=\"form-group\">\r\n            <label for=\"contact_postalCode\" class=\"required\">Code postal et localit\u00e9<\/label>\r\n            <input type=\"text\" name=\"postalCode\" class=\"form-control\" required>\r\n        <\/div>\r\n        <div class=\"form-group\">\r\n            <label for=\"contact_address\" class=\"required\">Adresse<\/label>\r\n            <input type=\"text\" name=\"address\" class=\"form-control\" required>\r\n        <\/div>\r\n        <div class=\"full-width topic\">\r\n            <p class=\"required\">Je souhaite \u00eatre contact\u00e9 pour :<\/p>\r\n            <div class=\"form-check\">\r\n                <input type=\"radio\" name=\"topic\" value=\"D\u00e9pannage\" class=\"form-control\" required>\r\n                <label for=\"d\u00e9pannage\">D\u00e9pannage<\/label>\r\n            <\/div>\r\n            <div class=\"form-check\">\r\n                <input type=\"radio\" name=\"topic\" value=\"Entretien\" class=\"form-control\" required>\r\n                <label for=\"entretien\">Entretien<\/label>\r\n            <\/div>\r\n            <div class=\"form-check\">\r\n                <input type=\"radio\" name=\"topic\" value=\"R\u00e9novation\" class=\"form-control\" required>\r\n                <label for=\"r\u00e9novation\">R\u00e9novation<\/label>\r\n            <\/div>\r\n            <div class=\"form-check\">\r\n                <input type=\"radio\" name=\"topic\" value=\"Autre\" class=\"form-control\" required>\r\n                <label for=\"autre\">Autre<\/label>\r\n            <\/div>\r\n        <\/div>\r\n        <div class=\"form-group full-width\">\r\n            <label for=\"contact_message\">Message<\/label>\r\n            <textarea name=\"message\" rows=\"3\" class=\"form-control\"><\/textarea>\r\n        <\/div>\r\n    <\/div>\r\n    <div class=\"form-actions\">\r\n        <button class=\"wp-block-button__link has-accent-background-color\">Contacter<\/button>\r\n    <\/div>\r\n<\/form>\r\n<div class=\"form-feedback\"><\/div>    <\/div>\n<h2>Stores int\u00e9rieurs<\/h2>\n<p>Nos stores int\u00e9rieurs sont cr\u00e9\u00e9s pour embellir l&rsquo;esth\u00e9tique de vos fen\u00eatres, contr\u00f4ler la lumi\u00e8re et prot\u00e9gez votre confidentialit\u00e9. Nous offrons un large choix de stores : v\u00e9nitiens, textiles, pliss\u00e9s, bandes verticales, enrouleurs, enrouleurs avec coffre, parois japonaises, rideaux, bateaux et bateaux voilage.<\/p>\n<h2>Stores ext\u00e9rieurs<\/h2>\n<p>Nos stores ext\u00e9rieurs permettent de cr\u00e9er des espaces ombrag\u00e9s sur votre terrasse ou balcon. D\u00e9couvrez notre choix de stores ext\u00e9rieurs : coffres et bannes, ou semi-coffres, articul\u00e9s ou \u00e0 bras t\u00e9lescopiques, de fen\u00eatre, mais aussi des loggias, v\u00e9randas ainsi que des verri\u00e8res.<\/p>\n<h2>Pergolas bioclimatiques et pergolas<\/h2>\n<p>Si vous cherchez une protection contre les pr\u00e9cipitations, nous vous sugg\u00e9rons de choisir une pergola. Nous avons une gamme de pergolas : \u00e0 lames r\u00e9tractables, \u00e0 toits fixes, toiles de protection solaire verticale ou avec panneaux verticaux.<\/p>\n<h2>Lambrequin lumineux LED<\/h2>\n<p>Nos lambrequins lumineux vous permettent d&rsquo;am\u00e9liorer la visibilit\u00e9 de nuit : de votre commerce, magasin, commerces, brasserie, restaurant ou h\u00f4tel.&nbsp;<\/p>\n<h2>Rentoilage de stores<\/h2>\n<p>Nous proposons \u00e9galement le changement de toile (rentoilage) de stores banne qui est une solution \u00e9conomique et vous permet d\u2019\u00e9viter le changement du store.<\/p>\n<h2>Nos fen\u00eatres bois &amp; aluminium<\/h2>\n<p>Si vous avez besoin de changer vos fen\u00eatres. Nous avons un choix de fen\u00eatres coulissantes et battantes : PVC, en bois ou aluminium.<\/p>\n<h2>Volet roulant \u00e9lectrique ou manuel<\/h2>\n<p>Les volets roulants offrent une meilleure isolation thermique, et une protection solaire et phonique. Ils diminuent les d\u00e9perditions \u00e9nerg\u00e9tiques : m\u00e9talliques, aluminium, persiennes, solaires ou bois.<\/p>\n<h2>Films de protection solaire<\/h2>\n<p>Le film solaire pour fen\u00eatre permet de r\u00e9duire la temp\u00e9rature ambiante de votre int\u00e9rieur, de renforcer votre s\u00e9curit\u00e9 en prot\u00e9geant votre intimit\u00e9 des regards, et r\u00e9duit l&rsquo;impact de l&rsquo;exposition aux UV.<\/p>\n<h2>Menuiserie M\u00e9zi\u00e8res VD : Alu, PVC, Bois<\/h2>\n<p>Nous proposons une gamme de produits, comme les :<\/p>\n<ul>\n<li>Fen\u00eatres.<\/li>\n<li>Volets.<\/li>\n<li>Portes et portails.<\/li>\n<li>Alarmes.<\/li>\n<li>Domotiques.<\/li>\n<li>Portes de garage.<\/li>\n<li>Carport.<\/li>\n<li>Garde-corps.<\/li>\n<\/ul>\n<h2>Nos secteurs d&rsquo;activit\u00e9<\/h2>\n<h3>Les entreprises : restaurants, brasseries, caf\u00e9s, boutiques<\/h3>\n<p>Notre entreprise est experte dans la cr\u00e9ation, la fabrication, et l\u2019installation de stores pour les entreprises \u00e0 M\u00e9zi\u00e8res VD, comme : les bureaux, les boutiques et les restaurants.&nbsp;<\/p>\n<h3>Les syndics de copropri\u00e9t\u00e9 et les particuliers<\/h3>\n<p>Nous op\u00e9rons dans les copropri\u00e9t\u00e9s et chez les particuliers pour poser vos fen\u00eatres, stores int\u00e9rieurs, stores de terrasse, v\u00e9randa, volets roulants, volets battants, pergolas et pergolas bioclimatiques.<\/p>\n<h2>Nos services<\/h2>\n<h3>Conception de stores sur mesure<\/h3>\n<p>Nous cr\u00e9ons tous les stores sur mesures et en fonction de vos probl\u00e9matiques et besoins.<\/p>\n<h3>Mise en place personnalis\u00e9<\/h3>\n<p>Nos techniciens interviennent \u00e0 M\u00e9zi\u00e8res VD pour prendre les mesures et poser vos stores en fonction de vos contraintes et vos d\u00e9sirs.<\/p>\n<h3>R\u00e9paration &amp; remplacement\u200b<\/h3>\n<p>Les storistes d&rsquo;Artisanlocal remplacent les parties de vos stores, lors de leur intervention, ils remplacent les parties d\u00e9fectueuses.<\/p>\n<h3>Service d\u2019entretien<\/h3>\n<p>Un entretien r\u00e9alis\u00e9 r\u00e9guli\u00e8rement permet d\u2019augmenter la long\u00e9vit\u00e9 de vos stores. Pour cela, un storiste doit intervenir chez vous et examiner l\u2019\u00e9tat de votre store et si n\u00e9cessaire r\u00e9aliser la r\u00e9paration, le remplacement ou le rentoilage.<\/p>\n<h3>Options<\/h3>\n<p>Nous proposons diff\u00e9rentes alternatives d\u2019ouverture (manuelle ou \u00e9lectrique) pour les portes de garage, les stores et les volets.<\/p>\n<h2>Pourquoi choisir notre soci\u00e9t\u00e9 ?<\/h2>\n<p>Notre entreprise implant\u00e9e \u00e0 M\u00e9zi\u00e8res VD est sp\u00e9cialis\u00e9e dans l\u2019installation et le d\u00e9pannage des stores. Nous vous accompagnons de A \u00e0 Z, de l&rsquo;\u00e9tude de votre besoin \u00e0 la pose.<\/p>\n<h3>Collection de stores<\/h3>\n<p>Nous proposons un large choix de stores ext\u00e9rieurs et int\u00e9rieurs.<\/p>\n<h3>Devis en ligne gratuit<\/h3>\n<p>Recevez un devis gratuit et sans engagement. Nos devis sont complets et transparents.&nbsp;<\/p>\n<h3>\u00c9tude de faisabilit\u00e9<\/h3>\n<p>Nous analysons toujours la viabilit\u00e9 des projets, en fonction de vos attentes, nous \u00e9laborons des plans sur mesure pour poser vos stores.<\/p>\n<h3>Mat\u00e9riaux premium<\/h3>\n<p>Les stores que nous posons sont cr\u00e9\u00e9s avec des mat\u00e9riaux de qualit\u00e9 pour garantir une bonne long\u00e9vit\u00e9.<\/p>\n<h3>Service rapide <\/h3>\n<p>Le storiste qui est localis\u00e9 \u00e0 M\u00e9zi\u00e8res VD op\u00e8re d\u00e8s que possible chez vous pour installer ou d\u00e9panner vos stores.<\/p>\n<h2>Questions &#8211; R\u00e9ponses<\/h2>\n<h3>Est-il possible de motoriser des stores pos\u00e9s ?<\/h3>\n<p>Oui, la m\u00e9canisation d&rsquo;un store est parfaitement faisable, mais sous certaines conditions. Un de nos techniciens doit se d\u00e9placer \u00e0 votre domicile pour \u00e9tudier la possibilit\u00e9 de votre projet.<\/p>\n<h3>Artisanlocal intervient dans les villes proches de M\u00e9zi\u00e8res VD ? ?<\/h3>\n<p>Oui, nos artisans op\u00e8rent \u00e0 M\u00e9zi\u00e8res VD, mais aussi dans les villes \u00e0 proximit\u00e9, par exemple : Peney-le-Jorat, Forel (Lavaux), Mollie-Margot, Savigny, Ferlens VD, Servion, Essertes, Les Cullayes, Montpreveyres, Corcelles-le-Jorat, Carrouge VD, Vulliens, Ropraz, Les Tavernes, Les Thioleyres, Pal\u00e9zieux, Pal\u00e9zieux-Village, Oron-le-Ch\u00e2tel, Chapelle (Gl\u00e2ne), Bussigny-sur-Oron, Chesalles-sur-Oron, Ch\u00e2tillens, Oron-la-Ville, Vuibroye, Le Cr\u00eat-pr\u00e8s-Semsales, Ecoteaux, Maracon.<\/p>\n","protected":false},"excerpt":{"rendered":"<p>Notre soci\u00e9t\u00e9 est sp\u00e9cialis\u00e9e dans l&rsquo;installation de stores, enseignes, accessoires pour terrasses et lambrequins lumineux, intervient \u00e0 M\u00e9zi\u00e8res VD et dans les villes aux alentours. Stores int\u00e9rieurs Nos stores int\u00e9rieurs sont cr\u00e9\u00e9s pour embellir l&rsquo;esth\u00e9tique de vos fen\u00eatres, contr\u00f4ler la lumi\u00e8re et prot\u00e9gez votre confidentialit\u00e9. Nous offrons un large choix de stores : v\u00e9nitiens, textiles, [&hellip;]<\/p>\n","protected":false},"author":4,"featured_media":3071,"parent":0,"menu_order":0,"comment_status":"closed","ping_status":"closed","template":"","meta":{"footnotes":""},"profession":[130],"location":[95],"canton":[113],"class_list":["post-3042","page","type-page","status-publish","has-post-thumbnail","hentry","profession-storiste","location-mezieres-vd","canton-vd"],"yoast_head":"<!-- This site is optimized with the Yoast SEO Premium plugin v25.7.1 (Yoast SEO v27.4) - https:\/\/yoast.com\/product\/yoast-seo-premium-wordpress\/ -->\n<title>Votre sp\u00e9cialiste stores et fermetures sur mesure \u00e0 M\u00e9zi\u00e8res VD - Artisanlocal<\/title>\n<meta name=\"robots\" content=\"index, follow, max-snippet:-1, max-image-preview:large, max-video-preview:-1\" \/>\n<link rel=\"canonical\" href=\"https:\/\/www.artisanlocal.ch\/c\/votre-specialiste-stores-et-fermetures-sur-mesure-a-mezieres\/\" \/>\n<meta property=\"og:locale\" content=\"fr_FR\" \/>\n<meta property=\"og:type\" content=\"article\" \/>\n<meta property=\"og:title\" content=\"Votre sp\u00e9cialiste stores et fermetures sur mesure \u00e0 M\u00e9zi\u00e8res VD\" \/>\n<meta property=\"og:description\" content=\"Notre soci\u00e9t\u00e9 est sp\u00e9cialis\u00e9e dans l&rsquo;installation de stores, enseignes, accessoires pour terrasses et lambrequins lumineux, intervient \u00e0 M\u00e9zi\u00e8res VD et dans les villes aux alentours. Stores int\u00e9rieurs Nos stores int\u00e9rieurs sont cr\u00e9\u00e9s pour embellir l&rsquo;esth\u00e9tique de vos fen\u00eatres, contr\u00f4ler la lumi\u00e8re et prot\u00e9gez votre confidentialit\u00e9. Nous offrons un large choix de stores : v\u00e9nitiens, textiles, [&hellip;]\" \/>\n<meta property=\"og:url\" content=\"https:\/\/www.artisanlocal.ch\/c\/votre-specialiste-stores-et-fermetures-sur-mesure-a-mezieres\/\" \/>\n<meta property=\"og:site_name\" content=\"Artisanlocal\" \/>\n<meta property=\"article:modified_time\" content=\"2025-08-26T17:24:43+00:00\" \/>\n<meta property=\"og:image\" content=\"https:\/\/www.artisanlocal.ch\/c\/wp-content\/uploads\/2024\/12\/storiste.jpg\" \/>\n\t<meta property=\"og:image:width\" content=\"1920\" \/>\n\t<meta property=\"og:image:height\" content=\"300\" \/>\n\t<meta property=\"og:image:type\" content=\"image\/jpeg\" \/>\n<meta name=\"twitter:card\" content=\"summary_large_image\" \/>\n<meta name=\"twitter:label1\" content=\"Dur\u00e9e de lecture estim\u00e9e\" \/>\n\t<meta name=\"twitter:data1\" content=\"4 minutes\" \/>\n<script type=\"application\/ld+json\" class=\"yoast-schema-graph\">{\"@context\":\"https:\\\/\\\/schema.org\",\"@graph\":[{\"@type\":\"WebPage\",\"@id\":\"https:\\\/\\\/www.artisanlocal.ch\\\/c\\\/votre-specialiste-stores-et-fermetures-sur-mesure-a-mezieres\\\/\",\"url\":\"https:\\\/\\\/www.artisanlocal.ch\\\/c\\\/votre-specialiste-stores-et-fermetures-sur-mesure-a-mezieres\\\/\",\"name\":\"Votre sp\u00e9cialiste stores et fermetures sur mesure \u00e0 M\u00e9zi\u00e8res VD - Artisanlocal\",\"isPartOf\":{\"@id\":\"https:\\\/\\\/www.artisanlocal.ch\\\/c\\\/#website\"},\"primaryImageOfPage\":{\"@id\":\"https:\\\/\\\/www.artisanlocal.ch\\\/c\\\/votre-specialiste-stores-et-fermetures-sur-mesure-a-mezieres\\\/#primaryimage\"},\"image\":{\"@id\":\"https:\\\/\\\/www.artisanlocal.ch\\\/c\\\/votre-specialiste-stores-et-fermetures-sur-mesure-a-mezieres\\\/#primaryimage\"},\"thumbnailUrl\":\"https:\\\/\\\/www.artisanlocal.ch\\\/c\\\/wp-content\\\/uploads\\\/2024\\\/12\\\/storiste.jpg\",\"datePublished\":\"2024-11-26T08:23:01+00:00\",\"dateModified\":\"2025-08-26T17:24:43+00:00\",\"breadcrumb\":{\"@id\":\"https:\\\/\\\/www.artisanlocal.ch\\\/c\\\/votre-specialiste-stores-et-fermetures-sur-mesure-a-mezieres\\\/#breadcrumb\"},\"inLanguage\":\"fr-FR\",\"potentialAction\":[{\"@type\":\"ReadAction\",\"target\":[\"https:\\\/\\\/www.artisanlocal.ch\\\/c\\\/votre-specialiste-stores-et-fermetures-sur-mesure-a-mezieres\\\/\"]}]},{\"@type\":\"ImageObject\",\"inLanguage\":\"fr-FR\",\"@id\":\"https:\\\/\\\/www.artisanlocal.ch\\\/c\\\/votre-specialiste-stores-et-fermetures-sur-mesure-a-mezieres\\\/#primaryimage\",\"url\":\"https:\\\/\\\/www.artisanlocal.ch\\\/c\\\/wp-content\\\/uploads\\\/2024\\\/12\\\/storiste.jpg\",\"contentUrl\":\"https:\\\/\\\/www.artisanlocal.ch\\\/c\\\/wp-content\\\/uploads\\\/2024\\\/12\\\/storiste.jpg\",\"width\":1920,\"height\":300},{\"@type\":\"BreadcrumbList\",\"@id\":\"https:\\\/\\\/www.artisanlocal.ch\\\/c\\\/votre-specialiste-stores-et-fermetures-sur-mesure-a-mezieres\\\/#breadcrumb\",\"itemListElement\":[{\"@type\":\"ListItem\",\"position\":1,\"name\":\"Accueil\",\"item\":\"https:\\\/\\\/www.artisanlocal.ch\\\/c\\\/\"},{\"@type\":\"ListItem\",\"position\":2,\"name\":\"Votre sp\u00e9cialiste stores et fermetures sur mesure \u00e0 M\u00e9zi\u00e8res\"}]},{\"@type\":\"WebSite\",\"@id\":\"https:\\\/\\\/www.artisanlocal.ch\\\/c\\\/#website\",\"url\":\"https:\\\/\\\/www.artisanlocal.ch\\\/c\\\/\",\"name\":\"Artisanlocal\",\"description\":\"\",\"publisher\":{\"@id\":\"https:\\\/\\\/www.artisanlocal.ch\\\/c\\\/#organization\"},\"potentialAction\":[{\"@type\":\"SearchAction\",\"target\":{\"@type\":\"EntryPoint\",\"urlTemplate\":\"https:\\\/\\\/www.artisanlocal.ch\\\/c\\\/?s={search_term_string}\"},\"query-input\":{\"@type\":\"PropertyValueSpecification\",\"valueRequired\":true,\"valueName\":\"search_term_string\"}}],\"inLanguage\":\"fr-FR\"},{\"@type\":\"Organization\",\"@id\":\"https:\\\/\\\/www.artisanlocal.ch\\\/c\\\/#organization\",\"name\":\"Artisanlocal\",\"url\":\"https:\\\/\\\/www.artisanlocal.ch\\\/c\\\/\",\"logo\":{\"@type\":\"ImageObject\",\"inLanguage\":\"fr-FR\",\"@id\":\"https:\\\/\\\/www.artisanlocal.ch\\\/c\\\/#\\\/schema\\\/logo\\\/image\\\/\",\"url\":\"https:\\\/\\\/www.artisanlocal.ch\\\/c\\\/wp-content\\\/uploads\\\/2024\\\/02\\\/logo-artisanlocal-h.svg\",\"contentUrl\":\"https:\\\/\\\/www.artisanlocal.ch\\\/c\\\/wp-content\\\/uploads\\\/2024\\\/02\\\/logo-artisanlocal-h.svg\",\"caption\":\"Artisanlocal\"},\"image\":{\"@id\":\"https:\\\/\\\/www.artisanlocal.ch\\\/c\\\/#\\\/schema\\\/logo\\\/image\\\/\"}}]}<\/script>\n<!-- \/ Yoast SEO Premium plugin. -->","yoast_head_json":{"title":"Votre sp\u00e9cialiste stores et fermetures sur mesure \u00e0 M\u00e9zi\u00e8res VD - Artisanlocal","robots":{"index":"index","follow":"follow","max-snippet":"max-snippet:-1","max-image-preview":"max-image-preview:large","max-video-preview":"max-video-preview:-1"},"canonical":"https:\/\/www.artisanlocal.ch\/c\/votre-specialiste-stores-et-fermetures-sur-mesure-a-mezieres\/","og_locale":"fr_FR","og_type":"article","og_title":"Votre sp\u00e9cialiste stores et fermetures sur mesure \u00e0 M\u00e9zi\u00e8res VD","og_description":"Notre soci\u00e9t\u00e9 est sp\u00e9cialis\u00e9e dans l&rsquo;installation de stores, enseignes, accessoires pour terrasses et lambrequins lumineux, intervient \u00e0 M\u00e9zi\u00e8res VD et dans les villes aux alentours. Stores int\u00e9rieurs Nos stores int\u00e9rieurs sont cr\u00e9\u00e9s pour embellir l&rsquo;esth\u00e9tique de vos fen\u00eatres, contr\u00f4ler la lumi\u00e8re et prot\u00e9gez votre confidentialit\u00e9. Nous offrons un large choix de stores : v\u00e9nitiens, textiles, [&hellip;]","og_url":"https:\/\/www.artisanlocal.ch\/c\/votre-specialiste-stores-et-fermetures-sur-mesure-a-mezieres\/","og_site_name":"Artisanlocal","article_modified_time":"2025-08-26T17:24:43+00:00","og_image":[{"width":1920,"height":300,"url":"https:\/\/www.artisanlocal.ch\/c\/wp-content\/uploads\/2024\/12\/storiste.jpg","type":"image\/jpeg"}],"twitter_card":"summary_large_image","twitter_misc":{"Dur\u00e9e de lecture estim\u00e9e":"4 minutes"},"schema":{"@context":"https:\/\/schema.org","@graph":[{"@type":"WebPage","@id":"https:\/\/www.artisanlocal.ch\/c\/votre-specialiste-stores-et-fermetures-sur-mesure-a-mezieres\/","url":"https:\/\/www.artisanlocal.ch\/c\/votre-specialiste-stores-et-fermetures-sur-mesure-a-mezieres\/","name":"Votre sp\u00e9cialiste stores et fermetures sur mesure \u00e0 M\u00e9zi\u00e8res VD - Artisanlocal","isPartOf":{"@id":"https:\/\/www.artisanlocal.ch\/c\/#website"},"primaryImageOfPage":{"@id":"https:\/\/www.artisanlocal.ch\/c\/votre-specialiste-stores-et-fermetures-sur-mesure-a-mezieres\/#primaryimage"},"image":{"@id":"https:\/\/www.artisanlocal.ch\/c\/votre-specialiste-stores-et-fermetures-sur-mesure-a-mezieres\/#primaryimage"},"thumbnailUrl":"https:\/\/www.artisanlocal.ch\/c\/wp-content\/uploads\/2024\/12\/storiste.jpg","datePublished":"2024-11-26T08:23:01+00:00","dateModified":"2025-08-26T17:24:43+00:00","breadcrumb":{"@id":"https:\/\/www.artisanlocal.ch\/c\/votre-specialiste-stores-et-fermetures-sur-mesure-a-mezieres\/#breadcrumb"},"inLanguage":"fr-FR","potentialAction":[{"@type":"ReadAction","target":["https:\/\/www.artisanlocal.ch\/c\/votre-specialiste-stores-et-fermetures-sur-mesure-a-mezieres\/"]}]},{"@type":"ImageObject","inLanguage":"fr-FR","@id":"https:\/\/www.artisanlocal.ch\/c\/votre-specialiste-stores-et-fermetures-sur-mesure-a-mezieres\/#primaryimage","url":"https:\/\/www.artisanlocal.ch\/c\/wp-content\/uploads\/2024\/12\/storiste.jpg","contentUrl":"https:\/\/www.artisanlocal.ch\/c\/wp-content\/uploads\/2024\/12\/storiste.jpg","width":1920,"height":300},{"@type":"BreadcrumbList","@id":"https:\/\/www.artisanlocal.ch\/c\/votre-specialiste-stores-et-fermetures-sur-mesure-a-mezieres\/#breadcrumb","itemListElement":[{"@type":"ListItem","position":1,"name":"Accueil","item":"https:\/\/www.artisanlocal.ch\/c\/"},{"@type":"ListItem","position":2,"name":"Votre sp\u00e9cialiste stores et fermetures sur mesure \u00e0 M\u00e9zi\u00e8res"}]},{"@type":"WebSite","@id":"https:\/\/www.artisanlocal.ch\/c\/#website","url":"https:\/\/www.artisanlocal.ch\/c\/","name":"Artisanlocal","description":"","publisher":{"@id":"https:\/\/www.artisanlocal.ch\/c\/#organization"},"potentialAction":[{"@type":"SearchAction","target":{"@type":"EntryPoint","urlTemplate":"https:\/\/www.artisanlocal.ch\/c\/?s={search_term_string}"},"query-input":{"@type":"PropertyValueSpecification","valueRequired":true,"valueName":"search_term_string"}}],"inLanguage":"fr-FR"},{"@type":"Organization","@id":"https:\/\/www.artisanlocal.ch\/c\/#organization","name":"Artisanlocal","url":"https:\/\/www.artisanlocal.ch\/c\/","logo":{"@type":"ImageObject","inLanguage":"fr-FR","@id":"https:\/\/www.artisanlocal.ch\/c\/#\/schema\/logo\/image\/","url":"https:\/\/www.artisanlocal.ch\/c\/wp-content\/uploads\/2024\/02\/logo-artisanlocal-h.svg","contentUrl":"https:\/\/www.artisanlocal.ch\/c\/wp-content\/uploads\/2024\/02\/logo-artisanlocal-h.svg","caption":"Artisanlocal"},"image":{"@id":"https:\/\/www.artisanlocal.ch\/c\/#\/schema\/logo\/image\/"}}]}},"_links":{"self":[{"href":"https:\/\/www.artisanlocal.ch\/c\/wp-json\/wp\/v2\/pages\/3042","targetHints":{"allow":["GET"]}}],"collection":[{"href":"https:\/\/www.artisanlocal.ch\/c\/wp-json\/wp\/v2\/pages"}],"about":[{"href":"https:\/\/www.artisanlocal.ch\/c\/wp-json\/wp\/v2\/types\/page"}],"author":[{"embeddable":true,"href":"https:\/\/www.artisanlocal.ch\/c\/wp-json\/wp\/v2\/users\/4"}],"replies":[{"embeddable":true,"href":"https:\/\/www.artisanlocal.ch\/c\/wp-json\/wp\/v2\/comments?post=3042"}],"version-history":[{"count":0,"href":"https:\/\/www.artisanlocal.ch\/c\/wp-json\/wp\/v2\/pages\/3042\/revisions"}],"wp:featuredmedia":[{"embeddable":true,"href":"https:\/\/www.artisanlocal.ch\/c\/wp-json\/wp\/v2\/media\/3071"}],"wp:attachment":[{"href":"https:\/\/www.artisanlocal.ch\/c\/wp-json\/wp\/v2\/media?parent=3042"}],"wp:term":[{"taxonomy":"profession","embeddable":true,"href":"https:\/\/www.artisanlocal.ch\/c\/wp-json\/wp\/v2\/profession?post=3042"},{"taxonomy":"location","embeddable":true,"href":"https:\/\/www.artisanlocal.ch\/c\/wp-json\/wp\/v2\/location?post=3042"},{"taxonomy":"canton","embeddable":true,"href":"https:\/\/www.artisanlocal.ch\/c\/wp-json\/wp\/v2\/canton?post=3042"}],"curies":[{"name":"wp","href":"https:\/\/api.w.org\/{rel}","templated":true}]}}