{"id":3043,"date":"2024-11-30T23:05:09","date_gmt":"2024-11-30T22:05:09","guid":{"rendered":"https:\/\/www.artisanlocal.ch\/c\/votre-specialiste-stores-et-fermetures-sur-mesure-a-montreux\/"},"modified":"2025-08-26T19:24:23","modified_gmt":"2025-08-26T17:24:23","slug":"votre-specialiste-stores-et-fermetures-sur-mesure-a-montreux","status":"publish","type":"page","link":"https:\/\/www.artisanlocal.ch\/c\/votre-specialiste-stores-et-fermetures-sur-mesure-a-montreux\/","title":{"rendered":"Votre sp\u00e9cialiste stores et fermetures sur mesure \u00e0 Montreux"},"content":{"rendered":"<p>Notre entreprise est expert dans l&rsquo;installation de stores, enseignes, lambrequins lumineux et accessoires pour terrasses, op\u00e8re \u00e0 Montreux et dans les localit\u00e9s aux alentours.<\/p>\n\r\n<div class=\"box\">\r\n            <div class=\"company-info\">\r\n            <img decoding=\"async\" class=\"company-info__logo\" src=\"https:\/\/www.artisanlocal.ch\/media\/cache\/thumb\/images\/companies\/6788c4f908b4c210523863.png\" alt=\"Logo\">\r\n            <h2 class=\"company-info__name\">Ultra Volets S\u00e0rl<\/h2>\r\n            <p class=\"company-info__business\">Volets en aluminium thermolaqu\u00e9s - Moustiquaires - Stores en tout genre - Rideaux<\/p>\r\n        <\/div>\r\n        <div class=\"company-contact\">\r\n            <p class=\"company-info__address\">Rue du Pays-d'Enhaut 51<\/p>\r\n                            <div class=\"links\">\r\n                                            <a class=\"btn has-accent-background-color js-phoneNumber\" href=\"tel:0795370830\" title=\"Appelez\" data-id=\"3796\" data-type=\"11\">079 537 08 30<\/a>\r\n                                                                <a class=\"btn has-accent-background-color\" href=\"https:\/\/www.ultravolets.ch\/\" target=\"_blank\" title=\"Voir le site internet\" data-id=\"3796\" data-type=\"20\">Site internet<\/a>\r\n                                    <\/div>\r\n                    <\/div>\r\n    \r\n            \r\n<form action=\"https:\/\/www.artisanlocal.ch\/c\/wp-admin\/admin-ajax.php\" method=\"post\" class=\"form-contact\" id=\"artisan_form_contact_company_inline\">\r\n    <div><input type=\"hidden\" name=\"action\" value=\"company_contact\"><\/div>\r\n    <div><input type=\"hidden\" name=\"nonce\" value=\"e240268631\"><\/div>\r\n    <div><input type=\"hidden\" name=\"company_id\" value=\"3796\"><\/div>\r\n    <div><input type=\"hidden\" name=\"form_id\" value=\"artisan_form_contact_company_inline\"><\/div>\r\n    <div class=\"gglcptch gglcptch_v3 gglcptch_custom\"><input type=\"hidden\" id=\"g-recaptcha-response\" name=\"g-recaptcha-response\" \/><br \/><div class=\"gglcptch_error_text\">La p\u00e9riode de v\u00e9rification reCAPTCHA a expir\u00e9. Veuillez recharger la page.<\/div><\/div>    <div class=\"form-content\">\r\n        <div class=\"form-group\">\r\n            <label for=\"contact_firstName\" class=\"required\">Pr\u00e9nom<\/label>\r\n            <input type=\"text\" name=\"firstName\" class=\"form-control\" required>\r\n        <\/div>\r\n        <div class=\"form-group\">\r\n            <label for=\"contact_lastName\" class=\"required\">Nom<\/label>\r\n            <input type=\"text\" name=\"lastName\" class=\"form-control\" required>\r\n        <\/div>\r\n        <div class=\"form-group\">\r\n            <label for=\"contact_email\" class=\"required\">Email<\/label>\r\n            <input type=\"email\" name=\"email\" class=\"form-control\" required>\r\n        <\/div>\r\n        <div class=\"form-group\">\r\n            <label for=\"contact_phone\" class=\"required\">Num\u00e9ro de t\u00e9l\u00e9phone<\/label>\r\n            <input type=\"tel\" name=\"phone\" class=\"form-control\" placeholder=\"0787117165\" pattern=\"^[0-9]{10}$\" required>\r\n        <\/div>\r\n        <div class=\"form-group\">\r\n            <label for=\"contact_postalCode\" class=\"required\">Code postal et localit\u00e9<\/label>\r\n            <input type=\"text\" name=\"postalCode\" class=\"form-control\" required>\r\n        <\/div>\r\n        <div class=\"form-group\">\r\n            <label for=\"contact_address\" class=\"required\">Adresse<\/label>\r\n            <input type=\"text\" name=\"address\" class=\"form-control\" required>\r\n        <\/div>\r\n        <div class=\"full-width topic\">\r\n            <p class=\"required\">Je souhaite \u00eatre contact\u00e9 pour :<\/p>\r\n            <div class=\"form-check\">\r\n                <input type=\"radio\" name=\"topic\" value=\"D\u00e9pannage\" class=\"form-control\" required>\r\n                <label for=\"d\u00e9pannage\">D\u00e9pannage<\/label>\r\n            <\/div>\r\n            <div class=\"form-check\">\r\n                <input type=\"radio\" name=\"topic\" value=\"Entretien\" class=\"form-control\" required>\r\n                <label for=\"entretien\">Entretien<\/label>\r\n            <\/div>\r\n            <div class=\"form-check\">\r\n                <input type=\"radio\" name=\"topic\" value=\"R\u00e9novation\" class=\"form-control\" required>\r\n                <label for=\"r\u00e9novation\">R\u00e9novation<\/label>\r\n            <\/div>\r\n            <div class=\"form-check\">\r\n                <input type=\"radio\" name=\"topic\" value=\"Autre\" class=\"form-control\" required>\r\n                <label for=\"autre\">Autre<\/label>\r\n            <\/div>\r\n        <\/div>\r\n        <div class=\"form-group full-width\">\r\n            <label for=\"contact_message\">Message<\/label>\r\n            <textarea name=\"message\" rows=\"3\" class=\"form-control\"><\/textarea>\r\n        <\/div>\r\n    <\/div>\r\n    <div class=\"form-actions\">\r\n        <button class=\"wp-block-button__link has-accent-background-color\">Contacter<\/button>\r\n    <\/div>\r\n<\/form>\r\n<div class=\"form-feedback\"><\/div>    <\/div>\n<h2>Large gamme de stores int\u00e9rieurs<\/h2>\n<p>Nos stores int\u00e9rieurs sont pr\u00e9vus pour embellir l&rsquo;apparence de vos fen\u00eatres, r\u00e9guler la luminosit\u00e9 et prot\u00e9gez votre confidentialit\u00e9. Nous proposons \u00e0 nos clients un grand choix de stores : v\u00e9nitiens, textiles, pliss\u00e9s, bandes verticales, enrouleurs, enrouleurs avec coffre, parois japonaises, rideaux, bateaux et bateaux voilage.<\/p>\n<h2>Stores ext\u00e9rieurs<\/h2>\n<p>Nos stores ext\u00e9rieurs permettent de cr\u00e9er des espaces ombrag\u00e9s sur votre terrasse ou balcon. D\u00e9couvrez notre large choix de stores ext\u00e9rieurs : loggias, verri\u00e8res et v\u00e9randas, mais aussi fen\u00eatres, pourvues de coffres, bannes, semi-coffres, \u00e0 bras t\u00e9lescopiques ou articul\u00e9s.<\/p>\n<h2>Pergolas et pergolas bioclimatiques<\/h2>\n<p>Si vous recherchez une protection contre les intemp\u00e9ries, nous vous conseillons de choisir une pergola. Nous avons un large choix de pergolas : toiles de protection solaire verticale, \u00e0 lames r\u00e9tractables, \u00e0 toits fixes ou avec panneaux verticaux.<\/p>\n<h2>Lambrequin lumineux LED<\/h2>\n<p>Nos lambrequins lumineux vous aident \u00e0 am\u00e9liorer la visibilit\u00e9 nocturne : de votre restaurant, magasin, commerces, commerce, h\u00f4tel ou brasserie.&nbsp;<\/p>\n<h2>Store banne : changement de toile (rentoilage)<\/h2>\n<p>Le changement de toile de stores banne est un choix \u00e9conomique au changement du store.<\/p>\n<h2>Fen\u00eatre bois aluminium \u00e0 Montreux<\/h2>\n<p>Si vous avez choisi de changer vos fen\u00eatres. Nous avons une gamme de fen\u00eatres coulissantes et battantes : en bois, aluminium ou PVC.<\/p>\n<h2>Volets roulants et motorisation<\/h2>\n<p>Pour am\u00e9liorer la protection phonique, thermique ou solaire, privil\u00e9gier nos volets roulants motoris\u00e9s ou manuels : solaires, aluminium, persiennes, bois ou m\u00e9talliques.<\/p>\n<h2>Nos films pour vitrages et stores sur mesure de qualit\u00e9<\/h2>\n<p>Le film de protection solaire sur mesure pour vitrage aide \u00e0 r\u00e9duire la temp\u00e9rature de votre espace int\u00e9rieur, de vous prot\u00e9ger des rayons UV, et de prot\u00e9ger votre intimit\u00e9.<\/p>\n<h2>Menuiserie \u00e0 Montreux<\/h2>\n<p>Nous avons de plus d&rsquo;autres produits \u00e0 vous proposer, comme les :<\/p>\n<ul>\n<li>Fen\u00eatres.<\/li>\n<li>Volets.<\/li>\n<li>Portails et portes.<\/li>\n<li>Alarmes.<\/li>\n<li>Domotiques.<\/li>\n<li>Portes de garage.<\/li>\n<li>Carport.<\/li>\n<li>Garde-corps ext\u00e9rieurs.<\/li>\n<\/ul>\n<h2>Nos secteurs d&rsquo;activit\u00e9 \u00e0 Montreux<\/h2>\n<h3>Les soci\u00e9t\u00e9s : caf\u00e9s, commerces de proximit\u00e9, brasseries et restaurants<\/h3>\n<p>Artisanlocal est sp\u00e9cialis\u00e9 dans la conception, la fabrication, et l\u2019installation de stores pour les entreprises \u00e0 Montreux, comme : les restaurants, bureaux et boutiques.&nbsp;<\/p>\n<h3>Pour les copropri\u00e9t\u00e9s et particuliers<\/h3>\n<p>Intervention chez les particuliers et les copropri\u00e9t\u00e9s, nous mettons en place vos pergolas, pergolas bioclimatiques, fen\u00eatres, volets battants, stores de terrasse, v\u00e9randas, volets roulants et stores int\u00e9rieurs.<\/p>\n<h2>Tous nos services<\/h2>\n<h3>Conception de stores sur mesure<\/h3>\n<p>Nous cr\u00e9ons vos stores sur mesure selon vos besoin.<\/p>\n<h3>Installation sur mesure<\/h3>\n<p>Nos storistes interviennent \u00e0 Montreux pour mesurer et installer vos stores sur mesure.<\/p>\n<h3>Service de r\u00e9paration de stores<\/h3>\n<p>Les storistes d&rsquo;Artisanlocal changent les pi\u00e8ces de vos stores, au cours de leur intervention, ils remplacent les pi\u00e8ces d\u00e9fectueuses.<\/p>\n<h3>Entretien sur-mesure de tous vos stores<\/h3>\n<p>Un entretien r\u00e9alis\u00e9 r\u00e9guli\u00e8rement permet d\u2019augmenter la durabilit\u00e9 de vos stores. Un storiste doit intervenir chez vous pour contr\u00f4ler l\u2019\u00e9tat du store et si oblig\u00e9 effectuer la r\u00e9paration, le remplacement ou le rentoilage.<\/p>\n<h3>Options<\/h3>\n<p>Nous proposons diff\u00e9rents mod\u00e8les d\u2019ouverture (\u00e9lectrique ou manuelle) pour les stores, portes de garage et volets.<\/p>\n<h2>Pourquoi choisir notre entreprise ?<\/h2>\n<p>Notre entreprise est experte dans la mise en place et l\u2019entretien de stores \u00e0 Montreux. Nos storistes vous accompagneront dans le choix de votre store pour r\u00e9pondre au mieux \u00e0 vos demandes.<\/p>\n<h3>Grand choix de stores<\/h3>\n<p>Artisanlocal propose un grand choix de stores.<\/p>\n<h3>\u00c9tude et devis gratuit<\/h3>\n<p>Obtenez un devis sans frais ni engagement. Nos devis sont pr\u00e9cis et totalement transparents.&nbsp;<\/p>\n<h3>\u00c9tude du besoin<\/h3>\n<p>Nous examinons toujours la viabilit\u00e9 des projets, et nous fabriquons des plans personnalis\u00e9s pour ins\u00e9rer de la meilleure mani\u00e8re vos stores en consid\u00e9rant vos probl\u00e9matiques et vos besoins.<\/p>\n<h3>Store haut de gamme<\/h3>\n<p>Nous utilisons pour nos stores des mat\u00e9riaux de haute qualit\u00e9, de sorte \u00e0 garantir une bonne durabilit\u00e9.<\/p>\n<h3>Intervention imm\u00e9diate <\/h3>\n<p>Notre entreprise est \u00e9tablie au milieu de Montreux pour op\u00e9rer rapidement \u00e0 votre domicile.<\/p>\n<h2>FAQ<\/h2>\n<h3>Est-il possible de motoriser des stores pos\u00e9s ?<\/h3>\n<p>Oui, la motorisation d&rsquo;un store est tout \u00e0 fait r\u00e9alisable, mais (selon certaines conditions). Un de nos storistes se d\u00e9place \u00e0 votre domicile pour \u00e9valuer la viabilit\u00e9 du projet.<\/p>\n<h3>Intervenez-vous dans les soci\u00e9t\u00e9s \u00e0 proximit\u00e9 de Montreux ?<\/h3>\n<p>Oui, nous intervenons \u00e0 Montreux et dans les localit\u00e9s aux environs, comme : Puidoux, Chexbres, Rivaz, St-Saphorin (Lavaux), Aran, Chenaux, Grandvaux, Cully, Villette (Lavaux), Riex, Epesses, Vevey, Le Mont-P\u00e8lerin, Corseaux, Chardonne, Corsier-sur-Vevey, Jongny, St-L\u00e9gier-La Chi\u00e9saz, Blonay, Les Monts-de-Corsier, Fenil-sur-Corsier, La Tour-de-Peilz, Clarens, Chailly-Montreux, Brent, Territet, Veytaux, Chernex, Glion, Caux, Chamby, Villard-sur-Chamby, Les Avants.<\/p>\n","protected":false},"excerpt":{"rendered":"<p>Notre entreprise est expert dans l&rsquo;installation de stores, enseignes, lambrequins lumineux et accessoires pour terrasses, op\u00e8re \u00e0 Montreux et dans les localit\u00e9s aux alentours. Large gamme de stores int\u00e9rieurs Nos stores int\u00e9rieurs sont pr\u00e9vus pour embellir l&rsquo;apparence de vos fen\u00eatres, r\u00e9guler la luminosit\u00e9 et prot\u00e9gez votre confidentialit\u00e9. Nous proposons \u00e0 nos clients un grand choix [&hellip;]<\/p>\n","protected":false},"author":4,"featured_media":3071,"parent":0,"menu_order":0,"comment_status":"closed","ping_status":"closed","template":"","meta":{"footnotes":""},"profession":[130],"location":[17],"canton":[113],"class_list":["post-3043","page","type-page","status-publish","has-post-thumbnail","hentry","profession-storiste","location-montreux","canton-vd"],"yoast_head":"<!-- This site is optimized with the Yoast SEO Premium plugin v25.7.1 (Yoast SEO v27.4) - https:\/\/yoast.com\/product\/yoast-seo-premium-wordpress\/ -->\n<title>Votre sp\u00e9cialiste stores et fermetures sur mesure \u00e0 Montreux - Artisanlocal<\/title>\n<meta name=\"robots\" content=\"index, follow, max-snippet:-1, max-image-preview:large, max-video-preview:-1\" \/>\n<link rel=\"canonical\" href=\"https:\/\/www.artisanlocal.ch\/c\/votre-specialiste-stores-et-fermetures-sur-mesure-a-montreux\/\" \/>\n<meta property=\"og:locale\" content=\"fr_FR\" \/>\n<meta property=\"og:type\" content=\"article\" \/>\n<meta property=\"og:title\" content=\"Votre sp\u00e9cialiste stores et fermetures sur mesure \u00e0 Montreux\" \/>\n<meta property=\"og:description\" content=\"Notre entreprise est expert dans l&rsquo;installation de stores, enseignes, lambrequins lumineux et accessoires pour terrasses, op\u00e8re \u00e0 Montreux et dans les localit\u00e9s aux alentours. Large gamme de stores int\u00e9rieurs Nos stores int\u00e9rieurs sont pr\u00e9vus pour embellir l&rsquo;apparence de vos fen\u00eatres, r\u00e9guler la luminosit\u00e9 et prot\u00e9gez votre confidentialit\u00e9. Nous proposons \u00e0 nos clients un grand choix [&hellip;]\" \/>\n<meta property=\"og:url\" content=\"https:\/\/www.artisanlocal.ch\/c\/votre-specialiste-stores-et-fermetures-sur-mesure-a-montreux\/\" \/>\n<meta property=\"og:site_name\" content=\"Artisanlocal\" \/>\n<meta property=\"article:modified_time\" content=\"2025-08-26T17:24:23+00:00\" \/>\n<meta property=\"og:image\" content=\"https:\/\/www.artisanlocal.ch\/c\/wp-content\/uploads\/2024\/12\/storiste.jpg\" \/>\n\t<meta property=\"og:image:width\" content=\"1920\" \/>\n\t<meta property=\"og:image:height\" content=\"300\" \/>\n\t<meta property=\"og:image:type\" content=\"image\/jpeg\" \/>\n<meta name=\"twitter:card\" content=\"summary_large_image\" \/>\n<meta name=\"twitter:label1\" content=\"Dur\u00e9e de lecture estim\u00e9e\" \/>\n\t<meta name=\"twitter:data1\" content=\"4 minutes\" \/>\n<script type=\"application\/ld+json\" class=\"yoast-schema-graph\">{\"@context\":\"https:\\\/\\\/schema.org\",\"@graph\":[{\"@type\":\"WebPage\",\"@id\":\"https:\\\/\\\/www.artisanlocal.ch\\\/c\\\/votre-specialiste-stores-et-fermetures-sur-mesure-a-montreux\\\/\",\"url\":\"https:\\\/\\\/www.artisanlocal.ch\\\/c\\\/votre-specialiste-stores-et-fermetures-sur-mesure-a-montreux\\\/\",\"name\":\"Votre sp\u00e9cialiste stores et fermetures sur mesure \u00e0 Montreux - Artisanlocal\",\"isPartOf\":{\"@id\":\"https:\\\/\\\/www.artisanlocal.ch\\\/c\\\/#website\"},\"primaryImageOfPage\":{\"@id\":\"https:\\\/\\\/www.artisanlocal.ch\\\/c\\\/votre-specialiste-stores-et-fermetures-sur-mesure-a-montreux\\\/#primaryimage\"},\"image\":{\"@id\":\"https:\\\/\\\/www.artisanlocal.ch\\\/c\\\/votre-specialiste-stores-et-fermetures-sur-mesure-a-montreux\\\/#primaryimage\"},\"thumbnailUrl\":\"https:\\\/\\\/www.artisanlocal.ch\\\/c\\\/wp-content\\\/uploads\\\/2024\\\/12\\\/storiste.jpg\",\"datePublished\":\"2024-11-30T22:05:09+00:00\",\"dateModified\":\"2025-08-26T17:24:23+00:00\",\"breadcrumb\":{\"@id\":\"https:\\\/\\\/www.artisanlocal.ch\\\/c\\\/votre-specialiste-stores-et-fermetures-sur-mesure-a-montreux\\\/#breadcrumb\"},\"inLanguage\":\"fr-FR\",\"potentialAction\":[{\"@type\":\"ReadAction\",\"target\":[\"https:\\\/\\\/www.artisanlocal.ch\\\/c\\\/votre-specialiste-stores-et-fermetures-sur-mesure-a-montreux\\\/\"]}]},{\"@type\":\"ImageObject\",\"inLanguage\":\"fr-FR\",\"@id\":\"https:\\\/\\\/www.artisanlocal.ch\\\/c\\\/votre-specialiste-stores-et-fermetures-sur-mesure-a-montreux\\\/#primaryimage\",\"url\":\"https:\\\/\\\/www.artisanlocal.ch\\\/c\\\/wp-content\\\/uploads\\\/2024\\\/12\\\/storiste.jpg\",\"contentUrl\":\"https:\\\/\\\/www.artisanlocal.ch\\\/c\\\/wp-content\\\/uploads\\\/2024\\\/12\\\/storiste.jpg\",\"width\":1920,\"height\":300},{\"@type\":\"BreadcrumbList\",\"@id\":\"https:\\\/\\\/www.artisanlocal.ch\\\/c\\\/votre-specialiste-stores-et-fermetures-sur-mesure-a-montreux\\\/#breadcrumb\",\"itemListElement\":[{\"@type\":\"ListItem\",\"position\":1,\"name\":\"Accueil\",\"item\":\"https:\\\/\\\/www.artisanlocal.ch\\\/c\\\/\"},{\"@type\":\"ListItem\",\"position\":2,\"name\":\"Votre sp\u00e9cialiste stores et fermetures sur mesure \u00e0 Montreux\"}]},{\"@type\":\"WebSite\",\"@id\":\"https:\\\/\\\/www.artisanlocal.ch\\\/c\\\/#website\",\"url\":\"https:\\\/\\\/www.artisanlocal.ch\\\/c\\\/\",\"name\":\"Artisanlocal\",\"description\":\"\",\"publisher\":{\"@id\":\"https:\\\/\\\/www.artisanlocal.ch\\\/c\\\/#organization\"},\"potentialAction\":[{\"@type\":\"SearchAction\",\"target\":{\"@type\":\"EntryPoint\",\"urlTemplate\":\"https:\\\/\\\/www.artisanlocal.ch\\\/c\\\/?s={search_term_string}\"},\"query-input\":{\"@type\":\"PropertyValueSpecification\",\"valueRequired\":true,\"valueName\":\"search_term_string\"}}],\"inLanguage\":\"fr-FR\"},{\"@type\":\"Organization\",\"@id\":\"https:\\\/\\\/www.artisanlocal.ch\\\/c\\\/#organization\",\"name\":\"Artisanlocal\",\"url\":\"https:\\\/\\\/www.artisanlocal.ch\\\/c\\\/\",\"logo\":{\"@type\":\"ImageObject\",\"inLanguage\":\"fr-FR\",\"@id\":\"https:\\\/\\\/www.artisanlocal.ch\\\/c\\\/#\\\/schema\\\/logo\\\/image\\\/\",\"url\":\"https:\\\/\\\/www.artisanlocal.ch\\\/c\\\/wp-content\\\/uploads\\\/2024\\\/02\\\/logo-artisanlocal-h.svg\",\"contentUrl\":\"https:\\\/\\\/www.artisanlocal.ch\\\/c\\\/wp-content\\\/uploads\\\/2024\\\/02\\\/logo-artisanlocal-h.svg\",\"caption\":\"Artisanlocal\"},\"image\":{\"@id\":\"https:\\\/\\\/www.artisanlocal.ch\\\/c\\\/#\\\/schema\\\/logo\\\/image\\\/\"}}]}<\/script>\n<!-- \/ Yoast SEO Premium plugin. -->","yoast_head_json":{"title":"Votre sp\u00e9cialiste stores et fermetures sur mesure \u00e0 Montreux - Artisanlocal","robots":{"index":"index","follow":"follow","max-snippet":"max-snippet:-1","max-image-preview":"max-image-preview:large","max-video-preview":"max-video-preview:-1"},"canonical":"https:\/\/www.artisanlocal.ch\/c\/votre-specialiste-stores-et-fermetures-sur-mesure-a-montreux\/","og_locale":"fr_FR","og_type":"article","og_title":"Votre sp\u00e9cialiste stores et fermetures sur mesure \u00e0 Montreux","og_description":"Notre entreprise est expert dans l&rsquo;installation de stores, enseignes, lambrequins lumineux et accessoires pour terrasses, op\u00e8re \u00e0 Montreux et dans les localit\u00e9s aux alentours. Large gamme de stores int\u00e9rieurs Nos stores int\u00e9rieurs sont pr\u00e9vus pour embellir l&rsquo;apparence de vos fen\u00eatres, r\u00e9guler la luminosit\u00e9 et prot\u00e9gez votre confidentialit\u00e9. Nous proposons \u00e0 nos clients un grand choix [&hellip;]","og_url":"https:\/\/www.artisanlocal.ch\/c\/votre-specialiste-stores-et-fermetures-sur-mesure-a-montreux\/","og_site_name":"Artisanlocal","article_modified_time":"2025-08-26T17:24:23+00:00","og_image":[{"width":1920,"height":300,"url":"https:\/\/www.artisanlocal.ch\/c\/wp-content\/uploads\/2024\/12\/storiste.jpg","type":"image\/jpeg"}],"twitter_card":"summary_large_image","twitter_misc":{"Dur\u00e9e de lecture estim\u00e9e":"4 minutes"},"schema":{"@context":"https:\/\/schema.org","@graph":[{"@type":"WebPage","@id":"https:\/\/www.artisanlocal.ch\/c\/votre-specialiste-stores-et-fermetures-sur-mesure-a-montreux\/","url":"https:\/\/www.artisanlocal.ch\/c\/votre-specialiste-stores-et-fermetures-sur-mesure-a-montreux\/","name":"Votre sp\u00e9cialiste stores et fermetures sur mesure \u00e0 Montreux - Artisanlocal","isPartOf":{"@id":"https:\/\/www.artisanlocal.ch\/c\/#website"},"primaryImageOfPage":{"@id":"https:\/\/www.artisanlocal.ch\/c\/votre-specialiste-stores-et-fermetures-sur-mesure-a-montreux\/#primaryimage"},"image":{"@id":"https:\/\/www.artisanlocal.ch\/c\/votre-specialiste-stores-et-fermetures-sur-mesure-a-montreux\/#primaryimage"},"thumbnailUrl":"https:\/\/www.artisanlocal.ch\/c\/wp-content\/uploads\/2024\/12\/storiste.jpg","datePublished":"2024-11-30T22:05:09+00:00","dateModified":"2025-08-26T17:24:23+00:00","breadcrumb":{"@id":"https:\/\/www.artisanlocal.ch\/c\/votre-specialiste-stores-et-fermetures-sur-mesure-a-montreux\/#breadcrumb"},"inLanguage":"fr-FR","potentialAction":[{"@type":"ReadAction","target":["https:\/\/www.artisanlocal.ch\/c\/votre-specialiste-stores-et-fermetures-sur-mesure-a-montreux\/"]}]},{"@type":"ImageObject","inLanguage":"fr-FR","@id":"https:\/\/www.artisanlocal.ch\/c\/votre-specialiste-stores-et-fermetures-sur-mesure-a-montreux\/#primaryimage","url":"https:\/\/www.artisanlocal.ch\/c\/wp-content\/uploads\/2024\/12\/storiste.jpg","contentUrl":"https:\/\/www.artisanlocal.ch\/c\/wp-content\/uploads\/2024\/12\/storiste.jpg","width":1920,"height":300},{"@type":"BreadcrumbList","@id":"https:\/\/www.artisanlocal.ch\/c\/votre-specialiste-stores-et-fermetures-sur-mesure-a-montreux\/#breadcrumb","itemListElement":[{"@type":"ListItem","position":1,"name":"Accueil","item":"https:\/\/www.artisanlocal.ch\/c\/"},{"@type":"ListItem","position":2,"name":"Votre sp\u00e9cialiste stores et fermetures sur mesure \u00e0 Montreux"}]},{"@type":"WebSite","@id":"https:\/\/www.artisanlocal.ch\/c\/#website","url":"https:\/\/www.artisanlocal.ch\/c\/","name":"Artisanlocal","description":"","publisher":{"@id":"https:\/\/www.artisanlocal.ch\/c\/#organization"},"potentialAction":[{"@type":"SearchAction","target":{"@type":"EntryPoint","urlTemplate":"https:\/\/www.artisanlocal.ch\/c\/?s={search_term_string}"},"query-input":{"@type":"PropertyValueSpecification","valueRequired":true,"valueName":"search_term_string"}}],"inLanguage":"fr-FR"},{"@type":"Organization","@id":"https:\/\/www.artisanlocal.ch\/c\/#organization","name":"Artisanlocal","url":"https:\/\/www.artisanlocal.ch\/c\/","logo":{"@type":"ImageObject","inLanguage":"fr-FR","@id":"https:\/\/www.artisanlocal.ch\/c\/#\/schema\/logo\/image\/","url":"https:\/\/www.artisanlocal.ch\/c\/wp-content\/uploads\/2024\/02\/logo-artisanlocal-h.svg","contentUrl":"https:\/\/www.artisanlocal.ch\/c\/wp-content\/uploads\/2024\/02\/logo-artisanlocal-h.svg","caption":"Artisanlocal"},"image":{"@id":"https:\/\/www.artisanlocal.ch\/c\/#\/schema\/logo\/image\/"}}]}},"_links":{"self":[{"href":"https:\/\/www.artisanlocal.ch\/c\/wp-json\/wp\/v2\/pages\/3043","targetHints":{"allow":["GET"]}}],"collection":[{"href":"https:\/\/www.artisanlocal.ch\/c\/wp-json\/wp\/v2\/pages"}],"about":[{"href":"https:\/\/www.artisanlocal.ch\/c\/wp-json\/wp\/v2\/types\/page"}],"author":[{"embeddable":true,"href":"https:\/\/www.artisanlocal.ch\/c\/wp-json\/wp\/v2\/users\/4"}],"replies":[{"embeddable":true,"href":"https:\/\/www.artisanlocal.ch\/c\/wp-json\/wp\/v2\/comments?post=3043"}],"version-history":[{"count":0,"href":"https:\/\/www.artisanlocal.ch\/c\/wp-json\/wp\/v2\/pages\/3043\/revisions"}],"wp:featuredmedia":[{"embeddable":true,"href":"https:\/\/www.artisanlocal.ch\/c\/wp-json\/wp\/v2\/media\/3071"}],"wp:attachment":[{"href":"https:\/\/www.artisanlocal.ch\/c\/wp-json\/wp\/v2\/media?parent=3043"}],"wp:term":[{"taxonomy":"profession","embeddable":true,"href":"https:\/\/www.artisanlocal.ch\/c\/wp-json\/wp\/v2\/profession?post=3043"},{"taxonomy":"location","embeddable":true,"href":"https:\/\/www.artisanlocal.ch\/c\/wp-json\/wp\/v2\/location?post=3043"},{"taxonomy":"canton","embeddable":true,"href":"https:\/\/www.artisanlocal.ch\/c\/wp-json\/wp\/v2\/canton?post=3043"}],"curies":[{"name":"wp","href":"https:\/\/api.w.org\/{rel}","templated":true}]}}