{"id":3044,"date":"2024-11-26T16:24:47","date_gmt":"2024-11-26T15:24:47","guid":{"rendered":"https:\/\/www.artisanlocal.ch\/c\/confiez-la-mise-en-place-de-votre-store-a-un-professionnel-experimente-a-mont-sur-lausanne\/"},"modified":"2025-08-26T19:24:42","modified_gmt":"2025-08-26T17:24:42","slug":"confiez-la-mise-en-place-de-votre-store-a-un-professionnel-experimente-a-mont-sur-lausanne","status":"publish","type":"page","link":"https:\/\/www.artisanlocal.ch\/c\/confiez-la-mise-en-place-de-votre-store-a-un-professionnel-experimente-a-mont-sur-lausanne\/","title":{"rendered":"Confiez la mise en place de votre store \u00e0 un professionnel exp\u00e9riment\u00e9 \u00e0 Le Mont-sur-Lausanne"},"content":{"rendered":"<p>Notre soci\u00e9t\u00e9 est expert dans l&rsquo;installation de stores, enseignes, lambrequins lumineux et accessoires pour terrasses, intervient \u00e0 Le Mont-sur-Lausanne et dans les villes aux alentours.<\/p>\n\r\n<div class=\"box\">\r\n    <h2 class=\"text-dark\">Nous cherchons un <em class=\"text-primary\">Storiste<\/em> dans la r\u00e9gion de <em class=\"text-primary\">Le Mont-sur-Lausanne<\/em>  en exclusivit\u00e9, afin de proposer vos services \u00e0 nos clients propri\u00e9taires.<\/h2>\r\n    <p>Une opportunit\u00e9 unique pour booster votre activit\u00e9 \u00e0 <strong>Le Mont-sur-Lausanne<\/strong> et aux alentours dans votre domaine (Storiste).<\/p>\r\n    <p>Nous travaillons en exclusivit\u00e9 avec qu'une soci\u00e9t\u00e9 par m\u00e9tier et par r\u00e9gion. <br>Votre entreprise est pr\u00e9sente sur tous les documents immobiliers. Afin d'\u00eatre mieux vu sur le net, vous \u00eates \u00e9galement visible sur nos deux sites et sur les pages de r\u00e9f\u00e9rencement de votre r\u00e9gion.<\/p>\r\n    <a href=\"\/contact\" class=\"wp-block-button__link has-accent-background-color has-text-align-center wp-element-button\">R\u00e9server<\/a>\r\n<\/div>\n<h2>Tous types de stores int\u00e9rieurs<\/h2>\n<p>Nos stores int\u00e9rieurs sont construits pour am\u00e9liorer l&rsquo;aspect visuel de vos fen\u00eatres, g\u00e9rer l\u2019entr\u00e9e de la lumi\u00e8re ou conserver votre intimit\u00e9. Nous proposons un large choix de stores : v\u00e9nitiens, textiles, pliss\u00e9s, bandes verticales, enrouleurs, enrouleurs avec coffre, parois japonaises, rideaux, bateaux et bateaux voilage.<\/p>\n<h2>Stores ext\u00e9rieurs<\/h2>\n<p>Nos stores ext\u00e9rieurs sont adapt\u00e9s pour cr\u00e9er des zones ombrag\u00e9es. Nous proposons une large gamme de stores ext\u00e9rieurs : bannes et coffres, ou semi-coffres, \u00e0 bras t\u00e9lescopiques ou articul\u00e9s, de fen\u00eatre, \u00e9galement des loggias, v\u00e9randas ainsi que des verri\u00e8res.<\/p>\n<h2>Pergolas<\/h2>\n<p>Si vous cherchez une protection contre la pluie, nous vous conseillons de s\u00e9lectionner une pergola. Nous vous proposons des pergolas : toiles de protection solaire verticale, \u00e0 lames r\u00e9tractables, \u00e0 toits fixes ou avec panneaux verticaux.<\/p>\n<h2>Lambrequin lumineux sur mesure<\/h2>\n<p>\u00c0 l&rsquo;aide de nos lambrequins lumineux, votre commerce sera vu m\u00eame la nuit ou par temps pluvieux.&nbsp;<\/p>\n<h2>Rentoilage de toiles du store banne ou pergola<\/h2>\n<p>Le changement de toile de stores banne est une option \u00e9conomique au changement du store.<\/p>\n<h2>Fen\u00eatre bois et aluminium sur mesure<\/h2>\n<p>Si vous d\u00e9sirez changer vos fen\u00eatres. Nous concevons et installons vos fen\u00eatres battantes et coulissantes : PVC, en bois ou aluminium.<\/p>\n<h2>Mise en place de volets roulants avec ou sans motorisation \u00e0 Le Mont-sur-Lausanne<\/h2>\n<p>Les volets roulants offrent une meilleure isolation thermique, et une protection phonique et solaire. Ils limitent les d\u00e9perditions de chaleur : solaires, aluminium, bois, persiennes ou m\u00e9talliques.<\/p>\n<h2>Film solaire sur mesure pour fen\u00eatre \u00e0 Le Mont-sur-Lausanne<\/h2>\n<p>Nos films protection solaire sans tains vous permettent de contr\u00f4ler la temp\u00e9rature de votre int\u00e9rieur, de renforcer votre s\u00e9curit\u00e9 en prot\u00e9geant votre intimit\u00e9, et des rayons UV nocifs.<\/p>\n<h2>Menuiserie Le Mont-sur-Lausanne : Alu, PVC, Bois<\/h2>\n<p>Notre entreprise a une choix de produits, par exemple les :<\/p>\n<ul>\n<li>Portes et portails.<\/li>\n<li>Domotiques.<\/li>\n<li>Fen\u00eatres.<\/li>\n<li>Portes de garage.<\/li>\n<li>Carport.<\/li>\n<li>Garde-corps.<\/li>\n<li>Volets.<\/li>\n<li>Alarmes.<\/li>\n<\/ul>\n<h2>Nos secteurs d&rsquo;activit\u00e9<\/h2>\n<h3>Les soci\u00e9t\u00e9s : restaurants, caf\u00e9s, brasseries, boutiques<\/h3>\n<p>Artisanlocal est sp\u00e9cialis\u00e9 dans la cr\u00e9ation, la fabrication, et la mise en place de stores pour les soci\u00e9t\u00e9s \u00e0 Le Mont-sur-Lausanne, comme : les restaurants, bureaux et boutiques.&nbsp;<\/p>\n<h3>Les particuliers et les copropri\u00e9t\u00e9s<\/h3>\n<p>Intervention chez les particuliers et les copropri\u00e9t\u00e9s, nous mettons en place vos fen\u00eatres, stores de terrasse, stores int\u00e9rieurs, v\u00e9randa, volets battants, volets roulants, pergolas et pergolas bioclimatiques.<\/p>\n<h2>Nos services<\/h2>\n<h3>Conception<\/h3>\n<p>Nous \u00e9laborons des stores personnalis\u00e9s en fonction de vos besoins et probl\u00e9matiques.<\/p>\n<h3>Installation personnalis\u00e9<\/h3>\n<p>Les techniciens d&rsquo;Artisanlocal op\u00e8rent \u00e0 Le Mont-sur-Lausanne pour mesurer et poser vos stores sur mesure.<\/p>\n<h3>R\u00e9paration &amp; remplacement\u200b<\/h3>\n<p>Les storistes d&rsquo;Artisanlocal remplacent les parties de vos stores, au cours de leur intervention, ils remplacent les pi\u00e8ces endommag\u00e9es.<\/p>\n<h3>Entretien de store \u00e0 Le Mont-sur-Lausanne<\/h3>\n<p>Un entretien r\u00e9alis\u00e9 habituellement permet d\u2019augmenter la dur\u00e9e de vie de vos stores. Pour cela, un storiste doit intervenir chez vous et inspecter l\u2019\u00e9tat de votre store et si n\u00e9cessaire r\u00e9aliser la r\u00e9paration, le remplacement ou le rentoilage.<\/p>\n<h3>Options<\/h3>\n<p>Nous proposons diff\u00e9rents types d\u2019ouverture (manuelle ou \u00e9lectrique) pour les portes de garage, les volets et les stores.<\/p>\n<h2>Pourquoi choisir notre entreprise ?<\/h2>\n<p>Notre entreprise est sp\u00e9cialis\u00e9e dans l\u2019installation et l\u2019entretien de stores \u00e0 Le Mont-sur-Lausanne. Nos storistes vous guideront dans le choix de votre store pour r\u00e9pondre au mieux \u00e0 vos attentes.<\/p>\n<h3>Collection de stores<\/h3>\n<p>Nous vous proposons un large choix de stores int\u00e9rieurs et ext\u00e9rieurs.<\/p>\n<h3>\u00c9tude et devis gratuit<\/h3>\n<p>Obtenez un devis gratuit d\u00e9taill\u00e9 et sans engagement. Nos estimations sont d\u00e9taill\u00e9es et transparentes.&nbsp;<\/p>\n<h3>\u00c9tude du besoin<\/h3>\n<p>Nous \u00e9tudions toujours la faisabilit\u00e9 des projets, et nous concevons des plans personnalis\u00e9s pour inclure de la meilleure mani\u00e8re vos stores en consid\u00e9rant vos besoins.<\/p>\n<h3>Store haut de gamme<\/h3>\n<p>Les stores que nous posons sont cr\u00e9\u00e9s avec des mat\u00e9riaux de qualit\u00e9 pour assurer une bonne long\u00e9vit\u00e9.<\/p>\n<h3>Service rapide <\/h3>\n<p>Le storiste qui est localis\u00e9 \u00e0 Le Mont-sur-Lausanne op\u00e8re rapidement chez vous pour poser ou d\u00e9panner vos stores.<\/p>\n<h2>Foire Aux Questions<\/h2>\n<h3>Est-il possible de motoriser des stores pos\u00e9s ?<\/h3>\n<p>Oui, nos techniciens storistes peuvent motoriser vos stores sous certaines conditions. Un de nos techniciens doit op\u00e9rer chez vous pour analyser la faisabilit\u00e9 du projet.<\/p>\n<h3>Intervenez-vous dans les soci\u00e9t\u00e9s proches de Le Mont-sur-Lausanne ?<\/h3>\n<p>Oui, nous op\u00e9rons \u00e0 Le Mont-sur-Lausanne et dans les communes aux environs, comme : Romanel-sur-Lausanne, Cheseaux-sur-Lausanne, Bretigny-sur-Morrens, Cugy VD, Morrens VD, Froideville, Epalinges.<\/p>\n","protected":false},"excerpt":{"rendered":"<p>Notre soci\u00e9t\u00e9 est expert dans l&rsquo;installation de stores, enseignes, lambrequins lumineux et accessoires pour terrasses, intervient \u00e0 Le Mont-sur-Lausanne et dans les villes aux alentours. Tous types de stores int\u00e9rieurs Nos stores int\u00e9rieurs sont construits pour am\u00e9liorer l&rsquo;aspect visuel de vos fen\u00eatres, g\u00e9rer l\u2019entr\u00e9e de la lumi\u00e8re ou conserver votre intimit\u00e9. Nous proposons un large [&hellip;]<\/p>\n","protected":false},"author":4,"featured_media":3071,"parent":0,"menu_order":0,"comment_status":"closed","ping_status":"closed","template":"","meta":{"footnotes":""},"profession":[130],"location":[64],"canton":[113],"class_list":["post-3044","page","type-page","status-publish","has-post-thumbnail","hentry","profession-storiste","location-le-mont-sur-lausanne","canton-vd"],"yoast_head":"<!-- This site is optimized with the Yoast SEO Premium plugin v25.7.1 (Yoast SEO v27.4) - https:\/\/yoast.com\/product\/yoast-seo-premium-wordpress\/ -->\n<title>Confiez la mise en place de votre store \u00e0 un professionnel exp\u00e9riment\u00e9 \u00e0 Le Mont-sur-Lausanne - Artisanlocal<\/title>\n<meta name=\"robots\" content=\"index, follow, max-snippet:-1, max-image-preview:large, max-video-preview:-1\" \/>\n<link rel=\"canonical\" href=\"https:\/\/www.artisanlocal.ch\/c\/confiez-la-mise-en-place-de-votre-store-a-un-professionnel-experimente-a-mont-sur-lausanne\/\" \/>\n<meta property=\"og:locale\" content=\"fr_FR\" \/>\n<meta property=\"og:type\" content=\"article\" \/>\n<meta property=\"og:title\" content=\"Confiez la mise en place de votre store \u00e0 un professionnel exp\u00e9riment\u00e9 \u00e0 Le Mont-sur-Lausanne\" \/>\n<meta property=\"og:description\" content=\"Notre soci\u00e9t\u00e9 est expert dans l&rsquo;installation de stores, enseignes, lambrequins lumineux et accessoires pour terrasses, intervient \u00e0 Le Mont-sur-Lausanne et dans les villes aux alentours. Tous types de stores int\u00e9rieurs Nos stores int\u00e9rieurs sont construits pour am\u00e9liorer l&rsquo;aspect visuel de vos fen\u00eatres, g\u00e9rer l\u2019entr\u00e9e de la lumi\u00e8re ou conserver votre intimit\u00e9. Nous proposons un large [&hellip;]\" \/>\n<meta property=\"og:url\" content=\"https:\/\/www.artisanlocal.ch\/c\/confiez-la-mise-en-place-de-votre-store-a-un-professionnel-experimente-a-mont-sur-lausanne\/\" \/>\n<meta property=\"og:site_name\" content=\"Artisanlocal\" \/>\n<meta property=\"article:modified_time\" content=\"2025-08-26T17:24:42+00:00\" \/>\n<meta property=\"og:image\" content=\"https:\/\/www.artisanlocal.ch\/c\/wp-content\/uploads\/2024\/12\/storiste.jpg\" \/>\n\t<meta property=\"og:image:width\" content=\"1920\" \/>\n\t<meta property=\"og:image:height\" content=\"300\" \/>\n\t<meta property=\"og:image:type\" content=\"image\/jpeg\" \/>\n<meta name=\"twitter:card\" content=\"summary_large_image\" \/>\n<meta name=\"twitter:label1\" content=\"Dur\u00e9e de lecture estim\u00e9e\" \/>\n\t<meta name=\"twitter:data1\" content=\"4 minutes\" \/>\n<script type=\"application\/ld+json\" class=\"yoast-schema-graph\">{\"@context\":\"https:\\\/\\\/schema.org\",\"@graph\":[{\"@type\":\"WebPage\",\"@id\":\"https:\\\/\\\/www.artisanlocal.ch\\\/c\\\/confiez-la-mise-en-place-de-votre-store-a-un-professionnel-experimente-a-mont-sur-lausanne\\\/\",\"url\":\"https:\\\/\\\/www.artisanlocal.ch\\\/c\\\/confiez-la-mise-en-place-de-votre-store-a-un-professionnel-experimente-a-mont-sur-lausanne\\\/\",\"name\":\"Confiez la mise en place de votre store \u00e0 un professionnel exp\u00e9riment\u00e9 \u00e0 Le Mont-sur-Lausanne - Artisanlocal\",\"isPartOf\":{\"@id\":\"https:\\\/\\\/www.artisanlocal.ch\\\/c\\\/#website\"},\"primaryImageOfPage\":{\"@id\":\"https:\\\/\\\/www.artisanlocal.ch\\\/c\\\/confiez-la-mise-en-place-de-votre-store-a-un-professionnel-experimente-a-mont-sur-lausanne\\\/#primaryimage\"},\"image\":{\"@id\":\"https:\\\/\\\/www.artisanlocal.ch\\\/c\\\/confiez-la-mise-en-place-de-votre-store-a-un-professionnel-experimente-a-mont-sur-lausanne\\\/#primaryimage\"},\"thumbnailUrl\":\"https:\\\/\\\/www.artisanlocal.ch\\\/c\\\/wp-content\\\/uploads\\\/2024\\\/12\\\/storiste.jpg\",\"datePublished\":\"2024-11-26T15:24:47+00:00\",\"dateModified\":\"2025-08-26T17:24:42+00:00\",\"breadcrumb\":{\"@id\":\"https:\\\/\\\/www.artisanlocal.ch\\\/c\\\/confiez-la-mise-en-place-de-votre-store-a-un-professionnel-experimente-a-mont-sur-lausanne\\\/#breadcrumb\"},\"inLanguage\":\"fr-FR\",\"potentialAction\":[{\"@type\":\"ReadAction\",\"target\":[\"https:\\\/\\\/www.artisanlocal.ch\\\/c\\\/confiez-la-mise-en-place-de-votre-store-a-un-professionnel-experimente-a-mont-sur-lausanne\\\/\"]}]},{\"@type\":\"ImageObject\",\"inLanguage\":\"fr-FR\",\"@id\":\"https:\\\/\\\/www.artisanlocal.ch\\\/c\\\/confiez-la-mise-en-place-de-votre-store-a-un-professionnel-experimente-a-mont-sur-lausanne\\\/#primaryimage\",\"url\":\"https:\\\/\\\/www.artisanlocal.ch\\\/c\\\/wp-content\\\/uploads\\\/2024\\\/12\\\/storiste.jpg\",\"contentUrl\":\"https:\\\/\\\/www.artisanlocal.ch\\\/c\\\/wp-content\\\/uploads\\\/2024\\\/12\\\/storiste.jpg\",\"width\":1920,\"height\":300},{\"@type\":\"BreadcrumbList\",\"@id\":\"https:\\\/\\\/www.artisanlocal.ch\\\/c\\\/confiez-la-mise-en-place-de-votre-store-a-un-professionnel-experimente-a-mont-sur-lausanne\\\/#breadcrumb\",\"itemListElement\":[{\"@type\":\"ListItem\",\"position\":1,\"name\":\"Accueil\",\"item\":\"https:\\\/\\\/www.artisanlocal.ch\\\/c\\\/\"},{\"@type\":\"ListItem\",\"position\":2,\"name\":\"Confiez la mise en place de votre store \u00e0 un professionnel exp\u00e9riment\u00e9 \u00e0 Mont-sur-Lausanne\"}]},{\"@type\":\"WebSite\",\"@id\":\"https:\\\/\\\/www.artisanlocal.ch\\\/c\\\/#website\",\"url\":\"https:\\\/\\\/www.artisanlocal.ch\\\/c\\\/\",\"name\":\"Artisanlocal\",\"description\":\"\",\"publisher\":{\"@id\":\"https:\\\/\\\/www.artisanlocal.ch\\\/c\\\/#organization\"},\"potentialAction\":[{\"@type\":\"SearchAction\",\"target\":{\"@type\":\"EntryPoint\",\"urlTemplate\":\"https:\\\/\\\/www.artisanlocal.ch\\\/c\\\/?s={search_term_string}\"},\"query-input\":{\"@type\":\"PropertyValueSpecification\",\"valueRequired\":true,\"valueName\":\"search_term_string\"}}],\"inLanguage\":\"fr-FR\"},{\"@type\":\"Organization\",\"@id\":\"https:\\\/\\\/www.artisanlocal.ch\\\/c\\\/#organization\",\"name\":\"Artisanlocal\",\"url\":\"https:\\\/\\\/www.artisanlocal.ch\\\/c\\\/\",\"logo\":{\"@type\":\"ImageObject\",\"inLanguage\":\"fr-FR\",\"@id\":\"https:\\\/\\\/www.artisanlocal.ch\\\/c\\\/#\\\/schema\\\/logo\\\/image\\\/\",\"url\":\"https:\\\/\\\/www.artisanlocal.ch\\\/c\\\/wp-content\\\/uploads\\\/2024\\\/02\\\/logo-artisanlocal-h.svg\",\"contentUrl\":\"https:\\\/\\\/www.artisanlocal.ch\\\/c\\\/wp-content\\\/uploads\\\/2024\\\/02\\\/logo-artisanlocal-h.svg\",\"caption\":\"Artisanlocal\"},\"image\":{\"@id\":\"https:\\\/\\\/www.artisanlocal.ch\\\/c\\\/#\\\/schema\\\/logo\\\/image\\\/\"}}]}<\/script>\n<!-- \/ Yoast SEO Premium plugin. -->","yoast_head_json":{"title":"Confiez la mise en place de votre store \u00e0 un professionnel exp\u00e9riment\u00e9 \u00e0 Le Mont-sur-Lausanne - Artisanlocal","robots":{"index":"index","follow":"follow","max-snippet":"max-snippet:-1","max-image-preview":"max-image-preview:large","max-video-preview":"max-video-preview:-1"},"canonical":"https:\/\/www.artisanlocal.ch\/c\/confiez-la-mise-en-place-de-votre-store-a-un-professionnel-experimente-a-mont-sur-lausanne\/","og_locale":"fr_FR","og_type":"article","og_title":"Confiez la mise en place de votre store \u00e0 un professionnel exp\u00e9riment\u00e9 \u00e0 Le Mont-sur-Lausanne","og_description":"Notre soci\u00e9t\u00e9 est expert dans l&rsquo;installation de stores, enseignes, lambrequins lumineux et accessoires pour terrasses, intervient \u00e0 Le Mont-sur-Lausanne et dans les villes aux alentours. Tous types de stores int\u00e9rieurs Nos stores int\u00e9rieurs sont construits pour am\u00e9liorer l&rsquo;aspect visuel de vos fen\u00eatres, g\u00e9rer l\u2019entr\u00e9e de la lumi\u00e8re ou conserver votre intimit\u00e9. Nous proposons un large [&hellip;]","og_url":"https:\/\/www.artisanlocal.ch\/c\/confiez-la-mise-en-place-de-votre-store-a-un-professionnel-experimente-a-mont-sur-lausanne\/","og_site_name":"Artisanlocal","article_modified_time":"2025-08-26T17:24:42+00:00","og_image":[{"width":1920,"height":300,"url":"https:\/\/www.artisanlocal.ch\/c\/wp-content\/uploads\/2024\/12\/storiste.jpg","type":"image\/jpeg"}],"twitter_card":"summary_large_image","twitter_misc":{"Dur\u00e9e de lecture estim\u00e9e":"4 minutes"},"schema":{"@context":"https:\/\/schema.org","@graph":[{"@type":"WebPage","@id":"https:\/\/www.artisanlocal.ch\/c\/confiez-la-mise-en-place-de-votre-store-a-un-professionnel-experimente-a-mont-sur-lausanne\/","url":"https:\/\/www.artisanlocal.ch\/c\/confiez-la-mise-en-place-de-votre-store-a-un-professionnel-experimente-a-mont-sur-lausanne\/","name":"Confiez la mise en place de votre store \u00e0 un professionnel exp\u00e9riment\u00e9 \u00e0 Le Mont-sur-Lausanne - Artisanlocal","isPartOf":{"@id":"https:\/\/www.artisanlocal.ch\/c\/#website"},"primaryImageOfPage":{"@id":"https:\/\/www.artisanlocal.ch\/c\/confiez-la-mise-en-place-de-votre-store-a-un-professionnel-experimente-a-mont-sur-lausanne\/#primaryimage"},"image":{"@id":"https:\/\/www.artisanlocal.ch\/c\/confiez-la-mise-en-place-de-votre-store-a-un-professionnel-experimente-a-mont-sur-lausanne\/#primaryimage"},"thumbnailUrl":"https:\/\/www.artisanlocal.ch\/c\/wp-content\/uploads\/2024\/12\/storiste.jpg","datePublished":"2024-11-26T15:24:47+00:00","dateModified":"2025-08-26T17:24:42+00:00","breadcrumb":{"@id":"https:\/\/www.artisanlocal.ch\/c\/confiez-la-mise-en-place-de-votre-store-a-un-professionnel-experimente-a-mont-sur-lausanne\/#breadcrumb"},"inLanguage":"fr-FR","potentialAction":[{"@type":"ReadAction","target":["https:\/\/www.artisanlocal.ch\/c\/confiez-la-mise-en-place-de-votre-store-a-un-professionnel-experimente-a-mont-sur-lausanne\/"]}]},{"@type":"ImageObject","inLanguage":"fr-FR","@id":"https:\/\/www.artisanlocal.ch\/c\/confiez-la-mise-en-place-de-votre-store-a-un-professionnel-experimente-a-mont-sur-lausanne\/#primaryimage","url":"https:\/\/www.artisanlocal.ch\/c\/wp-content\/uploads\/2024\/12\/storiste.jpg","contentUrl":"https:\/\/www.artisanlocal.ch\/c\/wp-content\/uploads\/2024\/12\/storiste.jpg","width":1920,"height":300},{"@type":"BreadcrumbList","@id":"https:\/\/www.artisanlocal.ch\/c\/confiez-la-mise-en-place-de-votre-store-a-un-professionnel-experimente-a-mont-sur-lausanne\/#breadcrumb","itemListElement":[{"@type":"ListItem","position":1,"name":"Accueil","item":"https:\/\/www.artisanlocal.ch\/c\/"},{"@type":"ListItem","position":2,"name":"Confiez la mise en place de votre store \u00e0 un professionnel exp\u00e9riment\u00e9 \u00e0 Mont-sur-Lausanne"}]},{"@type":"WebSite","@id":"https:\/\/www.artisanlocal.ch\/c\/#website","url":"https:\/\/www.artisanlocal.ch\/c\/","name":"Artisanlocal","description":"","publisher":{"@id":"https:\/\/www.artisanlocal.ch\/c\/#organization"},"potentialAction":[{"@type":"SearchAction","target":{"@type":"EntryPoint","urlTemplate":"https:\/\/www.artisanlocal.ch\/c\/?s={search_term_string}"},"query-input":{"@type":"PropertyValueSpecification","valueRequired":true,"valueName":"search_term_string"}}],"inLanguage":"fr-FR"},{"@type":"Organization","@id":"https:\/\/www.artisanlocal.ch\/c\/#organization","name":"Artisanlocal","url":"https:\/\/www.artisanlocal.ch\/c\/","logo":{"@type":"ImageObject","inLanguage":"fr-FR","@id":"https:\/\/www.artisanlocal.ch\/c\/#\/schema\/logo\/image\/","url":"https:\/\/www.artisanlocal.ch\/c\/wp-content\/uploads\/2024\/02\/logo-artisanlocal-h.svg","contentUrl":"https:\/\/www.artisanlocal.ch\/c\/wp-content\/uploads\/2024\/02\/logo-artisanlocal-h.svg","caption":"Artisanlocal"},"image":{"@id":"https:\/\/www.artisanlocal.ch\/c\/#\/schema\/logo\/image\/"}}]}},"_links":{"self":[{"href":"https:\/\/www.artisanlocal.ch\/c\/wp-json\/wp\/v2\/pages\/3044","targetHints":{"allow":["GET"]}}],"collection":[{"href":"https:\/\/www.artisanlocal.ch\/c\/wp-json\/wp\/v2\/pages"}],"about":[{"href":"https:\/\/www.artisanlocal.ch\/c\/wp-json\/wp\/v2\/types\/page"}],"author":[{"embeddable":true,"href":"https:\/\/www.artisanlocal.ch\/c\/wp-json\/wp\/v2\/users\/4"}],"replies":[{"embeddable":true,"href":"https:\/\/www.artisanlocal.ch\/c\/wp-json\/wp\/v2\/comments?post=3044"}],"version-history":[{"count":0,"href":"https:\/\/www.artisanlocal.ch\/c\/wp-json\/wp\/v2\/pages\/3044\/revisions"}],"wp:featuredmedia":[{"embeddable":true,"href":"https:\/\/www.artisanlocal.ch\/c\/wp-json\/wp\/v2\/media\/3071"}],"wp:attachment":[{"href":"https:\/\/www.artisanlocal.ch\/c\/wp-json\/wp\/v2\/media?parent=3044"}],"wp:term":[{"taxonomy":"profession","embeddable":true,"href":"https:\/\/www.artisanlocal.ch\/c\/wp-json\/wp\/v2\/profession?post=3044"},{"taxonomy":"location","embeddable":true,"href":"https:\/\/www.artisanlocal.ch\/c\/wp-json\/wp\/v2\/location?post=3044"},{"taxonomy":"canton","embeddable":true,"href":"https:\/\/www.artisanlocal.ch\/c\/wp-json\/wp\/v2\/canton?post=3044"}],"curies":[{"name":"wp","href":"https:\/\/api.w.org\/{rel}","templated":true}]}}