{"id":39,"date":"2024-02-21T21:51:50","date_gmt":"2024-02-21T20:51:50","guid":{"rendered":"https:\/\/www.artisanlocal.ch\/c\/?page_id=39"},"modified":"2025-06-02T18:00:57","modified_gmt":"2025-06-02T16:00:57","slug":"plan-du-site","status":"publish","type":"page","link":"https:\/\/www.artisanlocal.ch\/c\/plan-du-site\/","title":{"rendered":"Plan du site"},"content":{"rendered":"<ul><li class=\"page_item page-item-2934\"><a href=\"https:\/\/www.artisanlocal.ch\/c\/artisan-paysagiste-a-chavornay\/\">Artisan paysagiste \u00e0 Chavornay<\/a><\/li>\n<li class=\"page_item page-item-2923\"><a href=\"https:\/\/www.artisanlocal.ch\/c\/artisan-paysagiste-a-meyrin\/\">Artisan paysagiste \u00e0 Meyrin<\/a><\/li>\n<li class=\"page_item page-item-2947\"><a href=\"https:\/\/www.artisanlocal.ch\/c\/artisan-paysagiste-a-mezieres\/\">Artisan paysagiste \u00e0 M\u00e9zi\u00e8res VD<\/a><\/li>\n<li class=\"page_item page-item-2903\"><a href=\"https:\/\/www.artisanlocal.ch\/c\/artisan-paysagiste-a-moudon\/\">Artisan paysagiste \u00e0 Moudon<\/a><\/li>\n<li class=\"page_item page-item-2907\"><a href=\"https:\/\/www.artisanlocal.ch\/c\/artisan-paysagiste-a-rolle\/\">Artisan paysagiste \u00e0 Rolle<\/a><\/li>\n<li class=\"page_item page-item-1027\"><a href=\"https:\/\/www.artisanlocal.ch\/c\/artisan-plombier-a-bienne\/\">Artisan plombier \u00e0 Biel\/Bienne<\/a><\/li>\n<li class=\"page_item page-item-1021\"><a href=\"https:\/\/www.artisanlocal.ch\/c\/artisan-plombier-a-estavayer-le-lac\/\">Artisan plombier \u00e0 Estavayer-le-lac<\/a><\/li>\n<li class=\"page_item page-item-1010\"><a href=\"https:\/\/www.artisanlocal.ch\/c\/artisan-plombier-a-gland\/\">Artisan plombier \u00e0 Gland<\/a><\/li>\n<li class=\"page_item page-item-1005\"><a href=\"https:\/\/www.artisanlocal.ch\/c\/artisan-plombier-a-grandson\/\">Artisan plombier \u00e0 Grandson<\/a><\/li>\n<li class=\"page_item page-item-987\"><a href=\"https:\/\/www.artisanlocal.ch\/c\/artisan-plombier-a-martigny\/\">Artisan plombier \u00e0 Martigny<\/a><\/li>\n<li class=\"page_item page-item-1024\"><a href=\"https:\/\/www.artisanlocal.ch\/c\/artisan-plombier-a-mezieres\/\">Artisan plombier \u00e0 M\u00e9zi\u00e8res VD<\/a><\/li>\n<li class=\"page_item page-item-988\"><a href=\"https:\/\/www.artisanlocal.ch\/c\/artisan-plombier-a-monthey\/\">Artisan plombier \u00e0 Monthey<\/a><\/li>\n<li class=\"page_item page-item-983\"><a href=\"https:\/\/www.artisanlocal.ch\/c\/artisan-plombier-a-oron-la-ville\/\">Artisan plombier \u00e0 Oron-la-Ville<\/a><\/li>\n<li class=\"page_item page-item-998\"><a href=\"https:\/\/www.artisanlocal.ch\/c\/artisan-plombier-a-payerne\/\">Artisan plombier \u00e0 Payerne<\/a><\/li>\n<li class=\"page_item page-item-1023\"><a href=\"https:\/\/www.artisanlocal.ch\/c\/artisan-plombier-a-renens\/\">Artisan plombier \u00e0 Renens VD<\/a><\/li>\n<li class=\"page_item page-item-1015\"><a href=\"https:\/\/www.artisanlocal.ch\/c\/artisan-plombier-a-saxon\/\">Artisan plombier \u00e0 Saxon<\/a><\/li>\n<li class=\"page_item page-item-962\"><a href=\"https:\/\/www.artisanlocal.ch\/c\/artisan-plombier-a-vuadens\/\">Artisan plombier \u00e0 Vuadens<\/a><\/li>\n<li class=\"page_item page-item-986\"><a href=\"https:\/\/www.artisanlocal.ch\/c\/artisan-plombier-a-yverdon\/\">Artisan plombier \u00e0 Yverdon-les-Bains<\/a><\/li>\n<li class=\"page_item page-item-1035\"><a href=\"https:\/\/www.artisanlocal.ch\/c\/artisan-plombier-a-canton-de-neuchatel\/\">Artisan plombier dans le canton de Neuch\u00e2tel<\/a><\/li>\n<li class=\"page_item page-item-1037\"><a href=\"https:\/\/www.artisanlocal.ch\/c\/artisan-plombier-a-canton-de-vaud\/\">Artisan plombier dans le canton de Vaud<\/a><\/li>\n<li class=\"page_item page-item-2992\"><a href=\"https:\/\/www.artisanlocal.ch\/c\/artisanlocal-le-specialiste-fermetures-et-stores-sur-mesure-a-avenches\/\">Artisanlocal le sp\u00e9cialiste fermetures et stores sur mesure \u00e0 Avenches<\/a><\/li>\n<li class=\"page_item page-item-3032\"><a href=\"https:\/\/www.artisanlocal.ch\/c\/artisanlocal-le-specialiste-fermetures-et-stores-sur-mesure-a-chexbres\/\">Artisanlocal le sp\u00e9cialiste fermetures et stores sur mesure \u00e0 Chexbres<\/a><\/li>\n<li class=\"page_item page-item-2998\"><a href=\"https:\/\/www.artisanlocal.ch\/c\/artisanlocal-le-specialiste-fermetures-et-stores-sur-mesure-a-moudon\/\">Artisanlocal le sp\u00e9cialiste fermetures et stores sur mesure \u00e0 Moudon<\/a><\/li>\n<li class=\"page_item page-item-2983\"><a href=\"https:\/\/www.artisanlocal.ch\/c\/artisanlocal-le-specialiste-fermetures-et-stores-sur-mesure-a-romont\/\">Artisanlocal le sp\u00e9cialiste fermetures et stores sur mesure \u00e0 Romont FR<\/a><\/li>\n<li class=\"page_item page-item-2991\"><a href=\"https:\/\/www.artisanlocal.ch\/c\/artisanlocal-le-specialiste-stores-et-fermetures-sur-mesure-a-aubonne\/\">Artisanlocal le sp\u00e9cialiste stores et fermetures sur mesure \u00e0 Aubonne<\/a><\/li>\n<li class=\"page_item page-item-3048\"><a href=\"https:\/\/www.artisanlocal.ch\/c\/artisanlocal-le-specialiste-stores-et-fermetures-sur-mesure-a-ecublens\/\">Artisanlocal le sp\u00e9cialiste stores et fermetures sur mesure \u00e0 Ecublens VD<\/a><\/li>\n<li class=\"page_item page-item-2987\"><a href=\"https:\/\/www.artisanlocal.ch\/c\/artisanlocal-le-specialiste-stores-et-fermetures-sur-mesure-a-geneve\/\">Artisanlocal le sp\u00e9cialiste stores et fermetures sur mesure \u00e0 Gen\u00e8ve<\/a><\/li>\n<li class=\"page_item page-item-3028\"><a href=\"https:\/\/www.artisanlocal.ch\/c\/artisanlocal-le-specialiste-stores-et-fermetures-sur-mesure-a-gland\/\">Artisanlocal le sp\u00e9cialiste stores et fermetures sur mesure \u00e0 Gland<\/a><\/li>\n<li class=\"page_item page-item-2988\"><a href=\"https:\/\/www.artisanlocal.ch\/c\/artisanlocal-le-specialiste-stores-et-fermetures-sur-mesure-a-neuchatel\/\">Artisanlocal le sp\u00e9cialiste stores et fermetures sur mesure \u00e0 Neuch\u00e2tel<\/a><\/li>\n<li class=\"page_item page-item-917\"><a href=\"https:\/\/www.artisanlocal.ch\/c\/artisanlocal-votre-demenageur-a-crissier\/\">Artisanlocal votre d\u00e9m\u00e9nageur \u00e0 Crissier<\/a><\/li>\n<li class=\"page_item page-item-924\"><a href=\"https:\/\/www.artisanlocal.ch\/c\/artisanlocal-votre-demenageur-a-mont-sur-lausanne\/\">Artisanlocal votre d\u00e9m\u00e9nageur \u00e0 Le Mont-sur-Lausanne<\/a><\/li>\n<li class=\"page_item page-item-881\"><a href=\"https:\/\/www.artisanlocal.ch\/c\/artisanlocal-votre-demenageur-a-oron-la-ville\/\">Artisanlocal votre d\u00e9m\u00e9nageur \u00e0 Oron-la-Ville<\/a><\/li>\n<li class=\"page_item page-item-921\"><a href=\"https:\/\/www.artisanlocal.ch\/c\/artisanlocal-votre-demenageur-a-renens\/\">Artisanlocal votre d\u00e9m\u00e9nageur \u00e0 Renens VD<\/a><\/li>\n<li class=\"page_item page-item-900\"><a href=\"https:\/\/www.artisanlocal.ch\/c\/artisanlocal-votre-demenageur-a-villeneuve\/\">Artisanlocal votre d\u00e9m\u00e9nageur \u00e0 Villeneuve VD<\/a><\/li>\n<li class=\"page_item page-item-932\"><a href=\"https:\/\/www.artisanlocal.ch\/c\/artisanlocal-votre-demenageur-a-canton-du-jura\/\">Artisanlocal votre d\u00e9m\u00e9nageur dans le canton du Jura<\/a><\/li>\n<li class=\"page_item page-item-934\"><a href=\"https:\/\/www.artisanlocal.ch\/c\/artisanlocal-votre-demenageur-a-canton-du-valais\/\">Artisanlocal votre d\u00e9m\u00e9nageur dans le canton du Valais<\/a><\/li>\n<li class=\"page_item page-item-859\"><a href=\"https:\/\/www.artisanlocal.ch\/c\/artisanlocal-votre-entreprise-de-demenagement-a-broc\/\">Artisanlocal votre entreprise de d\u00e9m\u00e9nagement Broc<\/a><\/li>\n<li class=\"page_item page-item-920\"><a href=\"https:\/\/www.artisanlocal.ch\/c\/artisanlocal-votre-societe-de-demenagement-a-chardonne\/\">Artisanlocal votre soci\u00e9t\u00e9 de d\u00e9m\u00e9nagement \u00e0 Chardonne<\/a><\/li>\n<li class=\"page_item page-item-926\"><a href=\"https:\/\/www.artisanlocal.ch\/c\/artisanlocal-votre-societe-de-demenagement-a-cheseaux-sur-lausanne\/\">Artisanlocal votre soci\u00e9t\u00e9 de d\u00e9m\u00e9nagement \u00e0 Cheseaux-sur-Lausanne<\/a><\/li>\n<li class=\"page_item page-item-922\"><a href=\"https:\/\/www.artisanlocal.ch\/c\/artisanlocal-votre-societe-de-demenagement-a-mezieres\/\">Artisanlocal votre soci\u00e9t\u00e9 de d\u00e9m\u00e9nagement \u00e0 M\u00e9zi\u00e8res VD<\/a><\/li>\n<li class=\"page_item page-item-882\"><a href=\"https:\/\/www.artisanlocal.ch\/c\/artisanlocal-votre-societe-de-demenagement-a-rolle\/\">Artisanlocal votre soci\u00e9t\u00e9 de d\u00e9m\u00e9nagement \u00e0 Rolle<\/a><\/li>\n<li class=\"page_item page-item-910\"><a href=\"https:\/\/www.artisanlocal.ch\/c\/artisanlocal-votre-societe-de-demenagement-a-savigny\/\">Artisanlocal votre soci\u00e9t\u00e9 de d\u00e9m\u00e9nagement \u00e0 Savigny<\/a><\/li>\n<li class=\"page_item page-item-931\"><a href=\"https:\/\/www.artisanlocal.ch\/c\/artisanlocal-votre-societe-de-demenagement-dans-le-canton-de-fribourg\/\">Artisanlocal votre soci\u00e9t\u00e9 de d\u00e9m\u00e9nagement dans le canton de Fribourg<\/a><\/li>\n<li class=\"page_item page-item-692\"><a href=\"https:\/\/www.artisanlocal.ch\/c\/besoin-dun-chauffagiste-a-montreux\/\">Besoin d&rsquo;un chauffagiste \u00e0 Montreux ?<\/a><\/li>\n<li class=\"page_item page-item-682\"><a href=\"https:\/\/www.artisanlocal.ch\/c\/besoin-dun-chauffagiste-a-saxon\/\">Besoin d&rsquo;un chauffagiste \u00e0 Saxon ?<\/a><\/li>\n<li class=\"page_item page-item-631\"><a href=\"https:\/\/www.artisanlocal.ch\/c\/besoin-dun-chauffagiste-a-siviriez\/\">Besoin d&rsquo;un chauffagiste \u00e0 Siviriez ?<\/a><\/li>\n<li class=\"page_item page-item-650\"><a href=\"https:\/\/www.artisanlocal.ch\/c\/besoin-dun-depannage-en-urgence-de-votre-chauffage-a-oron-la-ville\/\">Besoin d&rsquo;un d\u00e9pannage en urgence de votre chauffage \u00e0 Oron-la-Ville ?<\/a><\/li>\n<li class=\"page_item page-item-573\"><a href=\"https:\/\/www.artisanlocal.ch\/c\/besoin-dun-expert-de-la-pose-de-carrelage-a-oron-la-ville\/\">Besoin d&rsquo;un expert de la pose de carrelage \u00e0 Oron-la-Ville ?<\/a><\/li>\n<li class=\"page_item page-item-595\"><a href=\"https:\/\/www.artisanlocal.ch\/c\/besoin-dun-expert-pour-linstallation-de-votre-carrelage-a-grandson\/\">Besoin d&rsquo;un expert pour l&rsquo;installation de votre carrelage \u00e0 Grandson ?<\/a><\/li>\n<li class=\"page_item page-item-615\"><a href=\"https:\/\/www.artisanlocal.ch\/c\/besoin-dun-expert-pour-linstallation-de-votre-carrelage-a-montreux\/\">Besoin d&rsquo;un expert pour l&rsquo;installation de votre carrelage \u00e0 Montreux ?<\/a><\/li>\n<li class=\"page_item page-item-599\"><a href=\"https:\/\/www.artisanlocal.ch\/c\/besoin-dun-specialiste-de-la-pose-de-carrelage-a-bussigny-pres-lausanne\/\">Besoin d&rsquo;un sp\u00e9cialiste de la pose de carrelage \u00e0 Bussigny ?<\/a><\/li>\n<li class=\"page_item page-item-600\"><a href=\"https:\/\/www.artisanlocal.ch\/c\/besoin-dun-specialiste-de-la-pose-de-carrelage-a-gland\/\">Besoin d&rsquo;un sp\u00e9cialiste de la pose de carrelage \u00e0 Gland ?<\/a><\/li>\n<li class=\"page_item page-item-627\"><a href=\"https:\/\/www.artisanlocal.ch\/c\/besoin-dun-specialiste-de-la-pose-de-carrelage-dans-le-canton-de-vaud\/\">Besoin d&rsquo;un sp\u00e9cialiste de la pose de carrelage dans le canton de Vaud ?<\/a><\/li>\n<li class=\"page_item page-item-626\"><a href=\"https:\/\/www.artisanlocal.ch\/c\/besoin-dun-specialiste-de-la-pose-de-carrelage-dans-le-canton-du-valais\/\">Besoin d&rsquo;un sp\u00e9cialiste de la pose de carrelage dans le canton du Valais ?<\/a><\/li>\n<li class=\"page_item page-item-562\"><a href=\"https:\/\/www.artisanlocal.ch\/c\/societe-specialisee-dans-la-pose-de-carreaux-a-aigle\/\">Carreleur \u00e0 Aigle<\/a><\/li>\n<li class=\"page_item page-item-593\"><a href=\"https:\/\/www.artisanlocal.ch\/c\/besoin-dun-specialiste-de-la-pose-de-carrelage-a-apples\/\">Carreleur \u00e0 Apples<\/a><\/li>\n<li class=\"page_item page-item-564\"><a href=\"https:\/\/www.artisanlocal.ch\/c\/besoin-dun-expert-de-la-pose-de-carrelage-a-avenches\/\">Carreleur \u00e0 Avenches<\/a><\/li>\n<li class=\"page_item page-item-591\"><a href=\"https:\/\/www.artisanlocal.ch\/c\/besoin-dun-specialiste-de-la-pose-de-carrelage-a-carouge\/\">Carreleur \u00e0 Carouge GE<\/a><\/li>\n<li class=\"page_item page-item-565\"><a href=\"https:\/\/www.artisanlocal.ch\/c\/societe-specialisee-dans-la-pose-de-carreaux-a-coppet\/\">Carreleur \u00e0 Coppet<\/a><\/li>\n<li class=\"page_item page-item-566\"><a href=\"https:\/\/www.artisanlocal.ch\/c\/societe-specialisee-dans-la-pose-de-carrelage-a-cossonay-ville\/\">Carreleur \u00e0 Cossonay-Ville<\/a><\/li>\n<li class=\"page_item page-item-556\"><a href=\"https:\/\/www.artisanlocal.ch\/c\/besoin-dun-expert-pour-linstallation-de-votre-carrelage-a-fribourg\/\">Carreleur \u00e0 Fribourg<\/a><\/li>\n<li class=\"page_item page-item-583\"><a href=\"https:\/\/www.artisanlocal.ch\/c\/vous-avez-besoin-dun-specialiste-pour-linstallation-de-votre-carrelage-a-la-chaux-de-fonds\/\">Carreleur \u00e0 La Chaux-de-Fonds<\/a><\/li>\n<li class=\"page_item page-item-586\"><a href=\"https:\/\/www.artisanlocal.ch\/c\/societe-specialisee-dans-la-pose-de-carreaux-a-st-blaise\/\">Carreleur \u00e0 St-Blaise<\/a><\/li>\n<li class=\"page_item page-item-639\"><a href=\"https:\/\/www.artisanlocal.ch\/c\/besoin-dun-depannage-en-urgence-de-votre-chauffage-a-aigle\/\">Chauffagiste \u00e0 Aigle<\/a><\/li>\n<li class=\"page_item page-item-670\"><a href=\"https:\/\/www.artisanlocal.ch\/c\/chauffagiste-a-apples\/\">Chauffagiste \u00e0 Apples<\/a><\/li>\n<li class=\"page_item page-item-635\"><a href=\"https:\/\/www.artisanlocal.ch\/c\/chauffagiste-a-attalens\/\">Chauffagiste \u00e0 Attalens<\/a><\/li>\n<li class=\"page_item page-item-640\"><a href=\"https:\/\/www.artisanlocal.ch\/c\/chauffagiste-a-aubonne\/\">Chauffagiste \u00e0 Aubonne<\/a><\/li>\n<li class=\"page_item page-item-641\"><a href=\"https:\/\/www.artisanlocal.ch\/c\/depannage-urgence-chauffagiste-a-avenches\/\">Chauffagiste \u00e0 Avenches<\/a><\/li>\n<li class=\"page_item page-item-683\"><a href=\"https:\/\/www.artisanlocal.ch\/c\/chauffagiste-a-bex\/\">Chauffagiste \u00e0 Bex<\/a><\/li>\n<li class=\"page_item page-item-662\"><a href=\"https:\/\/www.artisanlocal.ch\/c\/chauffagiste-a-boudry\/\">Chauffagiste \u00e0 Boudry<\/a><\/li>\n<li class=\"page_item page-item-630\"><a href=\"https:\/\/www.artisanlocal.ch\/c\/jai-besoin-dun-chauffagiste-a-bulle\/\">Chauffagiste \u00e0 Bulle<\/a><\/li>\n<li class=\"page_item page-item-676\"><a href=\"https:\/\/www.artisanlocal.ch\/c\/jai-besoin-dun-chauffagiste-a-bussigny-pres-lausanne\/\">Chauffagiste \u00e0 Bussigny<\/a><\/li>\n<li class=\"page_item page-item-668\"><a href=\"https:\/\/www.artisanlocal.ch\/c\/chauffagiste-a-carouge\/\">Chauffagiste \u00e0 Carouge GE<\/a><\/li>\n<li class=\"page_item page-item-689\"><a href=\"https:\/\/www.artisanlocal.ch\/c\/chauffagiste-a-chardonne\/\">Chauffagiste \u00e0 Chardonne ?<\/a><\/li>\n<li class=\"page_item page-item-658\"><a href=\"https:\/\/www.artisanlocal.ch\/c\/depannage-urgence-chauffagiste-a-chatel-st-denis\/\">Chauffagiste \u00e0 Ch\u00e2tel-St-Denis : chauffage, sanitaire et ventilation<\/a><\/li>\n<li class=\"page_item page-item-678\"><a href=\"https:\/\/www.artisanlocal.ch\/c\/chauffagiste-a-chavornay\/\">Chauffagiste \u00e0 Chavornay ?<\/a><\/li>\n<li class=\"page_item page-item-695\"><a href=\"https:\/\/www.artisanlocal.ch\/c\/chauffagiste-a-cheseaux-sur-lausanne\/\">Chauffagiste \u00e0 Cheseaux-sur-Lausanne<\/a><\/li>\n<li class=\"page_item page-item-681\"><a href=\"https:\/\/www.artisanlocal.ch\/c\/chauffagiste-a-chexbres\/\">Chauffagiste \u00e0 Chexbres<\/a><\/li>\n<li class=\"page_item page-item-657\"><a href=\"https:\/\/www.artisanlocal.ch\/c\/jai-besoin-dun-chauffagiste-a-conthey\/\">Chauffagiste \u00e0 Conthey<\/a><\/li>\n<li class=\"page_item page-item-642\"><a href=\"https:\/\/www.artisanlocal.ch\/c\/jai-besoin-dun-chauffagiste-a-coppet\/\">Chauffagiste \u00e0 Coppet<\/a><\/li>\n<li class=\"page_item page-item-643\"><a href=\"https:\/\/www.artisanlocal.ch\/c\/besoin-dun-chauffagiste-a-cossonay-ville\/\">Chauffagiste \u00e0 Cossonay-Ville<\/a><\/li>\n<li class=\"page_item page-item-661\"><a href=\"https:\/\/www.artisanlocal.ch\/c\/chauffagiste-a-courtelary\/\">Chauffagiste \u00e0 Courtelary<\/a><\/li>\n<li class=\"page_item page-item-686\"><a href=\"https:\/\/www.artisanlocal.ch\/c\/chauffagiste-a-crissier\/\">Chauffagiste \u00e0 Crissier ?<\/a><\/li>\n<li class=\"page_item page-item-696\"><a href=\"https:\/\/www.artisanlocal.ch\/c\/chauffagiste-a-delemont\/\">Chauffagiste \u00e0 Del\u00e9mont<\/a><\/li>\n<li class=\"page_item page-item-673\"><a href=\"https:\/\/www.artisanlocal.ch\/c\/chauffagiste-a-epalinges\/\">Chauffagiste \u00e0 Epalinges ?<\/a><\/li>\n<li class=\"page_item page-item-680\"><a href=\"https:\/\/www.artisanlocal.ch\/c\/vous-avez-besoin-dun-depannage-en-urgence-de-votre-chauffage-a-fetigny\/\">Chauffagiste \u00e0 F\u00e9tigny<\/a><\/li>\n<li class=\"page_item page-item-633\"><a href=\"https:\/\/www.artisanlocal.ch\/c\/chauffagiste-a-fribourg\/\">Chauffagiste \u00e0 Fribourg<\/a><\/li>\n<li class=\"page_item page-item-636\"><a href=\"https:\/\/www.artisanlocal.ch\/c\/chauffagiste-a-geneve\/\">Chauffagiste \u00e0 Gen\u00e8ve<\/a><\/li>\n<li class=\"page_item page-item-672\"><a href=\"https:\/\/www.artisanlocal.ch\/c\/vous-avez-besoin-dun-depannage-en-urgence-de-votre-chauffage-a-grandson\/\">Chauffagiste \u00e0 Grandson<\/a><\/li>\n<li class=\"page_item page-item-660\"><a href=\"https:\/\/www.artisanlocal.ch\/c\/besoin-dun-depannage-en-urgence-de-votre-chauffage-a-la-chaux-de-fonds\/\">Chauffagiste \u00e0 La Chaux-de-Fonds<\/a><\/li>\n<li class=\"page_item page-item-645\"><a href=\"https:\/\/www.artisanlocal.ch\/c\/chauffagiste-a-lausanne\/\">Chauffagiste \u00e0 Lausanne<\/a><\/li>\n<li class=\"page_item page-item-693\"><a href=\"https:\/\/www.artisanlocal.ch\/c\/chauffagiste-a-mont-sur-lausanne\/\">Chauffagiste \u00e0 Le Mont-sur-Lausanne ?<\/a><\/li>\n<li class=\"page_item page-item-685\"><a href=\"https:\/\/www.artisanlocal.ch\/c\/besoin-dun-chauffagiste-a-lutry\/\">Chauffagiste \u00e0 Lutry<\/a><\/li>\n<li class=\"page_item page-item-667\"><a href=\"https:\/\/www.artisanlocal.ch\/c\/jai-besoin-dun-chauffagiste-a-meyrin\/\">Chauffagiste \u00e0 Meyrin<\/a><\/li>\n<li class=\"page_item page-item-655\"><a href=\"https:\/\/www.artisanlocal.ch\/c\/chauffagiste-a-monthey\/\">Chauffagiste \u00e0 Monthey<\/a><\/li>\n<li class=\"page_item page-item-646\"><a href=\"https:\/\/www.artisanlocal.ch\/c\/chauffagiste-a-morges\/\">Chauffagiste \u00e0 Morges<\/a><\/li>\n<li class=\"page_item page-item-647\"><a href=\"https:\/\/www.artisanlocal.ch\/c\/chauffagiste-a-moudon\/\">Chauffagiste \u00e0 Moudon ?<\/a><\/li>\n<li class=\"page_item page-item-637\"><a href=\"https:\/\/www.artisanlocal.ch\/c\/jai-besoin-dun-chauffagiste-a-neuchatel\/\">Chauffagiste \u00e0 Neuch\u00e2tel<\/a><\/li>\n<li class=\"page_item page-item-648\"><a href=\"https:\/\/www.artisanlocal.ch\/c\/depannage-urgence-chauffagiste-a-nyon\/\">Chauffagiste \u00e0 Nyon<\/a><\/li>\n<li class=\"page_item page-item-671\"><a href=\"https:\/\/www.artisanlocal.ch\/c\/besoin-dun-depannage-en-urgence-de-votre-chauffage-a-penthalaz\/\">Chauffagiste \u00e0 Penthalaz<\/a><\/li>\n<li class=\"page_item page-item-698\"><a href=\"https:\/\/www.artisanlocal.ch\/c\/chauffagiste-a-porrentruy\/\">Chauffagiste \u00e0 Porrentruy<\/a><\/li>\n<li class=\"page_item page-item-675\"><a href=\"https:\/\/www.artisanlocal.ch\/c\/depannage-urgence-chauffagiste-a-prilly\/\">Chauffagiste \u00e0 Prilly<\/a><\/li>\n<li class=\"page_item page-item-674\"><a href=\"https:\/\/www.artisanlocal.ch\/c\/vous-avez-besoin-dun-depannage-en-urgence-de-votre-chauffage-a-pully\/\">Chauffagiste \u00e0 Pully<\/a><\/li>\n<li class=\"page_item page-item-690\"><a href=\"https:\/\/www.artisanlocal.ch\/c\/vous-avez-besoin-dun-depannage-en-urgence-de-votre-chauffage-a-renens\/\">Chauffagiste \u00e0 Renens VD<\/a><\/li>\n<li class=\"page_item page-item-651\"><a href=\"https:\/\/www.artisanlocal.ch\/c\/depannage-urgence-chauffagiste-a-rolle\/\">Chauffagiste \u00e0 Rolle<\/a><\/li>\n<li class=\"page_item page-item-684\"><a href=\"https:\/\/www.artisanlocal.ch\/c\/chauffagiste-a-romanel-sur-lausanne\/\">Chauffagiste \u00e0 Romanel-sur-Lausanne ?<\/a><\/li>\n<li class=\"page_item page-item-632\"><a href=\"https:\/\/www.artisanlocal.ch\/c\/chauffagiste-a-romont\/\">Chauffagiste \u00e0 Romont FR<\/a><\/li>\n<li class=\"page_item page-item-1432\"><a href=\"https:\/\/www.artisanlocal.ch\/c\/chauffagiste-a-saignelegier\/\">Chauffagiste \u00e0 Saignel\u00e9gier<\/a><\/li>\n<li class=\"page_item page-item-699\"><a href=\"https:\/\/www.artisanlocal.ch\/c\/chauffagiste-a-sierre\/\">Chauffagiste \u00e0 Sierre<\/a><\/li>\n<li class=\"page_item page-item-663\"><a href=\"https:\/\/www.artisanlocal.ch\/c\/vous-avez-besoin-dun-chauffagiste-a-st-blaise\/\">Chauffagiste \u00e0 St-Blaise<\/a><\/li>\n<li class=\"page_item page-item-656\"><a href=\"https:\/\/www.artisanlocal.ch\/c\/chauffagiste-a-st-maurice\/\">Chauffagiste \u00e0 St-Maurice ?<\/a><\/li>\n<li class=\"page_item page-item-634\"><a href=\"https:\/\/www.artisanlocal.ch\/c\/besoin-dun-chauffagiste-a-villars-sur-glane\/\">Chauffagiste \u00e0 Villars-sur-Gl\u00e2ne<\/a><\/li>\n<li class=\"page_item page-item-669\"><a href=\"https:\/\/www.artisanlocal.ch\/c\/chauffagiste-a-villeneuve\/\">Chauffagiste \u00e0 Villeneuve VD<\/a><\/li>\n<li class=\"page_item page-item-638\"><a href=\"https:\/\/www.artisanlocal.ch\/c\/besoin-dun-chauffagiste-a-le-locle\/\">Chauffagiste au Locle<\/a><\/li>\n<li class=\"page_item page-item-694\"><a href=\"https:\/\/www.artisanlocal.ch\/c\/depannage-urgence-chauffagiste-a-bienne\/\">Chauffagiste Biel\/Bienne : intervention en urgence<\/a><\/li>\n<li class=\"page_item page-item-700\"><a href=\"https:\/\/www.artisanlocal.ch\/c\/chauffagiste-dans-le-canton-de-fribourg\/\">Chauffagiste dans le canton de Fribourg ?<\/a><\/li>\n<li class=\"page_item page-item-659\"><a href=\"https:\/\/www.artisanlocal.ch\/c\/besoin-dun-chauffagiste-dans-le-canton-de-geneve\/\">Chauffagiste dans le canton de Gen\u00e8ve<\/a><\/li>\n<li class=\"page_item page-item-702\"><a href=\"https:\/\/www.artisanlocal.ch\/c\/chauffagiste-dans-le-canton-de-neuchatel\/\">Chauffagiste dans le canton de Neuch\u00e2tel ?<\/a><\/li>\n<li class=\"page_item page-item-703\"><a href=\"https:\/\/www.artisanlocal.ch\/c\/chauffagiste-dans-le-canton-du-valais\/\">Chauffagiste dans le canton du Valais ?<\/a><\/li>\n<li class=\"page_item page-item-628\"><a href=\"https:\/\/www.artisanlocal.ch\/c\/jai-besoin-dun-chauffagiste-a-broc\/\">Chauffagiste le Broc<\/a><\/li>\n<li class=\"page_item page-item-3021\"><a href=\"https:\/\/www.artisanlocal.ch\/c\/confiez-linstallation-de-votre-store-a-un-professionnel-experimente-a-apples\/\">Confiez l&rsquo;installation de votre store \u00e0 un professionnel exp\u00e9riment\u00e9 \u00e0 Apples<\/a><\/li>\n<li class=\"page_item page-item-3011\"><a href=\"https:\/\/www.artisanlocal.ch\/c\/confiez-linstallation-de-votre-store-a-un-professionnel-experimente-a-la-chaux-de-fonds\/\">Confiez l&rsquo;installation de votre store \u00e0 un professionnel exp\u00e9riment\u00e9 \u00e0 La Chaux-de-Fonds<\/a><\/li>\n<li class=\"page_item page-item-3005\"><a href=\"https:\/\/www.artisanlocal.ch\/c\/confiez-linstallation-de-votre-store-a-un-professionnel-experimente-a-martigny\/\">Confiez l&rsquo;installation de votre store \u00e0 un professionnel exp\u00e9riment\u00e9 \u00e0 Martigny<\/a><\/li>\n<li class=\"page_item page-item-3026\"><a href=\"https:\/\/www.artisanlocal.ch\/c\/confiez-linstallation-de-votre-store-a-un-professionnel-experimente-a-prilly\/\">Confiez l&rsquo;installation de votre store \u00e0 un professionnel exp\u00e9riment\u00e9 \u00e0 Prilly<\/a><\/li>\n<li class=\"page_item page-item-3020\"><a href=\"https:\/\/www.artisanlocal.ch\/c\/confiez-linstallation-de-votre-store-a-un-professionnel-experimente-a-villeneuve\/\">Confiez l&rsquo;installation de votre store \u00e0 un professionnel exp\u00e9riment\u00e9 \u00e0 Villeneuve VD<\/a><\/li>\n<li class=\"page_item page-item-2990\"><a href=\"https:\/\/www.artisanlocal.ch\/c\/confiez-linstallation-de-votre-store-a-un-professionnel-qualifie-a-aigle\/\">Confiez l&rsquo;installation de votre store \u00e0 un professionnel qualifi\u00e9 \u00e0 Aigle<\/a><\/li>\n<li class=\"page_item page-item-3034\"><a href=\"https:\/\/www.artisanlocal.ch\/c\/confiez-linstallation-de-votre-store-a-un-professionnel-qualifie-a-bex\/\">Confiez l&rsquo;installation de votre store \u00e0 un professionnel qualifi\u00e9 \u00e0 Bex<\/a><\/li>\n<li class=\"page_item page-item-3040\"><a href=\"https:\/\/www.artisanlocal.ch\/c\/confiez-linstallation-de-votre-store-a-un-professionnel-qualifie-a-chardonne\/\">Confiez l&rsquo;installation de votre store \u00e0 un professionnel qualifi\u00e9 \u00e0 Chardonne<\/a><\/li>\n<li class=\"page_item page-item-3053\"><a href=\"https:\/\/www.artisanlocal.ch\/c\/confiez-linstallation-de-votre-store-a-un-professionnel-qualifie-dans-le-canton-de-neuchatel\/\">Confiez l&rsquo;installation de votre store \u00e0 un professionnel qualifi\u00e9 dans le canton de Neuch\u00e2tel<\/a><\/li>\n<li class=\"page_item page-item-2996\"><a href=\"https:\/\/www.artisanlocal.ch\/c\/confiez-la-mise-en-place-de-votre-store-a-un-professionnel-experimente-a-lausanne\/\">Confiez la mise en place de votre store \u00e0 un professionnel exp\u00e9riment\u00e9 \u00e0 Lausanne<\/a><\/li>\n<li class=\"page_item page-item-3044\"><a href=\"https:\/\/www.artisanlocal.ch\/c\/confiez-la-mise-en-place-de-votre-store-a-un-professionnel-experimente-a-mont-sur-lausanne\/\">Confiez la mise en place de votre store \u00e0 un professionnel exp\u00e9riment\u00e9 \u00e0 Le Mont-sur-Lausanne<\/a><\/li>\n<li class=\"page_item page-item-3001\"><a href=\"https:\/\/www.artisanlocal.ch\/c\/confiez-la-mise-en-place-de-votre-store-a-un-professionnel-experimente-a-oron-la-ville\/\">Confiez la mise en place de votre store \u00e0 un professionnel exp\u00e9riment\u00e9 \u00e0 Oron-la-Ville<\/a><\/li>\n<li class=\"page_item page-item-3033\"><a href=\"https:\/\/www.artisanlocal.ch\/c\/confiez-la-mise-en-place-de-votre-store-a-un-professionnel-experimente-a-saxon\/\">Confiez la mise en place de votre store \u00e0 un professionnel exp\u00e9riment\u00e9 \u00e0 Saxon<\/a><\/li>\n<li class=\"page_item page-item-3036\"><a href=\"https:\/\/www.artisanlocal.ch\/c\/confiez-la-mise-en-place-de-votre-store-a-un-professionnel-qualifie-a-lutry\/\">Confiez la mise en place de votre store \u00e0 un professionnel qualifi\u00e9 \u00e0 Lutry<\/a><\/li>\n<li class=\"page_item page-item-3052\"><a href=\"https:\/\/www.artisanlocal.ch\/c\/confiez-la-mise-en-place-de-votre-store-a-un-professionnel-qualifie-dans-le-canton-du-jura\/\">Confiez la mise en place de votre store \u00e0 un professionnel qualifi\u00e9 dans le canton du Jura<\/a><\/li>\n<li class=\"page_item page-item-872\"><a href=\"https:\/\/www.artisanlocal.ch\/c\/votre-demenageur-a-avenches\/\">D\u00e9m\u00e9nagement \u00e0 Avenches<\/a><\/li>\n<li class=\"page_item page-item-889\"><a href=\"https:\/\/www.artisanlocal.ch\/c\/artisanlocal-votre-societe-de-demenagement-a-chatel-st-denis\/\">D\u00e9m\u00e9nagement \u00e0 Ch\u00e2tel-St-Denis<\/a><\/li>\n<li class=\"page_item page-item-875\"><a href=\"https:\/\/www.artisanlocal.ch\/c\/facilitez-votre-demenagement-a-echallens\/\">D\u00e9m\u00e9nagement \u00e0 Echallens<\/a><\/li>\n<li class=\"page_item page-item-904\"><a href=\"https:\/\/www.artisanlocal.ch\/c\/facilitez-votre-demenagement-a-epalinges\/\">D\u00e9m\u00e9nagement \u00e0 Epalinges<\/a><\/li>\n<li class=\"page_item page-item-885\"><a href=\"https:\/\/www.artisanlocal.ch\/c\/facilitez-votre-demenagement-a-martigny\/\">D\u00e9m\u00e9nagement \u00e0 Martigny<\/a><\/li>\n<li class=\"page_item page-item-877\"><a href=\"https:\/\/www.artisanlocal.ch\/c\/artisanlocal-votre-demenageur-a-morges\/\">D\u00e9m\u00e9nagement \u00e0 Morges<\/a><\/li>\n<li class=\"page_item page-item-868\"><a href=\"https:\/\/www.artisanlocal.ch\/c\/facilitez-votre-demenagement-a-neuchatel\/\">D\u00e9m\u00e9nagement \u00e0 Neuch\u00e2tel<\/a><\/li>\n<li class=\"page_item page-item-897\"><a href=\"https:\/\/www.artisanlocal.ch\/c\/artisanlocal-votre-societe-de-demenagement-a-sion\/\">D\u00e9m\u00e9nagement \u00e0 Sion<\/a><\/li>\n<li class=\"page_item page-item-883\"><a href=\"https:\/\/www.artisanlocal.ch\/c\/facilitez-votre-demenagement-a-vevey\/\">D\u00e9m\u00e9nagement \u00e0 Vevey<\/a><\/li>\n<li class=\"page_item page-item-865\"><a href=\"https:\/\/www.artisanlocal.ch\/c\/votre-demenageur-a-villars-sur-glane\/\">D\u00e9m\u00e9nagement \u00e0 Villars-sur-Gl\u00e2ne<\/a><\/li>\n<li class=\"page_item page-item-884\"><a href=\"https:\/\/www.artisanlocal.ch\/c\/votre-demenageur-a-yverdon\/\">D\u00e9m\u00e9nagement \u00e0 Yverdon-les-Bains<\/a><\/li>\n<li class=\"page_item page-item-870\"><a href=\"https:\/\/www.artisanlocal.ch\/c\/artisanlocal-votre-entreprise-de-demenagement-a-aigle\/\">D\u00e9m\u00e9nageur \u00e0 Aigle<\/a><\/li>\n<li class=\"page_item page-item-901\"><a href=\"https:\/\/www.artisanlocal.ch\/c\/artisanlocal-votre-demenageur-a-apples\/\">D\u00e9m\u00e9nageur \u00e0 Apples<\/a><\/li>\n<li class=\"page_item page-item-871\"><a href=\"https:\/\/www.artisanlocal.ch\/c\/facilitez-votre-demenagement-a-aubonne\/\">D\u00e9m\u00e9nageur \u00e0 Aubonne<\/a><\/li>\n<li class=\"page_item page-item-893\"><a href=\"https:\/\/www.artisanlocal.ch\/c\/votre-demenageur-a-boudry\/\">D\u00e9m\u00e9nageur \u00e0 Boudry<\/a><\/li>\n<li class=\"page_item page-item-899\"><a href=\"https:\/\/www.artisanlocal.ch\/c\/artisanlocal-votre-demenageur-a-carouge\/\">D\u00e9m\u00e9nageur \u00e0 Carouge GE<\/a><\/li>\n<li class=\"page_item page-item-927\"><a href=\"https:\/\/www.artisanlocal.ch\/c\/artisanlocal-votre-demenageur-a-delemont\/\">D\u00e9m\u00e9nageur \u00e0 Del\u00e9mont<\/a><\/li>\n<li class=\"page_item page-item-891\"><a href=\"https:\/\/www.artisanlocal.ch\/c\/votre-demenageur-a-la-chaux-de-fonds\/\">D\u00e9m\u00e9nageur \u00e0 La Chaux-de-Fonds<\/a><\/li>\n<li class=\"page_item page-item-929\"><a href=\"https:\/\/www.artisanlocal.ch\/c\/votre-demenageur-a-porrentruy\/\">D\u00e9m\u00e9nageur \u00e0 Porrentruy<\/a><\/li>\n<li class=\"page_item page-item-1429\"><a href=\"https:\/\/www.artisanlocal.ch\/c\/demenageur-a-saignelegier\/\">D\u00e9m\u00e9nageur \u00e0 Saignel\u00e9gier<\/a><\/li>\n<li class=\"page_item page-item-894\"><a href=\"https:\/\/www.artisanlocal.ch\/c\/simplifiez-votre-demenagement-a-st-blaise\/\">D\u00e9m\u00e9nageur \u00e0 St-Blaise<\/a><\/li>\n<li class=\"page_item page-item-869\"><a href=\"https:\/\/www.artisanlocal.ch\/c\/facilitez-votre-demenagement-a-le-locle\/\">D\u00e9m\u00e9nageur au Locle<\/a><\/li>\n<li class=\"page_item page-item-864\"><a href=\"https:\/\/www.artisanlocal.ch\/c\/votre-demenageur-a-fribourg\/\">D\u00e9m\u00e9nageur Fribourg<\/a><\/li>\n<li class=\"page_item page-item-654\"><a href=\"https:\/\/www.artisanlocal.ch\/c\/depannage-urgence-chauffagiste-a-martigny\/\">D\u00e9pannage Urgence Chauffagiste \u00e0 Martigny ?<\/a><\/li>\n<li class=\"page_item page-item-701\"><a href=\"https:\/\/www.artisanlocal.ch\/c\/depannage-urgence-chauffagiste-dans-le-canton-du-jura\/\">D\u00e9pannage Urgence Chauffagiste dans le canton du Jura ?<\/a><\/li>\n<li class=\"page_item page-item-2535\"><a href=\"https:\/\/www.artisanlocal.ch\/c\/energies-renouvelables-a-aigle-et-dans-les-villes-a-proximite\/\">\u00c9nergies renouvelables \u00e0 Aigle et dans les villes \u00e0 proximit\u00e9<\/a><\/li>\n<li class=\"page_item page-item-2566\"><a href=\"https:\/\/www.artisanlocal.ch\/c\/energies-renouvelables-a-apples-et-dans-les-villes-a-proximite\/\">\u00c9nergies renouvelables \u00e0 Apples et dans les villes \u00e0 proximit\u00e9<\/a><\/li>\n<li class=\"page_item page-item-2531\"><a href=\"https:\/\/www.artisanlocal.ch\/c\/energies-renouvelables-a-attalens-et-dans-les-villes-a-proximite\/\">\u00c9nergies renouvelables \u00e0 Attalens et dans les villes \u00e0 proximit\u00e9<\/a><\/li>\n<li class=\"page_item page-item-2536\"><a href=\"https:\/\/www.artisanlocal.ch\/c\/energies-renouvelables-a-aubonne-et-dans-les-villes-aux-alentours\/\">\u00c9nergies renouvelables \u00e0 Aubonne et dans les villes aux alentours<\/a><\/li>\n<li class=\"page_item page-item-2537\"><a href=\"https:\/\/www.artisanlocal.ch\/c\/energies-renouvelables-a-avenches-et-dans-les-villes-proches\/\">\u00c9nergies renouvelables \u00e0 Avenches et dans les villes proches<\/a><\/li>\n<li class=\"page_item page-item-2579\"><a href=\"https:\/\/www.artisanlocal.ch\/c\/energies-renouvelables-a-bex-et-dans-les-villes-aux-environs\/\">\u00c9nergies renouvelables \u00e0 Bex et dans les villes aux environs<\/a><\/li>\n<li class=\"page_item page-item-2590\"><a href=\"https:\/\/www.artisanlocal.ch\/c\/energies-renouvelables-a-bienne-et-dans-les-villes-proches\/\">\u00c9nergies renouvelables \u00e0 Biel\/Bienne et dans les villes proches<\/a><\/li>\n<li class=\"page_item page-item-2558\"><a href=\"https:\/\/www.artisanlocal.ch\/c\/energies-renouvelables-a-boudry-et-dans-les-villes-aux-alentours\/\">\u00c9nergies renouvelables \u00e0 Boudry et dans les villes aux alentours<\/a><\/li>\n<li class=\"page_item page-item-2524\"><a href=\"https:\/\/www.artisanlocal.ch\/c\/energies-renouvelables-a-broc-et-dans-les-villes-proches\/\">\u00c9nergies renouvelables \u00e0 Broc et dans les villes proches<\/a><\/li>\n<li class=\"page_item page-item-2526\"><a href=\"https:\/\/www.artisanlocal.ch\/c\/energies-renouvelables-a-bulle-et-dans-les-villes-proches\/\">\u00c9nergies renouvelables \u00e0 Bulle et dans les villes proches<\/a><\/li>\n<li class=\"page_item page-item-2572\"><a href=\"https:\/\/www.artisanlocal.ch\/c\/energies-renouvelables-a-bussigny-pres-lausanne-et-dans-les-villes-a-proximite\/\">\u00c9nergies renouvelables \u00e0 Bussigny et dans les villes \u00e0 proximit\u00e9<\/a><\/li>\n<li class=\"page_item page-item-2555\"><a href=\"https:\/\/www.artisanlocal.ch\/c\/energies-renouvelables-a-canton-de-geneve-et-dans-les-villes-proches\/\">\u00c9nergies renouvelables \u00e0 canton de Gen\u00e8ve et dans les villes proches<\/a><\/li>\n<li class=\"page_item page-item-2598\"><a href=\"https:\/\/www.artisanlocal.ch\/c\/energies-renouvelables-a-canton-de-neuchatel-et-dans-les-villes-proches\/\">\u00c9nergies renouvelables \u00e0 canton de Neuch\u00e2tel et dans les villes proches<\/a><\/li>\n<li class=\"page_item page-item-2600\"><a href=\"https:\/\/www.artisanlocal.ch\/c\/energies-renouvelables-a-canton-de-vaud-et-dans-les-villes-proches\/\">\u00c9nergies renouvelables \u00e0 canton de Vaud et dans les villes proches<\/a><\/li>\n<li class=\"page_item page-item-2597\"><a href=\"https:\/\/www.artisanlocal.ch\/c\/energies-renouvelables-a-canton-du-jura-et-dans-les-villes-a-proximite\/\">\u00c9nergies renouvelables \u00e0 canton du Jura et dans les villes \u00e0 proximit\u00e9<\/a><\/li>\n<li class=\"page_item page-item-2599\"><a href=\"https:\/\/www.artisanlocal.ch\/c\/energies-renouvelables-a-canton-du-valais-et-dans-les-villes-aux-alentours\/\">\u00c9nergies renouvelables \u00e0 canton du Valais et dans les villes aux alentours<\/a><\/li>\n<li class=\"page_item page-item-2564\"><a href=\"https:\/\/www.artisanlocal.ch\/c\/energies-renouvelables-a-carouge-et-dans-les-villes-a-proximite\/\">\u00c9nergies renouvelables \u00e0 Carouge GE et dans les villes \u00e0 proximit\u00e9<\/a><\/li>\n<li class=\"page_item page-item-2585\"><a href=\"https:\/\/www.artisanlocal.ch\/c\/energies-renouvelables-a-chardonne-et-dans-les-villes-a-proximite\/\">\u00c9nergies renouvelables \u00e0 Chardonne et dans les villes \u00e0 proximit\u00e9<\/a><\/li>\n<li class=\"page_item page-item-2554\"><a href=\"https:\/\/www.artisanlocal.ch\/c\/energies-renouvelables-a-chatel-st-denis-et-dans-les-villes-a-proximite\/\">\u00c9nergies renouvelables \u00e0 Ch\u00e2tel-St-Denis et dans les villes \u00e0 proximit\u00e9<\/a><\/li>\n<li class=\"page_item page-item-2574\"><a href=\"https:\/\/www.artisanlocal.ch\/c\/energies-renouvelables-a-chavornay-et-dans-les-villes-aux-alentours\/\">\u00c9nergies renouvelables \u00e0 Chavornay et dans les villes aux alentours<\/a><\/li>\n<li class=\"page_item page-item-2591\"><a href=\"https:\/\/www.artisanlocal.ch\/c\/energies-renouvelables-a-cheseaux-sur-lausanne-et-dans-les-villes-proches\/\">\u00c9nergies renouvelables \u00e0 Cheseaux-sur-Lausanne et dans les villes proches<\/a><\/li>\n<li class=\"page_item page-item-2577\"><a href=\"https:\/\/www.artisanlocal.ch\/c\/energies-renouvelables-a-chexbres-et-dans-les-villes-a-proximite\/\">\u00c9nergies renouvelables \u00e0 Chexbres et dans les villes \u00e0 proximit\u00e9<\/a><\/li>\n<li class=\"page_item page-item-2553\"><a href=\"https:\/\/www.artisanlocal.ch\/c\/energies-renouvelables-a-conthey-et-dans-les-villes-aux-environs\/\">\u00c9nergies renouvelables \u00e0 Conthey et dans les villes aux environs<\/a><\/li>\n<li class=\"page_item page-item-2538\"><a href=\"https:\/\/www.artisanlocal.ch\/c\/energies-renouvelables-a-coppet-et-dans-les-villes-aux-environs\/\">\u00c9nergies renouvelables \u00e0 Coppet et dans les villes aux environs<\/a><\/li>\n<li class=\"page_item page-item-2539\"><a href=\"https:\/\/www.artisanlocal.ch\/c\/energies-renouvelables-a-cossonay-ville-et-dans-les-villes-a-proximite\/\">\u00c9nergies renouvelables \u00e0 Cossonay-Ville et dans les villes \u00e0 proximit\u00e9<\/a><\/li>\n<li class=\"page_item page-item-2557\"><a href=\"https:\/\/www.artisanlocal.ch\/c\/energies-renouvelables-a-courtelary-et-dans-les-villes-aux-alentours\/\">\u00c9nergies renouvelables \u00e0 Courtelary et dans les villes aux alentours<\/a><\/li>\n<li class=\"page_item page-item-2582\"><a href=\"https:\/\/www.artisanlocal.ch\/c\/energies-renouvelables-a-crissier-et-dans-les-villes-proches\/\">\u00c9nergies renouvelables \u00e0 Crissier et dans les villes proches<\/a><\/li>\n<li class=\"page_item page-item-2592\"><a href=\"https:\/\/www.artisanlocal.ch\/c\/energies-renouvelables-a-delemont-et-dans-les-villes-proches\/\">\u00c9nergies renouvelables \u00e0 Del\u00e9mont et dans les villes proches<\/a><\/li>\n<li class=\"page_item page-item-2540\"><a href=\"https:\/\/www.artisanlocal.ch\/c\/energies-renouvelables-a-echallens-et-dans-les-villes-a-proximite\/\">\u00c9nergies renouvelables \u00e0 Echallens et dans les villes \u00e0 proximit\u00e9<\/a><\/li>\n<li class=\"page_item page-item-2593\"><a href=\"https:\/\/www.artisanlocal.ch\/c\/energies-renouvelables-a-ecublens-et-dans-les-villes-proches\/\">\u00c9nergies renouvelables \u00e0 Ecublens VD et dans les villes proches<\/a><\/li>\n<li class=\"page_item page-item-2569\"><a href=\"https:\/\/www.artisanlocal.ch\/c\/energies-renouvelables-a-epalinges-et-dans-les-villes-a-proximite\/\">\u00c9nergies renouvelables \u00e0 Epalinges et dans les villes \u00e0 proximit\u00e9<\/a><\/li>\n<li class=\"page_item page-item-2584\"><a href=\"https:\/\/www.artisanlocal.ch\/c\/energies-renouvelables-a-estavayer-le-lac-et-dans-les-villes-proches\/\">\u00c9nergies renouvelables \u00e0 Estavayer-le-lac et dans les villes proches<\/a><\/li>\n<li class=\"page_item page-item-2576\"><a href=\"https:\/\/www.artisanlocal.ch\/c\/energies-renouvelables-a-fetigny-et-dans-les-villes-a-proximite\/\">\u00c9nergies renouvelables \u00e0 F\u00e9tigny et dans les villes \u00e0 proximit\u00e9<\/a><\/li>\n<li class=\"page_item page-item-2583\"><a href=\"https:\/\/www.artisanlocal.ch\/c\/energies-renouvelables-a-forel-et-dans-les-villes-a-proximite\/\">\u00c9nergies renouvelables \u00e0 Forel (Lavaux) et dans les villes \u00e0 proximit\u00e9<\/a><\/li>\n<li class=\"page_item page-item-2529\"><a href=\"https:\/\/www.artisanlocal.ch\/c\/energies-renouvelables-a-fribourg-et-dans-les-villes-a-proximite\/\">\u00c9nergies renouvelables \u00e0 Fribourg et dans les villes \u00e0 proximit\u00e9<\/a><\/li>\n<li class=\"page_item page-item-2596\"><a href=\"https:\/\/www.artisanlocal.ch\/c\/energies-renouvelables-a-fribourg-et-dans-les-villes-aux-alentours\/\">\u00c9nergies renouvelables \u00e0 Fribourg et dans les villes aux alentours<\/a><\/li>\n<li class=\"page_item page-item-2532\"><a href=\"https:\/\/www.artisanlocal.ch\/c\/energies-renouvelables-a-geneve-et-dans-les-villes-aux-environs\/\">\u00c9nergies renouvelables \u00e0 Gen\u00e8ve et dans les villes aux environs<\/a><\/li>\n<li class=\"page_item page-item-2573\"><a href=\"https:\/\/www.artisanlocal.ch\/c\/energies-renouvelables-a-gland-et-dans-les-villes-aux-alentours\/\">\u00c9nergies renouvelables \u00e0 Gland et dans les villes aux alentours<\/a><\/li>\n<li class=\"page_item page-item-2568\"><a href=\"https:\/\/www.artisanlocal.ch\/c\/energies-renouvelables-a-grandson-et-dans-les-villes-aux-alentours\/\">\u00c9nergies renouvelables \u00e0 Grandson et dans les villes aux alentours<\/a><\/li>\n<li class=\"page_item page-item-2556\"><a href=\"https:\/\/www.artisanlocal.ch\/c\/energies-renouvelables-a-la-chaux-de-fonds-et-dans-les-villes-a-proximite\/\">\u00c9nergies renouvelables \u00e0 La Chaux-de-Fonds et dans les villes \u00e0 proximit\u00e9<\/a><\/li>\n<li class=\"page_item page-item-2541\"><a href=\"https:\/\/www.artisanlocal.ch\/c\/energies-renouvelables-a-lausanne-et-dans-les-villes-a-proximite\/\">\u00c9nergies renouvelables \u00e0 Lausanne et dans les villes \u00e0 proximit\u00e9<\/a><\/li>\n<li class=\"page_item page-item-2534\"><a href=\"https:\/\/www.artisanlocal.ch\/c\/energies-renouvelables-a-le-locle-et-dans-les-villes-aux-environs\/\">\u00c9nergies renouvelables \u00e0 Le Locle et dans les villes aux environs<\/a><\/li>\n<li class=\"page_item page-item-2589\"><a href=\"https:\/\/www.artisanlocal.ch\/c\/energies-renouvelables-a-mont-sur-lausanne-et-dans-les-villes-proches\/\">\u00c9nergies renouvelables \u00e0 Le Mont-sur-Lausanne et dans les villes proches<\/a><\/li>\n<li class=\"page_item page-item-2581\"><a href=\"https:\/\/www.artisanlocal.ch\/c\/energies-renouvelables-a-lutry-et-dans-les-villes-proches\/\">\u00c9nergies renouvelables \u00e0 Lutry et dans les villes proches<\/a><\/li>\n<li class=\"page_item page-item-2550\"><a href=\"https:\/\/www.artisanlocal.ch\/c\/energies-renouvelables-a-martigny-et-dans-les-villes-aux-alentours\/\">\u00c9nergies renouvelables \u00e0 Martigny et dans les villes aux alentours<\/a><\/li>\n<li class=\"page_item page-item-2563\"><a href=\"https:\/\/www.artisanlocal.ch\/c\/energies-renouvelables-a-meyrin-et-dans-les-villes-aux-environs\/\">\u00c9nergies renouvelables \u00e0 Meyrin et dans les villes aux environs<\/a><\/li>\n<li class=\"page_item page-item-2587\"><a href=\"https:\/\/www.artisanlocal.ch\/c\/energies-renouvelables-a-mezieres-et-dans-les-villes-a-proximite\/\">\u00c9nergies renouvelables \u00e0 M\u00e9zi\u00e8res VD et dans les villes \u00e0 proximit\u00e9<\/a><\/li>\n<li class=\"page_item page-item-2551\"><a href=\"https:\/\/www.artisanlocal.ch\/c\/energies-renouvelables-a-monthey-et-dans-les-villes-a-proximite\/\">\u00c9nergies renouvelables \u00e0 Monthey et dans les villes \u00e0 proximit\u00e9<\/a><\/li>\n<li class=\"page_item page-item-2588\"><a href=\"https:\/\/www.artisanlocal.ch\/c\/energies-renouvelables-a-montreux-et-dans-les-villes-a-proximite\/\">\u00c9nergies renouvelables \u00e0 Montreux et dans les villes \u00e0 proximit\u00e9<\/a><\/li>\n<li class=\"page_item page-item-2542\"><a href=\"https:\/\/www.artisanlocal.ch\/c\/energies-renouvelables-a-morges-et-dans-les-villes-a-proximite\/\">\u00c9nergies renouvelables \u00e0 Morges et dans les villes \u00e0 proximit\u00e9<\/a><\/li>\n<li class=\"page_item page-item-2543\"><a href=\"https:\/\/www.artisanlocal.ch\/c\/energies-renouvelables-a-moudon-et-dans-les-villes-a-proximite\/\">\u00c9nergies renouvelables \u00e0 Moudon et dans les villes \u00e0 proximit\u00e9<\/a><\/li>\n<li class=\"page_item page-item-2533\"><a href=\"https:\/\/www.artisanlocal.ch\/c\/energies-renouvelables-a-neuchatel-et-dans-les-villes-proches\/\">\u00c9nergies renouvelables \u00e0 Neuch\u00e2tel et dans les villes proches<\/a><\/li>\n<li class=\"page_item page-item-2544\"><a href=\"https:\/\/www.artisanlocal.ch\/c\/energies-renouvelables-a-nyon-et-dans-les-villes-a-proximite\/\">\u00c9nergies renouvelables \u00e0 Nyon et dans les villes \u00e0 proximit\u00e9<\/a><\/li>\n<li class=\"page_item page-item-2545\"><a href=\"https:\/\/www.artisanlocal.ch\/c\/energies-renouvelables-a-orbe-et-dans-les-villes-aux-environs\/\">\u00c9nergies renouvelables \u00e0 Orbe et dans les villes aux environs<\/a><\/li>\n<li class=\"page_item page-item-2546\"><a href=\"https:\/\/www.artisanlocal.ch\/c\/energies-renouvelables-a-oron-la-ville-et-dans-les-villes-a-proximite\/\">\u00c9nergies renouvelables \u00e0 Oron-la-Ville et dans les villes \u00e0 proximit\u00e9<\/a><\/li>\n<li class=\"page_item page-item-2561\"><a href=\"https:\/\/www.artisanlocal.ch\/c\/energies-renouvelables-a-payerne-et-dans-les-villes-aux-environs\/\">\u00c9nergies renouvelables \u00e0 Payerne et dans les villes aux environs<\/a><\/li>\n<li class=\"page_item page-item-2567\"><a href=\"https:\/\/www.artisanlocal.ch\/c\/energies-renouvelables-a-penthalaz-et-dans-les-villes-proches\/\">\u00c9nergies renouvelables \u00e0 Penthalaz et dans les villes proches<\/a><\/li>\n<li class=\"page_item page-item-2594\"><a href=\"https:\/\/www.artisanlocal.ch\/c\/energies-renouvelables-a-porrentruy-et-dans-les-villes-proches\/\">\u00c9nergies renouvelables \u00e0 Porrentruy et dans les villes proches<\/a><\/li>\n<li class=\"page_item page-item-2571\"><a href=\"https:\/\/www.artisanlocal.ch\/c\/energies-renouvelables-a-prilly-et-dans-les-villes-proches\/\">\u00c9nergies renouvelables \u00e0 Prilly et dans les villes proches<\/a><\/li>\n<li class=\"page_item page-item-2570\"><a href=\"https:\/\/www.artisanlocal.ch\/c\/energies-renouvelables-a-pully-et-dans-les-villes-a-proximite\/\">\u00c9nergies renouvelables \u00e0 Pully et dans les villes \u00e0 proximit\u00e9<\/a><\/li>\n<li class=\"page_item page-item-2586\"><a href=\"https:\/\/www.artisanlocal.ch\/c\/energies-renouvelables-a-renens-et-dans-les-villes-aux-environs\/\">\u00c9nergies renouvelables \u00e0 Renens VD et dans les villes aux environs<\/a><\/li>\n<li class=\"page_item page-item-2547\"><a href=\"https:\/\/www.artisanlocal.ch\/c\/energies-renouvelables-a-rolle-et-dans-les-villes-aux-alentours\/\">\u00c9nergies renouvelables \u00e0 Rolle et dans les villes aux alentours<\/a><\/li>\n<li class=\"page_item page-item-2580\"><a href=\"https:\/\/www.artisanlocal.ch\/c\/energies-renouvelables-a-romanel-sur-lausanne-et-dans-les-villes-proches\/\">\u00c9nergies renouvelables \u00e0 Romanel-sur-Lausanne et dans les villes proches<\/a><\/li>\n<li class=\"page_item page-item-2528\"><a href=\"https:\/\/www.artisanlocal.ch\/c\/energies-renouvelables-a-romont-et-dans-les-villes-a-proximite\/\">\u00c9nergies renouvelables \u00e0 Romont FR et dans les villes \u00e0 proximit\u00e9<\/a><\/li>\n<li class=\"page_item page-item-2575\"><a href=\"https:\/\/www.artisanlocal.ch\/c\/energies-renouvelables-a-savigny-et-dans-les-villes-proches\/\">\u00c9nergies renouvelables \u00e0 Savigny et dans les villes proches<\/a><\/li>\n<li class=\"page_item page-item-2578\"><a href=\"https:\/\/www.artisanlocal.ch\/c\/energies-renouvelables-a-saxon-et-dans-les-villes-a-proximite\/\">\u00c9nergies renouvelables \u00e0 Saxon et dans les villes \u00e0 proximit\u00e9<\/a><\/li>\n<li class=\"page_item page-item-2595\"><a href=\"https:\/\/www.artisanlocal.ch\/c\/energies-renouvelables-a-sierre-et-dans-les-villes-aux-environs\/\">\u00c9nergies renouvelables \u00e0 Sierre et dans les villes aux environs<\/a><\/li>\n<li class=\"page_item page-item-2562\"><a href=\"https:\/\/www.artisanlocal.ch\/c\/energies-renouvelables-a-sion-et-dans-les-villes-aux-alentours\/\">\u00c9nergies renouvelables \u00e0 Sion et dans les villes aux alentours<\/a><\/li>\n<li class=\"page_item page-item-2527\"><a href=\"https:\/\/www.artisanlocal.ch\/c\/energies-renouvelables-a-siviriez-et-dans-les-villes-aux-alentours\/\">\u00c9nergies renouvelables \u00e0 Siviriez et dans les villes aux alentours<\/a><\/li>\n<li class=\"page_item page-item-2559\"><a href=\"https:\/\/www.artisanlocal.ch\/c\/energies-renouvelables-a-st-blaise-et-dans-les-villes-aux-alentours\/\">\u00c9nergies renouvelables \u00e0 St-Blaise et dans les villes aux alentours<\/a><\/li>\n<li class=\"page_item page-item-2552\"><a href=\"https:\/\/www.artisanlocal.ch\/c\/energies-renouvelables-a-st-maurice-et-dans-les-villes-proches\/\">\u00c9nergies renouvelables \u00e0 St-Maurice et dans les villes proches<\/a><\/li>\n<li class=\"page_item page-item-2560\"><a href=\"https:\/\/www.artisanlocal.ch\/c\/energies-renouvelables-a-ste-croix-et-dans-les-villes-proches\/\">\u00c9nergies renouvelables \u00e0 Ste-Croix et dans les villes proches<\/a><\/li>\n<li class=\"page_item page-item-2548\"><a href=\"https:\/\/www.artisanlocal.ch\/c\/energies-renouvelables-a-vevey-et-dans-les-villes-a-proximite\/\">\u00c9nergies renouvelables \u00e0 Vevey et dans les villes \u00e0 proximit\u00e9<\/a><\/li>\n<li class=\"page_item page-item-2530\"><a href=\"https:\/\/www.artisanlocal.ch\/c\/energies-renouvelables-a-villars-sur-glane-et-dans-les-villes-proches\/\">\u00c9nergies renouvelables \u00e0 Villars-sur-Gl\u00e2ne et dans les villes proches<\/a><\/li>\n<li class=\"page_item page-item-2565\"><a href=\"https:\/\/www.artisanlocal.ch\/c\/energies-renouvelables-a-villeneuve-et-dans-les-villes-a-proximite\/\">\u00c9nergies renouvelables \u00e0 Villeneuve VD et dans les villes \u00e0 proximit\u00e9<\/a><\/li>\n<li class=\"page_item page-item-2525\"><a href=\"https:\/\/www.artisanlocal.ch\/c\/energies-renouvelables-a-vuadens-et-dans-les-villes-aux-environs\/\">\u00c9nergies renouvelables \u00e0 Vuadens et dans les villes aux environs<\/a><\/li>\n<li class=\"page_item page-item-2549\"><a href=\"https:\/\/www.artisanlocal.ch\/c\/energies-renouvelables-a-yverdon-et-dans-les-villes-a-proximite\/\">\u00c9nergies renouvelables \u00e0 Yverdon-les-Bains et dans les villes \u00e0 proximit\u00e9<\/a><\/li>\n<li class=\"page_item page-item-777\"><a href=\"https:\/\/www.artisanlocal.ch\/c\/engager-le-meilleur-peintre-dans-le-canton-de-fribourg\/\">Engager le meilleur peintre dans le canton de Fribourg<\/a><\/li>\n<li class=\"page_item page-item-778\"><a href=\"https:\/\/www.artisanlocal.ch\/c\/engager-le-meilleur-peintre-dans-le-canton-du-jura\/\">Engager le meilleur peintre dans le canton du Jura<\/a><\/li>\n<li class=\"page_item page-item-577\"><a href=\"https:\/\/www.artisanlocal.ch\/c\/societe-specialisee-dans-la-pose-de-carrelage-a-martigny\/\">Entrepris de carrelage \u00e0 Martigny<\/a><\/li>\n<li class=\"page_item page-item-609\"><a href=\"https:\/\/www.artisanlocal.ch\/c\/entreprise-de-carreaux-a-crissier\/\">Entreprise de carreaux \u00e0 Crissier ?<\/a><\/li>\n<li class=\"page_item page-item-575\"><a href=\"https:\/\/www.artisanlocal.ch\/c\/entreprise-de-carreaux-a-vevey\/\">Entreprise de carreaux \u00e0 Vevey ?<\/a><\/li>\n<li class=\"page_item page-item-625\"><a href=\"https:\/\/www.artisanlocal.ch\/c\/entreprise-de-carreaux-dans-le-canton-de-neuchatel\/\">Entreprise de carreaux dans le canton de Neuch\u00e2tel ?<\/a><\/li>\n<li class=\"page_item page-item-558\"><a href=\"https:\/\/www.artisanlocal.ch\/c\/besoin-dun-expert-de-la-pose-de-carrelage-a-attalens\/\">Entreprise de carrelage \u00e0 Attalens<\/a><\/li>\n<li class=\"page_item page-item-563\"><a href=\"https:\/\/www.artisanlocal.ch\/c\/besoin-dun-expert-pour-linstallation-de-votre-carrelage-a-aubonne\/\">Entreprise de carrelage \u00e0 Aubonne<\/a><\/li>\n<li class=\"page_item page-item-606\"><a href=\"https:\/\/www.artisanlocal.ch\/c\/besoin-dun-specialiste-pour-linstallation-de-votre-carrelage-a-bex\/\">Entreprise de carrelage \u00e0 Bex<\/a><\/li>\n<li class=\"page_item page-item-617\"><a href=\"https:\/\/www.artisanlocal.ch\/c\/entreprise-de-carreaux-a-bienne\/\">Entreprise de carrelage \u00e0 Biel\/Bienne<\/a><\/li>\n<li class=\"page_item page-item-585\"><a href=\"https:\/\/www.artisanlocal.ch\/c\/besoin-dun-specialiste-pour-linstallation-de-votre-carrelage-a-boudry\/\">Entreprise de carrelage \u00e0 Boudry<\/a><\/li>\n<li class=\"page_item page-item-553\"><a href=\"https:\/\/www.artisanlocal.ch\/c\/vous-avez-besoin-dun-expert-pour-linstallation-de-votre-carrelage-a-bulle\/\">Entreprise de carrelage \u00e0 Bulle<\/a><\/li>\n<li class=\"page_item page-item-612\"><a href=\"https:\/\/www.artisanlocal.ch\/c\/besoin-dun-specialiste-pour-linstallation-de-votre-carrelage-a-chardonne\/\">Entreprise de carrelage \u00e0 Chardonne<\/a><\/li>\n<li class=\"page_item page-item-581\"><a href=\"https:\/\/www.artisanlocal.ch\/c\/vous-avez-besoin-dun-specialiste-pour-linstallation-de-votre-carrelage-a-chatel-st-denis\/\">Entreprise de carrelage \u00e0 Ch\u00e2tel-St-Denis<\/a><\/li>\n<li class=\"page_item page-item-604\"><a href=\"https:\/\/www.artisanlocal.ch\/c\/besoin-dun-expert-pour-linstallation-de-votre-carrelage-a-chexbres\/\">Entreprise de carrelage \u00e0 Chexbres<\/a><\/li>\n<li class=\"page_item page-item-584\"><a href=\"https:\/\/www.artisanlocal.ch\/c\/societe-specialisee-dans-la-pose-de-carreaux-a-courtelary\/\">Entreprise de carrelage \u00e0 Courtelary<\/a><\/li>\n<li class=\"page_item page-item-619\"><a href=\"https:\/\/www.artisanlocal.ch\/c\/besoin-dun-expert-pour-linstallation-de-votre-carrelage-a-delemont\/\">Entreprise de carrelage \u00e0 Del\u00e9mont<\/a><\/li>\n<li class=\"page_item page-item-567\"><a href=\"https:\/\/www.artisanlocal.ch\/c\/vous-avez-besoin-dun-specialiste-de-la-pose-de-carrelage-a-echallens\/\">Entreprise de carrelage \u00e0 Echallens<\/a><\/li>\n<li class=\"page_item page-item-620\"><a href=\"https:\/\/www.artisanlocal.ch\/c\/besoin-dun-specialiste-pour-linstallation-de-votre-carrelage-a-ecublens\/\">Entreprise de carrelage \u00e0 Ecublens VD<\/a><\/li>\n<li class=\"page_item page-item-611\"><a href=\"https:\/\/www.artisanlocal.ch\/c\/entreprise-de-carreaux-a-estavayer-le-lac\/\">Entreprise de carrelage \u00e0 Estavayer-le-lac<\/a><\/li>\n<li class=\"page_item page-item-603\"><a href=\"https:\/\/www.artisanlocal.ch\/c\/besoin-dun-expert-de-la-pose-de-carrelage-a-fetigny\/\">Entreprise de carrelage \u00e0 F\u00e9tigny<\/a><\/li>\n<li class=\"page_item page-item-610\"><a href=\"https:\/\/www.artisanlocal.ch\/c\/vous-avez-besoin-dun-expert-pour-linstallation-de-votre-carrelage-a-forel\/\">Entreprise de carrelage \u00e0 Forel (Lavaux)<\/a><\/li>\n<li class=\"page_item page-item-559\"><a href=\"https:\/\/www.artisanlocal.ch\/c\/besoin-dun-specialiste-de-la-pose-de-carrelage-a-geneve\/\">Entreprise de carrelage \u00e0 Gen\u00e8ve<\/a><\/li>\n<li class=\"page_item page-item-568\"><a href=\"https:\/\/www.artisanlocal.ch\/c\/vous-avez-besoin-dun-specialiste-pour-linstallation-de-votre-carrelage-a-lausanne\/\">Entreprise de carrelage \u00e0 Lausanne<\/a><\/li>\n<li class=\"page_item page-item-551\"><a href=\"https:\/\/www.artisanlocal.ch\/c\/vous-avez-besoin-dun-expert-pour-linstallation-de-votre-carrelage-a-broc\/\">Entreprise de carrelage \u00e0 Le Broc<\/a><\/li>\n<li class=\"page_item page-item-608\"><a href=\"https:\/\/www.artisanlocal.ch\/c\/entreprise-de-carrelage-a-lutry\/\">Entreprise de carrelage \u00e0 Lutry ?<\/a><\/li>\n<li class=\"page_item page-item-590\"><a href=\"https:\/\/www.artisanlocal.ch\/c\/besoin-dun-specialiste-pour-linstallation-de-votre-carrelage-a-meyrin\/\">Entreprise de carrelage \u00e0 Meyrin<\/a><\/li>\n<li class=\"page_item page-item-578\"><a href=\"https:\/\/www.artisanlocal.ch\/c\/societe-specialisee-dans-la-pose-de-carreaux-a-monthey\/\">Entreprise de carrelage \u00e0 Monthey<\/a><\/li>\n<li class=\"page_item page-item-569\"><a href=\"https:\/\/www.artisanlocal.ch\/c\/besoin-dun-expert-de-la-pose-de-carrelage-a-morges\/\">Entreprise de carrelage \u00e0 Morges<\/a><\/li>\n<li class=\"page_item page-item-570\"><a href=\"https:\/\/www.artisanlocal.ch\/c\/besoin-dun-specialiste-pour-linstallation-de-votre-carrelage-a-moudon\/\">Entreprise de carrelage \u00e0 Moudon<\/a><\/li>\n<li class=\"page_item page-item-560\"><a href=\"https:\/\/www.artisanlocal.ch\/c\/besoin-dun-specialiste-de-la-pose-de-carrelage-a-neuchatel\/\">Entreprise de carrelage \u00e0 Neuch\u00e2tel<\/a><\/li>\n<li class=\"page_item page-item-571\"><a href=\"https:\/\/www.artisanlocal.ch\/c\/vous-avez-besoin-dun-expert-pour-linstallation-de-votre-carrelage-a-nyon\/\">Entreprise de carrelage \u00e0 Nyon<\/a><\/li>\n<li class=\"page_item page-item-572\"><a href=\"https:\/\/www.artisanlocal.ch\/c\/societe-specialisee-dans-la-pose-de-carrelage-a-orbe\/\">Entreprise de carrelage \u00e0 Orbe<\/a><\/li>\n<li class=\"page_item page-item-588\"><a href=\"https:\/\/www.artisanlocal.ch\/c\/besoin-dun-expert-de-la-pose-de-carrelage-a-payerne\/\">Entreprise de carrelage \u00e0 Payerne<\/a><\/li>\n<li class=\"page_item page-item-621\"><a href=\"https:\/\/www.artisanlocal.ch\/c\/entreprise-de-carreaux-a-porrentruy\/\">Entreprise de carrelage \u00e0 Porrentruy<\/a><\/li>\n<li class=\"page_item page-item-598\"><a href=\"https:\/\/www.artisanlocal.ch\/c\/entreprise-de-carreaux-a-prilly\/\">Entreprise de carrelage \u00e0 Prilly<\/a><\/li>\n<li class=\"page_item page-item-597\"><a href=\"https:\/\/www.artisanlocal.ch\/c\/entreprise-de-carrelage-a-pully\/\">Entreprise de carrelage \u00e0 Pully ?<\/a><\/li>\n<li class=\"page_item page-item-574\"><a href=\"https:\/\/www.artisanlocal.ch\/c\/societe-specialisee-dans-la-pose-de-carreaux-a-rolle\/\">Entreprise de carrelage \u00e0 Rolle<\/a><\/li>\n<li class=\"page_item page-item-607\"><a href=\"https:\/\/www.artisanlocal.ch\/c\/societe-specialisee-dans-la-pose-de-carreaux-a-romanel-sur-lausanne\/\">Entreprise de carrelage \u00e0 Romanel-sur-Lausanne<\/a><\/li>\n<li class=\"page_item page-item-555\"><a href=\"https:\/\/www.artisanlocal.ch\/c\/entreprise-de-carrelage-a-romont\/\">Entreprise de carrelage \u00e0 Romont FR<\/a><\/li>\n<li class=\"page_item page-item-1434\"><a href=\"https:\/\/www.artisanlocal.ch\/c\/entreprise-de-carrelage-a-saignelegier\/\">Entreprise de carrelage \u00e0 Saignel\u00e9gier<\/a><\/li>\n<li class=\"page_item page-item-602\"><a href=\"https:\/\/www.artisanlocal.ch\/c\/entreprise-de-carrelage-a-savigny\/\">Entreprise de carrelage \u00e0 Savigny<\/a><\/li>\n<li class=\"page_item page-item-622\"><a href=\"https:\/\/www.artisanlocal.ch\/c\/besoin-dun-specialiste-pour-linstallation-de-votre-carrelage-a-sierre\/\">Entreprise de carrelage \u00e0 Sierre<\/a><\/li>\n<li class=\"page_item page-item-589\"><a href=\"https:\/\/www.artisanlocal.ch\/c\/vous-avez-besoin-dun-specialiste-de-la-pose-de-carrelage-a-sion\/\">Entreprise de carrelage \u00e0 Sion<\/a><\/li>\n<li class=\"page_item page-item-554\"><a href=\"https:\/\/www.artisanlocal.ch\/c\/entreprise-de-carreaux-a-siviriez\/\">Entreprise de carrelage \u00e0 Siviriez<\/a><\/li>\n<li class=\"page_item page-item-579\"><a href=\"https:\/\/www.artisanlocal.ch\/c\/entreprise-de-carreaux-a-st-maurice\/\">Entreprise de carrelage \u00e0 St-Maurice<\/a><\/li>\n<li class=\"page_item page-item-557\"><a href=\"https:\/\/www.artisanlocal.ch\/c\/entreprise-de-carrelage-a-villars-sur-glane\/\">Entreprise de carrelage \u00e0 Villars-sur-Gl\u00e2ne<\/a><\/li>\n<li class=\"page_item page-item-552\"><a href=\"https:\/\/www.artisanlocal.ch\/c\/entreprise-de-carrelage-a-vuadens\/\">Entreprise de carrelage \u00e0 Vuadens<\/a><\/li>\n<li class=\"page_item page-item-576\"><a href=\"https:\/\/www.artisanlocal.ch\/c\/entreprise-de-carreaux-a-yverdon\/\">Entreprise de carrelage \u00e0 Yverdon-les-Bains<\/a><\/li>\n<li class=\"page_item page-item-561\"><a href=\"https:\/\/www.artisanlocal.ch\/c\/entreprise-de-carreaux-a-le-locle\/\">Entreprise de carrelage au Locle<\/a><\/li>\n<li class=\"page_item page-item-582\"><a href=\"https:\/\/www.artisanlocal.ch\/c\/societe-specialisee-dans-la-pose-de-carrelage-dans-le-canton-de-geneve\/\">Entreprise de carrelage dans le canton de Gen\u00e8ve<\/a><\/li>\n<li class=\"page_item page-item-866\"><a href=\"https:\/\/www.artisanlocal.ch\/c\/artisanlocal-votre-demenageur-a-attalens\/\">Entreprise de d\u00e9m\u00e9nagement \u00e0 Attalens<\/a><\/li>\n<li class=\"page_item page-item-914\"><a href=\"https:\/\/www.artisanlocal.ch\/c\/artisanlocal-votre-societe-de-demenagement-a-bex\/\">Entreprise de d\u00e9m\u00e9nagement \u00e0 Bex<\/a><\/li>\n<li class=\"page_item page-item-907\"><a href=\"https:\/\/www.artisanlocal.ch\/c\/artisanlocal-votre-societe-de-demenagement-a-bussigny-pres-lausanne\/\">Entreprise de d\u00e9m\u00e9nagement \u00e0 Bussigny<\/a><\/li>\n<li class=\"page_item page-item-919\"><a href=\"https:\/\/www.artisanlocal.ch\/c\/simplifiez-votre-demenagement-a-estavayer-le-lac\/\">Entreprise de d\u00e9m\u00e9nagement \u00e0 Estavayer-le-lac<\/a><\/li>\n<li class=\"page_item page-item-918\"><a href=\"https:\/\/www.artisanlocal.ch\/c\/facilitez-votre-demenagement-a-forel\/\">Entreprise de D\u00e9m\u00e9nagement \u00e0 Forel (Lavaux)<\/a><\/li>\n<li class=\"page_item page-item-867\"><a href=\"https:\/\/www.artisanlocal.ch\/c\/votre-demenageur-a-geneve\/\">Entreprise de d\u00e9m\u00e9nagement \u00e0 Gen\u00e8ve<\/a><\/li>\n<li class=\"page_item page-item-898\"><a href=\"https:\/\/www.artisanlocal.ch\/c\/artisanlocal-votre-demenageur-a-meyrin\/\">Entreprise de D\u00e9m\u00e9nagement \u00e0 Meyrin<\/a><\/li>\n<li class=\"page_item page-item-896\"><a href=\"https:\/\/www.artisanlocal.ch\/c\/artisanlocal-votre-demenageur-a-payerne\/\">Entreprise de d\u00e9m\u00e9nagement \u00e0 Payerne<\/a><\/li>\n<li class=\"page_item page-item-887\"><a href=\"https:\/\/www.artisanlocal.ch\/c\/artisanlocal-votre-entreprise-de-demenagement-a-st-maurice\/\">Entreprise de d\u00e9m\u00e9nagement \u00e0 St-Maurice<\/a><\/li>\n<li class=\"page_item page-item-399\"><a href=\"https:\/\/www.artisanlocal.ch\/c\/entreprise-de-nettoyage-professionnel-pour-domicile-et-local-dentreprise-a-aigle\/\">Entreprise de nettoyage \u00e0 Aigle<\/a><\/li>\n<li class=\"page_item page-item-430\"><a href=\"https:\/\/www.artisanlocal.ch\/c\/nettoyage-pour-logement-et-bureau-a-apples\/\">Entreprise de Nettoyage \u00e0 Apples<\/a><\/li>\n<li class=\"page_item page-item-400\"><a href=\"https:\/\/www.artisanlocal.ch\/c\/entreprise-de-nettoyage-pour-logement-et-bureau-dentreprise-a-aubonne\/\">Entreprise de nettoyage \u00e0 Aubonne<\/a><\/li>\n<li class=\"page_item page-item-401\"><a href=\"https:\/\/www.artisanlocal.ch\/c\/entreprise-de-nettoyage-de-bureaux-et-de-domiciles-a-avenches\/\">Entreprise de nettoyage \u00e0 Avenches<\/a><\/li>\n<li class=\"page_item page-item-443\"><a href=\"https:\/\/www.artisanlocal.ch\/c\/nettoyage-pour-habitation-et-bureau-dentreprise-a-bex\/\">Entreprise de Nettoyage \u00e0 Bex<\/a><\/li>\n<li class=\"page_item page-item-454\"><a href=\"https:\/\/www.artisanlocal.ch\/c\/nettoyage-pour-domicile-et-bureau-a-bienne-2\/\">Entreprise de nettoyage \u00e0 Biel\/Bienne : domicile et bureau<\/a><\/li>\n<li class=\"page_item page-item-422\"><a href=\"https:\/\/www.artisanlocal.ch\/c\/nettoyage-de-bureaux-et-de-logements-a-boudry\/\">Entreprise de nettoyage \u00e0 Boudry<\/a><\/li>\n<li class=\"page_item page-item-390\"><a href=\"https:\/\/www.artisanlocal.ch\/c\/nettoyage-de-bureaux-et-dhabitats-a-bulle\/\">Entreprise de Nettoyage \u00e0 Bulle<\/a><\/li>\n<li class=\"page_item page-item-428\"><a href=\"https:\/\/www.artisanlocal.ch\/c\/nettoyage-professionnel-pour-logement-et-bureau-dentreprise-a-carouge\/\">Entreprise de Nettoyage \u00e0 Carouge GE<\/a><\/li>\n<li class=\"page_item page-item-449\"><a href=\"https:\/\/www.artisanlocal.ch\/c\/entreprise-de-nettoyage-de-bureaux-et-de-domiciles-a-chardonne\/\">Entreprise de nettoyage \u00e0 Chardonne<\/a><\/li>\n<li class=\"page_item page-item-418\"><a href=\"https:\/\/www.artisanlocal.ch\/c\/nettoyage-pour-domicile-et-bureau-dentreprise-a-chatel-st-denis\/\">Entreprise de Nettoyage \u00e0 Ch\u00e2tel-St-Denis<\/a><\/li>\n<li class=\"page_item page-item-402\"><a href=\"https:\/\/www.artisanlocal.ch\/c\/service-de-nettoyage-professionnel-pour-habitation-et-bureau-a-coppet\/\">Entreprise de nettoyage \u00e0 Coppet<\/a><\/li>\n<li class=\"page_item page-item-456\"><a href=\"https:\/\/www.artisanlocal.ch\/c\/nettoyage-de-bureaux-et-dhabitats-a-delemont\/\">Entreprise de nettoyage \u00e0 Del\u00e9mont<\/a><\/li>\n<li class=\"page_item page-item-404\"><a href=\"https:\/\/www.artisanlocal.ch\/c\/entreprise-de-nettoyage-de-bureaux-et-de-logements-a-echallens\/\">Entreprise de nettoyage \u00e0 Echallens<\/a><\/li>\n<li class=\"page_item page-item-433\"><a href=\"https:\/\/www.artisanlocal.ch\/c\/entreprise-de-nettoyage-de-bureaux-et-de-domiciles-a-epalinges\/\">Entreprise de nettoyage \u00e0 Epalinges<\/a><\/li>\n<li class=\"page_item page-item-448\"><a href=\"https:\/\/www.artisanlocal.ch\/c\/entreprise-de-nettoyage-de-bureaux-et-dhabitats-a-estavayer-le-lac\/\">Entreprise de nettoyage \u00e0 Estavayer-le-lac<\/a><\/li>\n<li class=\"page_item page-item-447\"><a href=\"https:\/\/www.artisanlocal.ch\/c\/nettoyage-de-bureaux-et-de-domiciles-a-forel\/\">Entreprise de Nettoyage \u00e0 Forel (Lavaux)<\/a><\/li>\n<li class=\"page_item page-item-393\"><a href=\"https:\/\/www.artisanlocal.ch\/c\/entreprise-de-nettoyage-pour-habitation-et-bureau-a-fribourg\/\">Entreprise de nettoyage \u00e0 Fribourg<\/a><\/li>\n<li class=\"page_item page-item-396\"><a href=\"https:\/\/www.artisanlocal.ch\/c\/entreprise-de-nettoyage-de-bureaux-et-de-domiciles-a-geneve\/\">Entreprise de nettoyage \u00e0 Gen\u00e8ve<\/a><\/li>\n<li class=\"page_item page-item-432\"><a href=\"https:\/\/www.artisanlocal.ch\/c\/nettoyage-professionnel-pour-domicile-et-local-dentreprise-a-grandson\/\">Entreprise de nettoyage \u00e0 Grandson<\/a><\/li>\n<li class=\"page_item page-item-420\"><a href=\"https:\/\/www.artisanlocal.ch\/c\/nettoyage-de-bureaux-et-dappartements-a-la-chaux-de-fonds\/\">Entreprise de Nettoyage \u00e0 La Chaux-de-Fonds<\/a><\/li>\n<li class=\"page_item page-item-414\"><a href=\"https:\/\/www.artisanlocal.ch\/c\/nettoyage-de-bureaux-et-dhabitats-a-martigny\/\">Entreprise de Nettoyage \u00e0 Martigny<\/a><\/li>\n<li class=\"page_item page-item-427\"><a href=\"https:\/\/www.artisanlocal.ch\/c\/nettoyage-pour-domicile-et-local-dentreprise-a-meyrin\/\">Entreprise de nettoyage \u00e0 Meyrin<\/a><\/li>\n<li class=\"page_item page-item-415\"><a href=\"https:\/\/www.artisanlocal.ch\/c\/entreprise-de-nettoyage-de-bureaux-et-de-domiciles-a-monthey\/\">Entreprise de nettoyage \u00e0 Monthey<\/a><\/li>\n<li class=\"page_item page-item-406\"><a href=\"https:\/\/www.artisanlocal.ch\/c\/entreprise-de-nettoyage-de-bureaux-et-dhebergements-a-morges\/\">Entreprise de nettoyage \u00e0 Morges<\/a><\/li>\n<li class=\"page_item page-item-397\"><a href=\"https:\/\/www.artisanlocal.ch\/c\/nettoyage-de-bureaux-et-dappartements-a-neuchatel\/\">Entreprise de Nettoyage \u00e0 Neuch\u00e2tel<\/a><\/li>\n<li class=\"page_item page-item-408\"><a href=\"https:\/\/www.artisanlocal.ch\/c\/nettoyage-de-bureaux-et-dhebergements-a-nyon\/\">Entreprise de Nettoyage \u00e0 Nyon<\/a><\/li>\n<li class=\"page_item page-item-425\"><a href=\"https:\/\/www.artisanlocal.ch\/c\/nettoyage-de-bureaux-et-de-logements-a-payerne\/\">Entreprise de Nettoyage \u00e0 Payerne<\/a><\/li>\n<li class=\"page_item page-item-458\"><a href=\"https:\/\/www.artisanlocal.ch\/c\/nettoyage-pour-habitation-et-bureau-dentreprise-a-porrentruy\/\">Entreprise de nettoyage \u00e0 Porrentruy<\/a><\/li>\n<li class=\"page_item page-item-435\"><a href=\"https:\/\/www.artisanlocal.ch\/c\/nettoyage-pour-logement-et-bureau-dentreprise-a-prilly\/\">Entreprise de nettoyage \u00e0 Prilly<\/a><\/li>\n<li class=\"page_item page-item-450\"><a href=\"https:\/\/www.artisanlocal.ch\/c\/nettoyage-pour-habitation-et-bureau-a-renens\/\">Entreprise de Nettoyage \u00e0 Renens VD<\/a><\/li>\n<li class=\"page_item page-item-392\"><a href=\"https:\/\/www.artisanlocal.ch\/c\/entreprise-de-nettoyage-professionnel-pour-domicile-et-bureau-a-romont\/\">Entreprise de nettoyage \u00e0 Romont FR<\/a><\/li>\n<li class=\"page_item page-item-1436\"><a href=\"https:\/\/www.artisanlocal.ch\/c\/service-de-nettoyage-a-saignelegier\/\">Entreprise de nettoyage \u00e0 Saignel\u00e9gier<\/a><\/li>\n<li class=\"page_item page-item-442\"><a href=\"https:\/\/www.artisanlocal.ch\/c\/nettoyage-pour-domicile-et-bureau-dentreprise-a-saxon\/\">Entreprise de nettoyage \u00e0 Saxon<\/a><\/li>\n<li class=\"page_item page-item-459\"><a href=\"https:\/\/www.artisanlocal.ch\/c\/entreprise-de-nettoyage-de-bureaux-et-dappartements-a-sierre\/\">Entreprise de nettoyage \u00e0 Sierre<\/a><\/li>\n<li class=\"page_item page-item-426\"><a href=\"https:\/\/www.artisanlocal.ch\/c\/nettoyage-de-bureaux-et-de-domiciles-a-sion\/\">Entreprise de Nettoyage \u00e0 Sion<\/a><\/li>\n<li class=\"page_item page-item-423\"><a href=\"https:\/\/www.artisanlocal.ch\/c\/entreprise-de-nettoyage-de-bureaux-et-dhebergements-a-st-blaise\/\">Entreprise de nettoyage \u00e0 St-Blaise<\/a><\/li>\n<li class=\"page_item page-item-412\"><a href=\"https:\/\/www.artisanlocal.ch\/c\/entreprise-de-nettoyage-de-bureaux-et-dhebergements-a-vevey\/\">Entreprise de nettoyage \u00e0 Vevey<\/a><\/li>\n<li class=\"page_item page-item-394\"><a href=\"https:\/\/www.artisanlocal.ch\/c\/service-de-nettoyage-professionnel-pour-domicile-et-bureau-dentreprise-a-villars-sur-glane\/\">Entreprise de nettoyage \u00e0 Villars-sur-Gl\u00e2ne<\/a><\/li>\n<li class=\"page_item page-item-389\"><a href=\"https:\/\/www.artisanlocal.ch\/c\/nettoyage-de-bureaux-et-dhebergements-a-vuadens\/\">Entreprise de nettoyage \u00e0 Vuadens<\/a><\/li>\n<li class=\"page_item page-item-413\"><a href=\"https:\/\/www.artisanlocal.ch\/c\/nettoyage-pour-logement-et-bureau-a-yverdon\/\">Entreprise de Nettoyage \u00e0 Yverdon-les-Bains<\/a><\/li>\n<li class=\"page_item page-item-398\"><a href=\"https:\/\/www.artisanlocal.ch\/c\/nettoyage-professionnel-pour-domicile-et-bureau-a-le-locle\/\">Entreprise de nettoyage au Locle<\/a><\/li>\n<li class=\"page_item page-item-388\"><a href=\"https:\/\/www.artisanlocal.ch\/c\/nettoyage-de-bureaux-et-dhebergements-a-broc\/\">Entreprise de nettoyage Broc : bureaux, appartement et maison<\/a><\/li>\n<li class=\"page_item page-item-446\"><a href=\"https:\/\/www.artisanlocal.ch\/c\/nettoyage-professionnel-pour-domicile-et-bureau-dentreprise-a-crissier\/\">Entreprise de nettoyage Crissier : domicile et bureau d&rsquo;entreprise<\/a><\/li>\n<li class=\"page_item page-item-431\"><a href=\"https:\/\/www.artisanlocal.ch\/c\/entreprise-de-nettoyage-de-bureaux-et-dappartements-a-penthalaz\/\">Entreprise de nettoyage de bureaux et d&rsquo;appartements \u00e0 Penthalaz<\/a><\/li>\n<li class=\"page_item page-item-460\"><a href=\"https:\/\/www.artisanlocal.ch\/c\/entreprise-de-nettoyage-de-bureaux-et-dappartements-dans-le-canton-de-fribourg\/\">Entreprise de nettoyage de bureaux et d&rsquo;appartements dans le canton de Fribourg<\/a><\/li>\n<li class=\"page_item page-item-463\"><a href=\"https:\/\/www.artisanlocal.ch\/c\/entreprise-de-nettoyage-de-bureaux-et-dappartements-dans-le-canton-du-valais\/\">Entreprise de nettoyage de bureaux et d&rsquo;appartements dans le canton du Valais<\/a><\/li>\n<li class=\"page_item page-item-452\"><a href=\"https:\/\/www.artisanlocal.ch\/c\/entreprise-de-nettoyage-de-bureaux-et-dhebergements-a-montreux\/\">Entreprise de nettoyage de bureaux et d&rsquo;h\u00e9bergements \u00e0 Montreux<\/a><\/li>\n<li class=\"page_item page-item-453\"><a href=\"https:\/\/www.artisanlocal.ch\/c\/entreprise-de-nettoyage-de-bureaux-et-de-domiciles-a-mont-sur-lausanne\/\">Entreprise de nettoyage de bureaux et de domiciles \u00e0 Le Mont-sur-Lausanne<\/a><\/li>\n<li class=\"page_item page-item-434\"><a href=\"https:\/\/www.artisanlocal.ch\/c\/entreprise-de-nettoyage-de-bureaux-et-de-logements-a-pully\/\">Entreprise de nettoyage de bureaux et de logements \u00e0 Pully<\/a><\/li>\n<li class=\"page_item page-item-424\"><a href=\"https:\/\/www.artisanlocal.ch\/c\/entreprise-de-nettoyage-de-bureaux-et-de-logements-a-ste-croix\/\">Entreprise de nettoyage de bureaux et de logements \u00e0 Ste-Croix<\/a><\/li>\n<li class=\"page_item page-item-436\"><a href=\"https:\/\/www.artisanlocal.ch\/c\/entreprise-de-nettoyage-professionnel-pour-domicile-et-bureau-a-bussigny-pres-lausanne\/\">Entreprise de nettoyage professionnel pour domicile et bureau \u00e0 Bussigny<\/a><\/li>\n<li class=\"page_item page-item-462\"><a href=\"https:\/\/www.artisanlocal.ch\/c\/entreprise-de-nettoyage-professionnel-pour-domicile-et-bureau-dentreprise-dans-le-canton-de-neuchatel\/\">Entreprise de nettoyage professionnel pour domicile et bureau d&rsquo;entreprise dans le canton de Neuch\u00e2tel<\/a><\/li>\n<li class=\"page_item page-item-416\"><a href=\"https:\/\/www.artisanlocal.ch\/c\/entreprise-de-nettoyage-professionnel-pour-habitation-et-bureau-dentreprise-a-st-maurice\/\">Entreprise de nettoyage professionnel pour habitation et bureau d&rsquo;entreprise \u00e0 St-Maurice<\/a><\/li>\n<li class=\"page_item page-item-451\"><a href=\"https:\/\/www.artisanlocal.ch\/c\/entreprise-de-nettoyage-professionnel-pour-habitation-et-local-dentreprise-a-mezieres\/\">Entreprise de nettoyage professionnel pour habitation et local d&rsquo;entreprise \u00e0 M\u00e9zi\u00e8res VD<\/a><\/li>\n<li class=\"page_item page-item-429\"><a href=\"https:\/\/www.artisanlocal.ch\/c\/entreprise-de-nettoyage-professionnel-pour-logement-et-bureau-dentreprise-a-villeneuve\/\">Entreprise de nettoyage professionnel pour logement et bureau d&rsquo;entreprise \u00e0 Villeneuve VD<\/a><\/li>\n<li class=\"page_item page-item-2958\"><a href=\"https:\/\/www.artisanlocal.ch\/c\/societe-paysagiste-dans-le-canton-de-neuchatel\/\">Entreprise de Paysagiste dans le canton de Neuch\u00e2tel<\/a><\/li>\n<li class=\"page_item page-item-713\"><a href=\"https:\/\/www.artisanlocal.ch\/c\/entreprise-de-peinture-a-geneve-artisanlocal-effectue-tous-vos-travaux-en-peinture\/\">Entreprise de peinture \u00e0 Gen\u00e8ve<\/a><\/li>\n<li class=\"page_item page-item-749\"><a href=\"https:\/\/www.artisanlocal.ch\/c\/societe-de-peintre-a-grandson\/\">Entreprise de Peinture \u00e0 Grandson<\/a><\/li>\n<li class=\"page_item page-item-722\"><a href=\"https:\/\/www.artisanlocal.ch\/c\/societe-artisanale-de-peinture-a-lausanne-artisanlocal-realise-tous-vos-projets-de-peinture\/\">Entreprise de peinture \u00e0 Lausanne<\/a><\/li>\n<li class=\"page_item page-item-726\"><a href=\"https:\/\/www.artisanlocal.ch\/c\/trouver-le-meilleur-peintre-a-orbe\/\">Entreprise de peinture \u00e0 Orbe<\/a><\/li>\n<li class=\"page_item page-item-742\"><a href=\"https:\/\/www.artisanlocal.ch\/c\/entreprise-artisanale-de-peinture-a-payerne-artisanlocal-realise-tous-vos-projets-en-peinture\/\">Entreprise de peinture \u00e0 Payerne<\/a><\/li>\n<li class=\"page_item page-item-746\"><a href=\"https:\/\/www.artisanlocal.ch\/c\/artisan-peintre-a-villeneuve\/\">Entreprise de Peinture \u00e0 Villeneuve VD<\/a><\/li>\n<li class=\"page_item page-item-779\"><a href=\"https:\/\/www.artisanlocal.ch\/c\/entreprise-de-peintre-dans-le-canton-de-neuchatel\/\">Entreprise de peinture dans le canton de Neuch\u00e2tel<\/a><\/li>\n<li class=\"page_item page-item-455\"><a href=\"https:\/\/www.artisanlocal.ch\/c\/nettoyage-de-bureaux-et-dhabitats-a-cheseaux-sur-lausanne\/\">Entreprise nettoyage \u00e0 Cheseaux-sur-Lausanne<\/a><\/li>\n<li class=\"page_item page-item-2896\"><a href=\"https:\/\/www.artisanlocal.ch\/c\/entreprise-paysagiste-a-aubonne\/\">Entreprise Paysagiste \u00e0 Aubonne<\/a><\/li>\n<li class=\"page_item page-item-2932\"><a href=\"https:\/\/www.artisanlocal.ch\/c\/entreprise-paysagiste-a-bussigny-pres-lausanne\/\">Entreprise Paysagiste \u00e0 Bussigny<\/a><\/li>\n<li class=\"page_item page-item-2913\"><a href=\"https:\/\/www.artisanlocal.ch\/c\/entreprise-paysagiste-a-conthey\/\">Entreprise Paysagiste \u00e0 Conthey<\/a><\/li>\n<li class=\"page_item page-item-2898\"><a href=\"https:\/\/www.artisanlocal.ch\/c\/entreprise-paysagiste-a-coppet\/\">Entreprise Paysagiste \u00e0 Coppet<\/a><\/li>\n<li class=\"page_item page-item-2917\"><a href=\"https:\/\/www.artisanlocal.ch\/c\/entreprise-paysagiste-a-courtelary\/\">Entreprise Paysagiste \u00e0 Courtelary<\/a><\/li>\n<li class=\"page_item page-item-2900\"><a href=\"https:\/\/www.artisanlocal.ch\/c\/entreprise-paysagiste-a-echallens\/\">Entreprise Paysagiste \u00e0 Echallens<\/a><\/li>\n<li class=\"page_item page-item-2943\"><a href=\"https:\/\/www.artisanlocal.ch\/c\/entreprise-paysagiste-a-forel\/\">Entreprise Paysagiste \u00e0 Forel (Lavaux)<\/a><\/li>\n<li class=\"page_item page-item-2902\"><a href=\"https:\/\/www.artisanlocal.ch\/c\/entreprise-paysagiste-a-morges\/\">Entreprise Paysagiste \u00e0 Morges<\/a><\/li>\n<li class=\"page_item page-item-2921\"><a href=\"https:\/\/www.artisanlocal.ch\/c\/entreprise-paysagiste-a-payerne\/\">Entreprise Paysagiste \u00e0 Payerne<\/a><\/li>\n<li class=\"page_item page-item-2887\"><a href=\"https:\/\/www.artisanlocal.ch\/c\/entreprise-paysagiste-a-siviriez\/\">Entreprise Paysagiste \u00e0 Siviriez<\/a><\/li>\n<li class=\"page_item page-item-2920\"><a href=\"https:\/\/www.artisanlocal.ch\/c\/entreprise-paysagiste-a-ste-croix\/\">Entreprise Paysagiste \u00e0 Ste-Croix<\/a><\/li>\n<li class=\"page_item page-item-2960\"><a href=\"https:\/\/www.artisanlocal.ch\/c\/entreprise-paysagiste-dans-le-canton-de-vaud\/\">Entreprise Paysagiste dans le canton de Vaud<\/a><\/li>\n<li class=\"page_item page-item-925\"><a href=\"https:\/\/www.artisanlocal.ch\/c\/simplifiez-votre-demenagement-a-bienne\/\">Entreprises de d\u00e9m\u00e9nagement \u00e0 Biel\/Bienne<\/a><\/li>\n<li class=\"page_item page-item-861\"><a href=\"https:\/\/www.artisanlocal.ch\/c\/votre-demenageur-a-bulle\/\">Entreprises de d\u00e9m\u00e9nagement \u00e0 Bulle<\/a><\/li>\n<li class=\"page_item page-item-909\"><a href=\"https:\/\/www.artisanlocal.ch\/c\/facilitez-votre-demenagement-a-chavornay\/\">Facilitez votre d\u00e9m\u00e9nagement \u00e0 Chavornay<\/a><\/li>\n<li class=\"page_item page-item-888\"><a href=\"https:\/\/www.artisanlocal.ch\/c\/facilitez-votre-demenagement-a-conthey\/\">Facilitez votre d\u00e9m\u00e9nagement \u00e0 Conthey<\/a><\/li>\n<li class=\"page_item page-item-873\"><a href=\"https:\/\/www.artisanlocal.ch\/c\/facilitez-votre-demenagement-a-coppet\/\">Facilitez votre d\u00e9m\u00e9nagement \u00e0 Coppet<\/a><\/li>\n<li class=\"page_item page-item-911\"><a href=\"https:\/\/www.artisanlocal.ch\/c\/facilitez-votre-demenagement-a-fetigny\/\">Facilitez votre d\u00e9m\u00e9nagement \u00e0 F\u00e9tigny<\/a><\/li>\n<li class=\"page_item page-item-903\"><a href=\"https:\/\/www.artisanlocal.ch\/c\/facilitez-votre-demenagement-a-grandson\/\">Facilitez votre d\u00e9m\u00e9nagement \u00e0 Grandson<\/a><\/li>\n<li class=\"page_item page-item-879\"><a href=\"https:\/\/www.artisanlocal.ch\/c\/facilitez-votre-demenagement-a-nyon\/\">Facilitez votre d\u00e9m\u00e9nagement \u00e0 Nyon<\/a><\/li>\n<li class=\"page_item page-item-906\"><a href=\"https:\/\/www.artisanlocal.ch\/c\/facilitez-votre-demenagement-a-prilly\/\">Facilitez votre d\u00e9m\u00e9nagement \u00e0 Prilly<\/a><\/li>\n<li class=\"page_item page-item-915\"><a href=\"https:\/\/www.artisanlocal.ch\/c\/facilitez-votre-demenagement-a-romanel-sur-lausanne\/\">Facilitez votre d\u00e9m\u00e9nagement \u00e0 Romanel-sur-Lausanne<\/a><\/li>\n<li class=\"page_item page-item-895\"><a href=\"https:\/\/www.artisanlocal.ch\/c\/facilitez-votre-demenagement-a-ste-croix\/\">Facilitez votre d\u00e9m\u00e9nagement \u00e0 Ste-Croix<\/a><\/li>\n<li class=\"page_item page-item-933\"><a href=\"https:\/\/www.artisanlocal.ch\/c\/facilitez-votre-demenagement-a-canton-de-neuchatel\/\">Facilitez votre d\u00e9m\u00e9nagement dans le canton de Neuch\u00e2tel<\/a><\/li>\n<li class=\"page_item page-item-688\"><a href=\"https:\/\/www.artisanlocal.ch\/c\/vous-avez-besoin-dun-depannage-en-urgence-de-votre-chauffage-a-estavayer-le-lac\/\">Installation et entretien de chauffage \u00e0 Estavayer-le-lac<\/a><\/li>\n<li class=\"page_item page-item-644\"><a href=\"https:\/\/www.artisanlocal.ch\/c\/jai-besoin-dun-chauffagiste-a-echallens\/\">J&rsquo;ai besoin d&rsquo;un chauffagiste \u00e0 Echallens ?<\/a><\/li>\n<li class=\"page_item page-item-697\"><a href=\"https:\/\/www.artisanlocal.ch\/c\/jai-besoin-dun-chauffagiste-a-ecublens\/\">J&rsquo;ai besoin d&rsquo;un chauffagiste \u00e0 Ecublens VD ?<\/a><\/li>\n<li class=\"page_item page-item-691\"><a href=\"https:\/\/www.artisanlocal.ch\/c\/jai-besoin-dun-chauffagiste-a-mezieres\/\">J&rsquo;ai besoin d&rsquo;un chauffagiste \u00e0 M\u00e9zi\u00e8res VD ?<\/a><\/li>\n<li class=\"page_item page-item-665\"><a href=\"https:\/\/www.artisanlocal.ch\/c\/jai-besoin-dun-chauffagiste-a-payerne\/\">J&rsquo;ai besoin d&rsquo;un chauffagiste \u00e0 Payerne ?<\/a><\/li>\n<li class=\"page_item page-item-664\"><a href=\"https:\/\/www.artisanlocal.ch\/c\/jai-besoin-dun-chauffagiste-a-ste-croix\/\">J&rsquo;ai besoin d&rsquo;un chauffagiste \u00e0 Ste-Croix ?<\/a><\/li>\n<li class=\"page_item page-item-652\"><a href=\"https:\/\/www.artisanlocal.ch\/c\/jai-besoin-dun-chauffagiste-a-vevey\/\">J&rsquo;ai besoin d&rsquo;un chauffagiste \u00e0 Vevey ?<\/a><\/li>\n<li class=\"page_item page-item-653\"><a href=\"https:\/\/www.artisanlocal.ch\/c\/jai-besoin-dun-chauffagiste-a-yverdon\/\">J&rsquo;ai besoin d&rsquo;un chauffagiste \u00e0 Yverdon-les-Bains ?<\/a><\/li>\n<li class=\"page_item page-item-2945\"><a href=\"https:\/\/www.artisanlocal.ch\/c\/jardinier-paysagiste-a-chardonne\/\">Jardinier paysagiste \u00e0 Chardonne<\/a><\/li>\n<li class=\"page_item page-item-2952\"><a href=\"https:\/\/www.artisanlocal.ch\/c\/jardinier-paysagiste-a-delemont\/\">Jardinier paysagiste \u00e0 Del\u00e9mont<\/a><\/li>\n<li class=\"page_item page-item-2905\"><a href=\"https:\/\/www.artisanlocal.ch\/c\/jardinier-paysagiste-a-orbe\/\">Jardinier paysagiste \u00e0 Orbe<\/a><\/li>\n<li class=\"page_item page-item-2938\"><a href=\"https:\/\/www.artisanlocal.ch\/c\/jardinier-paysagiste-a-saxon\/\">Jardinier paysagiste \u00e0 Saxon<\/a><\/li>\n<li class=\"page_item page-item-2908\"><a href=\"https:\/\/www.artisanlocal.ch\/c\/jardinier-paysagiste-a-vevey\/\">Jardinier paysagiste \u00e0 Vevey<\/a><\/li>\n<li class=\"page_item page-item-4049\"><a href=\"https:\/\/www.artisanlocal.ch\/c\/equipe\/\">L\u2019\u00e9quipe<\/a><\/li>\n<li class=\"page_item page-item-438\"><a href=\"https:\/\/www.artisanlocal.ch\/c\/nettoyage-de-bureaux-et-dhabitats-a-chavornay\/\">Nettoyage de bureaux et d&rsquo;habitats \u00e0 Chavornay<\/a><\/li>\n<li class=\"page_item page-item-439\"><a href=\"https:\/\/www.artisanlocal.ch\/c\/nettoyage-de-bureaux-et-dhabitats-a-savigny\/\">Nettoyage de bureaux et d&rsquo;habitats \u00e0 Savigny<\/a><\/li>\n<li class=\"page_item page-item-419\"><a href=\"https:\/\/www.artisanlocal.ch\/c\/nettoyage-de-bureaux-et-dhabitats-dans-le-canton-de-geneve\/\">Nettoyage de bureaux et d&rsquo;habitats dans le canton de Gen\u00e8ve<\/a><\/li>\n<li class=\"page_item page-item-457\"><a href=\"https:\/\/www.artisanlocal.ch\/c\/nettoyage-de-bureaux-et-de-domiciles-a-ecublens\/\">Nettoyage de bureaux et de domiciles \u00e0 Ecublens VD<\/a><\/li>\n<li class=\"page_item page-item-464\"><a href=\"https:\/\/www.artisanlocal.ch\/c\/nettoyage-de-bureaux-et-de-domiciles-dans-le-canton-de-vaud\/\">Nettoyage de bureaux et de domiciles dans le canton de Vaud<\/a><\/li>\n<li class=\"page_item page-item-437\"><a href=\"https:\/\/www.artisanlocal.ch\/c\/nettoyage-de-bureaux-et-de-logements-a-gland\/\">Nettoyage de bureaux et de logements \u00e0 Gland<\/a><\/li>\n<li class=\"page_item page-item-440\"><a href=\"https:\/\/www.artisanlocal.ch\/c\/nettoyage-pour-domicile-et-bureau-a-fetigny\/\">Nettoyage pour domicile et bureau \u00e0 F\u00e9tigny<\/a><\/li>\n<li class=\"page_item page-item-403\"><a href=\"https:\/\/www.artisanlocal.ch\/c\/nettoyage-pour-habitation-et-bureau-a-cossonay-ville\/\">Nettoyage pour habitation et bureau \u00e0 Cossonay-Ville<\/a><\/li>\n<li class=\"page_item page-item-421\"><a href=\"https:\/\/www.artisanlocal.ch\/c\/nettoyage-pour-habitation-et-bureau-dentreprise-a-courtelary\/\">Nettoyage pour habitation et bureau d&rsquo;entreprise \u00e0 Courtelary<\/a><\/li>\n<li class=\"page_item page-item-395\"><a href=\"https:\/\/www.artisanlocal.ch\/c\/nettoyage-pour-logement-et-local-dentreprise-a-attalens\/\">Nettoyage pour logement et local d&rsquo;entreprise \u00e0 Attalens<\/a><\/li>\n<li class=\"page_item page-item-445\"><a href=\"https:\/\/www.artisanlocal.ch\/c\/nettoyage-professionnel-pour-domicile-et-bureau-dentreprise-a-lutry\/\">Nettoyage professionnel pour domicile et bureau d&rsquo;entreprise \u00e0 Lutry<\/a><\/li>\n<li class=\"page_item page-item-461\"><a href=\"https:\/\/www.artisanlocal.ch\/c\/nettoyage-professionnel-pour-domicile-et-local-dentreprise-dans-le-canton-du-jura\/\">Nettoyage professionnel pour domicile et local d&rsquo;entreprise dans le canton du Jura<\/a><\/li>\n<li class=\"page_item page-item-444\"><a href=\"https:\/\/www.artisanlocal.ch\/c\/nettoyage-professionnel-pour-habitation-et-bureau-a-romanel-sur-lausanne\/\">Nettoyage professionnel pour habitation et bureau \u00e0 Romanel-sur-Lausanne<\/a><\/li>\n<li class=\"page_item page-item-410\"><a href=\"https:\/\/www.artisanlocal.ch\/c\/nettoyage-professionnel-pour-habitation-et-local-dentreprise-a-oron-la-ville\/\">Nettoyage professionnel pour habitation et local d&rsquo;entreprise \u00e0 Oron-la-Ville<\/a><\/li>\n<li class=\"page_item page-item-411\"><a href=\"https:\/\/www.artisanlocal.ch\/c\/nettoyage-professionnel-pour-logement-et-bureau-a-rolle\/\">Nettoyage professionnel pour logement et bureau \u00e0 Rolle<\/a><\/li>\n<li class=\"page_item page-item-2926\"><a href=\"https:\/\/www.artisanlocal.ch\/c\/paysagistes-a-apples\/\">Paysagiste \u00e0 Apples<\/a><\/li>\n<li class=\"page_item page-item-2939\"><a href=\"https:\/\/www.artisanlocal.ch\/c\/paysagiste-a-bex\/\">Paysagiste \u00e0 Bex<\/a><\/li>\n<li class=\"page_item page-item-2951\"><a href=\"https:\/\/www.artisanlocal.ch\/c\/paysagistes-a-cheseaux-sur-lausanne\/\">Paysagiste \u00e0 Cheseaux-sur-Lausanne<\/a><\/li>\n<li class=\"page_item page-item-2944\"><a href=\"https:\/\/www.artisanlocal.ch\/c\/societe-paysagiste-a-estavayer-le-lac\/\">Paysagiste \u00e0 Estavayer-le-lac<\/a><\/li>\n<li class=\"page_item page-item-2892\"><a href=\"https:\/\/www.artisanlocal.ch\/c\/paysagiste-a-geneve\/\">Paysagiste \u00e0 Gen\u00e8ve<\/a><\/li>\n<li class=\"page_item page-item-2933\"><a href=\"https:\/\/www.artisanlocal.ch\/c\/paysagiste-a-gland\/\">Paysagiste \u00e0 Gland<\/a><\/li>\n<li class=\"page_item page-item-2928\"><a href=\"https:\/\/www.artisanlocal.ch\/c\/paysagistes-a-grandson\/\">Paysagiste \u00e0 Grandson<\/a><\/li>\n<li class=\"page_item page-item-2901\"><a href=\"https:\/\/www.artisanlocal.ch\/c\/artisan-paysagiste-a-lausanne\/\">Paysagiste \u00e0 Lausanne<\/a><\/li>\n<li class=\"page_item page-item-2948\"><a href=\"https:\/\/www.artisanlocal.ch\/c\/paysagiste-a-montreux\/\">Paysagiste \u00e0 Montreux<\/a><\/li>\n<li class=\"page_item page-item-2904\"><a href=\"https:\/\/www.artisanlocal.ch\/c\/paysagiste-a-nyon\/\">Paysagiste \u00e0 Nyon<\/a><\/li>\n<li class=\"page_item page-item-2946\"><a href=\"https:\/\/www.artisanlocal.ch\/c\/paysagiste-a-renens\/\">Paysagiste \u00e0 Renens VD<\/a><\/li>\n<li class=\"page_item page-item-2955\"><a href=\"https:\/\/www.artisanlocal.ch\/c\/societe-paysagiste-a-sierre\/\">Paysagiste \u00e0 Sierre<\/a><\/li>\n<li class=\"page_item page-item-2922\"><a href=\"https:\/\/www.artisanlocal.ch\/c\/paysagiste-a-sion\/\">Paysagiste \u00e0 Sion<\/a><\/li>\n<li class=\"page_item page-item-2925\"><a href=\"https:\/\/www.artisanlocal.ch\/c\/paysagiste-a-villeneuve\/\">Paysagiste \u00e0 Villeneuve VD<\/a><\/li>\n<li class=\"page_item page-item-2957\"><a href=\"https:\/\/www.artisanlocal.ch\/c\/paysagiste-dans-le-canton-du-jura\/\">Paysagiste dans le canton du Jura<\/a><\/li>\n<li class=\"page_item page-item-2891\"><a href=\"https:\/\/www.artisanlocal.ch\/c\/paysagistes-a-attalens\/\">Paysagistes \u00e0 Attalens<\/a><\/li>\n<li class=\"page_item page-item-2897\"><a href=\"https:\/\/www.artisanlocal.ch\/c\/paysagistes-a-avenches\/\">Paysagistes \u00e0 Avenches<\/a><\/li>\n<li class=\"page_item page-item-2884\"><a href=\"https:\/\/www.artisanlocal.ch\/c\/paysagistes-a-broc\/\">Paysagistes \u00e0 Broc<\/a><\/li>\n<li class=\"page_item page-item-2915\"><a href=\"https:\/\/www.artisanlocal.ch\/c\/paysagistes-a-canton-de-geneve\/\">Paysagistes \u00e0 canton de Gen\u00e8ve<\/a><\/li>\n<li class=\"page_item page-item-2924\"><a href=\"https:\/\/www.artisanlocal.ch\/c\/paysagistes-a-carouge\/\">Paysagistes \u00e0 Carouge GE<\/a><\/li>\n<li class=\"page_item page-item-2914\"><a href=\"https:\/\/www.artisanlocal.ch\/c\/paysagistes-a-chatel-st-denis\/\">Paysagistes \u00e0 Ch\u00e2tel-St-Denis<\/a><\/li>\n<li class=\"page_item page-item-2937\"><a href=\"https:\/\/www.artisanlocal.ch\/c\/paysagistes-a-chexbres\/\">Paysagistes \u00e0 Chexbres<\/a><\/li>\n<li class=\"page_item page-item-2899\"><a href=\"https:\/\/www.artisanlocal.ch\/c\/paysagistes-a-cossonay-ville\/\">Paysagistes \u00e0 Cossonay-Ville<\/a><\/li>\n<li class=\"page_item page-item-2942\"><a href=\"https:\/\/www.artisanlocal.ch\/c\/paysagistes-a-crissier\/\">Paysagistes \u00e0 Crissier<\/a><\/li>\n<li class=\"page_item page-item-2953\"><a href=\"https:\/\/www.artisanlocal.ch\/c\/paysagistes-a-ecublens\/\">Paysagistes \u00e0 Ecublens VD<\/a><\/li>\n<li class=\"page_item page-item-2929\"><a href=\"https:\/\/www.artisanlocal.ch\/c\/paysagistes-a-epalinges\/\">Paysagistes \u00e0 Epalinges<\/a><\/li>\n<li class=\"page_item page-item-2936\"><a href=\"https:\/\/www.artisanlocal.ch\/c\/paysagistes-a-fetigny\/\">Paysagistes \u00e0 F\u00e9tigny<\/a><\/li>\n<li class=\"page_item page-item-2889\"><a href=\"https:\/\/www.artisanlocal.ch\/c\/paysagistes-a-fribourg\/\">Paysagistes \u00e0 Fribourg<\/a><\/li>\n<li class=\"page_item page-item-2916\"><a href=\"https:\/\/www.artisanlocal.ch\/c\/paysagistes-a-la-chaux-de-fonds\/\">Paysagistes \u00e0 La Chaux-de-Fonds<\/a><\/li>\n<li class=\"page_item page-item-2949\"><a href=\"https:\/\/www.artisanlocal.ch\/c\/paysagistes-a-mont-sur-lausanne\/\">Paysagistes \u00e0 Le Mont-sur-Lausanne<\/a><\/li>\n<li class=\"page_item page-item-2941\"><a href=\"https:\/\/www.artisanlocal.ch\/c\/paysagistes-a-lutry\/\">Paysagistes \u00e0 Lutry<\/a><\/li>\n<li class=\"page_item page-item-2910\"><a href=\"https:\/\/www.artisanlocal.ch\/c\/paysagistes-a-martigny\/\">Paysagistes \u00e0 Martigny<\/a><\/li>\n<li class=\"page_item page-item-2911\"><a href=\"https:\/\/www.artisanlocal.ch\/c\/paysagistes-a-monthey\/\">Paysagistes \u00e0 Monthey<\/a><\/li>\n<li class=\"page_item page-item-2893\"><a href=\"https:\/\/www.artisanlocal.ch\/c\/paysagistes-a-neuchatel\/\">Paysagistes \u00e0 Neuch\u00e2tel<\/a><\/li>\n<li class=\"page_item page-item-2906\"><a href=\"https:\/\/www.artisanlocal.ch\/c\/paysagistes-a-oron-la-ville\/\">Paysagistes \u00e0 Oron-la-Ville<\/a><\/li>\n<li class=\"page_item page-item-2954\"><a href=\"https:\/\/www.artisanlocal.ch\/c\/paysagistes-a-porrentruy\/\">Paysagistes \u00e0 Porrentruy<\/a><\/li>\n<li class=\"page_item page-item-2931\"><a href=\"https:\/\/www.artisanlocal.ch\/c\/paysagistes-a-prilly\/\">Paysagistes \u00e0 Prilly<\/a><\/li>\n<li class=\"page_item page-item-2930\"><a href=\"https:\/\/www.artisanlocal.ch\/c\/paysagistes-a-pully\/\">Paysagistes \u00e0 Pully<\/a><\/li>\n<li class=\"page_item page-item-2940\"><a href=\"https:\/\/www.artisanlocal.ch\/c\/paysagistes-a-romanel-sur-lausanne\/\">Paysagistes \u00e0 Romanel-sur-Lausanne<\/a><\/li>\n<li class=\"page_item page-item-2935\"><a href=\"https:\/\/www.artisanlocal.ch\/c\/paysagistes-a-savigny\/\">Paysagistes \u00e0 Savigny<\/a><\/li>\n<li class=\"page_item page-item-2890\"><a href=\"https:\/\/www.artisanlocal.ch\/c\/paysagistes-a-villars-sur-glane\/\">Paysagistes \u00e0 Villars-sur-Gl\u00e2ne<\/a><\/li>\n<li class=\"page_item page-item-2909\"><a href=\"https:\/\/www.artisanlocal.ch\/c\/paysagistes-a-yverdon\/\">Paysagistes \u00e0 Yverdon-les-Bains<\/a><\/li>\n<li class=\"page_item page-item-2956\"><a href=\"https:\/\/www.artisanlocal.ch\/c\/paysagistes-dans-le-canton-de-fribourg\/\">Paysagistes dans le canton de Fribourg<\/a><\/li>\n<li class=\"page_item page-item-2959\"><a href=\"https:\/\/www.artisanlocal.ch\/c\/paysagistes-dans-le-canton-du-valais\/\">Paysagistes dans le canton du Valais<\/a><\/li>\n<li class=\"page_item page-item-716\"><a href=\"https:\/\/www.artisanlocal.ch\/c\/societe-artisanale-de-peinture-a-aigle-artisanlocal-effectue-tous-vos-travaux-en-peinture\/\">Peintre \u00e0 Aigle<\/a><\/li>\n<li class=\"page_item page-item-747\"><a href=\"https:\/\/www.artisanlocal.ch\/c\/entreprise-de-peintre-a-apples\/\">Peintre \u00e0 Apples<\/a><\/li>\n<li class=\"page_item page-item-712\"><a href=\"https:\/\/www.artisanlocal.ch\/c\/societe-artisanale-de-peinture-a-attalens-artisanlocal-realise-tous-vos-travaux-en-peinture\/\">Peintre \u00e0 Attalens<\/a><\/li>\n<li class=\"page_item page-item-717\"><a href=\"https:\/\/www.artisanlocal.ch\/c\/societe-de-peinture-a-aubonne-artisanlocal-realise-tous-vos-travaux-en-peinture\/\">Peintre \u00e0 Aubonne<\/a><\/li>\n<li class=\"page_item page-item-718\"><a href=\"https:\/\/www.artisanlocal.ch\/c\/societe-artisanale-de-peinture-a-avenches-artisanlocal-realise-tous-vos-travaux-de-peinture\/\">Peintre \u00e0 Avenches<\/a><\/li>\n<li class=\"page_item page-item-760\"><a href=\"https:\/\/www.artisanlocal.ch\/c\/artisan-peintre-a-bex\/\">Peintre \u00e0 Bex<\/a><\/li>\n<li class=\"page_item page-item-771\"><a href=\"https:\/\/www.artisanlocal.ch\/c\/entreprise-artisanale-de-peinture-a-bienne-artisanlocal-effectue-tous-vos-projets-de-peinture\/\">Peintre \u00e0 Biel\/Bienne<\/a><\/li>\n<li class=\"page_item page-item-739\"><a href=\"https:\/\/www.artisanlocal.ch\/c\/societe-artisanale-de-peinture-a-boudry-artisanlocal-realise-tous-vos-projets-en-peinture\/\">Peintre \u00e0 Boudry<\/a><\/li>\n<li class=\"page_item page-item-705\"><a href=\"https:\/\/www.artisanlocal.ch\/c\/entreprise-de-peintre-a-broc\/\">Peintre \u00e0 Broc<\/a><\/li>\n<li class=\"page_item page-item-707\"><a href=\"https:\/\/www.artisanlocal.ch\/c\/entreprise-artisanale-de-peinture-a-bulle-artisanlocal-effectue-tous-vos-travaux-en-peinture\/\">Peintre \u00e0 Bulle<\/a><\/li>\n<li class=\"page_item page-item-753\"><a href=\"https:\/\/www.artisanlocal.ch\/c\/entreprise-de-peintre-a-bussigny-pres-lausanne\/\">Peintre \u00e0 Bussigny<\/a><\/li>\n<li class=\"page_item page-item-766\"><a href=\"https:\/\/www.artisanlocal.ch\/c\/societe-de-peintre-a-chardonne\/\">Peintre \u00e0 Chardonne<\/a><\/li>\n<li class=\"page_item page-item-735\"><a href=\"https:\/\/www.artisanlocal.ch\/c\/entreprise-de-peintre-a-chatel-st-denis\/\">Peintre \u00e0 Ch\u00e2tel-St-Denis<\/a><\/li>\n<li class=\"page_item page-item-755\"><a href=\"https:\/\/www.artisanlocal.ch\/c\/artisan-peintre-a-chavornay\/\">Peintre \u00e0 Chavornay<\/a><\/li>\n<li class=\"page_item page-item-772\"><a href=\"https:\/\/www.artisanlocal.ch\/c\/trouver-le-meilleur-peintre-a-cheseaux-sur-lausanne\/\">Peintre \u00e0 Cheseaux-sur-Lausanne<\/a><\/li>\n<li class=\"page_item page-item-758\"><a href=\"https:\/\/www.artisanlocal.ch\/c\/entreprise-artisanale-de-peinture-a-chexbres-artisanlocal-realise-tous-vos-projets-de-peinture\/\">Peintre \u00e0 Chexbres<\/a><\/li>\n<li class=\"page_item page-item-734\"><a href=\"https:\/\/www.artisanlocal.ch\/c\/engager-le-meilleur-peintre-a-conthey\/\">Peintre \u00e0 Conthey<\/a><\/li>\n<li class=\"page_item page-item-719\"><a href=\"https:\/\/www.artisanlocal.ch\/c\/trouver-le-meilleur-peintre-a-coppet\/\">Peintre \u00e0 Coppet<\/a><\/li>\n<li class=\"page_item page-item-720\"><a href=\"https:\/\/www.artisanlocal.ch\/c\/entreprise-de-peinture-a-cossonay-ville-artisanlocal-realise-tous-vos-projets-de-peinture\/\">Peintre \u00e0 Cossonay-Ville<\/a><\/li>\n<li class=\"page_item page-item-738\"><a href=\"https:\/\/www.artisanlocal.ch\/c\/entreprise-artisanale-de-peinture-a-courtelary-artisanlocal-realise-tous-vos-projets-de-peinture\/\">Peintre \u00e0 Courtelary<\/a><\/li>\n<li class=\"page_item page-item-763\"><a href=\"https:\/\/www.artisanlocal.ch\/c\/engager-le-meilleur-peintre-a-crissier\/\">Peintre \u00e0 Crissier<\/a><\/li>\n<li class=\"page_item page-item-773\"><a href=\"https:\/\/www.artisanlocal.ch\/c\/societe-de-peinture-a-delemont-artisanlocal-realise-tous-vos-projets-en-peinture\/\">Peintre \u00e0 Del\u00e9mont<\/a><\/li>\n<li class=\"page_item page-item-721\"><a href=\"https:\/\/www.artisanlocal.ch\/c\/societe-artisanale-de-peinture-a-echallens-artisanlocal-effectue-tous-vos-projets-en-peinture\/\">Peintre \u00e0 Echallens<\/a><\/li>\n<li class=\"page_item page-item-750\"><a href=\"https:\/\/www.artisanlocal.ch\/c\/trouver-le-meilleur-peintre-a-epalinges\/\">Peintre \u00e0 Epalinges<\/a><\/li>\n<li class=\"page_item page-item-765\"><a href=\"https:\/\/www.artisanlocal.ch\/c\/engager-le-meilleur-peintre-a-estavayer-le-lac\/\">Peintre \u00e0 Estavayer-le-lac<\/a><\/li>\n<li class=\"page_item page-item-757\"><a href=\"https:\/\/www.artisanlocal.ch\/c\/societe-de-peintre-a-fetigny\/\">Peintre \u00e0 F\u00e9tigny<\/a><\/li>\n<li class=\"page_item page-item-764\"><a href=\"https:\/\/www.artisanlocal.ch\/c\/trouver-le-meilleur-peintre-a-forel\/\">Peintre \u00e0 Forel (Lavaux)<\/a><\/li>\n<li class=\"page_item page-item-710\"><a href=\"https:\/\/www.artisanlocal.ch\/c\/artisan-peintre-a-fribourg\/\">Peintre \u00e0 Fribourg<\/a><\/li>\n<li class=\"page_item page-item-754\"><a href=\"https:\/\/www.artisanlocal.ch\/c\/entreprise-de-peintre-a-gland\/\">Peintre \u00e0 Gland<\/a><\/li>\n<li class=\"page_item page-item-737\"><a href=\"https:\/\/www.artisanlocal.ch\/c\/entreprise-de-peinture-a-la-chaux-de-fonds-artisanlocal-effectue-tous-vos-travaux-en-peinture\/\">Peintre \u00e0 La Chaux-de-Fonds<\/a><\/li>\n<li class=\"page_item page-item-770\"><a href=\"https:\/\/www.artisanlocal.ch\/c\/entreprise-artisanale-de-peinture-a-mont-sur-lausanne-artisanlocal-realise-tous-vos-projets-en-peinture\/\">Peintre \u00e0 Le Mont-sur-Lausanne<\/a><\/li>\n<li class=\"page_item page-item-762\"><a href=\"https:\/\/www.artisanlocal.ch\/c\/entreprise-de-peintre-a-lutry\/\">Peintre \u00e0 Lutry<\/a><\/li>\n<li class=\"page_item page-item-731\"><a href=\"https:\/\/www.artisanlocal.ch\/c\/engager-le-meilleur-peintre-a-martigny\/\">Peintre \u00e0 Martigny<\/a><\/li>\n<li class=\"page_item page-item-744\"><a href=\"https:\/\/www.artisanlocal.ch\/c\/societe-artisanale-de-peinture-a-meyrin-artisanlocal-effectue-tous-vos-projets-en-peinture\/\">Peintre \u00e0 Meyrin<\/a><\/li>\n<li class=\"page_item page-item-768\"><a href=\"https:\/\/www.artisanlocal.ch\/c\/societe-de-peinture-a-mezieres-artisanlocal-effectue-tous-vos-projets-en-peinture\/\">Peintre \u00e0 M\u00e9zi\u00e8res VD<\/a><\/li>\n<li class=\"page_item page-item-732\"><a href=\"https:\/\/www.artisanlocal.ch\/c\/societe-de-peintre-a-monthey\/\">Peintre \u00e0 Monthey<\/a><\/li>\n<li class=\"page_item page-item-769\"><a href=\"https:\/\/www.artisanlocal.ch\/c\/engager-le-meilleur-peintre-a-montreux\/\">Peintre \u00e0 Montreux<\/a><\/li>\n<li class=\"page_item page-item-723\"><a href=\"https:\/\/www.artisanlocal.ch\/c\/trouver-le-meilleur-peintre-a-morges\/\">Peintre \u00e0 Morges<\/a><\/li>\n<li class=\"page_item page-item-724\"><a href=\"https:\/\/www.artisanlocal.ch\/c\/societe-de-peintre-a-moudon\/\">Peintre \u00e0 Moudon<\/a><\/li>\n<li class=\"page_item page-item-714\"><a href=\"https:\/\/www.artisanlocal.ch\/c\/trouver-le-meilleur-peintre-a-neuchatel\/\">Peintre \u00e0 Neuch\u00e2tel<\/a><\/li>\n<li class=\"page_item page-item-725\"><a href=\"https:\/\/www.artisanlocal.ch\/c\/entreprise-de-peintre-a-nyon\/\">Peintre \u00e0 Nyon<\/a><\/li>\n<li class=\"page_item page-item-727\"><a href=\"https:\/\/www.artisanlocal.ch\/c\/trouver-le-meilleur-peintre-a-oron-la-ville\/\">Peintre \u00e0 Oron-la-Ville<\/a><\/li>\n<li class=\"page_item page-item-748\"><a href=\"https:\/\/www.artisanlocal.ch\/c\/societe-de-peintre-a-penthalaz\/\">Peintre \u00e0 Penthalaz<\/a><\/li>\n<li class=\"page_item page-item-775\"><a href=\"https:\/\/www.artisanlocal.ch\/c\/artisan-peintre-a-porrentruy\/\">Peintre \u00e0 Porrentruy<\/a><\/li>\n<li class=\"page_item page-item-752\"><a href=\"https:\/\/www.artisanlocal.ch\/c\/trouver-le-meilleur-peintre-a-prilly\/\">Peintre \u00e0 Prilly<\/a><\/li>\n<li class=\"page_item page-item-751\"><a href=\"https:\/\/www.artisanlocal.ch\/c\/artisan-peintre-a-pully\/\">Peintre \u00e0 Pully<\/a><\/li>\n<li class=\"page_item page-item-767\"><a href=\"https:\/\/www.artisanlocal.ch\/c\/societe-de-peintre-a-renens\/\">Peintre \u00e0 Renens VD<\/a><\/li>\n<li class=\"page_item page-item-728\"><a href=\"https:\/\/www.artisanlocal.ch\/c\/trouver-le-meilleur-peintre-a-rolle\/\">Peintre \u00e0 Rolle<\/a><\/li>\n<li class=\"page_item page-item-761\"><a href=\"https:\/\/www.artisanlocal.ch\/c\/trouver-le-meilleur-peintre-a-romanel-sur-lausanne\/\">Peintre \u00e0 Romanel-sur-Lausanne<\/a><\/li>\n<li class=\"page_item page-item-1426\"><a href=\"https:\/\/www.artisanlocal.ch\/c\/peintre-a-saignelegier\/\">Peintre \u00e0 Saignel\u00e9gier<\/a><\/li>\n<li class=\"page_item page-item-756\"><a href=\"https:\/\/www.artisanlocal.ch\/c\/trouver-le-meilleur-peintre-a-savigny\/\">Peintre \u00e0 Savigny<\/a><\/li>\n<li class=\"page_item page-item-759\"><a href=\"https:\/\/www.artisanlocal.ch\/c\/trouver-le-meilleur-peintre-a-saxon\/\">Peintre \u00e0 Saxon<\/a><\/li>\n<li class=\"page_item page-item-776\"><a href=\"https:\/\/www.artisanlocal.ch\/c\/societe-de-peintre-a-sierre\/\">Peintre \u00e0 Sierre<\/a><\/li>\n<li class=\"page_item page-item-743\"><a href=\"https:\/\/www.artisanlocal.ch\/c\/entreprise-de-peinture-a-sion-artisanlocal-effectue-tous-vos-travaux-de-peinture\/\">Peintre \u00e0 Sion<\/a><\/li>\n<li class=\"page_item page-item-708\"><a href=\"https:\/\/www.artisanlocal.ch\/c\/societe-de-peinture-a-siviriez-artisanlocal-realise-tous-vos-travaux-de-peinture\/\">Peintre \u00e0 Siviriez<\/a><\/li>\n<li class=\"page_item page-item-740\"><a href=\"https:\/\/www.artisanlocal.ch\/c\/entreprise-de-peintre-a-st-blaise\/\">Peintre \u00e0 St-Blaise<\/a><\/li>\n<li class=\"page_item page-item-733\"><a href=\"https:\/\/www.artisanlocal.ch\/c\/societe-de-peinture-a-st-maurice-artisanlocal-realise-tous-vos-projets-de-peinture\/\">Peintre \u00e0 St-Maurice<\/a><\/li>\n<li class=\"page_item page-item-741\"><a href=\"https:\/\/www.artisanlocal.ch\/c\/trouver-le-meilleur-peintre-a-ste-croix\/\">Peintre \u00e0 Ste-Croix<\/a><\/li>\n<li class=\"page_item page-item-729\"><a href=\"https:\/\/www.artisanlocal.ch\/c\/engager-le-meilleur-peintre-a-vevey\/\">Peintre \u00e0 Vevey<\/a><\/li>\n<li class=\"page_item page-item-711\"><a href=\"https:\/\/www.artisanlocal.ch\/c\/entreprise-artisanale-de-peinture-a-villars-sur-glane-artisanlocal-realise-tous-vos-projets-de-peinture\/\">Peintre \u00e0 Villars-sur-Gl\u00e2ne<\/a><\/li>\n<li class=\"page_item page-item-730\"><a href=\"https:\/\/www.artisanlocal.ch\/c\/entreprise-de-peintre-a-yverdon\/\">Peintre \u00e0 Yverdon-les-Bains<\/a><\/li>\n<li class=\"page_item page-item-715\"><a href=\"https:\/\/www.artisanlocal.ch\/c\/trouver-le-meilleur-peintre-a-le-locle\/\">Peintre au Locle<\/a><\/li>\n<li class=\"page_item page-item-781\"><a href=\"https:\/\/www.artisanlocal.ch\/c\/artisan-peintre-dans-le-canton-de-vaud\/\">Peintre dans le canton de Vaud<\/a><\/li>\n<li class=\"page_item page-item-780\"><a href=\"https:\/\/www.artisanlocal.ch\/c\/societe-artisanale-de-peinture-dans-le-canton-du-valais-artisanlocal-effectue-tous-vos-travaux-en-peinture\/\">Peintre dans le canton du Valais<\/a><\/li>\n<li class=\"page_item page-item-774\"><a href=\"https:\/\/www.artisanlocal.ch\/c\/engager-le-meilleur-peintre-a-ecublens\/\">Peintre Ecublens VD<\/a><\/li>\n<li class=\"page_item page-item-745\"><a href=\"https:\/\/www.artisanlocal.ch\/c\/artisan-peintre-a-carouge\/\">Peinture \u00e0 Carouge GE<\/a><\/li>\n<li class=\"page_item page-item-709\"><a href=\"https:\/\/www.artisanlocal.ch\/c\/trouver-le-meilleur-peintre-a-romont\/\">Peinture \u00e0 Romont FR<\/a><\/li>\n<li class=\"page_item page-item-706\"><a href=\"https:\/\/www.artisanlocal.ch\/c\/artisan-peintre-a-vuadens\/\">Peinture \u00e0 Vuadens<\/a><\/li>\n<li class=\"page_item page-item-973\"><a href=\"https:\/\/www.artisanlocal.ch\/c\/vos-experts-en-plomberie-a-aubonne\/\">Plombier \u00e0 Aubonne<\/a><\/li>\n<li class=\"page_item page-item-974\"><a href=\"https:\/\/www.artisanlocal.ch\/c\/plombier-a-avenches\/\">Plombier \u00e0 Avenches<\/a><\/li>\n<li class=\"page_item page-item-1016\"><a href=\"https:\/\/www.artisanlocal.ch\/c\/plombier-a-bex\/\">Plombier \u00e0 Bex<\/a><\/li>\n<li class=\"page_item page-item-961\"><a href=\"https:\/\/www.artisanlocal.ch\/c\/plombier-a-broc\/\">Plombier \u00e0 Broc<\/a><\/li>\n<li class=\"page_item page-item-1001\"><a href=\"https:\/\/www.artisanlocal.ch\/c\/vos-experts-en-plomberie-a-carouge\/\">Plombier \u00e0 Carouge GE : fiable et comp\u00e9tent<\/a><\/li>\n<li class=\"page_item page-item-1022\"><a href=\"https:\/\/www.artisanlocal.ch\/c\/plombier-a-chardonne\/\">Plombier \u00e0 Chardonne<\/a><\/li>\n<li class=\"page_item page-item-991\"><a href=\"https:\/\/www.artisanlocal.ch\/c\/plombier-a-chatel-st-denis\/\">Plombier \u00e0 Ch\u00e2tel-St-Denis<\/a><\/li>\n<li class=\"page_item page-item-1011\"><a href=\"https:\/\/www.artisanlocal.ch\/c\/plombier-a-chavornay\/\">Plombier \u00e0 Chavornay<\/a><\/li>\n<li class=\"page_item page-item-1028\"><a href=\"https:\/\/www.artisanlocal.ch\/c\/plombier-a-cheseaux-sur-lausanne\/\">Plombier \u00e0 Cheseaux-sur-Lausanne<\/a><\/li>\n<li class=\"page_item page-item-1019\"><a href=\"https:\/\/www.artisanlocal.ch\/c\/artisan-plombier-a-crissier\/\">Plombier \u00e0 Crissier<\/a><\/li>\n<li class=\"page_item page-item-1029\"><a href=\"https:\/\/www.artisanlocal.ch\/c\/plombier-a-delemont\/\">Plombier \u00e0 Del\u00e9mont<\/a><\/li>\n<li class=\"page_item page-item-977\"><a href=\"https:\/\/www.artisanlocal.ch\/c\/plombier-a-echallens\/\">Plombier \u00e0 Echallens<\/a><\/li>\n<li class=\"page_item page-item-1030\"><a href=\"https:\/\/www.artisanlocal.ch\/c\/vos-experts-en-plomberie-a-ecublens\/\">Plombier \u00e0 Ecublens VD<\/a><\/li>\n<li class=\"page_item page-item-1020\"><a href=\"https:\/\/www.artisanlocal.ch\/c\/plombier-a-forel\/\">Plombier \u00e0 Forel (Lavaux)<\/a><\/li>\n<li class=\"page_item page-item-966\"><a href=\"https:\/\/www.artisanlocal.ch\/c\/vos-experts-en-plomberie-a-fribourg\/\">Plombier \u00e0 Fribourg<\/a><\/li>\n<li class=\"page_item page-item-969\"><a href=\"https:\/\/www.artisanlocal.ch\/c\/artisan-plombier-a-geneve\/\">Plombier \u00e0 Gen\u00e8ve<\/a><\/li>\n<li class=\"page_item page-item-993\"><a href=\"https:\/\/www.artisanlocal.ch\/c\/artisan-plombier-a-la-chaux-de-fonds\/\">Plombier \u00e0 La Chaux-de-Fonds<\/a><\/li>\n<li class=\"page_item page-item-978\"><a href=\"https:\/\/www.artisanlocal.ch\/c\/plombier-a-lausanne\/\">Plombier \u00e0 Lausanne<\/a><\/li>\n<li class=\"page_item page-item-1000\"><a href=\"https:\/\/www.artisanlocal.ch\/c\/plombier-a-meyrin\/\">Plombier \u00e0 Meyrin<\/a><\/li>\n<li class=\"page_item page-item-1025\"><a href=\"https:\/\/www.artisanlocal.ch\/c\/plombier-a-montreux\/\">Plombier \u00e0 Montreux<\/a><\/li>\n<li class=\"page_item page-item-980\"><a href=\"https:\/\/www.artisanlocal.ch\/c\/plombier-a-moudon\/\">Plombier \u00e0 Moudon<\/a><\/li>\n<li class=\"page_item page-item-981\"><a href=\"https:\/\/www.artisanlocal.ch\/c\/plombier-a-nyon\/\">Plombier \u00e0 Nyon<\/a><\/li>\n<li class=\"page_item page-item-982\"><a href=\"https:\/\/www.artisanlocal.ch\/c\/vos-experts-en-plomberie-a-orbe\/\">Plombier \u00e0 Orbe<\/a><\/li>\n<li class=\"page_item page-item-1004\"><a href=\"https:\/\/www.artisanlocal.ch\/c\/plombier-a-penthalaz\/\">Plombier \u00e0 Penthalaz<\/a><\/li>\n<li class=\"page_item page-item-1031\"><a href=\"https:\/\/www.artisanlocal.ch\/c\/vos-experts-en-plomberie-a-porrentruy\/\">Plombier \u00e0 Porrentruy<\/a><\/li>\n<li class=\"page_item page-item-1008\"><a href=\"https:\/\/www.artisanlocal.ch\/c\/plombier-a-prilly\/\">Plombier \u00e0 Prilly<\/a><\/li>\n<li class=\"page_item page-item-1007\"><a href=\"https:\/\/www.artisanlocal.ch\/c\/plombier-a-pully\/\">Plombier \u00e0 Pully<\/a><\/li>\n<li class=\"page_item page-item-984\"><a href=\"https:\/\/www.artisanlocal.ch\/c\/plombier-a-rolle\/\">Plombier \u00e0 Rolle<\/a><\/li>\n<li class=\"page_item page-item-1421\"><a href=\"https:\/\/www.artisanlocal.ch\/c\/plombier-a-saignelegier\/\">Plombier \u00e0 Saignel\u00e9gier<\/a><\/li>\n<li class=\"page_item page-item-964\"><a href=\"https:\/\/www.artisanlocal.ch\/c\/plombier-a-siviriez\/\">Plombier \u00e0 Siviriez<\/a><\/li>\n<li class=\"page_item page-item-989\"><a href=\"https:\/\/www.artisanlocal.ch\/c\/plombier-a-st-maurice\/\">Plombier \u00e0 St-Maurice<\/a><\/li>\n<li class=\"page_item page-item-972\"><a href=\"https:\/\/www.artisanlocal.ch\/c\/plombier-aigle\/\">Plombier Aigle<\/a><\/li>\n<li class=\"page_item page-item-1003\"><a href=\"https:\/\/www.artisanlocal.ch\/c\/plombier-apples\/\">Plombier Apples<\/a><\/li>\n<li class=\"page_item page-item-968\"><a href=\"https:\/\/www.artisanlocal.ch\/c\/plombier-attalens\/\">Plombier Attalens<\/a><\/li>\n<li class=\"page_item page-item-995\"><a href=\"https:\/\/www.artisanlocal.ch\/c\/plombier-boudry\/\">Plombier Boudry<\/a><\/li>\n<li class=\"page_item page-item-963\"><a href=\"https:\/\/www.artisanlocal.ch\/c\/plombier-bulle\/\">Plombier Bulle<\/a><\/li>\n<li class=\"page_item page-item-1009\"><a href=\"https:\/\/www.artisanlocal.ch\/c\/plombier-bussigny-pres-lausanne\/\">Plombier Bussigny<\/a><\/li>\n<li class=\"page_item page-item-992\"><a href=\"https:\/\/www.artisanlocal.ch\/c\/plombier-canton-de-geneve\/\">Plombier canton de Gen\u00e8ve<\/a><\/li>\n<li class=\"page_item page-item-990\"><a href=\"https:\/\/www.artisanlocal.ch\/c\/plombier-conthey\/\">Plombier Conthey<\/a><\/li>\n<li class=\"page_item page-item-975\"><a href=\"https:\/\/www.artisanlocal.ch\/c\/plombier-coppet\/\">Plombier Coppet<\/a><\/li>\n<li class=\"page_item page-item-976\"><a href=\"https:\/\/www.artisanlocal.ch\/c\/plombier-cossonay-ville\/\">Plombier Cossonay-Ville<\/a><\/li>\n<li class=\"page_item page-item-994\"><a href=\"https:\/\/www.artisanlocal.ch\/c\/vos-experts-en-plomberie-a-courtelary\/\">Plombier Courtelary : d\u00e9pannage en urgence<\/a><\/li>\n<li class=\"page_item page-item-1034\"><a href=\"https:\/\/www.artisanlocal.ch\/c\/plombier-a-canton-du-jura\/\">Plombier dans le canton du Jura<\/a><\/li>\n<li class=\"page_item page-item-1036\"><a href=\"https:\/\/www.artisanlocal.ch\/c\/plombier-a-canton-du-valais\/\">Plombier dans le canton du Valais<\/a><\/li>\n<li class=\"page_item page-item-1006\"><a href=\"https:\/\/www.artisanlocal.ch\/c\/plombier-epalinges\/\">Plombier Epalinges<\/a><\/li>\n<li class=\"page_item page-item-1013\"><a href=\"https:\/\/www.artisanlocal.ch\/c\/plombier-fetigny\/\">Plombier F\u00e9tigny<\/a><\/li>\n<li class=\"page_item page-item-971\"><a href=\"https:\/\/www.artisanlocal.ch\/c\/plombier-le-locle\/\">Plombier Le Locle<\/a><\/li>\n<li class=\"page_item page-item-1026\"><a href=\"https:\/\/www.artisanlocal.ch\/c\/plombier-mont-sur-lausanne\/\">Plombier Le Mont-sur-Lausanne<\/a><\/li>\n<li class=\"page_item page-item-1018\"><a href=\"https:\/\/www.artisanlocal.ch\/c\/plombier-lutry\/\">Plombier Lutry<\/a><\/li>\n<li class=\"page_item page-item-979\"><a href=\"https:\/\/www.artisanlocal.ch\/c\/plombier-morges\/\">Plombier Morges<\/a><\/li>\n<li class=\"page_item page-item-970\"><a href=\"https:\/\/www.artisanlocal.ch\/c\/plombier-neuchatel\/\">Plombier Neuch\u00e2tel<\/a><\/li>\n<li class=\"page_item page-item-1032\"><a href=\"https:\/\/www.artisanlocal.ch\/c\/plombier-sierre\/\">Plombier Sierre<\/a><\/li>\n<li class=\"page_item page-item-999\"><a href=\"https:\/\/www.artisanlocal.ch\/c\/plombier-sion\/\">Plombier Sion<\/a><\/li>\n<li class=\"page_item page-item-996\"><a href=\"https:\/\/www.artisanlocal.ch\/c\/plombier-st-blaise\/\">Plombier St-Blaise<\/a><\/li>\n<li class=\"page_item page-item-997\"><a href=\"https:\/\/www.artisanlocal.ch\/c\/plombier-ste-croix\/\">Plombier Ste-Croix<\/a><\/li>\n<li class=\"page_item page-item-985\"><a href=\"https:\/\/www.artisanlocal.ch\/c\/plombier-vevey\/\">Plombier Vevey<\/a><\/li>\n<li class=\"page_item page-item-391\"><a href=\"https:\/\/www.artisanlocal.ch\/c\/service-de-nettoyage-professionnel-pour-domicile-et-local-dentreprise-a-siviriez\/\">Service de nettoyage d&rsquo;entreprise \u00e0 Siviriez<\/a><\/li>\n<li class=\"page_item page-item-441\"><a href=\"https:\/\/www.artisanlocal.ch\/c\/service-de-nettoyage-pour-domicile-et-local-dentreprise-a-chexbres\/\">Service de nettoyage pour domicile et local d&rsquo;entreprise \u00e0 Chexbres<\/a><\/li>\n<li class=\"page_item page-item-417\"><a href=\"https:\/\/www.artisanlocal.ch\/c\/service-de-nettoyage-pour-habitation-et-bureau-dentreprise-a-conthey\/\">Service de nettoyage pour habitation et bureau d&rsquo;entreprise \u00e0 Conthey<\/a><\/li>\n<li class=\"page_item page-item-407\"><a href=\"https:\/\/www.artisanlocal.ch\/c\/service-de-nettoyage-pour-habitation-et-local-dentreprise-a-moudon\/\">Service de nettoyage pour habitation et local d&rsquo;entreprise \u00e0 Moudon<\/a><\/li>\n<li class=\"page_item page-item-405\"><a href=\"https:\/\/www.artisanlocal.ch\/c\/service-de-nettoyage-professionnel-pour-domicile-et-bureau-a-lausanne\/\">Service de nettoyage professionnel pour domicile et bureau \u00e0 Lausanne<\/a><\/li>\n<li class=\"page_item page-item-409\"><a href=\"https:\/\/www.artisanlocal.ch\/c\/service-de-nettoyage-professionnel-pour-logement-et-bureau-a-orbe\/\">Service de nettoyage professionnel pour logement et bureau \u00e0 Orbe<\/a><\/li>\n<li class=\"page_item page-item-892\"><a href=\"https:\/\/www.artisanlocal.ch\/c\/simplifiez-votre-demenagement-a-courtelary\/\">Simplifiez votre d\u00e9m\u00e9nagement \u00e0 Courtelary<\/a><\/li>\n<li class=\"page_item page-item-908\"><a href=\"https:\/\/www.artisanlocal.ch\/c\/simplifiez-votre-demenagement-a-gland\/\">Simplifiez votre d\u00e9m\u00e9nagement \u00e0 Gland<\/a><\/li>\n<li class=\"page_item page-item-876\"><a href=\"https:\/\/www.artisanlocal.ch\/c\/simplifiez-votre-demenagement-a-lausanne\/\">Simplifiez votre d\u00e9m\u00e9nagement \u00e0 Lausanne<\/a><\/li>\n<li class=\"page_item page-item-863\"><a href=\"https:\/\/www.artisanlocal.ch\/c\/simplifiez-votre-demenagement-a-romont\/\">Simplifiez votre d\u00e9m\u00e9nagement \u00e0 Romont FR<\/a><\/li>\n<li class=\"page_item page-item-913\"><a href=\"https:\/\/www.artisanlocal.ch\/c\/simplifiez-votre-demenagement-a-saxon\/\">Simplifiez votre d\u00e9m\u00e9nagement \u00e0 Saxon<\/a><\/li>\n<li class=\"page_item page-item-2895\"><a href=\"https:\/\/www.artisanlocal.ch\/c\/societe-paysagiste-a-aigle\/\">Soci\u00e9t\u00e9 Paysagiste \u00e0 Aigle<\/a><\/li>\n<li class=\"page_item page-item-2950\"><a href=\"https:\/\/www.artisanlocal.ch\/c\/societe-paysagiste-a-bienne\/\">Soci\u00e9t\u00e9 Paysagiste \u00e0 Biel\/Bienne<\/a><\/li>\n<li class=\"page_item page-item-2918\"><a href=\"https:\/\/www.artisanlocal.ch\/c\/societe-paysagiste-a-boudry\/\">Soci\u00e9t\u00e9 Paysagiste \u00e0 Boudry<\/a><\/li>\n<li class=\"page_item page-item-2886\"><a href=\"https:\/\/www.artisanlocal.ch\/c\/societe-paysagiste-a-bulle\/\">Soci\u00e9t\u00e9 Paysagiste \u00e0 Bulle<\/a><\/li>\n<li class=\"page_item page-item-2894\"><a href=\"https:\/\/www.artisanlocal.ch\/c\/societe-paysagiste-a-le-locle\/\">Soci\u00e9t\u00e9 Paysagiste \u00e0 Le Locle<\/a><\/li>\n<li class=\"page_item page-item-2927\"><a href=\"https:\/\/www.artisanlocal.ch\/c\/societe-paysagiste-a-penthalaz\/\">Soci\u00e9t\u00e9 Paysagiste \u00e0 Penthalaz<\/a><\/li>\n<li class=\"page_item page-item-2888\"><a href=\"https:\/\/www.artisanlocal.ch\/c\/societe-paysagiste-a-romont\/\">Soci\u00e9t\u00e9 Paysagiste \u00e0 Romont FR<\/a><\/li>\n<li class=\"page_item page-item-2919\"><a href=\"https:\/\/www.artisanlocal.ch\/c\/societe-paysagiste-a-st-blaise\/\">Soci\u00e9t\u00e9 Paysagiste \u00e0 St-Blaise<\/a><\/li>\n<li class=\"page_item page-item-2912\"><a href=\"https:\/\/www.artisanlocal.ch\/c\/societe-paysagiste-a-st-maurice\/\">Soci\u00e9t\u00e9 Paysagiste \u00e0 St-Maurice<\/a><\/li>\n<li class=\"page_item page-item-2885\"><a href=\"https:\/\/www.artisanlocal.ch\/c\/societe-paysagiste-a-vuadens\/\">Soci\u00e9t\u00e9 Paysagiste \u00e0 Vuadens<\/a><\/li>\n<li class=\"page_item page-item-601\"><a href=\"https:\/\/www.artisanlocal.ch\/c\/societe-specialisee-dans-la-pose-de-carreaux-a-chavornay\/\">Soci\u00e9t\u00e9 sp\u00e9cialis\u00e9e dans la pose de carreaux \u00e0 Chavornay ?<\/a><\/li>\n<li class=\"page_item page-item-614\"><a href=\"https:\/\/www.artisanlocal.ch\/c\/societe-specialisee-dans-la-pose-de-carreaux-a-mezieres\/\">Soci\u00e9t\u00e9 sp\u00e9cialis\u00e9e dans la pose de carreaux \u00e0 M\u00e9zi\u00e8res VD ?<\/a><\/li>\n<li class=\"page_item page-item-594\"><a href=\"https:\/\/www.artisanlocal.ch\/c\/societe-specialisee-dans-la-pose-de-carreaux-a-penthalaz\/\">Soci\u00e9t\u00e9 sp\u00e9cialis\u00e9e dans la pose de carreaux \u00e0 Penthalaz ?<\/a><\/li>\n<li class=\"page_item page-item-605\"><a href=\"https:\/\/www.artisanlocal.ch\/c\/societe-specialisee-dans-la-pose-de-carreaux-a-saxon\/\">Soci\u00e9t\u00e9 sp\u00e9cialis\u00e9e dans la pose de carreaux \u00e0 Saxon ?<\/a><\/li>\n<li class=\"page_item page-item-623\"><a href=\"https:\/\/www.artisanlocal.ch\/c\/societe-specialisee-dans-la-pose-de-carreaux-dans-le-canton-de-fribourg\/\">Soci\u00e9t\u00e9 sp\u00e9cialis\u00e9e dans la pose de carreaux dans le canton de Fribourg ?<\/a><\/li>\n<li class=\"page_item page-item-616\"><a href=\"https:\/\/www.artisanlocal.ch\/c\/societe-specialisee-dans-la-pose-de-carrelage-a-mont-sur-lausanne\/\">Soci\u00e9t\u00e9 sp\u00e9cialis\u00e9e dans la pose de carrelage \u00e0 Le Mont-sur-Lausanne ?<\/a><\/li>\n<li class=\"page_item page-item-613\"><a href=\"https:\/\/www.artisanlocal.ch\/c\/societe-specialisee-dans-la-pose-de-carrelage-a-renens\/\">Soci\u00e9t\u00e9 sp\u00e9cialis\u00e9e dans la pose de carrelage \u00e0 Renens VD ?<\/a><\/li>\n<li class=\"page_item page-item-587\"><a href=\"https:\/\/www.artisanlocal.ch\/c\/societe-specialisee-dans-la-pose-de-carrelage-a-ste-croix\/\">Soci\u00e9t\u00e9 sp\u00e9cialis\u00e9e dans la pose de carrelage \u00e0 Ste-Croix ?<\/a><\/li>\n<li class=\"page_item page-item-624\"><a href=\"https:\/\/www.artisanlocal.ch\/c\/societe-specialisee-dans-la-pose-de-carrelage-dans-le-canton-du-jura\/\">Soci\u00e9t\u00e9 sp\u00e9cialis\u00e9e dans la pose de carrelage dans le canton du Jura ?<\/a><\/li>\n<li class=\"page_item page-item-3009\"><a href=\"https:\/\/www.artisanlocal.ch\/c\/stores-et-fermetures-a-chatel-st-denis\/\">Stores et fermetures \u00e0 Ch\u00e2tel-St-Denis<\/a><\/li>\n<li class=\"page_item page-item-3037\"><a href=\"https:\/\/www.artisanlocal.ch\/c\/stores-et-fermetures-a-crissier\/\">Stores et fermetures \u00e0 Crissier<\/a><\/li>\n<li class=\"page_item page-item-3039\"><a href=\"https:\/\/www.artisanlocal.ch\/c\/stores-et-fermetures-a-estavayer-le-lac\/\">Stores et fermetures \u00e0 Estavayer-le-lac<\/a><\/li>\n<li class=\"page_item page-item-3006\"><a href=\"https:\/\/www.artisanlocal.ch\/c\/stores-et-fermetures-a-monthey\/\">Stores et fermetures \u00e0 Monthey<\/a><\/li>\n<li class=\"page_item page-item-3049\"><a href=\"https:\/\/www.artisanlocal.ch\/c\/stores-et-fermetures-a-porrentruy\/\">Stores et fermetures \u00e0 Porrentruy<\/a><\/li>\n<li class=\"page_item page-item-3030\"><a href=\"https:\/\/www.artisanlocal.ch\/c\/stores-et-fermetures-a-savigny\/\">Stores et fermetures \u00e0 Savigny<\/a><\/li>\n<li class=\"page_item page-item-2982\"><a href=\"https:\/\/www.artisanlocal.ch\/c\/stores-et-fermetures-a-siviriez\/\">Stores et fermetures \u00e0 Siviriez<\/a><\/li>\n<li class=\"page_item page-item-3003\"><a href=\"https:\/\/www.artisanlocal.ch\/c\/stores-et-fermetures-a-vevey\/\">Stores et fermetures \u00e0 Vevey<\/a><\/li>\n<li class=\"page_item page-item-2980\"><a href=\"https:\/\/www.artisanlocal.ch\/c\/stores-et-fermetures-a-vuadens\/\">Stores et fermetures \u00e0 Vuadens<\/a><\/li>\n<li class=\"page_item page-item-3051\"><a href=\"https:\/\/www.artisanlocal.ch\/c\/stores-et-fermetures-dans-le-canton-de-fribourg\/\">Stores et fermetures dans le canton de Fribourg<\/a><\/li>\n<li class=\"page_item page-item-3055\"><a href=\"https:\/\/www.artisanlocal.ch\/c\/stores-et-fermetures-dans-le-canton-de-vaud\/\">Stores et fermetures dans le canton de Vaud<\/a><\/li>\n<li class=\"page_item page-item-2994\"><a href=\"https:\/\/www.artisanlocal.ch\/c\/confiez-la-mise-en-place-de-votre-store-a-un-professionnel-experimente-a-cossonay-ville\/\">Storiste \u00e0 Cossonay-Ville<\/a><\/li>\n<li class=\"page_item page-item-3047\"><a href=\"https:\/\/www.artisanlocal.ch\/c\/confiez-linstallation-de-votre-store-a-un-professionnel-qualifie-a-delemont\/\">Storiste \u00e0 Del\u00e9mont<\/a><\/li>\n<li class=\"page_item page-item-2995\"><a href=\"https:\/\/www.artisanlocal.ch\/c\/votre-specialiste-fermetures-et-stores-sur-mesure-a-echallens\/\">Storiste \u00e0 Echallens<\/a><\/li>\n<li class=\"page_item page-item-3004\"><a href=\"https:\/\/www.artisanlocal.ch\/c\/confiez-linstallation-de-votre-store-a-un-professionnel-qualifie-a-yverdon\/\">Storiste \u00e0 Yverdon-les-Bains<\/a><\/li>\n<li class=\"page_item page-item-736\"><a href=\"https:\/\/www.artisanlocal.ch\/c\/trouver-le-meilleur-peintre-dans-le-canton-de-geneve\/\">Trouver le meilleur peintre dans le canton de Gen\u00e8ve<\/a><\/li>\n<li class=\"page_item page-item-1014\"><a href=\"https:\/\/www.artisanlocal.ch\/c\/vos-experts-en-plomberie-a-chexbres\/\">Vos experts en plomberie \u00e0 Chexbres<\/a><\/li>\n<li class=\"page_item page-item-1033\"><a href=\"https:\/\/www.artisanlocal.ch\/c\/vos-experts-en-plomberie-a-fribourg-2\/\">Vos experts en plomberie \u00e0 Fribourg<\/a><\/li>\n<li class=\"page_item page-item-1017\"><a href=\"https:\/\/www.artisanlocal.ch\/c\/vos-experts-en-plomberie-a-romanel-sur-lausanne\/\">Vos experts en plomberie \u00e0 Romanel-sur-Lausanne<\/a><\/li>\n<li class=\"page_item page-item-965\"><a href=\"https:\/\/www.artisanlocal.ch\/c\/vos-experts-en-plomberie-a-romont\/\">Vos experts en plomberie \u00e0 Romont FR<\/a><\/li>\n<li class=\"page_item page-item-1012\"><a href=\"https:\/\/www.artisanlocal.ch\/c\/vos-experts-en-plomberie-a-savigny\/\">Vos experts en plomberie \u00e0 Savigny<\/a><\/li>\n<li class=\"page_item page-item-967\"><a href=\"https:\/\/www.artisanlocal.ch\/c\/vos-experts-en-plomberie-a-villars-sur-glane\/\">Vos experts en plomberie \u00e0 Villars-sur-Gl\u00e2ne<\/a><\/li>\n<li class=\"page_item page-item-1002\"><a href=\"https:\/\/www.artisanlocal.ch\/c\/vos-experts-en-plomberie-a-villeneuve\/\">Vos experts en plomberie \u00e0 Villeneuve VD<\/a><\/li>\n<li class=\"page_item page-item-2986\"><a href=\"https:\/\/www.artisanlocal.ch\/c\/vos-stores-fenetres-et-fermetures-a-attalens\/\">Vos stores, fen\u00eatres, et fermetures \u00e0 Attalens<\/a><\/li>\n<li class=\"page_item page-item-2979\"><a href=\"https:\/\/www.artisanlocal.ch\/c\/vos-stores-fenetres-et-fermetures-a-broc\/\">Vos stores, fen\u00eatres, et fermetures \u00e0 Broc<\/a><\/li>\n<li class=\"page_item page-item-2981\"><a href=\"https:\/\/www.artisanlocal.ch\/c\/vos-stores-fenetres-et-fermetures-a-bulle\/\">Vos stores, fen\u00eatres, et fermetures \u00e0 Bulle<\/a><\/li>\n<li class=\"page_item page-item-3008\"><a href=\"https:\/\/www.artisanlocal.ch\/c\/vos-stores-fenetres-et-fermetures-a-conthey\/\">Vos stores, fen\u00eatres, et fermetures \u00e0 Conthey<\/a><\/li>\n<li class=\"page_item page-item-2993\"><a href=\"https:\/\/www.artisanlocal.ch\/c\/vos-stores-fenetres-et-fermetures-a-coppet\/\">Vos stores, fen\u00eatres, et fermetures \u00e0 Coppet<\/a><\/li>\n<li class=\"page_item page-item-3018\"><a href=\"https:\/\/www.artisanlocal.ch\/c\/vos-stores-fenetres-et-fermetures-a-meyrin\/\">Vos stores, fen\u00eatres, et fermetures \u00e0 Meyrin<\/a><\/li>\n<li class=\"page_item page-item-3002\"><a href=\"https:\/\/www.artisanlocal.ch\/c\/vos-stores-fenetres-et-fermetures-a-rolle\/\">Vos stores, fen\u00eatres, et fermetures \u00e0 Rolle<\/a><\/li>\n<li class=\"page_item page-item-3019\"><a href=\"https:\/\/www.artisanlocal.ch\/c\/vos-stores-fermetures-et-fenetres-a-carouge\/\">Vos stores, fermetures, et fen\u00eatres \u00e0 Carouge GE<\/a><\/li>\n<li class=\"page_item page-item-3029\"><a href=\"https:\/\/www.artisanlocal.ch\/c\/vos-stores-fermetures-et-fenetres-a-chavornay\/\">Vos stores, fermetures, et fen\u00eatres \u00e0 Chavornay<\/a><\/li>\n<li class=\"page_item page-item-3012\"><a href=\"https:\/\/www.artisanlocal.ch\/c\/vos-stores-fermetures-et-fenetres-a-courtelary\/\">Vos stores, fermetures, et fen\u00eatres \u00e0 Courtelary<\/a><\/li>\n<li class=\"page_item page-item-3038\"><a href=\"https:\/\/www.artisanlocal.ch\/c\/vos-stores-fermetures-et-fenetres-a-forel\/\">Vos stores, fermetures, et fen\u00eatres \u00e0 Forel (Lavaux)<\/a><\/li>\n<li class=\"page_item page-item-3041\"><a href=\"https:\/\/www.artisanlocal.ch\/c\/vos-stores-fermetures-et-fenetres-a-renens\/\">Vos stores, fermetures, et fen\u00eatres \u00e0 Renens VD<\/a><\/li>\n<li class=\"page_item page-item-3035\"><a href=\"https:\/\/www.artisanlocal.ch\/c\/vos-stores-fermetures-et-fenetres-a-romanel-sur-lausanne\/\">Vos stores, fermetures, et fen\u00eatres \u00e0 Romanel-sur-Lausanne<\/a><\/li>\n<li class=\"page_item page-item-3014\"><a href=\"https:\/\/www.artisanlocal.ch\/c\/vos-stores-fermetures-et-fenetres-a-st-blaise\/\">Vos stores, fermetures, et fen\u00eatres \u00e0 St-Blaise<\/a><\/li>\n<li class=\"page_item page-item-2985\"><a href=\"https:\/\/www.artisanlocal.ch\/c\/vos-stores-fermetures-et-fenetres-a-villars-sur-glane\/\">Vos stores, fermetures, et fen\u00eatres \u00e0 Villars-sur-Gl\u00e2ne<\/a><\/li>\n<li class=\"page_item page-item-912\"><a href=\"https:\/\/www.artisanlocal.ch\/c\/votre-demenageur-a-chexbres\/\">Votre d\u00e9m\u00e9nageur \u00e0 Chexbres<\/a><\/li>\n<li class=\"page_item page-item-874\"><a href=\"https:\/\/www.artisanlocal.ch\/c\/votre-demenageur-a-cossonay-ville\/\">Votre d\u00e9m\u00e9nageur \u00e0 Cossonay-Ville<\/a><\/li>\n<li class=\"page_item page-item-928\"><a href=\"https:\/\/www.artisanlocal.ch\/c\/votre-demenageur-a-ecublens\/\">Votre d\u00e9m\u00e9nageur \u00e0 Ecublens VD<\/a><\/li>\n<li class=\"page_item page-item-916\"><a href=\"https:\/\/www.artisanlocal.ch\/c\/votre-demenageur-a-lutry\/\">Votre d\u00e9m\u00e9nageur \u00e0 Lutry<\/a><\/li>\n<li class=\"page_item page-item-886\"><a href=\"https:\/\/www.artisanlocal.ch\/c\/votre-demenageur-a-monthey\/\">Votre d\u00e9m\u00e9nageur \u00e0 Monthey<\/a><\/li>\n<li class=\"page_item page-item-923\"><a href=\"https:\/\/www.artisanlocal.ch\/c\/votre-demenageur-a-montreux\/\">Votre d\u00e9m\u00e9nageur \u00e0 Montreux<\/a><\/li>\n<li class=\"page_item page-item-878\"><a href=\"https:\/\/www.artisanlocal.ch\/c\/votre-demenageur-a-moudon\/\">Votre d\u00e9m\u00e9nageur \u00e0 Moudon<\/a><\/li>\n<li class=\"page_item page-item-880\"><a href=\"https:\/\/www.artisanlocal.ch\/c\/votre-demenageur-a-orbe\/\">Votre d\u00e9m\u00e9nageur \u00e0 Orbe<\/a><\/li>\n<li class=\"page_item page-item-902\"><a href=\"https:\/\/www.artisanlocal.ch\/c\/votre-demenageur-a-penthalaz\/\">Votre d\u00e9m\u00e9nageur \u00e0 Penthalaz<\/a><\/li>\n<li class=\"page_item page-item-905\"><a href=\"https:\/\/www.artisanlocal.ch\/c\/votre-demenageur-a-pully\/\">Votre d\u00e9m\u00e9nageur \u00e0 Pully<\/a><\/li>\n<li class=\"page_item page-item-930\"><a href=\"https:\/\/www.artisanlocal.ch\/c\/votre-demenageur-a-sierre\/\">Votre d\u00e9m\u00e9nageur \u00e0 Sierre<\/a><\/li>\n<li class=\"page_item page-item-862\"><a href=\"https:\/\/www.artisanlocal.ch\/c\/votre-demenageur-a-siviriez\/\">Votre d\u00e9m\u00e9nageur \u00e0 Siviriez<\/a><\/li>\n<li class=\"page_item page-item-860\"><a href=\"https:\/\/www.artisanlocal.ch\/c\/votre-demenageur-a-vuadens\/\">Votre d\u00e9m\u00e9nageur \u00e0 Vuadens<\/a><\/li>\n<li class=\"page_item page-item-890\"><a href=\"https:\/\/www.artisanlocal.ch\/c\/votre-demenageur-a-canton-de-geneve\/\">Votre d\u00e9m\u00e9nageur dans le canton de Gen\u00e8ve<\/a><\/li>\n<li class=\"page_item page-item-935\"><a href=\"https:\/\/www.artisanlocal.ch\/c\/votre-demenageur-a-canton-de-vaud\/\">Votre d\u00e9m\u00e9nageur dans le canton de Vaud<\/a><\/li>\n<li class=\"page_item page-item-3045\"><a href=\"https:\/\/www.artisanlocal.ch\/c\/votre-expert-du-store-et-des-enseignes-a-bienne\/\">Votre expert du store et des enseignes \u00e0 Biel\/Bienne<\/a><\/li>\n<li class=\"page_item page-item-3013\"><a href=\"https:\/\/www.artisanlocal.ch\/c\/votre-expert-du-store-et-des-enseignes-a-boudry\/\">Votre expert du store et des enseignes \u00e0 Boudry<\/a><\/li>\n<li class=\"page_item page-item-3027\"><a href=\"https:\/\/www.artisanlocal.ch\/c\/votre-expert-du-store-et-des-enseignes-a-bussigny-pres-lausanne\/\">Votre expert du store et des enseignes \u00e0 Bussigny<\/a><\/li>\n<li class=\"page_item page-item-3046\"><a href=\"https:\/\/www.artisanlocal.ch\/c\/votre-expert-du-store-et-des-enseignes-a-cheseaux-sur-lausanne\/\">Votre expert du store et des enseignes \u00e0 Cheseaux-sur-Lausanne<\/a><\/li>\n<li class=\"page_item page-item-3024\"><a href=\"https:\/\/www.artisanlocal.ch\/c\/votre-expert-du-store-et-des-enseignes-a-epalinges\/\">Votre expert du store et des enseignes \u00e0 Epalinges<\/a><\/li>\n<li class=\"page_item page-item-3031\"><a href=\"https:\/\/www.artisanlocal.ch\/c\/votre-expert-du-store-et-des-enseignes-a-fetigny\/\">Votre expert du store et des enseignes \u00e0 F\u00e9tigny<\/a><\/li>\n<li class=\"page_item page-item-3023\"><a href=\"https:\/\/www.artisanlocal.ch\/c\/votre-expert-du-store-et-des-enseignes-a-grandson\/\">Votre expert du store et des enseignes \u00e0 Grandson<\/a><\/li>\n<li class=\"page_item page-item-2997\"><a href=\"https:\/\/www.artisanlocal.ch\/c\/votre-expert-du-store-et-des-enseignes-a-morges\/\">Votre expert du store et des enseignes \u00e0 Morges<\/a><\/li>\n<li class=\"page_item page-item-2999\"><a href=\"https:\/\/www.artisanlocal.ch\/c\/votre-expert-du-store-et-des-enseignes-a-nyon\/\">Votre expert du store et des enseignes \u00e0 Nyon<\/a><\/li>\n<li class=\"page_item page-item-3000\"><a href=\"https:\/\/www.artisanlocal.ch\/c\/votre-expert-du-store-et-des-enseignes-a-orbe\/\">Votre expert du store et des enseignes \u00e0 Orbe<\/a><\/li>\n<li class=\"page_item page-item-3016\"><a href=\"https:\/\/www.artisanlocal.ch\/c\/votre-expert-du-store-et-des-enseignes-a-payerne\/\">Votre expert du store et des enseignes \u00e0 Payerne<\/a><\/li>\n<li class=\"page_item page-item-3022\"><a href=\"https:\/\/www.artisanlocal.ch\/c\/votre-expert-du-store-et-des-enseignes-a-penthalaz\/\">Votre expert du store et des enseignes \u00e0 Penthalaz<\/a><\/li>\n<li class=\"page_item page-item-3050\"><a href=\"https:\/\/www.artisanlocal.ch\/c\/votre-expert-du-store-et-des-enseignes-a-sierre\/\">Votre expert du store et des enseignes \u00e0 Sierre<\/a><\/li>\n<li class=\"page_item page-item-3017\"><a href=\"https:\/\/www.artisanlocal.ch\/c\/votre-expert-du-store-et-des-enseignes-a-sion\/\">Votre expert du store et des enseignes \u00e0 Sion<\/a><\/li>\n<li class=\"page_item page-item-3015\"><a href=\"https:\/\/www.artisanlocal.ch\/c\/votre-expert-du-store-et-des-enseignes-a-ste-croix\/\">Votre expert du store et des enseignes \u00e0 Ste-Croix<\/a><\/li>\n<li class=\"page_item page-item-3010\"><a href=\"https:\/\/www.artisanlocal.ch\/c\/votre-expert-du-store-et-des-enseignes-dans-le-canton-de-geneve\/\">Votre expert du store et des enseignes dans le canton de Gen\u00e8ve<\/a><\/li>\n<li class=\"page_item page-item-3054\"><a href=\"https:\/\/www.artisanlocal.ch\/c\/votre-expert-du-store-et-des-enseignes-dans-le-canton-du-valais\/\">Votre expert du store et des enseignes dans le canton du Valais<\/a><\/li>\n<li class=\"page_item page-item-2989\"><a href=\"https:\/\/www.artisanlocal.ch\/c\/votre-specialiste-fermetures-et-stores-sur-mesure-a-le-locle\/\">Votre sp\u00e9cialiste fermetures et stores sur mesure \u00e0 Le Locle<\/a><\/li>\n<li class=\"page_item page-item-3025\"><a href=\"https:\/\/www.artisanlocal.ch\/c\/votre-specialiste-fermetures-et-stores-sur-mesure-a-pully\/\">Votre sp\u00e9cialiste fermetures et stores sur mesure \u00e0 Pully<\/a><\/li>\n<li class=\"page_item page-item-3007\"><a href=\"https:\/\/www.artisanlocal.ch\/c\/votre-specialiste-fermetures-et-stores-sur-mesure-a-st-maurice\/\">Votre sp\u00e9cialiste fermetures et stores sur mesure \u00e0 St-Maurice<\/a><\/li>\n<li class=\"page_item page-item-2984\"><a href=\"https:\/\/www.artisanlocal.ch\/c\/votre-specialiste-stores-et-fermetures-sur-mesure-a-fribourg\/\">Votre sp\u00e9cialiste stores et fermetures sur mesure \u00e0 Fribourg<\/a><\/li>\n<li class=\"page_item page-item-3042\"><a href=\"https:\/\/www.artisanlocal.ch\/c\/votre-specialiste-stores-et-fermetures-sur-mesure-a-mezieres\/\">Votre sp\u00e9cialiste stores et fermetures sur mesure \u00e0 M\u00e9zi\u00e8res VD<\/a><\/li>\n<li class=\"page_item page-item-3043\"><a href=\"https:\/\/www.artisanlocal.ch\/c\/votre-specialiste-stores-et-fermetures-sur-mesure-a-montreux\/\">Votre sp\u00e9cialiste stores et fermetures sur mesure \u00e0 Montreux<\/a><\/li>\n<li class=\"page_item page-item-649\"><a href=\"https:\/\/www.artisanlocal.ch\/c\/vous-avez-besoin-dun-chauffagiste-a-orbe\/\">Vous avez besoin d&rsquo;un chauffagiste \u00e0 Orbe ?<\/a><\/li>\n<li class=\"page_item page-item-666\"><a href=\"https:\/\/www.artisanlocal.ch\/c\/vous-avez-besoin-dun-chauffagiste-a-sion\/\">Vous avez besoin d&rsquo;un chauffagiste \u00e0 Sion ?<\/a><\/li>\n<li class=\"page_item page-item-629\"><a href=\"https:\/\/www.artisanlocal.ch\/c\/vous-avez-besoin-dun-chauffagiste-a-vuadens\/\">Vous avez besoin d&rsquo;un chauffagiste \u00e0 Vuadens ?<\/a><\/li>\n<li class=\"page_item page-item-687\"><a href=\"https:\/\/www.artisanlocal.ch\/c\/vous-avez-besoin-dun-depannage-en-urgence-de-votre-chauffage-a-forel\/\">Vous avez besoin d&rsquo;un d\u00e9pannage en urgence de votre chauffage \u00e0 Forel (Lavaux) ?<\/a><\/li>\n<li class=\"page_item page-item-677\"><a href=\"https:\/\/www.artisanlocal.ch\/c\/vous-avez-besoin-dun-depannage-en-urgence-de-votre-chauffage-a-gland\/\">Vous avez besoin d&rsquo;un d\u00e9pannage en urgence de votre chauffage \u00e0 Gland ?<\/a><\/li>\n<li class=\"page_item page-item-679\"><a href=\"https:\/\/www.artisanlocal.ch\/c\/vous-avez-besoin-dun-depannage-en-urgence-de-votre-chauffage-a-savigny\/\">Vous avez besoin d&rsquo;un d\u00e9pannage en urgence de votre chauffage \u00e0 Savigny ?<\/a><\/li>\n<li class=\"page_item page-item-704\"><a href=\"https:\/\/www.artisanlocal.ch\/c\/vous-avez-besoin-dun-depannage-en-urgence-de-votre-chauffage-dans-le-canton-de-vaud\/\">Vous avez besoin d&rsquo;un d\u00e9pannage en urgence de votre chauffage dans le canton de Vaud ?<\/a><\/li>\n<li class=\"page_item page-item-596\"><a href=\"https:\/\/www.artisanlocal.ch\/c\/vous-avez-besoin-dun-expert-de-la-pose-de-carrelage-a-epalinges\/\">Vous avez besoin d&rsquo;un expert de la pose de carrelage \u00e0 Epalinges ?<\/a><\/li>\n<li class=\"page_item page-item-618\"><a href=\"https:\/\/www.artisanlocal.ch\/c\/vous-avez-besoin-dun-specialiste-de-la-pose-de-carrelage-a-cheseaux-sur-lausanne\/\">Vous avez besoin d&rsquo;un sp\u00e9cialiste de la pose de carrelage \u00e0 Cheseaux-sur-Lausanne ?<\/a><\/li>\n<li class=\"page_item page-item-580\"><a href=\"https:\/\/www.artisanlocal.ch\/c\/vous-avez-besoin-dun-specialiste-de-la-pose-de-carrelage-a-conthey\/\">Vous avez besoin d&rsquo;un sp\u00e9cialiste de la pose de carrelage \u00e0 Conthey ?<\/a><\/li>\n<li class=\"page_item page-item-592\"><a href=\"https:\/\/www.artisanlocal.ch\/c\/vous-avez-besoin-dun-specialiste-pour-linstallation-de-votre-carrelage-a-villeneuve\/\">Vous avez besoin d&rsquo;un sp\u00e9cialiste pour l&rsquo;installation de votre carrelage \u00e0 Villeneuve VD ?<\/a><\/li>\n<\/ul>\n","protected":false},"excerpt":{"rendered":"","protected":false},"author":4,"featured_media":0,"parent":0,"menu_order":0,"comment_status":"closed","ping_status":"closed","template":"page-simple","meta":{"footnotes":""},"profession":[],"location":[],"canton":[],"class_list":["post-39","page","type-page","status-publish","hentry"],"yoast_head":"<!-- This site is optimized with the Yoast SEO Premium plugin v25.7.1 (Yoast SEO v27.4) - https:\/\/yoast.com\/product\/yoast-seo-premium-wordpress\/ -->\n<title>Plan du site - Artisanlocal<\/title>\n<meta name=\"robots\" content=\"index, follow, max-snippet:-1, max-image-preview:large, max-video-preview:-1\" \/>\n<link rel=\"canonical\" href=\"https:\/\/www.artisanlocal.ch\/c\/plan-du-site\/\" \/>\n<meta property=\"og:locale\" content=\"fr_FR\" \/>\n<meta property=\"og:type\" content=\"article\" \/>\n<meta property=\"og:title\" content=\"Plan du site\" \/>\n<meta property=\"og:url\" content=\"https:\/\/www.artisanlocal.ch\/c\/plan-du-site\/\" \/>\n<meta property=\"og:site_name\" content=\"Artisanlocal\" \/>\n<meta property=\"article:modified_time\" content=\"2025-06-02T16:00:57+00:00\" \/>\n<meta name=\"twitter:card\" content=\"summary_large_image\" \/>\n<meta name=\"twitter:label1\" content=\"Dur\u00e9e de lecture estim\u00e9e\" \/>\n\t<meta name=\"twitter:data1\" content=\"1 minute\" \/>\n<script type=\"application\/ld+json\" class=\"yoast-schema-graph\">{\"@context\":\"https:\\\/\\\/schema.org\",\"@graph\":[{\"@type\":\"WebPage\",\"@id\":\"https:\\\/\\\/www.artisanlocal.ch\\\/c\\\/plan-du-site\\\/\",\"url\":\"https:\\\/\\\/www.artisanlocal.ch\\\/c\\\/plan-du-site\\\/\",\"name\":\"Plan du site - Artisanlocal\",\"isPartOf\":{\"@id\":\"https:\\\/\\\/www.artisanlocal.ch\\\/c\\\/#website\"},\"datePublished\":\"2024-02-21T20:51:50+00:00\",\"dateModified\":\"2025-06-02T16:00:57+00:00\",\"breadcrumb\":{\"@id\":\"https:\\\/\\\/www.artisanlocal.ch\\\/c\\\/plan-du-site\\\/#breadcrumb\"},\"inLanguage\":\"fr-FR\",\"potentialAction\":[{\"@type\":\"ReadAction\",\"target\":[\"https:\\\/\\\/www.artisanlocal.ch\\\/c\\\/plan-du-site\\\/\"]}]},{\"@type\":\"BreadcrumbList\",\"@id\":\"https:\\\/\\\/www.artisanlocal.ch\\\/c\\\/plan-du-site\\\/#breadcrumb\",\"itemListElement\":[{\"@type\":\"ListItem\",\"position\":1,\"name\":\"Accueil\",\"item\":\"https:\\\/\\\/www.artisanlocal.ch\\\/c\\\/\"},{\"@type\":\"ListItem\",\"position\":2,\"name\":\"Plan du site\"}]},{\"@type\":\"WebSite\",\"@id\":\"https:\\\/\\\/www.artisanlocal.ch\\\/c\\\/#website\",\"url\":\"https:\\\/\\\/www.artisanlocal.ch\\\/c\\\/\",\"name\":\"Artisanlocal\",\"description\":\"\",\"publisher\":{\"@id\":\"https:\\\/\\\/www.artisanlocal.ch\\\/c\\\/#organization\"},\"potentialAction\":[{\"@type\":\"SearchAction\",\"target\":{\"@type\":\"EntryPoint\",\"urlTemplate\":\"https:\\\/\\\/www.artisanlocal.ch\\\/c\\\/?s={search_term_string}\"},\"query-input\":{\"@type\":\"PropertyValueSpecification\",\"valueRequired\":true,\"valueName\":\"search_term_string\"}}],\"inLanguage\":\"fr-FR\"},{\"@type\":\"Organization\",\"@id\":\"https:\\\/\\\/www.artisanlocal.ch\\\/c\\\/#organization\",\"name\":\"Artisanlocal\",\"url\":\"https:\\\/\\\/www.artisanlocal.ch\\\/c\\\/\",\"logo\":{\"@type\":\"ImageObject\",\"inLanguage\":\"fr-FR\",\"@id\":\"https:\\\/\\\/www.artisanlocal.ch\\\/c\\\/#\\\/schema\\\/logo\\\/image\\\/\",\"url\":\"https:\\\/\\\/www.artisanlocal.ch\\\/c\\\/wp-content\\\/uploads\\\/2024\\\/02\\\/logo-artisanlocal-h.svg\",\"contentUrl\":\"https:\\\/\\\/www.artisanlocal.ch\\\/c\\\/wp-content\\\/uploads\\\/2024\\\/02\\\/logo-artisanlocal-h.svg\",\"caption\":\"Artisanlocal\"},\"image\":{\"@id\":\"https:\\\/\\\/www.artisanlocal.ch\\\/c\\\/#\\\/schema\\\/logo\\\/image\\\/\"}}]}<\/script>\n<!-- \/ Yoast SEO Premium plugin. -->","yoast_head_json":{"title":"Plan du site - Artisanlocal","robots":{"index":"index","follow":"follow","max-snippet":"max-snippet:-1","max-image-preview":"max-image-preview:large","max-video-preview":"max-video-preview:-1"},"canonical":"https:\/\/www.artisanlocal.ch\/c\/plan-du-site\/","og_locale":"fr_FR","og_type":"article","og_title":"Plan du site","og_url":"https:\/\/www.artisanlocal.ch\/c\/plan-du-site\/","og_site_name":"Artisanlocal","article_modified_time":"2025-06-02T16:00:57+00:00","twitter_card":"summary_large_image","twitter_misc":{"Dur\u00e9e de lecture estim\u00e9e":"1 minute"},"schema":{"@context":"https:\/\/schema.org","@graph":[{"@type":"WebPage","@id":"https:\/\/www.artisanlocal.ch\/c\/plan-du-site\/","url":"https:\/\/www.artisanlocal.ch\/c\/plan-du-site\/","name":"Plan du site - Artisanlocal","isPartOf":{"@id":"https:\/\/www.artisanlocal.ch\/c\/#website"},"datePublished":"2024-02-21T20:51:50+00:00","dateModified":"2025-06-02T16:00:57+00:00","breadcrumb":{"@id":"https:\/\/www.artisanlocal.ch\/c\/plan-du-site\/#breadcrumb"},"inLanguage":"fr-FR","potentialAction":[{"@type":"ReadAction","target":["https:\/\/www.artisanlocal.ch\/c\/plan-du-site\/"]}]},{"@type":"BreadcrumbList","@id":"https:\/\/www.artisanlocal.ch\/c\/plan-du-site\/#breadcrumb","itemListElement":[{"@type":"ListItem","position":1,"name":"Accueil","item":"https:\/\/www.artisanlocal.ch\/c\/"},{"@type":"ListItem","position":2,"name":"Plan du site"}]},{"@type":"WebSite","@id":"https:\/\/www.artisanlocal.ch\/c\/#website","url":"https:\/\/www.artisanlocal.ch\/c\/","name":"Artisanlocal","description":"","publisher":{"@id":"https:\/\/www.artisanlocal.ch\/c\/#organization"},"potentialAction":[{"@type":"SearchAction","target":{"@type":"EntryPoint","urlTemplate":"https:\/\/www.artisanlocal.ch\/c\/?s={search_term_string}"},"query-input":{"@type":"PropertyValueSpecification","valueRequired":true,"valueName":"search_term_string"}}],"inLanguage":"fr-FR"},{"@type":"Organization","@id":"https:\/\/www.artisanlocal.ch\/c\/#organization","name":"Artisanlocal","url":"https:\/\/www.artisanlocal.ch\/c\/","logo":{"@type":"ImageObject","inLanguage":"fr-FR","@id":"https:\/\/www.artisanlocal.ch\/c\/#\/schema\/logo\/image\/","url":"https:\/\/www.artisanlocal.ch\/c\/wp-content\/uploads\/2024\/02\/logo-artisanlocal-h.svg","contentUrl":"https:\/\/www.artisanlocal.ch\/c\/wp-content\/uploads\/2024\/02\/logo-artisanlocal-h.svg","caption":"Artisanlocal"},"image":{"@id":"https:\/\/www.artisanlocal.ch\/c\/#\/schema\/logo\/image\/"}}]}},"_links":{"self":[{"href":"https:\/\/www.artisanlocal.ch\/c\/wp-json\/wp\/v2\/pages\/39","targetHints":{"allow":["GET"]}}],"collection":[{"href":"https:\/\/www.artisanlocal.ch\/c\/wp-json\/wp\/v2\/pages"}],"about":[{"href":"https:\/\/www.artisanlocal.ch\/c\/wp-json\/wp\/v2\/types\/page"}],"author":[{"embeddable":true,"href":"https:\/\/www.artisanlocal.ch\/c\/wp-json\/wp\/v2\/users\/4"}],"replies":[{"embeddable":true,"href":"https:\/\/www.artisanlocal.ch\/c\/wp-json\/wp\/v2\/comments?post=39"}],"version-history":[{"count":0,"href":"https:\/\/www.artisanlocal.ch\/c\/wp-json\/wp\/v2\/pages\/39\/revisions"}],"wp:attachment":[{"href":"https:\/\/www.artisanlocal.ch\/c\/wp-json\/wp\/v2\/media?parent=39"}],"wp:term":[{"taxonomy":"profession","embeddable":true,"href":"https:\/\/www.artisanlocal.ch\/c\/wp-json\/wp\/v2\/profession?post=39"},{"taxonomy":"location","embeddable":true,"href":"https:\/\/www.artisanlocal.ch\/c\/wp-json\/wp\/v2\/location?post=39"},{"taxonomy":"canton","embeddable":true,"href":"https:\/\/www.artisanlocal.ch\/c\/wp-json\/wp\/v2\/canton?post=39"}],"curies":[{"name":"wp","href":"https:\/\/api.w.org\/{rel}","templated":true}]}}