{"id":457,"date":"2024-04-16T18:38:47","date_gmt":"2024-04-16T16:38:47","guid":{"rendered":"https:\/\/www.artisanlocal.ch\/c\/nettoyage-de-bureaux-et-de-domiciles-a-ecublens\/"},"modified":"2025-08-27T01:33:02","modified_gmt":"2025-08-26T23:33:02","slug":"nettoyage-de-bureaux-et-de-domiciles-a-ecublens","status":"publish","type":"page","link":"https:\/\/www.artisanlocal.ch\/c\/nettoyage-de-bureaux-et-de-domiciles-a-ecublens\/","title":{"rendered":"Nettoyage de bureaux et de domiciles \u00e0 Ecublens VD"},"content":{"rendered":"<p>Nous sommes une soci\u00e9t\u00e9 \u00e0 Ecublens VD qui offre un service de nettoyage pour les particuliers et les professionnels suisses. Notre \u00e9quipe d&rsquo;experts chevronn\u00e9s s&rsquo;engage \u00e0 r\u00e9aliser des prestations de qualit\u00e9.<\/p>\n\r\n<div class=\"box\">\r\n            <div class=\"company-info\">\r\n            <img decoding=\"async\" class=\"company-info__logo\" src=\"https:\/\/www.artisanlocal.ch\/media\/cache\/thumb\/images\/companies\/68be98810e6ea126160679.png\" alt=\"Logo\">\r\n            <h2 class=\"company-info__name\">BCM Multiservices S\u00e0rl<\/h2>\r\n            <p class=\"company-info__business\">D\u00e9m\u00e9nagement - D\u00e9barras - Nettoyage<\/p>\r\n        <\/div>\r\n        <div class=\"company-contact\">\r\n            <p class=\"company-info__address\">Chemin de Maillefer 137<\/p>\r\n                            <div class=\"links\">\r\n                                            <a class=\"btn has-accent-background-color js-phoneNumber\" href=\"tel:0789278535\" title=\"Appelez\" data-id=\"27285\" data-type=\"11\">078 927 85 35<\/a>\r\n                                                                <a class=\"btn has-accent-background-color\" href=\"https:\/\/bcm-multiservices.ch\/\" target=\"_blank\" title=\"Voir le site internet\" data-id=\"27285\" data-type=\"20\">Site internet<\/a>\r\n                                    <\/div>\r\n                    <\/div>\r\n    \r\n            \r\n<form action=\"https:\/\/www.artisanlocal.ch\/c\/wp-admin\/admin-ajax.php\" method=\"post\" class=\"form-contact\" id=\"artisan_form_contact_company_inline\">\r\n    <div><input type=\"hidden\" name=\"action\" value=\"company_contact\"><\/div>\r\n    <div><input type=\"hidden\" name=\"nonce\" value=\"70f6a4bdea\"><\/div>\r\n    <div><input type=\"hidden\" name=\"company_id\" value=\"27285\"><\/div>\r\n    <div><input type=\"hidden\" name=\"form_id\" value=\"artisan_form_contact_company_inline\"><\/div>\r\n    <div class=\"gglcptch gglcptch_v3 gglcptch_custom\"><input type=\"hidden\" id=\"g-recaptcha-response\" name=\"g-recaptcha-response\" \/><br \/><div class=\"gglcptch_error_text\">La p\u00e9riode de v\u00e9rification reCAPTCHA a expir\u00e9. Veuillez recharger la page.<\/div><\/div>    <div class=\"form-content\">\r\n        <div class=\"form-group\">\r\n            <label for=\"contact_firstName\" class=\"required\">Pr\u00e9nom<\/label>\r\n            <input type=\"text\" name=\"firstName\" class=\"form-control\" required>\r\n        <\/div>\r\n        <div class=\"form-group\">\r\n            <label for=\"contact_lastName\" class=\"required\">Nom<\/label>\r\n            <input type=\"text\" name=\"lastName\" class=\"form-control\" required>\r\n        <\/div>\r\n        <div class=\"form-group\">\r\n            <label for=\"contact_email\" class=\"required\">Email<\/label>\r\n            <input type=\"email\" name=\"email\" class=\"form-control\" required>\r\n        <\/div>\r\n        <div class=\"form-group\">\r\n            <label for=\"contact_phone\" class=\"required\">Num\u00e9ro de t\u00e9l\u00e9phone<\/label>\r\n            <input type=\"tel\" name=\"phone\" class=\"form-control\" placeholder=\"0787117165\" pattern=\"^[0-9]{10}$\" required>\r\n        <\/div>\r\n        <div class=\"form-group\">\r\n            <label for=\"contact_postalCode\" class=\"required\">Code postal et localit\u00e9<\/label>\r\n            <input type=\"text\" name=\"postalCode\" class=\"form-control\" required>\r\n        <\/div>\r\n        <div class=\"form-group\">\r\n            <label for=\"contact_address\" class=\"required\">Adresse<\/label>\r\n            <input type=\"text\" name=\"address\" class=\"form-control\" required>\r\n        <\/div>\r\n        <div class=\"full-width topic\">\r\n            <p class=\"required\">Je souhaite \u00eatre contact\u00e9 pour :<\/p>\r\n            <div class=\"form-check\">\r\n                <input type=\"radio\" name=\"topic\" value=\"D\u00e9pannage\" class=\"form-control\" required>\r\n                <label for=\"d\u00e9pannage\">D\u00e9pannage<\/label>\r\n            <\/div>\r\n            <div class=\"form-check\">\r\n                <input type=\"radio\" name=\"topic\" value=\"Entretien\" class=\"form-control\" required>\r\n                <label for=\"entretien\">Entretien<\/label>\r\n            <\/div>\r\n            <div class=\"form-check\">\r\n                <input type=\"radio\" name=\"topic\" value=\"R\u00e9novation\" class=\"form-control\" required>\r\n                <label for=\"r\u00e9novation\">R\u00e9novation<\/label>\r\n            <\/div>\r\n            <div class=\"form-check\">\r\n                <input type=\"radio\" name=\"topic\" value=\"Autre\" class=\"form-control\" required>\r\n                <label for=\"autre\">Autre<\/label>\r\n            <\/div>\r\n        <\/div>\r\n        <div class=\"form-group full-width\">\r\n            <label for=\"contact_message\">Message<\/label>\r\n            <textarea name=\"message\" rows=\"3\" class=\"form-control\"><\/textarea>\r\n        <\/div>\r\n    <\/div>\r\n    <div class=\"form-actions\">\r\n        <button class=\"wp-block-button__link has-accent-background-color\">Contacter<\/button>\r\n    <\/div>\r\n<\/form>\r\n<div class=\"form-feedback\"><\/div>    <\/div>\n<h2>Quelles sont les raisons de travailler avec notre soci\u00e9t\u00e9 ?<\/h2>\n<ul>\n<li>Il est possible de r\u00e9server un rendez-vous avec notre soci\u00e9t\u00e9 aujourd&rsquo;hui.<\/li>\n<li>Nos sp\u00e9cialistes en nettoyage sont tous familiaris\u00e9s avec les derni\u00e8res techniques.<\/li>\n<li>Nous employons des produits durables pour l&rsquo;environnement.<\/li>\n<li>Nous vous fournissons une estimation gratuite.<\/li>\n<\/ul>\n<h2>Services de m\u00e9nage \u00e0 Ecublens VD<\/h2>\n<p>Nous proposons des solutions de nettoyage pour satisfaire nos clients.<\/p>\n<p>Qu&rsquo;il s&rsquo;agisse d&rsquo;un m\u00e9nage complet, d&rsquo;un m\u00e9nage ponctuel ou d&rsquo;un service continu, nous pouvons \u00e9tablir des solutions sur mesure, voici les interventions que nous effectuons le plus souvent \u00e0 Ecublens VD, vous pouvez profiter :<\/p>\n<ul>\n<li>D&rsquo;un m\u00e9nage complet avant emm\u00e9nagement\/apr\u00e8s d\u00e9m\u00e9nagement pour les habitants.<\/li>\n<li>D&rsquo;une solution de m\u00e9nage, si vous \u00eates h\u00f4tes Airbnb.<\/li>\n<li>D&rsquo;un service d&rsquo;entretien pour le nettoyage de bureaux et locaux commerciaux.<\/li>\n<li>D&rsquo;un service de nettoyage apr\u00e8s une r\u00e9novation de maison.<\/li>\n<\/ul>\n<h2>Quelles sont les prestations d&rsquo;entretien d&rsquo;artisanlocal\u202f?<\/h2>\n<ul>\n<li>Services de m\u00e9nage pour les locations temporaires,<\/li>\n<li>service de nettoyage et de m\u00e9nage de studios,<\/li>\n<li>entretien des \u00e9quipements m\u00e9nagers,<\/li>\n<li>nettoyage de terrasse,<\/li>\n<li>nettoyage de sous-sols,<\/li>\n<li>d\u00e9sinfection des surfaces pour lutter contre les virus comme la Covid,<\/li>\n<li> lavage de la vaisselle,<\/li>\n<li>nettoyage des salles de sports,<\/li>\n<li>lavage des sols,<\/li>\n<li>nettoyage sanitaire en milieu hospitalier,<\/li>\n<li>nettoyage apr\u00e8s un changement de logement,<\/li>\n<li>nettoyage de bureaux,<\/li>\n<li>nettoyage apr\u00e8s des travaux,<\/li>\n<li>entretien de salles de bains,<\/li>\n<li>nettoyage des commerces locaux,<\/li>\n<li>service de nettoyage des \u00e9tablissements p\u00e9dagogiques,<\/li>\n<li>nettoyage des fen\u00eatres.<\/li>\n<\/ul>\n<h2>Une soci\u00e9t\u00e9 de confiance en Suisse<\/h2>\n<h3>M\u00e9nage d&rsquo;int\u00e9rieur pour appartement \u00e0 Ecublens VD<\/h3>\n<p>Nous r\u00e9alisons le nettoyage des appartements \u00e0 Ecublens VD, par exemple, nous pouvons nettoyer l&rsquo;int\u00e9rieur de votre appartement, en amont de la remise des cl\u00e9s en fin de bail.<\/p>\n<p>Il faut savoir que si le nettoyage int\u00e9rieur de l&rsquo;appartement n&rsquo;est pas effectu\u00e9 de fa\u00e7on convenable, le propri\u00e9taire est autoris\u00e9 \u00e0 faire appel \u00e0 une soci\u00e9t\u00e9 priv\u00e9e de service de nettoyage et garder une partie de votre d\u00e9p\u00f4t de garantie.<\/p>\n<p>Les services de m\u00e9nage pour l&rsquo;\u00e9tat des lieux comprennent :<\/p>\n<p>&#8211; L&rsquo;entretien des surfaces : murs, sols, moquettes, parquets et carrelages.<\/p>\n<p>&#8211; Service de nettoyage des fen\u00eatres et des vitres.<\/p>\n<p>&#8211; Nettoyage de la salle de bains et des toilettes.<\/p>\n<p>&#8211; L&rsquo;entretien de l&rsquo;espace de cuisson et du syst\u00e8me de ventilation du coin cuisine.<\/p>\n<p>&#8211; Le d\u00e9poussi\u00e9rage du mobilier.<\/p>\n<h3>Vous avez besoin d&rsquo;un service de nettoyage continu de votre appartement?<\/h3>\n<p>Notre compagnie propose des services de nettoyage sur mesure, adapt\u00e9s \u00e0 vos demandes, nous pouvons intervenir de mani\u00e8res hebdomadaires, bihebdomadaires ou mensuelles.<\/p>\n<h3>Nettoyage approfondi de votre maison et de votre studio \u00e0 Ecublens VD<\/h3>\n<p>Artisanlocal offre des services de nettoyage approfondis pour votre villa ou votre studio, en compl\u00e9ment de notre prestation de nettoyage classique.<\/p>\n<h3>Quels sont les b\u00e9n\u00e9fices de r\u00e9aliser un entretien approfondi avec notre soci\u00e9t\u00e9 ?<\/h3>\n<p>Le principal avantage du nettoyage en profondeur est de supprimer la salet\u00e9, la poussi\u00e8re et la crasse qui se sont accumul\u00e9es avec le temps, ce qui am\u00e9liore la qualit\u00e9 de l&rsquo;aire int\u00e9rieure de votre appartement. De plus, un m\u00e9nage en profondeur permet aussi d&rsquo;\u00e9liminer efficacement les odeurs d\u00e9sagr\u00e9ables.<\/p>\n<h3>Service de m\u00e9nage de locaux professionnels \u00e0 Ecublens VD<\/h3>\n<p>S&rsquo;adresser \u00e0 Artisanlocal pour le nettoyage de locaux professionnels est la solution la plus efficace. Vous ferez des \u00e9conomies de temps et d&rsquo;\u00e9nergie ! D\u00e9couvrez nos contrats d&rsquo;entretien adapt\u00e9s pour vos locaux professionnels. Nos contrats s&rsquo;adaptent \u00e0 vos besoins et \u00e0 vos moyens. D\u00e9couvrez nos services de nettoyage pour les bureaux :<\/p>\n<ul>\n<li>Traitement des tapis et lavage de vitres de bureau.<\/li>\n<li>Service de nettoyage des meubles de bureau en cuir ou tissu (des canap\u00e9s, des espaces de travail et des fauteuils).<\/li>\n<li>Gestion des d\u00e9chets.<\/li>\n<li>\u00c9limination des poussi\u00e8res.<\/li>\n<li>Nettoyage des surfaces au sol et utilisation de l&rsquo;aspirateur.<\/li>\n<\/ul>\n<h3>Soci\u00e9t\u00e9 de nettoyage pour votre villa \u00e0 Ecublens VD<\/h3>\n<p>Afin que votre habitation soit toujours aussi soign\u00e9, un m\u00e9nage quotidien exige d&rsquo;\u00eatre inclus dans votre routine. \u00c0 notre \u00e9poque, la majorit\u00e9 des suisses ont un calendrier charg\u00e9 et cela rend difficile la r\u00e9alisation des corv\u00e9es m\u00e9nag\u00e8res courantes, c&rsquo;est ici que notre entreprise peut vous assister dans vos t\u00e2ches m\u00e9nag\u00e8res.<\/p>\n<h2>Pourquoi engager artisanlocal pour r\u00e9aliser le m\u00e9nage des propri\u00e9t\u00e9s \u00e0 Ecublens VD ?<\/h2>\n<p>Si vous r\u00e9sidez \u00e0 Ecublens VD vous pouvez rencontrer des difficult\u00e9s \u00e0 garder votre h\u00e9bergement bien rang\u00e9 et nettoy\u00e9. Nos prestations de service sont adapt\u00e9es aux r\u00e9sidents de Ecublens VD. Avec notre entreprise, vous avez la possibilit\u00e9 de :<\/p>\n<h3>Mieux g\u00e9rer l&rsquo;int\u00e9rieur de votre r\u00e9sidence<\/h3>\n<p>Si votre studio est en d\u00e9sordre, il est difficile de se sentir bien chez soi. Artisanlocal propose des services de nettoyage pour votre r\u00e9sidence afin de mieux ranger votre lieu de vie, ce qui vous permet, de :<\/p>\n<h3>Cr\u00e9er une ambiance plus accueillante<\/h3>\n<p>En effet, une propri\u00e9t\u00e9 bien organis\u00e9e vous aidera ainsi que vos invit\u00e9s \u00e0 vous sentir mieux.<\/p>\n<h3>Conserver sa bonne sant\u00e9 et rester heureux<\/h3>\n<p>Ne pas enlever la salet\u00e9 et la poussi\u00e8re dans votre int\u00e9rieur peut pr\u00e9senter des dangers pour la sant\u00e9, comme activer des r\u00e9actions allergiques ou amplifier celles d\u00e9j\u00e0 pr\u00e9sentes. En engageant les services de notre entreprise de nettoyage, vous r\u00e9duisez les possibles risques d&rsquo;allergies.<\/p>\n<h3>Avoir une meilleure disposition de votre int\u00e9rieur<\/h3>\n<p>Il est habituel que l&rsquo;int\u00e9rieur des maisons soit mal rang\u00e9, ce qui peut compliquer la vie quotidienne. Nos prestations peuvent s&rsquo;av\u00e9rer utiles pour maintenir votre int\u00e9rieur bien rang\u00e9. D&rsquo;autre part, nous pouvons aussi op\u00e9rer \u00e0 : Chavannes-pr\u00e8s-Renens, St-Sulpice VD, Denges, Echandens, Lonay, Pr\u00e9verenges, Villars-Ste-Croix, Bussigny, Morges, Echichens, St-Saphorin-sur-Morges, Colombier VD, Vullierens, Bremblens, Romanel-sur-Morges, Aclens, Monnaz, Vaux-sur-Morges, Clarmont, Reverolle, Tolochenaz, Lully VD, Chigny, Vufflens-le-Ch\u00e2teau, Denens, Bussy-Chardonney, St-Prex, Lussy-sur-Morges.<\/p>\n","protected":false},"excerpt":{"rendered":"<p>Nous sommes une soci\u00e9t\u00e9 \u00e0 Ecublens VD qui offre un service de nettoyage pour les particuliers et les professionnels suisses. Notre \u00e9quipe d&rsquo;experts chevronn\u00e9s s&rsquo;engage \u00e0 r\u00e9aliser des prestations de qualit\u00e9. Quelles sont les raisons de travailler avec notre soci\u00e9t\u00e9 ? Il est possible de r\u00e9server un rendez-vous avec notre soci\u00e9t\u00e9 aujourd&rsquo;hui. Nos sp\u00e9cialistes en [&hellip;]<\/p>\n","protected":false},"author":4,"featured_media":2754,"parent":0,"menu_order":0,"comment_status":"closed","ping_status":"closed","template":"","meta":{"footnotes":""},"profession":[108],"location":[41],"canton":[113],"class_list":["post-457","page","type-page","status-publish","has-post-thumbnail","hentry","profession-agent-de-proprete","location-ecublens-vd","canton-vd"],"yoast_head":"<!-- This site is optimized with the Yoast SEO Premium plugin v25.7.1 (Yoast SEO v27.4) - https:\/\/yoast.com\/product\/yoast-seo-premium-wordpress\/ -->\n<title>Nettoyage de bureaux et de domiciles \u00e0 Ecublens VD - Artisanlocal<\/title>\n<meta name=\"robots\" content=\"index, follow, max-snippet:-1, max-image-preview:large, max-video-preview:-1\" \/>\n<link rel=\"canonical\" href=\"https:\/\/www.artisanlocal.ch\/c\/nettoyage-de-bureaux-et-de-domiciles-a-ecublens\/\" \/>\n<meta property=\"og:locale\" content=\"fr_FR\" \/>\n<meta property=\"og:type\" content=\"article\" \/>\n<meta property=\"og:title\" content=\"Nettoyage de bureaux et de domiciles \u00e0 Ecublens VD\" \/>\n<meta property=\"og:description\" content=\"Nous sommes une soci\u00e9t\u00e9 \u00e0 Ecublens VD qui offre un service de nettoyage pour les particuliers et les professionnels suisses. Notre \u00e9quipe d&rsquo;experts chevronn\u00e9s s&rsquo;engage \u00e0 r\u00e9aliser des prestations de qualit\u00e9. Quelles sont les raisons de travailler avec notre soci\u00e9t\u00e9 ? Il est possible de r\u00e9server un rendez-vous avec notre soci\u00e9t\u00e9 aujourd&rsquo;hui. Nos sp\u00e9cialistes en [&hellip;]\" \/>\n<meta property=\"og:url\" content=\"https:\/\/www.artisanlocal.ch\/c\/nettoyage-de-bureaux-et-de-domiciles-a-ecublens\/\" \/>\n<meta property=\"og:site_name\" content=\"Artisanlocal\" \/>\n<meta property=\"article:modified_time\" content=\"2025-08-26T23:33:02+00:00\" \/>\n<meta property=\"og:image\" content=\"https:\/\/www.artisanlocal.ch\/c\/wp-content\/uploads\/2024\/10\/agent-proprete.jpg\" \/>\n\t<meta property=\"og:image:width\" content=\"1920\" \/>\n\t<meta property=\"og:image:height\" content=\"300\" \/>\n\t<meta property=\"og:image:type\" content=\"image\/jpeg\" \/>\n<meta name=\"twitter:card\" content=\"summary_large_image\" \/>\n<meta name=\"twitter:label1\" content=\"Dur\u00e9e de lecture estim\u00e9e\" \/>\n\t<meta name=\"twitter:data1\" content=\"5 minutes\" \/>\n<script type=\"application\/ld+json\" class=\"yoast-schema-graph\">{\"@context\":\"https:\\\/\\\/schema.org\",\"@graph\":[{\"@type\":\"WebPage\",\"@id\":\"https:\\\/\\\/www.artisanlocal.ch\\\/c\\\/nettoyage-de-bureaux-et-de-domiciles-a-ecublens\\\/\",\"url\":\"https:\\\/\\\/www.artisanlocal.ch\\\/c\\\/nettoyage-de-bureaux-et-de-domiciles-a-ecublens\\\/\",\"name\":\"Nettoyage de bureaux et de domiciles \u00e0 Ecublens VD - Artisanlocal\",\"isPartOf\":{\"@id\":\"https:\\\/\\\/www.artisanlocal.ch\\\/c\\\/#website\"},\"primaryImageOfPage\":{\"@id\":\"https:\\\/\\\/www.artisanlocal.ch\\\/c\\\/nettoyage-de-bureaux-et-de-domiciles-a-ecublens\\\/#primaryimage\"},\"image\":{\"@id\":\"https:\\\/\\\/www.artisanlocal.ch\\\/c\\\/nettoyage-de-bureaux-et-de-domiciles-a-ecublens\\\/#primaryimage\"},\"thumbnailUrl\":\"https:\\\/\\\/www.artisanlocal.ch\\\/c\\\/wp-content\\\/uploads\\\/2024\\\/10\\\/agent-proprete.jpg\",\"datePublished\":\"2024-04-16T16:38:47+00:00\",\"dateModified\":\"2025-08-26T23:33:02+00:00\",\"breadcrumb\":{\"@id\":\"https:\\\/\\\/www.artisanlocal.ch\\\/c\\\/nettoyage-de-bureaux-et-de-domiciles-a-ecublens\\\/#breadcrumb\"},\"inLanguage\":\"fr-FR\",\"potentialAction\":[{\"@type\":\"ReadAction\",\"target\":[\"https:\\\/\\\/www.artisanlocal.ch\\\/c\\\/nettoyage-de-bureaux-et-de-domiciles-a-ecublens\\\/\"]}]},{\"@type\":\"ImageObject\",\"inLanguage\":\"fr-FR\",\"@id\":\"https:\\\/\\\/www.artisanlocal.ch\\\/c\\\/nettoyage-de-bureaux-et-de-domiciles-a-ecublens\\\/#primaryimage\",\"url\":\"https:\\\/\\\/www.artisanlocal.ch\\\/c\\\/wp-content\\\/uploads\\\/2024\\\/10\\\/agent-proprete.jpg\",\"contentUrl\":\"https:\\\/\\\/www.artisanlocal.ch\\\/c\\\/wp-content\\\/uploads\\\/2024\\\/10\\\/agent-proprete.jpg\",\"width\":1920,\"height\":300},{\"@type\":\"BreadcrumbList\",\"@id\":\"https:\\\/\\\/www.artisanlocal.ch\\\/c\\\/nettoyage-de-bureaux-et-de-domiciles-a-ecublens\\\/#breadcrumb\",\"itemListElement\":[{\"@type\":\"ListItem\",\"position\":1,\"name\":\"Accueil\",\"item\":\"https:\\\/\\\/www.artisanlocal.ch\\\/c\\\/\"},{\"@type\":\"ListItem\",\"position\":2,\"name\":\"Nettoyage de bureaux et de domiciles \u00e0 Ecublens\"}]},{\"@type\":\"WebSite\",\"@id\":\"https:\\\/\\\/www.artisanlocal.ch\\\/c\\\/#website\",\"url\":\"https:\\\/\\\/www.artisanlocal.ch\\\/c\\\/\",\"name\":\"Artisanlocal\",\"description\":\"\",\"publisher\":{\"@id\":\"https:\\\/\\\/www.artisanlocal.ch\\\/c\\\/#organization\"},\"potentialAction\":[{\"@type\":\"SearchAction\",\"target\":{\"@type\":\"EntryPoint\",\"urlTemplate\":\"https:\\\/\\\/www.artisanlocal.ch\\\/c\\\/?s={search_term_string}\"},\"query-input\":{\"@type\":\"PropertyValueSpecification\",\"valueRequired\":true,\"valueName\":\"search_term_string\"}}],\"inLanguage\":\"fr-FR\"},{\"@type\":\"Organization\",\"@id\":\"https:\\\/\\\/www.artisanlocal.ch\\\/c\\\/#organization\",\"name\":\"Artisanlocal\",\"url\":\"https:\\\/\\\/www.artisanlocal.ch\\\/c\\\/\",\"logo\":{\"@type\":\"ImageObject\",\"inLanguage\":\"fr-FR\",\"@id\":\"https:\\\/\\\/www.artisanlocal.ch\\\/c\\\/#\\\/schema\\\/logo\\\/image\\\/\",\"url\":\"https:\\\/\\\/www.artisanlocal.ch\\\/c\\\/wp-content\\\/uploads\\\/2024\\\/02\\\/logo-artisanlocal-h.svg\",\"contentUrl\":\"https:\\\/\\\/www.artisanlocal.ch\\\/c\\\/wp-content\\\/uploads\\\/2024\\\/02\\\/logo-artisanlocal-h.svg\",\"caption\":\"Artisanlocal\"},\"image\":{\"@id\":\"https:\\\/\\\/www.artisanlocal.ch\\\/c\\\/#\\\/schema\\\/logo\\\/image\\\/\"}}]}<\/script>\n<!-- \/ Yoast SEO Premium plugin. -->","yoast_head_json":{"title":"Nettoyage de bureaux et de domiciles \u00e0 Ecublens VD - Artisanlocal","robots":{"index":"index","follow":"follow","max-snippet":"max-snippet:-1","max-image-preview":"max-image-preview:large","max-video-preview":"max-video-preview:-1"},"canonical":"https:\/\/www.artisanlocal.ch\/c\/nettoyage-de-bureaux-et-de-domiciles-a-ecublens\/","og_locale":"fr_FR","og_type":"article","og_title":"Nettoyage de bureaux et de domiciles \u00e0 Ecublens VD","og_description":"Nous sommes une soci\u00e9t\u00e9 \u00e0 Ecublens VD qui offre un service de nettoyage pour les particuliers et les professionnels suisses. Notre \u00e9quipe d&rsquo;experts chevronn\u00e9s s&rsquo;engage \u00e0 r\u00e9aliser des prestations de qualit\u00e9. Quelles sont les raisons de travailler avec notre soci\u00e9t\u00e9 ? Il est possible de r\u00e9server un rendez-vous avec notre soci\u00e9t\u00e9 aujourd&rsquo;hui. Nos sp\u00e9cialistes en [&hellip;]","og_url":"https:\/\/www.artisanlocal.ch\/c\/nettoyage-de-bureaux-et-de-domiciles-a-ecublens\/","og_site_name":"Artisanlocal","article_modified_time":"2025-08-26T23:33:02+00:00","og_image":[{"width":1920,"height":300,"url":"https:\/\/www.artisanlocal.ch\/c\/wp-content\/uploads\/2024\/10\/agent-proprete.jpg","type":"image\/jpeg"}],"twitter_card":"summary_large_image","twitter_misc":{"Dur\u00e9e de lecture estim\u00e9e":"5 minutes"},"schema":{"@context":"https:\/\/schema.org","@graph":[{"@type":"WebPage","@id":"https:\/\/www.artisanlocal.ch\/c\/nettoyage-de-bureaux-et-de-domiciles-a-ecublens\/","url":"https:\/\/www.artisanlocal.ch\/c\/nettoyage-de-bureaux-et-de-domiciles-a-ecublens\/","name":"Nettoyage de bureaux et de domiciles \u00e0 Ecublens VD - Artisanlocal","isPartOf":{"@id":"https:\/\/www.artisanlocal.ch\/c\/#website"},"primaryImageOfPage":{"@id":"https:\/\/www.artisanlocal.ch\/c\/nettoyage-de-bureaux-et-de-domiciles-a-ecublens\/#primaryimage"},"image":{"@id":"https:\/\/www.artisanlocal.ch\/c\/nettoyage-de-bureaux-et-de-domiciles-a-ecublens\/#primaryimage"},"thumbnailUrl":"https:\/\/www.artisanlocal.ch\/c\/wp-content\/uploads\/2024\/10\/agent-proprete.jpg","datePublished":"2024-04-16T16:38:47+00:00","dateModified":"2025-08-26T23:33:02+00:00","breadcrumb":{"@id":"https:\/\/www.artisanlocal.ch\/c\/nettoyage-de-bureaux-et-de-domiciles-a-ecublens\/#breadcrumb"},"inLanguage":"fr-FR","potentialAction":[{"@type":"ReadAction","target":["https:\/\/www.artisanlocal.ch\/c\/nettoyage-de-bureaux-et-de-domiciles-a-ecublens\/"]}]},{"@type":"ImageObject","inLanguage":"fr-FR","@id":"https:\/\/www.artisanlocal.ch\/c\/nettoyage-de-bureaux-et-de-domiciles-a-ecublens\/#primaryimage","url":"https:\/\/www.artisanlocal.ch\/c\/wp-content\/uploads\/2024\/10\/agent-proprete.jpg","contentUrl":"https:\/\/www.artisanlocal.ch\/c\/wp-content\/uploads\/2024\/10\/agent-proprete.jpg","width":1920,"height":300},{"@type":"BreadcrumbList","@id":"https:\/\/www.artisanlocal.ch\/c\/nettoyage-de-bureaux-et-de-domiciles-a-ecublens\/#breadcrumb","itemListElement":[{"@type":"ListItem","position":1,"name":"Accueil","item":"https:\/\/www.artisanlocal.ch\/c\/"},{"@type":"ListItem","position":2,"name":"Nettoyage de bureaux et de domiciles \u00e0 Ecublens"}]},{"@type":"WebSite","@id":"https:\/\/www.artisanlocal.ch\/c\/#website","url":"https:\/\/www.artisanlocal.ch\/c\/","name":"Artisanlocal","description":"","publisher":{"@id":"https:\/\/www.artisanlocal.ch\/c\/#organization"},"potentialAction":[{"@type":"SearchAction","target":{"@type":"EntryPoint","urlTemplate":"https:\/\/www.artisanlocal.ch\/c\/?s={search_term_string}"},"query-input":{"@type":"PropertyValueSpecification","valueRequired":true,"valueName":"search_term_string"}}],"inLanguage":"fr-FR"},{"@type":"Organization","@id":"https:\/\/www.artisanlocal.ch\/c\/#organization","name":"Artisanlocal","url":"https:\/\/www.artisanlocal.ch\/c\/","logo":{"@type":"ImageObject","inLanguage":"fr-FR","@id":"https:\/\/www.artisanlocal.ch\/c\/#\/schema\/logo\/image\/","url":"https:\/\/www.artisanlocal.ch\/c\/wp-content\/uploads\/2024\/02\/logo-artisanlocal-h.svg","contentUrl":"https:\/\/www.artisanlocal.ch\/c\/wp-content\/uploads\/2024\/02\/logo-artisanlocal-h.svg","caption":"Artisanlocal"},"image":{"@id":"https:\/\/www.artisanlocal.ch\/c\/#\/schema\/logo\/image\/"}}]}},"_links":{"self":[{"href":"https:\/\/www.artisanlocal.ch\/c\/wp-json\/wp\/v2\/pages\/457","targetHints":{"allow":["GET"]}}],"collection":[{"href":"https:\/\/www.artisanlocal.ch\/c\/wp-json\/wp\/v2\/pages"}],"about":[{"href":"https:\/\/www.artisanlocal.ch\/c\/wp-json\/wp\/v2\/types\/page"}],"author":[{"embeddable":true,"href":"https:\/\/www.artisanlocal.ch\/c\/wp-json\/wp\/v2\/users\/4"}],"replies":[{"embeddable":true,"href":"https:\/\/www.artisanlocal.ch\/c\/wp-json\/wp\/v2\/comments?post=457"}],"version-history":[{"count":0,"href":"https:\/\/www.artisanlocal.ch\/c\/wp-json\/wp\/v2\/pages\/457\/revisions"}],"wp:featuredmedia":[{"embeddable":true,"href":"https:\/\/www.artisanlocal.ch\/c\/wp-json\/wp\/v2\/media\/2754"}],"wp:attachment":[{"href":"https:\/\/www.artisanlocal.ch\/c\/wp-json\/wp\/v2\/media?parent=457"}],"wp:term":[{"taxonomy":"profession","embeddable":true,"href":"https:\/\/www.artisanlocal.ch\/c\/wp-json\/wp\/v2\/profession?post=457"},{"taxonomy":"location","embeddable":true,"href":"https:\/\/www.artisanlocal.ch\/c\/wp-json\/wp\/v2\/location?post=457"},{"taxonomy":"canton","embeddable":true,"href":"https:\/\/www.artisanlocal.ch\/c\/wp-json\/wp\/v2\/canton?post=457"}],"curies":[{"name":"wp","href":"https:\/\/api.w.org\/{rel}","templated":true}]}}