{"id":564,"date":"2024-04-22T08:28:14","date_gmt":"2024-04-22T06:28:14","guid":{"rendered":"https:\/\/www.artisanlocal.ch\/c\/besoin-dun-expert-de-la-pose-de-carrelage-a-avenches\/"},"modified":"2025-08-26T19:28:55","modified_gmt":"2025-08-26T17:28:55","slug":"besoin-dun-expert-de-la-pose-de-carrelage-a-avenches","status":"publish","type":"page","link":"https:\/\/www.artisanlocal.ch\/c\/besoin-dun-expert-de-la-pose-de-carrelage-a-avenches\/","title":{"rendered":"Carreleur \u00e0 Avenches"},"content":{"rendered":"<p>Vous \u00eates un habitant d&rsquo;Avenches et vous avez besoin d&rsquo;un nouveau carrelage ? Notre entreprise Artisanlocal propose une gamme de services pour l&rsquo;installation de carrelage classique, de dosseret de cuisine, de salle d&rsquo;eau ou sur votre parquet ! Nous proposons la pose de carrelage \u00e0 Avenches et dans les villes voisines.<br \/>\n\r\n<div class=\"box\">\r\n            <div class=\"company-info\">\r\n            <img decoding=\"async\" class=\"company-info__logo\" src=\"https:\/\/www.artisanlocal.ch\/media\/cache\/thumb\/images\/companies\/60c9f9bddfd13737211690.png\" alt=\"Logo\">\r\n            <h2 class=\"company-info__name\">BS Renovation S\u00e0rl<\/h2>\r\n            <p class=\"company-info__business\">Ma\u00e7onnerie - Entreprise de peinture - Entreprise de carrelage - R\u00e9novation<\/p>\r\n        <\/div>\r\n        <div class=\"company-contact\">\r\n            <p class=\"company-info__address\">Route de Chaumont 20<\/p>\r\n                            <div class=\"links\">\r\n                                            <a class=\"btn has-accent-background-color js-phoneNumber\" href=\"tel:0787906162\" title=\"Appelez\" data-id=\"3511\" data-type=\"11\">078 790 61 62<\/a>\r\n                                                                <a class=\"btn has-accent-background-color\" href=\"http:\/\/www.bsrenovation.ch\/\" target=\"_blank\" title=\"Voir le site internet\" data-id=\"3511\" data-type=\"20\">Site internet<\/a>\r\n                                    <\/div>\r\n                    <\/div>\r\n    \r\n            \r\n<form action=\"https:\/\/www.artisanlocal.ch\/c\/wp-admin\/admin-ajax.php\" method=\"post\" class=\"form-contact\" id=\"artisan_form_contact_company_inline\">\r\n    <div><input type=\"hidden\" name=\"action\" value=\"company_contact\"><\/div>\r\n    <div><input type=\"hidden\" name=\"nonce\" value=\"f071462bb9\"><\/div>\r\n    <div><input type=\"hidden\" name=\"company_id\" value=\"3511\"><\/div>\r\n    <div><input type=\"hidden\" name=\"form_id\" value=\"artisan_form_contact_company_inline\"><\/div>\r\n    <div class=\"gglcptch gglcptch_v3 gglcptch_custom\"><input type=\"hidden\" id=\"g-recaptcha-response\" name=\"g-recaptcha-response\" \/><br \/><div class=\"gglcptch_error_text\">La p\u00e9riode de v\u00e9rification reCAPTCHA a expir\u00e9. Veuillez recharger la page.<\/div><\/div>    <div class=\"form-content\">\r\n        <div class=\"form-group\">\r\n            <label for=\"contact_firstName\" class=\"required\">Pr\u00e9nom<\/label>\r\n            <input type=\"text\" name=\"firstName\" class=\"form-control\" required>\r\n        <\/div>\r\n        <div class=\"form-group\">\r\n            <label for=\"contact_lastName\" class=\"required\">Nom<\/label>\r\n            <input type=\"text\" name=\"lastName\" class=\"form-control\" required>\r\n        <\/div>\r\n        <div class=\"form-group\">\r\n            <label for=\"contact_email\" class=\"required\">Email<\/label>\r\n            <input type=\"email\" name=\"email\" class=\"form-control\" required>\r\n        <\/div>\r\n        <div class=\"form-group\">\r\n            <label for=\"contact_phone\" class=\"required\">Num\u00e9ro de t\u00e9l\u00e9phone<\/label>\r\n            <input type=\"tel\" name=\"phone\" class=\"form-control\" placeholder=\"0787117165\" pattern=\"^[0-9]{10}$\" required>\r\n        <\/div>\r\n        <div class=\"form-group\">\r\n            <label for=\"contact_postalCode\" class=\"required\">Code postal et localit\u00e9<\/label>\r\n            <input type=\"text\" name=\"postalCode\" class=\"form-control\" required>\r\n        <\/div>\r\n        <div class=\"form-group\">\r\n            <label for=\"contact_address\" class=\"required\">Adresse<\/label>\r\n            <input type=\"text\" name=\"address\" class=\"form-control\" required>\r\n        <\/div>\r\n        <div class=\"full-width topic\">\r\n            <p class=\"required\">Je souhaite \u00eatre contact\u00e9 pour :<\/p>\r\n            <div class=\"form-check\">\r\n                <input type=\"radio\" name=\"topic\" value=\"D\u00e9pannage\" class=\"form-control\" required>\r\n                <label for=\"d\u00e9pannage\">D\u00e9pannage<\/label>\r\n            <\/div>\r\n            <div class=\"form-check\">\r\n                <input type=\"radio\" name=\"topic\" value=\"Entretien\" class=\"form-control\" required>\r\n                <label for=\"entretien\">Entretien<\/label>\r\n            <\/div>\r\n            <div class=\"form-check\">\r\n                <input type=\"radio\" name=\"topic\" value=\"R\u00e9novation\" class=\"form-control\" required>\r\n                <label for=\"r\u00e9novation\">R\u00e9novation<\/label>\r\n            <\/div>\r\n            <div class=\"form-check\">\r\n                <input type=\"radio\" name=\"topic\" value=\"Autre\" class=\"form-control\" required>\r\n                <label for=\"autre\">Autre<\/label>\r\n            <\/div>\r\n        <\/div>\r\n        <div class=\"form-group full-width\">\r\n            <label for=\"contact_message\">Message<\/label>\r\n            <textarea name=\"message\" rows=\"3\" class=\"form-control\"><\/textarea>\r\n        <\/div>\r\n    <\/div>\r\n    <div class=\"form-actions\">\r\n        <button class=\"wp-block-button__link has-accent-background-color\">Contacter<\/button>\r\n    <\/div>\r\n<\/form>\r\n<div class=\"form-feedback\"><\/div>    <\/div><\/p>\n<h2>Pour quelle raison choisir notre entreprise ?<\/h2>\n<p>Pour votre projet d&rsquo;installation de carrelage \u00e0 Avenches, choisissez notre \u00e9quipe, car :<\/p>\n<ul>\n<li>nous proposons des tarifs comp\u00e9titifs,<\/li>\n<li>nous installons du carrelage de qualit\u00e9,<\/li>\n<li>notre entreprise est \u00e9tablie \u00e0 Avenches et permet \u00e0 nos techniciens d\u2019intervenir rapidement chez vous,<\/li>\n<li>nos conseils sont personnalis\u00e9s \u00e0 votre projet, par exemple : pour s\u00e9lectionner le bon carrelage,<\/li>\n<li>nos devis sont gratuits,<\/li>\n<li>nos techniciens ont une grande exp\u00e9rience,<\/li>\n<li>un partenaire s\u00fbr et fiable : nous collaborons avec des entreprises importantes et des entreprises d&rsquo;architectures pour des installations de carrelage, fa\u00efence, parquet, et autres installations de carrelages.<\/li>\n<\/ul>\n<h2>Recevez une estimation pour l&rsquo;installation de carrelage en nous contactant maintenant<\/h2>\n<p>Contactez-nous pour recevoir un devis, nous prendrons contact avec vous aussit\u00f4t pour calculer le prix de votre projet.<\/p>\n<h2>Nos solutions<\/h2>\n<p>Nos artisans de la pose de carrelage qui interviennent \u00e0 Avenches proposent aux particuliers et aux professionnels, les prestations, suivantes :<\/p>\n<ul>\n<li>L&rsquo;installation de parquet, carrelage traditionnel et fa\u00efence,<\/li>\n<li>une aide pour bien choisir votre carrelage,<\/li>\n<li>la pose de vos carreaux,<\/li>\n<li>l&rsquo;application de joint pour carrelage,<\/li>\n<li>l&rsquo;application du carrelage sur les sols et les parois,<\/li>\n<li>l&rsquo;installation de carrelage int\u00e9rieur et ext\u00e9rieur,<\/li>\n<li>l\u2019enl\u00e8vement du carrelage actuel,<\/li>\n<li>le d\u00e9montage du parquet flottant,<\/li>\n<li>la pose des carreaux sur votre terrasse.<\/li>\n<\/ul>\n<h2>Comment s\u00e9lectionner votre carrelage id\u00e9al ?<\/h2>\n<h3>R\u00e9fl\u00e9chir \u00e0 l&rsquo;endroit o\u00f9 le carrelage sera pos\u00e9<\/h3>\n<p>Consid\u00e9rez l&rsquo;endroit o\u00f9 le carrelage va \u00eatre plac\u00e9 et aussi s&rsquo;il se trouve dans un chemin fr\u00e9quent\u00e9\u202f? D&rsquo;autre part, marchera-t-on dessus en chaussures ou en chaussettes\u202f? Sera-t-il en contact avec l&rsquo;humidit\u00e9\u202f? R\u00e9fl\u00e9chissez par ailleurs aux espaces qu&rsquo;il couvrira, tel que les sols, les plans de travail, les murs, etc.<\/p>\n<h3>\u00c9valuez le volume de carrelage requis<\/h3>\n<p>Dans le but de d\u00e9terminer le volume de carrelages pour votre espace, multipliez sa longueur par sa largeur et rajoutez environ 5 % pour garder une marge de s\u00e9curit\u00e9. Nous vous recommandons de conserver en stock du carrelage de sorte \u00e0 r\u00e9parer de possibles d\u00e9g\u00e2ts.<\/p>\n<h3>S\u00e9lectionnez le bon mat\u00e9riau<\/h3>\n<p>Il y a plusieurs mat\u00e9riaux \u00e0 partir desquels le carrelage peut \u00eatre fabriqu\u00e9, le mat\u00e9riau a un impact sur : l\u2019apparence, la durabilit\u00e9 et le montant de l&rsquo;entretien. D&rsquo;autre part, les finitions et la texture devraient par ailleurs \u00eatre prises en compte pour trouver des carreaux qui sont \u00e0 vos gouts.<\/p>\n<h3>Maintenance<\/h3>\n<p>Il faut prendre en compte le niveau d&rsquo;entretien lors du choix de votre carrelage, exemple : le nettoyage du carrelage avec un joint clair prend plus de temps en raison de leur tendance \u00e0 accumuler la poussi\u00e8re, ce qui les rend plus difficiles \u00e0 laver par rapport aux autres colorations.<\/p>\n<h2>Obtenez un rendez-vous d\u00e8s maintenant<\/h2>\n<p>Notre entreprise est compos\u00e9e d&rsquo;experts dans l&rsquo;installation de carrelage \u00e0 Avenches qui ont conscience de la complexit\u00e9 de votre projet, c&rsquo;est pourquoi notre \u00e9quipe est joignable du lundi au samedi pour vous fournir des conseils sur-mesures.<\/p>\n<h2>FAQ<\/h2>\n<h3>Quel est le fonctionnement de votre entreprise ?<\/h3>\n<ol>\n<li>Prise de rendez-vous par t\u00e9l\u00e9phone ou par email.<\/li>\n<li>Ensuite, nous planifions un rendez-vous avec vous.<\/li>\n<li>Notre \u00e9quipe se d\u00e9place \u00e0 votre foyer pour d\u00e9finir le total de carreaux \u00e0 installer.<\/li>\n<li>Nous lan\u00e7ons votre projet.<\/li>\n<\/ol>\n<h3>Intervenez-vous dans les villes \u00e0 proximit\u00e9 de Avenches ?<\/h3>\n<p>Oui, nous nous d\u00e9pla\u00e7ons \u00e0 Avenches, mais aussi dans les communes \u00e0 proximit\u00e9, comme :<\/p>\nGletterens, Dompierre FR, Domdidier, Vallon, Les Friques, St-Aubin FR, Delley, Portalban, Oleyres, Donatyre, Villarepos, Villars-le-Grand, Bellerive VD, Cotterd, Salavaux, Vallamand, Constantine, Montmagny, Cudrefin, Chabrey, Clavaleyres, Faoug, Corm\u00e9rod, Courtion, Misery, Chandon, L\u00e9chelles, Russy, Sugiez, Mur (Vully) FR, M\u00f4tier (Vully), Mur (Vully) VD, Praz (Vully), Lugnorre.\n<h3>Quels sont les types de carrelages les plus g\u00e9n\u00e9ralement\u202fpos\u00e9s ?<\/h3>\n<ul>\n<li>Les mosa\u00efques : ils apportent une touche incomparable \u00e0 votre int\u00e9rieur.<\/li>\n<li>Les blancs de m\u00e9tro : ils ajoutent une touche lumineuse \u00e0 votre salle de bain ou dans votre cuisine.<\/li>\n<li>En marbre : ils sont plus co\u00fbteux, mais ils permettent d&rsquo;apporter une apparence luxe \u00e0 votre foyer.<\/li>\n<li>En c\u00e9ramique : peu on\u00e9reux, le carrelage en c\u00e9ramique a de multiples avantages (facile \u00e0 laver, et disponibles dans de nombreux coloris).<\/li>\n<li>En ciment : ils permettent d&rsquo;adoucir la d\u00e9co d&rsquo;un int\u00e9rieur.<\/li>\n<li>En porcelaine : ils reproduisent les surfaces naturelles (bois, brique ou pierre) et il n&rsquo;exige presque pas d\u2019entretien.<\/li>\n<\/ul>\n","protected":false},"excerpt":{"rendered":"<p>Vous \u00eates un habitant d&rsquo;Avenches et vous avez besoin d&rsquo;un nouveau carrelage ? Notre entreprise Artisanlocal propose une gamme de services pour l&rsquo;installation de carrelage classique, de dosseret de cuisine, de salle d&rsquo;eau ou sur votre parquet ! Nous proposons la pose de carrelage \u00e0 Avenches et dans les villes voisines. Pour quelle raison choisir [&hellip;]<\/p>\n","protected":false},"author":4,"featured_media":2804,"parent":0,"menu_order":0,"comment_status":"closed","ping_status":"closed","template":"","meta":{"footnotes":""},"profession":[119],"location":[37],"canton":[113],"class_list":["post-564","page","type-page","status-publish","has-post-thumbnail","hentry","profession-carreleur","location-avenches","canton-vd"],"yoast_head":"<!-- This site is optimized with the Yoast SEO Premium plugin v25.7.1 (Yoast SEO v27.4) - https:\/\/yoast.com\/product\/yoast-seo-premium-wordpress\/ -->\n<title>Carreleur \u00e0 Avenches - Artisanlocal<\/title>\n<meta name=\"robots\" content=\"index, follow, max-snippet:-1, max-image-preview:large, max-video-preview:-1\" \/>\n<link rel=\"canonical\" href=\"https:\/\/www.artisanlocal.ch\/c\/besoin-dun-expert-de-la-pose-de-carrelage-a-avenches\/\" \/>\n<meta property=\"og:locale\" content=\"fr_FR\" \/>\n<meta property=\"og:type\" content=\"article\" \/>\n<meta property=\"og:title\" content=\"Carreleur \u00e0 Avenches\" \/>\n<meta property=\"og:description\" content=\"Vous \u00eates un habitant d&rsquo;Avenches et vous avez besoin d&rsquo;un nouveau carrelage ? Notre entreprise Artisanlocal propose une gamme de services pour l&rsquo;installation de carrelage classique, de dosseret de cuisine, de salle d&rsquo;eau ou sur votre parquet ! Nous proposons la pose de carrelage \u00e0 Avenches et dans les villes voisines. Pour quelle raison choisir [&hellip;]\" \/>\n<meta property=\"og:url\" content=\"https:\/\/www.artisanlocal.ch\/c\/besoin-dun-expert-de-la-pose-de-carrelage-a-avenches\/\" \/>\n<meta property=\"og:site_name\" content=\"Artisanlocal\" \/>\n<meta property=\"article:modified_time\" content=\"2025-08-26T17:28:55+00:00\" \/>\n<meta property=\"og:image\" content=\"https:\/\/www.artisanlocal.ch\/c\/wp-content\/uploads\/2024\/11\/carreleur.jpg\" \/>\n\t<meta property=\"og:image:width\" content=\"1920\" \/>\n\t<meta property=\"og:image:height\" content=\"300\" \/>\n\t<meta property=\"og:image:type\" content=\"image\/jpeg\" \/>\n<meta name=\"twitter:card\" content=\"summary_large_image\" \/>\n<meta name=\"twitter:label1\" content=\"Dur\u00e9e de lecture estim\u00e9e\" \/>\n\t<meta name=\"twitter:data1\" content=\"4 minutes\" \/>\n<script type=\"application\/ld+json\" class=\"yoast-schema-graph\">{\"@context\":\"https:\\\/\\\/schema.org\",\"@graph\":[{\"@type\":\"WebPage\",\"@id\":\"https:\\\/\\\/www.artisanlocal.ch\\\/c\\\/besoin-dun-expert-de-la-pose-de-carrelage-a-avenches\\\/\",\"url\":\"https:\\\/\\\/www.artisanlocal.ch\\\/c\\\/besoin-dun-expert-de-la-pose-de-carrelage-a-avenches\\\/\",\"name\":\"Carreleur \u00e0 Avenches - Artisanlocal\",\"isPartOf\":{\"@id\":\"https:\\\/\\\/www.artisanlocal.ch\\\/c\\\/#website\"},\"primaryImageOfPage\":{\"@id\":\"https:\\\/\\\/www.artisanlocal.ch\\\/c\\\/besoin-dun-expert-de-la-pose-de-carrelage-a-avenches\\\/#primaryimage\"},\"image\":{\"@id\":\"https:\\\/\\\/www.artisanlocal.ch\\\/c\\\/besoin-dun-expert-de-la-pose-de-carrelage-a-avenches\\\/#primaryimage\"},\"thumbnailUrl\":\"https:\\\/\\\/www.artisanlocal.ch\\\/c\\\/wp-content\\\/uploads\\\/2024\\\/11\\\/carreleur.jpg\",\"datePublished\":\"2024-04-22T06:28:14+00:00\",\"dateModified\":\"2025-08-26T17:28:55+00:00\",\"breadcrumb\":{\"@id\":\"https:\\\/\\\/www.artisanlocal.ch\\\/c\\\/besoin-dun-expert-de-la-pose-de-carrelage-a-avenches\\\/#breadcrumb\"},\"inLanguage\":\"fr-FR\",\"potentialAction\":[{\"@type\":\"ReadAction\",\"target\":[\"https:\\\/\\\/www.artisanlocal.ch\\\/c\\\/besoin-dun-expert-de-la-pose-de-carrelage-a-avenches\\\/\"]}]},{\"@type\":\"ImageObject\",\"inLanguage\":\"fr-FR\",\"@id\":\"https:\\\/\\\/www.artisanlocal.ch\\\/c\\\/besoin-dun-expert-de-la-pose-de-carrelage-a-avenches\\\/#primaryimage\",\"url\":\"https:\\\/\\\/www.artisanlocal.ch\\\/c\\\/wp-content\\\/uploads\\\/2024\\\/11\\\/carreleur.jpg\",\"contentUrl\":\"https:\\\/\\\/www.artisanlocal.ch\\\/c\\\/wp-content\\\/uploads\\\/2024\\\/11\\\/carreleur.jpg\",\"width\":1920,\"height\":300},{\"@type\":\"BreadcrumbList\",\"@id\":\"https:\\\/\\\/www.artisanlocal.ch\\\/c\\\/besoin-dun-expert-de-la-pose-de-carrelage-a-avenches\\\/#breadcrumb\",\"itemListElement\":[{\"@type\":\"ListItem\",\"position\":1,\"name\":\"Accueil\",\"item\":\"https:\\\/\\\/www.artisanlocal.ch\\\/c\\\/\"},{\"@type\":\"ListItem\",\"position\":2,\"name\":\"Carreleur \u00e0 Avenches\"}]},{\"@type\":\"WebSite\",\"@id\":\"https:\\\/\\\/www.artisanlocal.ch\\\/c\\\/#website\",\"url\":\"https:\\\/\\\/www.artisanlocal.ch\\\/c\\\/\",\"name\":\"Artisanlocal\",\"description\":\"\",\"publisher\":{\"@id\":\"https:\\\/\\\/www.artisanlocal.ch\\\/c\\\/#organization\"},\"potentialAction\":[{\"@type\":\"SearchAction\",\"target\":{\"@type\":\"EntryPoint\",\"urlTemplate\":\"https:\\\/\\\/www.artisanlocal.ch\\\/c\\\/?s={search_term_string}\"},\"query-input\":{\"@type\":\"PropertyValueSpecification\",\"valueRequired\":true,\"valueName\":\"search_term_string\"}}],\"inLanguage\":\"fr-FR\"},{\"@type\":\"Organization\",\"@id\":\"https:\\\/\\\/www.artisanlocal.ch\\\/c\\\/#organization\",\"name\":\"Artisanlocal\",\"url\":\"https:\\\/\\\/www.artisanlocal.ch\\\/c\\\/\",\"logo\":{\"@type\":\"ImageObject\",\"inLanguage\":\"fr-FR\",\"@id\":\"https:\\\/\\\/www.artisanlocal.ch\\\/c\\\/#\\\/schema\\\/logo\\\/image\\\/\",\"url\":\"https:\\\/\\\/www.artisanlocal.ch\\\/c\\\/wp-content\\\/uploads\\\/2024\\\/02\\\/logo-artisanlocal-h.svg\",\"contentUrl\":\"https:\\\/\\\/www.artisanlocal.ch\\\/c\\\/wp-content\\\/uploads\\\/2024\\\/02\\\/logo-artisanlocal-h.svg\",\"caption\":\"Artisanlocal\"},\"image\":{\"@id\":\"https:\\\/\\\/www.artisanlocal.ch\\\/c\\\/#\\\/schema\\\/logo\\\/image\\\/\"}}]}<\/script>\n<!-- \/ Yoast SEO Premium plugin. -->","yoast_head_json":{"title":"Carreleur \u00e0 Avenches - Artisanlocal","robots":{"index":"index","follow":"follow","max-snippet":"max-snippet:-1","max-image-preview":"max-image-preview:large","max-video-preview":"max-video-preview:-1"},"canonical":"https:\/\/www.artisanlocal.ch\/c\/besoin-dun-expert-de-la-pose-de-carrelage-a-avenches\/","og_locale":"fr_FR","og_type":"article","og_title":"Carreleur \u00e0 Avenches","og_description":"Vous \u00eates un habitant d&rsquo;Avenches et vous avez besoin d&rsquo;un nouveau carrelage ? Notre entreprise Artisanlocal propose une gamme de services pour l&rsquo;installation de carrelage classique, de dosseret de cuisine, de salle d&rsquo;eau ou sur votre parquet ! Nous proposons la pose de carrelage \u00e0 Avenches et dans les villes voisines. Pour quelle raison choisir [&hellip;]","og_url":"https:\/\/www.artisanlocal.ch\/c\/besoin-dun-expert-de-la-pose-de-carrelage-a-avenches\/","og_site_name":"Artisanlocal","article_modified_time":"2025-08-26T17:28:55+00:00","og_image":[{"width":1920,"height":300,"url":"https:\/\/www.artisanlocal.ch\/c\/wp-content\/uploads\/2024\/11\/carreleur.jpg","type":"image\/jpeg"}],"twitter_card":"summary_large_image","twitter_misc":{"Dur\u00e9e de lecture estim\u00e9e":"4 minutes"},"schema":{"@context":"https:\/\/schema.org","@graph":[{"@type":"WebPage","@id":"https:\/\/www.artisanlocal.ch\/c\/besoin-dun-expert-de-la-pose-de-carrelage-a-avenches\/","url":"https:\/\/www.artisanlocal.ch\/c\/besoin-dun-expert-de-la-pose-de-carrelage-a-avenches\/","name":"Carreleur \u00e0 Avenches - Artisanlocal","isPartOf":{"@id":"https:\/\/www.artisanlocal.ch\/c\/#website"},"primaryImageOfPage":{"@id":"https:\/\/www.artisanlocal.ch\/c\/besoin-dun-expert-de-la-pose-de-carrelage-a-avenches\/#primaryimage"},"image":{"@id":"https:\/\/www.artisanlocal.ch\/c\/besoin-dun-expert-de-la-pose-de-carrelage-a-avenches\/#primaryimage"},"thumbnailUrl":"https:\/\/www.artisanlocal.ch\/c\/wp-content\/uploads\/2024\/11\/carreleur.jpg","datePublished":"2024-04-22T06:28:14+00:00","dateModified":"2025-08-26T17:28:55+00:00","breadcrumb":{"@id":"https:\/\/www.artisanlocal.ch\/c\/besoin-dun-expert-de-la-pose-de-carrelage-a-avenches\/#breadcrumb"},"inLanguage":"fr-FR","potentialAction":[{"@type":"ReadAction","target":["https:\/\/www.artisanlocal.ch\/c\/besoin-dun-expert-de-la-pose-de-carrelage-a-avenches\/"]}]},{"@type":"ImageObject","inLanguage":"fr-FR","@id":"https:\/\/www.artisanlocal.ch\/c\/besoin-dun-expert-de-la-pose-de-carrelage-a-avenches\/#primaryimage","url":"https:\/\/www.artisanlocal.ch\/c\/wp-content\/uploads\/2024\/11\/carreleur.jpg","contentUrl":"https:\/\/www.artisanlocal.ch\/c\/wp-content\/uploads\/2024\/11\/carreleur.jpg","width":1920,"height":300},{"@type":"BreadcrumbList","@id":"https:\/\/www.artisanlocal.ch\/c\/besoin-dun-expert-de-la-pose-de-carrelage-a-avenches\/#breadcrumb","itemListElement":[{"@type":"ListItem","position":1,"name":"Accueil","item":"https:\/\/www.artisanlocal.ch\/c\/"},{"@type":"ListItem","position":2,"name":"Carreleur \u00e0 Avenches"}]},{"@type":"WebSite","@id":"https:\/\/www.artisanlocal.ch\/c\/#website","url":"https:\/\/www.artisanlocal.ch\/c\/","name":"Artisanlocal","description":"","publisher":{"@id":"https:\/\/www.artisanlocal.ch\/c\/#organization"},"potentialAction":[{"@type":"SearchAction","target":{"@type":"EntryPoint","urlTemplate":"https:\/\/www.artisanlocal.ch\/c\/?s={search_term_string}"},"query-input":{"@type":"PropertyValueSpecification","valueRequired":true,"valueName":"search_term_string"}}],"inLanguage":"fr-FR"},{"@type":"Organization","@id":"https:\/\/www.artisanlocal.ch\/c\/#organization","name":"Artisanlocal","url":"https:\/\/www.artisanlocal.ch\/c\/","logo":{"@type":"ImageObject","inLanguage":"fr-FR","@id":"https:\/\/www.artisanlocal.ch\/c\/#\/schema\/logo\/image\/","url":"https:\/\/www.artisanlocal.ch\/c\/wp-content\/uploads\/2024\/02\/logo-artisanlocal-h.svg","contentUrl":"https:\/\/www.artisanlocal.ch\/c\/wp-content\/uploads\/2024\/02\/logo-artisanlocal-h.svg","caption":"Artisanlocal"},"image":{"@id":"https:\/\/www.artisanlocal.ch\/c\/#\/schema\/logo\/image\/"}}]}},"_links":{"self":[{"href":"https:\/\/www.artisanlocal.ch\/c\/wp-json\/wp\/v2\/pages\/564","targetHints":{"allow":["GET"]}}],"collection":[{"href":"https:\/\/www.artisanlocal.ch\/c\/wp-json\/wp\/v2\/pages"}],"about":[{"href":"https:\/\/www.artisanlocal.ch\/c\/wp-json\/wp\/v2\/types\/page"}],"author":[{"embeddable":true,"href":"https:\/\/www.artisanlocal.ch\/c\/wp-json\/wp\/v2\/users\/4"}],"replies":[{"embeddable":true,"href":"https:\/\/www.artisanlocal.ch\/c\/wp-json\/wp\/v2\/comments?post=564"}],"version-history":[{"count":0,"href":"https:\/\/www.artisanlocal.ch\/c\/wp-json\/wp\/v2\/pages\/564\/revisions"}],"wp:featuredmedia":[{"embeddable":true,"href":"https:\/\/www.artisanlocal.ch\/c\/wp-json\/wp\/v2\/media\/2804"}],"wp:attachment":[{"href":"https:\/\/www.artisanlocal.ch\/c\/wp-json\/wp\/v2\/media?parent=564"}],"wp:term":[{"taxonomy":"profession","embeddable":true,"href":"https:\/\/www.artisanlocal.ch\/c\/wp-json\/wp\/v2\/profession?post=564"},{"taxonomy":"location","embeddable":true,"href":"https:\/\/www.artisanlocal.ch\/c\/wp-json\/wp\/v2\/location?post=564"},{"taxonomy":"canton","embeddable":true,"href":"https:\/\/www.artisanlocal.ch\/c\/wp-json\/wp\/v2\/canton?post=564"}],"curies":[{"name":"wp","href":"https:\/\/api.w.org\/{rel}","templated":true}]}}