{"id":614,"date":"2024-04-22T01:54:21","date_gmt":"2024-04-21T23:54:21","guid":{"rendered":"https:\/\/www.artisanlocal.ch\/c\/societe-specialisee-dans-la-pose-de-carreaux-a-mezieres\/"},"modified":"2025-08-26T19:29:10","modified_gmt":"2025-08-26T17:29:10","slug":"societe-specialisee-dans-la-pose-de-carreaux-a-mezieres","status":"publish","type":"page","link":"https:\/\/www.artisanlocal.ch\/c\/societe-specialisee-dans-la-pose-de-carreaux-a-mezieres\/","title":{"rendered":"Soci\u00e9t\u00e9 sp\u00e9cialis\u00e9e dans la pose de carreaux \u00e0 M\u00e9zi\u00e8res VD ?"},"content":{"rendered":"<p>Pour obtenir des estimations de prix sur la pose de carreaux, contactez-nous. Artisanlocal offre des services d&rsquo;installation de carreaux afin de r\u00e9pondre \u00e0 toutes vos demandes de pose de carreaux classiques, de carrelage de dosseret pour cuisine, de carreaux dans votre salle d&rsquo;eau ou de carrelage sur votre sol ! Nous intervenons aussi dans les localit\u00e9s \u00e0 proximit\u00e9 de M\u00e9zi\u00e8res VD.<\/p>\n\r\n<div class=\"box\">\r\n            <div class=\"company-info\">\r\n            <img decoding=\"async\" class=\"company-info__logo\" src=\"https:\/\/www.artisanlocal.ch\/media\/cache\/thumb\/images\/companies\/67d98ce9a3224142328805.png\" alt=\"Logo\">\r\n            <h2 class=\"company-info__name\">Facchino David<\/h2>\r\n            <p class=\"company-info__business\">Entreprise de carrelage - Pierres naturelles - R\u00e9novation<\/p>\r\n        <\/div>\r\n        <div class=\"company-contact\">\r\n            <p class=\"company-info__address\">Route de Bourg-Dessous 12<\/p>\r\n                            <div class=\"links\">\r\n                                            <a class=\"btn has-accent-background-color js-phoneNumber\" href=\"tel:0793022390\" title=\"Appelez\" data-id=\"6744\" data-type=\"11\">079 302 23 90<\/a>\r\n                                                        <\/div>\r\n                    <\/div>\r\n    \r\n            \r\n<form action=\"https:\/\/www.artisanlocal.ch\/c\/wp-admin\/admin-ajax.php\" method=\"post\" class=\"form-contact\" id=\"artisan_form_contact_company_inline\">\r\n    <div><input type=\"hidden\" name=\"action\" value=\"company_contact\"><\/div>\r\n    <div><input type=\"hidden\" name=\"nonce\" value=\"32d8b14c12\"><\/div>\r\n    <div><input type=\"hidden\" name=\"company_id\" value=\"6744\"><\/div>\r\n    <div><input type=\"hidden\" name=\"form_id\" value=\"artisan_form_contact_company_inline\"><\/div>\r\n    <div class=\"gglcptch gglcptch_v3 gglcptch_custom\"><input type=\"hidden\" id=\"g-recaptcha-response\" name=\"g-recaptcha-response\" \/><br \/><div class=\"gglcptch_error_text\">La p\u00e9riode de v\u00e9rification reCAPTCHA a expir\u00e9. Veuillez recharger la page.<\/div><\/div>    <div class=\"form-content\">\r\n        <div class=\"form-group\">\r\n            <label for=\"contact_firstName\" class=\"required\">Pr\u00e9nom<\/label>\r\n            <input type=\"text\" name=\"firstName\" class=\"form-control\" required>\r\n        <\/div>\r\n        <div class=\"form-group\">\r\n            <label for=\"contact_lastName\" class=\"required\">Nom<\/label>\r\n            <input type=\"text\" name=\"lastName\" class=\"form-control\" required>\r\n        <\/div>\r\n        <div class=\"form-group\">\r\n            <label for=\"contact_email\" class=\"required\">Email<\/label>\r\n            <input type=\"email\" name=\"email\" class=\"form-control\" required>\r\n        <\/div>\r\n        <div class=\"form-group\">\r\n            <label for=\"contact_phone\" class=\"required\">Num\u00e9ro de t\u00e9l\u00e9phone<\/label>\r\n            <input type=\"tel\" name=\"phone\" class=\"form-control\" placeholder=\"0787117165\" pattern=\"^[0-9]{10}$\" required>\r\n        <\/div>\r\n        <div class=\"form-group\">\r\n            <label for=\"contact_postalCode\" class=\"required\">Code postal et localit\u00e9<\/label>\r\n            <input type=\"text\" name=\"postalCode\" class=\"form-control\" required>\r\n        <\/div>\r\n        <div class=\"form-group\">\r\n            <label for=\"contact_address\" class=\"required\">Adresse<\/label>\r\n            <input type=\"text\" name=\"address\" class=\"form-control\" required>\r\n        <\/div>\r\n        <div class=\"full-width topic\">\r\n            <p class=\"required\">Je souhaite \u00eatre contact\u00e9 pour :<\/p>\r\n            <div class=\"form-check\">\r\n                <input type=\"radio\" name=\"topic\" value=\"D\u00e9pannage\" class=\"form-control\" required>\r\n                <label for=\"d\u00e9pannage\">D\u00e9pannage<\/label>\r\n            <\/div>\r\n            <div class=\"form-check\">\r\n                <input type=\"radio\" name=\"topic\" value=\"Entretien\" class=\"form-control\" required>\r\n                <label for=\"entretien\">Entretien<\/label>\r\n            <\/div>\r\n            <div class=\"form-check\">\r\n                <input type=\"radio\" name=\"topic\" value=\"R\u00e9novation\" class=\"form-control\" required>\r\n                <label for=\"r\u00e9novation\">R\u00e9novation<\/label>\r\n            <\/div>\r\n            <div class=\"form-check\">\r\n                <input type=\"radio\" name=\"topic\" value=\"Autre\" class=\"form-control\" required>\r\n                <label for=\"autre\">Autre<\/label>\r\n            <\/div>\r\n        <\/div>\r\n        <div class=\"form-group full-width\">\r\n            <label for=\"contact_message\">Message<\/label>\r\n            <textarea name=\"message\" rows=\"3\" class=\"form-control\"><\/textarea>\r\n        <\/div>\r\n    <\/div>\r\n    <div class=\"form-actions\">\r\n        <button class=\"wp-block-button__link has-accent-background-color\">Contacter<\/button>\r\n    <\/div>\r\n<\/form>\r\n<div class=\"form-feedback\"><\/div>    <\/div>\n<h2>Pour quelle raison choisir notre soci\u00e9t\u00e9 ?<\/h2>\n<p>Artisanlocal vous accompagne dans votre projet de carreaux \u00e0 M\u00e9zi\u00e8res VD, s\u00e9lectionnez notre \u00e9quipe, car :<\/p>\n<ul>\n<li>nos tarif sont comp\u00e9titifs,<\/li>\n<li>nous posons du carrelage haut de gamme,<\/li>\n<li>notre entreprise est localis\u00e9e \u00e0 M\u00e9zi\u00e8res VD, et intervient en urgence \u00e0 votre domicile,<\/li>\n<li>nos recommandations sont individualis\u00e9es \u00e0 votre projet, par exemple : pour choisir vos carreaux,<\/li>\n<li>nous fournissons des devis gratuit,<\/li>\n<li>nous avons une \u00e9quipe exp\u00e9riment\u00e9e,<\/li>\n<li>une soci\u00e9t\u00e9 de confiance : nous collaborons avec des entreprises importantes et des entreprises d&rsquo;architectures pour des poses de parquet, carrelage, fa\u00efence, et autres rev\u00eatements.<\/li>\n<\/ul>\n<h2>Contactez-nous d\u00e8s maintenant pour recevoir votre devis <\/h2>\n<p>Sollicitez notre \u00e9quipe pour obtenir une estimation, nous prendrons contact avec vous aussit\u00f4t pour chiffrer le prix de votre projet.<\/p>\n<h2>Nos services<\/h2>\n<p>Nos professionnels de la pose de carreaux \u00e0 M\u00e9zi\u00e8res VD fournissent aux commerces locaux et aux M\u00e9zi\u00e9rois, les prestations suivantes :<\/p>\n<ul>\n<li>La mise en place de plusieurs types carreaux tels que le parquet, le carrelage traditionnel et la fa\u00efence,<\/li>\n<li>une aide pour bien choisir vos carreaux,<\/li>\n<li>l&rsquo;installation du carrelage,<\/li>\n<li>l&rsquo;application de joint pour vos carreaux,<\/li>\n<li>l&rsquo;application du carrelage sur les murs et les sols,<\/li>\n<li>la pose de carrelage int\u00e9rieur et ext\u00e9rieur,<\/li>\n<li>le retrait de vos carreaux existants,<\/li>\n<li>le d\u00e9montage du plancher flottant,<\/li>\n<li>la pose de carrelage pour votre terrasse.<\/li>\n<\/ul>\n<h2>Comment choisir le carrelage id\u00e9al ?<\/h2>\n<h3>Bien identifier la zone d&rsquo;installation<\/h3>\n<p>\u00c9tudiez bien le lieu et la fr\u00e9quence pendant laquelle le carrelage sera soumis \u00e0 un vieillissement pr\u00e9matur\u00e9, sera-t-il dans une zone \u00e0 fort passage pi\u00e9tonnier? D&rsquo;ailleurs, les gens porteront-ils des chaussures ou des chaussettes en marchant sur les carreaux? Sera-t-il expos\u00e9 \u00e0 des conditions humides? Pensez par ailleurs aux espaces qu&rsquo;il couvrira, tel que les murs, les plans de travail de cuisine, les sols, etc.<\/p>\n<h3>D\u00e9terminez la quantit\u00e9 de carrelage requis<\/h3>\n<p>Dans le but de d\u00e9terminer le volume de carrelage pour votre projet, faites la multiplication : largeur par sa longueur et rajoutez environ 5 % pour conserver une marge de protection. Nous vous sugg\u00e9rons de garder en stock des carreaux afin de r\u00e9parer de possibles d\u00e9g\u00e2ts.<\/p>\n<h3>Choisissez le bon mat\u00e9riau<\/h3>\n<p>Il existe plusieurs mat\u00e9riaux gr\u00e2ce auxquels le carrelage est cr\u00e9\u00e9, le type de mat\u00e9riaux a un effet sur : l\u2019apparence, la long\u00e9vit\u00e9 et le montant de l&rsquo;entretien. De plus, il faut tenir compte de la texture et des finitions pour s\u00e9lectionner les meilleurs carreaux possible.<\/p>\n<h3>Maintenance<\/h3>\n<p>Vous devez d&rsquo;autre part prendre en consid\u00e9ration le niveau d&rsquo;entretien lors du choix de vos carreaux, par exemple : l&rsquo;entretien du carrelage avec des joints clairs est plus compliqu\u00e9 \u00e0 cause de leur faciliter \u00e0 accumuler la poussi\u00e8re, ce qui les rend plus complexes \u00e0 d\u00e9crasser par rapport aux autres coloris.<\/p>\n<h2>Contactez-nous pour obtenir un rendez-vous<\/h2>\n<p>Notre entreprise constitu\u00e9e d&rsquo;experts dans la pose de carreaux \u00e0 M\u00e9zi\u00e8res VD savent que la s\u00e9lection des carreaux peut-\u00eatre compliqu\u00e9e, c&rsquo;est la raison pour laquelle notre \u00e9quipe est joignable du lundi au samedi pour vous fournir des conseils.<\/p>\n<h2>FAQ<\/h2>\n<h3>Quel est le fonctionnement de votre soci\u00e9t\u00e9 ?<\/h3>\n<ol>\n<li>Prise de rendez-vous par email ou par t\u00e9l\u00e9phone.<\/li>\n<li>Nous programmons ensemble le rendez-vous en fonction de vos disponibilit\u00e9s.<\/li>\n<li>Visite \u00e0 votre domicile pour d\u00e9terminer le travail \u00e0 effectuer.<\/li>\n<li>Lancement de votre projet.<\/li>\n<\/ol>\n<h3>Op\u00e9rez-vous dans les communes \u00e0 proximit\u00e9 de M\u00e9zi\u00e8res VD ?<\/h3>\n<p>Oui, nous nous d\u00e9pla\u00e7ons \u00e0 M\u00e9zi\u00e8res VD, n\u00e9anmoins, notre \u00e9quipe op\u00e8re dans les villes aux environs, comme:<\/p>\nPeney-le-Jorat, Forel (Lavaux), Mollie-Margot, Savigny, Ferlens VD, Servion, Essertes, Les Cullayes, Montpreveyres, Corcelles-le-Jorat, Carrouge VD, Vulliens, Ropraz, Les Tavernes, Les Thioleyres, Pal\u00e9zieux, Pal\u00e9zieux-Village, Oron-le-Ch\u00e2tel, Chapelle (Gl\u00e2ne), Bussigny-sur-Oron, Chesalles-sur-Oron, Ch\u00e2tillens, Oron-la-Ville, Vuibroye, Le Cr\u00eat-pr\u00e8s-Semsales, Ecoteaux, Maracon.\n<\/p>\n<h3>Quels sont les mod\u00e8les de carreaux les plus populaires que vous posez\u202f?<\/h3>\n<p>Voici les carreaux les plus populaires que nous posons:<\/p>\n<ul>\n<li>Les carrelages mosa\u00efques : v\u00e9ritable succ\u00e8s, ils rajoutent un style inimitable \u00e0 votre foyer.<\/li>\n<li>Les carrelages int\u00e9rieur blancs de m\u00e9tro : embl\u00e9matiques, il ajoute une touche lumineuse \u00e0 votre salle de bain ou votre cuisine.<\/li>\n<li>Les carrelages de marbre : ils sont plus co\u00fbteux, mais ils permettent d&rsquo;apporter une touche luxe \u00e0 votre foyer.<\/li>\n<li>Les carreaux de c\u00e9ramique : ils sont \u00e9conomiques, simples \u00e0 nettoyer et ils existent dans de multiples variantes.<\/li>\n<li>Le carrelage ciment : ils sont populaires et ils attirent les yeux, ils sont g\u00e9n\u00e9ralement utilis\u00e9s dans les galeries marchandes et maisons.<\/li>\n<li>Les carrelages porcelaine : comparable aux surfaces naturelles, il est r\u00e9sistant aux chocs, changement de temp\u00e9rature.<\/li>\n<\/ul>\n","protected":false},"excerpt":{"rendered":"<p>Pour obtenir des estimations de prix sur la pose de carreaux, contactez-nous. Artisanlocal offre des services d&rsquo;installation de carreaux afin de r\u00e9pondre \u00e0 toutes vos demandes de pose de carreaux classiques, de carrelage de dosseret pour cuisine, de carreaux dans votre salle d&rsquo;eau ou de carrelage sur votre sol ! Nous intervenons aussi dans les [&hellip;]<\/p>\n","protected":false},"author":4,"featured_media":2804,"parent":0,"menu_order":0,"comment_status":"closed","ping_status":"closed","template":"","meta":{"footnotes":""},"profession":[119],"location":[95],"canton":[113],"class_list":["post-614","page","type-page","status-publish","has-post-thumbnail","hentry","profession-carreleur","location-mezieres-vd","canton-vd"],"yoast_head":"<!-- This site is optimized with the Yoast SEO Premium plugin v25.7.1 (Yoast SEO v27.4) - https:\/\/yoast.com\/product\/yoast-seo-premium-wordpress\/ -->\n<title>Soci\u00e9t\u00e9 sp\u00e9cialis\u00e9e dans la pose de carreaux \u00e0 M\u00e9zi\u00e8res VD ? - Artisanlocal<\/title>\n<meta name=\"robots\" content=\"index, follow, max-snippet:-1, max-image-preview:large, max-video-preview:-1\" \/>\n<link rel=\"canonical\" href=\"https:\/\/www.artisanlocal.ch\/c\/societe-specialisee-dans-la-pose-de-carreaux-a-mezieres\/\" \/>\n<meta property=\"og:locale\" content=\"fr_FR\" \/>\n<meta property=\"og:type\" content=\"article\" \/>\n<meta property=\"og:title\" content=\"Soci\u00e9t\u00e9 sp\u00e9cialis\u00e9e dans la pose de carreaux \u00e0 M\u00e9zi\u00e8res VD ?\" \/>\n<meta property=\"og:description\" content=\"Pour obtenir des estimations de prix sur la pose de carreaux, contactez-nous. Artisanlocal offre des services d&rsquo;installation de carreaux afin de r\u00e9pondre \u00e0 toutes vos demandes de pose de carreaux classiques, de carrelage de dosseret pour cuisine, de carreaux dans votre salle d&rsquo;eau ou de carrelage sur votre sol ! Nous intervenons aussi dans les [&hellip;]\" \/>\n<meta property=\"og:url\" content=\"https:\/\/www.artisanlocal.ch\/c\/societe-specialisee-dans-la-pose-de-carreaux-a-mezieres\/\" \/>\n<meta property=\"og:site_name\" content=\"Artisanlocal\" \/>\n<meta property=\"article:modified_time\" content=\"2025-08-26T17:29:10+00:00\" \/>\n<meta property=\"og:image\" content=\"https:\/\/www.artisanlocal.ch\/c\/wp-content\/uploads\/2024\/11\/carreleur.jpg\" \/>\n\t<meta property=\"og:image:width\" content=\"1920\" \/>\n\t<meta property=\"og:image:height\" content=\"300\" \/>\n\t<meta property=\"og:image:type\" content=\"image\/jpeg\" \/>\n<meta name=\"twitter:card\" content=\"summary_large_image\" \/>\n<meta name=\"twitter:label1\" content=\"Dur\u00e9e de lecture estim\u00e9e\" \/>\n\t<meta name=\"twitter:data1\" content=\"4 minutes\" \/>\n<script type=\"application\/ld+json\" class=\"yoast-schema-graph\">{\"@context\":\"https:\\\/\\\/schema.org\",\"@graph\":[{\"@type\":\"WebPage\",\"@id\":\"https:\\\/\\\/www.artisanlocal.ch\\\/c\\\/societe-specialisee-dans-la-pose-de-carreaux-a-mezieres\\\/\",\"url\":\"https:\\\/\\\/www.artisanlocal.ch\\\/c\\\/societe-specialisee-dans-la-pose-de-carreaux-a-mezieres\\\/\",\"name\":\"Soci\u00e9t\u00e9 sp\u00e9cialis\u00e9e dans la pose de carreaux \u00e0 M\u00e9zi\u00e8res VD ? - Artisanlocal\",\"isPartOf\":{\"@id\":\"https:\\\/\\\/www.artisanlocal.ch\\\/c\\\/#website\"},\"primaryImageOfPage\":{\"@id\":\"https:\\\/\\\/www.artisanlocal.ch\\\/c\\\/societe-specialisee-dans-la-pose-de-carreaux-a-mezieres\\\/#primaryimage\"},\"image\":{\"@id\":\"https:\\\/\\\/www.artisanlocal.ch\\\/c\\\/societe-specialisee-dans-la-pose-de-carreaux-a-mezieres\\\/#primaryimage\"},\"thumbnailUrl\":\"https:\\\/\\\/www.artisanlocal.ch\\\/c\\\/wp-content\\\/uploads\\\/2024\\\/11\\\/carreleur.jpg\",\"datePublished\":\"2024-04-21T23:54:21+00:00\",\"dateModified\":\"2025-08-26T17:29:10+00:00\",\"breadcrumb\":{\"@id\":\"https:\\\/\\\/www.artisanlocal.ch\\\/c\\\/societe-specialisee-dans-la-pose-de-carreaux-a-mezieres\\\/#breadcrumb\"},\"inLanguage\":\"fr-FR\",\"potentialAction\":[{\"@type\":\"ReadAction\",\"target\":[\"https:\\\/\\\/www.artisanlocal.ch\\\/c\\\/societe-specialisee-dans-la-pose-de-carreaux-a-mezieres\\\/\"]}]},{\"@type\":\"ImageObject\",\"inLanguage\":\"fr-FR\",\"@id\":\"https:\\\/\\\/www.artisanlocal.ch\\\/c\\\/societe-specialisee-dans-la-pose-de-carreaux-a-mezieres\\\/#primaryimage\",\"url\":\"https:\\\/\\\/www.artisanlocal.ch\\\/c\\\/wp-content\\\/uploads\\\/2024\\\/11\\\/carreleur.jpg\",\"contentUrl\":\"https:\\\/\\\/www.artisanlocal.ch\\\/c\\\/wp-content\\\/uploads\\\/2024\\\/11\\\/carreleur.jpg\",\"width\":1920,\"height\":300},{\"@type\":\"BreadcrumbList\",\"@id\":\"https:\\\/\\\/www.artisanlocal.ch\\\/c\\\/societe-specialisee-dans-la-pose-de-carreaux-a-mezieres\\\/#breadcrumb\",\"itemListElement\":[{\"@type\":\"ListItem\",\"position\":1,\"name\":\"Accueil\",\"item\":\"https:\\\/\\\/www.artisanlocal.ch\\\/c\\\/\"},{\"@type\":\"ListItem\",\"position\":2,\"name\":\"Soci\u00e9t\u00e9 sp\u00e9cialis\u00e9e dans la pose de carreaux \u00e0 M\u00e9zi\u00e8res ?\"}]},{\"@type\":\"WebSite\",\"@id\":\"https:\\\/\\\/www.artisanlocal.ch\\\/c\\\/#website\",\"url\":\"https:\\\/\\\/www.artisanlocal.ch\\\/c\\\/\",\"name\":\"Artisanlocal\",\"description\":\"\",\"publisher\":{\"@id\":\"https:\\\/\\\/www.artisanlocal.ch\\\/c\\\/#organization\"},\"potentialAction\":[{\"@type\":\"SearchAction\",\"target\":{\"@type\":\"EntryPoint\",\"urlTemplate\":\"https:\\\/\\\/www.artisanlocal.ch\\\/c\\\/?s={search_term_string}\"},\"query-input\":{\"@type\":\"PropertyValueSpecification\",\"valueRequired\":true,\"valueName\":\"search_term_string\"}}],\"inLanguage\":\"fr-FR\"},{\"@type\":\"Organization\",\"@id\":\"https:\\\/\\\/www.artisanlocal.ch\\\/c\\\/#organization\",\"name\":\"Artisanlocal\",\"url\":\"https:\\\/\\\/www.artisanlocal.ch\\\/c\\\/\",\"logo\":{\"@type\":\"ImageObject\",\"inLanguage\":\"fr-FR\",\"@id\":\"https:\\\/\\\/www.artisanlocal.ch\\\/c\\\/#\\\/schema\\\/logo\\\/image\\\/\",\"url\":\"https:\\\/\\\/www.artisanlocal.ch\\\/c\\\/wp-content\\\/uploads\\\/2024\\\/02\\\/logo-artisanlocal-h.svg\",\"contentUrl\":\"https:\\\/\\\/www.artisanlocal.ch\\\/c\\\/wp-content\\\/uploads\\\/2024\\\/02\\\/logo-artisanlocal-h.svg\",\"caption\":\"Artisanlocal\"},\"image\":{\"@id\":\"https:\\\/\\\/www.artisanlocal.ch\\\/c\\\/#\\\/schema\\\/logo\\\/image\\\/\"}}]}<\/script>\n<!-- \/ Yoast SEO Premium plugin. -->","yoast_head_json":{"title":"Soci\u00e9t\u00e9 sp\u00e9cialis\u00e9e dans la pose de carreaux \u00e0 M\u00e9zi\u00e8res VD ? - Artisanlocal","robots":{"index":"index","follow":"follow","max-snippet":"max-snippet:-1","max-image-preview":"max-image-preview:large","max-video-preview":"max-video-preview:-1"},"canonical":"https:\/\/www.artisanlocal.ch\/c\/societe-specialisee-dans-la-pose-de-carreaux-a-mezieres\/","og_locale":"fr_FR","og_type":"article","og_title":"Soci\u00e9t\u00e9 sp\u00e9cialis\u00e9e dans la pose de carreaux \u00e0 M\u00e9zi\u00e8res VD ?","og_description":"Pour obtenir des estimations de prix sur la pose de carreaux, contactez-nous. Artisanlocal offre des services d&rsquo;installation de carreaux afin de r\u00e9pondre \u00e0 toutes vos demandes de pose de carreaux classiques, de carrelage de dosseret pour cuisine, de carreaux dans votre salle d&rsquo;eau ou de carrelage sur votre sol ! Nous intervenons aussi dans les [&hellip;]","og_url":"https:\/\/www.artisanlocal.ch\/c\/societe-specialisee-dans-la-pose-de-carreaux-a-mezieres\/","og_site_name":"Artisanlocal","article_modified_time":"2025-08-26T17:29:10+00:00","og_image":[{"width":1920,"height":300,"url":"https:\/\/www.artisanlocal.ch\/c\/wp-content\/uploads\/2024\/11\/carreleur.jpg","type":"image\/jpeg"}],"twitter_card":"summary_large_image","twitter_misc":{"Dur\u00e9e de lecture estim\u00e9e":"4 minutes"},"schema":{"@context":"https:\/\/schema.org","@graph":[{"@type":"WebPage","@id":"https:\/\/www.artisanlocal.ch\/c\/societe-specialisee-dans-la-pose-de-carreaux-a-mezieres\/","url":"https:\/\/www.artisanlocal.ch\/c\/societe-specialisee-dans-la-pose-de-carreaux-a-mezieres\/","name":"Soci\u00e9t\u00e9 sp\u00e9cialis\u00e9e dans la pose de carreaux \u00e0 M\u00e9zi\u00e8res VD ? - Artisanlocal","isPartOf":{"@id":"https:\/\/www.artisanlocal.ch\/c\/#website"},"primaryImageOfPage":{"@id":"https:\/\/www.artisanlocal.ch\/c\/societe-specialisee-dans-la-pose-de-carreaux-a-mezieres\/#primaryimage"},"image":{"@id":"https:\/\/www.artisanlocal.ch\/c\/societe-specialisee-dans-la-pose-de-carreaux-a-mezieres\/#primaryimage"},"thumbnailUrl":"https:\/\/www.artisanlocal.ch\/c\/wp-content\/uploads\/2024\/11\/carreleur.jpg","datePublished":"2024-04-21T23:54:21+00:00","dateModified":"2025-08-26T17:29:10+00:00","breadcrumb":{"@id":"https:\/\/www.artisanlocal.ch\/c\/societe-specialisee-dans-la-pose-de-carreaux-a-mezieres\/#breadcrumb"},"inLanguage":"fr-FR","potentialAction":[{"@type":"ReadAction","target":["https:\/\/www.artisanlocal.ch\/c\/societe-specialisee-dans-la-pose-de-carreaux-a-mezieres\/"]}]},{"@type":"ImageObject","inLanguage":"fr-FR","@id":"https:\/\/www.artisanlocal.ch\/c\/societe-specialisee-dans-la-pose-de-carreaux-a-mezieres\/#primaryimage","url":"https:\/\/www.artisanlocal.ch\/c\/wp-content\/uploads\/2024\/11\/carreleur.jpg","contentUrl":"https:\/\/www.artisanlocal.ch\/c\/wp-content\/uploads\/2024\/11\/carreleur.jpg","width":1920,"height":300},{"@type":"BreadcrumbList","@id":"https:\/\/www.artisanlocal.ch\/c\/societe-specialisee-dans-la-pose-de-carreaux-a-mezieres\/#breadcrumb","itemListElement":[{"@type":"ListItem","position":1,"name":"Accueil","item":"https:\/\/www.artisanlocal.ch\/c\/"},{"@type":"ListItem","position":2,"name":"Soci\u00e9t\u00e9 sp\u00e9cialis\u00e9e dans la pose de carreaux \u00e0 M\u00e9zi\u00e8res ?"}]},{"@type":"WebSite","@id":"https:\/\/www.artisanlocal.ch\/c\/#website","url":"https:\/\/www.artisanlocal.ch\/c\/","name":"Artisanlocal","description":"","publisher":{"@id":"https:\/\/www.artisanlocal.ch\/c\/#organization"},"potentialAction":[{"@type":"SearchAction","target":{"@type":"EntryPoint","urlTemplate":"https:\/\/www.artisanlocal.ch\/c\/?s={search_term_string}"},"query-input":{"@type":"PropertyValueSpecification","valueRequired":true,"valueName":"search_term_string"}}],"inLanguage":"fr-FR"},{"@type":"Organization","@id":"https:\/\/www.artisanlocal.ch\/c\/#organization","name":"Artisanlocal","url":"https:\/\/www.artisanlocal.ch\/c\/","logo":{"@type":"ImageObject","inLanguage":"fr-FR","@id":"https:\/\/www.artisanlocal.ch\/c\/#\/schema\/logo\/image\/","url":"https:\/\/www.artisanlocal.ch\/c\/wp-content\/uploads\/2024\/02\/logo-artisanlocal-h.svg","contentUrl":"https:\/\/www.artisanlocal.ch\/c\/wp-content\/uploads\/2024\/02\/logo-artisanlocal-h.svg","caption":"Artisanlocal"},"image":{"@id":"https:\/\/www.artisanlocal.ch\/c\/#\/schema\/logo\/image\/"}}]}},"_links":{"self":[{"href":"https:\/\/www.artisanlocal.ch\/c\/wp-json\/wp\/v2\/pages\/614","targetHints":{"allow":["GET"]}}],"collection":[{"href":"https:\/\/www.artisanlocal.ch\/c\/wp-json\/wp\/v2\/pages"}],"about":[{"href":"https:\/\/www.artisanlocal.ch\/c\/wp-json\/wp\/v2\/types\/page"}],"author":[{"embeddable":true,"href":"https:\/\/www.artisanlocal.ch\/c\/wp-json\/wp\/v2\/users\/4"}],"replies":[{"embeddable":true,"href":"https:\/\/www.artisanlocal.ch\/c\/wp-json\/wp\/v2\/comments?post=614"}],"version-history":[{"count":0,"href":"https:\/\/www.artisanlocal.ch\/c\/wp-json\/wp\/v2\/pages\/614\/revisions"}],"wp:featuredmedia":[{"embeddable":true,"href":"https:\/\/www.artisanlocal.ch\/c\/wp-json\/wp\/v2\/media\/2804"}],"wp:attachment":[{"href":"https:\/\/www.artisanlocal.ch\/c\/wp-json\/wp\/v2\/media?parent=614"}],"wp:term":[{"taxonomy":"profession","embeddable":true,"href":"https:\/\/www.artisanlocal.ch\/c\/wp-json\/wp\/v2\/profession?post=614"},{"taxonomy":"location","embeddable":true,"href":"https:\/\/www.artisanlocal.ch\/c\/wp-json\/wp\/v2\/location?post=614"},{"taxonomy":"canton","embeddable":true,"href":"https:\/\/www.artisanlocal.ch\/c\/wp-json\/wp\/v2\/canton?post=614"}],"curies":[{"name":"wp","href":"https:\/\/api.w.org\/{rel}","templated":true}]}}