{"id":697,"date":"2024-04-18T02:41:22","date_gmt":"2024-04-18T00:41:22","guid":{"rendered":"https:\/\/www.artisanlocal.ch\/c\/jai-besoin-dun-chauffagiste-a-ecublens\/"},"modified":"2025-08-27T01:32:43","modified_gmt":"2025-08-26T23:32:43","slug":"jai-besoin-dun-chauffagiste-a-ecublens","status":"publish","type":"page","link":"https:\/\/www.artisanlocal.ch\/c\/jai-besoin-dun-chauffagiste-a-ecublens\/","title":{"rendered":"J&rsquo;ai besoin d&rsquo;un chauffagiste \u00e0 Ecublens VD ?"},"content":{"rendered":"<p>Besoin d&rsquo;un sp\u00e9cialiste du chauffage \u00e0 Ecublens VD ? Si vous \u00eates un Ecublanais, notre soci\u00e9t\u00e9 assure la mise en place ainsi que la r\u00e9paration de votre syst\u00e8me de chauffage. Si vous travaillez avec nous, vous profitez :<\/p>\n<ul>\n<li>de prix transparent,<\/li>\n<li>de prestations de qualit\u00e9 sup\u00e9rieure,<\/li>\n<li>d&rsquo;intervention \u00e0 Ecublens VD et dans les alentours,<\/li>\n<li>des chauffagistes avec une solide exp\u00e9rience,<\/li>\n<li>de devis sans co\u00fbt,<\/li>\n<li>d&rsquo;experts joignables du lundi au samedi.<\/li>\n<\/ul>\n\r\n<div class=\"box\">\r\n            <div class=\"company-info\">\r\n            <img decoding=\"async\" class=\"company-info__logo\" src=\"https:\/\/www.artisanlocal.ch\/media\/cache\/thumb\/images\/companies\/60803815dc531069046081.png\" alt=\"Logo\">\r\n            <h2 class=\"company-info__name\">Ackermann et fils SA<\/h2>\r\n            <p class=\"company-info__business\">Installations sanitaires - Chauffages<\/p>\r\n        <\/div>\r\n        <div class=\"company-contact\">\r\n            <p class=\"company-info__address\">Route de la P\u00e2le 12<\/p>\r\n                            <div class=\"links\">\r\n                                            <a class=\"btn has-accent-background-color js-phoneNumber\" href=\"tel:0218011862\" title=\"Appelez\" data-id=\"2478\" data-type=\"11\">021 801 18 62<\/a>\r\n                                                                <a class=\"btn has-accent-background-color\" href=\"https:\/\/www.acksa.ch\/\" target=\"_blank\" title=\"Voir le site internet\" data-id=\"2478\" data-type=\"20\">Site internet<\/a>\r\n                                    <\/div>\r\n                    <\/div>\r\n    \r\n            \r\n<form action=\"https:\/\/www.artisanlocal.ch\/c\/wp-admin\/admin-ajax.php\" method=\"post\" class=\"form-contact\" id=\"artisan_form_contact_company_inline\">\r\n    <div><input type=\"hidden\" name=\"action\" value=\"company_contact\"><\/div>\r\n    <div><input type=\"hidden\" name=\"nonce\" value=\"f071462bb9\"><\/div>\r\n    <div><input type=\"hidden\" name=\"company_id\" value=\"2478\"><\/div>\r\n    <div><input type=\"hidden\" name=\"form_id\" value=\"artisan_form_contact_company_inline\"><\/div>\r\n    <div class=\"gglcptch gglcptch_v3 gglcptch_custom\"><input type=\"hidden\" id=\"g-recaptcha-response\" name=\"g-recaptcha-response\" \/><br \/><div class=\"gglcptch_error_text\">La p\u00e9riode de v\u00e9rification reCAPTCHA a expir\u00e9. Veuillez recharger la page.<\/div><\/div>    <div class=\"form-content\">\r\n        <div class=\"form-group\">\r\n            <label for=\"contact_firstName\" class=\"required\">Pr\u00e9nom<\/label>\r\n            <input type=\"text\" name=\"firstName\" class=\"form-control\" required>\r\n        <\/div>\r\n        <div class=\"form-group\">\r\n            <label for=\"contact_lastName\" class=\"required\">Nom<\/label>\r\n            <input type=\"text\" name=\"lastName\" class=\"form-control\" required>\r\n        <\/div>\r\n        <div class=\"form-group\">\r\n            <label for=\"contact_email\" class=\"required\">Email<\/label>\r\n            <input type=\"email\" name=\"email\" class=\"form-control\" required>\r\n        <\/div>\r\n        <div class=\"form-group\">\r\n            <label for=\"contact_phone\" class=\"required\">Num\u00e9ro de t\u00e9l\u00e9phone<\/label>\r\n            <input type=\"tel\" name=\"phone\" class=\"form-control\" placeholder=\"0787117165\" pattern=\"^[0-9]{10}$\" required>\r\n        <\/div>\r\n        <div class=\"form-group\">\r\n            <label for=\"contact_postalCode\" class=\"required\">Code postal et localit\u00e9<\/label>\r\n            <input type=\"text\" name=\"postalCode\" class=\"form-control\" required>\r\n        <\/div>\r\n        <div class=\"form-group\">\r\n            <label for=\"contact_address\" class=\"required\">Adresse<\/label>\r\n            <input type=\"text\" name=\"address\" class=\"form-control\" required>\r\n        <\/div>\r\n        <div class=\"full-width topic\">\r\n            <p class=\"required\">Je souhaite \u00eatre contact\u00e9 pour :<\/p>\r\n            <div class=\"form-check\">\r\n                <input type=\"radio\" name=\"topic\" value=\"D\u00e9pannage\" class=\"form-control\" required>\r\n                <label for=\"d\u00e9pannage\">D\u00e9pannage<\/label>\r\n            <\/div>\r\n            <div class=\"form-check\">\r\n                <input type=\"radio\" name=\"topic\" value=\"Entretien\" class=\"form-control\" required>\r\n                <label for=\"entretien\">Entretien<\/label>\r\n            <\/div>\r\n            <div class=\"form-check\">\r\n                <input type=\"radio\" name=\"topic\" value=\"R\u00e9novation\" class=\"form-control\" required>\r\n                <label for=\"r\u00e9novation\">R\u00e9novation<\/label>\r\n            <\/div>\r\n            <div class=\"form-check\">\r\n                <input type=\"radio\" name=\"topic\" value=\"Autre\" class=\"form-control\" required>\r\n                <label for=\"autre\">Autre<\/label>\r\n            <\/div>\r\n        <\/div>\r\n        <div class=\"form-group full-width\">\r\n            <label for=\"contact_message\">Message<\/label>\r\n            <textarea name=\"message\" rows=\"3\" class=\"form-control\"><\/textarea>\r\n        <\/div>\r\n    <\/div>\r\n    <div class=\"form-actions\">\r\n        <button class=\"wp-block-button__link has-accent-background-color\">Contacter<\/button>\r\n    <\/div>\r\n<\/form>\r\n<div class=\"form-feedback\"><\/div>    <\/div>\n<h2>Pourquoi travailler avec notre entreprise ?<\/h2>\n<p>\u00c9valuation rapide de votre projet : une fois que vous avez renseign\u00e9 le formulaire, notre chauffagiste \u00e0 Ecublens VD vous appelle dans la m\u00eame journ\u00e9e.<\/p>\n<p>D\u00e9placement de notre technicien chez vous : notre expert Ecublanais se d\u00e9place \u00e0 votre domicile le jour m\u00eame afin d&rsquo;estimer le co\u00fbt de votre chantier et contr\u00f4ler la faisabilit\u00e9 de votre projet. Ensuite, vous recevez une estimation d\u00e9taill\u00e9e et vous pouvez nous poser vos questions.<\/p>\n<p>Installation de votre syst\u00e8me de chauffage en 24\/48 heures : une fois que vous avez valid\u00e9 le devis avec notre expert \u00e0 Ecublens VD. Nous fixerons le jour de notre intervention ensemble.<\/p>\n<p>Service de d\u00e9pannage et de r\u00e9paration : en cas de panne de votre chauffage, chaudi\u00e8re ou chauffe-eau. Nous sommes pr\u00eats \u00e0 intervenir \u00e0 Ecublens VD ainsi que dans les localit\u00e9s proches.<\/p>\n<h2>Pourquoi doit-on entretenir un chauffage ?<\/h2>\n<p>Avoir un chauffage qui marche est essentiel, si vous avez de jeunes enfants. Nos chauffagistes vous aident \u00e0 r\u00e9gler la bonne temp\u00e9rature et la concentration de monoxyde de carbone engendr\u00e9 par votre syst\u00e8me de chauffage. Nos chauffagistes garantissent la maintenance et l&rsquo;entretien de votre chauffage, quel que soit le type : \u00e0 accumulation, basse temp\u00e9rature, \u00e9lectrique, fioul, condensation ou \u00e0 gaz.<\/p>\n<h2>\u00cates-vous capable de me d\u00e9panner \u00e0 distance ?<\/h2>\n<p>Oui, Artisanlocal peut vous d\u00e9panner \u00e0 distance. En nous d\u00e9crivant votre probl\u00e8me par t\u00e9l\u00e9phone, nous identifierons la bonne solution pour r\u00e9gler votre probl\u00e8me. N\u00e9anmoins, dans plusieurs cas, un expert doit venir \u00e0 votre logement.<\/p>\n<h2>Quel est le fonctionnement de votre entreprise ?<\/h2>\n<ol>\n<li>Premi\u00e8re prise de contact : Il est n\u00e9cessaire de nous contacter par mail ou par t\u00e9l\u00e9phone.<\/li>\n<li>D\u00e9placement : un de nos chauffagistes se d\u00e9place \u00e0 votre logement.<\/li>\n<li>Estimation : on analysera le volume de vos pi\u00e8ces, l&rsquo;isolation et l&rsquo;\u00e9quipement actuel pour estimer et d\u00e9terminer la meilleure solution.<\/li>\n<li>Avis : une proposition vous sera propos\u00e9e en fonction de vos besoins et votre budget.<\/li>\n<li>Prix : vous obtenez une estimation d\u00e9taill\u00e9e, vous pr\u00e9sentant les diverses d\u00e9penses.<\/li>\n<li>Installation : apr\u00e8s avoir sign\u00e9 notre estimation, nous r\u00e9alisons l&rsquo;installation de votre chauffage et r\u00e9glons le thermostat en fonction de vos besoins.<\/li>\n<\/ol>\n<h2>Quels sont les meilleurs types de chauffages pour votre propri\u00e9t\u00e9 ?<\/h2>\n<p>Notre expert chauffagiste vous aide pour choisir la meilleure solution, il vous donne des conseils sur mesure, parmi les \u00e9quipements chauffages : \u00e0 gaz, \u00e9lectriques, fioul, classiques, basses temp\u00e9ratures ou \u00e0 condensation.<\/p>\n<p>Les \u00e9quipements de chauffages \u00e0 basse temp\u00e9rature ou \u00e0 condensation, malgr\u00e9 un co\u00fbt plus important, ils permettent de r\u00e9aliser des \u00e9conomies sur le long terme.<\/p>\n<p>Avant la mise en place de votre chauffage, il faut d\u00e9terminer le meilleur thermostat. Pas d&rsquo;inqui\u00e9tude, le technicien qui se rend chez vous a l&rsquo;expertise pour r\u00e9gler toutes vos probl\u00e9matiques de chauffage. Dans notre devis, vous trouvez les d\u00e9tails de notre intervention, tel que le co\u00fbt des \u00e9quipements et de la main-d&rsquo;\u0153uvre.<\/p>\n<h2>Service de maintenance de votre chauffage \u00e0 Ecublens VD<\/h2>\n<p>Vous devez effectuer l&rsquo;entretien annuel de votre chauffage, qu&rsquo;il soit \u00e0 gaz ou au fioul. L&rsquo;entretien de votre chauffage offre la possibilit\u00e9 de contr\u00f4ler le taux de monoxyde de carbone qui se d\u00e9gage. Il convient de savoir, si votre chauffage g\u00e9n\u00e8re excessivement de monoxyde de carbone, il est probable de vous intoxiquer. Lors de notre intervention, l&rsquo;expert v\u00e9rifie et r\u00e8gle les \u00e9missions de monoxyde de carbone de votre syst\u00e8me de chauffage pour vous \u00e9viter d&rsquo;avoir des probl\u00e8mes de sant\u00e9.<\/p>\n<h2>Programme d&rsquo;entretien pour votre chauffage \u00e0 Ecublens VD<\/h2>\n<p>Dans le butd&rsquo;assurer le bon fonctionnement de votre chauffage, nous proposons des contrats d&rsquo;entretien. Avec un entretien r\u00e9gulier, vous \u00e9conomisez de l&rsquo;argent en emp\u00eachant les dysfonctionnements et les d\u00e9pannages en urgence.<\/p>\n<p>Aussi, si vous avez un probl\u00e8me avec votre chauffage, votre assureur demande le contrat de maintenance afin de contr\u00f4ler l&rsquo;\u00e9tat g\u00e9n\u00e9ral de votre chauffage avant le sinistre. Notre entreprise propose des contrats d&rsquo;entretien annuels ou pluriannuels.<\/p>\n<h2>Pourquoi souscrire \u00e0 un forfait d&rsquo;entretien pour votre chauffage ?<\/h2>\n<p>En cas de pi\u00e8ces d\u00e9fectueuses, nous assurons le remplacement rapide. D&rsquo;autre part, nous prenons l&rsquo;engagement d&rsquo;inspecter la totalit\u00e9 des \u00e9quipements de votre chauffage, comme :<\/p>\n<ul>\n<li>Les niveaux de pression dans vos tuyaux,<\/li>\n<li>et r\u00e9alisons-le nettoyage de votre br\u00fbleur, des tuyaux de liaison et des divers \u00e9l\u00e9ments chauffants.<\/li>\n<\/ul>\n<h2>Quels sont les diff\u00e9rents services propos\u00e9s par votre entreprise ?<\/h2>\n<p>Nos experts interviennent dans votre logement, pour :<\/p>\n<ul>\n<li>le d\u00e9tartrage et le d\u00e9sembouage de radiateur,<\/li>\n<li>la purge d&rsquo;air,<\/li>\n<li>l\u2019entretien des chauffe-eau et des chaudi\u00e8res,<\/li>\n<li>le param\u00e9trage de votre thermostat,<\/li>\n<li>la maintenance des chaudi\u00e8res \u00e0 condensation, \u00e0 gaz, basses temp\u00e9ratures, \u00e0 fioul, \u00e0 accumulation et \u00e9lectriques,<\/li>\n<li>la r\u00e9paration de la vanne de vidange,<\/li>\n<li>le d\u00e9pannage et la r\u00e9paration sur tous types de pannes : fuite de tuyauterie, radiateur qui ne marche plus, chaudi\u00e8re, etc.<\/li>\n<li>la mise en place de : chauffage, chaudi\u00e8re, pompe \u00e0 chaleur, radiateur \u00e9lectrique, plancher chauffant, etc.<\/li>\n<\/ul>\n<h2>FAQ<\/h2>\n<h3>Pourquoi avoir recours \u00e0 un technicien chauffagiste Ecublanais ?<\/h3>\n<p>Renforcer la temp\u00e9rature ambiante de votre int\u00e9rieur : un chauffage performant maintient la temp\u00e9rature de votre logement.<\/p>\n<p>Faire des \u00e9conomies : en s\u00e9lectionnant des mat\u00e9riaux de qualit\u00e9, pour le chauffage et l&rsquo;isolation, vous r\u00e9alisez des \u00e9conomies et diminuer vos \u00e9missions de CO2.<\/p>\n<p>Prot\u00e9ger la s\u00fbret\u00e9 de votre chauffage : respecter les r\u00e8gles de s\u00fbret\u00e9 permet de maintenir un chauffage s\u00fbr et efficace (par exemple, pour r\u00e9duire les \u00e9missions de monoxyde de carbone).<\/p>\n<p>\u00c9viter les difficult\u00e9s : en regardant votre syst\u00e8me de chauffage, un expert peut anticiper les futurs probl\u00e8mes.<\/p>\n<h3>Quels sont les \u00e9l\u00e9ments \u00e0 prendre en consid\u00e9ration pour s\u00e9lectionner le meilleur chauffagiste \u00e0 Ecublens VD ?<\/h3>\n<p>Les comp\u00e9tences : contr\u00f4lez les certifications certifiant que l\u2019entreprise \u00e0 un v\u00e9ritable savoir-faire dans son domaine d&rsquo;expertise.<\/p>\n<p>Les r\u00e9f\u00e9rences : prenez le temps de lire les avis des anciens clients ayant d\u00e9j\u00e0 collabor\u00e9 avec les soci\u00e9t\u00e9s.<\/p>\n<p>Les assurances : v\u00e9rifiez que la soci\u00e9t\u00e9 de chauffage dispose d&rsquo;une garantie assurance qui couvrira les \u00e9ventuels dommages occasionn\u00e9s lors de ses interventions.<\/p>\n<h3>\u00c0 quelle vitesse intervenez-vous dans un foyer Ecublanais ?<\/h3>\n<p>Nous op\u00e9rons \u00e0 votre foyer dans les deux heures (pour les situations d&rsquo;urgence) dans le cas contraire, nous pouvons intervenir au cours de la journ\u00e9e.<\/p>\n<h3>Pouvez-vous intervenir \u00e0 Ecublens VD et aux environs ?<\/h3>\n<p>Effectivement, nous r\u00e9alisons nos interventions \u00e0 Ecublens VD et dans les villes aux alentours, par exemple : Chavannes-pr\u00e8s-Renens, St-Sulpice VD, Denges, Echandens, Lonay, Pr\u00e9verenges, Villars-Ste-Croix, Bussigny, Morges, Echichens, St-Saphorin-sur-Morges, Colombier VD, Vullierens, Bremblens, Romanel-sur-Morges, Aclens, Monnaz, Vaux-sur-Morges, Clarmont, Reverolle, Tolochenaz, Lully VD, Chigny, Vufflens-le-Ch\u00e2teau, Denens, Bussy-Chardonney, St-Prex, Lussy-sur-Morges.<\/p>\n","protected":false},"excerpt":{"rendered":"<p>Besoin d&rsquo;un sp\u00e9cialiste du chauffage \u00e0 Ecublens VD ? Si vous \u00eates un Ecublanais, notre soci\u00e9t\u00e9 assure la mise en place ainsi que la r\u00e9paration de votre syst\u00e8me de chauffage. Si vous travaillez avec nous, vous profitez : de prix transparent, de prestations de qualit\u00e9 sup\u00e9rieure, d&rsquo;intervention \u00e0 Ecublens VD et dans les alentours, des [&hellip;]<\/p>\n","protected":false},"author":4,"featured_media":2757,"parent":0,"menu_order":0,"comment_status":"closed","ping_status":"closed","template":"","meta":{"footnotes":""},"profession":[120],"location":[41],"canton":[113],"class_list":["post-697","page","type-page","status-publish","has-post-thumbnail","hentry","profession-chauffagiste","location-ecublens-vd","canton-vd"],"yoast_head":"<!-- This site is optimized with the Yoast SEO Premium plugin v25.7.1 (Yoast SEO v27.4) - https:\/\/yoast.com\/product\/yoast-seo-premium-wordpress\/ -->\n<title>J&#039;ai besoin d&#039;un chauffagiste \u00e0 Ecublens VD ? - Artisanlocal<\/title>\n<meta name=\"robots\" content=\"index, follow, max-snippet:-1, max-image-preview:large, max-video-preview:-1\" \/>\n<link rel=\"canonical\" href=\"https:\/\/www.artisanlocal.ch\/c\/jai-besoin-dun-chauffagiste-a-ecublens\/\" \/>\n<meta property=\"og:locale\" content=\"fr_FR\" \/>\n<meta property=\"og:type\" content=\"article\" \/>\n<meta property=\"og:title\" content=\"J&#039;ai besoin d&#039;un chauffagiste \u00e0 Ecublens VD ?\" \/>\n<meta property=\"og:description\" content=\"Besoin d&rsquo;un sp\u00e9cialiste du chauffage \u00e0 Ecublens VD ? Si vous \u00eates un Ecublanais, notre soci\u00e9t\u00e9 assure la mise en place ainsi que la r\u00e9paration de votre syst\u00e8me de chauffage. Si vous travaillez avec nous, vous profitez : de prix transparent, de prestations de qualit\u00e9 sup\u00e9rieure, d&rsquo;intervention \u00e0 Ecublens VD et dans les alentours, des [&hellip;]\" \/>\n<meta property=\"og:url\" content=\"https:\/\/www.artisanlocal.ch\/c\/jai-besoin-dun-chauffagiste-a-ecublens\/\" \/>\n<meta property=\"og:site_name\" content=\"Artisanlocal\" \/>\n<meta property=\"article:modified_time\" content=\"2025-08-26T23:32:43+00:00\" \/>\n<meta property=\"og:image\" content=\"https:\/\/www.artisanlocal.ch\/c\/wp-content\/uploads\/2024\/10\/chauffagiste.jpg\" \/>\n\t<meta property=\"og:image:width\" content=\"1920\" \/>\n\t<meta property=\"og:image:height\" content=\"300\" \/>\n\t<meta property=\"og:image:type\" content=\"image\/jpeg\" \/>\n<meta name=\"twitter:card\" content=\"summary_large_image\" \/>\n<meta name=\"twitter:label1\" content=\"Dur\u00e9e de lecture estim\u00e9e\" \/>\n\t<meta name=\"twitter:data1\" content=\"6 minutes\" \/>\n<script type=\"application\/ld+json\" class=\"yoast-schema-graph\">{\"@context\":\"https:\\\/\\\/schema.org\",\"@graph\":[{\"@type\":\"WebPage\",\"@id\":\"https:\\\/\\\/www.artisanlocal.ch\\\/c\\\/jai-besoin-dun-chauffagiste-a-ecublens\\\/\",\"url\":\"https:\\\/\\\/www.artisanlocal.ch\\\/c\\\/jai-besoin-dun-chauffagiste-a-ecublens\\\/\",\"name\":\"J'ai besoin d'un chauffagiste \u00e0 Ecublens VD ? - Artisanlocal\",\"isPartOf\":{\"@id\":\"https:\\\/\\\/www.artisanlocal.ch\\\/c\\\/#website\"},\"primaryImageOfPage\":{\"@id\":\"https:\\\/\\\/www.artisanlocal.ch\\\/c\\\/jai-besoin-dun-chauffagiste-a-ecublens\\\/#primaryimage\"},\"image\":{\"@id\":\"https:\\\/\\\/www.artisanlocal.ch\\\/c\\\/jai-besoin-dun-chauffagiste-a-ecublens\\\/#primaryimage\"},\"thumbnailUrl\":\"https:\\\/\\\/www.artisanlocal.ch\\\/c\\\/wp-content\\\/uploads\\\/2024\\\/10\\\/chauffagiste.jpg\",\"datePublished\":\"2024-04-18T00:41:22+00:00\",\"dateModified\":\"2025-08-26T23:32:43+00:00\",\"breadcrumb\":{\"@id\":\"https:\\\/\\\/www.artisanlocal.ch\\\/c\\\/jai-besoin-dun-chauffagiste-a-ecublens\\\/#breadcrumb\"},\"inLanguage\":\"fr-FR\",\"potentialAction\":[{\"@type\":\"ReadAction\",\"target\":[\"https:\\\/\\\/www.artisanlocal.ch\\\/c\\\/jai-besoin-dun-chauffagiste-a-ecublens\\\/\"]}]},{\"@type\":\"ImageObject\",\"inLanguage\":\"fr-FR\",\"@id\":\"https:\\\/\\\/www.artisanlocal.ch\\\/c\\\/jai-besoin-dun-chauffagiste-a-ecublens\\\/#primaryimage\",\"url\":\"https:\\\/\\\/www.artisanlocal.ch\\\/c\\\/wp-content\\\/uploads\\\/2024\\\/10\\\/chauffagiste.jpg\",\"contentUrl\":\"https:\\\/\\\/www.artisanlocal.ch\\\/c\\\/wp-content\\\/uploads\\\/2024\\\/10\\\/chauffagiste.jpg\",\"width\":1920,\"height\":300},{\"@type\":\"BreadcrumbList\",\"@id\":\"https:\\\/\\\/www.artisanlocal.ch\\\/c\\\/jai-besoin-dun-chauffagiste-a-ecublens\\\/#breadcrumb\",\"itemListElement\":[{\"@type\":\"ListItem\",\"position\":1,\"name\":\"Accueil\",\"item\":\"https:\\\/\\\/www.artisanlocal.ch\\\/c\\\/\"},{\"@type\":\"ListItem\",\"position\":2,\"name\":\"J&rsquo;ai besoin d&rsquo;un chauffagiste \u00e0 Ecublens ?\"}]},{\"@type\":\"WebSite\",\"@id\":\"https:\\\/\\\/www.artisanlocal.ch\\\/c\\\/#website\",\"url\":\"https:\\\/\\\/www.artisanlocal.ch\\\/c\\\/\",\"name\":\"Artisanlocal\",\"description\":\"\",\"publisher\":{\"@id\":\"https:\\\/\\\/www.artisanlocal.ch\\\/c\\\/#organization\"},\"potentialAction\":[{\"@type\":\"SearchAction\",\"target\":{\"@type\":\"EntryPoint\",\"urlTemplate\":\"https:\\\/\\\/www.artisanlocal.ch\\\/c\\\/?s={search_term_string}\"},\"query-input\":{\"@type\":\"PropertyValueSpecification\",\"valueRequired\":true,\"valueName\":\"search_term_string\"}}],\"inLanguage\":\"fr-FR\"},{\"@type\":\"Organization\",\"@id\":\"https:\\\/\\\/www.artisanlocal.ch\\\/c\\\/#organization\",\"name\":\"Artisanlocal\",\"url\":\"https:\\\/\\\/www.artisanlocal.ch\\\/c\\\/\",\"logo\":{\"@type\":\"ImageObject\",\"inLanguage\":\"fr-FR\",\"@id\":\"https:\\\/\\\/www.artisanlocal.ch\\\/c\\\/#\\\/schema\\\/logo\\\/image\\\/\",\"url\":\"https:\\\/\\\/www.artisanlocal.ch\\\/c\\\/wp-content\\\/uploads\\\/2024\\\/02\\\/logo-artisanlocal-h.svg\",\"contentUrl\":\"https:\\\/\\\/www.artisanlocal.ch\\\/c\\\/wp-content\\\/uploads\\\/2024\\\/02\\\/logo-artisanlocal-h.svg\",\"caption\":\"Artisanlocal\"},\"image\":{\"@id\":\"https:\\\/\\\/www.artisanlocal.ch\\\/c\\\/#\\\/schema\\\/logo\\\/image\\\/\"}}]}<\/script>\n<!-- \/ Yoast SEO Premium plugin. -->","yoast_head_json":{"title":"J'ai besoin d'un chauffagiste \u00e0 Ecublens VD ? - Artisanlocal","robots":{"index":"index","follow":"follow","max-snippet":"max-snippet:-1","max-image-preview":"max-image-preview:large","max-video-preview":"max-video-preview:-1"},"canonical":"https:\/\/www.artisanlocal.ch\/c\/jai-besoin-dun-chauffagiste-a-ecublens\/","og_locale":"fr_FR","og_type":"article","og_title":"J'ai besoin d'un chauffagiste \u00e0 Ecublens VD ?","og_description":"Besoin d&rsquo;un sp\u00e9cialiste du chauffage \u00e0 Ecublens VD ? Si vous \u00eates un Ecublanais, notre soci\u00e9t\u00e9 assure la mise en place ainsi que la r\u00e9paration de votre syst\u00e8me de chauffage. Si vous travaillez avec nous, vous profitez : de prix transparent, de prestations de qualit\u00e9 sup\u00e9rieure, d&rsquo;intervention \u00e0 Ecublens VD et dans les alentours, des [&hellip;]","og_url":"https:\/\/www.artisanlocal.ch\/c\/jai-besoin-dun-chauffagiste-a-ecublens\/","og_site_name":"Artisanlocal","article_modified_time":"2025-08-26T23:32:43+00:00","og_image":[{"width":1920,"height":300,"url":"https:\/\/www.artisanlocal.ch\/c\/wp-content\/uploads\/2024\/10\/chauffagiste.jpg","type":"image\/jpeg"}],"twitter_card":"summary_large_image","twitter_misc":{"Dur\u00e9e de lecture estim\u00e9e":"6 minutes"},"schema":{"@context":"https:\/\/schema.org","@graph":[{"@type":"WebPage","@id":"https:\/\/www.artisanlocal.ch\/c\/jai-besoin-dun-chauffagiste-a-ecublens\/","url":"https:\/\/www.artisanlocal.ch\/c\/jai-besoin-dun-chauffagiste-a-ecublens\/","name":"J'ai besoin d'un chauffagiste \u00e0 Ecublens VD ? - Artisanlocal","isPartOf":{"@id":"https:\/\/www.artisanlocal.ch\/c\/#website"},"primaryImageOfPage":{"@id":"https:\/\/www.artisanlocal.ch\/c\/jai-besoin-dun-chauffagiste-a-ecublens\/#primaryimage"},"image":{"@id":"https:\/\/www.artisanlocal.ch\/c\/jai-besoin-dun-chauffagiste-a-ecublens\/#primaryimage"},"thumbnailUrl":"https:\/\/www.artisanlocal.ch\/c\/wp-content\/uploads\/2024\/10\/chauffagiste.jpg","datePublished":"2024-04-18T00:41:22+00:00","dateModified":"2025-08-26T23:32:43+00:00","breadcrumb":{"@id":"https:\/\/www.artisanlocal.ch\/c\/jai-besoin-dun-chauffagiste-a-ecublens\/#breadcrumb"},"inLanguage":"fr-FR","potentialAction":[{"@type":"ReadAction","target":["https:\/\/www.artisanlocal.ch\/c\/jai-besoin-dun-chauffagiste-a-ecublens\/"]}]},{"@type":"ImageObject","inLanguage":"fr-FR","@id":"https:\/\/www.artisanlocal.ch\/c\/jai-besoin-dun-chauffagiste-a-ecublens\/#primaryimage","url":"https:\/\/www.artisanlocal.ch\/c\/wp-content\/uploads\/2024\/10\/chauffagiste.jpg","contentUrl":"https:\/\/www.artisanlocal.ch\/c\/wp-content\/uploads\/2024\/10\/chauffagiste.jpg","width":1920,"height":300},{"@type":"BreadcrumbList","@id":"https:\/\/www.artisanlocal.ch\/c\/jai-besoin-dun-chauffagiste-a-ecublens\/#breadcrumb","itemListElement":[{"@type":"ListItem","position":1,"name":"Accueil","item":"https:\/\/www.artisanlocal.ch\/c\/"},{"@type":"ListItem","position":2,"name":"J&rsquo;ai besoin d&rsquo;un chauffagiste \u00e0 Ecublens ?"}]},{"@type":"WebSite","@id":"https:\/\/www.artisanlocal.ch\/c\/#website","url":"https:\/\/www.artisanlocal.ch\/c\/","name":"Artisanlocal","description":"","publisher":{"@id":"https:\/\/www.artisanlocal.ch\/c\/#organization"},"potentialAction":[{"@type":"SearchAction","target":{"@type":"EntryPoint","urlTemplate":"https:\/\/www.artisanlocal.ch\/c\/?s={search_term_string}"},"query-input":{"@type":"PropertyValueSpecification","valueRequired":true,"valueName":"search_term_string"}}],"inLanguage":"fr-FR"},{"@type":"Organization","@id":"https:\/\/www.artisanlocal.ch\/c\/#organization","name":"Artisanlocal","url":"https:\/\/www.artisanlocal.ch\/c\/","logo":{"@type":"ImageObject","inLanguage":"fr-FR","@id":"https:\/\/www.artisanlocal.ch\/c\/#\/schema\/logo\/image\/","url":"https:\/\/www.artisanlocal.ch\/c\/wp-content\/uploads\/2024\/02\/logo-artisanlocal-h.svg","contentUrl":"https:\/\/www.artisanlocal.ch\/c\/wp-content\/uploads\/2024\/02\/logo-artisanlocal-h.svg","caption":"Artisanlocal"},"image":{"@id":"https:\/\/www.artisanlocal.ch\/c\/#\/schema\/logo\/image\/"}}]}},"_links":{"self":[{"href":"https:\/\/www.artisanlocal.ch\/c\/wp-json\/wp\/v2\/pages\/697","targetHints":{"allow":["GET"]}}],"collection":[{"href":"https:\/\/www.artisanlocal.ch\/c\/wp-json\/wp\/v2\/pages"}],"about":[{"href":"https:\/\/www.artisanlocal.ch\/c\/wp-json\/wp\/v2\/types\/page"}],"author":[{"embeddable":true,"href":"https:\/\/www.artisanlocal.ch\/c\/wp-json\/wp\/v2\/users\/4"}],"replies":[{"embeddable":true,"href":"https:\/\/www.artisanlocal.ch\/c\/wp-json\/wp\/v2\/comments?post=697"}],"version-history":[{"count":0,"href":"https:\/\/www.artisanlocal.ch\/c\/wp-json\/wp\/v2\/pages\/697\/revisions"}],"wp:featuredmedia":[{"embeddable":true,"href":"https:\/\/www.artisanlocal.ch\/c\/wp-json\/wp\/v2\/media\/2757"}],"wp:attachment":[{"href":"https:\/\/www.artisanlocal.ch\/c\/wp-json\/wp\/v2\/media?parent=697"}],"wp:term":[{"taxonomy":"profession","embeddable":true,"href":"https:\/\/www.artisanlocal.ch\/c\/wp-json\/wp\/v2\/profession?post=697"},{"taxonomy":"location","embeddable":true,"href":"https:\/\/www.artisanlocal.ch\/c\/wp-json\/wp\/v2\/location?post=697"},{"taxonomy":"canton","embeddable":true,"href":"https:\/\/www.artisanlocal.ch\/c\/wp-json\/wp\/v2\/canton?post=697"}],"curies":[{"name":"wp","href":"https:\/\/api.w.org\/{rel}","templated":true}]}}