{"id":862,"date":"2024-04-22T21:35:21","date_gmt":"2024-04-22T19:35:21","guid":{"rendered":"https:\/\/www.artisanlocal.ch\/c\/votre-demenageur-a-siviriez\/"},"modified":"2025-08-26T19:28:24","modified_gmt":"2025-08-26T17:28:24","slug":"votre-demenageur-a-siviriez","status":"publish","type":"page","link":"https:\/\/www.artisanlocal.ch\/c\/votre-demenageur-a-siviriez\/","title":{"rendered":"Votre d\u00e9m\u00e9nageur \u00e0 Siviriez"},"content":{"rendered":"<p>D\u00e9m\u00e9nager \u00e0 Siviriez ne doit pas \u00eatre une source de stress. Si vous avez d\u00e9j\u00e0 trouv\u00e9 votre nouvel appartement et fix\u00e9 la date de votre d\u00e9m\u00e9nagement, vous devez vous demander comment programmer aux mieux votre d\u00e9m\u00e9nagement et installation ? \u00c0 l&rsquo;aide de notre soci\u00e9t\u00e9 de d\u00e9m\u00e9nagement \u00e0 Siviriez, vous \u00e9vitez les situations stressantes, Notre entreprise prend en charge la globalit\u00e9 de votre d\u00e9m\u00e9nagement, de la r\u00e9servation du camion, \u00e0 la protection de votre mobilier.<\/p>\n\r\n<div class=\"box\">\r\n            <div class=\"company-info\">\r\n            <img decoding=\"async\" class=\"company-info__logo\" src=\"https:\/\/www.artisanlocal.ch\/media\/cache\/thumb\/images\/companies\/rocco-demenagement-nettoyage.jpg\" alt=\"Logo\">\r\n            <h2 class=\"company-info__name\">Rocco D\u00e9m\u00e9nagement & Nettoyage<\/h2>\r\n            <p class=\"company-info__business\">D\u00e9m\u00e9nagements - Transports - Entreprise de nettoyage - Entretien - Conciergerie - D\u00e9barras<\/p>\r\n        <\/div>\r\n        <div class=\"company-contact\">\r\n            <p class=\"company-info__address\">Avenue Jean-Marie-Musy 12<\/p>\r\n                            <div class=\"links\">\r\n                                            <a class=\"btn has-accent-background-color js-phoneNumber\" href=\"tel:0791068988\" title=\"Appelez\" data-id=\"26952\" data-type=\"11\">079 106 89 88<\/a>\r\n                                                                <a class=\"btn has-accent-background-color\" href=\"https:\/\/www.rocco-demenagements.ch\/\" target=\"_blank\" title=\"Voir le site internet\" data-id=\"26952\" data-type=\"20\">Site internet<\/a>\r\n                                    <\/div>\r\n                    <\/div>\r\n    \r\n            \r\n<form action=\"https:\/\/www.artisanlocal.ch\/c\/wp-admin\/admin-ajax.php\" method=\"post\" class=\"form-contact\" id=\"artisan_form_contact_company_inline\">\r\n    <div><input type=\"hidden\" name=\"action\" value=\"company_contact\"><\/div>\r\n    <div><input type=\"hidden\" name=\"nonce\" value=\"f071462bb9\"><\/div>\r\n    <div><input type=\"hidden\" name=\"company_id\" value=\"26952\"><\/div>\r\n    <div><input type=\"hidden\" name=\"form_id\" value=\"artisan_form_contact_company_inline\"><\/div>\r\n    <div class=\"gglcptch gglcptch_v3 gglcptch_custom\"><input type=\"hidden\" id=\"g-recaptcha-response\" name=\"g-recaptcha-response\" \/><br \/><div class=\"gglcptch_error_text\">La p\u00e9riode de v\u00e9rification reCAPTCHA a expir\u00e9. Veuillez recharger la page.<\/div><\/div>    <div class=\"form-content\">\r\n        <div class=\"form-group\">\r\n            <label for=\"contact_firstName\" class=\"required\">Pr\u00e9nom<\/label>\r\n            <input type=\"text\" name=\"firstName\" class=\"form-control\" required>\r\n        <\/div>\r\n        <div class=\"form-group\">\r\n            <label for=\"contact_lastName\" class=\"required\">Nom<\/label>\r\n            <input type=\"text\" name=\"lastName\" class=\"form-control\" required>\r\n        <\/div>\r\n        <div class=\"form-group\">\r\n            <label for=\"contact_email\" class=\"required\">Email<\/label>\r\n            <input type=\"email\" name=\"email\" class=\"form-control\" required>\r\n        <\/div>\r\n        <div class=\"form-group\">\r\n            <label for=\"contact_phone\" class=\"required\">Num\u00e9ro de t\u00e9l\u00e9phone<\/label>\r\n            <input type=\"tel\" name=\"phone\" class=\"form-control\" placeholder=\"0787117165\" pattern=\"^[0-9]{10}$\" required>\r\n        <\/div>\r\n        <div class=\"form-group\">\r\n            <label for=\"contact_postalCode\" class=\"required\">Code postal et localit\u00e9<\/label>\r\n            <input type=\"text\" name=\"postalCode\" class=\"form-control\" required>\r\n        <\/div>\r\n        <div class=\"form-group\">\r\n            <label for=\"contact_address\" class=\"required\">Adresse<\/label>\r\n            <input type=\"text\" name=\"address\" class=\"form-control\" required>\r\n        <\/div>\r\n        <div class=\"full-width topic\">\r\n            <p class=\"required\">Je souhaite \u00eatre contact\u00e9 pour :<\/p>\r\n            <div class=\"form-check\">\r\n                <input type=\"radio\" name=\"topic\" value=\"D\u00e9pannage\" class=\"form-control\" required>\r\n                <label for=\"d\u00e9pannage\">D\u00e9pannage<\/label>\r\n            <\/div>\r\n            <div class=\"form-check\">\r\n                <input type=\"radio\" name=\"topic\" value=\"Entretien\" class=\"form-control\" required>\r\n                <label for=\"entretien\">Entretien<\/label>\r\n            <\/div>\r\n            <div class=\"form-check\">\r\n                <input type=\"radio\" name=\"topic\" value=\"R\u00e9novation\" class=\"form-control\" required>\r\n                <label for=\"r\u00e9novation\">R\u00e9novation<\/label>\r\n            <\/div>\r\n            <div class=\"form-check\">\r\n                <input type=\"radio\" name=\"topic\" value=\"Autre\" class=\"form-control\" required>\r\n                <label for=\"autre\">Autre<\/label>\r\n            <\/div>\r\n        <\/div>\r\n        <div class=\"form-group full-width\">\r\n            <label for=\"contact_message\">Message<\/label>\r\n            <textarea name=\"message\" rows=\"3\" class=\"form-control\"><\/textarea>\r\n        <\/div>\r\n    <\/div>\r\n    <div class=\"form-actions\">\r\n        <button class=\"wp-block-button__link has-accent-background-color\">Contacter<\/button>\r\n    <\/div>\r\n<\/form>\r\n<div class=\"form-feedback\"><\/div>    <\/div>\n<h2>Artisanlocal une entreprise de confiance pour votre projet de d\u00e9m\u00e9nagement \u00e0 Siviriez<\/h2>\n<p>Notre entreprise est implant\u00e9e \u00e0 Siviriez depuis plusieurs ann\u00e9es. Nous r\u00e9alisons le d\u00e9m\u00e9nagement pour les particuliers et les entreprises. Nos \u00e9quipes sont form\u00e9es et exp\u00e9riment\u00e9es pour vous aider, quelle que soit la complexit\u00e9 de votre d\u00e9m\u00e9nagement.<\/p>\n<h2>Quels sont les avantages de travailler avec Artisanlocal \u00e0 Siviriez ?<\/h2>\n<h3>Une soci\u00e9t\u00e9 \u00e9coresponsable<\/h3>\n<p>Pour r\u00e9duire notre empreinte carbone au cours de votre d\u00e9m\u00e9nagement, nous employons des protections biod\u00e9gradables, de plus, nous r\u00e9utilisons tous les mat\u00e9riaux utilis\u00e9s lors du d\u00e9m\u00e9nagement.<\/p>\n<h3>Artisanlocal une entreprise disponible \u00e0 tout moment pour votre d\u00e9m\u00e9nagement<\/h3>\n<p>Nos sommes disponibles \u00e0 tout moment et n&rsquo;importe quel jour de la semaine pour d\u00e9m\u00e9nager votre habitation, studio ou vos bureaux.<\/p>\n<h3>Prestation de d\u00e9m\u00e9nagement \u00e0 Siviriez et dans les communes aux alentours<\/h3>\n<p>Artisanlocal op\u00e8re \u00e0 Siviriez et dans les villes voisines, telles que : Bionnens, Esmonts, Ursy, Auboranges, Ecublens FR, Gillarens, Promasens, Rue, Montet (Gl\u00e2ne), Morlens, Vuarmarens, Blessens, Mossel, Vauderens, Chavannes-les-Forts, Prez-vers-Siviriez, Villaraboud, Berlens, Romont FR, Billens, Hennens, M\u00e9zi\u00e8res FR, Villariaz, Grangettes-pr\u00e8s-Romont, La Neirigue, Est\u00e9venens, La Magne, Vuisternens-devant-Romont, Lieffrens, Sommentier, Le Ch\u00e2telard-pr\u00e8s-Romont, Villaz-St-Pierre, Lussy FR, Villarimboud, Massonnens, Chavannes-sous-Orsonnens, Orsonnens, Villargiroud, Villarsiviriaux, La Joux FR, Les Ecasseys, Torny-le-Grand..<\/p>\n<h3>Intervention \u00e0 l&rsquo;international et dans toute la Suisse<\/h3>\n<p>Si vous vivez \u00e0 Siviriez, nous pouvons organiser votre d\u00e9m\u00e9nagement dans toutes les pays frontaliers et les villes de Suisse.&nbsp;<\/p>\n<h3>Artisanlocal une soci\u00e9t\u00e9 de d\u00e9m\u00e9nagement qui est attentive aux d\u00e9tails<\/h3>\n<p>Nous nous engageons \u00e0 prendre toutes les mesures n\u00e9cessaires pour \u00e9viter de cr\u00e9er des dommages, \u00e0 titre d&rsquo;illustration pour vos :&nbsp;<\/p>\n<ul>\n<li>Planchers : au cours de votre d\u00e9m\u00e9nagement, Artisanlocal prendra toutes les mesures possibles pour ne pas ab\u00eemer vos planchers.<\/li>\n<li>Coins : nous veillons \u00e0 prot\u00e9ger les coins de vos murs afin d&rsquo;\u00e9viter les d\u00e9gradations.<\/li>\n<li>Couloirs : avant de transporter votre mobilier et votre \u00e9lectrom\u00e9nager, nous pla\u00e7ons des protections dans vos couloirs, afin d&rsquo;\u00e9viter tout pr\u00e9judice.<\/li>\n<li>Portes : nous prenons soin de manipuler vos objets pour pr\u00e9venir les rayures sur vos portes.<\/li>\n<\/ul>\n<h3>Devis gratuits<\/h3>\n<p>Apr\u00e8s analyse de votre projet, notre soci\u00e9t\u00e9 vous fournit une estimation gratuite.<\/p>\n<h2>Quels sont les types de services et de d\u00e9m\u00e9nagement que propose Artisanlocal \u00e0 Siviriez ?<\/h2>\n<h3>D\u00e9m\u00e9nagement de boutiques et de bureaux<\/h3>\n<p>Nous programmons le d\u00e9m\u00e9nagement de vos bureaux ou de votre commerce par rapport \u00e0 votre planning, et de la commune de destination.<\/p>\n<h3>D\u00e9m\u00e9nagement de petit volume<\/h3>\n<p>Nous d\u00e9m\u00e9nageons les studios et les petits appartements. Nous parlons d\u2019un petit d\u00e9m\u00e9nagement pour des volumes inf\u00e9rieurs \u00e0 15 m\u00e8tres cubes.<\/p>\n<h3>D\u00e9m\u00e9nagements express<\/h3>\n<p>Si vous avez peu de temps entre le d\u00e9m\u00e9nagement et l&#8217;emm\u00e9nagement dans votre nouveau domicile, notre entreprise d\u00e9m\u00e9nage et vous installe rapidement. Nous offrons aussi des services de garde-meuble et d&#8217;emballage en urgence.<\/p>\n<h3>Garde-meubles<\/h3>\n<p>Nous venons chercher vos biens et ensuite nous les transportons vers notre entrep\u00f4t \u00e0 Siviriez. Ils seront entrepos\u00e9s durant la dur\u00e9e dont vous avez besoin. Vous n&rsquo;avez qu&rsquo;\u00e0 nous communiquer le jour et l&rsquo;heure \u00e0 laquelle vous d\u00e9sirez reprendre vos biens, et nous les livrerons \u00e0 votre domicile.<\/p>\n<h3>Emballage des biens pr\u00e9cieux<\/h3>\n<p>Vos objets pr\u00e9cieux et les \u0153uvres d&rsquo;art vont \u00eatre envelopp\u00e9s avec pr\u00e9caution. Nous cr\u00e9ons des cartons sur mesure et nous les enveloppons, de plus, nous recourons des appareils de levage adapt\u00e9s pour votre d\u00e9m\u00e9nagement.<\/p>\n<h3>Transport de pianos<\/h3>\n<h3>Transporter un piano avec pr\u00e9caution requiert des expertises, des \u00e9quipements et des connaissances sp\u00e9cifiques. Notre soci\u00e9t\u00e9 Artisanlocal est sp\u00e9cialis\u00e9e dans le d\u00e9m\u00e9nagement de pianos, comme : les interm\u00e9diaires, les droits ou \u00e0 queue.<\/h3>\n<h3>Service de location monte-meubles \u00e0 Siviriez pour d\u00e9m\u00e9nagement<\/h3>\n<p>Nous offrons une prestation de location de monte-meubles pour simplifier le transfert de vos mobiliers massifs en Suisse et \u00e0 Siviriez.<\/p>\n<h3>Acheter des cartons de d\u00e9m\u00e9nagement \u00e0 Siviriez<\/h3>\n<p>Vous recherchez des cartons de protection pour votre d\u00e9m\u00e9nagement \u00e0 Siviriez ? Chez Artisanlocal, nous offrons des cartons de d\u00e9m\u00e9nagement et des protections adapt\u00e9es.<\/p>\n<h2>Qu\u2019est-ce qui est compris dans le d\u00e9m\u00e9nagement ?<\/h2>\n<h3>L&#8217;emballage personnalis\u00e9, pour :<\/h3>\n<ul>\n<li>les literies,<\/li>\n<li>les \u00e9crans de t\u00e9l\u00e9vision <\/li>\n<li>les si\u00e8ges,<\/li>\n<li>les sofas<\/li>\n<li>les \u00e9lectrom\u00e9nagers,<\/li>\n<li>les PC,<\/li>\n<li>les lampes et ampoules,<\/li>\n<li>les tableaux et miroirs.<\/li>\n<\/ul>\n<h3>L&rsquo;installation et d\u00e9montage du mobilier<\/h3>\n<ul>\n<li>les tables,<\/li>\n<li>les meubles de rangement,<\/li>\n<li>les meubles,<\/li>\n<li>les \u00e9tag\u00e8res,<\/li>\n<li>les luminaires.<\/li>\n<\/ul>\n<h2>Foire aux questions<\/h2>\n<h3>Quel est le prix d&rsquo;un service d\u00e9m\u00e9nagement \u00e0 Siviriez et en Suisse ?<\/h3>\n<p>Le co\u00fbt d&rsquo;un d\u00e9m\u00e9nagement \u00e0 Siviriez change en fonction du volume et du nombre de pi\u00e8ces.<\/p>\n<p>Ci-dessous, vous retrouverez les montants en fonction du nombre de pi\u00e8ces :<\/p>\n<p>Pour un d\u00e9m\u00e9nagement \u00e0 Siviriez :<\/p>\n<table>\n<tbody>\n<tr>\n<td>D\u2019un appartement de 1-2 pi\u00e8ces<\/td>\n<td>De 350 \u00e0 600 Francs Suisses<\/td>\n<\/tr>\n<tr>\n<td>Pour un appartement de 2-3 pi\u00e8ces<\/td>\n<td>Entre 700 \u00e0 1300 Francs Suisses<\/td>\n<\/tr>\n<tr>\n<td>Pour un appartement de 3-4 pi\u00e8ces<\/td>\n<td>Entre 850 \u00e0 2000 Francs Suisses<\/td>\n<\/tr>\n<tr>\n<td>Pour une maison<\/td>\n<td>Entre 1200 \u00e0 2500 CHF<\/td>\n<\/tr>\n<\/tbody>\n<\/table>\n<p>Pour un service de d\u00e9m\u00e9nagement plus loin de 200 km :<\/p>\n<table>\n<tbody>\n<tr>\n<td>Pour un appartement de 1-2 pi\u00e8ces<\/td>\n<td>De 600 \u00e0 900 CHF<\/td>\n<\/tr>\n<tr>\n<td>D\u2019un appartement de 2-3 pi\u00e8ces<\/td>\n<td>De 1200 \u00e0 2500 Francs Suisses<\/td>\n<\/tr>\n<tr>\n<td>D\u2019un appartement de 3-4 pi\u00e8ces<\/td>\n<td>De 1800 \u00e0 3000 Francs Suisses<\/td>\n<\/tr>\n<tr>\n<td>D\u2019une maison<\/td>\n<td>De 2000 \u00e0 4500 Francs Suisses<\/td>\n<\/tr>\n<\/tbody>\n<\/table>\n<p>Combien faut-il compter pour la location d\u2019un monte meuble \u00e0 Siviriez ?<\/p>\n<p>Le prix approximatif pour le service de location d&rsquo;un monte meuble \u00e0 Siviriez est approximativement 150 Francs Suisses par heure.<\/p>\n<h3>Quels sont les avantages d&rsquo;engager une entreprise experte dans le d\u00e9m\u00e9nagement \u00e0 Siviriez ?<\/h3>\n<p>M\u00eame si vous \u00e9conomisez de l&rsquo;argent en r\u00e9alisant le travail seul, vous risquez de subir des blessures (si vous n\u2019avez pas l\u2019habitude de porter des charges lourdes) ou vous pouvez endommager vos biens. Avec Artisanlocal, vous gagnez du temps et vous \u00e9vitez des probl\u00e8mes de dos.<\/p>\n","protected":false},"excerpt":{"rendered":"<p>D\u00e9m\u00e9nager \u00e0 Siviriez ne doit pas \u00eatre une source de stress. Si vous avez d\u00e9j\u00e0 trouv\u00e9 votre nouvel appartement et fix\u00e9 la date de votre d\u00e9m\u00e9nagement, vous devez vous demander comment programmer aux mieux votre d\u00e9m\u00e9nagement et installation ? \u00c0 l&rsquo;aide de notre soci\u00e9t\u00e9 de d\u00e9m\u00e9nagement \u00e0 Siviriez, vous \u00e9vitez les situations stressantes, Notre entreprise [&hellip;]<\/p>\n","protected":false},"author":4,"featured_media":2759,"parent":0,"menu_order":0,"comment_status":"closed","ping_status":"closed","template":"","meta":{"footnotes":""},"profession":[122],"location":[101],"canton":[109],"class_list":["post-862","page","type-page","status-publish","has-post-thumbnail","hentry","profession-demenageur","location-siviriez","canton-fr"],"yoast_head":"<!-- This site is optimized with the Yoast SEO Premium plugin v25.7.1 (Yoast SEO v27.4) - https:\/\/yoast.com\/product\/yoast-seo-premium-wordpress\/ -->\n<title>Votre d\u00e9m\u00e9nageur \u00e0 Siviriez - Artisanlocal<\/title>\n<meta name=\"robots\" content=\"index, follow, max-snippet:-1, max-image-preview:large, max-video-preview:-1\" \/>\n<link rel=\"canonical\" href=\"https:\/\/www.artisanlocal.ch\/c\/votre-demenageur-a-siviriez\/\" \/>\n<meta property=\"og:locale\" content=\"fr_FR\" \/>\n<meta property=\"og:type\" content=\"article\" \/>\n<meta property=\"og:title\" content=\"Votre d\u00e9m\u00e9nageur \u00e0 Siviriez\" \/>\n<meta property=\"og:description\" content=\"D\u00e9m\u00e9nager \u00e0 Siviriez ne doit pas \u00eatre une source de stress. Si vous avez d\u00e9j\u00e0 trouv\u00e9 votre nouvel appartement et fix\u00e9 la date de votre d\u00e9m\u00e9nagement, vous devez vous demander comment programmer aux mieux votre d\u00e9m\u00e9nagement et installation ? \u00c0 l&rsquo;aide de notre soci\u00e9t\u00e9 de d\u00e9m\u00e9nagement \u00e0 Siviriez, vous \u00e9vitez les situations stressantes, Notre entreprise [&hellip;]\" \/>\n<meta property=\"og:url\" content=\"https:\/\/www.artisanlocal.ch\/c\/votre-demenageur-a-siviriez\/\" \/>\n<meta property=\"og:site_name\" content=\"Artisanlocal\" \/>\n<meta property=\"article:modified_time\" content=\"2025-08-26T17:28:24+00:00\" \/>\n<meta property=\"og:image\" content=\"https:\/\/www.artisanlocal.ch\/c\/wp-content\/uploads\/2024\/10\/demenageur.jpg\" \/>\n\t<meta property=\"og:image:width\" content=\"1920\" \/>\n\t<meta property=\"og:image:height\" content=\"300\" \/>\n\t<meta property=\"og:image:type\" content=\"image\/jpeg\" \/>\n<meta name=\"twitter:card\" content=\"summary_large_image\" \/>\n<meta name=\"twitter:label1\" content=\"Dur\u00e9e de lecture estim\u00e9e\" \/>\n\t<meta name=\"twitter:data1\" content=\"5 minutes\" \/>\n<script type=\"application\/ld+json\" class=\"yoast-schema-graph\">{\"@context\":\"https:\\\/\\\/schema.org\",\"@graph\":[{\"@type\":\"WebPage\",\"@id\":\"https:\\\/\\\/www.artisanlocal.ch\\\/c\\\/votre-demenageur-a-siviriez\\\/\",\"url\":\"https:\\\/\\\/www.artisanlocal.ch\\\/c\\\/votre-demenageur-a-siviriez\\\/\",\"name\":\"Votre d\u00e9m\u00e9nageur \u00e0 Siviriez - Artisanlocal\",\"isPartOf\":{\"@id\":\"https:\\\/\\\/www.artisanlocal.ch\\\/c\\\/#website\"},\"primaryImageOfPage\":{\"@id\":\"https:\\\/\\\/www.artisanlocal.ch\\\/c\\\/votre-demenageur-a-siviriez\\\/#primaryimage\"},\"image\":{\"@id\":\"https:\\\/\\\/www.artisanlocal.ch\\\/c\\\/votre-demenageur-a-siviriez\\\/#primaryimage\"},\"thumbnailUrl\":\"https:\\\/\\\/www.artisanlocal.ch\\\/c\\\/wp-content\\\/uploads\\\/2024\\\/10\\\/demenageur.jpg\",\"datePublished\":\"2024-04-22T19:35:21+00:00\",\"dateModified\":\"2025-08-26T17:28:24+00:00\",\"breadcrumb\":{\"@id\":\"https:\\\/\\\/www.artisanlocal.ch\\\/c\\\/votre-demenageur-a-siviriez\\\/#breadcrumb\"},\"inLanguage\":\"fr-FR\",\"potentialAction\":[{\"@type\":\"ReadAction\",\"target\":[\"https:\\\/\\\/www.artisanlocal.ch\\\/c\\\/votre-demenageur-a-siviriez\\\/\"]}]},{\"@type\":\"ImageObject\",\"inLanguage\":\"fr-FR\",\"@id\":\"https:\\\/\\\/www.artisanlocal.ch\\\/c\\\/votre-demenageur-a-siviriez\\\/#primaryimage\",\"url\":\"https:\\\/\\\/www.artisanlocal.ch\\\/c\\\/wp-content\\\/uploads\\\/2024\\\/10\\\/demenageur.jpg\",\"contentUrl\":\"https:\\\/\\\/www.artisanlocal.ch\\\/c\\\/wp-content\\\/uploads\\\/2024\\\/10\\\/demenageur.jpg\",\"width\":1920,\"height\":300},{\"@type\":\"BreadcrumbList\",\"@id\":\"https:\\\/\\\/www.artisanlocal.ch\\\/c\\\/votre-demenageur-a-siviriez\\\/#breadcrumb\",\"itemListElement\":[{\"@type\":\"ListItem\",\"position\":1,\"name\":\"Accueil\",\"item\":\"https:\\\/\\\/www.artisanlocal.ch\\\/c\\\/\"},{\"@type\":\"ListItem\",\"position\":2,\"name\":\"Votre d\u00e9m\u00e9nageur \u00e0 Siviriez\"}]},{\"@type\":\"WebSite\",\"@id\":\"https:\\\/\\\/www.artisanlocal.ch\\\/c\\\/#website\",\"url\":\"https:\\\/\\\/www.artisanlocal.ch\\\/c\\\/\",\"name\":\"Artisanlocal\",\"description\":\"\",\"publisher\":{\"@id\":\"https:\\\/\\\/www.artisanlocal.ch\\\/c\\\/#organization\"},\"potentialAction\":[{\"@type\":\"SearchAction\",\"target\":{\"@type\":\"EntryPoint\",\"urlTemplate\":\"https:\\\/\\\/www.artisanlocal.ch\\\/c\\\/?s={search_term_string}\"},\"query-input\":{\"@type\":\"PropertyValueSpecification\",\"valueRequired\":true,\"valueName\":\"search_term_string\"}}],\"inLanguage\":\"fr-FR\"},{\"@type\":\"Organization\",\"@id\":\"https:\\\/\\\/www.artisanlocal.ch\\\/c\\\/#organization\",\"name\":\"Artisanlocal\",\"url\":\"https:\\\/\\\/www.artisanlocal.ch\\\/c\\\/\",\"logo\":{\"@type\":\"ImageObject\",\"inLanguage\":\"fr-FR\",\"@id\":\"https:\\\/\\\/www.artisanlocal.ch\\\/c\\\/#\\\/schema\\\/logo\\\/image\\\/\",\"url\":\"https:\\\/\\\/www.artisanlocal.ch\\\/c\\\/wp-content\\\/uploads\\\/2024\\\/02\\\/logo-artisanlocal-h.svg\",\"contentUrl\":\"https:\\\/\\\/www.artisanlocal.ch\\\/c\\\/wp-content\\\/uploads\\\/2024\\\/02\\\/logo-artisanlocal-h.svg\",\"caption\":\"Artisanlocal\"},\"image\":{\"@id\":\"https:\\\/\\\/www.artisanlocal.ch\\\/c\\\/#\\\/schema\\\/logo\\\/image\\\/\"}}]}<\/script>\n<!-- \/ Yoast SEO Premium plugin. -->","yoast_head_json":{"title":"Votre d\u00e9m\u00e9nageur \u00e0 Siviriez - Artisanlocal","robots":{"index":"index","follow":"follow","max-snippet":"max-snippet:-1","max-image-preview":"max-image-preview:large","max-video-preview":"max-video-preview:-1"},"canonical":"https:\/\/www.artisanlocal.ch\/c\/votre-demenageur-a-siviriez\/","og_locale":"fr_FR","og_type":"article","og_title":"Votre d\u00e9m\u00e9nageur \u00e0 Siviriez","og_description":"D\u00e9m\u00e9nager \u00e0 Siviriez ne doit pas \u00eatre une source de stress. Si vous avez d\u00e9j\u00e0 trouv\u00e9 votre nouvel appartement et fix\u00e9 la date de votre d\u00e9m\u00e9nagement, vous devez vous demander comment programmer aux mieux votre d\u00e9m\u00e9nagement et installation ? \u00c0 l&rsquo;aide de notre soci\u00e9t\u00e9 de d\u00e9m\u00e9nagement \u00e0 Siviriez, vous \u00e9vitez les situations stressantes, Notre entreprise [&hellip;]","og_url":"https:\/\/www.artisanlocal.ch\/c\/votre-demenageur-a-siviriez\/","og_site_name":"Artisanlocal","article_modified_time":"2025-08-26T17:28:24+00:00","og_image":[{"width":1920,"height":300,"url":"https:\/\/www.artisanlocal.ch\/c\/wp-content\/uploads\/2024\/10\/demenageur.jpg","type":"image\/jpeg"}],"twitter_card":"summary_large_image","twitter_misc":{"Dur\u00e9e de lecture estim\u00e9e":"5 minutes"},"schema":{"@context":"https:\/\/schema.org","@graph":[{"@type":"WebPage","@id":"https:\/\/www.artisanlocal.ch\/c\/votre-demenageur-a-siviriez\/","url":"https:\/\/www.artisanlocal.ch\/c\/votre-demenageur-a-siviriez\/","name":"Votre d\u00e9m\u00e9nageur \u00e0 Siviriez - Artisanlocal","isPartOf":{"@id":"https:\/\/www.artisanlocal.ch\/c\/#website"},"primaryImageOfPage":{"@id":"https:\/\/www.artisanlocal.ch\/c\/votre-demenageur-a-siviriez\/#primaryimage"},"image":{"@id":"https:\/\/www.artisanlocal.ch\/c\/votre-demenageur-a-siviriez\/#primaryimage"},"thumbnailUrl":"https:\/\/www.artisanlocal.ch\/c\/wp-content\/uploads\/2024\/10\/demenageur.jpg","datePublished":"2024-04-22T19:35:21+00:00","dateModified":"2025-08-26T17:28:24+00:00","breadcrumb":{"@id":"https:\/\/www.artisanlocal.ch\/c\/votre-demenageur-a-siviriez\/#breadcrumb"},"inLanguage":"fr-FR","potentialAction":[{"@type":"ReadAction","target":["https:\/\/www.artisanlocal.ch\/c\/votre-demenageur-a-siviriez\/"]}]},{"@type":"ImageObject","inLanguage":"fr-FR","@id":"https:\/\/www.artisanlocal.ch\/c\/votre-demenageur-a-siviriez\/#primaryimage","url":"https:\/\/www.artisanlocal.ch\/c\/wp-content\/uploads\/2024\/10\/demenageur.jpg","contentUrl":"https:\/\/www.artisanlocal.ch\/c\/wp-content\/uploads\/2024\/10\/demenageur.jpg","width":1920,"height":300},{"@type":"BreadcrumbList","@id":"https:\/\/www.artisanlocal.ch\/c\/votre-demenageur-a-siviriez\/#breadcrumb","itemListElement":[{"@type":"ListItem","position":1,"name":"Accueil","item":"https:\/\/www.artisanlocal.ch\/c\/"},{"@type":"ListItem","position":2,"name":"Votre d\u00e9m\u00e9nageur \u00e0 Siviriez"}]},{"@type":"WebSite","@id":"https:\/\/www.artisanlocal.ch\/c\/#website","url":"https:\/\/www.artisanlocal.ch\/c\/","name":"Artisanlocal","description":"","publisher":{"@id":"https:\/\/www.artisanlocal.ch\/c\/#organization"},"potentialAction":[{"@type":"SearchAction","target":{"@type":"EntryPoint","urlTemplate":"https:\/\/www.artisanlocal.ch\/c\/?s={search_term_string}"},"query-input":{"@type":"PropertyValueSpecification","valueRequired":true,"valueName":"search_term_string"}}],"inLanguage":"fr-FR"},{"@type":"Organization","@id":"https:\/\/www.artisanlocal.ch\/c\/#organization","name":"Artisanlocal","url":"https:\/\/www.artisanlocal.ch\/c\/","logo":{"@type":"ImageObject","inLanguage":"fr-FR","@id":"https:\/\/www.artisanlocal.ch\/c\/#\/schema\/logo\/image\/","url":"https:\/\/www.artisanlocal.ch\/c\/wp-content\/uploads\/2024\/02\/logo-artisanlocal-h.svg","contentUrl":"https:\/\/www.artisanlocal.ch\/c\/wp-content\/uploads\/2024\/02\/logo-artisanlocal-h.svg","caption":"Artisanlocal"},"image":{"@id":"https:\/\/www.artisanlocal.ch\/c\/#\/schema\/logo\/image\/"}}]}},"_links":{"self":[{"href":"https:\/\/www.artisanlocal.ch\/c\/wp-json\/wp\/v2\/pages\/862","targetHints":{"allow":["GET"]}}],"collection":[{"href":"https:\/\/www.artisanlocal.ch\/c\/wp-json\/wp\/v2\/pages"}],"about":[{"href":"https:\/\/www.artisanlocal.ch\/c\/wp-json\/wp\/v2\/types\/page"}],"author":[{"embeddable":true,"href":"https:\/\/www.artisanlocal.ch\/c\/wp-json\/wp\/v2\/users\/4"}],"replies":[{"embeddable":true,"href":"https:\/\/www.artisanlocal.ch\/c\/wp-json\/wp\/v2\/comments?post=862"}],"version-history":[{"count":0,"href":"https:\/\/www.artisanlocal.ch\/c\/wp-json\/wp\/v2\/pages\/862\/revisions"}],"wp:featuredmedia":[{"embeddable":true,"href":"https:\/\/www.artisanlocal.ch\/c\/wp-json\/wp\/v2\/media\/2759"}],"wp:attachment":[{"href":"https:\/\/www.artisanlocal.ch\/c\/wp-json\/wp\/v2\/media?parent=862"}],"wp:term":[{"taxonomy":"profession","embeddable":true,"href":"https:\/\/www.artisanlocal.ch\/c\/wp-json\/wp\/v2\/profession?post=862"},{"taxonomy":"location","embeddable":true,"href":"https:\/\/www.artisanlocal.ch\/c\/wp-json\/wp\/v2\/location?post=862"},{"taxonomy":"canton","embeddable":true,"href":"https:\/\/www.artisanlocal.ch\/c\/wp-json\/wp\/v2\/canton?post=862"}],"curies":[{"name":"wp","href":"https:\/\/api.w.org\/{rel}","templated":true}]}}