{"id":867,"date":"2024-04-23T11:41:46","date_gmt":"2024-04-23T09:41:46","guid":{"rendered":"https:\/\/www.artisanlocal.ch\/c\/votre-demenageur-a-geneve\/"},"modified":"2025-08-26T19:28:01","modified_gmt":"2025-08-26T17:28:01","slug":"votre-demenageur-a-geneve","status":"publish","type":"page","link":"https:\/\/www.artisanlocal.ch\/c\/votre-demenageur-a-geneve\/","title":{"rendered":"Entreprise de d\u00e9m\u00e9nagement \u00e0 Gen\u00e8ve"},"content":{"rendered":"<p>D\u00e9m\u00e9nager \u00e0 Gen\u00e8ve ne devrait pas \u00eatre compliqu\u00e9. Une fois que vous avez trouv\u00e9 votre logement et que vous avez d\u00e9termin\u00e9 la date du d\u00e9m\u00e9nagement, vous vous demandez peut-\u00eatre comment pr\u00e9parer au mieux votre d\u00e9m\u00e9nagement ? En engageant Artisanlocal, vous \u00e9conomisez votre temps, nous prenons en charge tous les aspects de votre d\u00e9m\u00e9nagement, de la location du v\u00e9hicule, jusqu&rsquo;\u00e0 la protection de vos meubles.<br \/>\n\r\n<div class=\"company-partners\">\r\n    <h3>Nos soci\u00e9t\u00e9s<\/h3>\r\n    <ul>\r\n                    <li>\r\n                <p class=\"company-partners__name\">\r\n                    <a href=\"https:\/\/www.artisanlocal.ch\/c\/votre-demenageur-a-geneve\/?geo=Rive+Gauche\" target=\"_blank\" class=\"has-accent-color\" title=\"Voir les coordonn\u00e9es de notre partenaire\">A Oui D\u00e9m\u00e9nagement<\/a>\r\n                <\/p>\r\n                <p class=\"company-partners__address\">1205\u00a0Gen\u00e8ve<\/p>\r\n            <\/li>\r\n                    <li>\r\n                <p class=\"company-partners__name\">\r\n                    <a href=\"https:\/\/www.artisanlocal.ch\/c\/votre-demenageur-a-geneve\/?geo=Rive+Droite\" target=\"_blank\" class=\"has-accent-color\" title=\"Voir les coordonn\u00e9es de notre partenaire\">N&V S\u00e0rl<\/a>\r\n                <\/p>\r\n                <p class=\"company-partners__address\">1203\u00a0Gen\u00e8ve<\/p>\r\n            <\/li>\r\n            <\/ul>\r\n<\/div><\/p>\n<h2>Artisanlocal une entreprise de confiance pour votre projet de d\u00e9m\u00e9nagement<\/h2>\n<p>Notre soci\u00e9t\u00e9 est situ\u00e9e \u00e0 Gen\u00e8ve depuis plusieurs ann\u00e9es. Artisanlocal est sp\u00e9cialis\u00e9 dans les d\u00e9m\u00e9nagements de bureaux et de particuliers. Nos d\u00e9m\u00e9nageurs sont exp\u00e9riment\u00e9s et form\u00e9s aux derni\u00e8res techniques pour faire tous vos projets.<\/p>\n<h2>Quels sont les avantages de travailler avec Artisanlocal \u00e0 Gen\u00e8ve ?<\/h2>\n<h3>Artisanlocal une entreprise engag\u00e9e<\/h3>\n<p>Pour r\u00e9duire notre empreinte carbone lors de votre d\u00e9m\u00e9nagement, nous utilisons des emballages \u00e9coresponsables, par ailleurs, nous r\u00e9employons tous les mat\u00e9riaux utilis\u00e9s lors du d\u00e9m\u00e9nagement.<\/p>\n<h3>Artisanlocal une entreprise accessible \u00e0 tout moment<\/h3>\n<p>Nous sommes disponibles 7 jours sur 7, pour effectuer le d\u00e9m\u00e9nagement de votre appartement, r\u00e9sidence, boutique ou de vos bureaux \u00e0 Gen\u00e8ve.<\/p>\n<h3>Prestation de d\u00e9m\u00e9nagement \u00e0 Gen\u00e8ve et dans les communes aux environs<\/h3>\n<p>Artisanlocal intervient \u00e0 Gen\u00e8ve et dans les localit\u00e9s voisines, telles que : Grand-Lancy, Petit-Lancy, Onex, A\u00efre, V\u00e9senaz, Cologny, Ch\u00eane-Bougeries, Ch\u00eane-Bourg, Th\u00f4nex, Carouge GE, Les Acacias, Plan-les-Ouates, Conches, Confignon, Bernex, Vessy, Cartigny, Avully, Puplinge, Presinge, Choulex, Collonge-Bellerive, Corsier GE, Ani\u00e8res, Hermance, Gy, Meinier, Vandoeuvres, Jussy, Veyrier, Troinex, La Croix-de-Rozon, Perly, Chancy, Athenaz (Avusy), Soral, Laconnex, Aire-la-Ville, Vernier, Cointrin, Meyrin, Le Grand-Saconnex, Ch\u00e2telaine, Le Lignon, Les Avanchets, Collex, Satigny, Russin, Dardagny, La Plaine, Chamb\u00e9sy..<\/p>\n<h3>Service de d\u00e9m\u00e9nagement dans les pays frontaliers et en Suisse<\/h3>\n<p>Si vous \u00eates un Genevois, nous pouvons vous aider \u00e0 d\u00e9m\u00e9nager dans les pays limitrophes et toutes les localit\u00e9s de Suisse.<\/p>\n<h3>Des d\u00e9m\u00e9nageurs toujours pr\u00e9cautionneux \u00e0 Gen\u00e8ve<\/h3>\n<p>Nous emballons vos objets et installons des protections sur les murs et les sols pour pr\u00e9venir les dommages lors de votre d\u00e9m\u00e9nagement, \u00e0 titre d&rsquo;illustration pour vos :<\/p>\n<ul>\n<li>Planchers : lors de votre d\u00e9m\u00e9nagement, nous veillerons \u00e0 marcher avec pr\u00e9caution et \u00e0 d\u00e9placer vos objets pour \u00e9viter d&rsquo;ab\u00eemer vos planchers.<\/li>\n<li>Angles : nous veillons \u00e0 prot\u00e9ger les coins de vos murs pour\u00e9viter les \u00e9raflures.<\/li>\n<li>Couloirs : avant le d\u00e9placement de votre mobilier et de votre \u00e9lectrom\u00e9nager, nous installons des mat\u00e9riaux de protection dans vos couloirs, afin d&rsquo;\u00e9viter tout casse.<\/li>\n<li>Portes : nous prenons soin de manipuler vos objets pour pr\u00e9venir les traces de rayures sur vos portes.<\/li>\n<\/ul>\n<h3>Devis gratuits<\/h3>\n<p>Apr\u00e8s \u00e9tude de votre d\u00e9m\u00e9nagement, notre soci\u00e9t\u00e9 vous transmet un devis gratuit.<\/p>\n<h2>Quels sont les services de d\u00e9m\u00e9nagement d&rsquo;Artisanlocal ?<\/h2>\n<h3>D\u00e9m\u00e9nagement de bureaux et de locaux de bureau<\/h3>\n<p>Nous organisons le d\u00e9m\u00e9nagement de votre commerce ou de vos bureaux selon votre calendrier, et de la ville d&rsquo;arriv\u00e9e.<\/p>\n<h3>Petits d\u00e9m\u00e9nagements<\/h3>\n<p>Nous d\u00e9m\u00e9nageons les studios et les petits appartements. Nous parlons d&rsquo;un d\u00e9m\u00e9nagement de petit volume pour des projets inf\u00e9rieurs ou \u00e9gaux \u00e0 15 m\u00b3.<\/p>\n<h3>D\u00e9m\u00e9nagements rapides<\/h3>\n<p>Si vous avez un temps limit\u00e9 entre le d\u00e9m\u00e9nagement et l&#8217;emm\u00e9nagement dans votre nouveau domicile, Artisanlocal d\u00e9m\u00e9nage et vous installe en urgence. Nous vous offrons aussi des prestations d&#8217;emballage et de stockage en urgence.<\/p>\n<h3>Garde-meubles<\/h3>\n<p>Nous r\u00e9cup\u00e9rons vos biens \u00e0 votre domicile et les transportons dans notre d\u00e9p\u00f4t prot\u00e9g\u00e9 \u00e0 Gen\u00e8ve. Ils seront stock\u00e9s durant la p\u00e9riode que vous avez choisie. Vous n&rsquo;avez qu&rsquo;\u00e0 nous indiquer la date \u00e0 laquelle vous d\u00e9sirez r\u00e9cup\u00e9rer vos biens, et nous les transporterons \u00e0 votre domicile.<\/p>\n<h3>Protection sur mesure pour vos articles de grande importance<\/h3>\n<p>Vos objets pr\u00e9cieux et les \u0153uvres d&rsquo;art vont \u00eatre envelopp\u00e9s avec attention. Nous construisons des cartons sur mesure, par ailleurs, nous usons des mat\u00e9riels de levage appropri\u00e9s.<\/p>\n<h3>Transfert de pianos<\/h3>\n<p>Transporter un piano en toute s\u00e9curit\u00e9 exige des comp\u00e9tences, des \u00e9quipements et des connaissances sp\u00e9cifiques. Notre entreprise d\u00e9place tous types de pianos : interm\u00e9diaires, droits et horizontaux.<\/p>\n<h3>Location de monte-meubles \u00e0 Gen\u00e8ve pour d\u00e9m\u00e9nagement<\/h3>\n<p>Nous offrons un service de location de monte-meubles pour simplifier le transfert de vos mobiliers massifs en Suisse et \u00e0 Gen\u00e8ve.<\/p>\n<h3>Vente de cartons pour votre d\u00e9m\u00e9nagement \u00e0 Gen\u00e8ve<\/h3>\n<p>Vous recherchez des cartons d&#8217;emballage pour votre projet \u00e0 Gen\u00e8ve ? Notre entreprise propose une large gamme de cartons de d\u00e9m\u00e9nagement et aussi : d&rsquo;accessoires, d&rsquo;adh\u00e9sifs, et de housses de protection.<\/p>\n<h2>Qu&rsquo;est-ce qui est pr\u00e9vu dans votre prestation de d\u00e9m\u00e9nagement ?<\/h2>\n<h3>L&#8217;emballage sur mesure, pour :<\/h3>\n<ul>\n<li>Les matelas,<\/li>\n<li>les t\u00e9l\u00e9viseurs<\/li>\n<li>les fauteuils,<\/li>\n<li>les sofas<\/li>\n<li>les \u00e9lectrom\u00e9nagers,<\/li>\n<li>les ordinateurs,<\/li>\n<li>les lampes et ampoules,<\/li>\n<li>les tableaux et miroirs.<\/li>\n<\/ul>\n<h3>Le d\u00e9montage des meubles, pour :<\/h3>\n<ul>\n<li>Les tables,<\/li>\n<li>les armoires,<\/li>\n<li>les mobiliers,<\/li>\n<li>les supports de rangement,<\/li>\n<li>les luminaires.<\/li>\n<\/ul>\n<h2>FAQ<\/h2>\n<h3>Quel est le prix d&rsquo;un d\u00e9m\u00e9nagement \u00e0 Gen\u00e8ve et en Suisse ?<\/h3>\n<p>Le co\u00fbt d&rsquo;un d\u00e9m\u00e9nagement \u00e0 Gen\u00e8ve d\u00e9pend du nombre de pi\u00e8ces dans votre habitat.<\/p>\n<p>Voici les tarifs d\u00e9taill\u00e9s en fonction du nombre de pi\u00e8ces :<\/p>\n<p>Pour un d\u00e9m\u00e9nagement \u00e0 Gen\u00e8ve :<\/p>\n<table>\n<tbody>\n<tr>\n<td>D\u2019un appartement de 1-2 pi\u00e8ces<\/td>\n<td>Entre 350 \u00e0 600 CHF<\/td>\n<\/tr>\n<tr>\n<td>D\u2019un appartement de 2-3 pi\u00e8ces<\/td>\n<td>De 700 \u00e0 1300 Francs Suisses<\/td>\n<\/tr>\n<tr>\n<td>Pour un appartement de 3-4 pi\u00e8ces<\/td>\n<td>Entre 850 \u00e0 2000 Francs Suisses<\/td>\n<\/tr>\n<tr>\n<td>Pour une maison<\/td>\n<td>Entre 1200 \u00e0 2500 Francs Suisses<\/td>\n<\/tr>\n<\/tbody>\n<\/table>\n<p>Pour un service de d\u00e9m\u00e9nagement au-del\u00e0 de 200 km :<\/p>\n<table>\n<tbody>\n<tr>\n<td>D\u2019un appartement de 1-2 pi\u00e8ces<\/td>\n<td>De 600 \u00e0 900 Francs Suisses<\/td>\n<\/tr>\n<tr>\n<td>D\u2019un appartement de 2-3 pi\u00e8ces<\/td>\n<td>Entre 1200 \u00e0 2500 Francs Suisses<\/td>\n<\/tr>\n<tr>\n<td>Pour un appartement de 3-4 pi\u00e8ces<\/td>\n<td>De 1800 \u00e0 3000 Francs Suisses<\/td>\n<\/tr>\n<tr>\n<td>D\u2019une maison<\/td>\n<td>De 2000 \u00e0 4500 CHF<\/td>\n<\/tr>\n<\/tbody>\n<\/table>\n<h3>Quel est le montant pour louer un monte-meuble \u00e0 Gen\u00e8ve ?<\/h3>\n<p>Le prix indicatif pour le service de location d&rsquo;un monte meuble \u00e0 Gen\u00e8ve est d&rsquo;environ 150 CHF par heure.<\/p>\n<h3>Pourquoi faire appel \u00e0 une entreprise de d\u00e9m\u00e9nagement \u00e0 Gen\u00e8ve ?<\/h3>\n<p>M\u00eame si vous pouvez \u00e9conomiser de l&rsquo;argent en accomplissant le travail vous-m\u00eame, vous vous exposez \u00e0 des blessures plus ou moins graves (particuli\u00e8rement si vous n&rsquo;\u00eates pas habitu\u00e9 \u00e0 lever des objets lourds) ou d&rsquo;ab\u00eemer vos meubles au cours du d\u00e9m\u00e9nagement. En faisant appel \u00e0 Artisanlocal pour votre d\u00e9m\u00e9nagement, vous \u00e9conomisez du temps et vous limitez les risques.<\/p>\n","protected":false},"excerpt":{"rendered":"<p>D\u00e9m\u00e9nager \u00e0 Gen\u00e8ve ne devrait pas \u00eatre compliqu\u00e9. Une fois que vous avez trouv\u00e9 votre logement et que vous avez d\u00e9termin\u00e9 la date du d\u00e9m\u00e9nagement, vous vous demandez peut-\u00eatre comment pr\u00e9parer au mieux votre d\u00e9m\u00e9nagement ? En engageant Artisanlocal, vous \u00e9conomisez votre temps, nous prenons en charge tous les aspects de votre d\u00e9m\u00e9nagement, de la [&hellip;]<\/p>\n","protected":false},"author":4,"featured_media":2759,"parent":0,"menu_order":0,"comment_status":"closed","ping_status":"closed","template":"","meta":{"footnotes":""},"profession":[122],"location":[35],"canton":[112],"class_list":["post-867","page","type-page","status-publish","has-post-thumbnail","hentry","profession-demenageur","location-geneve","canton-ge"],"yoast_head":"<!-- This site is optimized with the Yoast SEO Premium plugin v25.7.1 (Yoast SEO v27.4) - https:\/\/yoast.com\/product\/yoast-seo-premium-wordpress\/ -->\n<title>Entreprise de d\u00e9m\u00e9nagement \u00e0 Gen\u00e8ve - Artisanlocal<\/title>\n<meta name=\"robots\" content=\"index, follow, max-snippet:-1, max-image-preview:large, max-video-preview:-1\" \/>\n<link rel=\"canonical\" href=\"https:\/\/www.artisanlocal.ch\/c\/votre-demenageur-a-geneve\/\" \/>\n<meta property=\"og:locale\" content=\"fr_FR\" \/>\n<meta property=\"og:type\" content=\"article\" \/>\n<meta property=\"og:title\" content=\"Entreprise de d\u00e9m\u00e9nagement \u00e0 Gen\u00e8ve\" \/>\n<meta property=\"og:description\" content=\"D\u00e9m\u00e9nager \u00e0 Gen\u00e8ve ne devrait pas \u00eatre compliqu\u00e9. Une fois que vous avez trouv\u00e9 votre logement et que vous avez d\u00e9termin\u00e9 la date du d\u00e9m\u00e9nagement, vous vous demandez peut-\u00eatre comment pr\u00e9parer au mieux votre d\u00e9m\u00e9nagement ? En engageant Artisanlocal, vous \u00e9conomisez votre temps, nous prenons en charge tous les aspects de votre d\u00e9m\u00e9nagement, de la [&hellip;]\" \/>\n<meta property=\"og:url\" content=\"https:\/\/www.artisanlocal.ch\/c\/votre-demenageur-a-geneve\/\" \/>\n<meta property=\"og:site_name\" content=\"Artisanlocal\" \/>\n<meta property=\"article:modified_time\" content=\"2025-08-26T17:28:01+00:00\" \/>\n<meta property=\"og:image\" content=\"https:\/\/www.artisanlocal.ch\/c\/wp-content\/uploads\/2024\/10\/demenageur.jpg\" \/>\n\t<meta property=\"og:image:width\" content=\"1920\" \/>\n\t<meta property=\"og:image:height\" content=\"300\" \/>\n\t<meta property=\"og:image:type\" content=\"image\/jpeg\" \/>\n<meta name=\"twitter:card\" content=\"summary_large_image\" \/>\n<meta name=\"twitter:label1\" content=\"Dur\u00e9e de lecture estim\u00e9e\" \/>\n\t<meta name=\"twitter:data1\" content=\"5 minutes\" \/>\n<script type=\"application\/ld+json\" class=\"yoast-schema-graph\">{\"@context\":\"https:\\\/\\\/schema.org\",\"@graph\":[{\"@type\":\"WebPage\",\"@id\":\"https:\\\/\\\/www.artisanlocal.ch\\\/c\\\/votre-demenageur-a-geneve\\\/\",\"url\":\"https:\\\/\\\/www.artisanlocal.ch\\\/c\\\/votre-demenageur-a-geneve\\\/\",\"name\":\"Entreprise de d\u00e9m\u00e9nagement \u00e0 Gen\u00e8ve - Artisanlocal\",\"isPartOf\":{\"@id\":\"https:\\\/\\\/www.artisanlocal.ch\\\/c\\\/#website\"},\"primaryImageOfPage\":{\"@id\":\"https:\\\/\\\/www.artisanlocal.ch\\\/c\\\/votre-demenageur-a-geneve\\\/#primaryimage\"},\"image\":{\"@id\":\"https:\\\/\\\/www.artisanlocal.ch\\\/c\\\/votre-demenageur-a-geneve\\\/#primaryimage\"},\"thumbnailUrl\":\"https:\\\/\\\/www.artisanlocal.ch\\\/c\\\/wp-content\\\/uploads\\\/2024\\\/10\\\/demenageur.jpg\",\"datePublished\":\"2024-04-23T09:41:46+00:00\",\"dateModified\":\"2025-08-26T17:28:01+00:00\",\"breadcrumb\":{\"@id\":\"https:\\\/\\\/www.artisanlocal.ch\\\/c\\\/votre-demenageur-a-geneve\\\/#breadcrumb\"},\"inLanguage\":\"fr-FR\",\"potentialAction\":[{\"@type\":\"ReadAction\",\"target\":[\"https:\\\/\\\/www.artisanlocal.ch\\\/c\\\/votre-demenageur-a-geneve\\\/\"]}]},{\"@type\":\"ImageObject\",\"inLanguage\":\"fr-FR\",\"@id\":\"https:\\\/\\\/www.artisanlocal.ch\\\/c\\\/votre-demenageur-a-geneve\\\/#primaryimage\",\"url\":\"https:\\\/\\\/www.artisanlocal.ch\\\/c\\\/wp-content\\\/uploads\\\/2024\\\/10\\\/demenageur.jpg\",\"contentUrl\":\"https:\\\/\\\/www.artisanlocal.ch\\\/c\\\/wp-content\\\/uploads\\\/2024\\\/10\\\/demenageur.jpg\",\"width\":1920,\"height\":300},{\"@type\":\"BreadcrumbList\",\"@id\":\"https:\\\/\\\/www.artisanlocal.ch\\\/c\\\/votre-demenageur-a-geneve\\\/#breadcrumb\",\"itemListElement\":[{\"@type\":\"ListItem\",\"position\":1,\"name\":\"Accueil\",\"item\":\"https:\\\/\\\/www.artisanlocal.ch\\\/c\\\/\"},{\"@type\":\"ListItem\",\"position\":2,\"name\":\"Entreprise de d\u00e9m\u00e9nagement \u00e0 Gen\u00e8ve\"}]},{\"@type\":\"WebSite\",\"@id\":\"https:\\\/\\\/www.artisanlocal.ch\\\/c\\\/#website\",\"url\":\"https:\\\/\\\/www.artisanlocal.ch\\\/c\\\/\",\"name\":\"Artisanlocal\",\"description\":\"\",\"publisher\":{\"@id\":\"https:\\\/\\\/www.artisanlocal.ch\\\/c\\\/#organization\"},\"potentialAction\":[{\"@type\":\"SearchAction\",\"target\":{\"@type\":\"EntryPoint\",\"urlTemplate\":\"https:\\\/\\\/www.artisanlocal.ch\\\/c\\\/?s={search_term_string}\"},\"query-input\":{\"@type\":\"PropertyValueSpecification\",\"valueRequired\":true,\"valueName\":\"search_term_string\"}}],\"inLanguage\":\"fr-FR\"},{\"@type\":\"Organization\",\"@id\":\"https:\\\/\\\/www.artisanlocal.ch\\\/c\\\/#organization\",\"name\":\"Artisanlocal\",\"url\":\"https:\\\/\\\/www.artisanlocal.ch\\\/c\\\/\",\"logo\":{\"@type\":\"ImageObject\",\"inLanguage\":\"fr-FR\",\"@id\":\"https:\\\/\\\/www.artisanlocal.ch\\\/c\\\/#\\\/schema\\\/logo\\\/image\\\/\",\"url\":\"https:\\\/\\\/www.artisanlocal.ch\\\/c\\\/wp-content\\\/uploads\\\/2024\\\/02\\\/logo-artisanlocal-h.svg\",\"contentUrl\":\"https:\\\/\\\/www.artisanlocal.ch\\\/c\\\/wp-content\\\/uploads\\\/2024\\\/02\\\/logo-artisanlocal-h.svg\",\"caption\":\"Artisanlocal\"},\"image\":{\"@id\":\"https:\\\/\\\/www.artisanlocal.ch\\\/c\\\/#\\\/schema\\\/logo\\\/image\\\/\"}}]}<\/script>\n<!-- \/ Yoast SEO Premium plugin. -->","yoast_head_json":{"title":"Entreprise de d\u00e9m\u00e9nagement \u00e0 Gen\u00e8ve - Artisanlocal","robots":{"index":"index","follow":"follow","max-snippet":"max-snippet:-1","max-image-preview":"max-image-preview:large","max-video-preview":"max-video-preview:-1"},"canonical":"https:\/\/www.artisanlocal.ch\/c\/votre-demenageur-a-geneve\/","og_locale":"fr_FR","og_type":"article","og_title":"Entreprise de d\u00e9m\u00e9nagement \u00e0 Gen\u00e8ve","og_description":"D\u00e9m\u00e9nager \u00e0 Gen\u00e8ve ne devrait pas \u00eatre compliqu\u00e9. Une fois que vous avez trouv\u00e9 votre logement et que vous avez d\u00e9termin\u00e9 la date du d\u00e9m\u00e9nagement, vous vous demandez peut-\u00eatre comment pr\u00e9parer au mieux votre d\u00e9m\u00e9nagement ? En engageant Artisanlocal, vous \u00e9conomisez votre temps, nous prenons en charge tous les aspects de votre d\u00e9m\u00e9nagement, de la [&hellip;]","og_url":"https:\/\/www.artisanlocal.ch\/c\/votre-demenageur-a-geneve\/","og_site_name":"Artisanlocal","article_modified_time":"2025-08-26T17:28:01+00:00","og_image":[{"width":1920,"height":300,"url":"https:\/\/www.artisanlocal.ch\/c\/wp-content\/uploads\/2024\/10\/demenageur.jpg","type":"image\/jpeg"}],"twitter_card":"summary_large_image","twitter_misc":{"Dur\u00e9e de lecture estim\u00e9e":"5 minutes"},"schema":{"@context":"https:\/\/schema.org","@graph":[{"@type":"WebPage","@id":"https:\/\/www.artisanlocal.ch\/c\/votre-demenageur-a-geneve\/","url":"https:\/\/www.artisanlocal.ch\/c\/votre-demenageur-a-geneve\/","name":"Entreprise de d\u00e9m\u00e9nagement \u00e0 Gen\u00e8ve - Artisanlocal","isPartOf":{"@id":"https:\/\/www.artisanlocal.ch\/c\/#website"},"primaryImageOfPage":{"@id":"https:\/\/www.artisanlocal.ch\/c\/votre-demenageur-a-geneve\/#primaryimage"},"image":{"@id":"https:\/\/www.artisanlocal.ch\/c\/votre-demenageur-a-geneve\/#primaryimage"},"thumbnailUrl":"https:\/\/www.artisanlocal.ch\/c\/wp-content\/uploads\/2024\/10\/demenageur.jpg","datePublished":"2024-04-23T09:41:46+00:00","dateModified":"2025-08-26T17:28:01+00:00","breadcrumb":{"@id":"https:\/\/www.artisanlocal.ch\/c\/votre-demenageur-a-geneve\/#breadcrumb"},"inLanguage":"fr-FR","potentialAction":[{"@type":"ReadAction","target":["https:\/\/www.artisanlocal.ch\/c\/votre-demenageur-a-geneve\/"]}]},{"@type":"ImageObject","inLanguage":"fr-FR","@id":"https:\/\/www.artisanlocal.ch\/c\/votre-demenageur-a-geneve\/#primaryimage","url":"https:\/\/www.artisanlocal.ch\/c\/wp-content\/uploads\/2024\/10\/demenageur.jpg","contentUrl":"https:\/\/www.artisanlocal.ch\/c\/wp-content\/uploads\/2024\/10\/demenageur.jpg","width":1920,"height":300},{"@type":"BreadcrumbList","@id":"https:\/\/www.artisanlocal.ch\/c\/votre-demenageur-a-geneve\/#breadcrumb","itemListElement":[{"@type":"ListItem","position":1,"name":"Accueil","item":"https:\/\/www.artisanlocal.ch\/c\/"},{"@type":"ListItem","position":2,"name":"Entreprise de d\u00e9m\u00e9nagement \u00e0 Gen\u00e8ve"}]},{"@type":"WebSite","@id":"https:\/\/www.artisanlocal.ch\/c\/#website","url":"https:\/\/www.artisanlocal.ch\/c\/","name":"Artisanlocal","description":"","publisher":{"@id":"https:\/\/www.artisanlocal.ch\/c\/#organization"},"potentialAction":[{"@type":"SearchAction","target":{"@type":"EntryPoint","urlTemplate":"https:\/\/www.artisanlocal.ch\/c\/?s={search_term_string}"},"query-input":{"@type":"PropertyValueSpecification","valueRequired":true,"valueName":"search_term_string"}}],"inLanguage":"fr-FR"},{"@type":"Organization","@id":"https:\/\/www.artisanlocal.ch\/c\/#organization","name":"Artisanlocal","url":"https:\/\/www.artisanlocal.ch\/c\/","logo":{"@type":"ImageObject","inLanguage":"fr-FR","@id":"https:\/\/www.artisanlocal.ch\/c\/#\/schema\/logo\/image\/","url":"https:\/\/www.artisanlocal.ch\/c\/wp-content\/uploads\/2024\/02\/logo-artisanlocal-h.svg","contentUrl":"https:\/\/www.artisanlocal.ch\/c\/wp-content\/uploads\/2024\/02\/logo-artisanlocal-h.svg","caption":"Artisanlocal"},"image":{"@id":"https:\/\/www.artisanlocal.ch\/c\/#\/schema\/logo\/image\/"}}]}},"_links":{"self":[{"href":"https:\/\/www.artisanlocal.ch\/c\/wp-json\/wp\/v2\/pages\/867","targetHints":{"allow":["GET"]}}],"collection":[{"href":"https:\/\/www.artisanlocal.ch\/c\/wp-json\/wp\/v2\/pages"}],"about":[{"href":"https:\/\/www.artisanlocal.ch\/c\/wp-json\/wp\/v2\/types\/page"}],"author":[{"embeddable":true,"href":"https:\/\/www.artisanlocal.ch\/c\/wp-json\/wp\/v2\/users\/4"}],"replies":[{"embeddable":true,"href":"https:\/\/www.artisanlocal.ch\/c\/wp-json\/wp\/v2\/comments?post=867"}],"version-history":[{"count":0,"href":"https:\/\/www.artisanlocal.ch\/c\/wp-json\/wp\/v2\/pages\/867\/revisions"}],"wp:featuredmedia":[{"embeddable":true,"href":"https:\/\/www.artisanlocal.ch\/c\/wp-json\/wp\/v2\/media\/2759"}],"wp:attachment":[{"href":"https:\/\/www.artisanlocal.ch\/c\/wp-json\/wp\/v2\/media?parent=867"}],"wp:term":[{"taxonomy":"profession","embeddable":true,"href":"https:\/\/www.artisanlocal.ch\/c\/wp-json\/wp\/v2\/profession?post=867"},{"taxonomy":"location","embeddable":true,"href":"https:\/\/www.artisanlocal.ch\/c\/wp-json\/wp\/v2\/location?post=867"},{"taxonomy":"canton","embeddable":true,"href":"https:\/\/www.artisanlocal.ch\/c\/wp-json\/wp\/v2\/canton?post=867"}],"curies":[{"name":"wp","href":"https:\/\/api.w.org\/{rel}","templated":true}]}}