{"id":874,"date":"2024-04-23T13:46:50","date_gmt":"2024-04-23T11:46:50","guid":{"rendered":"https:\/\/www.artisanlocal.ch\/c\/votre-demenageur-a-cossonay-ville\/"},"modified":"2025-08-26T19:27:59","modified_gmt":"2025-08-26T17:27:59","slug":"votre-demenageur-a-cossonay-ville","status":"publish","type":"page","link":"https:\/\/www.artisanlocal.ch\/c\/votre-demenageur-a-cossonay-ville\/","title":{"rendered":"Votre d\u00e9m\u00e9nageur \u00e0 Cossonay-Ville"},"content":{"rendered":"<p>Le d\u00e9m\u00e9nagement \u00e0 Cossonay-Ville ne devrait pas \u00eatre difficile. Si vous avez d\u00e9j\u00e0 trouv\u00e9 votre nouveau domicile et d\u00e9cid\u00e9 le jour de votre d\u00e9m\u00e9nagement, il est possible que vous vous demandiez comment pr\u00e9voir au mieux votre d\u00e9m\u00e9nagement ? En faisant appel \u00e0 notre entreprise \u00e0 Cossonay-Ville, vous \u00e9chappez aux situations stressantes, nous prenons en charge toutes les parties de votre d\u00e9m\u00e9nagement, de la location du camion, \u00e0 la protection de vos meubles.<\/p>\n\r\n<div class=\"box\">\r\n            <div class=\"company-info\">\r\n            <img decoding=\"async\" class=\"company-info__logo\" src=\"https:\/\/www.artisanlocal.ch\/media\/cache\/thumb\/images\/companies\/68be98810e6ea126160679.png\" alt=\"Logo\">\r\n            <h2 class=\"company-info__name\">BCM Multiservices S\u00e0rl<\/h2>\r\n            <p class=\"company-info__business\">D\u00e9m\u00e9nagement - D\u00e9barras - Nettoyage<\/p>\r\n        <\/div>\r\n        <div class=\"company-contact\">\r\n            <p class=\"company-info__address\">Chemin de Maillefer 137<\/p>\r\n                            <div class=\"links\">\r\n                                            <a class=\"btn has-accent-background-color js-phoneNumber\" href=\"tel:0789278535\" title=\"Appelez\" data-id=\"27285\" data-type=\"11\">078 927 85 35<\/a>\r\n                                                                <a class=\"btn has-accent-background-color\" href=\"https:\/\/bcm-multiservices.ch\/\" target=\"_blank\" title=\"Voir le site internet\" data-id=\"27285\" data-type=\"20\">Site internet<\/a>\r\n                                    <\/div>\r\n                    <\/div>\r\n    \r\n            \r\n<form action=\"https:\/\/www.artisanlocal.ch\/c\/wp-admin\/admin-ajax.php\" method=\"post\" class=\"form-contact\" id=\"artisan_form_contact_company_inline\">\r\n    <div><input type=\"hidden\" name=\"action\" value=\"company_contact\"><\/div>\r\n    <div><input type=\"hidden\" name=\"nonce\" value=\"124b983c12\"><\/div>\r\n    <div><input type=\"hidden\" name=\"company_id\" value=\"27285\"><\/div>\r\n    <div><input type=\"hidden\" name=\"form_id\" value=\"artisan_form_contact_company_inline\"><\/div>\r\n    <div class=\"gglcptch gglcptch_v3 gglcptch_custom\"><input type=\"hidden\" id=\"g-recaptcha-response\" name=\"g-recaptcha-response\" \/><br \/><div class=\"gglcptch_error_text\">La p\u00e9riode de v\u00e9rification reCAPTCHA a expir\u00e9. Veuillez recharger la page.<\/div><\/div>    <div class=\"form-content\">\r\n        <div class=\"form-group\">\r\n            <label for=\"contact_firstName\" class=\"required\">Pr\u00e9nom<\/label>\r\n            <input type=\"text\" name=\"firstName\" class=\"form-control\" required>\r\n        <\/div>\r\n        <div class=\"form-group\">\r\n            <label for=\"contact_lastName\" class=\"required\">Nom<\/label>\r\n            <input type=\"text\" name=\"lastName\" class=\"form-control\" required>\r\n        <\/div>\r\n        <div class=\"form-group\">\r\n            <label for=\"contact_email\" class=\"required\">Email<\/label>\r\n            <input type=\"email\" name=\"email\" class=\"form-control\" required>\r\n        <\/div>\r\n        <div class=\"form-group\">\r\n            <label for=\"contact_phone\" class=\"required\">Num\u00e9ro de t\u00e9l\u00e9phone<\/label>\r\n            <input type=\"tel\" name=\"phone\" class=\"form-control\" placeholder=\"0787117165\" pattern=\"^[0-9]{10}$\" required>\r\n        <\/div>\r\n        <div class=\"form-group\">\r\n            <label for=\"contact_postalCode\" class=\"required\">Code postal et localit\u00e9<\/label>\r\n            <input type=\"text\" name=\"postalCode\" class=\"form-control\" required>\r\n        <\/div>\r\n        <div class=\"form-group\">\r\n            <label for=\"contact_address\" class=\"required\">Adresse<\/label>\r\n            <input type=\"text\" name=\"address\" class=\"form-control\" required>\r\n        <\/div>\r\n        <div class=\"full-width topic\">\r\n            <p class=\"required\">Je souhaite \u00eatre contact\u00e9 pour :<\/p>\r\n            <div class=\"form-check\">\r\n                <input type=\"radio\" name=\"topic\" value=\"D\u00e9pannage\" class=\"form-control\" required>\r\n                <label for=\"d\u00e9pannage\">D\u00e9pannage<\/label>\r\n            <\/div>\r\n            <div class=\"form-check\">\r\n                <input type=\"radio\" name=\"topic\" value=\"Entretien\" class=\"form-control\" required>\r\n                <label for=\"entretien\">Entretien<\/label>\r\n            <\/div>\r\n            <div class=\"form-check\">\r\n                <input type=\"radio\" name=\"topic\" value=\"R\u00e9novation\" class=\"form-control\" required>\r\n                <label for=\"r\u00e9novation\">R\u00e9novation<\/label>\r\n            <\/div>\r\n            <div class=\"form-check\">\r\n                <input type=\"radio\" name=\"topic\" value=\"Autre\" class=\"form-control\" required>\r\n                <label for=\"autre\">Autre<\/label>\r\n            <\/div>\r\n        <\/div>\r\n        <div class=\"form-group full-width\">\r\n            <label for=\"contact_message\">Message<\/label>\r\n            <textarea name=\"message\" rows=\"3\" class=\"form-control\"><\/textarea>\r\n        <\/div>\r\n    <\/div>\r\n    <div class=\"form-actions\">\r\n        <button class=\"wp-block-button__link has-accent-background-color\">Contacter<\/button>\r\n    <\/div>\r\n<\/form>\r\n<div class=\"form-feedback\"><\/div>    <\/div>\n<h2>Artisanlocal une soci\u00e9t\u00e9 de confiance pour votre projet de d\u00e9m\u00e9nagement <\/h2>\n<p>Notre entreprise est localis\u00e9e au coeur de Cossonay-Ville. Nous sommes sp\u00e9cialis\u00e9s dans les d\u00e9m\u00e9nagements de particuliers et d&rsquo;entreprises. Nos \u00e9quipes sont form\u00e9es et exp\u00e9riment\u00e9es pour vous aider, peu importe la complexit\u00e9 de votre projet.<\/p>\n<h2>Quels sont les b\u00e9n\u00e9fices de collaborer avec Artisanlocal \u00e0 Cossonay-Ville ?<\/h2>\n<h3>Une soci\u00e9t\u00e9 \u00e9coresponsable<\/h3>\n<p>Pour r\u00e9duire notre empreinte carbone au moment de votre d\u00e9m\u00e9nagement, nous employons des emballages \u00e9coresponsables, de plus, nous r\u00e9cup\u00e9rons tous les mat\u00e9riaux utilis\u00e9s lors du d\u00e9m\u00e9nagement.<\/p>\n<h3>Artisanlocal une entreprise joignable \u00e0 tout moment pour votre d\u00e9m\u00e9nagement<\/h3>\n<p>Nos sommes disponibles \u00e0 tout moment et peu importe le jour dans la semaine pour d\u00e9m\u00e9nager votre habitation, studio ou vos bureaux.<\/p>\n<h3>Artisanlocal intervient \u00e0 Cossonay-Ville et dans les environs<\/h3>\n<p>Nous effectuons les d\u00e9m\u00e9nagements \u00e0 Cossonay-Ville et aussi dans toutes les villes \u00e0 proximit\u00e9, comme : Mex VD, Boussens, Bournens, Sullens, Bettens, Cottens VD, Grancy, Gollion, S\u00e9very, Pampigny, Montricher, Chavannes-le-Veyron, Cuarnens, L'Isle, La Coudre, Villars-Bozon, Mauraz, Moiry VD, Mont-la-Ville, Vufflens-la-Ville, Penthaz, Allens, Dizy, Senarclens, Penthalaz, Daillens, Lussery-Villars, La Chaux (Cossonay), Ecl\u00e9pens, Ferreyres, La Sarraz, Chevilly, Orny, Pompaples..<\/p>\n<h3>D\u00e9m\u00e9nagement et installation dans toute la Suisse et \u00e0 l&rsquo;international<\/h3>\n<p>Si vous \u00eates un Cossonay-Villesan, Artisanlocal vous aide pour d\u00e9m\u00e9nager dans les pays frontaliers et toutes les communes de Suisse.&nbsp;<\/p>\n<h3>Artisanlocal une soci\u00e9t\u00e9 de d\u00e9m\u00e9nagement qui est attentive aux d\u00e9tails<\/h3>\n<p>Nous enveloppons vos objets et mettons en place des protections pour \u00e9viter les dommages lors de votre d\u00e9m\u00e9nagement, \u00e0 titre d&rsquo;illustration pour vos :&nbsp;<\/p>\n<ul>\n<li>Planchers : le jour de votre d\u00e9m\u00e9nagement, nous nous assurerons de marcher avec prudence et \u00e0 d\u00e9m\u00e9nager vos objets pour \u00e9viter d&rsquo;ab\u00eemer vos planchers.<\/li>\n<li>Coins : nous prot\u00e9geons les coins de vos murs afin d&rsquo;\u00e9viter les dommages.<\/li>\n<li>Couloirs : avant de d\u00e9m\u00e9nager vos objets, nous pla\u00e7ons des protections dans vos couloirs, afin d&rsquo;\u00e9viter tout d\u00e9g\u00e2t.<\/li>\n<li>Portes : si cela le demande, nous installons des protections sur vos portes contre les rayures.<\/li>\n<\/ul>\n<h3>Devis gratuits<\/h3>\n<p>Apr\u00e8s qu\u2019un de nos experts est examin\u00e9 votre projet, notre soci\u00e9t\u00e9 vous transmet une estimation gratuite.<\/p>\n<h2>Quels sont les services de d\u00e9m\u00e9nagement d&rsquo;Artisanlocal ?<\/h2>\n<h3>D\u00e9m\u00e9nagement de boutiques et de bureaux<\/h3>\n<p>Nous r\u00e9alisons le d\u00e9m\u00e9nagement des espaces de travail et des magasins.<\/p>\n<h3>Petits d\u00e9m\u00e9nagements<\/h3>\n<p>Nous d\u00e9m\u00e9nageons les petits logements et les studios. Nous parlons d&rsquo;un d\u00e9m\u00e9nagement de petit volume pour des d\u00e9m\u00e9nagements inf\u00e9rieurs \u00e0 15 m\u00e8tres cubes.<\/p>\n<h3>D\u00e9m\u00e9nagements rapides<\/h3>\n<p>Si vous avez peu de temps entre le d\u00e9m\u00e9nagement et l&#8217;emm\u00e9nagement dans votre nouvel appartement, notre entreprise d\u00e9m\u00e9nage et vous installe en urgence. Nous vous offrons aussi des prestations de stockage et d&#8217;emballage en urgence.<\/p>\n<h3>Espace de stockage<\/h3>\n<p>Notre \u00e9quipe vient r\u00e9cup\u00e9rer vos meubles et ensuite nous les d\u00e9pla\u00e7ons vers notre zone de stockage \u00e0 Cossonay-Ville. Vos affaires seront en s\u00e9curit\u00e9 pour la p\u00e9riode que vous d\u00e9sirez. Vous n&rsquo;avez qu&rsquo;\u00e0 nous communiquer la date \u00e0 laquelle vous voulez r\u00e9cup\u00e9rer vos biens, et nous les transporterons chez vous \u00e0 la date qui vous arrange.<\/p>\n<h3>Emballage des biens pr\u00e9cieux<\/h3>\n<p>Vos \u0153uvres d&rsquo;art ou meubles pr\u00e9cieux seront prot\u00e9g\u00e9s. Nous concevons des emballages personnalis\u00e9s et nous employons des appareils de levage appropri\u00e9s.<\/p>\n<h3>Transport de pianos<\/h3>\n<h3>D\u00e9m\u00e9nager un piano avec pr\u00e9caution demande des comp\u00e9tences, des \u00e9quipements et des formations particuli\u00e8res. Notre soci\u00e9t\u00e9 d\u00e9place tous types de pianos : droits, horizontaux et interm\u00e9diaires.<\/h3>\n<h3>Service de location monte-meubles \u00e0 Cossonay-Ville <\/h3>\n<p>Notre service de location de monte-meubles permet le transfert de vos meubles facilement en Suisse et \u00e0 Cossonay-Ville.<\/p>\n<h3>Vente de cartons de d\u00e9m\u00e9nagement \u00e0 Cossonay-Ville<\/h3>\n<p>Vous cherchez des cartons de protection pour votre projet de d\u00e9m\u00e9nagement \u00e0 Cossonay-Ville ? Notre soci\u00e9t\u00e9 propose une large gamme de cartons et aussi : de fournitures, d&rsquo;adh\u00e9sifs, et de housses de protection.<\/p>\n<h2>Qu\u2019est-ce qui est inclus dans le d\u00e9m\u00e9nagement ?<\/h2>\n<h3>L\u2019emballage sur mesure, pour :<\/h3>\n<ul>\n<li>les literies,<\/li>\n<li>les \u00e9crans de t\u00e9l\u00e9vision <\/li>\n<li>les fauteuils,<\/li>\n<li>les sofas<\/li>\n<li>les appareils m\u00e9nagers,<\/li>\n<li>les ordinateurs,<\/li>\n<li>les lampes et ampoules,<\/li>\n<li>les tableaux et miroirs.<\/li>\n<\/ul>\n<h3>Le d\u00e9montage des meubles<\/h3>\n<ul>\n<li>les tables,<\/li>\n<li>les meubles de rangement,<\/li>\n<li>les mobiliers,<\/li>\n<li>les supports de rangement,<\/li>\n<li>les lustres.<\/li>\n<\/ul>\n<h2>Aide et r\u00e9ponses<\/h2>\n<h3>Combien co\u00fbte un d\u00e9m\u00e9nagement \u00e0 Cossonay-Ville et en Suisse ?<\/h3>\n<p>La somme \u00e0 pr\u00e9voir pour un d\u00e9m\u00e9nagement \u00e0 Cossonay-Ville varie en fonction du volume et du nombre de pi\u00e8ces.<\/p>\n<p>Ci-dessous, vous retrouverez les prix en fonction du nombre de pi\u00e8ces :<\/p>\n<p>Pour un d\u00e9m\u00e9nagement \u00e0 Cossonay-Ville :<\/p>\n<table>\n<tbody>\n<tr>\n<td>Pour un appartement de 1-2 pi\u00e8ces<\/td>\n<td>Entre 350 \u00e0 600 Francs Suisses<\/td>\n<\/tr>\n<tr>\n<td>D\u2019un appartement entre 2-3 pi\u00e8ces<\/td>\n<td>De 700 \u00e0 1300 CHF<\/td>\n<\/tr>\n<tr>\n<td>D\u2019un appartement de 3-4 pi\u00e8ces<\/td>\n<td>De 850 \u00e0 2000 CHF<\/td>\n<\/tr>\n<tr>\n<td>D\u2019une maison<\/td>\n<td>Entre 1200 \u00e0 2500 Francs Suisses<\/td>\n<\/tr>\n<\/tbody>\n<\/table>\n<p>Pour d\u00e9m\u00e9nager plus loin de 200 km :<\/p>\n<table>\n<tbody>\n<tr>\n<td>Pour un appartement de 1-2 pi\u00e8ces<\/td>\n<td>De 600 \u00e0 900 CHF<\/td>\n<\/tr>\n<tr>\n<td>Pour un appartement de 2-3 pi\u00e8ces<\/td>\n<td>De 1200 \u00e0 2500 Francs Suisses<\/td>\n<\/tr>\n<tr>\n<td>Pour un appartement de 3-4 pi\u00e8ces<\/td>\n<td>De 1800 \u00e0 3000 Francs Suisses<\/td>\n<\/tr>\n<tr>\n<td>D\u2019une maison<\/td>\n<td>Entre 2000 \u00e0 4500 CHF<\/td>\n<\/tr>\n<\/tbody>\n<\/table>\n<p>Combien faut-il compter pour la location d\u2019un monte meuble \u00e0 Cossonay-Ville ?<\/p>\n<p>Le prix pour louer un monte-meuble \u00e0 Cossonay-Ville est approximativement 150 CHF par heure.<\/p>\n<h3>Quels sont les b\u00e9n\u00e9fices d&#8217;embaucher une soci\u00e9t\u00e9 experte dans le d\u00e9m\u00e9nagement \u00e0 Cossonay-Ville ?<\/h3>\n<p>M\u00eame si vous \u00e9vitez de perdre de l&rsquo;argent en r\u00e9alisant le d\u00e9m\u00e9nagement vous-m\u00eame, vous pouvez vous faire mal (si vous n\u2019avez pas l\u2019habitude de soulever des charges importantes) ou vous pouvez aussi ab\u00eemer vos meubles. Avec Artisanlocal, vous \u00e9conomisez du temps et vous \u00e9vitez des soucis de dos.<\/p>\n","protected":false},"excerpt":{"rendered":"<p>Le d\u00e9m\u00e9nagement \u00e0 Cossonay-Ville ne devrait pas \u00eatre difficile. Si vous avez d\u00e9j\u00e0 trouv\u00e9 votre nouveau domicile et d\u00e9cid\u00e9 le jour de votre d\u00e9m\u00e9nagement, il est possible que vous vous demandiez comment pr\u00e9voir au mieux votre d\u00e9m\u00e9nagement ? En faisant appel \u00e0 notre entreprise \u00e0 Cossonay-Ville, vous \u00e9chappez aux situations stressantes, nous prenons en charge [&hellip;]<\/p>\n","protected":false},"author":4,"featured_media":2759,"parent":0,"menu_order":0,"comment_status":"closed","ping_status":"closed","template":"","meta":{"footnotes":""},"profession":[122],"location":[116],"canton":[113],"class_list":["post-874","page","type-page","status-publish","has-post-thumbnail","hentry","profession-demenageur","location-cossonay-ville","canton-vd"],"yoast_head":"<!-- This site is optimized with the Yoast SEO Premium plugin v25.7.1 (Yoast SEO v27.4) - https:\/\/yoast.com\/product\/yoast-seo-premium-wordpress\/ -->\n<title>Votre d\u00e9m\u00e9nageur \u00e0 Cossonay-Ville - Artisanlocal<\/title>\n<meta name=\"robots\" content=\"index, follow, max-snippet:-1, max-image-preview:large, max-video-preview:-1\" \/>\n<link rel=\"canonical\" href=\"https:\/\/www.artisanlocal.ch\/c\/votre-demenageur-a-cossonay-ville\/\" \/>\n<meta property=\"og:locale\" content=\"fr_FR\" \/>\n<meta property=\"og:type\" content=\"article\" \/>\n<meta property=\"og:title\" content=\"Votre d\u00e9m\u00e9nageur \u00e0 Cossonay-Ville\" \/>\n<meta property=\"og:description\" content=\"Le d\u00e9m\u00e9nagement \u00e0 Cossonay-Ville ne devrait pas \u00eatre difficile. Si vous avez d\u00e9j\u00e0 trouv\u00e9 votre nouveau domicile et d\u00e9cid\u00e9 le jour de votre d\u00e9m\u00e9nagement, il est possible que vous vous demandiez comment pr\u00e9voir au mieux votre d\u00e9m\u00e9nagement ? En faisant appel \u00e0 notre entreprise \u00e0 Cossonay-Ville, vous \u00e9chappez aux situations stressantes, nous prenons en charge [&hellip;]\" \/>\n<meta property=\"og:url\" content=\"https:\/\/www.artisanlocal.ch\/c\/votre-demenageur-a-cossonay-ville\/\" \/>\n<meta property=\"og:site_name\" content=\"Artisanlocal\" \/>\n<meta property=\"article:modified_time\" content=\"2025-08-26T17:27:59+00:00\" \/>\n<meta property=\"og:image\" content=\"https:\/\/www.artisanlocal.ch\/c\/wp-content\/uploads\/2024\/10\/demenageur.jpg\" \/>\n\t<meta property=\"og:image:width\" content=\"1920\" \/>\n\t<meta property=\"og:image:height\" content=\"300\" \/>\n\t<meta property=\"og:image:type\" content=\"image\/jpeg\" \/>\n<meta name=\"twitter:card\" content=\"summary_large_image\" \/>\n<meta name=\"twitter:label1\" content=\"Dur\u00e9e de lecture estim\u00e9e\" \/>\n\t<meta name=\"twitter:data1\" content=\"5 minutes\" \/>\n<script type=\"application\/ld+json\" class=\"yoast-schema-graph\">{\"@context\":\"https:\\\/\\\/schema.org\",\"@graph\":[{\"@type\":\"WebPage\",\"@id\":\"https:\\\/\\\/www.artisanlocal.ch\\\/c\\\/votre-demenageur-a-cossonay-ville\\\/\",\"url\":\"https:\\\/\\\/www.artisanlocal.ch\\\/c\\\/votre-demenageur-a-cossonay-ville\\\/\",\"name\":\"Votre d\u00e9m\u00e9nageur \u00e0 Cossonay-Ville - Artisanlocal\",\"isPartOf\":{\"@id\":\"https:\\\/\\\/www.artisanlocal.ch\\\/c\\\/#website\"},\"primaryImageOfPage\":{\"@id\":\"https:\\\/\\\/www.artisanlocal.ch\\\/c\\\/votre-demenageur-a-cossonay-ville\\\/#primaryimage\"},\"image\":{\"@id\":\"https:\\\/\\\/www.artisanlocal.ch\\\/c\\\/votre-demenageur-a-cossonay-ville\\\/#primaryimage\"},\"thumbnailUrl\":\"https:\\\/\\\/www.artisanlocal.ch\\\/c\\\/wp-content\\\/uploads\\\/2024\\\/10\\\/demenageur.jpg\",\"datePublished\":\"2024-04-23T11:46:50+00:00\",\"dateModified\":\"2025-08-26T17:27:59+00:00\",\"breadcrumb\":{\"@id\":\"https:\\\/\\\/www.artisanlocal.ch\\\/c\\\/votre-demenageur-a-cossonay-ville\\\/#breadcrumb\"},\"inLanguage\":\"fr-FR\",\"potentialAction\":[{\"@type\":\"ReadAction\",\"target\":[\"https:\\\/\\\/www.artisanlocal.ch\\\/c\\\/votre-demenageur-a-cossonay-ville\\\/\"]}]},{\"@type\":\"ImageObject\",\"inLanguage\":\"fr-FR\",\"@id\":\"https:\\\/\\\/www.artisanlocal.ch\\\/c\\\/votre-demenageur-a-cossonay-ville\\\/#primaryimage\",\"url\":\"https:\\\/\\\/www.artisanlocal.ch\\\/c\\\/wp-content\\\/uploads\\\/2024\\\/10\\\/demenageur.jpg\",\"contentUrl\":\"https:\\\/\\\/www.artisanlocal.ch\\\/c\\\/wp-content\\\/uploads\\\/2024\\\/10\\\/demenageur.jpg\",\"width\":1920,\"height\":300},{\"@type\":\"BreadcrumbList\",\"@id\":\"https:\\\/\\\/www.artisanlocal.ch\\\/c\\\/votre-demenageur-a-cossonay-ville\\\/#breadcrumb\",\"itemListElement\":[{\"@type\":\"ListItem\",\"position\":1,\"name\":\"Accueil\",\"item\":\"https:\\\/\\\/www.artisanlocal.ch\\\/c\\\/\"},{\"@type\":\"ListItem\",\"position\":2,\"name\":\"Votre d\u00e9m\u00e9nageur \u00e0 Cossonay-Ville\"}]},{\"@type\":\"WebSite\",\"@id\":\"https:\\\/\\\/www.artisanlocal.ch\\\/c\\\/#website\",\"url\":\"https:\\\/\\\/www.artisanlocal.ch\\\/c\\\/\",\"name\":\"Artisanlocal\",\"description\":\"\",\"publisher\":{\"@id\":\"https:\\\/\\\/www.artisanlocal.ch\\\/c\\\/#organization\"},\"potentialAction\":[{\"@type\":\"SearchAction\",\"target\":{\"@type\":\"EntryPoint\",\"urlTemplate\":\"https:\\\/\\\/www.artisanlocal.ch\\\/c\\\/?s={search_term_string}\"},\"query-input\":{\"@type\":\"PropertyValueSpecification\",\"valueRequired\":true,\"valueName\":\"search_term_string\"}}],\"inLanguage\":\"fr-FR\"},{\"@type\":\"Organization\",\"@id\":\"https:\\\/\\\/www.artisanlocal.ch\\\/c\\\/#organization\",\"name\":\"Artisanlocal\",\"url\":\"https:\\\/\\\/www.artisanlocal.ch\\\/c\\\/\",\"logo\":{\"@type\":\"ImageObject\",\"inLanguage\":\"fr-FR\",\"@id\":\"https:\\\/\\\/www.artisanlocal.ch\\\/c\\\/#\\\/schema\\\/logo\\\/image\\\/\",\"url\":\"https:\\\/\\\/www.artisanlocal.ch\\\/c\\\/wp-content\\\/uploads\\\/2024\\\/02\\\/logo-artisanlocal-h.svg\",\"contentUrl\":\"https:\\\/\\\/www.artisanlocal.ch\\\/c\\\/wp-content\\\/uploads\\\/2024\\\/02\\\/logo-artisanlocal-h.svg\",\"caption\":\"Artisanlocal\"},\"image\":{\"@id\":\"https:\\\/\\\/www.artisanlocal.ch\\\/c\\\/#\\\/schema\\\/logo\\\/image\\\/\"}}]}<\/script>\n<!-- \/ Yoast SEO Premium plugin. -->","yoast_head_json":{"title":"Votre d\u00e9m\u00e9nageur \u00e0 Cossonay-Ville - Artisanlocal","robots":{"index":"index","follow":"follow","max-snippet":"max-snippet:-1","max-image-preview":"max-image-preview:large","max-video-preview":"max-video-preview:-1"},"canonical":"https:\/\/www.artisanlocal.ch\/c\/votre-demenageur-a-cossonay-ville\/","og_locale":"fr_FR","og_type":"article","og_title":"Votre d\u00e9m\u00e9nageur \u00e0 Cossonay-Ville","og_description":"Le d\u00e9m\u00e9nagement \u00e0 Cossonay-Ville ne devrait pas \u00eatre difficile. Si vous avez d\u00e9j\u00e0 trouv\u00e9 votre nouveau domicile et d\u00e9cid\u00e9 le jour de votre d\u00e9m\u00e9nagement, il est possible que vous vous demandiez comment pr\u00e9voir au mieux votre d\u00e9m\u00e9nagement ? En faisant appel \u00e0 notre entreprise \u00e0 Cossonay-Ville, vous \u00e9chappez aux situations stressantes, nous prenons en charge [&hellip;]","og_url":"https:\/\/www.artisanlocal.ch\/c\/votre-demenageur-a-cossonay-ville\/","og_site_name":"Artisanlocal","article_modified_time":"2025-08-26T17:27:59+00:00","og_image":[{"width":1920,"height":300,"url":"https:\/\/www.artisanlocal.ch\/c\/wp-content\/uploads\/2024\/10\/demenageur.jpg","type":"image\/jpeg"}],"twitter_card":"summary_large_image","twitter_misc":{"Dur\u00e9e de lecture estim\u00e9e":"5 minutes"},"schema":{"@context":"https:\/\/schema.org","@graph":[{"@type":"WebPage","@id":"https:\/\/www.artisanlocal.ch\/c\/votre-demenageur-a-cossonay-ville\/","url":"https:\/\/www.artisanlocal.ch\/c\/votre-demenageur-a-cossonay-ville\/","name":"Votre d\u00e9m\u00e9nageur \u00e0 Cossonay-Ville - Artisanlocal","isPartOf":{"@id":"https:\/\/www.artisanlocal.ch\/c\/#website"},"primaryImageOfPage":{"@id":"https:\/\/www.artisanlocal.ch\/c\/votre-demenageur-a-cossonay-ville\/#primaryimage"},"image":{"@id":"https:\/\/www.artisanlocal.ch\/c\/votre-demenageur-a-cossonay-ville\/#primaryimage"},"thumbnailUrl":"https:\/\/www.artisanlocal.ch\/c\/wp-content\/uploads\/2024\/10\/demenageur.jpg","datePublished":"2024-04-23T11:46:50+00:00","dateModified":"2025-08-26T17:27:59+00:00","breadcrumb":{"@id":"https:\/\/www.artisanlocal.ch\/c\/votre-demenageur-a-cossonay-ville\/#breadcrumb"},"inLanguage":"fr-FR","potentialAction":[{"@type":"ReadAction","target":["https:\/\/www.artisanlocal.ch\/c\/votre-demenageur-a-cossonay-ville\/"]}]},{"@type":"ImageObject","inLanguage":"fr-FR","@id":"https:\/\/www.artisanlocal.ch\/c\/votre-demenageur-a-cossonay-ville\/#primaryimage","url":"https:\/\/www.artisanlocal.ch\/c\/wp-content\/uploads\/2024\/10\/demenageur.jpg","contentUrl":"https:\/\/www.artisanlocal.ch\/c\/wp-content\/uploads\/2024\/10\/demenageur.jpg","width":1920,"height":300},{"@type":"BreadcrumbList","@id":"https:\/\/www.artisanlocal.ch\/c\/votre-demenageur-a-cossonay-ville\/#breadcrumb","itemListElement":[{"@type":"ListItem","position":1,"name":"Accueil","item":"https:\/\/www.artisanlocal.ch\/c\/"},{"@type":"ListItem","position":2,"name":"Votre d\u00e9m\u00e9nageur \u00e0 Cossonay-Ville"}]},{"@type":"WebSite","@id":"https:\/\/www.artisanlocal.ch\/c\/#website","url":"https:\/\/www.artisanlocal.ch\/c\/","name":"Artisanlocal","description":"","publisher":{"@id":"https:\/\/www.artisanlocal.ch\/c\/#organization"},"potentialAction":[{"@type":"SearchAction","target":{"@type":"EntryPoint","urlTemplate":"https:\/\/www.artisanlocal.ch\/c\/?s={search_term_string}"},"query-input":{"@type":"PropertyValueSpecification","valueRequired":true,"valueName":"search_term_string"}}],"inLanguage":"fr-FR"},{"@type":"Organization","@id":"https:\/\/www.artisanlocal.ch\/c\/#organization","name":"Artisanlocal","url":"https:\/\/www.artisanlocal.ch\/c\/","logo":{"@type":"ImageObject","inLanguage":"fr-FR","@id":"https:\/\/www.artisanlocal.ch\/c\/#\/schema\/logo\/image\/","url":"https:\/\/www.artisanlocal.ch\/c\/wp-content\/uploads\/2024\/02\/logo-artisanlocal-h.svg","contentUrl":"https:\/\/www.artisanlocal.ch\/c\/wp-content\/uploads\/2024\/02\/logo-artisanlocal-h.svg","caption":"Artisanlocal"},"image":{"@id":"https:\/\/www.artisanlocal.ch\/c\/#\/schema\/logo\/image\/"}}]}},"_links":{"self":[{"href":"https:\/\/www.artisanlocal.ch\/c\/wp-json\/wp\/v2\/pages\/874","targetHints":{"allow":["GET"]}}],"collection":[{"href":"https:\/\/www.artisanlocal.ch\/c\/wp-json\/wp\/v2\/pages"}],"about":[{"href":"https:\/\/www.artisanlocal.ch\/c\/wp-json\/wp\/v2\/types\/page"}],"author":[{"embeddable":true,"href":"https:\/\/www.artisanlocal.ch\/c\/wp-json\/wp\/v2\/users\/4"}],"replies":[{"embeddable":true,"href":"https:\/\/www.artisanlocal.ch\/c\/wp-json\/wp\/v2\/comments?post=874"}],"version-history":[{"count":0,"href":"https:\/\/www.artisanlocal.ch\/c\/wp-json\/wp\/v2\/pages\/874\/revisions"}],"wp:featuredmedia":[{"embeddable":true,"href":"https:\/\/www.artisanlocal.ch\/c\/wp-json\/wp\/v2\/media\/2759"}],"wp:attachment":[{"href":"https:\/\/www.artisanlocal.ch\/c\/wp-json\/wp\/v2\/media?parent=874"}],"wp:term":[{"taxonomy":"profession","embeddable":true,"href":"https:\/\/www.artisanlocal.ch\/c\/wp-json\/wp\/v2\/profession?post=874"},{"taxonomy":"location","embeddable":true,"href":"https:\/\/www.artisanlocal.ch\/c\/wp-json\/wp\/v2\/location?post=874"},{"taxonomy":"canton","embeddable":true,"href":"https:\/\/www.artisanlocal.ch\/c\/wp-json\/wp\/v2\/canton?post=874"}],"curies":[{"name":"wp","href":"https:\/\/api.w.org\/{rel}","templated":true}]}}