{"id":884,"date":"2024-04-23T19:49:06","date_gmt":"2024-04-23T17:49:06","guid":{"rendered":"https:\/\/www.artisanlocal.ch\/c\/votre-demenageur-a-yverdon\/"},"modified":"2025-08-26T19:27:48","modified_gmt":"2025-08-26T17:27:48","slug":"votre-demenageur-a-yverdon","status":"publish","type":"page","link":"https:\/\/www.artisanlocal.ch\/c\/votre-demenageur-a-yverdon\/","title":{"rendered":"D\u00e9m\u00e9nagement \u00e0 Yverdon-les-Bains"},"content":{"rendered":"<p>D\u00e9m\u00e9nager \u00e0 Yverdon-les-Bains ne doit pas \u00eatre un probl\u00e8me. Une fois que vous avez trouv\u00e9 votre domicile et que vous avez d\u00e9termin\u00e9 la date du d\u00e9m\u00e9nagement, vous devez vous questionner sur comment programmer aux mieux votre d\u00e9m\u00e9nagement ? Avec notre entreprise de d\u00e9m\u00e9nagement \u00e0 Yverdon-les-Bains, vous \u00e9chappez aux situations stressantes, nous prenons en charge toutes les parties de votre d\u00e9m\u00e9nagement et am\u00e9nagement, de la protection de vos meubles \u00e0 la location du camion.<br \/>\n\r\n<div class=\"box\">\r\n            <div class=\"company-info\">\r\n            <img decoding=\"async\" class=\"company-info__logo\" src=\"https:\/\/www.artisanlocal.ch\/media\/cache\/thumb\/images\/companies\/65d4802831483792464079.png\" alt=\"Logo\">\r\n            <h2 class=\"company-info__name\">MTS Transports & D\u00e9m\u00e9nagements<\/h2>\r\n            <p class=\"company-info__business\">D\u00e9m\u00e9nagements - Transports<\/p>\r\n        <\/div>\r\n        <div class=\"company-contact\">\r\n            <p class=\"company-info__address\">Chemin de Fagne 1<\/p>\r\n                            <div class=\"links\">\r\n                                            <a class=\"btn has-accent-background-color js-phoneNumber\" href=\"tel:0792097552\" title=\"Appelez\" data-id=\"2265\" data-type=\"11\">079 209 75 52<\/a>\r\n                                                                <a class=\"btn has-accent-background-color\" href=\"https:\/\/www.mts-demenagement.com\/\" target=\"_blank\" title=\"Voir le site internet\" data-id=\"2265\" data-type=\"20\">Site internet<\/a>\r\n                                    <\/div>\r\n                    <\/div>\r\n    \r\n            \r\n<form action=\"https:\/\/www.artisanlocal.ch\/c\/wp-admin\/admin-ajax.php\" method=\"post\" class=\"form-contact\" id=\"artisan_form_contact_company_inline\">\r\n    <div><input type=\"hidden\" name=\"action\" value=\"company_contact\"><\/div>\r\n    <div><input type=\"hidden\" name=\"nonce\" value=\"124b983c12\"><\/div>\r\n    <div><input type=\"hidden\" name=\"company_id\" value=\"2265\"><\/div>\r\n    <div><input type=\"hidden\" name=\"form_id\" value=\"artisan_form_contact_company_inline\"><\/div>\r\n    <div class=\"gglcptch gglcptch_v3 gglcptch_custom\"><input type=\"hidden\" id=\"g-recaptcha-response\" name=\"g-recaptcha-response\" \/><br \/><div class=\"gglcptch_error_text\">La p\u00e9riode de v\u00e9rification reCAPTCHA a expir\u00e9. Veuillez recharger la page.<\/div><\/div>    <div class=\"form-content\">\r\n        <div class=\"form-group\">\r\n            <label for=\"contact_firstName\" class=\"required\">Pr\u00e9nom<\/label>\r\n            <input type=\"text\" name=\"firstName\" class=\"form-control\" required>\r\n        <\/div>\r\n        <div class=\"form-group\">\r\n            <label for=\"contact_lastName\" class=\"required\">Nom<\/label>\r\n            <input type=\"text\" name=\"lastName\" class=\"form-control\" required>\r\n        <\/div>\r\n        <div class=\"form-group\">\r\n            <label for=\"contact_email\" class=\"required\">Email<\/label>\r\n            <input type=\"email\" name=\"email\" class=\"form-control\" required>\r\n        <\/div>\r\n        <div class=\"form-group\">\r\n            <label for=\"contact_phone\" class=\"required\">Num\u00e9ro de t\u00e9l\u00e9phone<\/label>\r\n            <input type=\"tel\" name=\"phone\" class=\"form-control\" placeholder=\"0787117165\" pattern=\"^[0-9]{10}$\" required>\r\n        <\/div>\r\n        <div class=\"form-group\">\r\n            <label for=\"contact_postalCode\" class=\"required\">Code postal et localit\u00e9<\/label>\r\n            <input type=\"text\" name=\"postalCode\" class=\"form-control\" required>\r\n        <\/div>\r\n        <div class=\"form-group\">\r\n            <label for=\"contact_address\" class=\"required\">Adresse<\/label>\r\n            <input type=\"text\" name=\"address\" class=\"form-control\" required>\r\n        <\/div>\r\n        <div class=\"full-width topic\">\r\n            <p class=\"required\">Je souhaite \u00eatre contact\u00e9 pour :<\/p>\r\n            <div class=\"form-check\">\r\n                <input type=\"radio\" name=\"topic\" value=\"D\u00e9pannage\" class=\"form-control\" required>\r\n                <label for=\"d\u00e9pannage\">D\u00e9pannage<\/label>\r\n            <\/div>\r\n            <div class=\"form-check\">\r\n                <input type=\"radio\" name=\"topic\" value=\"Entretien\" class=\"form-control\" required>\r\n                <label for=\"entretien\">Entretien<\/label>\r\n            <\/div>\r\n            <div class=\"form-check\">\r\n                <input type=\"radio\" name=\"topic\" value=\"R\u00e9novation\" class=\"form-control\" required>\r\n                <label for=\"r\u00e9novation\">R\u00e9novation<\/label>\r\n            <\/div>\r\n            <div class=\"form-check\">\r\n                <input type=\"radio\" name=\"topic\" value=\"Autre\" class=\"form-control\" required>\r\n                <label for=\"autre\">Autre<\/label>\r\n            <\/div>\r\n        <\/div>\r\n        <div class=\"form-group full-width\">\r\n            <label for=\"contact_message\">Message<\/label>\r\n            <textarea name=\"message\" rows=\"3\" class=\"form-control\"><\/textarea>\r\n        <\/div>\r\n    <\/div>\r\n    <div class=\"form-actions\">\r\n        <button class=\"wp-block-button__link has-accent-background-color\">Contacter<\/button>\r\n    <\/div>\r\n<\/form>\r\n<div class=\"form-feedback\"><\/div>    <\/div><\/p>\n<h2>Artisanlocal une entreprise de confiance pour votre projet de d\u00e9m\u00e9nagement<\/h2>\n<p>Notre soci\u00e9t\u00e9 est localis\u00e9e au c\u0153ur d&rsquo;Yverdon-les-Bains. Nous sommes sp\u00e9cialis\u00e9s dans les d\u00e9m\u00e9nagements d&rsquo;entreprises et des particuliers. Nos d\u00e9m\u00e9nageurs sont comp\u00e9tents et exp\u00e9riment\u00e9s pour effectuer tous vos projets.<\/p>\n<h2>Pourquoi choisir Artisanlocal pour votre d\u00e9m\u00e9nagement \u00e0 Yverdon-les-Bains ?<\/h2>\n<h3>Une soci\u00e9t\u00e9 engag\u00e9e<\/h3>\n<p>Pour r\u00e9duire votre impact environnemental au cours de votre d\u00e9m\u00e9nagement, nous utilisons des protections biod\u00e9gradables et r\u00e9utilisons tous les mat\u00e9riaux employ\u00e9s lors du d\u00e9m\u00e9nagement.<\/p>\n<h3>Une entreprise de d\u00e9m\u00e9nagement tout le temps disponible<\/h3>\n<p>Nos sommes disponibles \u00e0 tout moment et peu importe le jour dans la semaine pour d\u00e9m\u00e9nager votre maison, appartement ou vos bureaux.<\/p>\n<h3>Service de d\u00e9m\u00e9nagement \u00e0 Yverdon-les-Bains et dans les localit\u00e9s \u00e0 proximit\u00e9<\/h3>\n<p>Nous effectuons les d\u00e9m\u00e9nagements \u00e0 Yverdon-les-Bains et aussi dans toutes les villes \u00e0 proximit\u00e9, par exemple : Oppens, Cheseaux-Nor\u00e9az, Cuarny, Villars-Epeney, Pomy, Cronay, Bioley-Magnoux, Donneloye, Gossens, M\u00e9zery-pr\u00e8s-Donneloye, Prahins, Ursins, Valeyres-sous-Ursins, Orzens, D\u00e9moret, Molondin, Epautheyres, Essertines-sur-Yverdon, Belmont-sur-Yverdon, Gressy, Suchy, Ependes VD, Essert-Pittet, Chamblon, Treycovagnes, Susc\u00e9vaz, Mathod, Valeyres-sous-Montagny, Montagny-pr\u00e8s-Yverdon, Champvent, Essert-sous-Champvent, Villars-sous-Champvent, Yvonand, Rovray, Chavannes-le-Ch\u00eane, Ch\u00eane-P\u00e2quier..<\/p>\n<h3>D\u00e9m\u00e9nagement et installation \u00e0 l&rsquo;international et dans toute la Suisse<\/h3>\n<p>Si vous r\u00e9sidez \u00e0 Yverdon-les-Bains, nous pouvons planifier votre d\u00e9m\u00e9nagement dans tous les pays frontaliers et les villes de Suisse.<\/p>\n<h3>Artisanlocal une soci\u00e9t\u00e9 de d\u00e9m\u00e9nagement qui est attentive<\/h3>\n<ul>\n<li>Planchers : durant votre d\u00e9m\u00e9nagement, nous nous assurerons de marcher avec prudence et \u00e0 manipuler vos biens pour \u00e9viter d&rsquo;ab\u00eemer vos sols.<\/li>\n<li>Coins : nous veillons \u00e0 pr\u00e9server les angles de vos murs pour \u00e9viter les dommages.<\/li>\n<li>Couloirs : avant le d\u00e9m\u00e9nagement de votre \u00e9lectrom\u00e9nager et de votre mobilier, nous appliquons des protections dans les couloirs, afin de pr\u00e9venir les chocs.<\/li>\n<li>Portes : si cela le demande, nous installons des protections sur vos portes contre les dommages.<\/li>\n<\/ul>\n<h3>Devis gratuits<\/h3>\n<p>Apr\u00e8s qu\u2019un de nos d\u00e9m\u00e9nageurs est analys\u00e9 vos besoins, nous vous offrons une \u00e9valuation gratuite.<\/p>\n<h2>Quels sont les types de services et de d\u00e9m\u00e9nagement que propose Artisanlocal \u00e0 Yverdon-les-Bains ?<\/h2>\n<h3>D\u00e9m\u00e9nagement de bureaux et de locaux de bureau<\/h3>\n<p>Nous planifions le d\u00e9m\u00e9nagement de votre commerce ou de vos bureaux en fonction de votre planning, et de la commune de destination.<\/p>\n<h3>Petits d\u00e9m\u00e9nagements<\/h3>\n<p>Nous d\u00e9m\u00e9nageons les studios et les petits logements. Nous parlons d&rsquo;un petit d\u00e9m\u00e9nagement pour des projets inf\u00e9rieurs \u00e0 15 m\u00b3.<\/p>\n<h3>D\u00e9m\u00e9nagements en urgence<\/h3>\n<p>Si vous avez un temps limit\u00e9 entre le d\u00e9m\u00e9nagement et l&#8217;emm\u00e9nagement de votre nouvel appartement, notre soci\u00e9t\u00e9 peut d\u00e9placer rapidement vos meubles. Nous avons aussi des services d&#8217;emballage et de stockage en urgence.<\/p>\n<h3>Garde-meubles<\/h3>\n<p>Notre \u00e9quipe vient chercher vos meubles et les stocks dans un espace \u00e0 Yverdon-les-Bains. Ils seront entrepos\u00e9s pendant la dur\u00e9e que vous avez choisie. Vous n&rsquo;avez qu&rsquo;\u00e0 nous dire le jour et l&rsquo;heure \u00e0 laquelle vous voulez r\u00e9cup\u00e9rer vos biens et mobiliers, et nous les livrerons chez vous \u00e0 la date qui vous arrange.<\/p>\n<h3>Conditionnement des objets de valeur<\/h3>\n<p>Vos biens de grande valeur et les \u0153uvres d&rsquo;art vont \u00eatre emball\u00e9s avec soin. Nous cr\u00e9ons des cartons personnalis\u00e9s et nous les enveloppons, par ailleurs, nous usons des mat\u00e9riels de levage appropri\u00e9s.<\/p>\n<h3>Transport de pianos<\/h3>\n<p>Nous manipulons votre piano en toute s\u00fbret\u00e9. Notre entreprise d\u00e9place tous types de pianos : interm\u00e9diaires, droits et horizontaux.<\/p>\n<h3>Location de monte-meubles \u00e0 Yverdon-les-Bains pour d\u00e9m\u00e9nagement<\/h3>\n<p>Nous proposons un service de location de monte-meubles pour simplifier le transfert de vos meubles lourds en Suisse et \u00e0 Yverdon-les-Bains.<\/p>\n<h3>Acheter des cartons pour votre d\u00e9m\u00e9nagement en emm\u00e9nagement \u00e0 Yverdon-les-Bains<\/h3>\n<p>Vous avez besoin de carton d&#8217;emballage pour votre d\u00e9m\u00e9nagement \u00e0 Yverdon-les-Bains ? Chez Artisanlocal, nous offrons \u00e0 nos clients des emballages et des \u00e9quipements de protection adapt\u00e9s.<\/p>\n<h2>Qu\u2019est-ce qui est inclus dans le d\u00e9m\u00e9nagement ?<\/h2>\n<h3>L&#8217;emballage personnalis\u00e9, pour :<\/h3>\n<ul>\n<li>les matelas,<\/li>\n<li>les \u00e9crans de t\u00e9l\u00e9vision<\/li>\n<li>les fauteuils,<\/li>\n<li>les canap\u00e9s<\/li>\n<li>les appareils m\u00e9nagers,<\/li>\n<li>les PC,<\/li>\n<li>les lampes et ampoules,<\/li>\n<li>les tableaux et miroirs.<\/li>\n<\/ul>\n<h3>Le montage et d\u00e9montage du mobilier<\/h3>\n<ul>\n<li>les tables,<\/li>\n<li>les meubles de rangement,<\/li>\n<li>les mobiliers,<\/li>\n<li>les supports de rangement,<\/li>\n<li>les lustres.<\/li>\n<\/ul>\n<h2>FAQ<\/h2>\n<h3>Combien co\u00fbte un d\u00e9m\u00e9nagement \u00e0 Yverdon-les-Bains et en Suisse ?<\/h3>\n<p>Le prix d&rsquo;un d\u00e9m\u00e9nagement \u00e0 Yverdon-les-Bains change en fonction du volume et du nombre de pi\u00e8ces.<\/p>\n<p>Voici les tarifs selon le nombre de chambres et le volume :<\/p>\n<p>Pour un d\u00e9m\u00e9nagement \u00e0 Yverdon-les-Bains :<\/p>\n<table>\n<tbody>\n<tr>\n<td>D\u2019un appartement de 1-2 pi\u00e8ces<\/td>\n<td>De 350 \u00e0 600 CHF<\/td>\n<\/tr>\n<tr>\n<td>Pour un appartement entre 2-3 pi\u00e8ces<\/td>\n<td>De 700 \u00e0 1300 Francs Suisses<\/td>\n<\/tr>\n<tr>\n<td>D\u2019un appartement entre 3-4 pi\u00e8ces<\/td>\n<td>Entre 850 \u00e0 2000 Francs Suisses<\/td>\n<\/tr>\n<tr>\n<td>D\u2019une maison<\/td>\n<td>Entre 1200 \u00e0 2500 Francs Suisses<\/td>\n<\/tr>\n<\/tbody>\n<\/table>\n<p>Pour d\u00e9m\u00e9nager au-del\u00e0 de 200 km :<\/p>\n<table>\n<tbody>\n<tr>\n<td>D\u2019un appartement de 1-2 pi\u00e8ces<\/td>\n<td>De 600 \u00e0 900 Francs Suisses<\/td>\n<\/tr>\n<tr>\n<td>Pour un appartement de 2-3 pi\u00e8ces<\/td>\n<td>Entre 1200 \u00e0 2500 Francs Suisses<\/td>\n<\/tr>\n<tr>\n<td>Pour un appartement de 3-4 pi\u00e8ces<\/td>\n<td>De 1800 \u00e0 3000 CHF<\/td>\n<\/tr>\n<tr>\n<td>D\u2019une maison<\/td>\n<td>Entre 2000 \u00e0 4500 Francs Suisses<\/td>\n<\/tr>\n<\/tbody>\n<\/table>\n<h3>Quel est le prix pour la location d&rsquo;un monte-meuble \u00e0 Yverdon-les-Bains ?<\/h3>\n<p>Le montant indicatif pour la location d&rsquo;un monte meuble \u00e0 Yverdon-les-Bains est approximativement 150 Francs Suisses par heure.<\/p>\n<h3>Quels sont les avantages d&#8217;embaucher une entreprise sp\u00e9cialis\u00e9e dans le d\u00e9m\u00e9nagement \u00e0 Yverdon-les-Bains ?<\/h3>\n<p>M\u00eame si vous pouvez \u00e9conomiser de l&rsquo;argent en effectuant le travail seul, vous vous exposez \u00e0 des blessures plus ou moins graves (surtout si vous n&rsquo;\u00eates pas entra\u00een\u00e9 \u00e0 lever des objets massifs) ou vous pouvez ab\u00eemer vos meubles. En faisant appel \u00e0 Artisanlocal pour votre d\u00e9m\u00e9nagement, vous gagnez du temps et vous restez en s\u00e9curit\u00e9.<\/p>\n","protected":false},"excerpt":{"rendered":"<p>D\u00e9m\u00e9nager \u00e0 Yverdon-les-Bains ne doit pas \u00eatre un probl\u00e8me. Une fois que vous avez trouv\u00e9 votre domicile et que vous avez d\u00e9termin\u00e9 la date du d\u00e9m\u00e9nagement, vous devez vous questionner sur comment programmer aux mieux votre d\u00e9m\u00e9nagement ? Avec notre entreprise de d\u00e9m\u00e9nagement \u00e0 Yverdon-les-Bains, vous \u00e9chappez aux situations stressantes, nous prenons en charge toutes [&hellip;]<\/p>\n","protected":false},"author":4,"featured_media":2759,"parent":0,"menu_order":0,"comment_status":"closed","ping_status":"closed","template":"","meta":{"footnotes":""},"profession":[122],"location":[33],"canton":[113],"class_list":["post-884","page","type-page","status-publish","has-post-thumbnail","hentry","profession-demenageur","location-yverdon-les-bains","canton-vd"],"yoast_head":"<!-- This site is optimized with the Yoast SEO Premium plugin v25.7.1 (Yoast SEO v27.4) - https:\/\/yoast.com\/product\/yoast-seo-premium-wordpress\/ -->\n<title>D\u00e9m\u00e9nagement \u00e0 Yverdon-les-Bains - Artisanlocal<\/title>\n<meta name=\"robots\" content=\"index, follow, max-snippet:-1, max-image-preview:large, max-video-preview:-1\" \/>\n<link rel=\"canonical\" href=\"https:\/\/www.artisanlocal.ch\/c\/votre-demenageur-a-yverdon\/\" \/>\n<meta property=\"og:locale\" content=\"fr_FR\" \/>\n<meta property=\"og:type\" content=\"article\" \/>\n<meta property=\"og:title\" content=\"D\u00e9m\u00e9nagement \u00e0 Yverdon-les-Bains\" \/>\n<meta property=\"og:description\" content=\"D\u00e9m\u00e9nager \u00e0 Yverdon-les-Bains ne doit pas \u00eatre un probl\u00e8me. Une fois que vous avez trouv\u00e9 votre domicile et que vous avez d\u00e9termin\u00e9 la date du d\u00e9m\u00e9nagement, vous devez vous questionner sur comment programmer aux mieux votre d\u00e9m\u00e9nagement ? Avec notre entreprise de d\u00e9m\u00e9nagement \u00e0 Yverdon-les-Bains, vous \u00e9chappez aux situations stressantes, nous prenons en charge toutes [&hellip;]\" \/>\n<meta property=\"og:url\" content=\"https:\/\/www.artisanlocal.ch\/c\/votre-demenageur-a-yverdon\/\" \/>\n<meta property=\"og:site_name\" content=\"Artisanlocal\" \/>\n<meta property=\"article:modified_time\" content=\"2025-08-26T17:27:48+00:00\" \/>\n<meta property=\"og:image\" content=\"https:\/\/www.artisanlocal.ch\/c\/wp-content\/uploads\/2024\/10\/demenageur.jpg\" \/>\n\t<meta property=\"og:image:width\" content=\"1920\" \/>\n\t<meta property=\"og:image:height\" content=\"300\" \/>\n\t<meta property=\"og:image:type\" content=\"image\/jpeg\" \/>\n<meta name=\"twitter:card\" content=\"summary_large_image\" \/>\n<meta name=\"twitter:label1\" content=\"Dur\u00e9e de lecture estim\u00e9e\" \/>\n\t<meta name=\"twitter:data1\" content=\"5 minutes\" \/>\n<script type=\"application\/ld+json\" class=\"yoast-schema-graph\">{\"@context\":\"https:\\\/\\\/schema.org\",\"@graph\":[{\"@type\":\"WebPage\",\"@id\":\"https:\\\/\\\/www.artisanlocal.ch\\\/c\\\/votre-demenageur-a-yverdon\\\/\",\"url\":\"https:\\\/\\\/www.artisanlocal.ch\\\/c\\\/votre-demenageur-a-yverdon\\\/\",\"name\":\"D\u00e9m\u00e9nagement \u00e0 Yverdon-les-Bains - Artisanlocal\",\"isPartOf\":{\"@id\":\"https:\\\/\\\/www.artisanlocal.ch\\\/c\\\/#website\"},\"primaryImageOfPage\":{\"@id\":\"https:\\\/\\\/www.artisanlocal.ch\\\/c\\\/votre-demenageur-a-yverdon\\\/#primaryimage\"},\"image\":{\"@id\":\"https:\\\/\\\/www.artisanlocal.ch\\\/c\\\/votre-demenageur-a-yverdon\\\/#primaryimage\"},\"thumbnailUrl\":\"https:\\\/\\\/www.artisanlocal.ch\\\/c\\\/wp-content\\\/uploads\\\/2024\\\/10\\\/demenageur.jpg\",\"datePublished\":\"2024-04-23T17:49:06+00:00\",\"dateModified\":\"2025-08-26T17:27:48+00:00\",\"breadcrumb\":{\"@id\":\"https:\\\/\\\/www.artisanlocal.ch\\\/c\\\/votre-demenageur-a-yverdon\\\/#breadcrumb\"},\"inLanguage\":\"fr-FR\",\"potentialAction\":[{\"@type\":\"ReadAction\",\"target\":[\"https:\\\/\\\/www.artisanlocal.ch\\\/c\\\/votre-demenageur-a-yverdon\\\/\"]}]},{\"@type\":\"ImageObject\",\"inLanguage\":\"fr-FR\",\"@id\":\"https:\\\/\\\/www.artisanlocal.ch\\\/c\\\/votre-demenageur-a-yverdon\\\/#primaryimage\",\"url\":\"https:\\\/\\\/www.artisanlocal.ch\\\/c\\\/wp-content\\\/uploads\\\/2024\\\/10\\\/demenageur.jpg\",\"contentUrl\":\"https:\\\/\\\/www.artisanlocal.ch\\\/c\\\/wp-content\\\/uploads\\\/2024\\\/10\\\/demenageur.jpg\",\"width\":1920,\"height\":300},{\"@type\":\"BreadcrumbList\",\"@id\":\"https:\\\/\\\/www.artisanlocal.ch\\\/c\\\/votre-demenageur-a-yverdon\\\/#breadcrumb\",\"itemListElement\":[{\"@type\":\"ListItem\",\"position\":1,\"name\":\"Accueil\",\"item\":\"https:\\\/\\\/www.artisanlocal.ch\\\/c\\\/\"},{\"@type\":\"ListItem\",\"position\":2,\"name\":\"D\u00e9m\u00e9nagement \u00e0 Yverdon\"}]},{\"@type\":\"WebSite\",\"@id\":\"https:\\\/\\\/www.artisanlocal.ch\\\/c\\\/#website\",\"url\":\"https:\\\/\\\/www.artisanlocal.ch\\\/c\\\/\",\"name\":\"Artisanlocal\",\"description\":\"\",\"publisher\":{\"@id\":\"https:\\\/\\\/www.artisanlocal.ch\\\/c\\\/#organization\"},\"potentialAction\":[{\"@type\":\"SearchAction\",\"target\":{\"@type\":\"EntryPoint\",\"urlTemplate\":\"https:\\\/\\\/www.artisanlocal.ch\\\/c\\\/?s={search_term_string}\"},\"query-input\":{\"@type\":\"PropertyValueSpecification\",\"valueRequired\":true,\"valueName\":\"search_term_string\"}}],\"inLanguage\":\"fr-FR\"},{\"@type\":\"Organization\",\"@id\":\"https:\\\/\\\/www.artisanlocal.ch\\\/c\\\/#organization\",\"name\":\"Artisanlocal\",\"url\":\"https:\\\/\\\/www.artisanlocal.ch\\\/c\\\/\",\"logo\":{\"@type\":\"ImageObject\",\"inLanguage\":\"fr-FR\",\"@id\":\"https:\\\/\\\/www.artisanlocal.ch\\\/c\\\/#\\\/schema\\\/logo\\\/image\\\/\",\"url\":\"https:\\\/\\\/www.artisanlocal.ch\\\/c\\\/wp-content\\\/uploads\\\/2024\\\/02\\\/logo-artisanlocal-h.svg\",\"contentUrl\":\"https:\\\/\\\/www.artisanlocal.ch\\\/c\\\/wp-content\\\/uploads\\\/2024\\\/02\\\/logo-artisanlocal-h.svg\",\"caption\":\"Artisanlocal\"},\"image\":{\"@id\":\"https:\\\/\\\/www.artisanlocal.ch\\\/c\\\/#\\\/schema\\\/logo\\\/image\\\/\"}}]}<\/script>\n<!-- \/ Yoast SEO Premium plugin. -->","yoast_head_json":{"title":"D\u00e9m\u00e9nagement \u00e0 Yverdon-les-Bains - Artisanlocal","robots":{"index":"index","follow":"follow","max-snippet":"max-snippet:-1","max-image-preview":"max-image-preview:large","max-video-preview":"max-video-preview:-1"},"canonical":"https:\/\/www.artisanlocal.ch\/c\/votre-demenageur-a-yverdon\/","og_locale":"fr_FR","og_type":"article","og_title":"D\u00e9m\u00e9nagement \u00e0 Yverdon-les-Bains","og_description":"D\u00e9m\u00e9nager \u00e0 Yverdon-les-Bains ne doit pas \u00eatre un probl\u00e8me. Une fois que vous avez trouv\u00e9 votre domicile et que vous avez d\u00e9termin\u00e9 la date du d\u00e9m\u00e9nagement, vous devez vous questionner sur comment programmer aux mieux votre d\u00e9m\u00e9nagement ? Avec notre entreprise de d\u00e9m\u00e9nagement \u00e0 Yverdon-les-Bains, vous \u00e9chappez aux situations stressantes, nous prenons en charge toutes [&hellip;]","og_url":"https:\/\/www.artisanlocal.ch\/c\/votre-demenageur-a-yverdon\/","og_site_name":"Artisanlocal","article_modified_time":"2025-08-26T17:27:48+00:00","og_image":[{"width":1920,"height":300,"url":"https:\/\/www.artisanlocal.ch\/c\/wp-content\/uploads\/2024\/10\/demenageur.jpg","type":"image\/jpeg"}],"twitter_card":"summary_large_image","twitter_misc":{"Dur\u00e9e de lecture estim\u00e9e":"5 minutes"},"schema":{"@context":"https:\/\/schema.org","@graph":[{"@type":"WebPage","@id":"https:\/\/www.artisanlocal.ch\/c\/votre-demenageur-a-yverdon\/","url":"https:\/\/www.artisanlocal.ch\/c\/votre-demenageur-a-yverdon\/","name":"D\u00e9m\u00e9nagement \u00e0 Yverdon-les-Bains - Artisanlocal","isPartOf":{"@id":"https:\/\/www.artisanlocal.ch\/c\/#website"},"primaryImageOfPage":{"@id":"https:\/\/www.artisanlocal.ch\/c\/votre-demenageur-a-yverdon\/#primaryimage"},"image":{"@id":"https:\/\/www.artisanlocal.ch\/c\/votre-demenageur-a-yverdon\/#primaryimage"},"thumbnailUrl":"https:\/\/www.artisanlocal.ch\/c\/wp-content\/uploads\/2024\/10\/demenageur.jpg","datePublished":"2024-04-23T17:49:06+00:00","dateModified":"2025-08-26T17:27:48+00:00","breadcrumb":{"@id":"https:\/\/www.artisanlocal.ch\/c\/votre-demenageur-a-yverdon\/#breadcrumb"},"inLanguage":"fr-FR","potentialAction":[{"@type":"ReadAction","target":["https:\/\/www.artisanlocal.ch\/c\/votre-demenageur-a-yverdon\/"]}]},{"@type":"ImageObject","inLanguage":"fr-FR","@id":"https:\/\/www.artisanlocal.ch\/c\/votre-demenageur-a-yverdon\/#primaryimage","url":"https:\/\/www.artisanlocal.ch\/c\/wp-content\/uploads\/2024\/10\/demenageur.jpg","contentUrl":"https:\/\/www.artisanlocal.ch\/c\/wp-content\/uploads\/2024\/10\/demenageur.jpg","width":1920,"height":300},{"@type":"BreadcrumbList","@id":"https:\/\/www.artisanlocal.ch\/c\/votre-demenageur-a-yverdon\/#breadcrumb","itemListElement":[{"@type":"ListItem","position":1,"name":"Accueil","item":"https:\/\/www.artisanlocal.ch\/c\/"},{"@type":"ListItem","position":2,"name":"D\u00e9m\u00e9nagement \u00e0 Yverdon"}]},{"@type":"WebSite","@id":"https:\/\/www.artisanlocal.ch\/c\/#website","url":"https:\/\/www.artisanlocal.ch\/c\/","name":"Artisanlocal","description":"","publisher":{"@id":"https:\/\/www.artisanlocal.ch\/c\/#organization"},"potentialAction":[{"@type":"SearchAction","target":{"@type":"EntryPoint","urlTemplate":"https:\/\/www.artisanlocal.ch\/c\/?s={search_term_string}"},"query-input":{"@type":"PropertyValueSpecification","valueRequired":true,"valueName":"search_term_string"}}],"inLanguage":"fr-FR"},{"@type":"Organization","@id":"https:\/\/www.artisanlocal.ch\/c\/#organization","name":"Artisanlocal","url":"https:\/\/www.artisanlocal.ch\/c\/","logo":{"@type":"ImageObject","inLanguage":"fr-FR","@id":"https:\/\/www.artisanlocal.ch\/c\/#\/schema\/logo\/image\/","url":"https:\/\/www.artisanlocal.ch\/c\/wp-content\/uploads\/2024\/02\/logo-artisanlocal-h.svg","contentUrl":"https:\/\/www.artisanlocal.ch\/c\/wp-content\/uploads\/2024\/02\/logo-artisanlocal-h.svg","caption":"Artisanlocal"},"image":{"@id":"https:\/\/www.artisanlocal.ch\/c\/#\/schema\/logo\/image\/"}}]}},"_links":{"self":[{"href":"https:\/\/www.artisanlocal.ch\/c\/wp-json\/wp\/v2\/pages\/884","targetHints":{"allow":["GET"]}}],"collection":[{"href":"https:\/\/www.artisanlocal.ch\/c\/wp-json\/wp\/v2\/pages"}],"about":[{"href":"https:\/\/www.artisanlocal.ch\/c\/wp-json\/wp\/v2\/types\/page"}],"author":[{"embeddable":true,"href":"https:\/\/www.artisanlocal.ch\/c\/wp-json\/wp\/v2\/users\/4"}],"replies":[{"embeddable":true,"href":"https:\/\/www.artisanlocal.ch\/c\/wp-json\/wp\/v2\/comments?post=884"}],"version-history":[{"count":0,"href":"https:\/\/www.artisanlocal.ch\/c\/wp-json\/wp\/v2\/pages\/884\/revisions"}],"wp:featuredmedia":[{"embeddable":true,"href":"https:\/\/www.artisanlocal.ch\/c\/wp-json\/wp\/v2\/media\/2759"}],"wp:attachment":[{"href":"https:\/\/www.artisanlocal.ch\/c\/wp-json\/wp\/v2\/media?parent=884"}],"wp:term":[{"taxonomy":"profession","embeddable":true,"href":"https:\/\/www.artisanlocal.ch\/c\/wp-json\/wp\/v2\/profession?post=884"},{"taxonomy":"location","embeddable":true,"href":"https:\/\/www.artisanlocal.ch\/c\/wp-json\/wp\/v2\/location?post=884"},{"taxonomy":"canton","embeddable":true,"href":"https:\/\/www.artisanlocal.ch\/c\/wp-json\/wp\/v2\/canton?post=884"}],"curies":[{"name":"wp","href":"https:\/\/api.w.org\/{rel}","templated":true}]}}