{"id":891,"date":"2024-04-22T11:15:12","date_gmt":"2024-04-22T09:15:12","guid":{"rendered":"https:\/\/www.artisanlocal.ch\/c\/votre-demenageur-a-la-chaux-de-fonds\/"},"modified":"2025-08-26T19:28:45","modified_gmt":"2025-08-26T17:28:45","slug":"votre-demenageur-a-la-chaux-de-fonds","status":"publish","type":"page","link":"https:\/\/www.artisanlocal.ch\/c\/votre-demenageur-a-la-chaux-de-fonds\/","title":{"rendered":"D\u00e9m\u00e9nageur \u00e0 La Chaux-de-Fonds"},"content":{"rendered":"<p>D\u00e9m\u00e9nager \u00e0 La Chaux-de-Fonds ne doit pas \u00eatre un casse-t\u00eate. Si vous avez d\u00e9j\u00e0 trouv\u00e9 votre nouveau logement et d\u00e9cid\u00e9 le jour de votre d\u00e9m\u00e9nagement. En faisant appel \u00e0 Artisanlocal, vous diminuez votre charge de stress, nous prenons en charge tous les aspects de votre d\u00e9m\u00e9nagement, de la location du v\u00e9hicule, jusqu&rsquo;\u00e0 la protection de vos meubles.<br \/>\n\r\n<div class=\"box\">\r\n            <div class=\"company-info\">\r\n            <img decoding=\"async\" class=\"company-info__logo\" src=\"https:\/\/www.artisanlocal.ch\/media\/cache\/thumb\/images\/companies\/anachita-transport-sarl.png\" alt=\"Logo\">\r\n            <h2 class=\"company-info__name\">Anachita Transport Sarl<\/h2>\r\n            <p class=\"company-info__business\">Transports - D\u00e9m\u00e9nagements - D\u00e9barras - Nettoyage<\/p>\r\n        <\/div>\r\n        <div class=\"company-contact\">\r\n            <p class=\"company-info__address\">Rue Winkelried 31<\/p>\r\n                            <div class=\"links\">\r\n                                            <a class=\"btn has-accent-background-color js-phoneNumber\" href=\"tel:0764927965\" title=\"Appelez\" data-id=\"8666\" data-type=\"11\">076 492 79 65<\/a>\r\n                                                                <a class=\"btn has-accent-background-color\" href=\"https:\/\/www.anachitatransport.ch\/\" target=\"_blank\" title=\"Voir le site internet\" data-id=\"8666\" data-type=\"20\">Site internet<\/a>\r\n                                    <\/div>\r\n                    <\/div>\r\n    \r\n            \r\n<form action=\"https:\/\/www.artisanlocal.ch\/c\/wp-admin\/admin-ajax.php\" method=\"post\" class=\"form-contact\" id=\"artisan_form_contact_company_inline\">\r\n    <div><input type=\"hidden\" name=\"action\" value=\"company_contact\"><\/div>\r\n    <div><input type=\"hidden\" name=\"nonce\" value=\"9f6750ac34\"><\/div>\r\n    <div><input type=\"hidden\" name=\"company_id\" value=\"8666\"><\/div>\r\n    <div><input type=\"hidden\" name=\"form_id\" value=\"artisan_form_contact_company_inline\"><\/div>\r\n    <div class=\"gglcptch gglcptch_v3 gglcptch_custom\"><input type=\"hidden\" id=\"g-recaptcha-response\" name=\"g-recaptcha-response\" \/><br \/><div class=\"gglcptch_error_text\">La p\u00e9riode de v\u00e9rification reCAPTCHA a expir\u00e9. Veuillez recharger la page.<\/div><\/div>    <div class=\"form-content\">\r\n        <div class=\"form-group\">\r\n            <label for=\"contact_firstName\" class=\"required\">Pr\u00e9nom<\/label>\r\n            <input type=\"text\" name=\"firstName\" class=\"form-control\" required>\r\n        <\/div>\r\n        <div class=\"form-group\">\r\n            <label for=\"contact_lastName\" class=\"required\">Nom<\/label>\r\n            <input type=\"text\" name=\"lastName\" class=\"form-control\" required>\r\n        <\/div>\r\n        <div class=\"form-group\">\r\n            <label for=\"contact_email\" class=\"required\">Email<\/label>\r\n            <input type=\"email\" name=\"email\" class=\"form-control\" required>\r\n        <\/div>\r\n        <div class=\"form-group\">\r\n            <label for=\"contact_phone\" class=\"required\">Num\u00e9ro de t\u00e9l\u00e9phone<\/label>\r\n            <input type=\"tel\" name=\"phone\" class=\"form-control\" placeholder=\"0787117165\" pattern=\"^[0-9]{10}$\" required>\r\n        <\/div>\r\n        <div class=\"form-group\">\r\n            <label for=\"contact_postalCode\" class=\"required\">Code postal et localit\u00e9<\/label>\r\n            <input type=\"text\" name=\"postalCode\" class=\"form-control\" required>\r\n        <\/div>\r\n        <div class=\"form-group\">\r\n            <label for=\"contact_address\" class=\"required\">Adresse<\/label>\r\n            <input type=\"text\" name=\"address\" class=\"form-control\" required>\r\n        <\/div>\r\n        <div class=\"full-width topic\">\r\n            <p class=\"required\">Je souhaite \u00eatre contact\u00e9 pour :<\/p>\r\n            <div class=\"form-check\">\r\n                <input type=\"radio\" name=\"topic\" value=\"D\u00e9pannage\" class=\"form-control\" required>\r\n                <label for=\"d\u00e9pannage\">D\u00e9pannage<\/label>\r\n            <\/div>\r\n            <div class=\"form-check\">\r\n                <input type=\"radio\" name=\"topic\" value=\"Entretien\" class=\"form-control\" required>\r\n                <label for=\"entretien\">Entretien<\/label>\r\n            <\/div>\r\n            <div class=\"form-check\">\r\n                <input type=\"radio\" name=\"topic\" value=\"R\u00e9novation\" class=\"form-control\" required>\r\n                <label for=\"r\u00e9novation\">R\u00e9novation<\/label>\r\n            <\/div>\r\n            <div class=\"form-check\">\r\n                <input type=\"radio\" name=\"topic\" value=\"Autre\" class=\"form-control\" required>\r\n                <label for=\"autre\">Autre<\/label>\r\n            <\/div>\r\n        <\/div>\r\n        <div class=\"form-group full-width\">\r\n            <label for=\"contact_message\">Message<\/label>\r\n            <textarea name=\"message\" rows=\"3\" class=\"form-control\"><\/textarea>\r\n        <\/div>\r\n    <\/div>\r\n    <div class=\"form-actions\">\r\n        <button class=\"wp-block-button__link has-accent-background-color\">Contacter<\/button>\r\n    <\/div>\r\n<\/form>\r\n<div class=\"form-feedback\"><\/div>    <\/div><\/p>\n<h2>Artisanlocal l&rsquo;expert du d\u00e9m\u00e9nagement \u00e0 La Chaux-de-Fonds<\/h2>\n<p>Notre entreprise est situ\u00e9e \u00e0 La Chaux-de-Fonds depuis d\u00e8s ann\u00e9es. Nous effectuons le d\u00e9m\u00e9nagement pour les particuliers et les entreprises. Notre \u00e9quipe est exp\u00e9riment\u00e9e et form\u00e9e aux derni\u00e8res techniques pour vous aider, quelle que soit la difficult\u00e9 de votre d\u00e9m\u00e9nagement.<\/p>\n<h2>Quels sont les b\u00e9n\u00e9fices de travailler avec Artisanlocal \u00e0 La Chaux-de-Fonds ?<\/h2>\n<h3>Artisanlocal une soci\u00e9t\u00e9 soucieuse de l&rsquo;environnement<\/h3>\n<p>Dans le but de r\u00e9duire notre empreinte carbone lors de votre d\u00e9m\u00e9nagement, nous utilisons des protections biod\u00e9gradables, de plus, nous r\u00e9cup\u00e9rons tous les mat\u00e9riaux employ\u00e9s lors de notre intervention.<\/p>\n<h3>Artisanlocal une entreprise disponible \u00e0 tout moment pour votre d\u00e9m\u00e9nagement<\/h3>\n<p>Nous sommes disponibles 7 jours sur 7, pour r\u00e9aliser le d\u00e9m\u00e9nagement de votre studio, habitation ou de vos locaux commerciaux \u00e0 La Chaux-de-Fonds.<\/p>\n<h3>Soci\u00e9t\u00e9 de d\u00e9m\u00e9nagement qui intervient \u00e0 La Chaux-de-Fonds et dans les villes aux alentours<\/h3>\n<p>Nous r\u00e9alisons les d\u00e9m\u00e9nagements \u00e0 La Chaux-de-Fonds et aussi dans toutes les localit\u00e9s proches, par exemple : Montmollin, Montezillon, Valangin, Boudevilliers, Fontaines NE, Fontainemelon, La Vue-des-Alpes, Cernier, Ch\u00e9zard-St-Martin, Les Vieux-Pr\u00e9s, Dombresson, Villiers, Le P\u00e2quier NE, Engollon, Fenin, Saules, Vilars NE, Savagnier, Chaumont, Les Geneveys-sur-Coffrane, Coffrane, Les Hauts-Geneveys, La Sagne NE, Le Cr\u00eat-du-Locle, Les Planchettes, La Cibourg, Les Emibois, Le Cerneux-Veusil, Les Pommerats, Goumois, Montfavergier..<\/p>\n<h3>Intervention \u00e0 l&rsquo;international et dans toute la Suisse<\/h3>\n<p>Si vous r\u00e9sidez \u00e0 La Chaux-de-Fonds, nous pouvons organiser votre d\u00e9m\u00e9nagement dans tous les pays frontaliers et les villes de Suisse.<\/p>\n<h3>Une entreprise de d\u00e9m\u00e9nagement qui fait attention<\/h3>\n<p>Nous emballons vos articles et installons des protections sur les murs et les sols pour \u00e9viter les dommages durant votre d\u00e9m\u00e9nagement, par exemple pour vos :<\/p>\n<ul>\n<li>Planchers : le jour de votre d\u00e9m\u00e9nagement, nous ferons attention de marcher avec prudence et \u00e0 d\u00e9m\u00e9nager vos biens afin d\u2019\u00e9viter de rayer vos planchers.<\/li>\n<li>Coins : nous couvrons les angles de vos murs pour \u00e9viter les dommages.<\/li>\n<li>Couloirs : avant de manipuler vos meubles, nous pla\u00e7ons des mat\u00e9riaux de protection dans vos couloirs, dans le but d&rsquo;\u00e9viter tout pr\u00e9judice.<\/li>\n<li>Portes : notre \u00e9quipe prend soin de d\u00e9placer vos objets pour \u00e9viter les rayures sur vos portes.<\/li>\n<\/ul>\n<h3>Devis gratuits<\/h3>\n<p>Apr\u00e8s \u00e9tude de votre projet, nous vous fournissons un devis gratuit.<\/p>\n<h2>Quels sont les types de services et de d\u00e9m\u00e9nagement que propose Artisanlocal \u00e0 La Chaux-de-Fonds ?<\/h2>\n<h3>D\u00e9m\u00e9nagement de commerces et de bureaux<\/h3>\n<p>Nous r\u00e9alisons le d\u00e9m\u00e9nagement de vos bureaux ou de votre commerce en fonction de votre calendrier, et de la ville de destination.<\/p>\n<h3>D\u00e9m\u00e9nagement de petit volume<\/h3>\n<p>Nous nous occupons aussi de d\u00e9m\u00e9nager les petits appartements. Nous parlons d\u2019un petit d\u00e9m\u00e9nagement pour des volumes inf\u00e9rieurs ou \u00e9gaux \u00e0 15 m\u00b3.<\/p>\n<h3>D\u00e9m\u00e9nagements rapides<\/h3>\n<p>Si vous avez peu de temps entre le d\u00e9m\u00e9nagement et l&#8217;emm\u00e9nagement dans votre nouveau logement, notre entreprise peut d\u00e9m\u00e9nager vos meubles en urgence. Nous pouvons aussi vous proposer des services de stockage et d&#8217;emballage en urgence.<\/p>\n<h3>Garde-meubles<\/h3>\n<p>Notre \u00e9quipe vient chercher vos biens et ensuite, nous les d\u00e9pla\u00e7ons vers notre d\u00e9p\u00f4t \u00e0 La Chaux-de-Fonds. Vos objets seront en s\u00fbret\u00e9 pour la dur\u00e9e que vous d\u00e9sirez. Vous n&rsquo;avez qu&rsquo;\u00e0 nous dire la date \u00e0 laquelle vous d\u00e9sirez reprendre vos biens et mobiliers, et nous les apporterons chez vous \u00e0 la date qui vous arrange.<\/p>\n<h3>Conditionnement de vos objets fragiles<\/h3>\n<p>Vos objets fragiles ou vos \u0153uvres d&rsquo;art seront pr\u00e9serv\u00e9s. En effet, nous cr\u00e9ons des emballages adapt\u00e9s, par ailleurs, nous employons aussi des appareils de levage adapt\u00e9s pour votre d\u00e9m\u00e9nagement.<\/p>\n<h3>Transfert de pianos<\/h3>\n<p>Nous manipulons votre piano en toute s\u00e9curit\u00e9. Notre entreprise d\u00e9place tous types de pianos : droits, horizontaux et interm\u00e9diaires.<\/p>\n<h3>Location de monte-meubles \u00e0 La Chaux-de-Fonds<\/h3>\n<p>Nous proposons une prestation de location de monte-meubles pour simplifier le transfert de vos mobiliers massifs dans toute la Suisse et \u00e0 La Chaux-de-Fonds.<\/p>\n<h3>Vente de cartons pour votre d\u00e9m\u00e9nagement en emm\u00e9nagement \u00e0 La Chaux-de-Fonds<\/h3>\n<p>Vous \u00eates \u00e0 la recherche de cartons d&#8217;emballage pour votre projet \u00e0 La Chaux-de-Fonds ? Chez Artisanlocal, nous proposons \u00e0 nos clients des emballages et des \u00e9quipements de protection adapt\u00e9s.<\/p>\n<h2>Qu\u2019est-ce qui est inclus dans le d\u00e9m\u00e9nagement ?<\/h2>\n<h3>L&#8217;emballage personnalis\u00e9, pour :<\/h3>\n<ul>\n<li>Les matelas,<\/li>\n<li>les \u00e9crans plats<\/li>\n<li>les chaises,<\/li>\n<li>les canap\u00e9s<\/li>\n<li>les \u00e9lectrom\u00e9nagers,<\/li>\n<li>les ordinateurs,<\/li>\n<li>les ampoules et les lampes,<\/li>\n<li>les miroirs et tableaux.<\/li>\n<\/ul>\n<h3>Le montage et d\u00e9montage du mobilier<\/h3>\n<ul>\n<li>Les tables,<\/li>\n<li>les meubles de rangement,<\/li>\n<li>les mobiliers,<\/li>\n<li>les supports de rangement,<\/li>\n<li>les luminaires.<\/li>\n<\/ul>\n<h2>Foire aux questions<\/h2>\n<h3>Quel est le tarif d&rsquo;un d\u00e9m\u00e9nagement \u00e0 La Chaux-de-Fonds et en Suisse ?<\/h3>\n<p>Le co\u00fbt d&rsquo;un d\u00e9m\u00e9nagement \u00e0 La Chaux-de-Fonds d\u00e9pend du nombre de pi\u00e8ces dans votre logement.<\/p>\n<p>Voici les tarifs (\u00e0 titre indicatif) selon le nombre de chambres et le volume :<\/p>\n<p>Pour un d\u00e9m\u00e9nagement \u00e0 La Chaux-de-Fonds :<\/p>\n<table>\n<tbody>\n<tr>\n<td>Pour un appartement de 1-2 pi\u00e8ces<\/td>\n<td>Entre 350 \u00e0 600 CHF<\/td>\n<\/tr>\n<tr>\n<td>Pour un appartement de 2-3 pi\u00e8ces<\/td>\n<td>Entre 700 \u00e0 1300 CHF<\/td>\n<\/tr>\n<tr>\n<td>Pour un appartement entre 3-4 pi\u00e8ces<\/td>\n<td>Entre 850 \u00e0 2000 CHF<\/td>\n<\/tr>\n<tr>\n<td>D\u2019une maison<\/td>\n<td>De 1200 \u00e0 2500 CHF<\/td>\n<\/tr>\n<\/tbody>\n<\/table>\n<p>Pour un d\u00e9m\u00e9nagement plus loin de 200 km :<\/p>\n<table>\n<tbody>\n<tr>\n<td>D\u2019un appartement de 1-2 pi\u00e8ces<\/td>\n<td>De 600 \u00e0 900 CHF<\/td>\n<\/tr>\n<tr>\n<td>Pour un appartement de 2-3 pi\u00e8ces<\/td>\n<td>Entre 1200 \u00e0 2500 CHF<\/td>\n<\/tr>\n<tr>\n<td>Pour un appartement de 3-4 pi\u00e8ces<\/td>\n<td>De 1800 \u00e0 3000 Francs Suisses<\/td>\n<\/tr>\n<tr>\n<td>Pour une maison<\/td>\n<td>Entre 2000 \u00e0 4500 Francs Suisses<\/td>\n<\/tr>\n<\/tbody>\n<\/table>\n<h3>Quel est le montant pour la location d&rsquo;un monte-meuble \u00e0 La Chaux-de-Fonds ?<\/h3>\n<p>Le co\u00fbt pour louer un monte-meuble \u00e0 La Chaux-de-Fonds est approximativement 150 Francs Suisses par heure.<\/p>\n<h3>Quels sont les avantages d&#8217;embaucher une entreprise sp\u00e9cialis\u00e9e dans le d\u00e9m\u00e9nagement \u00e0 La Chaux-de-Fonds ?<\/h3>\n<p>Bien que vous \u00e9vitiez de perdre de l&rsquo;argent en faisant le travail vous-m\u00eame, vous pouvez vous faire mal (si vous n&rsquo;\u00eates pas habitu\u00e9 \u00e0 soulever des charges importantes) ou d\u2019endommager vos meubles au cours de votre d\u00e9m\u00e9nagement. Avec une soci\u00e9t\u00e9 de d\u00e9m\u00e9nagement comme Artisanlocal, vous gagnez du temps et vous \u00e9vitez les blessures.<\/p>\n","protected":false},"excerpt":{"rendered":"<p>D\u00e9m\u00e9nager \u00e0 La Chaux-de-Fonds ne doit pas \u00eatre un casse-t\u00eate. Si vous avez d\u00e9j\u00e0 trouv\u00e9 votre nouveau logement et d\u00e9cid\u00e9 le jour de votre d\u00e9m\u00e9nagement. En faisant appel \u00e0 Artisanlocal, vous diminuez votre charge de stress, nous prenons en charge tous les aspects de votre d\u00e9m\u00e9nagement, de la location du v\u00e9hicule, jusqu&rsquo;\u00e0 la protection de [&hellip;]<\/p>\n","protected":false},"author":4,"featured_media":2759,"parent":0,"menu_order":0,"comment_status":"closed","ping_status":"closed","template":"","meta":{"footnotes":""},"profession":[122],"location":[18],"canton":[114],"class_list":["post-891","page","type-page","status-publish","has-post-thumbnail","hentry","profession-demenageur","location-la-chaux-de-fonds","canton-ne"],"yoast_head":"<!-- This site is optimized with the Yoast SEO Premium plugin v25.7.1 (Yoast SEO v27.4) - https:\/\/yoast.com\/product\/yoast-seo-premium-wordpress\/ -->\n<title>D\u00e9m\u00e9nageur \u00e0 La Chaux-de-Fonds - Artisanlocal<\/title>\n<meta name=\"robots\" content=\"index, follow, max-snippet:-1, max-image-preview:large, max-video-preview:-1\" \/>\n<link rel=\"canonical\" href=\"https:\/\/www.artisanlocal.ch\/c\/votre-demenageur-a-la-chaux-de-fonds\/\" \/>\n<meta property=\"og:locale\" content=\"fr_FR\" \/>\n<meta property=\"og:type\" content=\"article\" \/>\n<meta property=\"og:title\" content=\"D\u00e9m\u00e9nageur \u00e0 La Chaux-de-Fonds\" \/>\n<meta property=\"og:description\" content=\"D\u00e9m\u00e9nager \u00e0 La Chaux-de-Fonds ne doit pas \u00eatre un casse-t\u00eate. Si vous avez d\u00e9j\u00e0 trouv\u00e9 votre nouveau logement et d\u00e9cid\u00e9 le jour de votre d\u00e9m\u00e9nagement. En faisant appel \u00e0 Artisanlocal, vous diminuez votre charge de stress, nous prenons en charge tous les aspects de votre d\u00e9m\u00e9nagement, de la location du v\u00e9hicule, jusqu&rsquo;\u00e0 la protection de [&hellip;]\" \/>\n<meta property=\"og:url\" content=\"https:\/\/www.artisanlocal.ch\/c\/votre-demenageur-a-la-chaux-de-fonds\/\" \/>\n<meta property=\"og:site_name\" content=\"Artisanlocal\" \/>\n<meta property=\"article:modified_time\" content=\"2025-08-26T17:28:45+00:00\" \/>\n<meta property=\"og:image\" content=\"https:\/\/www.artisanlocal.ch\/c\/wp-content\/uploads\/2024\/10\/demenageur.jpg\" \/>\n\t<meta property=\"og:image:width\" content=\"1920\" \/>\n\t<meta property=\"og:image:height\" content=\"300\" \/>\n\t<meta property=\"og:image:type\" content=\"image\/jpeg\" \/>\n<meta name=\"twitter:card\" content=\"summary_large_image\" \/>\n<meta name=\"twitter:label1\" content=\"Dur\u00e9e de lecture estim\u00e9e\" \/>\n\t<meta name=\"twitter:data1\" content=\"5 minutes\" \/>\n<script type=\"application\/ld+json\" class=\"yoast-schema-graph\">{\"@context\":\"https:\\\/\\\/schema.org\",\"@graph\":[{\"@type\":\"WebPage\",\"@id\":\"https:\\\/\\\/www.artisanlocal.ch\\\/c\\\/votre-demenageur-a-la-chaux-de-fonds\\\/\",\"url\":\"https:\\\/\\\/www.artisanlocal.ch\\\/c\\\/votre-demenageur-a-la-chaux-de-fonds\\\/\",\"name\":\"D\u00e9m\u00e9nageur \u00e0 La Chaux-de-Fonds - Artisanlocal\",\"isPartOf\":{\"@id\":\"https:\\\/\\\/www.artisanlocal.ch\\\/c\\\/#website\"},\"primaryImageOfPage\":{\"@id\":\"https:\\\/\\\/www.artisanlocal.ch\\\/c\\\/votre-demenageur-a-la-chaux-de-fonds\\\/#primaryimage\"},\"image\":{\"@id\":\"https:\\\/\\\/www.artisanlocal.ch\\\/c\\\/votre-demenageur-a-la-chaux-de-fonds\\\/#primaryimage\"},\"thumbnailUrl\":\"https:\\\/\\\/www.artisanlocal.ch\\\/c\\\/wp-content\\\/uploads\\\/2024\\\/10\\\/demenageur.jpg\",\"datePublished\":\"2024-04-22T09:15:12+00:00\",\"dateModified\":\"2025-08-26T17:28:45+00:00\",\"breadcrumb\":{\"@id\":\"https:\\\/\\\/www.artisanlocal.ch\\\/c\\\/votre-demenageur-a-la-chaux-de-fonds\\\/#breadcrumb\"},\"inLanguage\":\"fr-FR\",\"potentialAction\":[{\"@type\":\"ReadAction\",\"target\":[\"https:\\\/\\\/www.artisanlocal.ch\\\/c\\\/votre-demenageur-a-la-chaux-de-fonds\\\/\"]}]},{\"@type\":\"ImageObject\",\"inLanguage\":\"fr-FR\",\"@id\":\"https:\\\/\\\/www.artisanlocal.ch\\\/c\\\/votre-demenageur-a-la-chaux-de-fonds\\\/#primaryimage\",\"url\":\"https:\\\/\\\/www.artisanlocal.ch\\\/c\\\/wp-content\\\/uploads\\\/2024\\\/10\\\/demenageur.jpg\",\"contentUrl\":\"https:\\\/\\\/www.artisanlocal.ch\\\/c\\\/wp-content\\\/uploads\\\/2024\\\/10\\\/demenageur.jpg\",\"width\":1920,\"height\":300},{\"@type\":\"BreadcrumbList\",\"@id\":\"https:\\\/\\\/www.artisanlocal.ch\\\/c\\\/votre-demenageur-a-la-chaux-de-fonds\\\/#breadcrumb\",\"itemListElement\":[{\"@type\":\"ListItem\",\"position\":1,\"name\":\"Accueil\",\"item\":\"https:\\\/\\\/www.artisanlocal.ch\\\/c\\\/\"},{\"@type\":\"ListItem\",\"position\":2,\"name\":\"D\u00e9m\u00e9nageur \u00e0 La Chaux-de-Fonds\"}]},{\"@type\":\"WebSite\",\"@id\":\"https:\\\/\\\/www.artisanlocal.ch\\\/c\\\/#website\",\"url\":\"https:\\\/\\\/www.artisanlocal.ch\\\/c\\\/\",\"name\":\"Artisanlocal\",\"description\":\"\",\"publisher\":{\"@id\":\"https:\\\/\\\/www.artisanlocal.ch\\\/c\\\/#organization\"},\"potentialAction\":[{\"@type\":\"SearchAction\",\"target\":{\"@type\":\"EntryPoint\",\"urlTemplate\":\"https:\\\/\\\/www.artisanlocal.ch\\\/c\\\/?s={search_term_string}\"},\"query-input\":{\"@type\":\"PropertyValueSpecification\",\"valueRequired\":true,\"valueName\":\"search_term_string\"}}],\"inLanguage\":\"fr-FR\"},{\"@type\":\"Organization\",\"@id\":\"https:\\\/\\\/www.artisanlocal.ch\\\/c\\\/#organization\",\"name\":\"Artisanlocal\",\"url\":\"https:\\\/\\\/www.artisanlocal.ch\\\/c\\\/\",\"logo\":{\"@type\":\"ImageObject\",\"inLanguage\":\"fr-FR\",\"@id\":\"https:\\\/\\\/www.artisanlocal.ch\\\/c\\\/#\\\/schema\\\/logo\\\/image\\\/\",\"url\":\"https:\\\/\\\/www.artisanlocal.ch\\\/c\\\/wp-content\\\/uploads\\\/2024\\\/02\\\/logo-artisanlocal-h.svg\",\"contentUrl\":\"https:\\\/\\\/www.artisanlocal.ch\\\/c\\\/wp-content\\\/uploads\\\/2024\\\/02\\\/logo-artisanlocal-h.svg\",\"caption\":\"Artisanlocal\"},\"image\":{\"@id\":\"https:\\\/\\\/www.artisanlocal.ch\\\/c\\\/#\\\/schema\\\/logo\\\/image\\\/\"}}]}<\/script>\n<!-- \/ Yoast SEO Premium plugin. -->","yoast_head_json":{"title":"D\u00e9m\u00e9nageur \u00e0 La Chaux-de-Fonds - Artisanlocal","robots":{"index":"index","follow":"follow","max-snippet":"max-snippet:-1","max-image-preview":"max-image-preview:large","max-video-preview":"max-video-preview:-1"},"canonical":"https:\/\/www.artisanlocal.ch\/c\/votre-demenageur-a-la-chaux-de-fonds\/","og_locale":"fr_FR","og_type":"article","og_title":"D\u00e9m\u00e9nageur \u00e0 La Chaux-de-Fonds","og_description":"D\u00e9m\u00e9nager \u00e0 La Chaux-de-Fonds ne doit pas \u00eatre un casse-t\u00eate. Si vous avez d\u00e9j\u00e0 trouv\u00e9 votre nouveau logement et d\u00e9cid\u00e9 le jour de votre d\u00e9m\u00e9nagement. En faisant appel \u00e0 Artisanlocal, vous diminuez votre charge de stress, nous prenons en charge tous les aspects de votre d\u00e9m\u00e9nagement, de la location du v\u00e9hicule, jusqu&rsquo;\u00e0 la protection de [&hellip;]","og_url":"https:\/\/www.artisanlocal.ch\/c\/votre-demenageur-a-la-chaux-de-fonds\/","og_site_name":"Artisanlocal","article_modified_time":"2025-08-26T17:28:45+00:00","og_image":[{"width":1920,"height":300,"url":"https:\/\/www.artisanlocal.ch\/c\/wp-content\/uploads\/2024\/10\/demenageur.jpg","type":"image\/jpeg"}],"twitter_card":"summary_large_image","twitter_misc":{"Dur\u00e9e de lecture estim\u00e9e":"5 minutes"},"schema":{"@context":"https:\/\/schema.org","@graph":[{"@type":"WebPage","@id":"https:\/\/www.artisanlocal.ch\/c\/votre-demenageur-a-la-chaux-de-fonds\/","url":"https:\/\/www.artisanlocal.ch\/c\/votre-demenageur-a-la-chaux-de-fonds\/","name":"D\u00e9m\u00e9nageur \u00e0 La Chaux-de-Fonds - Artisanlocal","isPartOf":{"@id":"https:\/\/www.artisanlocal.ch\/c\/#website"},"primaryImageOfPage":{"@id":"https:\/\/www.artisanlocal.ch\/c\/votre-demenageur-a-la-chaux-de-fonds\/#primaryimage"},"image":{"@id":"https:\/\/www.artisanlocal.ch\/c\/votre-demenageur-a-la-chaux-de-fonds\/#primaryimage"},"thumbnailUrl":"https:\/\/www.artisanlocal.ch\/c\/wp-content\/uploads\/2024\/10\/demenageur.jpg","datePublished":"2024-04-22T09:15:12+00:00","dateModified":"2025-08-26T17:28:45+00:00","breadcrumb":{"@id":"https:\/\/www.artisanlocal.ch\/c\/votre-demenageur-a-la-chaux-de-fonds\/#breadcrumb"},"inLanguage":"fr-FR","potentialAction":[{"@type":"ReadAction","target":["https:\/\/www.artisanlocal.ch\/c\/votre-demenageur-a-la-chaux-de-fonds\/"]}]},{"@type":"ImageObject","inLanguage":"fr-FR","@id":"https:\/\/www.artisanlocal.ch\/c\/votre-demenageur-a-la-chaux-de-fonds\/#primaryimage","url":"https:\/\/www.artisanlocal.ch\/c\/wp-content\/uploads\/2024\/10\/demenageur.jpg","contentUrl":"https:\/\/www.artisanlocal.ch\/c\/wp-content\/uploads\/2024\/10\/demenageur.jpg","width":1920,"height":300},{"@type":"BreadcrumbList","@id":"https:\/\/www.artisanlocal.ch\/c\/votre-demenageur-a-la-chaux-de-fonds\/#breadcrumb","itemListElement":[{"@type":"ListItem","position":1,"name":"Accueil","item":"https:\/\/www.artisanlocal.ch\/c\/"},{"@type":"ListItem","position":2,"name":"D\u00e9m\u00e9nageur \u00e0 La Chaux-de-Fonds"}]},{"@type":"WebSite","@id":"https:\/\/www.artisanlocal.ch\/c\/#website","url":"https:\/\/www.artisanlocal.ch\/c\/","name":"Artisanlocal","description":"","publisher":{"@id":"https:\/\/www.artisanlocal.ch\/c\/#organization"},"potentialAction":[{"@type":"SearchAction","target":{"@type":"EntryPoint","urlTemplate":"https:\/\/www.artisanlocal.ch\/c\/?s={search_term_string}"},"query-input":{"@type":"PropertyValueSpecification","valueRequired":true,"valueName":"search_term_string"}}],"inLanguage":"fr-FR"},{"@type":"Organization","@id":"https:\/\/www.artisanlocal.ch\/c\/#organization","name":"Artisanlocal","url":"https:\/\/www.artisanlocal.ch\/c\/","logo":{"@type":"ImageObject","inLanguage":"fr-FR","@id":"https:\/\/www.artisanlocal.ch\/c\/#\/schema\/logo\/image\/","url":"https:\/\/www.artisanlocal.ch\/c\/wp-content\/uploads\/2024\/02\/logo-artisanlocal-h.svg","contentUrl":"https:\/\/www.artisanlocal.ch\/c\/wp-content\/uploads\/2024\/02\/logo-artisanlocal-h.svg","caption":"Artisanlocal"},"image":{"@id":"https:\/\/www.artisanlocal.ch\/c\/#\/schema\/logo\/image\/"}}]}},"_links":{"self":[{"href":"https:\/\/www.artisanlocal.ch\/c\/wp-json\/wp\/v2\/pages\/891","targetHints":{"allow":["GET"]}}],"collection":[{"href":"https:\/\/www.artisanlocal.ch\/c\/wp-json\/wp\/v2\/pages"}],"about":[{"href":"https:\/\/www.artisanlocal.ch\/c\/wp-json\/wp\/v2\/types\/page"}],"author":[{"embeddable":true,"href":"https:\/\/www.artisanlocal.ch\/c\/wp-json\/wp\/v2\/users\/4"}],"replies":[{"embeddable":true,"href":"https:\/\/www.artisanlocal.ch\/c\/wp-json\/wp\/v2\/comments?post=891"}],"version-history":[{"count":0,"href":"https:\/\/www.artisanlocal.ch\/c\/wp-json\/wp\/v2\/pages\/891\/revisions"}],"wp:featuredmedia":[{"embeddable":true,"href":"https:\/\/www.artisanlocal.ch\/c\/wp-json\/wp\/v2\/media\/2759"}],"wp:attachment":[{"href":"https:\/\/www.artisanlocal.ch\/c\/wp-json\/wp\/v2\/media?parent=891"}],"wp:term":[{"taxonomy":"profession","embeddable":true,"href":"https:\/\/www.artisanlocal.ch\/c\/wp-json\/wp\/v2\/profession?post=891"},{"taxonomy":"location","embeddable":true,"href":"https:\/\/www.artisanlocal.ch\/c\/wp-json\/wp\/v2\/location?post=891"},{"taxonomy":"canton","embeddable":true,"href":"https:\/\/www.artisanlocal.ch\/c\/wp-json\/wp\/v2\/canton?post=891"}],"curies":[{"name":"wp","href":"https:\/\/api.w.org\/{rel}","templated":true}]}}