{"id":893,"date":"2024-04-22T11:34:40","date_gmt":"2024-04-22T09:34:40","guid":{"rendered":"https:\/\/www.artisanlocal.ch\/c\/votre-demenageur-a-boudry\/"},"modified":"2025-08-26T19:28:43","modified_gmt":"2025-08-26T17:28:43","slug":"votre-demenageur-a-boudry","status":"publish","type":"page","link":"https:\/\/www.artisanlocal.ch\/c\/votre-demenageur-a-boudry\/","title":{"rendered":"D\u00e9m\u00e9nageur \u00e0 Boudry"},"content":{"rendered":"<p>Vous avez d\u00e9j\u00e0 trouv\u00e9 votre nouveau logement et d\u00e9termin\u00e9 la date de votre d\u00e9m\u00e9nagement ? Vous vous demandez peut-\u00eatre de quelle mani\u00e8re pr\u00e9parer au mieux votre d\u00e9m\u00e9nagement et votre installation ? Avec notre soci\u00e9t\u00e9 de d\u00e9m\u00e9nagement \u00e0 Boudry, vous limitez votre stress et gagnez du temps, Artisanlocal s&rsquo;occupe tout, de la location du v\u00e9hicule, jusqu&rsquo;\u00e0 la protection de vos meubles.<br \/>\n\r\n<div class=\"box\">\r\n            <div class=\"company-info\">\r\n            <img decoding=\"async\" class=\"company-info__logo\" src=\"https:\/\/www.artisanlocal.ch\/media\/cache\/thumb\/images\/companies\/654a04ded296f233759151.png\" alt=\"Logo\">\r\n            <h2 class=\"company-info__name\">D\u00e9m\u00e9nagements Services<\/h2>\r\n            <p class=\"company-info__business\">D\u00e9m\u00e9nagements - Garde-meubles - D\u00e9barras<\/p>\r\n        <\/div>\r\n        <div class=\"company-contact\">\r\n            <p class=\"company-info__address\">Rue de la C\u00f4te 2b<\/p>\r\n                            <div class=\"links\">\r\n                                            <a class=\"btn has-accent-background-color js-phoneNumber\" href=\"tel:0792630453\" title=\"Appelez\" data-id=\"18920\" data-type=\"11\">079 263 04 53<\/a>\r\n                                                                <a class=\"btn has-accent-background-color\" href=\"https:\/\/demenagementservice.ch\/\" target=\"_blank\" title=\"Voir le site internet\" data-id=\"18920\" data-type=\"20\">Site internet<\/a>\r\n                                    <\/div>\r\n                    <\/div>\r\n    \r\n            \r\n<form action=\"https:\/\/www.artisanlocal.ch\/c\/wp-admin\/admin-ajax.php\" method=\"post\" class=\"form-contact\" id=\"artisan_form_contact_company_inline\">\r\n    <div><input type=\"hidden\" name=\"action\" value=\"company_contact\"><\/div>\r\n    <div><input type=\"hidden\" name=\"nonce\" value=\"9f6750ac34\"><\/div>\r\n    <div><input type=\"hidden\" name=\"company_id\" value=\"18920\"><\/div>\r\n    <div><input type=\"hidden\" name=\"form_id\" value=\"artisan_form_contact_company_inline\"><\/div>\r\n    <div class=\"gglcptch gglcptch_v3 gglcptch_custom\"><input type=\"hidden\" id=\"g-recaptcha-response\" name=\"g-recaptcha-response\" \/><br \/><div class=\"gglcptch_error_text\">La p\u00e9riode de v\u00e9rification reCAPTCHA a expir\u00e9. Veuillez recharger la page.<\/div><\/div>    <div class=\"form-content\">\r\n        <div class=\"form-group\">\r\n            <label for=\"contact_firstName\" class=\"required\">Pr\u00e9nom<\/label>\r\n            <input type=\"text\" name=\"firstName\" class=\"form-control\" required>\r\n        <\/div>\r\n        <div class=\"form-group\">\r\n            <label for=\"contact_lastName\" class=\"required\">Nom<\/label>\r\n            <input type=\"text\" name=\"lastName\" class=\"form-control\" required>\r\n        <\/div>\r\n        <div class=\"form-group\">\r\n            <label for=\"contact_email\" class=\"required\">Email<\/label>\r\n            <input type=\"email\" name=\"email\" class=\"form-control\" required>\r\n        <\/div>\r\n        <div class=\"form-group\">\r\n            <label for=\"contact_phone\" class=\"required\">Num\u00e9ro de t\u00e9l\u00e9phone<\/label>\r\n            <input type=\"tel\" name=\"phone\" class=\"form-control\" placeholder=\"0787117165\" pattern=\"^[0-9]{10}$\" required>\r\n        <\/div>\r\n        <div class=\"form-group\">\r\n            <label for=\"contact_postalCode\" class=\"required\">Code postal et localit\u00e9<\/label>\r\n            <input type=\"text\" name=\"postalCode\" class=\"form-control\" required>\r\n        <\/div>\r\n        <div class=\"form-group\">\r\n            <label for=\"contact_address\" class=\"required\">Adresse<\/label>\r\n            <input type=\"text\" name=\"address\" class=\"form-control\" required>\r\n        <\/div>\r\n        <div class=\"full-width topic\">\r\n            <p class=\"required\">Je souhaite \u00eatre contact\u00e9 pour :<\/p>\r\n            <div class=\"form-check\">\r\n                <input type=\"radio\" name=\"topic\" value=\"D\u00e9pannage\" class=\"form-control\" required>\r\n                <label for=\"d\u00e9pannage\">D\u00e9pannage<\/label>\r\n            <\/div>\r\n            <div class=\"form-check\">\r\n                <input type=\"radio\" name=\"topic\" value=\"Entretien\" class=\"form-control\" required>\r\n                <label for=\"entretien\">Entretien<\/label>\r\n            <\/div>\r\n            <div class=\"form-check\">\r\n                <input type=\"radio\" name=\"topic\" value=\"R\u00e9novation\" class=\"form-control\" required>\r\n                <label for=\"r\u00e9novation\">R\u00e9novation<\/label>\r\n            <\/div>\r\n            <div class=\"form-check\">\r\n                <input type=\"radio\" name=\"topic\" value=\"Autre\" class=\"form-control\" required>\r\n                <label for=\"autre\">Autre<\/label>\r\n            <\/div>\r\n        <\/div>\r\n        <div class=\"form-group full-width\">\r\n            <label for=\"contact_message\">Message<\/label>\r\n            <textarea name=\"message\" rows=\"3\" class=\"form-control\"><\/textarea>\r\n        <\/div>\r\n    <\/div>\r\n    <div class=\"form-actions\">\r\n        <button class=\"wp-block-button__link has-accent-background-color\">Contacter<\/button>\r\n    <\/div>\r\n<\/form>\r\n<div class=\"form-feedback\"><\/div>    <\/div><\/p>\n<h2>Artisanlocal le professionnel du d\u00e9m\u00e9nagement \u00e0 Boudry<\/h2>\n<p>Notre soci\u00e9t\u00e9 est implant\u00e9e \u00e0 Boudry depuis d\u00e8s ann\u00e9es. Nous sommes sp\u00e9cialis\u00e9s dans les d\u00e9m\u00e9nagements de particuliers et d&rsquo;entreprises. Nos d\u00e9m\u00e9nageurs sont comp\u00e9tents et exp\u00e9riment\u00e9s pour r\u00e9aliser tous vos projets.<\/p>\n<h2>Quels sont les b\u00e9n\u00e9fices de travailler avec Artisanlocal \u00e0 Boudry ?<\/h2>\n<h3>Artisanlocal une entreprise soucieuse de l&rsquo;environnement<\/h3>\n<p>Nos emballages sont biod\u00e9gradables afin de limiter l&rsquo;impact \u00e9cologique de votre d\u00e9m\u00e9nagement, par ailleurs, nous recyclons tous les mat\u00e9riaux employ\u00e9s lors du d\u00e9m\u00e9nagement.<\/p>\n<h3>Une entreprise de d\u00e9m\u00e9nagement toujours disponible<\/h3>\n<p>Artisanlocal est disponible 7 jours sur 7, pour effectuer le d\u00e9m\u00e9nagement de votre studio, maison ou de vos boutiques et bureaux \u00e0 Boudry.<\/p>\n<h3>Service de d\u00e9m\u00e9nagement \u00e0 Boudry et dans les communes \u00e0 proximit\u00e9<\/h3>\n<p>Nous r\u00e9alisons les d\u00e9m\u00e9nagements \u00e0 Boudry et aussi dans toutes les localit\u00e9s proches, par exemple : Neuch\u00e2tel, Auvernier, Colombier NE, B\u00f4le, Areuse, Cortaillod, Chambrelien, Rochefort, Bevaix, Gorgier, St-Aubin-Sauges, Chez-le-Bart, Fresens, Montalchez, Vaumarcus, Peseux, Corcelles NE, Cormondr\u00e8che, Hauterive NE, St-Blaise, Enges, Marin-Epagnier, Thielle, Wavre, Cornaux NE, Cressier NE, Champ-du-Moulin..<\/p>\n<h3>Prestation de d\u00e9m\u00e9nagement en Suisse et dans les pays frontaliers<\/h3>\n<p>Si vous habitez \u00e0 Boudry, nous pouvons r\u00e9aliser votre d\u00e9m\u00e9nagement vers toutes les communes et les villes de Suisse ainsi que les pays limitrophes.<\/p>\n<h3>Des d\u00e9m\u00e9nageurs toujours minutieux \u00e0 Boudry<\/h3>\n<p>Nous nous engageons \u00e0 prendre toutes les mesures possibles pour \u00e9viter d&rsquo;abimer vos :<\/p>\n<ul>\n<li>Sols : le jour de votre d\u00e9m\u00e9nagement, notre \u00e9quipe prendra toutes les mesures possibles pour ne pas d\u00e9t\u00e9riorer vos planchers.<\/li>\n<li>Coins : nous couvrons les coins de vos murs afin d&rsquo;\u00e9viter les \u00e9raflures.<\/li>\n<li>Couloirs : avant de d\u00e9m\u00e9nager vos meubles, nous appliquons des protections dans les couloirs, de mani\u00e8re \u00e0 pr\u00e9venir les chocs.<\/li>\n<li>Portes : notre \u00e9quipe prend soin de manipuler vos objets pour \u00e9viter les rayures sur vos portes.<\/li>\n<\/ul>\n<h3>Devis gratuits<\/h3>\n<p>Apr\u00e8s analyse de votre projet de d\u00e9m\u00e9nagement, nous vous fournissons un devis gratuit.<\/p>\n<h2>Quels sont les types de services et de d\u00e9m\u00e9nagement que propose Artisanlocal \u00e0 Boudry ?<\/h2>\n<h3>D\u00e9m\u00e9nagement de commerces et de bureaux<\/h3>\n<p>Nous programmons le d\u00e9m\u00e9nagement de vos bureaux ou de votre commerce par rapport \u00e0 votre planning, et de la ville de destination.<\/p>\n<h3>D\u00e9m\u00e9nagement de petit volume<\/h3>\n<p>Nous effectuons le d\u00e9m\u00e9nagement des petits logements. Nous d\u00e9finissons un petit d\u00e9m\u00e9nagement pour des projets inf\u00e9rieurs \u00e0 15 m\u00e8tres cubes.<\/p>\n<h3>D\u00e9m\u00e9nagements rapides<\/h3>\n<p>Si vous avez peu de temps entre le d\u00e9m\u00e9nagement et l&#8217;emm\u00e9nagement dans votre nouveau logement, notre soci\u00e9t\u00e9 d\u00e9m\u00e9nage et vous installe rapidement. Nous proposons par ailleurs des services de stockage et de pr\u00e9paration des cartons en urgence.<\/p>\n<h3>Garde-meubles<\/h3>\n<p>Nous r\u00e9cup\u00e9rons vos meubles et objets et les transportons dans notre entrep\u00f4t s\u00e9curis\u00e9 \u00e0 Boudry. Vos affaires seront en s\u00e9curit\u00e9 pour le temps que vous souhaitez. Vous n&rsquo;avez qu&rsquo;\u00e0 nous indiquer la date \u00e0 laquelle vous d\u00e9sirez r\u00e9cup\u00e9rer vos biens, et nous les transporterons \u00e0 votre logement.<\/p>\n<h3>Emballage de vos objets fragiles<\/h3>\n<p>Vos \u0153uvres d&rsquo;art ou meubles pr\u00e9cieux seront prot\u00e9g\u00e9s. Nous r\u00e9alisons des cartons personnalis\u00e9s et nous employons des appareils de levage appropri\u00e9s.<\/p>\n<h3>Transport de pianos<\/h3>\n<p>Transporter un piano avec pr\u00e9caution requiert des comp\u00e9tences, des \u00e9quipements et des formations sp\u00e9cifiques. Notre soci\u00e9t\u00e9 d\u00e9m\u00e9nage tous types de pianos : interm\u00e9diaires, droits et horizontaux.<\/p>\n<h3>Service de location monte-meubles \u00e0 Boudry pour d\u00e9m\u00e9nagement<\/h3>\n<p>Notre service de location de monte-meubles d\u00e9m\u00e9nage vos meubles dans toute la Suisse.<\/p>\n<h3>Vente de cartons pour votre d\u00e9m\u00e9nagement en emm\u00e9nagement \u00e0 Boudry<\/h3>\n<p>Vous \u00eates \u00e0 la recherche de cartons de protection pour votre projet de d\u00e9m\u00e9nagement \u00e0 Boudry ? Chez Artisanlocal, nous proposons des emballages et des \u00e9quipements de protection adapt\u00e9s.<\/p>\n<h2>Qu&rsquo;est-ce qui est inclus dans le d\u00e9m\u00e9nagement ?<\/h2>\n<h3>L&#8217;emballage personnalis\u00e9, pour :<\/h3>\n<ul>\n<li>Les matelas,<\/li>\n<li>les t\u00e9l\u00e9viseurs<\/li>\n<li>les si\u00e8ges,<\/li>\n<li>les canap\u00e9s<\/li>\n<li>les \u00e9lectrom\u00e9nagers,<\/li>\n<li>les PC,<\/li>\n<li>les lampes et ampoules,<\/li>\n<li>les tableaux et miroirs.<\/li>\n<\/ul>\n<h3>Le d\u00e9montage des meubles<\/h3>\n<ul>\n<li>Les tables,<\/li>\n<li>les armoires,<\/li>\n<li>les mobiliers,<\/li>\n<li>les \u00e9tag\u00e8res,<\/li>\n<li>les lustres.<\/li>\n<\/ul>\n<h2>Foire aux questions<\/h2>\n<h3>Quel budget pour un d\u00e9m\u00e9nagement \u00e0 Boudry et en Suisse ?<\/h3>\n<p>Le co\u00fbt d&rsquo;un d\u00e9m\u00e9nagement \u00e0 Boudry change en fonction du volume et du nombre de pi\u00e8ces.<\/p>\n<p>Voici les prix pr\u00e9cis en fonction du nombre de pi\u00e8ces :<\/p>\n<p>Pour un d\u00e9m\u00e9nagement \u00e0 Boudry :<\/p>\n<table>\n<tbody>\n<tr>\n<td>Pour un appartement entre 1-2 pi\u00e8ces<\/td>\n<td>De 350 \u00e0 600 CHF<\/td>\n<\/tr>\n<tr>\n<td>Pour un appartement de 2-3 pi\u00e8ces<\/td>\n<td>Entre 700 \u00e0 1300 Francs Suisses<\/td>\n<\/tr>\n<tr>\n<td>Pour un appartement de 3-4 pi\u00e8ces<\/td>\n<td>Entre 850 \u00e0 2000 Francs Suisses<\/td>\n<\/tr>\n<tr>\n<td>D\u2019une maison<\/td>\n<td>Entre 1200 \u00e0 2500 Francs Suisses<\/td>\n<\/tr>\n<\/tbody>\n<\/table>\n<p>Pour un service de d\u00e9m\u00e9nagement au-del\u00e0 de 200 km :<\/p>\n<table>\n<tbody>\n<tr>\n<td>Pour un appartement de 1-2 pi\u00e8ces<\/td>\n<td>Entre 600 \u00e0 900 CHF<\/td>\n<\/tr>\n<tr>\n<td>D\u2019un appartement de 2-3 pi\u00e8ces<\/td>\n<td>Entre 1200 \u00e0 2500 Francs Suisses<\/td>\n<\/tr>\n<tr>\n<td>Pour un appartement de 3-4 pi\u00e8ces<\/td>\n<td>De 1800 \u00e0 3000 Francs Suisses<\/td>\n<\/tr>\n<tr>\n<td>Pour une maison<\/td>\n<td>De 2000 \u00e0 4500 CHF<\/td>\n<\/tr>\n<\/tbody>\n<\/table>\n<h3>Quel est le montant pour la location d&rsquo;un monte-meuble \u00e0 Boudry ?<\/h3>\n<p>Le montant indicatif pour le service de location d&rsquo;un monte meuble \u00e0 Boudry est approximativement 150 CHF par heure.<\/p>\n<h3>Pourquoi faire appel \u00e0 une soci\u00e9t\u00e9 de d\u00e9m\u00e9nagement \u00e0 Boudry ?<\/h3>\n<p>M\u00eame si vous \u00e9conomisez de l&rsquo;argent en effectuant votre d\u00e9m\u00e9nagement, vous risquez de vous blesser (particuli\u00e8rement si vous n&rsquo;\u00eates pas entra\u00een\u00e9 \u00e0 lever des objets lourds) ou vous pouvez aussi ab\u00eemer vos objets. En faisant appel \u00e0 Artisanlocal pour votre d\u00e9m\u00e9nagement, vous gagnez du temps et vous limitez les risques.<\/p>\n","protected":false},"excerpt":{"rendered":"<p>Vous avez d\u00e9j\u00e0 trouv\u00e9 votre nouveau logement et d\u00e9termin\u00e9 la date de votre d\u00e9m\u00e9nagement ? Vous vous demandez peut-\u00eatre de quelle mani\u00e8re pr\u00e9parer au mieux votre d\u00e9m\u00e9nagement et votre installation ? Avec notre soci\u00e9t\u00e9 de d\u00e9m\u00e9nagement \u00e0 Boudry, vous limitez votre stress et gagnez du temps, Artisanlocal s&rsquo;occupe tout, de la location du v\u00e9hicule, jusqu&rsquo;\u00e0 [&hellip;]<\/p>\n","protected":false},"author":4,"featured_media":2759,"parent":0,"menu_order":0,"comment_status":"closed","ping_status":"closed","template":"","meta":{"footnotes":""},"profession":[122],"location":[46],"canton":[114],"class_list":["post-893","page","type-page","status-publish","has-post-thumbnail","hentry","profession-demenageur","location-boudry","canton-ne"],"yoast_head":"<!-- This site is optimized with the Yoast SEO Premium plugin v25.7.1 (Yoast SEO v27.4) - https:\/\/yoast.com\/product\/yoast-seo-premium-wordpress\/ -->\n<title>D\u00e9m\u00e9nageur \u00e0 Boudry - Artisanlocal<\/title>\n<meta name=\"robots\" content=\"index, follow, max-snippet:-1, max-image-preview:large, max-video-preview:-1\" \/>\n<link rel=\"canonical\" href=\"https:\/\/www.artisanlocal.ch\/c\/votre-demenageur-a-boudry\/\" \/>\n<meta property=\"og:locale\" content=\"fr_FR\" \/>\n<meta property=\"og:type\" content=\"article\" \/>\n<meta property=\"og:title\" content=\"D\u00e9m\u00e9nageur \u00e0 Boudry\" \/>\n<meta property=\"og:description\" content=\"Vous avez d\u00e9j\u00e0 trouv\u00e9 votre nouveau logement et d\u00e9termin\u00e9 la date de votre d\u00e9m\u00e9nagement ? Vous vous demandez peut-\u00eatre de quelle mani\u00e8re pr\u00e9parer au mieux votre d\u00e9m\u00e9nagement et votre installation ? Avec notre soci\u00e9t\u00e9 de d\u00e9m\u00e9nagement \u00e0 Boudry, vous limitez votre stress et gagnez du temps, Artisanlocal s&rsquo;occupe tout, de la location du v\u00e9hicule, jusqu&rsquo;\u00e0 [&hellip;]\" \/>\n<meta property=\"og:url\" content=\"https:\/\/www.artisanlocal.ch\/c\/votre-demenageur-a-boudry\/\" \/>\n<meta property=\"og:site_name\" content=\"Artisanlocal\" \/>\n<meta property=\"article:modified_time\" content=\"2025-08-26T17:28:43+00:00\" \/>\n<meta property=\"og:image\" content=\"https:\/\/www.artisanlocal.ch\/c\/wp-content\/uploads\/2024\/10\/demenageur.jpg\" \/>\n\t<meta property=\"og:image:width\" content=\"1920\" \/>\n\t<meta property=\"og:image:height\" content=\"300\" \/>\n\t<meta property=\"og:image:type\" content=\"image\/jpeg\" \/>\n<meta name=\"twitter:card\" content=\"summary_large_image\" \/>\n<meta name=\"twitter:label1\" content=\"Dur\u00e9e de lecture estim\u00e9e\" \/>\n\t<meta name=\"twitter:data1\" content=\"5 minutes\" \/>\n<script type=\"application\/ld+json\" class=\"yoast-schema-graph\">{\"@context\":\"https:\\\/\\\/schema.org\",\"@graph\":[{\"@type\":\"WebPage\",\"@id\":\"https:\\\/\\\/www.artisanlocal.ch\\\/c\\\/votre-demenageur-a-boudry\\\/\",\"url\":\"https:\\\/\\\/www.artisanlocal.ch\\\/c\\\/votre-demenageur-a-boudry\\\/\",\"name\":\"D\u00e9m\u00e9nageur \u00e0 Boudry - Artisanlocal\",\"isPartOf\":{\"@id\":\"https:\\\/\\\/www.artisanlocal.ch\\\/c\\\/#website\"},\"primaryImageOfPage\":{\"@id\":\"https:\\\/\\\/www.artisanlocal.ch\\\/c\\\/votre-demenageur-a-boudry\\\/#primaryimage\"},\"image\":{\"@id\":\"https:\\\/\\\/www.artisanlocal.ch\\\/c\\\/votre-demenageur-a-boudry\\\/#primaryimage\"},\"thumbnailUrl\":\"https:\\\/\\\/www.artisanlocal.ch\\\/c\\\/wp-content\\\/uploads\\\/2024\\\/10\\\/demenageur.jpg\",\"datePublished\":\"2024-04-22T09:34:40+00:00\",\"dateModified\":\"2025-08-26T17:28:43+00:00\",\"breadcrumb\":{\"@id\":\"https:\\\/\\\/www.artisanlocal.ch\\\/c\\\/votre-demenageur-a-boudry\\\/#breadcrumb\"},\"inLanguage\":\"fr-FR\",\"potentialAction\":[{\"@type\":\"ReadAction\",\"target\":[\"https:\\\/\\\/www.artisanlocal.ch\\\/c\\\/votre-demenageur-a-boudry\\\/\"]}]},{\"@type\":\"ImageObject\",\"inLanguage\":\"fr-FR\",\"@id\":\"https:\\\/\\\/www.artisanlocal.ch\\\/c\\\/votre-demenageur-a-boudry\\\/#primaryimage\",\"url\":\"https:\\\/\\\/www.artisanlocal.ch\\\/c\\\/wp-content\\\/uploads\\\/2024\\\/10\\\/demenageur.jpg\",\"contentUrl\":\"https:\\\/\\\/www.artisanlocal.ch\\\/c\\\/wp-content\\\/uploads\\\/2024\\\/10\\\/demenageur.jpg\",\"width\":1920,\"height\":300},{\"@type\":\"BreadcrumbList\",\"@id\":\"https:\\\/\\\/www.artisanlocal.ch\\\/c\\\/votre-demenageur-a-boudry\\\/#breadcrumb\",\"itemListElement\":[{\"@type\":\"ListItem\",\"position\":1,\"name\":\"Accueil\",\"item\":\"https:\\\/\\\/www.artisanlocal.ch\\\/c\\\/\"},{\"@type\":\"ListItem\",\"position\":2,\"name\":\"D\u00e9m\u00e9nageur \u00e0 Boudry\"}]},{\"@type\":\"WebSite\",\"@id\":\"https:\\\/\\\/www.artisanlocal.ch\\\/c\\\/#website\",\"url\":\"https:\\\/\\\/www.artisanlocal.ch\\\/c\\\/\",\"name\":\"Artisanlocal\",\"description\":\"\",\"publisher\":{\"@id\":\"https:\\\/\\\/www.artisanlocal.ch\\\/c\\\/#organization\"},\"potentialAction\":[{\"@type\":\"SearchAction\",\"target\":{\"@type\":\"EntryPoint\",\"urlTemplate\":\"https:\\\/\\\/www.artisanlocal.ch\\\/c\\\/?s={search_term_string}\"},\"query-input\":{\"@type\":\"PropertyValueSpecification\",\"valueRequired\":true,\"valueName\":\"search_term_string\"}}],\"inLanguage\":\"fr-FR\"},{\"@type\":\"Organization\",\"@id\":\"https:\\\/\\\/www.artisanlocal.ch\\\/c\\\/#organization\",\"name\":\"Artisanlocal\",\"url\":\"https:\\\/\\\/www.artisanlocal.ch\\\/c\\\/\",\"logo\":{\"@type\":\"ImageObject\",\"inLanguage\":\"fr-FR\",\"@id\":\"https:\\\/\\\/www.artisanlocal.ch\\\/c\\\/#\\\/schema\\\/logo\\\/image\\\/\",\"url\":\"https:\\\/\\\/www.artisanlocal.ch\\\/c\\\/wp-content\\\/uploads\\\/2024\\\/02\\\/logo-artisanlocal-h.svg\",\"contentUrl\":\"https:\\\/\\\/www.artisanlocal.ch\\\/c\\\/wp-content\\\/uploads\\\/2024\\\/02\\\/logo-artisanlocal-h.svg\",\"caption\":\"Artisanlocal\"},\"image\":{\"@id\":\"https:\\\/\\\/www.artisanlocal.ch\\\/c\\\/#\\\/schema\\\/logo\\\/image\\\/\"}}]}<\/script>\n<!-- \/ Yoast SEO Premium plugin. -->","yoast_head_json":{"title":"D\u00e9m\u00e9nageur \u00e0 Boudry - Artisanlocal","robots":{"index":"index","follow":"follow","max-snippet":"max-snippet:-1","max-image-preview":"max-image-preview:large","max-video-preview":"max-video-preview:-1"},"canonical":"https:\/\/www.artisanlocal.ch\/c\/votre-demenageur-a-boudry\/","og_locale":"fr_FR","og_type":"article","og_title":"D\u00e9m\u00e9nageur \u00e0 Boudry","og_description":"Vous avez d\u00e9j\u00e0 trouv\u00e9 votre nouveau logement et d\u00e9termin\u00e9 la date de votre d\u00e9m\u00e9nagement ? Vous vous demandez peut-\u00eatre de quelle mani\u00e8re pr\u00e9parer au mieux votre d\u00e9m\u00e9nagement et votre installation ? Avec notre soci\u00e9t\u00e9 de d\u00e9m\u00e9nagement \u00e0 Boudry, vous limitez votre stress et gagnez du temps, Artisanlocal s&rsquo;occupe tout, de la location du v\u00e9hicule, jusqu&rsquo;\u00e0 [&hellip;]","og_url":"https:\/\/www.artisanlocal.ch\/c\/votre-demenageur-a-boudry\/","og_site_name":"Artisanlocal","article_modified_time":"2025-08-26T17:28:43+00:00","og_image":[{"width":1920,"height":300,"url":"https:\/\/www.artisanlocal.ch\/c\/wp-content\/uploads\/2024\/10\/demenageur.jpg","type":"image\/jpeg"}],"twitter_card":"summary_large_image","twitter_misc":{"Dur\u00e9e de lecture estim\u00e9e":"5 minutes"},"schema":{"@context":"https:\/\/schema.org","@graph":[{"@type":"WebPage","@id":"https:\/\/www.artisanlocal.ch\/c\/votre-demenageur-a-boudry\/","url":"https:\/\/www.artisanlocal.ch\/c\/votre-demenageur-a-boudry\/","name":"D\u00e9m\u00e9nageur \u00e0 Boudry - Artisanlocal","isPartOf":{"@id":"https:\/\/www.artisanlocal.ch\/c\/#website"},"primaryImageOfPage":{"@id":"https:\/\/www.artisanlocal.ch\/c\/votre-demenageur-a-boudry\/#primaryimage"},"image":{"@id":"https:\/\/www.artisanlocal.ch\/c\/votre-demenageur-a-boudry\/#primaryimage"},"thumbnailUrl":"https:\/\/www.artisanlocal.ch\/c\/wp-content\/uploads\/2024\/10\/demenageur.jpg","datePublished":"2024-04-22T09:34:40+00:00","dateModified":"2025-08-26T17:28:43+00:00","breadcrumb":{"@id":"https:\/\/www.artisanlocal.ch\/c\/votre-demenageur-a-boudry\/#breadcrumb"},"inLanguage":"fr-FR","potentialAction":[{"@type":"ReadAction","target":["https:\/\/www.artisanlocal.ch\/c\/votre-demenageur-a-boudry\/"]}]},{"@type":"ImageObject","inLanguage":"fr-FR","@id":"https:\/\/www.artisanlocal.ch\/c\/votre-demenageur-a-boudry\/#primaryimage","url":"https:\/\/www.artisanlocal.ch\/c\/wp-content\/uploads\/2024\/10\/demenageur.jpg","contentUrl":"https:\/\/www.artisanlocal.ch\/c\/wp-content\/uploads\/2024\/10\/demenageur.jpg","width":1920,"height":300},{"@type":"BreadcrumbList","@id":"https:\/\/www.artisanlocal.ch\/c\/votre-demenageur-a-boudry\/#breadcrumb","itemListElement":[{"@type":"ListItem","position":1,"name":"Accueil","item":"https:\/\/www.artisanlocal.ch\/c\/"},{"@type":"ListItem","position":2,"name":"D\u00e9m\u00e9nageur \u00e0 Boudry"}]},{"@type":"WebSite","@id":"https:\/\/www.artisanlocal.ch\/c\/#website","url":"https:\/\/www.artisanlocal.ch\/c\/","name":"Artisanlocal","description":"","publisher":{"@id":"https:\/\/www.artisanlocal.ch\/c\/#organization"},"potentialAction":[{"@type":"SearchAction","target":{"@type":"EntryPoint","urlTemplate":"https:\/\/www.artisanlocal.ch\/c\/?s={search_term_string}"},"query-input":{"@type":"PropertyValueSpecification","valueRequired":true,"valueName":"search_term_string"}}],"inLanguage":"fr-FR"},{"@type":"Organization","@id":"https:\/\/www.artisanlocal.ch\/c\/#organization","name":"Artisanlocal","url":"https:\/\/www.artisanlocal.ch\/c\/","logo":{"@type":"ImageObject","inLanguage":"fr-FR","@id":"https:\/\/www.artisanlocal.ch\/c\/#\/schema\/logo\/image\/","url":"https:\/\/www.artisanlocal.ch\/c\/wp-content\/uploads\/2024\/02\/logo-artisanlocal-h.svg","contentUrl":"https:\/\/www.artisanlocal.ch\/c\/wp-content\/uploads\/2024\/02\/logo-artisanlocal-h.svg","caption":"Artisanlocal"},"image":{"@id":"https:\/\/www.artisanlocal.ch\/c\/#\/schema\/logo\/image\/"}}]}},"_links":{"self":[{"href":"https:\/\/www.artisanlocal.ch\/c\/wp-json\/wp\/v2\/pages\/893","targetHints":{"allow":["GET"]}}],"collection":[{"href":"https:\/\/www.artisanlocal.ch\/c\/wp-json\/wp\/v2\/pages"}],"about":[{"href":"https:\/\/www.artisanlocal.ch\/c\/wp-json\/wp\/v2\/types\/page"}],"author":[{"embeddable":true,"href":"https:\/\/www.artisanlocal.ch\/c\/wp-json\/wp\/v2\/users\/4"}],"replies":[{"embeddable":true,"href":"https:\/\/www.artisanlocal.ch\/c\/wp-json\/wp\/v2\/comments?post=893"}],"version-history":[{"count":0,"href":"https:\/\/www.artisanlocal.ch\/c\/wp-json\/wp\/v2\/pages\/893\/revisions"}],"wp:featuredmedia":[{"embeddable":true,"href":"https:\/\/www.artisanlocal.ch\/c\/wp-json\/wp\/v2\/media\/2759"}],"wp:attachment":[{"href":"https:\/\/www.artisanlocal.ch\/c\/wp-json\/wp\/v2\/media?parent=893"}],"wp:term":[{"taxonomy":"profession","embeddable":true,"href":"https:\/\/www.artisanlocal.ch\/c\/wp-json\/wp\/v2\/profession?post=893"},{"taxonomy":"location","embeddable":true,"href":"https:\/\/www.artisanlocal.ch\/c\/wp-json\/wp\/v2\/location?post=893"},{"taxonomy":"canton","embeddable":true,"href":"https:\/\/www.artisanlocal.ch\/c\/wp-json\/wp\/v2\/canton?post=893"}],"curies":[{"name":"wp","href":"https:\/\/api.w.org\/{rel}","templated":true}]}}