{"id":901,"date":"2024-04-22T21:53:55","date_gmt":"2024-04-22T19:53:55","guid":{"rendered":"https:\/\/www.artisanlocal.ch\/c\/artisanlocal-votre-demenageur-a-apples\/"},"modified":"2025-08-26T19:28:21","modified_gmt":"2025-08-26T17:28:21","slug":"artisanlocal-votre-demenageur-a-apples","status":"publish","type":"page","link":"https:\/\/www.artisanlocal.ch\/c\/artisanlocal-votre-demenageur-a-apples\/","title":{"rendered":"D\u00e9m\u00e9nageur \u00e0 Apples"},"content":{"rendered":"<p>D\u00e9m\u00e9nager \u00e0 Apples ne doit pas \u00eatre une source de stress. Une fois que vous avez trouv\u00e9 votre logement et que vous avez fix\u00e9 la date du d\u00e9m\u00e9nagement, vous vous demandez peut-\u00eatre de quelle mani\u00e8re pr\u00e9parer au mieux votre d\u00e9m\u00e9nagement ? \u00c0 l&rsquo;aide de notre soci\u00e9t\u00e9 de d\u00e9m\u00e9nagement \u00e0 Apples, vous \u00e9vitez les situations stressantes, Notre entreprise g\u00e8re la globalit\u00e9 de votre d\u00e9m\u00e9nagement, de la location du camion, \u00e0 la protection de vos meubles.<\/p>\n\r\n<div class=\"box\">\r\n            <div class=\"company-info\">\r\n            <img decoding=\"async\" class=\"company-info__logo\" src=\"https:\/\/www.artisanlocal.ch\/media\/cache\/thumb\/images\/companies\/69ea28bab5c55857354356.png\" alt=\"Logo\">\r\n            <h2 class=\"company-info__name\">ZLATANOVIC Team Pro<\/h2>\r\n            <p class=\"company-info__business\">D\u00e9m\u00e9nagements - Transports - Services d\u2019emballage - Garde-meubles - Nettoyage<\/p>\r\n        <\/div>\r\n        <div class=\"company-contact\">\r\n            <p class=\"company-info__address\">Avenue du Tir-F\u00e9d\u00e9ral 28<\/p>\r\n                            <div class=\"links\">\r\n                                            <a class=\"btn has-accent-background-color js-phoneNumber\" href=\"tel:0763957719\" title=\"Appelez\" data-id=\"18902\" data-type=\"11\">076 395 77 19<\/a>\r\n                                                                <a class=\"btn has-accent-background-color\" href=\"https:\/\/teamp.ch\/\" target=\"_blank\" title=\"Voir le site internet\" data-id=\"18902\" data-type=\"20\">Site internet<\/a>\r\n                                    <\/div>\r\n                    <\/div>\r\n    \r\n            \r\n<form action=\"https:\/\/www.artisanlocal.ch\/c\/wp-admin\/admin-ajax.php\" method=\"post\" class=\"form-contact\" id=\"artisan_form_contact_company_inline\">\r\n    <div><input type=\"hidden\" name=\"action\" value=\"company_contact\"><\/div>\r\n    <div><input type=\"hidden\" name=\"nonce\" value=\"f071462bb9\"><\/div>\r\n    <div><input type=\"hidden\" name=\"company_id\" value=\"18902\"><\/div>\r\n    <div><input type=\"hidden\" name=\"form_id\" value=\"artisan_form_contact_company_inline\"><\/div>\r\n    <div class=\"gglcptch gglcptch_v3 gglcptch_custom\"><input type=\"hidden\" id=\"g-recaptcha-response\" name=\"g-recaptcha-response\" \/><br \/><div class=\"gglcptch_error_text\">La p\u00e9riode de v\u00e9rification reCAPTCHA a expir\u00e9. Veuillez recharger la page.<\/div><\/div>    <div class=\"form-content\">\r\n        <div class=\"form-group\">\r\n            <label for=\"contact_firstName\" class=\"required\">Pr\u00e9nom<\/label>\r\n            <input type=\"text\" name=\"firstName\" class=\"form-control\" required>\r\n        <\/div>\r\n        <div class=\"form-group\">\r\n            <label for=\"contact_lastName\" class=\"required\">Nom<\/label>\r\n            <input type=\"text\" name=\"lastName\" class=\"form-control\" required>\r\n        <\/div>\r\n        <div class=\"form-group\">\r\n            <label for=\"contact_email\" class=\"required\">Email<\/label>\r\n            <input type=\"email\" name=\"email\" class=\"form-control\" required>\r\n        <\/div>\r\n        <div class=\"form-group\">\r\n            <label for=\"contact_phone\" class=\"required\">Num\u00e9ro de t\u00e9l\u00e9phone<\/label>\r\n            <input type=\"tel\" name=\"phone\" class=\"form-control\" placeholder=\"0787117165\" pattern=\"^[0-9]{10}$\" required>\r\n        <\/div>\r\n        <div class=\"form-group\">\r\n            <label for=\"contact_postalCode\" class=\"required\">Code postal et localit\u00e9<\/label>\r\n            <input type=\"text\" name=\"postalCode\" class=\"form-control\" required>\r\n        <\/div>\r\n        <div class=\"form-group\">\r\n            <label for=\"contact_address\" class=\"required\">Adresse<\/label>\r\n            <input type=\"text\" name=\"address\" class=\"form-control\" required>\r\n        <\/div>\r\n        <div class=\"full-width topic\">\r\n            <p class=\"required\">Je souhaite \u00eatre contact\u00e9 pour :<\/p>\r\n            <div class=\"form-check\">\r\n                <input type=\"radio\" name=\"topic\" value=\"D\u00e9pannage\" class=\"form-control\" required>\r\n                <label for=\"d\u00e9pannage\">D\u00e9pannage<\/label>\r\n            <\/div>\r\n            <div class=\"form-check\">\r\n                <input type=\"radio\" name=\"topic\" value=\"Entretien\" class=\"form-control\" required>\r\n                <label for=\"entretien\">Entretien<\/label>\r\n            <\/div>\r\n            <div class=\"form-check\">\r\n                <input type=\"radio\" name=\"topic\" value=\"R\u00e9novation\" class=\"form-control\" required>\r\n                <label for=\"r\u00e9novation\">R\u00e9novation<\/label>\r\n            <\/div>\r\n            <div class=\"form-check\">\r\n                <input type=\"radio\" name=\"topic\" value=\"Autre\" class=\"form-control\" required>\r\n                <label for=\"autre\">Autre<\/label>\r\n            <\/div>\r\n        <\/div>\r\n        <div class=\"form-group full-width\">\r\n            <label for=\"contact_message\">Message<\/label>\r\n            <textarea name=\"message\" rows=\"3\" class=\"form-control\"><\/textarea>\r\n        <\/div>\r\n    <\/div>\r\n    <div class=\"form-actions\">\r\n        <button class=\"wp-block-button__link has-accent-background-color\">Contacter<\/button>\r\n    <\/div>\r\n<\/form>\r\n<div class=\"form-feedback\"><\/div>    <\/div>\n<h2>Artisanlocal une soci\u00e9t\u00e9 de confiance pour votre projet de d\u00e9m\u00e9nagement <\/h2>\n<p>Notre entreprise est situ\u00e9e au coeur de Apples. Nous effectuons le d\u00e9m\u00e9nagement pour les bureaux et les particuliers. Nos d\u00e9m\u00e9nageurs sont exp\u00e9riment\u00e9s et comp\u00e9tents pour accomplir tous vos projets.<\/p>\n<h2>Quels sont les avantages de collaborer avec Artisanlocal \u00e0 Apples ?<\/h2>\n<h3>Artisanlocal une entreprise engag\u00e9e<\/h3>\n<p>Dans le but de diminuer notre empreinte carbone pendant votre d\u00e9m\u00e9nagement, nous utilisons des emballages \u00e9coresponsables, de plus, nous recyclons tous les mat\u00e9riaux employ\u00e9s lors du d\u00e9m\u00e9nagement.<\/p>\n<h3>Une soci\u00e9t\u00e9 de d\u00e9m\u00e9nagement disponible<\/h3>\n<p>Artisanlocal est disponible 7 jours sur 7, pour r\u00e9aliser le d\u00e9m\u00e9nagement de votre appartement, r\u00e9sidence ou de vos boutiques et bureaux \u00e0 Apples.<\/p>\n<h3>Service de d\u00e9m\u00e9nagement \u00e0 Apples et dans les localit\u00e9s aux environs<\/h3>\n<p>Notre entreprise op\u00e8re \u00e0 Apples et dans les communes proches, telles que : Ballens, Bi\u00e8re, Mollens VD, Berolle, Etoy, Buchillon, Allaman, Perroy, Villars-sous-Yens, Yens, Aubonne, Bougy-Villars, F\u00e9chy, Pizy, Montherod, Lavigny, St-Livres, Saubraz..<\/p>\n<h3>Prestation de d\u00e9m\u00e9nagement dans les pays frontaliers et en Suisse<\/h3>\n<p>Si vous vivez \u00e0 Apples, nous pouvons r\u00e9aliser votre d\u00e9m\u00e9nagement vers toutes les villes et communes de Suisse ainsi que les pays limitrophes.&nbsp;<\/p>\n<h3>Artisanlocal une entreprise de d\u00e9m\u00e9nagement qui est attentive <\/h3>\n<p>Nous emballons vos objets et installons des protections sur les sols et murs pour pr\u00e9venir les dommages au moment de votre d\u00e9m\u00e9nagement, \u00e0 titre d&rsquo;illustration pour vos :&nbsp;<\/p>\n<ul>\n<li>Planchers : le jour de votre d\u00e9m\u00e9nagement, Artisanlocal prendra toutes les mesures possibles pour ne pas d\u00e9t\u00e9riorer vos planchers.<\/li>\n<li>Coins : nous veillons \u00e0 prot\u00e9ger les coins de vos murs pour \u00e9viter les d\u00e9gradations.<\/li>\n<li>Couloirs : avant de manipuler votre mobilier, nous pla\u00e7ons des mat\u00e9riaux de protection dans vos couloirs, de mani\u00e8re \u00e0 \u00e9viter tout casse.<\/li>\n<li>Portes : si cela le demande, nous prot\u00e9geons vos portes contre les rayures.<\/li>\n<\/ul>\n<h3>Devis gratuits<\/h3>\n<p>Apr\u00e8s qu&rsquo;un de nos d\u00e9m\u00e9nageurs est examin\u00e9 votre projet, nous vous fournissons une \u00e9valuation gratuite.<\/p>\n<h2>Quels sont les prestations de d\u00e9m\u00e9nagement d&rsquo;Artisanlocal ?<\/h2>\n<h3>D\u00e9m\u00e9nagement de commerces et de bureaux<\/h3>\n<p>Nous planifions le d\u00e9m\u00e9nagement de votre commerce ou de vos bureaux par rapport \u00e0 votre planning, et de la commune d&rsquo;arriv\u00e9e.<\/p>\n<h3>D\u00e9m\u00e9nagement de petit volume<\/h3>\n<p>Nous d\u00e9m\u00e9nageons les petits appartements. Nous d\u00e9finissons un d\u00e9m\u00e9nagement de petit volume pour des d\u00e9m\u00e9nagements inf\u00e9rieurs ou \u00e9gaux \u00e0 15 m\u00e8tres cubes.<\/p>\n<h3>D\u00e9m\u00e9nagements en urgence<\/h3>\n<p>Nous vous aiderons \u00e0 emm\u00e9nager dans votre nouvelle habitation le plus rapidement possible. Nous offrons par ailleurs des services de stockage et de pr\u00e9paration des cartons en urgence.<\/p>\n<h3>Garde-meubles<\/h3>\n<p>Nous r\u00e9cup\u00e9rons vos meubles et objets et les entreposons dans notre d\u00e9p\u00f4t prot\u00e9g\u00e9 \u00e0 Apples. Vos objets seront en s\u00e9curit\u00e9 pour la p\u00e9riode que vous d\u00e9sirez. Vous n&rsquo;avez qu&rsquo;\u00e0 nous transmettre le jour et l&rsquo;heure \u00e0 laquelle vous d\u00e9sirez r\u00e9cup\u00e9rer vos biens et mobiliers, et nous les transporterons chez vous \u00e0 la date qui vous arrange.<\/p>\n<h3>Emballage des objets de valeur<\/h3>\n<p>Vos meubles pr\u00e9cieux ou vos \u0153uvres d&rsquo;art seront pr\u00e9serv\u00e9s. Nous cr\u00e9ons des emballages personnalis\u00e9s et nous employons des \u00e9quipements de levage adapt\u00e9s.<\/p>\n<h3>Transport de pianos<\/h3>\n<h3>Nous manipulons votre piano en toute s\u00fbret\u00e9. Notre entreprise d\u00e9place tous types de pianos : droits, horizontaux et interm\u00e9diaires.<\/h3>\n<h3>Location de monte-meubles \u00e0 Apples pour d\u00e9m\u00e9nagement<\/h3>\n<p>Nous offrons un service de location de monte-meubles pour simplifier le d\u00e9placement de vos meubles lourds en Suisse et \u00e0 Apples.<\/p>\n<h3>Vente de cartons pour votre d\u00e9m\u00e9nagement \u00e0 Apples<\/h3>\n<p>Vous avez besoin de protection pour votre d\u00e9m\u00e9nagement \u00e0 Apples ? Chez Artisanlocal, nous proposons des cartons de d\u00e9m\u00e9nagement et des \u00e9quipements de protection adapt\u00e9s.<\/p>\n<h2>Qu\u2019est-ce qui est compris dans le d\u00e9m\u00e9nagement ?<\/h2>\n<h3>L&#8217;emballage personnalis\u00e9, pour :<\/h3>\n<ul>\n<li>les matelas,<\/li>\n<li>les \u00e9crans de t\u00e9l\u00e9vision <\/li>\n<li>les chaises,<\/li>\n<li>les sofas<\/li>\n<li>les appareils \u00e9lectrom\u00e9nagers,<\/li>\n<li>les PC,<\/li>\n<li>les ampoules et les lampes,<\/li>\n<li>les miroirs et tableaux.<\/li>\n<\/ul>\n<h3>Le d\u00e9montage des meubles<\/h3>\n<ul>\n<li>les tables,<\/li>\n<li>les armoires,<\/li>\n<li>les mobiliers,<\/li>\n<li>les supports de rangement,<\/li>\n<li>les luminaires.<\/li>\n<\/ul>\n<h2>Aide et r\u00e9ponses<\/h2>\n<h3>Quel est le montant d&rsquo;un d\u00e9m\u00e9nagement \u00e0 Apples et en Suisse ?<\/h3>\n<p>Le prix d&rsquo;un d\u00e9m\u00e9nagement \u00e0 Apples varie en fonction du volume et du nombre de pi\u00e8ces.<\/p>\n<p>Voici les prix pr\u00e9cis en fonction du nombre de pi\u00e8ces :<\/p>\n<p>Pour un d\u00e9m\u00e9nagement \u00e0 Apples :<\/p>\n<table>\n<tbody>\n<tr>\n<td>Pour un appartement entre 1-2 pi\u00e8ces<\/td>\n<td>De 350 \u00e0 600 Francs Suisses<\/td>\n<\/tr>\n<tr>\n<td>Pour un appartement entre 2-3 pi\u00e8ces<\/td>\n<td>De 700 \u00e0 1300 Francs Suisses<\/td>\n<\/tr>\n<tr>\n<td>D\u2019un appartement entre 3-4 pi\u00e8ces<\/td>\n<td>De 850 \u00e0 2000 Francs Suisses<\/td>\n<\/tr>\n<tr>\n<td>D\u2019une maison<\/td>\n<td>Entre 1200 \u00e0 2500 CHF<\/td>\n<\/tr>\n<\/tbody>\n<\/table>\n<p>Pour un d\u00e9m\u00e9nagement au-del\u00e0 de 200 km :<\/p>\n<table>\n<tbody>\n<tr>\n<td>D\u2019un appartement de 1-2 pi\u00e8ces<\/td>\n<td>De 600 \u00e0 900 CHF<\/td>\n<\/tr>\n<tr>\n<td>Pour un appartement de 2-3 pi\u00e8ces<\/td>\n<td>De 1200 \u00e0 2500 CHF<\/td>\n<\/tr>\n<tr>\n<td>Pour un appartement de 3-4 pi\u00e8ces<\/td>\n<td>Entre 1800 \u00e0 3000 Francs Suisses<\/td>\n<\/tr>\n<tr>\n<td>D\u2019une maison<\/td>\n<td>De 2000 \u00e0 4500 CHF<\/td>\n<\/tr>\n<\/tbody>\n<\/table>\n<p>Quel est le tarif pour louer un monte-meuble \u00e0 Apples ?<\/p>\n<p>Le montant indicatif pour le service de location d&rsquo;un monte meuble \u00e0 Apples est approximativement 150 Francs Suisses par heure.<\/p>\n<h3>Pourquoi faire appel \u00e0 une soci\u00e9t\u00e9 de d\u00e9m\u00e9nagement \u00e0 Apples ?<\/h3>\n<p>Bien que vous \u00e9vitez de d\u00e9penser de l&rsquo;argent en r\u00e9alisant le travail vous-m\u00eame, vous pouvez vous blesser (particuli\u00e8rement si vous n&rsquo;\u00eates pas habitu\u00e9 \u00e0 soulever des objets massifs) ou vous pouvez d\u00e9t\u00e9riorer vos biens. Avec Artisanlocal, vous \u00e9conomisez du temps et vous \u00e9vitez des soucis de dos.<\/p>\n","protected":false},"excerpt":{"rendered":"<p>D\u00e9m\u00e9nager \u00e0 Apples ne doit pas \u00eatre une source de stress. Une fois que vous avez trouv\u00e9 votre logement et que vous avez fix\u00e9 la date du d\u00e9m\u00e9nagement, vous vous demandez peut-\u00eatre de quelle mani\u00e8re pr\u00e9parer au mieux votre d\u00e9m\u00e9nagement ? \u00c0 l&rsquo;aide de notre soci\u00e9t\u00e9 de d\u00e9m\u00e9nagement \u00e0 Apples, vous \u00e9vitez les situations stressantes, [&hellip;]<\/p>\n","protected":false},"author":4,"featured_media":2759,"parent":0,"menu_order":0,"comment_status":"closed","ping_status":"closed","template":"","meta":{"footnotes":""},"profession":[122],"location":[82],"canton":[113],"class_list":["post-901","page","type-page","status-publish","has-post-thumbnail","hentry","profession-demenageur","location-apples","canton-vd"],"yoast_head":"<!-- This site is optimized with the Yoast SEO Premium plugin v25.7.1 (Yoast SEO v27.4) - https:\/\/yoast.com\/product\/yoast-seo-premium-wordpress\/ -->\n<title>D\u00e9m\u00e9nageur \u00e0 Apples - Artisanlocal<\/title>\n<meta name=\"robots\" content=\"index, follow, max-snippet:-1, max-image-preview:large, max-video-preview:-1\" \/>\n<link rel=\"canonical\" href=\"https:\/\/www.artisanlocal.ch\/c\/artisanlocal-votre-demenageur-a-apples\/\" \/>\n<meta property=\"og:locale\" content=\"fr_FR\" \/>\n<meta property=\"og:type\" content=\"article\" \/>\n<meta property=\"og:title\" content=\"D\u00e9m\u00e9nageur \u00e0 Apples\" \/>\n<meta property=\"og:description\" content=\"D\u00e9m\u00e9nager \u00e0 Apples ne doit pas \u00eatre une source de stress. Une fois que vous avez trouv\u00e9 votre logement et que vous avez fix\u00e9 la date du d\u00e9m\u00e9nagement, vous vous demandez peut-\u00eatre de quelle mani\u00e8re pr\u00e9parer au mieux votre d\u00e9m\u00e9nagement ? \u00c0 l&rsquo;aide de notre soci\u00e9t\u00e9 de d\u00e9m\u00e9nagement \u00e0 Apples, vous \u00e9vitez les situations stressantes, [&hellip;]\" \/>\n<meta property=\"og:url\" content=\"https:\/\/www.artisanlocal.ch\/c\/artisanlocal-votre-demenageur-a-apples\/\" \/>\n<meta property=\"og:site_name\" content=\"Artisanlocal\" \/>\n<meta property=\"article:modified_time\" content=\"2025-08-26T17:28:21+00:00\" \/>\n<meta property=\"og:image\" content=\"https:\/\/www.artisanlocal.ch\/c\/wp-content\/uploads\/2024\/10\/demenageur.jpg\" \/>\n\t<meta property=\"og:image:width\" content=\"1920\" \/>\n\t<meta property=\"og:image:height\" content=\"300\" \/>\n\t<meta property=\"og:image:type\" content=\"image\/jpeg\" \/>\n<meta name=\"twitter:card\" content=\"summary_large_image\" \/>\n<meta name=\"twitter:label1\" content=\"Dur\u00e9e de lecture estim\u00e9e\" \/>\n\t<meta name=\"twitter:data1\" content=\"5 minutes\" \/>\n<script type=\"application\/ld+json\" class=\"yoast-schema-graph\">{\"@context\":\"https:\\\/\\\/schema.org\",\"@graph\":[{\"@type\":\"WebPage\",\"@id\":\"https:\\\/\\\/www.artisanlocal.ch\\\/c\\\/artisanlocal-votre-demenageur-a-apples\\\/\",\"url\":\"https:\\\/\\\/www.artisanlocal.ch\\\/c\\\/artisanlocal-votre-demenageur-a-apples\\\/\",\"name\":\"D\u00e9m\u00e9nageur \u00e0 Apples - Artisanlocal\",\"isPartOf\":{\"@id\":\"https:\\\/\\\/www.artisanlocal.ch\\\/c\\\/#website\"},\"primaryImageOfPage\":{\"@id\":\"https:\\\/\\\/www.artisanlocal.ch\\\/c\\\/artisanlocal-votre-demenageur-a-apples\\\/#primaryimage\"},\"image\":{\"@id\":\"https:\\\/\\\/www.artisanlocal.ch\\\/c\\\/artisanlocal-votre-demenageur-a-apples\\\/#primaryimage\"},\"thumbnailUrl\":\"https:\\\/\\\/www.artisanlocal.ch\\\/c\\\/wp-content\\\/uploads\\\/2024\\\/10\\\/demenageur.jpg\",\"datePublished\":\"2024-04-22T19:53:55+00:00\",\"dateModified\":\"2025-08-26T17:28:21+00:00\",\"breadcrumb\":{\"@id\":\"https:\\\/\\\/www.artisanlocal.ch\\\/c\\\/artisanlocal-votre-demenageur-a-apples\\\/#breadcrumb\"},\"inLanguage\":\"fr-FR\",\"potentialAction\":[{\"@type\":\"ReadAction\",\"target\":[\"https:\\\/\\\/www.artisanlocal.ch\\\/c\\\/artisanlocal-votre-demenageur-a-apples\\\/\"]}]},{\"@type\":\"ImageObject\",\"inLanguage\":\"fr-FR\",\"@id\":\"https:\\\/\\\/www.artisanlocal.ch\\\/c\\\/artisanlocal-votre-demenageur-a-apples\\\/#primaryimage\",\"url\":\"https:\\\/\\\/www.artisanlocal.ch\\\/c\\\/wp-content\\\/uploads\\\/2024\\\/10\\\/demenageur.jpg\",\"contentUrl\":\"https:\\\/\\\/www.artisanlocal.ch\\\/c\\\/wp-content\\\/uploads\\\/2024\\\/10\\\/demenageur.jpg\",\"width\":1920,\"height\":300},{\"@type\":\"BreadcrumbList\",\"@id\":\"https:\\\/\\\/www.artisanlocal.ch\\\/c\\\/artisanlocal-votre-demenageur-a-apples\\\/#breadcrumb\",\"itemListElement\":[{\"@type\":\"ListItem\",\"position\":1,\"name\":\"Accueil\",\"item\":\"https:\\\/\\\/www.artisanlocal.ch\\\/c\\\/\"},{\"@type\":\"ListItem\",\"position\":2,\"name\":\"D\u00e9m\u00e9nageur \u00e0 Apples\"}]},{\"@type\":\"WebSite\",\"@id\":\"https:\\\/\\\/www.artisanlocal.ch\\\/c\\\/#website\",\"url\":\"https:\\\/\\\/www.artisanlocal.ch\\\/c\\\/\",\"name\":\"Artisanlocal\",\"description\":\"\",\"publisher\":{\"@id\":\"https:\\\/\\\/www.artisanlocal.ch\\\/c\\\/#organization\"},\"potentialAction\":[{\"@type\":\"SearchAction\",\"target\":{\"@type\":\"EntryPoint\",\"urlTemplate\":\"https:\\\/\\\/www.artisanlocal.ch\\\/c\\\/?s={search_term_string}\"},\"query-input\":{\"@type\":\"PropertyValueSpecification\",\"valueRequired\":true,\"valueName\":\"search_term_string\"}}],\"inLanguage\":\"fr-FR\"},{\"@type\":\"Organization\",\"@id\":\"https:\\\/\\\/www.artisanlocal.ch\\\/c\\\/#organization\",\"name\":\"Artisanlocal\",\"url\":\"https:\\\/\\\/www.artisanlocal.ch\\\/c\\\/\",\"logo\":{\"@type\":\"ImageObject\",\"inLanguage\":\"fr-FR\",\"@id\":\"https:\\\/\\\/www.artisanlocal.ch\\\/c\\\/#\\\/schema\\\/logo\\\/image\\\/\",\"url\":\"https:\\\/\\\/www.artisanlocal.ch\\\/c\\\/wp-content\\\/uploads\\\/2024\\\/02\\\/logo-artisanlocal-h.svg\",\"contentUrl\":\"https:\\\/\\\/www.artisanlocal.ch\\\/c\\\/wp-content\\\/uploads\\\/2024\\\/02\\\/logo-artisanlocal-h.svg\",\"caption\":\"Artisanlocal\"},\"image\":{\"@id\":\"https:\\\/\\\/www.artisanlocal.ch\\\/c\\\/#\\\/schema\\\/logo\\\/image\\\/\"}}]}<\/script>\n<!-- \/ Yoast SEO Premium plugin. -->","yoast_head_json":{"title":"D\u00e9m\u00e9nageur \u00e0 Apples - Artisanlocal","robots":{"index":"index","follow":"follow","max-snippet":"max-snippet:-1","max-image-preview":"max-image-preview:large","max-video-preview":"max-video-preview:-1"},"canonical":"https:\/\/www.artisanlocal.ch\/c\/artisanlocal-votre-demenageur-a-apples\/","og_locale":"fr_FR","og_type":"article","og_title":"D\u00e9m\u00e9nageur \u00e0 Apples","og_description":"D\u00e9m\u00e9nager \u00e0 Apples ne doit pas \u00eatre une source de stress. Une fois que vous avez trouv\u00e9 votre logement et que vous avez fix\u00e9 la date du d\u00e9m\u00e9nagement, vous vous demandez peut-\u00eatre de quelle mani\u00e8re pr\u00e9parer au mieux votre d\u00e9m\u00e9nagement ? \u00c0 l&rsquo;aide de notre soci\u00e9t\u00e9 de d\u00e9m\u00e9nagement \u00e0 Apples, vous \u00e9vitez les situations stressantes, [&hellip;]","og_url":"https:\/\/www.artisanlocal.ch\/c\/artisanlocal-votre-demenageur-a-apples\/","og_site_name":"Artisanlocal","article_modified_time":"2025-08-26T17:28:21+00:00","og_image":[{"width":1920,"height":300,"url":"https:\/\/www.artisanlocal.ch\/c\/wp-content\/uploads\/2024\/10\/demenageur.jpg","type":"image\/jpeg"}],"twitter_card":"summary_large_image","twitter_misc":{"Dur\u00e9e de lecture estim\u00e9e":"5 minutes"},"schema":{"@context":"https:\/\/schema.org","@graph":[{"@type":"WebPage","@id":"https:\/\/www.artisanlocal.ch\/c\/artisanlocal-votre-demenageur-a-apples\/","url":"https:\/\/www.artisanlocal.ch\/c\/artisanlocal-votre-demenageur-a-apples\/","name":"D\u00e9m\u00e9nageur \u00e0 Apples - Artisanlocal","isPartOf":{"@id":"https:\/\/www.artisanlocal.ch\/c\/#website"},"primaryImageOfPage":{"@id":"https:\/\/www.artisanlocal.ch\/c\/artisanlocal-votre-demenageur-a-apples\/#primaryimage"},"image":{"@id":"https:\/\/www.artisanlocal.ch\/c\/artisanlocal-votre-demenageur-a-apples\/#primaryimage"},"thumbnailUrl":"https:\/\/www.artisanlocal.ch\/c\/wp-content\/uploads\/2024\/10\/demenageur.jpg","datePublished":"2024-04-22T19:53:55+00:00","dateModified":"2025-08-26T17:28:21+00:00","breadcrumb":{"@id":"https:\/\/www.artisanlocal.ch\/c\/artisanlocal-votre-demenageur-a-apples\/#breadcrumb"},"inLanguage":"fr-FR","potentialAction":[{"@type":"ReadAction","target":["https:\/\/www.artisanlocal.ch\/c\/artisanlocal-votre-demenageur-a-apples\/"]}]},{"@type":"ImageObject","inLanguage":"fr-FR","@id":"https:\/\/www.artisanlocal.ch\/c\/artisanlocal-votre-demenageur-a-apples\/#primaryimage","url":"https:\/\/www.artisanlocal.ch\/c\/wp-content\/uploads\/2024\/10\/demenageur.jpg","contentUrl":"https:\/\/www.artisanlocal.ch\/c\/wp-content\/uploads\/2024\/10\/demenageur.jpg","width":1920,"height":300},{"@type":"BreadcrumbList","@id":"https:\/\/www.artisanlocal.ch\/c\/artisanlocal-votre-demenageur-a-apples\/#breadcrumb","itemListElement":[{"@type":"ListItem","position":1,"name":"Accueil","item":"https:\/\/www.artisanlocal.ch\/c\/"},{"@type":"ListItem","position":2,"name":"D\u00e9m\u00e9nageur \u00e0 Apples"}]},{"@type":"WebSite","@id":"https:\/\/www.artisanlocal.ch\/c\/#website","url":"https:\/\/www.artisanlocal.ch\/c\/","name":"Artisanlocal","description":"","publisher":{"@id":"https:\/\/www.artisanlocal.ch\/c\/#organization"},"potentialAction":[{"@type":"SearchAction","target":{"@type":"EntryPoint","urlTemplate":"https:\/\/www.artisanlocal.ch\/c\/?s={search_term_string}"},"query-input":{"@type":"PropertyValueSpecification","valueRequired":true,"valueName":"search_term_string"}}],"inLanguage":"fr-FR"},{"@type":"Organization","@id":"https:\/\/www.artisanlocal.ch\/c\/#organization","name":"Artisanlocal","url":"https:\/\/www.artisanlocal.ch\/c\/","logo":{"@type":"ImageObject","inLanguage":"fr-FR","@id":"https:\/\/www.artisanlocal.ch\/c\/#\/schema\/logo\/image\/","url":"https:\/\/www.artisanlocal.ch\/c\/wp-content\/uploads\/2024\/02\/logo-artisanlocal-h.svg","contentUrl":"https:\/\/www.artisanlocal.ch\/c\/wp-content\/uploads\/2024\/02\/logo-artisanlocal-h.svg","caption":"Artisanlocal"},"image":{"@id":"https:\/\/www.artisanlocal.ch\/c\/#\/schema\/logo\/image\/"}}]}},"_links":{"self":[{"href":"https:\/\/www.artisanlocal.ch\/c\/wp-json\/wp\/v2\/pages\/901","targetHints":{"allow":["GET"]}}],"collection":[{"href":"https:\/\/www.artisanlocal.ch\/c\/wp-json\/wp\/v2\/pages"}],"about":[{"href":"https:\/\/www.artisanlocal.ch\/c\/wp-json\/wp\/v2\/types\/page"}],"author":[{"embeddable":true,"href":"https:\/\/www.artisanlocal.ch\/c\/wp-json\/wp\/v2\/users\/4"}],"replies":[{"embeddable":true,"href":"https:\/\/www.artisanlocal.ch\/c\/wp-json\/wp\/v2\/comments?post=901"}],"version-history":[{"count":0,"href":"https:\/\/www.artisanlocal.ch\/c\/wp-json\/wp\/v2\/pages\/901\/revisions"}],"wp:featuredmedia":[{"embeddable":true,"href":"https:\/\/www.artisanlocal.ch\/c\/wp-json\/wp\/v2\/media\/2759"}],"wp:attachment":[{"href":"https:\/\/www.artisanlocal.ch\/c\/wp-json\/wp\/v2\/media?parent=901"}],"wp:term":[{"taxonomy":"profession","embeddable":true,"href":"https:\/\/www.artisanlocal.ch\/c\/wp-json\/wp\/v2\/profession?post=901"},{"taxonomy":"location","embeddable":true,"href":"https:\/\/www.artisanlocal.ch\/c\/wp-json\/wp\/v2\/location?post=901"},{"taxonomy":"canton","embeddable":true,"href":"https:\/\/www.artisanlocal.ch\/c\/wp-json\/wp\/v2\/canton?post=901"}],"curies":[{"name":"wp","href":"https:\/\/api.w.org\/{rel}","templated":true}]}}