{"id":908,"date":"2024-04-22T12:12:54","date_gmt":"2024-04-22T10:12:54","guid":{"rendered":"https:\/\/www.artisanlocal.ch\/c\/simplifiez-votre-demenagement-a-gland\/"},"modified":"2025-08-26T19:28:40","modified_gmt":"2025-08-26T17:28:40","slug":"simplifiez-votre-demenagement-a-gland","status":"publish","type":"page","link":"https:\/\/www.artisanlocal.ch\/c\/simplifiez-votre-demenagement-a-gland\/","title":{"rendered":"Simplifiez votre d\u00e9m\u00e9nagement \u00e0 Gland"},"content":{"rendered":"<p>D\u00e9m\u00e9nager \u00e0 Gland ne doit pas \u00eatre une crise d&rsquo;angoisse. Une fois que vous avez trouv\u00e9 votre logement et que vous avez fix\u00e9 la date du d\u00e9m\u00e9nagement, vous devez vous questionner sur comment planifier aux mieux votre d\u00e9m\u00e9nagement ? Avec notre entreprise de d\u00e9m\u00e9nagement \u00e0 Gland, vous gagnez du temps, Artisanlocal g\u00e8re la totalit\u00e9 de votre d\u00e9m\u00e9nagement, de la protection de vos meubles \u00e0 la location du camion.<\/p>\n\r\n<div class=\"box\">\r\n            <div class=\"company-info\">\r\n            <img decoding=\"async\" class=\"company-info__logo\" src=\"https:\/\/www.artisanlocal.ch\/media\/cache\/thumb\/images\/companies\/68bab01c52f30079311001.png\" alt=\"Logo\">\r\n            <h2 class=\"company-info__name\">S\u00e9lior Move' Multi-services<\/h2>\r\n            <p class=\"company-info__business\">D\u00e9barras - D\u00e9m\u00e9nagements - Livraison<\/p>\r\n        <\/div>\r\n        <div class=\"company-contact\">\r\n            <p class=\"company-info__address\">Avenue du Mont-Blanc 31<\/p>\r\n                            <div class=\"links\">\r\n                                            <a class=\"btn has-accent-background-color js-phoneNumber\" href=\"tel:0774746442\" title=\"Appelez\" data-id=\"27708\" data-type=\"11\">077 474 64 42<\/a>\r\n                                                                <a class=\"btn has-accent-background-color\" href=\"https:\/\/www.selior-mms.ch\/\" target=\"_blank\" title=\"Voir le site internet\" data-id=\"27708\" data-type=\"20\">Site internet<\/a>\r\n                                    <\/div>\r\n                    <\/div>\r\n    \r\n            \r\n<form action=\"https:\/\/www.artisanlocal.ch\/c\/wp-admin\/admin-ajax.php\" method=\"post\" class=\"form-contact\" id=\"artisan_form_contact_company_inline\">\r\n    <div><input type=\"hidden\" name=\"action\" value=\"company_contact\"><\/div>\r\n    <div><input type=\"hidden\" name=\"nonce\" value=\"e240268631\"><\/div>\r\n    <div><input type=\"hidden\" name=\"company_id\" value=\"27708\"><\/div>\r\n    <div><input type=\"hidden\" name=\"form_id\" value=\"artisan_form_contact_company_inline\"><\/div>\r\n    <div class=\"gglcptch gglcptch_v3 gglcptch_custom\"><input type=\"hidden\" id=\"g-recaptcha-response\" name=\"g-recaptcha-response\" \/><br \/><div class=\"gglcptch_error_text\">La p\u00e9riode de v\u00e9rification reCAPTCHA a expir\u00e9. Veuillez recharger la page.<\/div><\/div>    <div class=\"form-content\">\r\n        <div class=\"form-group\">\r\n            <label for=\"contact_firstName\" class=\"required\">Pr\u00e9nom<\/label>\r\n            <input type=\"text\" name=\"firstName\" class=\"form-control\" required>\r\n        <\/div>\r\n        <div class=\"form-group\">\r\n            <label for=\"contact_lastName\" class=\"required\">Nom<\/label>\r\n            <input type=\"text\" name=\"lastName\" class=\"form-control\" required>\r\n        <\/div>\r\n        <div class=\"form-group\">\r\n            <label for=\"contact_email\" class=\"required\">Email<\/label>\r\n            <input type=\"email\" name=\"email\" class=\"form-control\" required>\r\n        <\/div>\r\n        <div class=\"form-group\">\r\n            <label for=\"contact_phone\" class=\"required\">Num\u00e9ro de t\u00e9l\u00e9phone<\/label>\r\n            <input type=\"tel\" name=\"phone\" class=\"form-control\" placeholder=\"0787117165\" pattern=\"^[0-9]{10}$\" required>\r\n        <\/div>\r\n        <div class=\"form-group\">\r\n            <label for=\"contact_postalCode\" class=\"required\">Code postal et localit\u00e9<\/label>\r\n            <input type=\"text\" name=\"postalCode\" class=\"form-control\" required>\r\n        <\/div>\r\n        <div class=\"form-group\">\r\n            <label for=\"contact_address\" class=\"required\">Adresse<\/label>\r\n            <input type=\"text\" name=\"address\" class=\"form-control\" required>\r\n        <\/div>\r\n        <div class=\"full-width topic\">\r\n            <p class=\"required\">Je souhaite \u00eatre contact\u00e9 pour :<\/p>\r\n            <div class=\"form-check\">\r\n                <input type=\"radio\" name=\"topic\" value=\"D\u00e9pannage\" class=\"form-control\" required>\r\n                <label for=\"d\u00e9pannage\">D\u00e9pannage<\/label>\r\n            <\/div>\r\n            <div class=\"form-check\">\r\n                <input type=\"radio\" name=\"topic\" value=\"Entretien\" class=\"form-control\" required>\r\n                <label for=\"entretien\">Entretien<\/label>\r\n            <\/div>\r\n            <div class=\"form-check\">\r\n                <input type=\"radio\" name=\"topic\" value=\"R\u00e9novation\" class=\"form-control\" required>\r\n                <label for=\"r\u00e9novation\">R\u00e9novation<\/label>\r\n            <\/div>\r\n            <div class=\"form-check\">\r\n                <input type=\"radio\" name=\"topic\" value=\"Autre\" class=\"form-control\" required>\r\n                <label for=\"autre\">Autre<\/label>\r\n            <\/div>\r\n        <\/div>\r\n        <div class=\"form-group full-width\">\r\n            <label for=\"contact_message\">Message<\/label>\r\n            <textarea name=\"message\" rows=\"3\" class=\"form-control\"><\/textarea>\r\n        <\/div>\r\n    <\/div>\r\n    <div class=\"form-actions\">\r\n        <button class=\"wp-block-button__link has-accent-background-color\">Contacter<\/button>\r\n    <\/div>\r\n<\/form>\r\n<div class=\"form-feedback\"><\/div>    <\/div>\n<h2>Artisanlocal le sp\u00e9cialiste du d\u00e9m\u00e9nagement \u00e0 Gland<\/h2>\n<p>Notre entreprise est install\u00e9e au coeur de Gland. Nous r\u00e9alisons le d\u00e9m\u00e9nagement pour les particuliers et les bureaux. Nos d\u00e9m\u00e9nageurs sont exp\u00e9riment\u00e9s et form\u00e9s aux derni\u00e8res techniques pour accomplir tous vos projets.<\/p>\n<h2>Quels sont les b\u00e9n\u00e9fices de collaborer avec Artisanlocal \u00e0 Gland ?<\/h2>\n<h3>Artisanlocal une soci\u00e9t\u00e9 \u00e9coresponsable<\/h3>\n<p>Nos emballages et protections pour d\u00e9m\u00e9nagement sont biod\u00e9gradables afin de diminuer l&rsquo;impact \u00e9cologique de votre d\u00e9m\u00e9nagement, par ailleurs, nous recyclons tous les \u00e9l\u00e9ments employ\u00e9s lors du d\u00e9m\u00e9nagement.<\/p>\n<h3>Une entreprise de d\u00e9m\u00e9nagement tout le temps disponible<\/h3>\n<p>Artisanlocal est disponible tous les jours de la semaine, pour r\u00e9aliser le d\u00e9m\u00e9nagement de votre appartement, maison ou de vos boutiques et bureaux \u00e0 Gland.<\/p>\n<h3>Prestation de d\u00e9m\u00e9nagement \u00e0 Gland et dans les villes aux environs<\/h3>\n<p>Notre entreprise op\u00e8re \u00e0 Gland et dans les communes proches, comme : Prangins, Nyon, Le Vaud, Eysins, Crassier, St-Cergue, La Cure, Duillier, Coinsins, Vich, Begnins, Bassins, Tr\u00e9lex, Givrins, Genolier, Arzier-Le Muids, Grens, Signy, Ch\u00e9serex, Gingins, Arnex-sur-Nyon, Borex, La Rippe, Crans VD..<\/p>\n<h3>Prestation de d\u00e9m\u00e9nagement en Suisse et dans les pays frontaliers<\/h3>\n<p>Si vous r\u00e9sidez \u00e0 Gland, nous pouvons planifier votre d\u00e9m\u00e9nagement dans toutes les villes en Suisse ou les pays frontaliers.&nbsp;<\/p>\n<h3>Artisanlocal une entreprise de d\u00e9m\u00e9nagement qui est attentive aux d\u00e9tails<\/h3>\n<p>Artisanlocal s&rsquo;engage \u00e0 prendre toutes les pr\u00e9cautions n\u00e9cessaires afin d&rsquo;\u00e9viter de cr\u00e9er des dommages, notamment pour vos :&nbsp;<\/p>\n<ul>\n<li>Sols : le jour de votre d\u00e9m\u00e9nagement, nous nous assurerons de marcher avec prudence et \u00e0 transporter vos objets pour \u00e9viter de rayer vos sols.<\/li>\n<li>Angles : nous veillons \u00e0 prot\u00e9ger les angles de vos murs de sorte \u00e0 \u00e9viter les d\u00e9gradations.<\/li>\n<li>Couloirs : avant le d\u00e9m\u00e9nagement de votre \u00e9lectrom\u00e9nager et de votre mobilier, nous installons des mat\u00e9riaux de protection dans vos couloirs, de sorte \u00e0 \u00e9viter tout dommage.<\/li>\n<li>Portes : nous prenons soin de manipuler vos objets pour emp\u00eacher les rayures sur vos portes.<\/li>\n<\/ul>\n<h3>Devis gratuits<\/h3>\n<p>Apr\u00e8s analyse de votre projet, nous vous offrons une \u00e9valuation gratuite.<\/p>\n<h2>Quels sont les services de d\u00e9m\u00e9nagement d&rsquo;Artisanlocal ?<\/h2>\n<h3>D\u00e9m\u00e9nagement de magasins et de bureaux<\/h3>\n<p>Nous r\u00e9alisons le d\u00e9m\u00e9nagement des magasins et des bureaux.<\/p>\n<h3>D\u00e9m\u00e9nagement de petit volume<\/h3>\n<p>Nous d\u00e9m\u00e9nageons les petits appartements. C&rsquo;est un d\u00e9m\u00e9nagement pour des volumes inf\u00e9rieurs ou \u00e9gaux \u00e0 15 m3.<\/p>\n<h3>D\u00e9m\u00e9nagements en urgence<\/h3>\n<p>Notre \u00e9quipe de d\u00e9m\u00e9nageurs vous aide \u00e0 vous installer dans votre nouvelle r\u00e9sidence le plus rapidement possible. Nous proposons par ailleurs des prestations de garde-meuble et de pr\u00e9paration des cartons en urgence.<\/p>\n<h3>Garde-meubles<\/h3>\n<p>Nous r\u00e9cup\u00e9rons vos objets et les transportons dans notre entrep\u00f4t s\u00e9curis\u00e9 \u00e0 Gland. Ils seront entrepos\u00e9s durant la dur\u00e9e de votre choix. Il vous suffit de nous indiquer la date \u00e0 laquelle vous souhaitez chercher vos affaires, et nous vous les livrerons \u00e0 la date qui vous arrangera.<\/p>\n<h3>Emballage sur mesure pour vos objets de grande valeur<\/h3>\n<p>Vos \u0153uvres d&rsquo;art ou meubles pr\u00e9cieux seront prot\u00e9g\u00e9s. Nous \u00e9laborons des emballages sur mesure et nous les enveloppons, par ailleurs, nous employons des mat\u00e9riels de levage appropri\u00e9s.<\/p>\n<h3>D\u00e9placement de pianos<\/h3>\n<h3>Nous d\u00e9m\u00e9nageons votre piano en toute s\u00e9curit\u00e9. Notre entreprise d\u00e9m\u00e9nage tous types de pianos : interm\u00e9diaires, droits et horizontaux.<\/h3>\n<h3>Location de monte-meubles \u00e0 Gland pour d\u00e9m\u00e9nagement<\/h3>\n<p>Nous proposons une prestation de location de monte-meubles pour simplifier le d\u00e9placement de vos mobiliers massifs en Suisse et \u00e0 Gland.<\/p>\n<h3>Vente de cartons pour votre d\u00e9m\u00e9nagement en emm\u00e9nagement \u00e0 Gland<\/h3>\n<p>Vous avez besoin de carton d&#8217;emballage pour votre emm\u00e9nagement et d\u00e9m\u00e9nagement \u00e0 Gland ? Chez Artisanlocal, nous proposons \u00e0 nos clients des emballages et des \u00e9quipements de protection adapt\u00e9s.<\/p>\n<h2>Qu&rsquo;est-ce qui est compris dans le d\u00e9m\u00e9nagement ?<\/h2>\n<h3>L&#8217;emballage personnalis\u00e9, pour :<\/h3>\n<ul>\n<li>les matelas,<\/li>\n<li>les t\u00e9l\u00e9viseurs<\/li>\n<li>les si\u00e8ges,<\/li>\n<li>les canap\u00e9s<\/li>\n<li>les \u00e9lectrom\u00e9nagers,<\/li>\n<li>les PC,<\/li>\n<li>les ampoules et les lampes,<\/li>\n<li>les tableaux et miroirs.<\/li>\n<\/ul>\n<h3>Le d\u00e9montage des meubles<\/h3>\n<ul>\n<li>les tables,<\/li>\n<li>les armoires,<\/li>\n<li>les mobiliers,<\/li>\n<li>les supports de rangement,<\/li>\n<li>les luminaires.<\/li>\n<\/ul>\n<h2>Aide et r\u00e9ponses<\/h2>\n<h3>Quel est le prix d&rsquo;un service d\u00e9m\u00e9nagement \u00e0 Gland et en Suisse ?<\/h3>\n<p>Le montant d&rsquo;un d\u00e9m\u00e9nagement \u00e0 Gland varie en fonction du nombre de pi\u00e8ces et du volume.<\/p>\n<p>Voici les prix d\u00e9taill\u00e9s selon le volume et le nombre de chambres :<\/p>\n<p>Pour un d\u00e9m\u00e9nagement \u00e0 Gland :<\/p>\n<table>\n<tbody>\n<tr>\n<td>D\u2019un appartement entre 1-2 pi\u00e8ces<\/td>\n<td>De 350 \u00e0 600 Francs Suisses<\/td>\n<\/tr>\n<tr>\n<td>Pour un appartement de 2-3 pi\u00e8ces<\/td>\n<td>De 700 \u00e0 1300 Francs Suisses<\/td>\n<\/tr>\n<tr>\n<td>Pour un appartement entre 3-4 pi\u00e8ces<\/td>\n<td>Entre 850 \u00e0 2000 CHF<\/td>\n<\/tr>\n<tr>\n<td>D\u2019une maison<\/td>\n<td>Entre 1200 \u00e0 2500 CHF<\/td>\n<\/tr>\n<\/tbody>\n<\/table>\n<p>Pour un d\u00e9m\u00e9nagement au-del\u00e0 de 200 km :<\/p>\n<table>\n<tbody>\n<tr>\n<td>Pour un appartement de 1-2 pi\u00e8ces<\/td>\n<td>Entre 600 \u00e0 900 CHF<\/td>\n<\/tr>\n<tr>\n<td>Pour un appartement de 2-3 pi\u00e8ces<\/td>\n<td>Entre 1200 \u00e0 2500 CHF<\/td>\n<\/tr>\n<tr>\n<td>Pour un appartement de 3-4 pi\u00e8ces<\/td>\n<td>Entre 1800 \u00e0 3000 Francs Suisses<\/td>\n<\/tr>\n<tr>\n<td>D\u2019une maison<\/td>\n<td>Entre 2000 \u00e0 4500 CHF<\/td>\n<\/tr>\n<\/tbody>\n<\/table>\n<p>Quel est le montant pour louer un monte-meuble \u00e0 Gland ?<\/p>\n<p>Le montant approximatif pour la location d&rsquo;un monte meuble \u00e0 Gland est d&rsquo;environ 150 CHF par heure.<\/p>\n<h3>Quels sont les avantages d&rsquo;engager une entreprise experte dans le d\u00e9m\u00e9nagement \u00e0 Gland ?<\/h3>\n<p>M\u00eame si vous \u00e9conomisez de l&rsquo;argent en r\u00e9alisant le travail vous-m\u00eame, vous vous exposez \u00e0 des blessures plus ou moins graves (surtout si vous n&rsquo;\u00eates pas entra\u00een\u00e9 \u00e0 soulever des objets lourds) ou vous pouvez ab\u00eemer vos meubles. Avec Artisanlocal, vous \u00e9conomisez du temps et vous \u00e9vitez des probl\u00e8mes de dos.<\/p>\n","protected":false},"excerpt":{"rendered":"<p>D\u00e9m\u00e9nager \u00e0 Gland ne doit pas \u00eatre une crise d&rsquo;angoisse. Une fois que vous avez trouv\u00e9 votre logement et que vous avez fix\u00e9 la date du d\u00e9m\u00e9nagement, vous devez vous questionner sur comment planifier aux mieux votre d\u00e9m\u00e9nagement ? Avec notre entreprise de d\u00e9m\u00e9nagement \u00e0 Gland, vous gagnez du temps, Artisanlocal g\u00e8re la totalit\u00e9 de [&hellip;]<\/p>\n","protected":false},"author":4,"featured_media":2759,"parent":0,"menu_order":0,"comment_status":"closed","ping_status":"closed","template":"","meta":{"footnotes":""},"profession":[122],"location":[19],"canton":[113],"class_list":["post-908","page","type-page","status-publish","has-post-thumbnail","hentry","profession-demenageur","location-gland","canton-vd"],"yoast_head":"<!-- This site is optimized with the Yoast SEO Premium plugin v25.7.1 (Yoast SEO v27.4) - https:\/\/yoast.com\/product\/yoast-seo-premium-wordpress\/ -->\n<title>Simplifiez votre d\u00e9m\u00e9nagement \u00e0 Gland - Artisanlocal<\/title>\n<meta name=\"robots\" content=\"index, follow, max-snippet:-1, max-image-preview:large, max-video-preview:-1\" \/>\n<link rel=\"canonical\" href=\"https:\/\/www.artisanlocal.ch\/c\/simplifiez-votre-demenagement-a-gland\/\" \/>\n<meta property=\"og:locale\" content=\"fr_FR\" \/>\n<meta property=\"og:type\" content=\"article\" \/>\n<meta property=\"og:title\" content=\"Simplifiez votre d\u00e9m\u00e9nagement \u00e0 Gland\" \/>\n<meta property=\"og:description\" content=\"D\u00e9m\u00e9nager \u00e0 Gland ne doit pas \u00eatre une crise d&rsquo;angoisse. Une fois que vous avez trouv\u00e9 votre logement et que vous avez fix\u00e9 la date du d\u00e9m\u00e9nagement, vous devez vous questionner sur comment planifier aux mieux votre d\u00e9m\u00e9nagement ? Avec notre entreprise de d\u00e9m\u00e9nagement \u00e0 Gland, vous gagnez du temps, Artisanlocal g\u00e8re la totalit\u00e9 de [&hellip;]\" \/>\n<meta property=\"og:url\" content=\"https:\/\/www.artisanlocal.ch\/c\/simplifiez-votre-demenagement-a-gland\/\" \/>\n<meta property=\"og:site_name\" content=\"Artisanlocal\" \/>\n<meta property=\"article:modified_time\" content=\"2025-08-26T17:28:40+00:00\" \/>\n<meta property=\"og:image\" content=\"https:\/\/www.artisanlocal.ch\/c\/wp-content\/uploads\/2024\/10\/demenageur.jpg\" \/>\n\t<meta property=\"og:image:width\" content=\"1920\" \/>\n\t<meta property=\"og:image:height\" content=\"300\" \/>\n\t<meta property=\"og:image:type\" content=\"image\/jpeg\" \/>\n<meta name=\"twitter:card\" content=\"summary_large_image\" \/>\n<meta name=\"twitter:label1\" content=\"Dur\u00e9e de lecture estim\u00e9e\" \/>\n\t<meta name=\"twitter:data1\" content=\"5 minutes\" \/>\n<script type=\"application\/ld+json\" class=\"yoast-schema-graph\">{\"@context\":\"https:\\\/\\\/schema.org\",\"@graph\":[{\"@type\":\"WebPage\",\"@id\":\"https:\\\/\\\/www.artisanlocal.ch\\\/c\\\/simplifiez-votre-demenagement-a-gland\\\/\",\"url\":\"https:\\\/\\\/www.artisanlocal.ch\\\/c\\\/simplifiez-votre-demenagement-a-gland\\\/\",\"name\":\"Simplifiez votre d\u00e9m\u00e9nagement \u00e0 Gland - Artisanlocal\",\"isPartOf\":{\"@id\":\"https:\\\/\\\/www.artisanlocal.ch\\\/c\\\/#website\"},\"primaryImageOfPage\":{\"@id\":\"https:\\\/\\\/www.artisanlocal.ch\\\/c\\\/simplifiez-votre-demenagement-a-gland\\\/#primaryimage\"},\"image\":{\"@id\":\"https:\\\/\\\/www.artisanlocal.ch\\\/c\\\/simplifiez-votre-demenagement-a-gland\\\/#primaryimage\"},\"thumbnailUrl\":\"https:\\\/\\\/www.artisanlocal.ch\\\/c\\\/wp-content\\\/uploads\\\/2024\\\/10\\\/demenageur.jpg\",\"datePublished\":\"2024-04-22T10:12:54+00:00\",\"dateModified\":\"2025-08-26T17:28:40+00:00\",\"breadcrumb\":{\"@id\":\"https:\\\/\\\/www.artisanlocal.ch\\\/c\\\/simplifiez-votre-demenagement-a-gland\\\/#breadcrumb\"},\"inLanguage\":\"fr-FR\",\"potentialAction\":[{\"@type\":\"ReadAction\",\"target\":[\"https:\\\/\\\/www.artisanlocal.ch\\\/c\\\/simplifiez-votre-demenagement-a-gland\\\/\"]}]},{\"@type\":\"ImageObject\",\"inLanguage\":\"fr-FR\",\"@id\":\"https:\\\/\\\/www.artisanlocal.ch\\\/c\\\/simplifiez-votre-demenagement-a-gland\\\/#primaryimage\",\"url\":\"https:\\\/\\\/www.artisanlocal.ch\\\/c\\\/wp-content\\\/uploads\\\/2024\\\/10\\\/demenageur.jpg\",\"contentUrl\":\"https:\\\/\\\/www.artisanlocal.ch\\\/c\\\/wp-content\\\/uploads\\\/2024\\\/10\\\/demenageur.jpg\",\"width\":1920,\"height\":300},{\"@type\":\"BreadcrumbList\",\"@id\":\"https:\\\/\\\/www.artisanlocal.ch\\\/c\\\/simplifiez-votre-demenagement-a-gland\\\/#breadcrumb\",\"itemListElement\":[{\"@type\":\"ListItem\",\"position\":1,\"name\":\"Accueil\",\"item\":\"https:\\\/\\\/www.artisanlocal.ch\\\/c\\\/\"},{\"@type\":\"ListItem\",\"position\":2,\"name\":\"Simplifiez votre d\u00e9m\u00e9nagement \u00e0 Gland\"}]},{\"@type\":\"WebSite\",\"@id\":\"https:\\\/\\\/www.artisanlocal.ch\\\/c\\\/#website\",\"url\":\"https:\\\/\\\/www.artisanlocal.ch\\\/c\\\/\",\"name\":\"Artisanlocal\",\"description\":\"\",\"publisher\":{\"@id\":\"https:\\\/\\\/www.artisanlocal.ch\\\/c\\\/#organization\"},\"potentialAction\":[{\"@type\":\"SearchAction\",\"target\":{\"@type\":\"EntryPoint\",\"urlTemplate\":\"https:\\\/\\\/www.artisanlocal.ch\\\/c\\\/?s={search_term_string}\"},\"query-input\":{\"@type\":\"PropertyValueSpecification\",\"valueRequired\":true,\"valueName\":\"search_term_string\"}}],\"inLanguage\":\"fr-FR\"},{\"@type\":\"Organization\",\"@id\":\"https:\\\/\\\/www.artisanlocal.ch\\\/c\\\/#organization\",\"name\":\"Artisanlocal\",\"url\":\"https:\\\/\\\/www.artisanlocal.ch\\\/c\\\/\",\"logo\":{\"@type\":\"ImageObject\",\"inLanguage\":\"fr-FR\",\"@id\":\"https:\\\/\\\/www.artisanlocal.ch\\\/c\\\/#\\\/schema\\\/logo\\\/image\\\/\",\"url\":\"https:\\\/\\\/www.artisanlocal.ch\\\/c\\\/wp-content\\\/uploads\\\/2024\\\/02\\\/logo-artisanlocal-h.svg\",\"contentUrl\":\"https:\\\/\\\/www.artisanlocal.ch\\\/c\\\/wp-content\\\/uploads\\\/2024\\\/02\\\/logo-artisanlocal-h.svg\",\"caption\":\"Artisanlocal\"},\"image\":{\"@id\":\"https:\\\/\\\/www.artisanlocal.ch\\\/c\\\/#\\\/schema\\\/logo\\\/image\\\/\"}}]}<\/script>\n<!-- \/ Yoast SEO Premium plugin. -->","yoast_head_json":{"title":"Simplifiez votre d\u00e9m\u00e9nagement \u00e0 Gland - Artisanlocal","robots":{"index":"index","follow":"follow","max-snippet":"max-snippet:-1","max-image-preview":"max-image-preview:large","max-video-preview":"max-video-preview:-1"},"canonical":"https:\/\/www.artisanlocal.ch\/c\/simplifiez-votre-demenagement-a-gland\/","og_locale":"fr_FR","og_type":"article","og_title":"Simplifiez votre d\u00e9m\u00e9nagement \u00e0 Gland","og_description":"D\u00e9m\u00e9nager \u00e0 Gland ne doit pas \u00eatre une crise d&rsquo;angoisse. Une fois que vous avez trouv\u00e9 votre logement et que vous avez fix\u00e9 la date du d\u00e9m\u00e9nagement, vous devez vous questionner sur comment planifier aux mieux votre d\u00e9m\u00e9nagement ? Avec notre entreprise de d\u00e9m\u00e9nagement \u00e0 Gland, vous gagnez du temps, Artisanlocal g\u00e8re la totalit\u00e9 de [&hellip;]","og_url":"https:\/\/www.artisanlocal.ch\/c\/simplifiez-votre-demenagement-a-gland\/","og_site_name":"Artisanlocal","article_modified_time":"2025-08-26T17:28:40+00:00","og_image":[{"width":1920,"height":300,"url":"https:\/\/www.artisanlocal.ch\/c\/wp-content\/uploads\/2024\/10\/demenageur.jpg","type":"image\/jpeg"}],"twitter_card":"summary_large_image","twitter_misc":{"Dur\u00e9e de lecture estim\u00e9e":"5 minutes"},"schema":{"@context":"https:\/\/schema.org","@graph":[{"@type":"WebPage","@id":"https:\/\/www.artisanlocal.ch\/c\/simplifiez-votre-demenagement-a-gland\/","url":"https:\/\/www.artisanlocal.ch\/c\/simplifiez-votre-demenagement-a-gland\/","name":"Simplifiez votre d\u00e9m\u00e9nagement \u00e0 Gland - Artisanlocal","isPartOf":{"@id":"https:\/\/www.artisanlocal.ch\/c\/#website"},"primaryImageOfPage":{"@id":"https:\/\/www.artisanlocal.ch\/c\/simplifiez-votre-demenagement-a-gland\/#primaryimage"},"image":{"@id":"https:\/\/www.artisanlocal.ch\/c\/simplifiez-votre-demenagement-a-gland\/#primaryimage"},"thumbnailUrl":"https:\/\/www.artisanlocal.ch\/c\/wp-content\/uploads\/2024\/10\/demenageur.jpg","datePublished":"2024-04-22T10:12:54+00:00","dateModified":"2025-08-26T17:28:40+00:00","breadcrumb":{"@id":"https:\/\/www.artisanlocal.ch\/c\/simplifiez-votre-demenagement-a-gland\/#breadcrumb"},"inLanguage":"fr-FR","potentialAction":[{"@type":"ReadAction","target":["https:\/\/www.artisanlocal.ch\/c\/simplifiez-votre-demenagement-a-gland\/"]}]},{"@type":"ImageObject","inLanguage":"fr-FR","@id":"https:\/\/www.artisanlocal.ch\/c\/simplifiez-votre-demenagement-a-gland\/#primaryimage","url":"https:\/\/www.artisanlocal.ch\/c\/wp-content\/uploads\/2024\/10\/demenageur.jpg","contentUrl":"https:\/\/www.artisanlocal.ch\/c\/wp-content\/uploads\/2024\/10\/demenageur.jpg","width":1920,"height":300},{"@type":"BreadcrumbList","@id":"https:\/\/www.artisanlocal.ch\/c\/simplifiez-votre-demenagement-a-gland\/#breadcrumb","itemListElement":[{"@type":"ListItem","position":1,"name":"Accueil","item":"https:\/\/www.artisanlocal.ch\/c\/"},{"@type":"ListItem","position":2,"name":"Simplifiez votre d\u00e9m\u00e9nagement \u00e0 Gland"}]},{"@type":"WebSite","@id":"https:\/\/www.artisanlocal.ch\/c\/#website","url":"https:\/\/www.artisanlocal.ch\/c\/","name":"Artisanlocal","description":"","publisher":{"@id":"https:\/\/www.artisanlocal.ch\/c\/#organization"},"potentialAction":[{"@type":"SearchAction","target":{"@type":"EntryPoint","urlTemplate":"https:\/\/www.artisanlocal.ch\/c\/?s={search_term_string}"},"query-input":{"@type":"PropertyValueSpecification","valueRequired":true,"valueName":"search_term_string"}}],"inLanguage":"fr-FR"},{"@type":"Organization","@id":"https:\/\/www.artisanlocal.ch\/c\/#organization","name":"Artisanlocal","url":"https:\/\/www.artisanlocal.ch\/c\/","logo":{"@type":"ImageObject","inLanguage":"fr-FR","@id":"https:\/\/www.artisanlocal.ch\/c\/#\/schema\/logo\/image\/","url":"https:\/\/www.artisanlocal.ch\/c\/wp-content\/uploads\/2024\/02\/logo-artisanlocal-h.svg","contentUrl":"https:\/\/www.artisanlocal.ch\/c\/wp-content\/uploads\/2024\/02\/logo-artisanlocal-h.svg","caption":"Artisanlocal"},"image":{"@id":"https:\/\/www.artisanlocal.ch\/c\/#\/schema\/logo\/image\/"}}]}},"_links":{"self":[{"href":"https:\/\/www.artisanlocal.ch\/c\/wp-json\/wp\/v2\/pages\/908","targetHints":{"allow":["GET"]}}],"collection":[{"href":"https:\/\/www.artisanlocal.ch\/c\/wp-json\/wp\/v2\/pages"}],"about":[{"href":"https:\/\/www.artisanlocal.ch\/c\/wp-json\/wp\/v2\/types\/page"}],"author":[{"embeddable":true,"href":"https:\/\/www.artisanlocal.ch\/c\/wp-json\/wp\/v2\/users\/4"}],"replies":[{"embeddable":true,"href":"https:\/\/www.artisanlocal.ch\/c\/wp-json\/wp\/v2\/comments?post=908"}],"version-history":[{"count":0,"href":"https:\/\/www.artisanlocal.ch\/c\/wp-json\/wp\/v2\/pages\/908\/revisions"}],"wp:featuredmedia":[{"embeddable":true,"href":"https:\/\/www.artisanlocal.ch\/c\/wp-json\/wp\/v2\/media\/2759"}],"wp:attachment":[{"href":"https:\/\/www.artisanlocal.ch\/c\/wp-json\/wp\/v2\/media?parent=908"}],"wp:term":[{"taxonomy":"profession","embeddable":true,"href":"https:\/\/www.artisanlocal.ch\/c\/wp-json\/wp\/v2\/profession?post=908"},{"taxonomy":"location","embeddable":true,"href":"https:\/\/www.artisanlocal.ch\/c\/wp-json\/wp\/v2\/location?post=908"},{"taxonomy":"canton","embeddable":true,"href":"https:\/\/www.artisanlocal.ch\/c\/wp-json\/wp\/v2\/canton?post=908"}],"curies":[{"name":"wp","href":"https:\/\/api.w.org\/{rel}","templated":true}]}}