{"id":916,"date":"2024-04-23T05:20:31","date_gmt":"2024-04-23T03:20:31","guid":{"rendered":"https:\/\/www.artisanlocal.ch\/c\/votre-demenageur-a-lutry\/"},"modified":"2025-08-26T19:28:09","modified_gmt":"2025-08-26T17:28:09","slug":"votre-demenageur-a-lutry","status":"publish","type":"page","link":"https:\/\/www.artisanlocal.ch\/c\/votre-demenageur-a-lutry\/","title":{"rendered":"Votre d\u00e9m\u00e9nageur \u00e0 Lutry"},"content":{"rendered":"<p>D\u00e9m\u00e9nager \u00e0 Lutry ne doit pas \u00eatre une crise d&rsquo;angoisse. Une fois que vous avez trouv\u00e9 nouveau logement et que vous avez d\u00e9termin\u00e9 la date du d\u00e9m\u00e9nagement, vous vous demandez peut-\u00eatre comment pr\u00e9voir au mieux votre d\u00e9m\u00e9nagement et votre installation ? \u00c0 l&rsquo;aide de notre entreprise de d\u00e9m\u00e9nagement \u00e0 Lutry, vous \u00e9vitez les situations stressantes, Artisanlocal s&rsquo;occupe de la globalit\u00e9 de votre d\u00e9m\u00e9nagement, de la protection de vos meubles \u00e0 la location du camion.<\/p>\n\r\n<div class=\"box\">\r\n            <div class=\"company-info\">\r\n            <img decoding=\"async\" class=\"company-info__logo\" src=\"https:\/\/www.artisanlocal.ch\/media\/cache\/thumb\/images\/companies\/6261245fbc730454673720.png\" alt=\"Logo\">\r\n            <h2 class=\"company-info__name\">Veillard & Fils SA<\/h2>\r\n            <p class=\"company-info__business\">D\u00e9m\u00e9nagements - Garde-meubles - Transports<\/p>\r\n        <\/div>\r\n        <div class=\"company-contact\">\r\n            <p class=\"company-info__address\">Avenue de la Piscine 26<\/p>\r\n                            <div class=\"links\">\r\n                                            <a class=\"btn has-accent-background-color js-phoneNumber\" href=\"tel:0216344668\" title=\"Appelez\" data-id=\"2226\" data-type=\"11\">021 634 46 68<\/a>\r\n                                                                <a class=\"btn has-accent-background-color\" href=\"https:\/\/www.veillard.ch\/\" target=\"_blank\" title=\"Voir le site internet\" data-id=\"2226\" data-type=\"20\">Site internet<\/a>\r\n                                    <\/div>\r\n                    <\/div>\r\n    \r\n            \r\n<form action=\"https:\/\/www.artisanlocal.ch\/c\/wp-admin\/admin-ajax.php\" method=\"post\" class=\"form-contact\" id=\"artisan_form_contact_company_inline\">\r\n    <div><input type=\"hidden\" name=\"action\" value=\"company_contact\"><\/div>\r\n    <div><input type=\"hidden\" name=\"nonce\" value=\"32d8b14c12\"><\/div>\r\n    <div><input type=\"hidden\" name=\"company_id\" value=\"2226\"><\/div>\r\n    <div><input type=\"hidden\" name=\"form_id\" value=\"artisan_form_contact_company_inline\"><\/div>\r\n    <div class=\"gglcptch gglcptch_v3 gglcptch_custom\"><input type=\"hidden\" id=\"g-recaptcha-response\" name=\"g-recaptcha-response\" \/><br \/><div class=\"gglcptch_error_text\">La p\u00e9riode de v\u00e9rification reCAPTCHA a expir\u00e9. Veuillez recharger la page.<\/div><\/div>    <div class=\"form-content\">\r\n        <div class=\"form-group\">\r\n            <label for=\"contact_firstName\" class=\"required\">Pr\u00e9nom<\/label>\r\n            <input type=\"text\" name=\"firstName\" class=\"form-control\" required>\r\n        <\/div>\r\n        <div class=\"form-group\">\r\n            <label for=\"contact_lastName\" class=\"required\">Nom<\/label>\r\n            <input type=\"text\" name=\"lastName\" class=\"form-control\" required>\r\n        <\/div>\r\n        <div class=\"form-group\">\r\n            <label for=\"contact_email\" class=\"required\">Email<\/label>\r\n            <input type=\"email\" name=\"email\" class=\"form-control\" required>\r\n        <\/div>\r\n        <div class=\"form-group\">\r\n            <label for=\"contact_phone\" class=\"required\">Num\u00e9ro de t\u00e9l\u00e9phone<\/label>\r\n            <input type=\"tel\" name=\"phone\" class=\"form-control\" placeholder=\"0787117165\" pattern=\"^[0-9]{10}$\" required>\r\n        <\/div>\r\n        <div class=\"form-group\">\r\n            <label for=\"contact_postalCode\" class=\"required\">Code postal et localit\u00e9<\/label>\r\n            <input type=\"text\" name=\"postalCode\" class=\"form-control\" required>\r\n        <\/div>\r\n        <div class=\"form-group\">\r\n            <label for=\"contact_address\" class=\"required\">Adresse<\/label>\r\n            <input type=\"text\" name=\"address\" class=\"form-control\" required>\r\n        <\/div>\r\n        <div class=\"full-width topic\">\r\n            <p class=\"required\">Je souhaite \u00eatre contact\u00e9 pour :<\/p>\r\n            <div class=\"form-check\">\r\n                <input type=\"radio\" name=\"topic\" value=\"D\u00e9pannage\" class=\"form-control\" required>\r\n                <label for=\"d\u00e9pannage\">D\u00e9pannage<\/label>\r\n            <\/div>\r\n            <div class=\"form-check\">\r\n                <input type=\"radio\" name=\"topic\" value=\"Entretien\" class=\"form-control\" required>\r\n                <label for=\"entretien\">Entretien<\/label>\r\n            <\/div>\r\n            <div class=\"form-check\">\r\n                <input type=\"radio\" name=\"topic\" value=\"R\u00e9novation\" class=\"form-control\" required>\r\n                <label for=\"r\u00e9novation\">R\u00e9novation<\/label>\r\n            <\/div>\r\n            <div class=\"form-check\">\r\n                <input type=\"radio\" name=\"topic\" value=\"Autre\" class=\"form-control\" required>\r\n                <label for=\"autre\">Autre<\/label>\r\n            <\/div>\r\n        <\/div>\r\n        <div class=\"form-group full-width\">\r\n            <label for=\"contact_message\">Message<\/label>\r\n            <textarea name=\"message\" rows=\"3\" class=\"form-control\"><\/textarea>\r\n        <\/div>\r\n    <\/div>\r\n    <div class=\"form-actions\">\r\n        <button class=\"wp-block-button__link has-accent-background-color\">Contacter<\/button>\r\n    <\/div>\r\n<\/form>\r\n<div class=\"form-feedback\"><\/div>    <\/div>\n<h2>Artisanlocal une soci\u00e9t\u00e9 de confiance pour votre projet de d\u00e9m\u00e9nagement \u00e0 Lutry<\/h2>\n<p>Notre entreprise est situ\u00e9e \u00e0 Lutry depuis plusieurs ann\u00e9es. Nous r\u00e9alisons le d\u00e9m\u00e9nagement pour les particuliers et les bureaux. Nos d\u00e9m\u00e9nageurs sont comp\u00e9tents et exp\u00e9riment\u00e9s pour effectuer tous vos projets.<\/p>\n<h2>Quels sont les b\u00e9n\u00e9fices de travailler avec Artisanlocal \u00e0 Lutry ?<\/h2>\n<h3>Une entreprise soucieuse de l&rsquo;environnement<\/h3>\n<p>Nos emballages sont biod\u00e9gradables dans le but de diminuer l&rsquo;impact environnemental de votre d\u00e9m\u00e9nagement, de plus, nous r\u00e9employons tous les \u00e9l\u00e9ments utilis\u00e9s lors du d\u00e9m\u00e9nagement.<\/p>\n<h3>Artisanlocal une entreprise joignable \u00e0 tout moment pour votre d\u00e9m\u00e9nagement<\/h3>\n<p>Nos sommes disponibles \u00e0 tout moment et peu importe le jour dans la semaine pour d\u00e9m\u00e9nager votre habitation, studio ou vos bureaux.<\/p>\n<h3>Soci\u00e9t\u00e9 de d\u00e9m\u00e9nagement qui op\u00e8re \u00e0 Lutry et dans les alentours<\/h3>\n<p>Artisanlocal intervient \u00e0 Lutry et dans les localit\u00e9s proches, comme : Pully, Les Monts-de-Pully, La Croix (Lutry), Belmont-sur-Lausanne, La Conversion, Paudex..<\/p>\n<h3>D\u00e9m\u00e9nagement et installation dans toute la Suisse et \u00e0 l&rsquo;international<\/h3>\n<p>Si vous habitez \u00e0 Lutry, nous pouvons r\u00e9aliser votre d\u00e9m\u00e9nagement vers toutes les villes et communes de Suisse ainsi que les pays limitrophes.&nbsp;<\/p>\n<h3>Des d\u00e9m\u00e9nageurs toujours pr\u00e9cautionneux \u00e0 Lutry<\/h3>\n<p>Nous emballons vos objets et mettons en place des protections sur les murs et les sols pour pr\u00e9venir les dommages au moment de votre d\u00e9m\u00e9nagement, par exemple pour vos :&nbsp;<\/p>\n<ul>\n<li>Planchers : pendant votre d\u00e9m\u00e9nagement, Artisanlocal prendra toutes les pr\u00e9cautions pour ne pas d\u00e9grader vos sols.<\/li>\n<li>Angles : nous veillons \u00e0 prot\u00e9ger les angles de vos murs pour \u00e9viter les d\u00e9gradations.<\/li>\n<li>Couloirs : avant de d\u00e9placer vos meubles, nous pla\u00e7ons des protections dans vos couloirs, afin d&rsquo;\u00e9viter tout casse.<\/li>\n<li>Portes : si cela le demande, nous prot\u00e9geons vos portes contre les rayures.<\/li>\n<\/ul>\n<h3>Devis gratuits<\/h3>\n<p>Apr\u00e8s qu\u2019un de nos experts est \u00e9tudi\u00e9 votre projet, notre soci\u00e9t\u00e9 vous fournit une estimation gratuite.<\/p>\n<h2>Quels sont les types de d\u00e9m\u00e9nagement et services que propose Artisanlocal \u00e0 Lutry ?<\/h2>\n<h3>D\u00e9m\u00e9nagement de commerces et de bureaux<\/h3>\n<p>Nous effectuons le d\u00e9m\u00e9nagement des magasins et des bureaux.<\/p>\n<h3>D\u00e9m\u00e9nagement de petit volume<\/h3>\n<p>Nous d\u00e9m\u00e9nageons les petits logements. C&rsquo;est un d\u00e9m\u00e9nagement pour des volumes inf\u00e9rieurs \u00e0 15 m\u00e8tres cubes.<\/p>\n<h3>D\u00e9m\u00e9nagements rapides<\/h3>\n<p>Si vous avez un temps limit\u00e9 entre le d\u00e9m\u00e9nagement et l&#8217;emm\u00e9nagement dans votre nouvel appartement, Artisanlocal d\u00e9m\u00e9nage et vous installe en urgence. Nous vous offrons aussi des prestations d&#8217;emballage et de stockage en urgence.<\/p>\n<h3>Garde-meubles<\/h3>\n<p>Nous r\u00e9cup\u00e9rons vos meubles et objets et les stockons dans notre entrep\u00f4t prot\u00e9g\u00e9 \u00e0 Lutry. Vos objets seront en s\u00fbret\u00e9 pour la dur\u00e9e que vous voulez. Vous n&rsquo;avez qu&rsquo;\u00e0 nous transmettre la date \u00e0 laquelle vous souhaitez r\u00e9cup\u00e9rer vos biens, et nous les transporterons chez vous \u00e0 la date qui vous arrange.<\/p>\n<h3>Emballage sur mesure pour vos articles de grande valeur<\/h3>\n<p>Vos \u0153uvres d&rsquo;art ou meubles pr\u00e9cieux seront pr\u00e9serv\u00e9s. Nous \u00e9laborons des emballages adapt\u00e9s et nous les enveloppons, d&rsquo;autre part, nous utilisons des appareils de levage appropri\u00e9s.<\/p>\n<h3>Transport de pianos<\/h3>\n<h3>Nous d\u00e9pla\u00e7ons votre piano en toute s\u00fbret\u00e9. Notre entreprise d\u00e9place tous mod\u00e8les de pianos : interm\u00e9diaires, droits et horizontaux.<\/h3>\n<h3>Location de monte-meubles \u00e0 Lutry pour d\u00e9m\u00e9nagement<\/h3>\n<p>Nous offrons un service de location de monte-meubles pour faciliter le transfert de vos meubles lourds en Suisse et \u00e0 Lutry.<\/p>\n<h3>Vente de cartons de d\u00e9m\u00e9nagement \u00e0 Lutry<\/h3>\n<p>Vous recherchez des cartons de protection pour votre projet \u00e0 Lutry ? Chez Artisanlocal, nous proposons des cartons de d\u00e9m\u00e9nagement et des protections adapt\u00e9es.<\/p>\n<h2>Qu&rsquo;est-ce qui est pr\u00e9vu dans votre prestation de d\u00e9m\u00e9nagement ?<\/h2>\n<h3>L&#8217;emballage personnalis\u00e9, pour :<\/h3>\n<ul>\n<li>les literies,<\/li>\n<li>les \u00e9crans de t\u00e9l\u00e9vision <\/li>\n<li>les si\u00e8ges,<\/li>\n<li>les sofas<\/li>\n<li>les appareils m\u00e9nagers,<\/li>\n<li>les PC,<\/li>\n<li>les lampes et ampoules,<\/li>\n<li>les miroirs et tableaux.<\/li>\n<\/ul>\n<h3>Le d\u00e9montage des meubles<\/h3>\n<ul>\n<li>les tables,<\/li>\n<li>les armoires,<\/li>\n<li>les meubles,<\/li>\n<li>les supports de rangement,<\/li>\n<li>les luminaires.<\/li>\n<\/ul>\n<h2>Foire aux questions<\/h2>\n<h3>Quel est le prix d&rsquo;un service d\u00e9m\u00e9nagement \u00e0 Lutry et en Suisse ?<\/h3>\n<p>La somme \u00e0 pr\u00e9voir pour un d\u00e9m\u00e9nagement \u00e0 Lutry varie en fonction du nombre de pi\u00e8ces et du volume.<\/p>\n<p>Ci-dessous, vous retrouverez les montants en fonction du nombre de pi\u00e8ces :<\/p>\n<p>Pour un d\u00e9m\u00e9nagement \u00e0 Lutry :<\/p>\n<table>\n<tbody>\n<tr>\n<td>Pour un appartement de 1-2 pi\u00e8ces<\/td>\n<td>Entre 350 \u00e0 600 CHF<\/td>\n<\/tr>\n<tr>\n<td>Pour un appartement entre 2-3 pi\u00e8ces<\/td>\n<td>Entre 700 \u00e0 1300 Francs Suisses<\/td>\n<\/tr>\n<tr>\n<td>D\u2019un appartement de 3-4 pi\u00e8ces<\/td>\n<td>Entre 850 \u00e0 2000 CHF<\/td>\n<\/tr>\n<tr>\n<td>D\u2019une maison<\/td>\n<td>Entre 1200 \u00e0 2500 CHF<\/td>\n<\/tr>\n<\/tbody>\n<\/table>\n<p>Pour d\u00e9m\u00e9nager au-del\u00e0 de 200 km :<\/p>\n<table>\n<tbody>\n<tr>\n<td>D\u2019un appartement de 1-2 pi\u00e8ces<\/td>\n<td>Entre 600 \u00e0 900 CHF<\/td>\n<\/tr>\n<tr>\n<td>D\u2019un appartement de 2-3 pi\u00e8ces<\/td>\n<td>Entre 1200 \u00e0 2500 CHF<\/td>\n<\/tr>\n<tr>\n<td>Pour un appartement de 3-4 pi\u00e8ces<\/td>\n<td>Entre 1800 \u00e0 3000 CHF<\/td>\n<\/tr>\n<tr>\n<td>Pour une maison<\/td>\n<td>Entre 2000 \u00e0 4500 Francs Suisses<\/td>\n<\/tr>\n<\/tbody>\n<\/table>\n<p>Combien faut-il compter pour la location d\u2019un monte meuble \u00e0 Lutry ?<\/p>\n<p>Le tarif pour louer un monte-meuble \u00e0 Lutry est d&rsquo;environ 150 CHF par heure.<\/p>\n<h3>Quels sont les avantages d&rsquo;engager une entreprise experte dans le d\u00e9m\u00e9nagement \u00e0 Lutry ?<\/h3>\n<p>M\u00eame si vous pourriez \u00e9conomiser de l&rsquo;argent en r\u00e9alisant le travail vous-m\u00eame, vous vous exposez \u00e0 des blessures plus ou moins graves (si vous n\u2019avez pas l\u2019habitude de porter des charges lourdes) ou vous pouvez endommager vos meubles. Avec Artisanlocal, vous gagnez du temps et vous \u00e9vitez des soucis de dos.<\/p>\n","protected":false},"excerpt":{"rendered":"<p>D\u00e9m\u00e9nager \u00e0 Lutry ne doit pas \u00eatre une crise d&rsquo;angoisse. Une fois que vous avez trouv\u00e9 nouveau logement et que vous avez d\u00e9termin\u00e9 la date du d\u00e9m\u00e9nagement, vous vous demandez peut-\u00eatre comment pr\u00e9voir au mieux votre d\u00e9m\u00e9nagement et votre installation ? \u00c0 l&rsquo;aide de notre entreprise de d\u00e9m\u00e9nagement \u00e0 Lutry, vous \u00e9vitez les situations stressantes, [&hellip;]<\/p>\n","protected":false},"author":4,"featured_media":2759,"parent":0,"menu_order":0,"comment_status":"closed","ping_status":"closed","template":"","meta":{"footnotes":""},"profession":[122],"location":[55],"canton":[113],"class_list":["post-916","page","type-page","status-publish","has-post-thumbnail","hentry","profession-demenageur","location-lutry","canton-vd"],"yoast_head":"<!-- This site is optimized with the Yoast SEO Premium plugin v25.7.1 (Yoast SEO v27.4) - https:\/\/yoast.com\/product\/yoast-seo-premium-wordpress\/ -->\n<title>Votre d\u00e9m\u00e9nageur \u00e0 Lutry - Artisanlocal<\/title>\n<meta name=\"robots\" content=\"index, follow, max-snippet:-1, max-image-preview:large, max-video-preview:-1\" \/>\n<link rel=\"canonical\" href=\"https:\/\/www.artisanlocal.ch\/c\/votre-demenageur-a-lutry\/\" \/>\n<meta property=\"og:locale\" content=\"fr_FR\" \/>\n<meta property=\"og:type\" content=\"article\" \/>\n<meta property=\"og:title\" content=\"Votre d\u00e9m\u00e9nageur \u00e0 Lutry\" \/>\n<meta property=\"og:description\" content=\"D\u00e9m\u00e9nager \u00e0 Lutry ne doit pas \u00eatre une crise d&rsquo;angoisse. Une fois que vous avez trouv\u00e9 nouveau logement et que vous avez d\u00e9termin\u00e9 la date du d\u00e9m\u00e9nagement, vous vous demandez peut-\u00eatre comment pr\u00e9voir au mieux votre d\u00e9m\u00e9nagement et votre installation ? \u00c0 l&rsquo;aide de notre entreprise de d\u00e9m\u00e9nagement \u00e0 Lutry, vous \u00e9vitez les situations stressantes, [&hellip;]\" \/>\n<meta property=\"og:url\" content=\"https:\/\/www.artisanlocal.ch\/c\/votre-demenageur-a-lutry\/\" \/>\n<meta property=\"og:site_name\" content=\"Artisanlocal\" \/>\n<meta property=\"article:modified_time\" content=\"2025-08-26T17:28:09+00:00\" \/>\n<meta property=\"og:image\" content=\"https:\/\/www.artisanlocal.ch\/c\/wp-content\/uploads\/2024\/10\/demenageur.jpg\" \/>\n\t<meta property=\"og:image:width\" content=\"1920\" \/>\n\t<meta property=\"og:image:height\" content=\"300\" \/>\n\t<meta property=\"og:image:type\" content=\"image\/jpeg\" \/>\n<meta name=\"twitter:card\" content=\"summary_large_image\" \/>\n<meta name=\"twitter:label1\" content=\"Dur\u00e9e de lecture estim\u00e9e\" \/>\n\t<meta name=\"twitter:data1\" content=\"5 minutes\" \/>\n<script type=\"application\/ld+json\" class=\"yoast-schema-graph\">{\"@context\":\"https:\\\/\\\/schema.org\",\"@graph\":[{\"@type\":\"WebPage\",\"@id\":\"https:\\\/\\\/www.artisanlocal.ch\\\/c\\\/votre-demenageur-a-lutry\\\/\",\"url\":\"https:\\\/\\\/www.artisanlocal.ch\\\/c\\\/votre-demenageur-a-lutry\\\/\",\"name\":\"Votre d\u00e9m\u00e9nageur \u00e0 Lutry - Artisanlocal\",\"isPartOf\":{\"@id\":\"https:\\\/\\\/www.artisanlocal.ch\\\/c\\\/#website\"},\"primaryImageOfPage\":{\"@id\":\"https:\\\/\\\/www.artisanlocal.ch\\\/c\\\/votre-demenageur-a-lutry\\\/#primaryimage\"},\"image\":{\"@id\":\"https:\\\/\\\/www.artisanlocal.ch\\\/c\\\/votre-demenageur-a-lutry\\\/#primaryimage\"},\"thumbnailUrl\":\"https:\\\/\\\/www.artisanlocal.ch\\\/c\\\/wp-content\\\/uploads\\\/2024\\\/10\\\/demenageur.jpg\",\"datePublished\":\"2024-04-23T03:20:31+00:00\",\"dateModified\":\"2025-08-26T17:28:09+00:00\",\"breadcrumb\":{\"@id\":\"https:\\\/\\\/www.artisanlocal.ch\\\/c\\\/votre-demenageur-a-lutry\\\/#breadcrumb\"},\"inLanguage\":\"fr-FR\",\"potentialAction\":[{\"@type\":\"ReadAction\",\"target\":[\"https:\\\/\\\/www.artisanlocal.ch\\\/c\\\/votre-demenageur-a-lutry\\\/\"]}]},{\"@type\":\"ImageObject\",\"inLanguage\":\"fr-FR\",\"@id\":\"https:\\\/\\\/www.artisanlocal.ch\\\/c\\\/votre-demenageur-a-lutry\\\/#primaryimage\",\"url\":\"https:\\\/\\\/www.artisanlocal.ch\\\/c\\\/wp-content\\\/uploads\\\/2024\\\/10\\\/demenageur.jpg\",\"contentUrl\":\"https:\\\/\\\/www.artisanlocal.ch\\\/c\\\/wp-content\\\/uploads\\\/2024\\\/10\\\/demenageur.jpg\",\"width\":1920,\"height\":300},{\"@type\":\"BreadcrumbList\",\"@id\":\"https:\\\/\\\/www.artisanlocal.ch\\\/c\\\/votre-demenageur-a-lutry\\\/#breadcrumb\",\"itemListElement\":[{\"@type\":\"ListItem\",\"position\":1,\"name\":\"Accueil\",\"item\":\"https:\\\/\\\/www.artisanlocal.ch\\\/c\\\/\"},{\"@type\":\"ListItem\",\"position\":2,\"name\":\"Votre d\u00e9m\u00e9nageur \u00e0 Lutry\"}]},{\"@type\":\"WebSite\",\"@id\":\"https:\\\/\\\/www.artisanlocal.ch\\\/c\\\/#website\",\"url\":\"https:\\\/\\\/www.artisanlocal.ch\\\/c\\\/\",\"name\":\"Artisanlocal\",\"description\":\"\",\"publisher\":{\"@id\":\"https:\\\/\\\/www.artisanlocal.ch\\\/c\\\/#organization\"},\"potentialAction\":[{\"@type\":\"SearchAction\",\"target\":{\"@type\":\"EntryPoint\",\"urlTemplate\":\"https:\\\/\\\/www.artisanlocal.ch\\\/c\\\/?s={search_term_string}\"},\"query-input\":{\"@type\":\"PropertyValueSpecification\",\"valueRequired\":true,\"valueName\":\"search_term_string\"}}],\"inLanguage\":\"fr-FR\"},{\"@type\":\"Organization\",\"@id\":\"https:\\\/\\\/www.artisanlocal.ch\\\/c\\\/#organization\",\"name\":\"Artisanlocal\",\"url\":\"https:\\\/\\\/www.artisanlocal.ch\\\/c\\\/\",\"logo\":{\"@type\":\"ImageObject\",\"inLanguage\":\"fr-FR\",\"@id\":\"https:\\\/\\\/www.artisanlocal.ch\\\/c\\\/#\\\/schema\\\/logo\\\/image\\\/\",\"url\":\"https:\\\/\\\/www.artisanlocal.ch\\\/c\\\/wp-content\\\/uploads\\\/2024\\\/02\\\/logo-artisanlocal-h.svg\",\"contentUrl\":\"https:\\\/\\\/www.artisanlocal.ch\\\/c\\\/wp-content\\\/uploads\\\/2024\\\/02\\\/logo-artisanlocal-h.svg\",\"caption\":\"Artisanlocal\"},\"image\":{\"@id\":\"https:\\\/\\\/www.artisanlocal.ch\\\/c\\\/#\\\/schema\\\/logo\\\/image\\\/\"}}]}<\/script>\n<!-- \/ Yoast SEO Premium plugin. -->","yoast_head_json":{"title":"Votre d\u00e9m\u00e9nageur \u00e0 Lutry - Artisanlocal","robots":{"index":"index","follow":"follow","max-snippet":"max-snippet:-1","max-image-preview":"max-image-preview:large","max-video-preview":"max-video-preview:-1"},"canonical":"https:\/\/www.artisanlocal.ch\/c\/votre-demenageur-a-lutry\/","og_locale":"fr_FR","og_type":"article","og_title":"Votre d\u00e9m\u00e9nageur \u00e0 Lutry","og_description":"D\u00e9m\u00e9nager \u00e0 Lutry ne doit pas \u00eatre une crise d&rsquo;angoisse. Une fois que vous avez trouv\u00e9 nouveau logement et que vous avez d\u00e9termin\u00e9 la date du d\u00e9m\u00e9nagement, vous vous demandez peut-\u00eatre comment pr\u00e9voir au mieux votre d\u00e9m\u00e9nagement et votre installation ? \u00c0 l&rsquo;aide de notre entreprise de d\u00e9m\u00e9nagement \u00e0 Lutry, vous \u00e9vitez les situations stressantes, [&hellip;]","og_url":"https:\/\/www.artisanlocal.ch\/c\/votre-demenageur-a-lutry\/","og_site_name":"Artisanlocal","article_modified_time":"2025-08-26T17:28:09+00:00","og_image":[{"width":1920,"height":300,"url":"https:\/\/www.artisanlocal.ch\/c\/wp-content\/uploads\/2024\/10\/demenageur.jpg","type":"image\/jpeg"}],"twitter_card":"summary_large_image","twitter_misc":{"Dur\u00e9e de lecture estim\u00e9e":"5 minutes"},"schema":{"@context":"https:\/\/schema.org","@graph":[{"@type":"WebPage","@id":"https:\/\/www.artisanlocal.ch\/c\/votre-demenageur-a-lutry\/","url":"https:\/\/www.artisanlocal.ch\/c\/votre-demenageur-a-lutry\/","name":"Votre d\u00e9m\u00e9nageur \u00e0 Lutry - Artisanlocal","isPartOf":{"@id":"https:\/\/www.artisanlocal.ch\/c\/#website"},"primaryImageOfPage":{"@id":"https:\/\/www.artisanlocal.ch\/c\/votre-demenageur-a-lutry\/#primaryimage"},"image":{"@id":"https:\/\/www.artisanlocal.ch\/c\/votre-demenageur-a-lutry\/#primaryimage"},"thumbnailUrl":"https:\/\/www.artisanlocal.ch\/c\/wp-content\/uploads\/2024\/10\/demenageur.jpg","datePublished":"2024-04-23T03:20:31+00:00","dateModified":"2025-08-26T17:28:09+00:00","breadcrumb":{"@id":"https:\/\/www.artisanlocal.ch\/c\/votre-demenageur-a-lutry\/#breadcrumb"},"inLanguage":"fr-FR","potentialAction":[{"@type":"ReadAction","target":["https:\/\/www.artisanlocal.ch\/c\/votre-demenageur-a-lutry\/"]}]},{"@type":"ImageObject","inLanguage":"fr-FR","@id":"https:\/\/www.artisanlocal.ch\/c\/votre-demenageur-a-lutry\/#primaryimage","url":"https:\/\/www.artisanlocal.ch\/c\/wp-content\/uploads\/2024\/10\/demenageur.jpg","contentUrl":"https:\/\/www.artisanlocal.ch\/c\/wp-content\/uploads\/2024\/10\/demenageur.jpg","width":1920,"height":300},{"@type":"BreadcrumbList","@id":"https:\/\/www.artisanlocal.ch\/c\/votre-demenageur-a-lutry\/#breadcrumb","itemListElement":[{"@type":"ListItem","position":1,"name":"Accueil","item":"https:\/\/www.artisanlocal.ch\/c\/"},{"@type":"ListItem","position":2,"name":"Votre d\u00e9m\u00e9nageur \u00e0 Lutry"}]},{"@type":"WebSite","@id":"https:\/\/www.artisanlocal.ch\/c\/#website","url":"https:\/\/www.artisanlocal.ch\/c\/","name":"Artisanlocal","description":"","publisher":{"@id":"https:\/\/www.artisanlocal.ch\/c\/#organization"},"potentialAction":[{"@type":"SearchAction","target":{"@type":"EntryPoint","urlTemplate":"https:\/\/www.artisanlocal.ch\/c\/?s={search_term_string}"},"query-input":{"@type":"PropertyValueSpecification","valueRequired":true,"valueName":"search_term_string"}}],"inLanguage":"fr-FR"},{"@type":"Organization","@id":"https:\/\/www.artisanlocal.ch\/c\/#organization","name":"Artisanlocal","url":"https:\/\/www.artisanlocal.ch\/c\/","logo":{"@type":"ImageObject","inLanguage":"fr-FR","@id":"https:\/\/www.artisanlocal.ch\/c\/#\/schema\/logo\/image\/","url":"https:\/\/www.artisanlocal.ch\/c\/wp-content\/uploads\/2024\/02\/logo-artisanlocal-h.svg","contentUrl":"https:\/\/www.artisanlocal.ch\/c\/wp-content\/uploads\/2024\/02\/logo-artisanlocal-h.svg","caption":"Artisanlocal"},"image":{"@id":"https:\/\/www.artisanlocal.ch\/c\/#\/schema\/logo\/image\/"}}]}},"_links":{"self":[{"href":"https:\/\/www.artisanlocal.ch\/c\/wp-json\/wp\/v2\/pages\/916","targetHints":{"allow":["GET"]}}],"collection":[{"href":"https:\/\/www.artisanlocal.ch\/c\/wp-json\/wp\/v2\/pages"}],"about":[{"href":"https:\/\/www.artisanlocal.ch\/c\/wp-json\/wp\/v2\/types\/page"}],"author":[{"embeddable":true,"href":"https:\/\/www.artisanlocal.ch\/c\/wp-json\/wp\/v2\/users\/4"}],"replies":[{"embeddable":true,"href":"https:\/\/www.artisanlocal.ch\/c\/wp-json\/wp\/v2\/comments?post=916"}],"version-history":[{"count":0,"href":"https:\/\/www.artisanlocal.ch\/c\/wp-json\/wp\/v2\/pages\/916\/revisions"}],"wp:featuredmedia":[{"embeddable":true,"href":"https:\/\/www.artisanlocal.ch\/c\/wp-json\/wp\/v2\/media\/2759"}],"wp:attachment":[{"href":"https:\/\/www.artisanlocal.ch\/c\/wp-json\/wp\/v2\/media?parent=916"}],"wp:term":[{"taxonomy":"profession","embeddable":true,"href":"https:\/\/www.artisanlocal.ch\/c\/wp-json\/wp\/v2\/profession?post=916"},{"taxonomy":"location","embeddable":true,"href":"https:\/\/www.artisanlocal.ch\/c\/wp-json\/wp\/v2\/location?post=916"},{"taxonomy":"canton","embeddable":true,"href":"https:\/\/www.artisanlocal.ch\/c\/wp-json\/wp\/v2\/canton?post=916"}],"curies":[{"name":"wp","href":"https:\/\/api.w.org\/{rel}","templated":true}]}}