{"id":928,"date":"2024-04-23T00:24:37","date_gmt":"2024-04-22T22:24:37","guid":{"rendered":"https:\/\/www.artisanlocal.ch\/c\/votre-demenageur-a-ecublens\/"},"modified":"2025-08-26T19:28:18","modified_gmt":"2025-08-26T17:28:18","slug":"votre-demenageur-a-ecublens","status":"publish","type":"page","link":"https:\/\/www.artisanlocal.ch\/c\/votre-demenageur-a-ecublens\/","title":{"rendered":"Votre d\u00e9m\u00e9nageur \u00e0 Ecublens VD"},"content":{"rendered":"<p>Le d\u00e9m\u00e9nagement \u00e0 Ecublens VD ne devrait pas \u00eatre complexe. Une fois que vous avez trouv\u00e9 votre appartement et que vous avez d\u00e9termin\u00e9 la date du d\u00e9m\u00e9nagement, vous vous demandez peut-\u00eatre comment organiser au mieux votre d\u00e9m\u00e9nagement ? Gr\u00e2ce \u00e0 notre soci\u00e9t\u00e9 de d\u00e9m\u00e9nagement \u00e0 Ecublens VD, vous \u00e9vitez les situations stressantes, nous nous occupons de tous les aspects de votre d\u00e9m\u00e9nagement et am\u00e9nagement, de la location du camion, \u00e0 la protection de votre mobilier.<\/p>\n\r\n<div class=\"box\">\r\n            <div class=\"company-info\">\r\n            <img decoding=\"async\" class=\"company-info__logo\" src=\"https:\/\/www.artisanlocal.ch\/media\/cache\/thumb\/images\/companies\/65d4802831483792464079.png\" alt=\"Logo\">\r\n            <h2 class=\"company-info__name\">MTS Transports & D\u00e9m\u00e9nagements<\/h2>\r\n            <p class=\"company-info__business\">D\u00e9m\u00e9nagements - Transports<\/p>\r\n        <\/div>\r\n        <div class=\"company-contact\">\r\n            <p class=\"company-info__address\">Chemin de Fagne 1<\/p>\r\n                            <div class=\"links\">\r\n                                            <a class=\"btn has-accent-background-color js-phoneNumber\" href=\"tel:0792097552\" title=\"Appelez\" data-id=\"2265\" data-type=\"11\">079 209 75 52<\/a>\r\n                                                                <a class=\"btn has-accent-background-color\" href=\"https:\/\/www.mts-demenagement.com\/\" target=\"_blank\" title=\"Voir le site internet\" data-id=\"2265\" data-type=\"20\">Site internet<\/a>\r\n                                    <\/div>\r\n                    <\/div>\r\n    \r\n            \r\n<form action=\"https:\/\/www.artisanlocal.ch\/c\/wp-admin\/admin-ajax.php\" method=\"post\" class=\"form-contact\" id=\"artisan_form_contact_company_inline\">\r\n    <div><input type=\"hidden\" name=\"action\" value=\"company_contact\"><\/div>\r\n    <div><input type=\"hidden\" name=\"nonce\" value=\"124b983c12\"><\/div>\r\n    <div><input type=\"hidden\" name=\"company_id\" value=\"2265\"><\/div>\r\n    <div><input type=\"hidden\" name=\"form_id\" value=\"artisan_form_contact_company_inline\"><\/div>\r\n    <div class=\"gglcptch gglcptch_v3 gglcptch_custom\"><input type=\"hidden\" id=\"g-recaptcha-response\" name=\"g-recaptcha-response\" \/><br \/><div class=\"gglcptch_error_text\">La p\u00e9riode de v\u00e9rification reCAPTCHA a expir\u00e9. Veuillez recharger la page.<\/div><\/div>    <div class=\"form-content\">\r\n        <div class=\"form-group\">\r\n            <label for=\"contact_firstName\" class=\"required\">Pr\u00e9nom<\/label>\r\n            <input type=\"text\" name=\"firstName\" class=\"form-control\" required>\r\n        <\/div>\r\n        <div class=\"form-group\">\r\n            <label for=\"contact_lastName\" class=\"required\">Nom<\/label>\r\n            <input type=\"text\" name=\"lastName\" class=\"form-control\" required>\r\n        <\/div>\r\n        <div class=\"form-group\">\r\n            <label for=\"contact_email\" class=\"required\">Email<\/label>\r\n            <input type=\"email\" name=\"email\" class=\"form-control\" required>\r\n        <\/div>\r\n        <div class=\"form-group\">\r\n            <label for=\"contact_phone\" class=\"required\">Num\u00e9ro de t\u00e9l\u00e9phone<\/label>\r\n            <input type=\"tel\" name=\"phone\" class=\"form-control\" placeholder=\"0787117165\" pattern=\"^[0-9]{10}$\" required>\r\n        <\/div>\r\n        <div class=\"form-group\">\r\n            <label for=\"contact_postalCode\" class=\"required\">Code postal et localit\u00e9<\/label>\r\n            <input type=\"text\" name=\"postalCode\" class=\"form-control\" required>\r\n        <\/div>\r\n        <div class=\"form-group\">\r\n            <label for=\"contact_address\" class=\"required\">Adresse<\/label>\r\n            <input type=\"text\" name=\"address\" class=\"form-control\" required>\r\n        <\/div>\r\n        <div class=\"full-width topic\">\r\n            <p class=\"required\">Je souhaite \u00eatre contact\u00e9 pour :<\/p>\r\n            <div class=\"form-check\">\r\n                <input type=\"radio\" name=\"topic\" value=\"D\u00e9pannage\" class=\"form-control\" required>\r\n                <label for=\"d\u00e9pannage\">D\u00e9pannage<\/label>\r\n            <\/div>\r\n            <div class=\"form-check\">\r\n                <input type=\"radio\" name=\"topic\" value=\"Entretien\" class=\"form-control\" required>\r\n                <label for=\"entretien\">Entretien<\/label>\r\n            <\/div>\r\n            <div class=\"form-check\">\r\n                <input type=\"radio\" name=\"topic\" value=\"R\u00e9novation\" class=\"form-control\" required>\r\n                <label for=\"r\u00e9novation\">R\u00e9novation<\/label>\r\n            <\/div>\r\n            <div class=\"form-check\">\r\n                <input type=\"radio\" name=\"topic\" value=\"Autre\" class=\"form-control\" required>\r\n                <label for=\"autre\">Autre<\/label>\r\n            <\/div>\r\n        <\/div>\r\n        <div class=\"form-group full-width\">\r\n            <label for=\"contact_message\">Message<\/label>\r\n            <textarea name=\"message\" rows=\"3\" class=\"form-control\"><\/textarea>\r\n        <\/div>\r\n    <\/div>\r\n    <div class=\"form-actions\">\r\n        <button class=\"wp-block-button__link has-accent-background-color\">Contacter<\/button>\r\n    <\/div>\r\n<\/form>\r\n<div class=\"form-feedback\"><\/div>    <\/div>\n<h2>Artisanlocal une entreprise de confiance pour votre d\u00e9m\u00e9nagement <\/h2>\n<p>Notre entreprise est situ\u00e9e \u00e0 Ecublens VD depuis plusieurs ann\u00e9es. Nous effectuons le d\u00e9m\u00e9nagement pour les particuliers et les entreprises. Nos \u00e9quipes sont form\u00e9es et exp\u00e9riment\u00e9es pour vous aider, quelle que soit la complexit\u00e9 de votre d\u00e9m\u00e9nagement.<\/p>\n<h2>Quels sont les avantages de travailler avec Artisanlocal \u00e0 Ecublens VD ?<\/h2>\n<h3>Artisanlocal une soci\u00e9t\u00e9 \u00e9coresponsable<\/h3>\n<p>Dans le but de r\u00e9duire notre impact environnemental pendant votre d\u00e9m\u00e9nagement, nous employons des emballages \u00e9coresponsables, par ailleurs, nous r\u00e9utilisons tous les \u00e9l\u00e9ments utilis\u00e9s lors du d\u00e9m\u00e9nagement.<\/p>\n<h3>Artisanlocal une soci\u00e9t\u00e9 disponible \u00e0 tout moment pour votre d\u00e9m\u00e9nagement<\/h3>\n<p>Nous sommes disponibles tous les jours de la semaine, pour effectuer le d\u00e9m\u00e9nagement de votre appartement, maison ou de vos boutiques et bureaux \u00e0 Ecublens VD.<\/p>\n<h3>Service de d\u00e9m\u00e9nagement \u00e0 Ecublens VD et dans les communes aux alentours<\/h3>\n<p>Artisanlocal intervient \u00e0 Ecublens VD et dans les villes voisines, telles que : Chavannes-pr\u00e8s-Renens, St-Sulpice VD, Denges, Echandens, Lonay, Pr\u00e9verenges, Villars-Ste-Croix, Bussigny, Morges, Echichens, St-Saphorin-sur-Morges, Colombier VD, Vullierens, Bremblens, Romanel-sur-Morges, Aclens, Monnaz, Vaux-sur-Morges, Clarmont, Reverolle, Tolochenaz, Lully VD, Chigny, Vufflens-le-Ch\u00e2teau, Denens, Bussy-Chardonney, St-Prex, Lussy-sur-Morges..<\/p>\n<h3>Service de d\u00e9m\u00e9nagement dans les pays frontaliers et en Suisse<\/h3>\n<p>Si vous vivez \u00e0 Ecublens VD, nous pouvons effectuer votre d\u00e9m\u00e9nagement vers toutes les communes et les villes de Suisse ainsi que les pays limitrophes.&nbsp;<\/p>\n<h3>Artisanlocal une soci\u00e9t\u00e9 de d\u00e9m\u00e9nagement qui fait attention<\/h3>\n<p>Artisanlocal s&rsquo;engage \u00e0 prendre toutes les mesures possibles afin d&rsquo;\u00e9viter d&rsquo;occasionner des dommages, par exemple pour vos :&nbsp;<\/p>\n<ul>\n<li>Sols : au moment de votre d\u00e9m\u00e9nagement, notre \u00e9quipe prendra toutes les pr\u00e9cautions pour ne pas d\u00e9grader vos planchers.<\/li>\n<li>Angles : nous veillons \u00e0 pr\u00e9server les angles de vos murs pour\u00e9viter les \u00e9raflures.<\/li>\n<li>Couloirs : avant de d\u00e9placer votre mobilier et votre \u00e9lectrom\u00e9nager, nous mettons en place des protections dans vos couloirs, afin de pr\u00e9venir les chocs.<\/li>\n<li>Portes : notre \u00e9quipe prend soin de transporter vos objets pour emp\u00eacher les rayures sur vos portes.<\/li>\n<\/ul>\n<h3>Devis gratuits<\/h3>\n<p>Apr\u00e8s analyse de votre d\u00e9m\u00e9nagement, nous vous offrons une \u00e9valuation gratuite.<\/p>\n<h2>Quels sont les prestations de d\u00e9m\u00e9nagement d&rsquo;Artisanlocal ?<\/h2>\n<h3>D\u00e9m\u00e9nagement de bureaux et de locaux <\/h3>\n<p>Nous r\u00e9alisons le d\u00e9m\u00e9nagement des espaces de travail et des boutiques.<\/p>\n<h3>Petits d\u00e9m\u00e9nagements<\/h3>\n<p>Nous d\u00e9m\u00e9nageons les studios et les petits appartements. Nous d\u00e9finissons un petit d\u00e9m\u00e9nagement pour des projets inf\u00e9rieurs \u00e0 15 m3.<\/p>\n<h3>D\u00e9m\u00e9nagements en urgence<\/h3>\n<p>Artisanlocal vous aide \u00e0 emm\u00e9nager dans votre nouvelle habitation rapidement. Nous avons aussi des prestations de stockage et d&#8217;emballage en urgence.<\/p>\n<h3>Garde-meubles<\/h3>\n<p>Nous venons r\u00e9cup\u00e9rer vos meubles et ensuite nous les d\u00e9pla\u00e7ons vers notre espace de stockage \u00e0 Ecublens VD. Vos affaires seront en s\u00e9curit\u00e9 pour la p\u00e9riode que vous d\u00e9sirez. Vous n&rsquo;avez qu&rsquo;\u00e0 nous indiquer la date \u00e0 laquelle vous souhaitez reprendre vos biens, et nous les apporterons chez vous \u00e0 la date qui vous convient.<\/p>\n<h3>Protection sur mesure pour vos articles de grande importance<\/h3>\n<p>Vos \u0153uvres d&rsquo;art ou vos objets de mobiliers pr\u00e9cieux seront pr\u00e9serv\u00e9s. Nous concevons des emballages sur mesure et nous utilisons des \u00e9quipements de levage adapt\u00e9s.<\/p>\n<h3>Transport de pianos<\/h3>\n<h3>D\u00e9placer un piano en toute s\u00e9curit\u00e9 requiert des expertises, des mat\u00e9riels et des formations particuli\u00e8res. Nous sommes sp\u00e9cialis\u00e9s dans le transport de pianos, comme : les droits, les interm\u00e9diaires ou \u00e0 queue.<\/h3>\n<h3>Service de location monte-meubles \u00e0 Ecublens VD <\/h3>\n<p>Nous proposons une prestation de location de monte-meubles pour faciliter le d\u00e9placement de vos mobiliers massifs en Suisse et \u00e0 Ecublens VD.<\/p>\n<h3>Acheter des cartons de d\u00e9m\u00e9nagement \u00e0 Ecublens VD<\/h3>\n<p>Vous avez besoin de carton d&#8217;emballage pour votre d\u00e9m\u00e9nagement \u00e0 Ecublens VD ? Notre soci\u00e9t\u00e9 propose une large gamme de cartons de d\u00e9m\u00e9nagement et aussi : de fournitures, de housses de protection, et d&rsquo;adh\u00e9sifs.<\/p>\n<h2>Qu&rsquo;est-ce qui est inclus dans le d\u00e9m\u00e9nagement ?<\/h2>\n<h3>L&#8217;emballage personnalis\u00e9, pour :<\/h3>\n<ul>\n<li>les literies,<\/li>\n<li>les t\u00e9l\u00e9viseurs<\/li>\n<li>les si\u00e8ges,<\/li>\n<li>les canap\u00e9s<\/li>\n<li>les appareils \u00e9lectrom\u00e9nagers,<\/li>\n<li>les PC,<\/li>\n<li>les lampes et ampoules,<\/li>\n<li>les miroirs et tableaux.<\/li>\n<\/ul>\n<h3>Le d\u00e9montage des meubles<\/h3>\n<ul>\n<li>les tables,<\/li>\n<li>les armoires,<\/li>\n<li>les meubles,<\/li>\n<li>les \u00e9tag\u00e8res,<\/li>\n<li>les lustres.<\/li>\n<\/ul>\n<h2>Foire aux questions<\/h2>\n<h3>Quel est le prix d&rsquo;un service d\u00e9m\u00e9nagement \u00e0 Ecublens VD et en Suisse ?<\/h3>\n<p>Le co\u00fbt d&rsquo;un d\u00e9m\u00e9nagement \u00e0 Ecublens VD d\u00e9pend du nombre de pi\u00e8ces dans votre habitat.<\/p>\n<p>Voici les prix d\u00e9taill\u00e9s en fonction du nombre de pi\u00e8ces :<\/p>\n<p>Pour un d\u00e9m\u00e9nagement \u00e0 Ecublens VD :<\/p>\n<table>\n<tbody>\n<tr>\n<td>D\u2019un appartement entre 1-2 pi\u00e8ces<\/td>\n<td>De 350 \u00e0 600 Francs Suisses<\/td>\n<\/tr>\n<tr>\n<td>D\u2019un appartement entre 2-3 pi\u00e8ces<\/td>\n<td>Entre 700 \u00e0 1300 Francs Suisses<\/td>\n<\/tr>\n<tr>\n<td>D\u2019un appartement entre 3-4 pi\u00e8ces<\/td>\n<td>Entre 850 \u00e0 2000 CHF<\/td>\n<\/tr>\n<tr>\n<td>Pour une maison<\/td>\n<td>Entre 1200 \u00e0 2500 Francs Suisses<\/td>\n<\/tr>\n<\/tbody>\n<\/table>\n<p>Pour d\u00e9m\u00e9nager au-del\u00e0 de 200 km :<\/p>\n<table>\n<tbody>\n<tr>\n<td>D\u2019un appartement de 1-2 pi\u00e8ces<\/td>\n<td>De 600 \u00e0 900 Francs Suisses<\/td>\n<\/tr>\n<tr>\n<td>D\u2019un appartement de 2-3 pi\u00e8ces<\/td>\n<td>De 1200 \u00e0 2500 CHF<\/td>\n<\/tr>\n<tr>\n<td>D\u2019un appartement de 3-4 pi\u00e8ces<\/td>\n<td>De 1800 \u00e0 3000 CHF<\/td>\n<\/tr>\n<tr>\n<td>Pour une maison<\/td>\n<td>De 2000 \u00e0 4500 Francs Suisses<\/td>\n<\/tr>\n<\/tbody>\n<\/table>\n<p>Quel est le montant pour louer un monte-meuble \u00e0 Ecublens VD ?<\/p>\n<p>Le co\u00fbt pour louer un monte-meuble \u00e0 Ecublens VD est \u00e0 peu pr\u00e8s 150 CHF par heure.<\/p>\n<h3>Quels sont les b\u00e9n\u00e9fices d&rsquo;engager une entreprise sp\u00e9cialis\u00e9e dans le d\u00e9m\u00e9nagement \u00e0 Ecublens VD ?<\/h3>\n<p>M\u00eame si vous \u00e9vitez de perdre de l&rsquo;argent en r\u00e9alisant le d\u00e9m\u00e9nagement vous-m\u00eame, vous risquez de vous faire mal (si vous n\u2019avez pas l\u2019habitude de soulever des charges lourdes) ou vous pouvez aussi d\u00e9t\u00e9riorer vos meubles. En faisant appel \u00e0 Artisanlocal pour votre d\u00e9m\u00e9nagement, vous gagnez du temps et vous restez en s\u00e9curit\u00e9.<\/p>\n","protected":false},"excerpt":{"rendered":"<p>Le d\u00e9m\u00e9nagement \u00e0 Ecublens VD ne devrait pas \u00eatre complexe. Une fois que vous avez trouv\u00e9 votre appartement et que vous avez d\u00e9termin\u00e9 la date du d\u00e9m\u00e9nagement, vous vous demandez peut-\u00eatre comment organiser au mieux votre d\u00e9m\u00e9nagement ? Gr\u00e2ce \u00e0 notre soci\u00e9t\u00e9 de d\u00e9m\u00e9nagement \u00e0 Ecublens VD, vous \u00e9vitez les situations stressantes, nous nous occupons [&hellip;]<\/p>\n","protected":false},"author":4,"featured_media":2759,"parent":0,"menu_order":0,"comment_status":"closed","ping_status":"closed","template":"","meta":{"footnotes":""},"profession":[122],"location":[41],"canton":[113],"class_list":["post-928","page","type-page","status-publish","has-post-thumbnail","hentry","profession-demenageur","location-ecublens-vd","canton-vd"],"yoast_head":"<!-- This site is optimized with the Yoast SEO Premium plugin v25.7.1 (Yoast SEO v27.4) - https:\/\/yoast.com\/product\/yoast-seo-premium-wordpress\/ -->\n<title>Votre d\u00e9m\u00e9nageur \u00e0 Ecublens VD - Artisanlocal<\/title>\n<meta name=\"robots\" content=\"index, follow, max-snippet:-1, max-image-preview:large, max-video-preview:-1\" \/>\n<link rel=\"canonical\" href=\"https:\/\/www.artisanlocal.ch\/c\/votre-demenageur-a-ecublens\/\" \/>\n<meta property=\"og:locale\" content=\"fr_FR\" \/>\n<meta property=\"og:type\" content=\"article\" \/>\n<meta property=\"og:title\" content=\"Votre d\u00e9m\u00e9nageur \u00e0 Ecublens VD\" \/>\n<meta property=\"og:description\" content=\"Le d\u00e9m\u00e9nagement \u00e0 Ecublens VD ne devrait pas \u00eatre complexe. Une fois que vous avez trouv\u00e9 votre appartement et que vous avez d\u00e9termin\u00e9 la date du d\u00e9m\u00e9nagement, vous vous demandez peut-\u00eatre comment organiser au mieux votre d\u00e9m\u00e9nagement ? Gr\u00e2ce \u00e0 notre soci\u00e9t\u00e9 de d\u00e9m\u00e9nagement \u00e0 Ecublens VD, vous \u00e9vitez les situations stressantes, nous nous occupons [&hellip;]\" \/>\n<meta property=\"og:url\" content=\"https:\/\/www.artisanlocal.ch\/c\/votre-demenageur-a-ecublens\/\" \/>\n<meta property=\"og:site_name\" content=\"Artisanlocal\" \/>\n<meta property=\"article:modified_time\" content=\"2025-08-26T17:28:18+00:00\" \/>\n<meta property=\"og:image\" content=\"https:\/\/www.artisanlocal.ch\/c\/wp-content\/uploads\/2024\/10\/demenageur.jpg\" \/>\n\t<meta property=\"og:image:width\" content=\"1920\" \/>\n\t<meta property=\"og:image:height\" content=\"300\" \/>\n\t<meta property=\"og:image:type\" content=\"image\/jpeg\" \/>\n<meta name=\"twitter:card\" content=\"summary_large_image\" \/>\n<meta name=\"twitter:label1\" content=\"Dur\u00e9e de lecture estim\u00e9e\" \/>\n\t<meta name=\"twitter:data1\" content=\"5 minutes\" \/>\n<script type=\"application\/ld+json\" class=\"yoast-schema-graph\">{\"@context\":\"https:\\\/\\\/schema.org\",\"@graph\":[{\"@type\":\"WebPage\",\"@id\":\"https:\\\/\\\/www.artisanlocal.ch\\\/c\\\/votre-demenageur-a-ecublens\\\/\",\"url\":\"https:\\\/\\\/www.artisanlocal.ch\\\/c\\\/votre-demenageur-a-ecublens\\\/\",\"name\":\"Votre d\u00e9m\u00e9nageur \u00e0 Ecublens VD - Artisanlocal\",\"isPartOf\":{\"@id\":\"https:\\\/\\\/www.artisanlocal.ch\\\/c\\\/#website\"},\"primaryImageOfPage\":{\"@id\":\"https:\\\/\\\/www.artisanlocal.ch\\\/c\\\/votre-demenageur-a-ecublens\\\/#primaryimage\"},\"image\":{\"@id\":\"https:\\\/\\\/www.artisanlocal.ch\\\/c\\\/votre-demenageur-a-ecublens\\\/#primaryimage\"},\"thumbnailUrl\":\"https:\\\/\\\/www.artisanlocal.ch\\\/c\\\/wp-content\\\/uploads\\\/2024\\\/10\\\/demenageur.jpg\",\"datePublished\":\"2024-04-22T22:24:37+00:00\",\"dateModified\":\"2025-08-26T17:28:18+00:00\",\"breadcrumb\":{\"@id\":\"https:\\\/\\\/www.artisanlocal.ch\\\/c\\\/votre-demenageur-a-ecublens\\\/#breadcrumb\"},\"inLanguage\":\"fr-FR\",\"potentialAction\":[{\"@type\":\"ReadAction\",\"target\":[\"https:\\\/\\\/www.artisanlocal.ch\\\/c\\\/votre-demenageur-a-ecublens\\\/\"]}]},{\"@type\":\"ImageObject\",\"inLanguage\":\"fr-FR\",\"@id\":\"https:\\\/\\\/www.artisanlocal.ch\\\/c\\\/votre-demenageur-a-ecublens\\\/#primaryimage\",\"url\":\"https:\\\/\\\/www.artisanlocal.ch\\\/c\\\/wp-content\\\/uploads\\\/2024\\\/10\\\/demenageur.jpg\",\"contentUrl\":\"https:\\\/\\\/www.artisanlocal.ch\\\/c\\\/wp-content\\\/uploads\\\/2024\\\/10\\\/demenageur.jpg\",\"width\":1920,\"height\":300},{\"@type\":\"BreadcrumbList\",\"@id\":\"https:\\\/\\\/www.artisanlocal.ch\\\/c\\\/votre-demenageur-a-ecublens\\\/#breadcrumb\",\"itemListElement\":[{\"@type\":\"ListItem\",\"position\":1,\"name\":\"Accueil\",\"item\":\"https:\\\/\\\/www.artisanlocal.ch\\\/c\\\/\"},{\"@type\":\"ListItem\",\"position\":2,\"name\":\"Votre d\u00e9m\u00e9nageur \u00e0 Ecublens\"}]},{\"@type\":\"WebSite\",\"@id\":\"https:\\\/\\\/www.artisanlocal.ch\\\/c\\\/#website\",\"url\":\"https:\\\/\\\/www.artisanlocal.ch\\\/c\\\/\",\"name\":\"Artisanlocal\",\"description\":\"\",\"publisher\":{\"@id\":\"https:\\\/\\\/www.artisanlocal.ch\\\/c\\\/#organization\"},\"potentialAction\":[{\"@type\":\"SearchAction\",\"target\":{\"@type\":\"EntryPoint\",\"urlTemplate\":\"https:\\\/\\\/www.artisanlocal.ch\\\/c\\\/?s={search_term_string}\"},\"query-input\":{\"@type\":\"PropertyValueSpecification\",\"valueRequired\":true,\"valueName\":\"search_term_string\"}}],\"inLanguage\":\"fr-FR\"},{\"@type\":\"Organization\",\"@id\":\"https:\\\/\\\/www.artisanlocal.ch\\\/c\\\/#organization\",\"name\":\"Artisanlocal\",\"url\":\"https:\\\/\\\/www.artisanlocal.ch\\\/c\\\/\",\"logo\":{\"@type\":\"ImageObject\",\"inLanguage\":\"fr-FR\",\"@id\":\"https:\\\/\\\/www.artisanlocal.ch\\\/c\\\/#\\\/schema\\\/logo\\\/image\\\/\",\"url\":\"https:\\\/\\\/www.artisanlocal.ch\\\/c\\\/wp-content\\\/uploads\\\/2024\\\/02\\\/logo-artisanlocal-h.svg\",\"contentUrl\":\"https:\\\/\\\/www.artisanlocal.ch\\\/c\\\/wp-content\\\/uploads\\\/2024\\\/02\\\/logo-artisanlocal-h.svg\",\"caption\":\"Artisanlocal\"},\"image\":{\"@id\":\"https:\\\/\\\/www.artisanlocal.ch\\\/c\\\/#\\\/schema\\\/logo\\\/image\\\/\"}}]}<\/script>\n<!-- \/ Yoast SEO Premium plugin. -->","yoast_head_json":{"title":"Votre d\u00e9m\u00e9nageur \u00e0 Ecublens VD - Artisanlocal","robots":{"index":"index","follow":"follow","max-snippet":"max-snippet:-1","max-image-preview":"max-image-preview:large","max-video-preview":"max-video-preview:-1"},"canonical":"https:\/\/www.artisanlocal.ch\/c\/votre-demenageur-a-ecublens\/","og_locale":"fr_FR","og_type":"article","og_title":"Votre d\u00e9m\u00e9nageur \u00e0 Ecublens VD","og_description":"Le d\u00e9m\u00e9nagement \u00e0 Ecublens VD ne devrait pas \u00eatre complexe. Une fois que vous avez trouv\u00e9 votre appartement et que vous avez d\u00e9termin\u00e9 la date du d\u00e9m\u00e9nagement, vous vous demandez peut-\u00eatre comment organiser au mieux votre d\u00e9m\u00e9nagement ? Gr\u00e2ce \u00e0 notre soci\u00e9t\u00e9 de d\u00e9m\u00e9nagement \u00e0 Ecublens VD, vous \u00e9vitez les situations stressantes, nous nous occupons [&hellip;]","og_url":"https:\/\/www.artisanlocal.ch\/c\/votre-demenageur-a-ecublens\/","og_site_name":"Artisanlocal","article_modified_time":"2025-08-26T17:28:18+00:00","og_image":[{"width":1920,"height":300,"url":"https:\/\/www.artisanlocal.ch\/c\/wp-content\/uploads\/2024\/10\/demenageur.jpg","type":"image\/jpeg"}],"twitter_card":"summary_large_image","twitter_misc":{"Dur\u00e9e de lecture estim\u00e9e":"5 minutes"},"schema":{"@context":"https:\/\/schema.org","@graph":[{"@type":"WebPage","@id":"https:\/\/www.artisanlocal.ch\/c\/votre-demenageur-a-ecublens\/","url":"https:\/\/www.artisanlocal.ch\/c\/votre-demenageur-a-ecublens\/","name":"Votre d\u00e9m\u00e9nageur \u00e0 Ecublens VD - Artisanlocal","isPartOf":{"@id":"https:\/\/www.artisanlocal.ch\/c\/#website"},"primaryImageOfPage":{"@id":"https:\/\/www.artisanlocal.ch\/c\/votre-demenageur-a-ecublens\/#primaryimage"},"image":{"@id":"https:\/\/www.artisanlocal.ch\/c\/votre-demenageur-a-ecublens\/#primaryimage"},"thumbnailUrl":"https:\/\/www.artisanlocal.ch\/c\/wp-content\/uploads\/2024\/10\/demenageur.jpg","datePublished":"2024-04-22T22:24:37+00:00","dateModified":"2025-08-26T17:28:18+00:00","breadcrumb":{"@id":"https:\/\/www.artisanlocal.ch\/c\/votre-demenageur-a-ecublens\/#breadcrumb"},"inLanguage":"fr-FR","potentialAction":[{"@type":"ReadAction","target":["https:\/\/www.artisanlocal.ch\/c\/votre-demenageur-a-ecublens\/"]}]},{"@type":"ImageObject","inLanguage":"fr-FR","@id":"https:\/\/www.artisanlocal.ch\/c\/votre-demenageur-a-ecublens\/#primaryimage","url":"https:\/\/www.artisanlocal.ch\/c\/wp-content\/uploads\/2024\/10\/demenageur.jpg","contentUrl":"https:\/\/www.artisanlocal.ch\/c\/wp-content\/uploads\/2024\/10\/demenageur.jpg","width":1920,"height":300},{"@type":"BreadcrumbList","@id":"https:\/\/www.artisanlocal.ch\/c\/votre-demenageur-a-ecublens\/#breadcrumb","itemListElement":[{"@type":"ListItem","position":1,"name":"Accueil","item":"https:\/\/www.artisanlocal.ch\/c\/"},{"@type":"ListItem","position":2,"name":"Votre d\u00e9m\u00e9nageur \u00e0 Ecublens"}]},{"@type":"WebSite","@id":"https:\/\/www.artisanlocal.ch\/c\/#website","url":"https:\/\/www.artisanlocal.ch\/c\/","name":"Artisanlocal","description":"","publisher":{"@id":"https:\/\/www.artisanlocal.ch\/c\/#organization"},"potentialAction":[{"@type":"SearchAction","target":{"@type":"EntryPoint","urlTemplate":"https:\/\/www.artisanlocal.ch\/c\/?s={search_term_string}"},"query-input":{"@type":"PropertyValueSpecification","valueRequired":true,"valueName":"search_term_string"}}],"inLanguage":"fr-FR"},{"@type":"Organization","@id":"https:\/\/www.artisanlocal.ch\/c\/#organization","name":"Artisanlocal","url":"https:\/\/www.artisanlocal.ch\/c\/","logo":{"@type":"ImageObject","inLanguage":"fr-FR","@id":"https:\/\/www.artisanlocal.ch\/c\/#\/schema\/logo\/image\/","url":"https:\/\/www.artisanlocal.ch\/c\/wp-content\/uploads\/2024\/02\/logo-artisanlocal-h.svg","contentUrl":"https:\/\/www.artisanlocal.ch\/c\/wp-content\/uploads\/2024\/02\/logo-artisanlocal-h.svg","caption":"Artisanlocal"},"image":{"@id":"https:\/\/www.artisanlocal.ch\/c\/#\/schema\/logo\/image\/"}}]}},"_links":{"self":[{"href":"https:\/\/www.artisanlocal.ch\/c\/wp-json\/wp\/v2\/pages\/928","targetHints":{"allow":["GET"]}}],"collection":[{"href":"https:\/\/www.artisanlocal.ch\/c\/wp-json\/wp\/v2\/pages"}],"about":[{"href":"https:\/\/www.artisanlocal.ch\/c\/wp-json\/wp\/v2\/types\/page"}],"author":[{"embeddable":true,"href":"https:\/\/www.artisanlocal.ch\/c\/wp-json\/wp\/v2\/users\/4"}],"replies":[{"embeddable":true,"href":"https:\/\/www.artisanlocal.ch\/c\/wp-json\/wp\/v2\/comments?post=928"}],"version-history":[{"count":0,"href":"https:\/\/www.artisanlocal.ch\/c\/wp-json\/wp\/v2\/pages\/928\/revisions"}],"wp:featuredmedia":[{"embeddable":true,"href":"https:\/\/www.artisanlocal.ch\/c\/wp-json\/wp\/v2\/media\/2759"}],"wp:attachment":[{"href":"https:\/\/www.artisanlocal.ch\/c\/wp-json\/wp\/v2\/media?parent=928"}],"wp:term":[{"taxonomy":"profession","embeddable":true,"href":"https:\/\/www.artisanlocal.ch\/c\/wp-json\/wp\/v2\/profession?post=928"},{"taxonomy":"location","embeddable":true,"href":"https:\/\/www.artisanlocal.ch\/c\/wp-json\/wp\/v2\/location?post=928"},{"taxonomy":"canton","embeddable":true,"href":"https:\/\/www.artisanlocal.ch\/c\/wp-json\/wp\/v2\/canton?post=928"}],"curies":[{"name":"wp","href":"https:\/\/api.w.org\/{rel}","templated":true}]}}