{"id":931,"date":"2024-04-22T05:28:18","date_gmt":"2024-04-22T03:28:18","guid":{"rendered":"https:\/\/www.artisanlocal.ch\/c\/artisanlocal-votre-societe-de-demenagement-dans-le-canton-de-fribourg\/"},"modified":"2025-11-06T12:33:37","modified_gmt":"2025-11-06T11:33:37","slug":"artisanlocal-votre-societe-de-demenagement-dans-le-canton-de-fribourg","status":"publish","type":"page","link":"https:\/\/www.artisanlocal.ch\/c\/artisanlocal-votre-societe-de-demenagement-dans-le-canton-de-fribourg\/","title":{"rendered":"Artisanlocal votre soci\u00e9t\u00e9 de d\u00e9m\u00e9nagement dans le canton de Fribourg"},"content":{"rendered":"<p>Le d\u00e9m\u00e9nagement \u00e0 Fribourg ne devrait pas \u00eatre difficile. Si vous avez d\u00e9j\u00e0 trouv\u00e9 votre nouveau logement et d\u00e9termin\u00e9 la date de votre d\u00e9m\u00e9nagement, vous vous demandez peut-\u00eatre de quelle mani\u00e8re pr\u00e9parer au mieux votre d\u00e9m\u00e9nagement et votre installation ? \u00c0 l&rsquo;aide de notre entreprise de d\u00e9m\u00e9nagement dans le canton de Fribourg, vous \u00e9vitez les situations stressantes, nous g\u00e9rons toutes les parties de votre d\u00e9m\u00e9nagement, de la location du fourgon, \u00e0 la protection de vos meubles.<\/p>\n<h2>Artisanlocal une soci\u00e9t\u00e9 de confiance pour votre projet de d\u00e9m\u00e9nagement dans le canton de Fribourg<\/h2>\n<p>Notre entreprise est localis\u00e9e dans le canton de Fribourg depuis plusieurs ann\u00e9es. Nous r\u00e9alisons le d\u00e9m\u00e9nagement pour les particuliers et les entreprises. Nos \u00e9quipes sont form\u00e9es et exp\u00e9riment\u00e9es pour vous assister, quelle que soit la difficult\u00e9 de votre projet.<\/p>\n<h2>Quels sont les avantages de collaborer avec Artisanlocal dans le canton de Fribourg ?<\/h2>\n<h3>Artisanlocal une soci\u00e9t\u00e9 engag\u00e9e<\/h3>\n<p>Nos emballages et protections pour d\u00e9m\u00e9nagement sont biod\u00e9gradables afin de limiter l&rsquo;impact \u00e9cologique de votre d\u00e9m\u00e9nagement, de plus, nous r\u00e9cup\u00e9rons tous les mat\u00e9riaux employ\u00e9s lors de notre intervention.<\/p>\n<h3>Artisanlocal une soci\u00e9t\u00e9 disponible \u00e0 tout moment <\/h3>\n<p>Notre entreprise est joignable \u00e0 tout moment et peu importe le jour dans la semaine pour d\u00e9m\u00e9nager votre maison, appartement ou vos locaux professionnels.<\/p>\n<h3>Entreprise de d\u00e9m\u00e9nagement qui intervient dans le canton de Fribourg et dans les environs<\/h3>\n<p>Nous effectuons les d\u00e9m\u00e9nagements dans le canton de Fribourg et aussi dans toutes les localit\u00e9s proches, par exemple : Maules, S\u00e2les (Gruy\u00e8re), Romanens, Rueyres-Treyfayes, Treyfayes, Vaulruz, Vuadens, Bulle, Riaz, Marsens, Vuippens, La Roche FR, La Tour-de-Tr\u00eame, Broc, Charmey (Gruy\u00e8re), Morlon, Sorens, Gumefens, Avry-devant-Pont, Le Bry, Echarlens, Corbi\u00e8res, Hauteville, Pont-la-Ville, Villarvolard, Botterens, Villarbeney, Ch\u00e2tel-sur-Montsalvens, Cr\u00e9suz, Im Fang, Jaun, Abl\u00e4ndschen, Le P\u00e2quier-Montbarry, Epagny, Gruy\u00e8res, Mol\u00e9son-sur-Gruy\u00e8res, Pringy, Estavannens, Grandvillard, Villars-sous-Mont, Enney, Albeuve, Lessoc, Montbovon, Neirivue, Les Sciernes-d'Albeuve, Besencens, Fiaug\u00e8res, St-Martin FR, Granges (Veveyse), Bossonnens, Attalens, Tatroz, Remaufens, Ch\u00e2tel-St-Denis, Les Paccots, Semsales, Grattavache, La Verrerie, Progens, Bouloz, Pont (Veveyse), Porsel, Bionnens, Esmonts, Ursy, Auboranges, Ecublens FR, Gillarens, Promasens, Rue, Montet (Gl\u00e2ne), Morlens, Vuarmarens, Blessens, Mossel, Vauderens, Chavannes-les-Forts, Prez-vers-Siviriez, Siviriez, Villaraboud, Berlens, Romont FR, Billens, Hennens, M\u00e9zi\u00e8res FR, Villariaz, Grangettes-pr\u00e8s-Romont, La Neirigue, Est\u00e9venens, La Magne, Vuisternens-devant-Romont, Lieffrens, Sommentier, Le Ch\u00e2telard-pr\u00e8s-Romont, Villaz-St-Pierre, Lussy FR, Villarimboud, Massonnens, Chavannes-sous-Orsonnens, Orsonnens, Villargiroud, Villarsiviriaux, La Joux FR, Les Ecasseys, Torny-le-Grand, Tafers, St. Antoni, Heitenried, Alterswil FR, Oberschrot, Plaffeien, Schwarzsee, St. Ursen, Rechthalten, Br\u00fcnisried, Zumholz, Tentlingen, Giffers, St. Silvester, Plasselb, Flamatt, B\u00f6singen, Ueberstorf, W\u00fcnnewil, Schmitten FR, D\u00fcdingen, Sangernboden, Courtepin, Cournillens, Wallenried, Cressier FR, Courtaman, Cordast, Guschelmuth, Jeuss, Salvenach, Courlevon, Courgevaux, M\u00fcnchenwiler, Kerzers, Gurmels, Kleinb\u00f6singen, Ulmiz, Gempenach, Ried b. Kerzers, Greng, Meyriez, Murten, Fr\u00e4schels, Galmiz, Muntelier, Estavayer-le-Gibloux, Rueyres-St-Laurent, Villarlod, Villarsel-le-Gibloux, Vuisternens-en-Ogoz, Ch\u00e9sopelloz, Corminboeuf, Bourguillon, Marly, Pierrafortscha, Villarsel-sur-Marly, Ferpicloz, Bonnefontaine, Essert FR, Le Mouret, Mont\u00e9vraz, Oberried FR, Z\u00e9nauva, Sen\u00e8des, Posieux, Farvagny-le-Grand, Farvagny-le-Petit, Grenilles, Posat, Corpataux, Magnedens, Rossens FR, Ecuvillens, Ependes FR, Arconciel, Treyvaux, Neyruz FR, Cottens FR, Autigny, Ch\u00e9nens, Lentigny, Prez-vers-Nor\u00e9az, Corserey, Villars-sur-Gl\u00e2ne, Matran, Avry-sur-Matran, Corjolens, Lovens, Onnens FR, Nor\u00e9az, Givisiez, Granges-Paccot, Grolley, Nierlet-les-Bois, Ponthaux, Autafond, Belfaux, Cormagens, Formangueires, La Corbaz, Lossy, Pensier, Barber\u00eache, Fribourg..<\/p>\n<h3>Service de d\u00e9m\u00e9nagement en Suisse et dans les pays frontaliers<\/h3>\n<p>Si vous \u00eates dans le canton de Fribourg, nous pouvons vous aider \u00e0 d\u00e9m\u00e9nager dans les pays frontaliers et toutes les municipalit\u00e9s de Suisse.&nbsp;<\/p>\n<h3>Des d\u00e9m\u00e9nageurs toujours minutieux dans le canton de Fribourg<\/h3>\n<p>Artisanlocal s&rsquo;engage \u00e0 prendre toutes les mesures n\u00e9cessaires pour \u00e9viter d&rsquo;occasionner des d\u00e9g\u00e2ts, notamment pour vos :&nbsp;<\/p>\n<ul>\n<li>Planchers : au moment de votre d\u00e9m\u00e9nagement, nous veillerons \u00e0 marcher avec pr\u00e9caution et \u00e0 d\u00e9m\u00e9nager vos objets pour \u00e9viter d&rsquo;ab\u00eemer vos sols.<\/li>\n<li>Angles : nous prot\u00e9geons les angles de vos murs afin d&rsquo;\u00e9viter les \u00e9raflures.<\/li>\n<li>Couloirs : avant de transporter vos objets, nous installons des mat\u00e9riaux de protection dans vos couloirs, de mani\u00e8re \u00e0 \u00e9viter tout casse.<\/li>\n<li>Portes : nous prenons soin de d\u00e9m\u00e9nager vos objets pour \u00e9viter les traces de rayures sur vos portes.<\/li>\n<\/ul>\n<h3>Devis gratuits<\/h3>\n<p>Apr\u00e8s qu&rsquo;un de nos experts est \u00e9tudi\u00e9 vos besoins, notre soci\u00e9t\u00e9 vous fournit un devis gratuit.<\/p>\n<h2>Quels sont les prestations de d\u00e9m\u00e9nagement d&rsquo;Artisanlocal ?<\/h2>\n<h3>D\u00e9m\u00e9nagement de boutiques et de bureaux<\/h3>\n<p>Nous planifions le d\u00e9m\u00e9nagement de votre commerce ou de vos bureaux selon votre planning, et de la commune d&rsquo;arriv\u00e9e.<\/p>\n<h3>Petits d\u00e9m\u00e9nagements<\/h3>\n<p>Nous d\u00e9m\u00e9nageons les petits logements. Nous d\u00e9finissons un petit d\u00e9m\u00e9nagement pour des d\u00e9m\u00e9nagements inf\u00e9rieurs \u00e0 15 m3.<\/p>\n<h3>D\u00e9m\u00e9nagements express<\/h3>\n<p>Si vous avez un temps limit\u00e9 entre le d\u00e9m\u00e9nagement et l&#8217;emm\u00e9nagement dans votre nouveau logement, Artisanlocal d\u00e9m\u00e9nage et vous installe en urgence. Nous vous proposons aussi des services d&#8217;emballage et de stockage en urgence.<\/p>\n<h3>Garde-meubles<\/h3>\n<p>Nous r\u00e9cup\u00e9rons vos biens \u00e0 votre domicile et les transportons dans notre d\u00e9p\u00f4t s\u00e9curis\u00e9 dans le canton de Fribourg. Ils y seront en s\u00e9curit\u00e9 pour la dur\u00e9e que vous souhaitez. Il vous suffit de nous mentionner la date \u00e0 laquelle vous d\u00e9sirez chercher vos meubles, et nous vous les livrerons \u00e0 la date qui vous arrangera.<\/p>\n<h3>Protection sur mesure pour vos articles de grande importance<\/h3>\n<p>Vos biens pr\u00e9cieux et les \u0153uvres d&rsquo;art vont \u00eatre emball\u00e9s avec pr\u00e9caution. Nous concevons des cartons personnalis\u00e9s et nous employons des appareils de levage adapt\u00e9s.<\/p>\n<h3>D\u00e9placement de pianos<\/h3>\n<h3>Nous d\u00e9pla\u00e7ons votre piano en toute s\u00fbret\u00e9. Nous sommes sp\u00e9cialis\u00e9s dans le transport de pianos, comme : les droits, les interm\u00e9diaires ou \u00e0 queue.<\/h3>\n<h3>Service de location monte-meubles dans le canton de Fribourg<\/h3>\n<p>Notre service de location de monte-meubles facilite le d\u00e9placement de vos mobiliers facilement en Suisse et dans le canton de Fribourg.<\/p>\n<h3>Vente de cartons pour votre d\u00e9m\u00e9nagement en emm\u00e9nagement dans le canton de Fribourg<\/h3>\n<p>Vous \u00eates \u00e0 la recherche de cartons de protection pour votre projet dans le canton de Fribourg ? Chez Artisanlocal, nous offrons des cartons de d\u00e9m\u00e9nagement et des \u00e9quipements de protection adapt\u00e9s.<\/p>\n<h2>Qu&rsquo;est-ce qui est pr\u00e9vu dans votre prestation de d\u00e9m\u00e9nagement ?<\/h2>\n<h3>L\u2019emballage sur mesure, pour :<\/h3>\n<ul>\n<li>les literies,<\/li>\n<li>les \u00e9crans plats<\/li>\n<li>les fauteuils,<\/li>\n<li>les canap\u00e9s<\/li>\n<li>les appareils m\u00e9nagers,<\/li>\n<li>les PC,<\/li>\n<li>les ampoules et les lampes,<\/li>\n<li>les miroirs et tableaux.<\/li>\n<\/ul>\n<h3>Le d\u00e9montage des meubles<\/h3>\n<ul>\n<li>les tables,<\/li>\n<li>les armoires,<\/li>\n<li>les meubles,<\/li>\n<li>les supports de rangement,<\/li>\n<li>les luminaires.<\/li>\n<\/ul>\n<h2>FAQ<\/h2>\n<h3>Quel budget pour un d\u00e9m\u00e9nagement dans le canton de Fribourg et en Suisse ?<\/h3>\n<p>La somme \u00e0 pr\u00e9voir pour un d\u00e9m\u00e9nagement dans le canton de Fribourg change en fonction du volume et du nombre de pi\u00e8ces.<\/p>\n<p>Ci-dessous, vous retrouverez les prix en fonction du nombre de pi\u00e8ces :<\/p>\n<p>Pour un d\u00e9m\u00e9nagement dans le canton de Fribourg :<\/p>\n<table>\n<tbody>\n<tr>\n<td>D\u2019un appartement de 1-2 pi\u00e8ces<\/td>\n<td>De 350 \u00e0 600 Francs Suisses<\/td>\n<\/tr>\n<tr>\n<td>Pour un appartement entre 2-3 pi\u00e8ces<\/td>\n<td>De 700 \u00e0 1300 CHF<\/td>\n<\/tr>\n<tr>\n<td>D\u2019un appartement de 3-4 pi\u00e8ces<\/td>\n<td>De 850 \u00e0 2000 CHF<\/td>\n<\/tr>\n<tr>\n<td>Pour une maison<\/td>\n<td>Entre 1200 \u00e0 2500 CHF<\/td>\n<\/tr>\n<\/tbody>\n<\/table>\n<p>Pour d\u00e9m\u00e9nager plus loin de 200 km :<\/p>\n<table>\n<tbody>\n<tr>\n<td>Pour un appartement de 1-2 pi\u00e8ces<\/td>\n<td>De 600 \u00e0 900 Francs Suisses<\/td>\n<\/tr>\n<tr>\n<td>D\u2019un appartement de 2-3 pi\u00e8ces<\/td>\n<td>De 1200 \u00e0 2500 Francs Suisses<\/td>\n<\/tr>\n<tr>\n<td>Pour un appartement de 3-4 pi\u00e8ces<\/td>\n<td>De 1800 \u00e0 3000 Francs Suisses<\/td>\n<\/tr>\n<tr>\n<td>Pour une maison<\/td>\n<td>De 2000 \u00e0 4500 Francs Suisses<\/td>\n<\/tr>\n<\/tbody>\n<\/table>\n<p>Combien faut-il compter pour la location d\u2019un monte meuble dans le canton de Fribourg ?<\/p>\n<p>Le prix indicatif pour le service de location d&rsquo;un monte meuble dans le canton de Fribourg est \u00e0 peu pr\u00e8s 150 CHF par heure.<\/p>\n<h3>Quels sont les b\u00e9n\u00e9fices d&#8217;embaucher une soci\u00e9t\u00e9 sp\u00e9cialis\u00e9e dans le d\u00e9m\u00e9nagement dans le canton de Fribourg ?<\/h3>\n<p>M\u00eame si vous \u00e9vitez de perdre de l&rsquo;argent en r\u00e9alisant le d\u00e9m\u00e9nagement vous-m\u00eame, vous pouvez vous faire mal (notamment si vous n&rsquo;\u00eates pas entra\u00een\u00e9 \u00e0 soulever des objets massifs) ou d&rsquo;ab\u00eemer vos meubles au cours de votre d\u00e9m\u00e9nagement. En engageant Artisanlocal pour votre d\u00e9m\u00e9nagement, vous gagnez du temps et vous limitez les risques.<\/p>\n","protected":false},"excerpt":{"rendered":"<p>Le d\u00e9m\u00e9nagement \u00e0 Fribourg ne devrait pas \u00eatre difficile. Si vous avez d\u00e9j\u00e0 trouv\u00e9 votre nouveau logement et d\u00e9termin\u00e9 la date de votre d\u00e9m\u00e9nagement, vous vous demandez peut-\u00eatre de quelle mani\u00e8re pr\u00e9parer au mieux votre d\u00e9m\u00e9nagement et votre installation ? \u00c0 l&rsquo;aide de notre entreprise de d\u00e9m\u00e9nagement dans le canton de Fribourg, vous \u00e9vitez les [&hellip;]<\/p>\n","protected":false},"author":4,"featured_media":2759,"parent":0,"menu_order":0,"comment_status":"closed","ping_status":"closed","template":"wp-custom-template-page-canton","meta":{"footnotes":""},"profession":[122],"location":[],"canton":[109],"class_list":["post-931","page","type-page","status-publish","has-post-thumbnail","hentry","profession-demenageur","canton-fr"],"yoast_head":"<!-- This site is optimized with the Yoast SEO Premium plugin v25.7.1 (Yoast SEO v27.4) - https:\/\/yoast.com\/product\/yoast-seo-premium-wordpress\/ -->\n<title>Artisanlocal votre soci\u00e9t\u00e9 de d\u00e9m\u00e9nagement dans le canton de Fribourg - Artisanlocal<\/title>\n<meta name=\"robots\" content=\"index, follow, max-snippet:-1, max-image-preview:large, max-video-preview:-1\" \/>\n<link rel=\"canonical\" href=\"https:\/\/www.artisanlocal.ch\/c\/artisanlocal-votre-societe-de-demenagement-dans-le-canton-de-fribourg\/\" \/>\n<meta property=\"og:locale\" content=\"fr_FR\" \/>\n<meta property=\"og:type\" content=\"article\" \/>\n<meta property=\"og:title\" content=\"Artisanlocal votre soci\u00e9t\u00e9 de d\u00e9m\u00e9nagement dans le canton de Fribourg\" \/>\n<meta property=\"og:description\" content=\"Le d\u00e9m\u00e9nagement \u00e0 Fribourg ne devrait pas \u00eatre difficile. Si vous avez d\u00e9j\u00e0 trouv\u00e9 votre nouveau logement et d\u00e9termin\u00e9 la date de votre d\u00e9m\u00e9nagement, vous vous demandez peut-\u00eatre de quelle mani\u00e8re pr\u00e9parer au mieux votre d\u00e9m\u00e9nagement et votre installation ? \u00c0 l&rsquo;aide de notre entreprise de d\u00e9m\u00e9nagement dans le canton de Fribourg, vous \u00e9vitez les [&hellip;]\" \/>\n<meta property=\"og:url\" content=\"https:\/\/www.artisanlocal.ch\/c\/artisanlocal-votre-societe-de-demenagement-dans-le-canton-de-fribourg\/\" \/>\n<meta property=\"og:site_name\" content=\"Artisanlocal\" \/>\n<meta property=\"article:modified_time\" content=\"2025-11-06T11:33:37+00:00\" \/>\n<meta property=\"og:image\" content=\"https:\/\/www.artisanlocal.ch\/c\/wp-content\/uploads\/2024\/10\/demenageur.jpg\" \/>\n\t<meta property=\"og:image:width\" content=\"1920\" \/>\n\t<meta property=\"og:image:height\" content=\"300\" \/>\n\t<meta property=\"og:image:type\" content=\"image\/jpeg\" \/>\n<meta name=\"twitter:card\" content=\"summary_large_image\" \/>\n<meta name=\"twitter:label1\" content=\"Dur\u00e9e de lecture estim\u00e9e\" \/>\n\t<meta name=\"twitter:data1\" content=\"5 minutes\" \/>\n<script type=\"application\/ld+json\" class=\"yoast-schema-graph\">{\"@context\":\"https:\\\/\\\/schema.org\",\"@graph\":[{\"@type\":\"WebPage\",\"@id\":\"https:\\\/\\\/www.artisanlocal.ch\\\/c\\\/artisanlocal-votre-societe-de-demenagement-dans-le-canton-de-fribourg\\\/\",\"url\":\"https:\\\/\\\/www.artisanlocal.ch\\\/c\\\/artisanlocal-votre-societe-de-demenagement-dans-le-canton-de-fribourg\\\/\",\"name\":\"Artisanlocal votre soci\u00e9t\u00e9 de d\u00e9m\u00e9nagement dans le canton de Fribourg - Artisanlocal\",\"isPartOf\":{\"@id\":\"https:\\\/\\\/www.artisanlocal.ch\\\/c\\\/#website\"},\"primaryImageOfPage\":{\"@id\":\"https:\\\/\\\/www.artisanlocal.ch\\\/c\\\/artisanlocal-votre-societe-de-demenagement-dans-le-canton-de-fribourg\\\/#primaryimage\"},\"image\":{\"@id\":\"https:\\\/\\\/www.artisanlocal.ch\\\/c\\\/artisanlocal-votre-societe-de-demenagement-dans-le-canton-de-fribourg\\\/#primaryimage\"},\"thumbnailUrl\":\"https:\\\/\\\/www.artisanlocal.ch\\\/c\\\/wp-content\\\/uploads\\\/2024\\\/10\\\/demenageur.jpg\",\"datePublished\":\"2024-04-22T03:28:18+00:00\",\"dateModified\":\"2025-11-06T11:33:37+00:00\",\"breadcrumb\":{\"@id\":\"https:\\\/\\\/www.artisanlocal.ch\\\/c\\\/artisanlocal-votre-societe-de-demenagement-dans-le-canton-de-fribourg\\\/#breadcrumb\"},\"inLanguage\":\"fr-FR\",\"potentialAction\":[{\"@type\":\"ReadAction\",\"target\":[\"https:\\\/\\\/www.artisanlocal.ch\\\/c\\\/artisanlocal-votre-societe-de-demenagement-dans-le-canton-de-fribourg\\\/\"]}]},{\"@type\":\"ImageObject\",\"inLanguage\":\"fr-FR\",\"@id\":\"https:\\\/\\\/www.artisanlocal.ch\\\/c\\\/artisanlocal-votre-societe-de-demenagement-dans-le-canton-de-fribourg\\\/#primaryimage\",\"url\":\"https:\\\/\\\/www.artisanlocal.ch\\\/c\\\/wp-content\\\/uploads\\\/2024\\\/10\\\/demenageur.jpg\",\"contentUrl\":\"https:\\\/\\\/www.artisanlocal.ch\\\/c\\\/wp-content\\\/uploads\\\/2024\\\/10\\\/demenageur.jpg\",\"width\":1920,\"height\":300},{\"@type\":\"BreadcrumbList\",\"@id\":\"https:\\\/\\\/www.artisanlocal.ch\\\/c\\\/artisanlocal-votre-societe-de-demenagement-dans-le-canton-de-fribourg\\\/#breadcrumb\",\"itemListElement\":[{\"@type\":\"ListItem\",\"position\":1,\"name\":\"Accueil\",\"item\":\"https:\\\/\\\/www.artisanlocal.ch\\\/c\\\/\"},{\"@type\":\"ListItem\",\"position\":2,\"name\":\"Artisanlocal votre soci\u00e9t\u00e9 de d\u00e9m\u00e9nagement dans le canton de Fribourg\"}]},{\"@type\":\"WebSite\",\"@id\":\"https:\\\/\\\/www.artisanlocal.ch\\\/c\\\/#website\",\"url\":\"https:\\\/\\\/www.artisanlocal.ch\\\/c\\\/\",\"name\":\"Artisanlocal\",\"description\":\"\",\"publisher\":{\"@id\":\"https:\\\/\\\/www.artisanlocal.ch\\\/c\\\/#organization\"},\"potentialAction\":[{\"@type\":\"SearchAction\",\"target\":{\"@type\":\"EntryPoint\",\"urlTemplate\":\"https:\\\/\\\/www.artisanlocal.ch\\\/c\\\/?s={search_term_string}\"},\"query-input\":{\"@type\":\"PropertyValueSpecification\",\"valueRequired\":true,\"valueName\":\"search_term_string\"}}],\"inLanguage\":\"fr-FR\"},{\"@type\":\"Organization\",\"@id\":\"https:\\\/\\\/www.artisanlocal.ch\\\/c\\\/#organization\",\"name\":\"Artisanlocal\",\"url\":\"https:\\\/\\\/www.artisanlocal.ch\\\/c\\\/\",\"logo\":{\"@type\":\"ImageObject\",\"inLanguage\":\"fr-FR\",\"@id\":\"https:\\\/\\\/www.artisanlocal.ch\\\/c\\\/#\\\/schema\\\/logo\\\/image\\\/\",\"url\":\"https:\\\/\\\/www.artisanlocal.ch\\\/c\\\/wp-content\\\/uploads\\\/2024\\\/02\\\/logo-artisanlocal-h.svg\",\"contentUrl\":\"https:\\\/\\\/www.artisanlocal.ch\\\/c\\\/wp-content\\\/uploads\\\/2024\\\/02\\\/logo-artisanlocal-h.svg\",\"caption\":\"Artisanlocal\"},\"image\":{\"@id\":\"https:\\\/\\\/www.artisanlocal.ch\\\/c\\\/#\\\/schema\\\/logo\\\/image\\\/\"}}]}<\/script>\n<!-- \/ Yoast SEO Premium plugin. -->","yoast_head_json":{"title":"Artisanlocal votre soci\u00e9t\u00e9 de d\u00e9m\u00e9nagement dans le canton de Fribourg - Artisanlocal","robots":{"index":"index","follow":"follow","max-snippet":"max-snippet:-1","max-image-preview":"max-image-preview:large","max-video-preview":"max-video-preview:-1"},"canonical":"https:\/\/www.artisanlocal.ch\/c\/artisanlocal-votre-societe-de-demenagement-dans-le-canton-de-fribourg\/","og_locale":"fr_FR","og_type":"article","og_title":"Artisanlocal votre soci\u00e9t\u00e9 de d\u00e9m\u00e9nagement dans le canton de Fribourg","og_description":"Le d\u00e9m\u00e9nagement \u00e0 Fribourg ne devrait pas \u00eatre difficile. Si vous avez d\u00e9j\u00e0 trouv\u00e9 votre nouveau logement et d\u00e9termin\u00e9 la date de votre d\u00e9m\u00e9nagement, vous vous demandez peut-\u00eatre de quelle mani\u00e8re pr\u00e9parer au mieux votre d\u00e9m\u00e9nagement et votre installation ? \u00c0 l&rsquo;aide de notre entreprise de d\u00e9m\u00e9nagement dans le canton de Fribourg, vous \u00e9vitez les [&hellip;]","og_url":"https:\/\/www.artisanlocal.ch\/c\/artisanlocal-votre-societe-de-demenagement-dans-le-canton-de-fribourg\/","og_site_name":"Artisanlocal","article_modified_time":"2025-11-06T11:33:37+00:00","og_image":[{"width":1920,"height":300,"url":"https:\/\/www.artisanlocal.ch\/c\/wp-content\/uploads\/2024\/10\/demenageur.jpg","type":"image\/jpeg"}],"twitter_card":"summary_large_image","twitter_misc":{"Dur\u00e9e de lecture estim\u00e9e":"5 minutes"},"schema":{"@context":"https:\/\/schema.org","@graph":[{"@type":"WebPage","@id":"https:\/\/www.artisanlocal.ch\/c\/artisanlocal-votre-societe-de-demenagement-dans-le-canton-de-fribourg\/","url":"https:\/\/www.artisanlocal.ch\/c\/artisanlocal-votre-societe-de-demenagement-dans-le-canton-de-fribourg\/","name":"Artisanlocal votre soci\u00e9t\u00e9 de d\u00e9m\u00e9nagement dans le canton de Fribourg - Artisanlocal","isPartOf":{"@id":"https:\/\/www.artisanlocal.ch\/c\/#website"},"primaryImageOfPage":{"@id":"https:\/\/www.artisanlocal.ch\/c\/artisanlocal-votre-societe-de-demenagement-dans-le-canton-de-fribourg\/#primaryimage"},"image":{"@id":"https:\/\/www.artisanlocal.ch\/c\/artisanlocal-votre-societe-de-demenagement-dans-le-canton-de-fribourg\/#primaryimage"},"thumbnailUrl":"https:\/\/www.artisanlocal.ch\/c\/wp-content\/uploads\/2024\/10\/demenageur.jpg","datePublished":"2024-04-22T03:28:18+00:00","dateModified":"2025-11-06T11:33:37+00:00","breadcrumb":{"@id":"https:\/\/www.artisanlocal.ch\/c\/artisanlocal-votre-societe-de-demenagement-dans-le-canton-de-fribourg\/#breadcrumb"},"inLanguage":"fr-FR","potentialAction":[{"@type":"ReadAction","target":["https:\/\/www.artisanlocal.ch\/c\/artisanlocal-votre-societe-de-demenagement-dans-le-canton-de-fribourg\/"]}]},{"@type":"ImageObject","inLanguage":"fr-FR","@id":"https:\/\/www.artisanlocal.ch\/c\/artisanlocal-votre-societe-de-demenagement-dans-le-canton-de-fribourg\/#primaryimage","url":"https:\/\/www.artisanlocal.ch\/c\/wp-content\/uploads\/2024\/10\/demenageur.jpg","contentUrl":"https:\/\/www.artisanlocal.ch\/c\/wp-content\/uploads\/2024\/10\/demenageur.jpg","width":1920,"height":300},{"@type":"BreadcrumbList","@id":"https:\/\/www.artisanlocal.ch\/c\/artisanlocal-votre-societe-de-demenagement-dans-le-canton-de-fribourg\/#breadcrumb","itemListElement":[{"@type":"ListItem","position":1,"name":"Accueil","item":"https:\/\/www.artisanlocal.ch\/c\/"},{"@type":"ListItem","position":2,"name":"Artisanlocal votre soci\u00e9t\u00e9 de d\u00e9m\u00e9nagement dans le canton de Fribourg"}]},{"@type":"WebSite","@id":"https:\/\/www.artisanlocal.ch\/c\/#website","url":"https:\/\/www.artisanlocal.ch\/c\/","name":"Artisanlocal","description":"","publisher":{"@id":"https:\/\/www.artisanlocal.ch\/c\/#organization"},"potentialAction":[{"@type":"SearchAction","target":{"@type":"EntryPoint","urlTemplate":"https:\/\/www.artisanlocal.ch\/c\/?s={search_term_string}"},"query-input":{"@type":"PropertyValueSpecification","valueRequired":true,"valueName":"search_term_string"}}],"inLanguage":"fr-FR"},{"@type":"Organization","@id":"https:\/\/www.artisanlocal.ch\/c\/#organization","name":"Artisanlocal","url":"https:\/\/www.artisanlocal.ch\/c\/","logo":{"@type":"ImageObject","inLanguage":"fr-FR","@id":"https:\/\/www.artisanlocal.ch\/c\/#\/schema\/logo\/image\/","url":"https:\/\/www.artisanlocal.ch\/c\/wp-content\/uploads\/2024\/02\/logo-artisanlocal-h.svg","contentUrl":"https:\/\/www.artisanlocal.ch\/c\/wp-content\/uploads\/2024\/02\/logo-artisanlocal-h.svg","caption":"Artisanlocal"},"image":{"@id":"https:\/\/www.artisanlocal.ch\/c\/#\/schema\/logo\/image\/"}}]}},"_links":{"self":[{"href":"https:\/\/www.artisanlocal.ch\/c\/wp-json\/wp\/v2\/pages\/931","targetHints":{"allow":["GET"]}}],"collection":[{"href":"https:\/\/www.artisanlocal.ch\/c\/wp-json\/wp\/v2\/pages"}],"about":[{"href":"https:\/\/www.artisanlocal.ch\/c\/wp-json\/wp\/v2\/types\/page"}],"author":[{"embeddable":true,"href":"https:\/\/www.artisanlocal.ch\/c\/wp-json\/wp\/v2\/users\/4"}],"replies":[{"embeddable":true,"href":"https:\/\/www.artisanlocal.ch\/c\/wp-json\/wp\/v2\/comments?post=931"}],"version-history":[{"count":0,"href":"https:\/\/www.artisanlocal.ch\/c\/wp-json\/wp\/v2\/pages\/931\/revisions"}],"wp:featuredmedia":[{"embeddable":true,"href":"https:\/\/www.artisanlocal.ch\/c\/wp-json\/wp\/v2\/media\/2759"}],"wp:attachment":[{"href":"https:\/\/www.artisanlocal.ch\/c\/wp-json\/wp\/v2\/media?parent=931"}],"wp:term":[{"taxonomy":"profession","embeddable":true,"href":"https:\/\/www.artisanlocal.ch\/c\/wp-json\/wp\/v2\/profession?post=931"},{"taxonomy":"location","embeddable":true,"href":"https:\/\/www.artisanlocal.ch\/c\/wp-json\/wp\/v2\/location?post=931"},{"taxonomy":"canton","embeddable":true,"href":"https:\/\/www.artisanlocal.ch\/c\/wp-json\/wp\/v2\/canton?post=931"}],"curies":[{"name":"wp","href":"https:\/\/api.w.org\/{rel}","templated":true}]}}