{"id":933,"date":"2024-04-22T19:24:36","date_gmt":"2024-04-22T17:24:36","guid":{"rendered":"https:\/\/www.artisanlocal.ch\/c\/facilitez-votre-demenagement-a-canton-de-neuchatel\/"},"modified":"2025-11-06T12:39:36","modified_gmt":"2025-11-06T11:39:36","slug":"facilitez-votre-demenagement-a-canton-de-neuchatel","status":"publish","type":"page","link":"https:\/\/www.artisanlocal.ch\/c\/facilitez-votre-demenagement-a-canton-de-neuchatel\/","title":{"rendered":"Facilitez votre d\u00e9m\u00e9nagement dans le canton de Neuch\u00e2tel"},"content":{"rendered":"<p>Le d\u00e9m\u00e9nagement dans le canton de Neuch\u00e2tel ne devrait pas \u00eatre compliqu\u00e9. Une fois que vous avez trouv\u00e9 nouveau logement et que vous avez d\u00e9termin\u00e9 la date du d\u00e9m\u00e9nagement, vous devez vous demander comment planifier aux mieux votre d\u00e9m\u00e9nagement ? Gr\u00e2ce \u00e0 notre entreprise de d\u00e9m\u00e9nagement dans le canton de Neuch\u00e2tel, vous \u00e9conomisez votre temps, nous nous occupons de tous les aspects de votre d\u00e9m\u00e9nagement, de la protection de vos meubles \u00e0 la location du camion.<\/p>\n<h2>Artisanlocal une entreprise de confiance pour votre d\u00e9m\u00e9nagement<\/h2>\n<p>Notre entreprise est situ\u00e9e dans le canton de Neuch\u00e2tel depuis d\u00e8s ann\u00e9es. Nous r\u00e9alisons le d\u00e9m\u00e9nagement pour les bureaux et les particuliers. Nos \u00e9quipes sont form\u00e9es et exp\u00e9riment\u00e9es pour vous aider, quelle que soit la difficult\u00e9 de votre d\u00e9m\u00e9nagement.<\/p>\n<h2>Quels sont les b\u00e9n\u00e9fices de collaborer avec Artisanlocal dans le canton de Neuch\u00e2tel ?<\/h2>\n<h3>Artisanlocal une entreprise \u00e9coresponsable<\/h3>\n<p>Nos emballages et protections pour d\u00e9m\u00e9nagement sont biod\u00e9gradables afin de limiter l&rsquo;impact environnemental de votre d\u00e9m\u00e9nagement, de plus, nous r\u00e9cup\u00e9rons tous les mat\u00e9riaux utilis\u00e9s lors de notre intervention.<\/p>\n<h3>Artisanlocal une soci\u00e9t\u00e9 accessible \u00e0 tout moment pour votre d\u00e9m\u00e9nagement<\/h3>\n<p>Nos sommes disponibles peu importe le jour dans la semaine pour d\u00e9m\u00e9nager votre habitation, appartement ou vos locaux professionnels.<\/p>\n<h3>Artisanlocal op\u00e8re dans le canton de Neuch\u00e2tel et dans les environs<\/h3>\n<p>Artisanlocal op\u00e8re dans le canton de Neuch\u00e2tel et dans les communes voisines, telles que : Noiraigue, Travers, Couvet, M\u00f4tiers NE, Boveresse, Fleurier, Buttes, Mont-de-Buttes, La C\u00f4te-aux-F\u00e9es, St-Sulpice NE, Les Sagnettes, Les Verri\u00e8res, Les Bayards, Brot-Dessous, Fretereules, Petit-Martel, Les Ponts-de-Martel, Brot-Plamboz, Le Locle, Le Pr\u00e9voux, La Chaux-du-Milieu, La Br\u00e9vine, La Ch\u00e2tagne, Le Brouillet, Les Taill\u00e8res, Le Cerneux-P\u00e9quignot, Les Brenets, Neuch\u00e2tel, Auvernier, Colombier NE, B\u00f4le, Areuse, Cortaillod, Boudry, Chambrelien, Rochefort, Bevaix, Gorgier, St-Aubin-Sauges, Chez-le-Bart, Fresens, Montalchez, Vaumarcus, Peseux, Corcelles NE, Cormondr\u00e8che, Hauterive NE, St-Blaise, Enges, Marin-Epagnier, Thielle, Wavre, Cornaux NE, Cressier NE, Champ-du-Moulin, Montmollin, Montezillon, Valangin, Boudevilliers, Fontaines NE, Fontainemelon, La Vue-des-Alpes, Cernier, Ch\u00e9zard-St-Martin, Les Vieux-Pr\u00e9s, Dombresson, Villiers, Le P\u00e2quier NE, Engollon, Fenin, Saules, Vilars NE, Savagnier, Chaumont, Les Geneveys-sur-Coffrane, Coffrane, Les Hauts-Geneveys, La Chaux-de-Fonds, La Sagne NE, Le Cr\u00eat-du-Locle, Les Planchettes, La Cibourg, Les Emibois, Le Cerneux-Veusil, Les Pommerats, Goumois, Montfavergier..<\/p>\n<h3>Service de d\u00e9m\u00e9nagement dans les pays frontaliers et en Suisse<\/h3>\n<p>Si vous \u00eates un Neuch\u00e2tel, nous pouvons vous aider \u00e0 d\u00e9m\u00e9nager dans les pays frontaliers et toutes les municipalit\u00e9s de Suisse.<\/p>\n<h3>Des d\u00e9m\u00e9nageurs toujours minutieux dans le canton de Neuch\u00e2tel<\/h3>\n<p>Nous emballons vos objets et installons des protections sur les murs et les sols pour \u00e9viter les dommages au cours de votre d\u00e9m\u00e9nagement, par exemple pour vos :<\/p>\n<ul>\n<li>Planchers : le jour de votre d\u00e9m\u00e9nagement, Artisanlocal prendra toutes les pr\u00e9cautions pour ne pas d\u00e9grader vos planchers.<\/li>\n<li>Coins : nous veillons \u00e0 prot\u00e9ger les angles de vos murs afin d&rsquo;\u00e9viter les dommages.<\/li>\n<li>Couloirs : avant de d\u00e9m\u00e9nager votre mobilier, nous pla\u00e7ons des protections dans les couloirs, pour pr\u00e9venir les dommages.<\/li>\n<li>Portes : si cela le demande, nous installons des protections sur vos portes contre les rayures.<\/li>\n<\/ul>\n<h3>Devis gratuits<\/h3>\n<p>Apr\u00e8s analyse de votre projet de d\u00e9m\u00e9nagement, nous vous offrons une estimation gratuite.<\/p>\n<h2>Quels sont les types de services et de d\u00e9m\u00e9nagement que propose Artisanlocal dans le canton de Neuch\u00e2tel ?<\/h2>\n<h3>D\u00e9m\u00e9nagement de bureaux et de locaux<\/h3>\n<p>Nous planifions le d\u00e9m\u00e9nagement de vos bureaux ou de votre commerce par rapport \u00e0 votre planning, et de la ville d&rsquo;arriv\u00e9e.<\/p>\n<h3>Petits d\u00e9m\u00e9nagements<\/h3>\n<p>Nous d\u00e9m\u00e9nageons les petits appartements. Nous parlons d&rsquo;un petit d\u00e9m\u00e9nagement pour des projets inf\u00e9rieurs \u00e0 15 m\u00e8tres cubes.<\/p>\n<h3>D\u00e9m\u00e9nagements en urgence<\/h3>\n<p>Notre \u00e9quipe vous aide \u00e0 vous installer dans votre nouvelle habitation le plus rapidement possible. Nous proposons \u00e9galement des prestations de garde-meuble et d&#8217;emballage en urgence.<\/p>\n<h3>Espace de stockage<\/h3>\n<p>Nous r\u00e9cup\u00e9rons vos biens \u00e0 votre domicile et les transportons dans notre entrep\u00f4t prot\u00e9g\u00e9 dans le canton de Neuch\u00e2tel. Vos affaires seront en s\u00fbret\u00e9 pour la p\u00e9riode que vous voulez. Vous n&rsquo;avez qu&rsquo;\u00e0 nous communiquer la date \u00e0 laquelle vous d\u00e9sirez r\u00e9cup\u00e9rer vos biens et mobiliers, et nous les livrerons chez vous \u00e0 la date qui vous arrange.<\/p>\n<h3>Emballage des biens pr\u00e9cieux<\/h3>\n<p>Vos biens de grande importance et les \u0153uvres d&rsquo;art vont \u00eatre envelopp\u00e9s avec soin. Nous concevons des cartons sur mesure et nous employons des \u00e9quipements de levage appropri\u00e9s.<\/p>\n<h3>D\u00e9placement de pianos<\/h3>\n<h3>D\u00e9placer un piano avec pr\u00e9caution exige des comp\u00e9tences, des \u00e9quipements et des formations sp\u00e9cifiques. Notre entreprise d\u00e9m\u00e9nage tous types de pianos : droits, horizontaux et interm\u00e9diaires.<\/h3>\n<h3>Location de monte-meubles dans le canton de Neuch\u00e2tel pour d\u00e9m\u00e9nagement<\/h3>\n<p>Nous proposons un service de location de monte-meubles pour faciliter le transfert de vos mobiliers massifs en Suisse et dans le canton de Neuch\u00e2tel.<\/p>\n<h3>Vente de cartons pour votre d\u00e9m\u00e9nagement dans le canton de Neuch\u00e2tel<\/h3>\n<p>Vous recherchez des cartons de protection pour votre projet de d\u00e9m\u00e9nagement dans le canton de Neuch\u00e2tel ? Chez Artisanlocal, nous proposons \u00e0 nos clients des emballages et des \u00e9quipements de protection adapt\u00e9s.<\/p>\n<h2>Qu&rsquo;est-ce qui est inclus dans le d\u00e9m\u00e9nagement ?<\/h2>\n<h3>L\u2019emballage sur mesure, pour :<\/h3>\n<ul>\n<li>les literies,<\/li>\n<li>les t\u00e9l\u00e9viseurs<\/li>\n<li>les si\u00e8ges,<\/li>\n<li>les canap\u00e9s<\/li>\n<li>les appareils m\u00e9nagers,<\/li>\n<li>les ordinateurs,<\/li>\n<li>les lampes et ampoules,<\/li>\n<li>les miroirs et tableaux.<\/li>\n<\/ul>\n<h3>Le d\u00e9montage des meubles<\/h3>\n<ul>\n<li>les tables,<\/li>\n<li>les armoires,<\/li>\n<li>les meubles,<\/li>\n<li>les \u00e9tag\u00e8res,<\/li>\n<li>les luminaires.<\/li>\n<\/ul>\n<h2>FAQ<\/h2>\n<h3>Quel est le prix d&rsquo;un d\u00e9m\u00e9nagement dans le canton de Neuch\u00e2tel et en Suisse ?<\/h3>\n<p>Le prix d&rsquo;un d\u00e9m\u00e9nagement dans le canton de Neuch\u00e2tel change en fonction du nombre de pi\u00e8ces et du volume.<\/p>\n<p>Voici les tarifs d\u00e9taill\u00e9s selon le volume et le nombre de chambres :<\/p>\n<p>Pour un d\u00e9m\u00e9nagement dans le canton de Neuch\u00e2tel :<\/p>\n<table>\n<tbody>\n<tr>\n<td>Pour un appartement entre 1-2 pi\u00e8ces<\/td>\n<td>De 350 \u00e0 600 CHF<\/td>\n<\/tr>\n<tr>\n<td>Pour un appartement entre 2-3 pi\u00e8ces<\/td>\n<td>De 700 \u00e0 1300 Francs Suisses<\/td>\n<\/tr>\n<tr>\n<td>D\u2019un appartement entre 3-4 pi\u00e8ces<\/td>\n<td>Entre 850 \u00e0 2000 CHF<\/td>\n<\/tr>\n<tr>\n<td>D\u2019une maison<\/td>\n<td>Entre 1200 \u00e0 2500 CHF<\/td>\n<\/tr>\n<\/tbody>\n<\/table>\n<p>Pour d\u00e9m\u00e9nager au-del\u00e0 de 200 km :<\/p>\n<table>\n<tbody>\n<tr>\n<td>D\u2019un appartement de 1-2 pi\u00e8ces<\/td>\n<td>De 600 \u00e0 900 Francs Suisses<\/td>\n<\/tr>\n<tr>\n<td>D\u2019un appartement de 2-3 pi\u00e8ces<\/td>\n<td>De 1200 \u00e0 2500 CHF<\/td>\n<\/tr>\n<tr>\n<td>Pour un appartement de 3-4 pi\u00e8ces<\/td>\n<td>De 1800 \u00e0 3000 Francs Suisses<\/td>\n<\/tr>\n<tr>\n<td>Pour une maison<\/td>\n<td>De 2000 \u00e0 4500 CHF<\/td>\n<\/tr>\n<\/tbody>\n<\/table>\n<p>Quel est le prix pour la location d&rsquo;un monte-meuble dans le canton de Neuch\u00e2tel ?<\/p>\n<p>Le montant approximatif pour la location d&rsquo;un monte meuble dans le canton de Neuch\u00e2tel est d&rsquo;environ 150 Francs Suisses par heure.<\/p>\n<h3>Quels sont les b\u00e9n\u00e9fices d&rsquo;engager une entreprise experte dans le d\u00e9m\u00e9nagement dans le canton de Neuch\u00e2tel ?<\/h3>\n<p>M\u00eame si vous \u00e9vitez de d\u00e9penser de l&rsquo;argent en r\u00e9alisant le d\u00e9m\u00e9nagement vous-m\u00eame, vous pouvez vous blesser (si vous n\u2019avez pas l\u2019habitude de porter des charges lourdes) ou vous pouvez aussi endommager vos meubles. Avec Artisanlocal, vous gagnez du temps et vous \u00e9vitez des maux de dos.<\/p>\n","protected":false},"excerpt":{"rendered":"<p>Le d\u00e9m\u00e9nagement dans le canton de Neuch\u00e2tel ne devrait pas \u00eatre compliqu\u00e9. Une fois que vous avez trouv\u00e9 nouveau logement et que vous avez d\u00e9termin\u00e9 la date du d\u00e9m\u00e9nagement, vous devez vous demander comment planifier aux mieux votre d\u00e9m\u00e9nagement ? Gr\u00e2ce \u00e0 notre entreprise de d\u00e9m\u00e9nagement dans le canton de Neuch\u00e2tel, vous \u00e9conomisez votre temps, [&hellip;]<\/p>\n","protected":false},"author":4,"featured_media":2759,"parent":0,"menu_order":0,"comment_status":"closed","ping_status":"closed","template":"wp-custom-template-page-canton","meta":{"footnotes":""},"profession":[122],"location":[],"canton":[114],"class_list":["post-933","page","type-page","status-publish","has-post-thumbnail","hentry","profession-demenageur","canton-ne"],"yoast_head":"<!-- This site is optimized with the Yoast SEO Premium plugin v25.7.1 (Yoast SEO v27.4) - https:\/\/yoast.com\/product\/yoast-seo-premium-wordpress\/ -->\n<title>Facilitez votre d\u00e9m\u00e9nagement dans le canton de Neuch\u00e2tel - Artisanlocal<\/title>\n<meta name=\"robots\" content=\"index, follow, max-snippet:-1, max-image-preview:large, max-video-preview:-1\" \/>\n<link rel=\"canonical\" href=\"https:\/\/www.artisanlocal.ch\/c\/facilitez-votre-demenagement-a-canton-de-neuchatel\/\" \/>\n<meta property=\"og:locale\" content=\"fr_FR\" \/>\n<meta property=\"og:type\" content=\"article\" \/>\n<meta property=\"og:title\" content=\"Facilitez votre d\u00e9m\u00e9nagement dans le canton de Neuch\u00e2tel\" \/>\n<meta property=\"og:description\" content=\"Le d\u00e9m\u00e9nagement dans le canton de Neuch\u00e2tel ne devrait pas \u00eatre compliqu\u00e9. Une fois que vous avez trouv\u00e9 nouveau logement et que vous avez d\u00e9termin\u00e9 la date du d\u00e9m\u00e9nagement, vous devez vous demander comment planifier aux mieux votre d\u00e9m\u00e9nagement ? Gr\u00e2ce \u00e0 notre entreprise de d\u00e9m\u00e9nagement dans le canton de Neuch\u00e2tel, vous \u00e9conomisez votre temps, [&hellip;]\" \/>\n<meta property=\"og:url\" content=\"https:\/\/www.artisanlocal.ch\/c\/facilitez-votre-demenagement-a-canton-de-neuchatel\/\" \/>\n<meta property=\"og:site_name\" content=\"Artisanlocal\" \/>\n<meta property=\"article:modified_time\" content=\"2025-11-06T11:39:36+00:00\" \/>\n<meta property=\"og:image\" content=\"https:\/\/www.artisanlocal.ch\/c\/wp-content\/uploads\/2024\/10\/demenageur.jpg\" \/>\n\t<meta property=\"og:image:width\" content=\"1920\" \/>\n\t<meta property=\"og:image:height\" content=\"300\" \/>\n\t<meta property=\"og:image:type\" content=\"image\/jpeg\" \/>\n<meta name=\"twitter:card\" content=\"summary_large_image\" \/>\n<meta name=\"twitter:label1\" content=\"Dur\u00e9e de lecture estim\u00e9e\" \/>\n\t<meta name=\"twitter:data1\" content=\"5 minutes\" \/>\n<script type=\"application\/ld+json\" class=\"yoast-schema-graph\">{\"@context\":\"https:\\\/\\\/schema.org\",\"@graph\":[{\"@type\":\"WebPage\",\"@id\":\"https:\\\/\\\/www.artisanlocal.ch\\\/c\\\/facilitez-votre-demenagement-a-canton-de-neuchatel\\\/\",\"url\":\"https:\\\/\\\/www.artisanlocal.ch\\\/c\\\/facilitez-votre-demenagement-a-canton-de-neuchatel\\\/\",\"name\":\"Facilitez votre d\u00e9m\u00e9nagement dans le canton de Neuch\u00e2tel - Artisanlocal\",\"isPartOf\":{\"@id\":\"https:\\\/\\\/www.artisanlocal.ch\\\/c\\\/#website\"},\"primaryImageOfPage\":{\"@id\":\"https:\\\/\\\/www.artisanlocal.ch\\\/c\\\/facilitez-votre-demenagement-a-canton-de-neuchatel\\\/#primaryimage\"},\"image\":{\"@id\":\"https:\\\/\\\/www.artisanlocal.ch\\\/c\\\/facilitez-votre-demenagement-a-canton-de-neuchatel\\\/#primaryimage\"},\"thumbnailUrl\":\"https:\\\/\\\/www.artisanlocal.ch\\\/c\\\/wp-content\\\/uploads\\\/2024\\\/10\\\/demenageur.jpg\",\"datePublished\":\"2024-04-22T17:24:36+00:00\",\"dateModified\":\"2025-11-06T11:39:36+00:00\",\"breadcrumb\":{\"@id\":\"https:\\\/\\\/www.artisanlocal.ch\\\/c\\\/facilitez-votre-demenagement-a-canton-de-neuchatel\\\/#breadcrumb\"},\"inLanguage\":\"fr-FR\",\"potentialAction\":[{\"@type\":\"ReadAction\",\"target\":[\"https:\\\/\\\/www.artisanlocal.ch\\\/c\\\/facilitez-votre-demenagement-a-canton-de-neuchatel\\\/\"]}]},{\"@type\":\"ImageObject\",\"inLanguage\":\"fr-FR\",\"@id\":\"https:\\\/\\\/www.artisanlocal.ch\\\/c\\\/facilitez-votre-demenagement-a-canton-de-neuchatel\\\/#primaryimage\",\"url\":\"https:\\\/\\\/www.artisanlocal.ch\\\/c\\\/wp-content\\\/uploads\\\/2024\\\/10\\\/demenageur.jpg\",\"contentUrl\":\"https:\\\/\\\/www.artisanlocal.ch\\\/c\\\/wp-content\\\/uploads\\\/2024\\\/10\\\/demenageur.jpg\",\"width\":1920,\"height\":300},{\"@type\":\"BreadcrumbList\",\"@id\":\"https:\\\/\\\/www.artisanlocal.ch\\\/c\\\/facilitez-votre-demenagement-a-canton-de-neuchatel\\\/#breadcrumb\",\"itemListElement\":[{\"@type\":\"ListItem\",\"position\":1,\"name\":\"Accueil\",\"item\":\"https:\\\/\\\/www.artisanlocal.ch\\\/c\\\/\"},{\"@type\":\"ListItem\",\"position\":2,\"name\":\"Facilitez votre d\u00e9m\u00e9nagement dans le canton de Neuch\u00e2tel\"}]},{\"@type\":\"WebSite\",\"@id\":\"https:\\\/\\\/www.artisanlocal.ch\\\/c\\\/#website\",\"url\":\"https:\\\/\\\/www.artisanlocal.ch\\\/c\\\/\",\"name\":\"Artisanlocal\",\"description\":\"\",\"publisher\":{\"@id\":\"https:\\\/\\\/www.artisanlocal.ch\\\/c\\\/#organization\"},\"potentialAction\":[{\"@type\":\"SearchAction\",\"target\":{\"@type\":\"EntryPoint\",\"urlTemplate\":\"https:\\\/\\\/www.artisanlocal.ch\\\/c\\\/?s={search_term_string}\"},\"query-input\":{\"@type\":\"PropertyValueSpecification\",\"valueRequired\":true,\"valueName\":\"search_term_string\"}}],\"inLanguage\":\"fr-FR\"},{\"@type\":\"Organization\",\"@id\":\"https:\\\/\\\/www.artisanlocal.ch\\\/c\\\/#organization\",\"name\":\"Artisanlocal\",\"url\":\"https:\\\/\\\/www.artisanlocal.ch\\\/c\\\/\",\"logo\":{\"@type\":\"ImageObject\",\"inLanguage\":\"fr-FR\",\"@id\":\"https:\\\/\\\/www.artisanlocal.ch\\\/c\\\/#\\\/schema\\\/logo\\\/image\\\/\",\"url\":\"https:\\\/\\\/www.artisanlocal.ch\\\/c\\\/wp-content\\\/uploads\\\/2024\\\/02\\\/logo-artisanlocal-h.svg\",\"contentUrl\":\"https:\\\/\\\/www.artisanlocal.ch\\\/c\\\/wp-content\\\/uploads\\\/2024\\\/02\\\/logo-artisanlocal-h.svg\",\"caption\":\"Artisanlocal\"},\"image\":{\"@id\":\"https:\\\/\\\/www.artisanlocal.ch\\\/c\\\/#\\\/schema\\\/logo\\\/image\\\/\"}}]}<\/script>\n<!-- \/ Yoast SEO Premium plugin. -->","yoast_head_json":{"title":"Facilitez votre d\u00e9m\u00e9nagement dans le canton de Neuch\u00e2tel - Artisanlocal","robots":{"index":"index","follow":"follow","max-snippet":"max-snippet:-1","max-image-preview":"max-image-preview:large","max-video-preview":"max-video-preview:-1"},"canonical":"https:\/\/www.artisanlocal.ch\/c\/facilitez-votre-demenagement-a-canton-de-neuchatel\/","og_locale":"fr_FR","og_type":"article","og_title":"Facilitez votre d\u00e9m\u00e9nagement dans le canton de Neuch\u00e2tel","og_description":"Le d\u00e9m\u00e9nagement dans le canton de Neuch\u00e2tel ne devrait pas \u00eatre compliqu\u00e9. Une fois que vous avez trouv\u00e9 nouveau logement et que vous avez d\u00e9termin\u00e9 la date du d\u00e9m\u00e9nagement, vous devez vous demander comment planifier aux mieux votre d\u00e9m\u00e9nagement ? Gr\u00e2ce \u00e0 notre entreprise de d\u00e9m\u00e9nagement dans le canton de Neuch\u00e2tel, vous \u00e9conomisez votre temps, [&hellip;]","og_url":"https:\/\/www.artisanlocal.ch\/c\/facilitez-votre-demenagement-a-canton-de-neuchatel\/","og_site_name":"Artisanlocal","article_modified_time":"2025-11-06T11:39:36+00:00","og_image":[{"width":1920,"height":300,"url":"https:\/\/www.artisanlocal.ch\/c\/wp-content\/uploads\/2024\/10\/demenageur.jpg","type":"image\/jpeg"}],"twitter_card":"summary_large_image","twitter_misc":{"Dur\u00e9e de lecture estim\u00e9e":"5 minutes"},"schema":{"@context":"https:\/\/schema.org","@graph":[{"@type":"WebPage","@id":"https:\/\/www.artisanlocal.ch\/c\/facilitez-votre-demenagement-a-canton-de-neuchatel\/","url":"https:\/\/www.artisanlocal.ch\/c\/facilitez-votre-demenagement-a-canton-de-neuchatel\/","name":"Facilitez votre d\u00e9m\u00e9nagement dans le canton de Neuch\u00e2tel - Artisanlocal","isPartOf":{"@id":"https:\/\/www.artisanlocal.ch\/c\/#website"},"primaryImageOfPage":{"@id":"https:\/\/www.artisanlocal.ch\/c\/facilitez-votre-demenagement-a-canton-de-neuchatel\/#primaryimage"},"image":{"@id":"https:\/\/www.artisanlocal.ch\/c\/facilitez-votre-demenagement-a-canton-de-neuchatel\/#primaryimage"},"thumbnailUrl":"https:\/\/www.artisanlocal.ch\/c\/wp-content\/uploads\/2024\/10\/demenageur.jpg","datePublished":"2024-04-22T17:24:36+00:00","dateModified":"2025-11-06T11:39:36+00:00","breadcrumb":{"@id":"https:\/\/www.artisanlocal.ch\/c\/facilitez-votre-demenagement-a-canton-de-neuchatel\/#breadcrumb"},"inLanguage":"fr-FR","potentialAction":[{"@type":"ReadAction","target":["https:\/\/www.artisanlocal.ch\/c\/facilitez-votre-demenagement-a-canton-de-neuchatel\/"]}]},{"@type":"ImageObject","inLanguage":"fr-FR","@id":"https:\/\/www.artisanlocal.ch\/c\/facilitez-votre-demenagement-a-canton-de-neuchatel\/#primaryimage","url":"https:\/\/www.artisanlocal.ch\/c\/wp-content\/uploads\/2024\/10\/demenageur.jpg","contentUrl":"https:\/\/www.artisanlocal.ch\/c\/wp-content\/uploads\/2024\/10\/demenageur.jpg","width":1920,"height":300},{"@type":"BreadcrumbList","@id":"https:\/\/www.artisanlocal.ch\/c\/facilitez-votre-demenagement-a-canton-de-neuchatel\/#breadcrumb","itemListElement":[{"@type":"ListItem","position":1,"name":"Accueil","item":"https:\/\/www.artisanlocal.ch\/c\/"},{"@type":"ListItem","position":2,"name":"Facilitez votre d\u00e9m\u00e9nagement dans le canton de Neuch\u00e2tel"}]},{"@type":"WebSite","@id":"https:\/\/www.artisanlocal.ch\/c\/#website","url":"https:\/\/www.artisanlocal.ch\/c\/","name":"Artisanlocal","description":"","publisher":{"@id":"https:\/\/www.artisanlocal.ch\/c\/#organization"},"potentialAction":[{"@type":"SearchAction","target":{"@type":"EntryPoint","urlTemplate":"https:\/\/www.artisanlocal.ch\/c\/?s={search_term_string}"},"query-input":{"@type":"PropertyValueSpecification","valueRequired":true,"valueName":"search_term_string"}}],"inLanguage":"fr-FR"},{"@type":"Organization","@id":"https:\/\/www.artisanlocal.ch\/c\/#organization","name":"Artisanlocal","url":"https:\/\/www.artisanlocal.ch\/c\/","logo":{"@type":"ImageObject","inLanguage":"fr-FR","@id":"https:\/\/www.artisanlocal.ch\/c\/#\/schema\/logo\/image\/","url":"https:\/\/www.artisanlocal.ch\/c\/wp-content\/uploads\/2024\/02\/logo-artisanlocal-h.svg","contentUrl":"https:\/\/www.artisanlocal.ch\/c\/wp-content\/uploads\/2024\/02\/logo-artisanlocal-h.svg","caption":"Artisanlocal"},"image":{"@id":"https:\/\/www.artisanlocal.ch\/c\/#\/schema\/logo\/image\/"}}]}},"_links":{"self":[{"href":"https:\/\/www.artisanlocal.ch\/c\/wp-json\/wp\/v2\/pages\/933","targetHints":{"allow":["GET"]}}],"collection":[{"href":"https:\/\/www.artisanlocal.ch\/c\/wp-json\/wp\/v2\/pages"}],"about":[{"href":"https:\/\/www.artisanlocal.ch\/c\/wp-json\/wp\/v2\/types\/page"}],"author":[{"embeddable":true,"href":"https:\/\/www.artisanlocal.ch\/c\/wp-json\/wp\/v2\/users\/4"}],"replies":[{"embeddable":true,"href":"https:\/\/www.artisanlocal.ch\/c\/wp-json\/wp\/v2\/comments?post=933"}],"version-history":[{"count":0,"href":"https:\/\/www.artisanlocal.ch\/c\/wp-json\/wp\/v2\/pages\/933\/revisions"}],"wp:featuredmedia":[{"embeddable":true,"href":"https:\/\/www.artisanlocal.ch\/c\/wp-json\/wp\/v2\/media\/2759"}],"wp:attachment":[{"href":"https:\/\/www.artisanlocal.ch\/c\/wp-json\/wp\/v2\/media?parent=933"}],"wp:term":[{"taxonomy":"profession","embeddable":true,"href":"https:\/\/www.artisanlocal.ch\/c\/wp-json\/wp\/v2\/profession?post=933"},{"taxonomy":"location","embeddable":true,"href":"https:\/\/www.artisanlocal.ch\/c\/wp-json\/wp\/v2\/location?post=933"},{"taxonomy":"canton","embeddable":true,"href":"https:\/\/www.artisanlocal.ch\/c\/wp-json\/wp\/v2\/canton?post=933"}],"curies":[{"name":"wp","href":"https:\/\/api.w.org\/{rel}","templated":true}]}}